{"id":655,"date":"2015-08-18T22:46:17","date_gmt":"2015-08-19T01:46:17","guid":{"rendered":"https:\/\/wp.ufpel.edu.br\/ppgdtsa\/?page_id=655"},"modified":"2025-03-06T16:09:23","modified_gmt":"2025-03-06T19:09:23","slug":"internacionalizacao","status":"publish","type":"page","link":"https:\/\/wp.ufpel.edu.br\/ppgdtsa\/internacionalizacao\/","title":{"rendered":"Internacionaliza\u00e7\u00e3o"},"content":{"rendered":"<hr \/>\n<h1><strong>A\u00c7\u00d5ES DE INTENACIONALIZA\u00c7\u00c3O PPGDTSA 2021-2024<\/strong><\/h1>\n<p>Publicado em 03\/03\/2025 por <a href=\"https:\/\/wp.ufpel.edu.br\/ppgdtsa\/o-ppgdtsa\/\">PPGDTSA<\/a><\/p>\n<p>Um conjunto de atividades de internacionaliza\u00e7\u00e3o ser\u00e3o descritas na sequ\u00eancia, o que evidencia o interesse dos professores na internacionaliza\u00e7\u00e3o, especialmente na comunica\u00e7\u00e3o de conhecimentos regionais, mas de interesse global.<\/p>\n<hr \/>\n<h2 style=\"text-align: center;\">A\u00c7\u00d5ES DE INTERNACIONALIZA\u00c7\u00c3O<\/h2>\n<hr \/>\n<h3><strong>A\u00c7\u00d5ES B\u00c1SICAS<\/strong><\/h3>\n<p style=\"padding-left: 40px;\"><span style=\"text-decoration: underline;\">Interc\u00e2mbio de alunos e professores do PPGDTSA para o Exterior:<\/span><\/p>\n<ol>\n<li style=\"list-style-type: none;\">\n<ol>\n<li><strong>Danilo dos Santos Leite (discente)<\/strong> esteve duas vezes em Portugal durante 2022 e 2023 para aprender e atuar na atividade da olivicultura. Como a disserta\u00e7\u00e3o do discente tratou da viabilidade produtiva e mercadol\u00f3gica da Olivicultura no Rio Grande do Sul, o est\u00e1gio em Portugal deu oportunidade de conhecer outra realidade e aprofundar as an\u00e1lises realizadas no projeto.<\/li>\n<li><strong>Prof\u00aa N\u00e1dia Campos Pereira Bruhn<\/strong> este em mobilidade em pesquisa para desenvolvimento do projeto de pesquisa Vulnerabilidade Socioambiental da Amaz\u00f4nia Legal Brasileira na Universidade de Alcal\u00e1, Espanha (durante 2 meses)<\/li>\n<li><strong>Angie Tatiana Ramos Perdomo (discente)<\/strong> \u00e9 a primeira discente de origem estrangeira a ingressar no PPGDTSA. Em 2024 recebemos esta brilhante estudante Colombiana, que \u00e9 graduada com distin\u00e7\u00e3o em administra\u00e7\u00e3o de empresas agropecu\u00e1rias pela <em>Universidad Santo Tom\u00e1s (2024)<\/em>. Atualmente o foco da sua pesquisa est\u00e1 direcionado para \u00e1rea da S\u00edntese em Emergia e na integra\u00e7\u00e3o lavoura pecu\u00e1ria no bioma Pampa.<\/li>\n<\/ol>\n<\/li>\n<\/ol>\n<p style=\"padding-left: 40px;\"><span style=\"text-decoration: underline;\">Publica\u00e7\u00e3o em peri\u00f3dicos editados no exterior pelos docentes do PPGDTSA durante o quadri\u00eanio\/ano.<\/span><\/p>\n<p style=\"padding-left: 80px;\">N\u00ba\u00a0 de artigos publicados no Exterior<\/p>\n<p style=\"padding-left: 120px;\">2021 &#8211; 19<\/p>\n<p style=\"padding-left: 120px;\">2022 &#8211; 25<\/p>\n<p style=\"padding-left: 120px;\">2023 &#8211; 24<\/p>\n<p style=\"padding-left: 120px;\">2024 &#8211; 20<\/p>\n<p style=\"padding-left: 40px;\"><span style=\"text-decoration: underline;\">Publica\u00e7\u00f5es (apresenta\u00e7\u00f5es) em congressos internacionais realizada pelos docentes do PPGDTSA durante o quadri\u00eanio\/ano<\/span><\/p>\n<p style=\"padding-left: 80px;\">N\u00ba Total de artigos publicados no Exterior<\/p>\n<p style=\"padding-left: 120px;\">2021 &#8211; 02<\/p>\n<p style=\"padding-left: 120px;\">2022 &#8211; 06<\/p>\n<p style=\"padding-left: 120px;\">2023 &#8211; 02<\/p>\n<p style=\"padding-left: 120px;\">2024 &#8211; 04<\/p>\n<p style=\"padding-left: 40px;\"><span style=\"text-decoration: underline;\">Professores visitantes<\/span><\/p>\n<p style=\"padding-left: 80px;\">2023-2024 \u2013 Atrav\u00e9s de processo seletivo de professor visitante (Estrangeiro) proporcionado pela UFPel, o PPGDTSA, foi contemplado e selecionou o Prof. Alain Hern\u00e1ndez Santoyo, cubano de nascimento, com doutorado em Ci\u00eancias Econ\u00f4micas pela Universidade de Alicante, Espanha para atuar exclusivamente no Programa. O prof. Alain assinou contrato com a UFPel por dois anos (18\/10\/2023 a 16\/10\/2025), com possibilidade de prorroga\u00e7\u00e3o por mais dois anos. O prof. Alain atua nas \u00e1reas da economia e meio ambiente e atualmente est\u00e1 ministrando aulas, orientando discentes e participando integralmente da comunidade do PPGDTSA.<\/p>\n<p>&nbsp;<\/p>\n<h3><strong>INTERNACIONALIZA\u00c7\u00c3O DA ESTRUTURA CURRICULAR<\/strong><\/h3>\n<p style=\"padding-left: 40px;\"><span style=\"text-decoration: underline;\">Disserta\u00e7\u00f5es escritas em l\u00edngua estrangeira:<\/span><\/p>\n<p style=\"padding-left: 80px;\">No quadri\u00eanio tivemos 01 disserta\u00e7\u00e3o escrita integralmente em ingl\u00eas pelo discente Roberto Mattes Horn, cujo orientador foi o professor Rogerio Costa Campos, com o\u00a0 t\u00edtulo \u201c<em>Area-yield insurance feasibility in the context of remote sensing analysis<\/em>\u201d.<\/p>\n<p>&nbsp;<\/p>\n<h3><strong>A\u00c7\u00d5ES DE RECONHECIMENTO INTERNACIONAL<\/strong><\/h3>\n<p style=\"padding-left: 40px;\"><span style=\"text-decoration: underline;\">Editor cient\u00edfico de peri\u00f3dico de impacto elevado no estrangeiro:<\/span><\/p>\n<ol>\n<li style=\"list-style-type: none;\">\n<ol>\n<li>Alain Hernandez Santoyo<\/li>\n<\/ol>\n<\/li>\n<\/ol>\n<p style=\"padding-left: 120px;\">2022 &#8211; Peri\u00f3dico: Revista Tecnologia e Sociedade (Online)<\/p>\n<ol>\n<li style=\"list-style-type: none;\">\n<ol start=\"2\">\n<li>Robson Andreazza<\/li>\n<\/ol>\n<\/li>\n<\/ol>\n<p style=\"padding-left: 120px;\">2022 \u2013 Atual Peri\u00f3dico: <em>Sustainability<\/em><\/p>\n<p style=\"padding-left: 120px;\">2021 \u2013 Atual Peri\u00f3dico: <em>Frontiers in Soil Sciece<\/em><\/p>\n<p>&nbsp;<\/p>\n<p style=\"padding-left: 40px;\"><span style=\"text-decoration: underline;\">Avaliador de peri\u00f3dico internacional<\/span><\/p>\n<ol>\n<li style=\"list-style-type: none;\">\n<ol>\n<li>Prof. Alain Hernandez Santoyo<\/li>\n<\/ol>\n<\/li>\n<\/ol>\n<p style=\"padding-left: 120px;\">2013 \u2013 Atual Peri\u00f3dico: <em>International Journal of Agricultural Economics and\u00a0Extension<\/em><\/p>\n<p style=\"padding-left: 120px;\">2015 \u2013 Atual Peri\u00f3dico: <em>Revista Retos de la Direcci\u00f3n<\/em><\/p>\n<p style=\"padding-left: 120px;\">2015 \u2013 Atual Peri\u00f3dico: <em>Waste Management (Elmsford)<\/em><\/p>\n<p style=\"padding-left: 120px;\">2019 \u2013 Atual Peri\u00f3dico: <em>Cooperativismo y Desarrollo (COODES)<\/em><\/p>\n<p style=\"padding-left: 120px;\">2021 \u2013 Atual Peri\u00f3dico: Fronteiras: <em>Journal of Social, Technological and Environmental Science<\/em><\/p>\n<p style=\"padding-left: 120px;\">2021 \u2013 Atual Peri\u00f3dico: <em>Revista Luna Azul<\/em><\/p>\n<p style=\"padding-left: 120px;\">2022 \u2013 Atual Peri\u00f3dico: <em>CALDASIA<\/em><\/p>\n<p style=\"padding-left: 120px;\">2023 \u2013 Atual Peri\u00f3dico: Revista Debate Econ\u00f4mico<\/p>\n<p style=\"padding-left: 120px;\">2023 \u2013 Atual Peri\u00f3dico: <em>Forum for Social Economics<\/em><\/p>\n<p style=\"padding-left: 120px;\">2024 \u2013 Atual Peri\u00f3dico: Rev<em>ista Expresi\u00f3n Econ\u00f3mica<\/em><\/p>\n<ol>\n<li style=\"list-style-type: none;\">\n<ol start=\"2\">\n<li>Profa. Aline Soares Pereira<\/li>\n<\/ol>\n<\/li>\n<\/ol>\n<p style=\"padding-left: 120px;\">2015 \u2013 Atual Peri\u00f3dico: Ci\u00eancia Rural (UFSM)<\/p>\n<ol>\n<li style=\"list-style-type: none;\">\n<ol start=\"3\">\n<li>Prof. Marcelo F. P. Dias<\/li>\n<\/ol>\n<\/li>\n<\/ol>\n<p style=\"padding-left: 120px;\">2014 \u2013 Atual Peri\u00f3dico: <em>Journal of Evolutionary Economics<\/em><\/p>\n<p style=\"padding-left: 120px;\">2016 \u2013 Atual Peri\u00f3dico: <em>Management of Environmental Quality<\/em><\/p>\n<ol>\n<li style=\"list-style-type: none;\">\n<ol start=\"4\">\n<li>Prof. Mario D. Canever<\/li>\n<\/ol>\n<\/li>\n<\/ol>\n<p style=\"padding-left: 120px;\">2007 \u2013 Atual Peri\u00f3dico: <em>Supply Chain Management: An International Journal\u00a0(1359-8546)<\/em><\/p>\n<p style=\"padding-left: 120px;\">2022 \u2013 Atual Peri\u00f3dico: <em>Sustainability<\/em><\/p>\n<p style=\"padding-left: 120px;\">2023 \u2013 Atual Peri\u00f3dico: <em>AGRICULTURE<\/em><\/p>\n<ol>\n<li style=\"list-style-type: none;\">\n<ol start=\"5\">\n<li>Prof. Robson Andreazza<\/li>\n<\/ol>\n<\/li>\n<\/ol>\n<p style=\"padding-left: 120px;\">2010 \u2013 Atual Peri\u00f3dico: <em>Journal of Hazardous Materials (Print)<\/em><\/p>\n<p style=\"padding-left: 120px;\">2010 \u2013 Atual Peri\u00f3dico: <em>Biological Trace Element Research<\/em><\/p>\n<p style=\"padding-left: 120px;\">2010 \u2013 Atual Peri\u00f3dico: <em>Chemosphere (Oxford)<\/em><\/p>\n<p style=\"padding-left: 120px;\">2011 \u2013 Atual Peri\u00f3dico: <em>FEMS Microbiology, Ecology (Print)<\/em><\/p>\n<p style=\"padding-left: 120px;\">2010 \u2013 Atual Peri\u00f3dico: <em>Biotechnology Advances<\/em><\/p>\n<p style=\"padding-left: 120px;\">2010 \u2013 Atual Peri\u00f3dico: <em>Soil Biology &amp; Biochemistry<\/em><\/p>\n<p style=\"padding-left: 120px;\">2010 \u2013 Atual Peri\u00f3dico: <em>Bioresource Technology<\/em><\/p>\n<p style=\"padding-left: 120px;\">2010 \u2013 Atual Peri\u00f3dico: <em>Environmental Pollution (London)<\/em><\/p>\n<p style=\"padding-left: 120px;\">2010 \u2013 Atual Peri\u00f3dico: <em>Agriculture, Ecosystems &amp; Environment (Print)<\/em><\/p>\n<p style=\"padding-left: 120px;\">2010 \u2013 Atual Peri\u00f3dico: Ecotoxicology and Environmental Safety<\/p>\n<p style=\"padding-left: 120px;\">2010 \u2013 Atual Peri\u00f3dico: <em>Biomass &amp; Bioenergy<\/em><\/p>\n<p style=\"padding-left: 120px;\">2011 \u2013 Atual Peri\u00f3dico: <em>Applied Biochemistry and Biotechnology<\/em><\/p>\n<p style=\"padding-left: 120px;\">2013 \u2013 Atual Peri\u00f3dico: <em>Environmental Science and Pollution Research\u00a0International<\/em><\/p>\n<p style=\"padding-left: 120px;\">2012 \u2013 Atual Peri\u00f3dico: <em>Brazilian Journal of Microbiology (Impresso)<\/em><\/p>\n<p style=\"padding-left: 120px;\">2013 \u2013 Atual Peri\u00f3dico: <em>Brazilian Journal of Biology<\/em> (Impresso)<\/p>\n<ol>\n<li style=\"list-style-type: none;\">\n<ol start=\"6\">\n<li>Prof. Gabrielito Menezes<\/li>\n<\/ol>\n<\/li>\n<\/ol>\n<p style=\"padding-left: 120px;\">2018 \u2013 Atual Peri\u00f3dico: <em>Health Policy and Planning<\/em><\/p>\n<p style=\"padding-left: 120px;\">2023 \u2013 Atual Peri\u00f3dico: <em>The Journal of Developing Areas<\/em><\/p>\n<ol>\n<li style=\"list-style-type: none;\">\n<ol start=\"7\">\n<li>Prof. Rog\u00e9rio C. Campos<\/li>\n<\/ol>\n<\/li>\n<\/ol>\n<p style=\"padding-left: 120px;\">2008 &#8211; Atual: <em>IEEE Geoscience and Remote Sensing Society Newsletter<\/em><\/p>\n<ol>\n<li style=\"list-style-type: none;\">\n<ol start=\"8\">\n<li>Prof. Cl\u00e1udio Becker<\/li>\n<\/ol>\n<\/li>\n<\/ol>\n<p style=\"padding-left: 120px;\">2023 \u2013 Atual Peri\u00f3dico: <em>Agroalimentaria (Caracas<\/em>)<\/p>\n<ol>\n<li style=\"list-style-type: none;\">\n<ol start=\"9\">\n<li>Felipe Fehlberg Herrmann<\/li>\n<\/ol>\n<\/li>\n<\/ol>\n<p style=\"padding-left: 120px;\">2017 \u2013 Atual Peri\u00f3dico: <em>Journal of Cleaner Production<\/em><\/p>\n<p style=\"padding-left: 120px;\">2021 \u2013 Atual Peri\u00f3dico: <em>Sustainability<\/em><\/p>\n<ol>\n<li style=\"list-style-type: none;\">\n<ol start=\"10\">\n<li>Lucio Andr\u00e9 de Oliveira Fernandes<\/li>\n<\/ol>\n<\/li>\n<\/ol>\n<p style=\"padding-left: 120px;\">2009 \u2013 Atual Peri\u00f3dico: <em>Ecological Economics<\/em><\/p>\n<ol>\n<li style=\"list-style-type: none;\">\n<ol start=\"11\">\n<li>Nadia Pereira Bruhn<\/li>\n<\/ol>\n<\/li>\n<\/ol>\n<p style=\"padding-left: 120px;\">2015 \u2013 Atual Peri\u00f3dico: <em>Latin American Business Review (Binghamton, N.Y.)<\/em><\/p>\n<p style=\"padding-left: 120px;\">2014 \u2013 Atual Peri\u00f3dico: <em>African Journal of Business Management<\/em><\/p>\n<p style=\"padding-left: 120px;\">2014 \u2013 Atual Peri\u00f3dico: <em>Journal Review Department<\/em><\/p>\n<p style=\"padding-left: 120px;\">2014 \u2013 Atual Peri\u00f3dico: <em>British Journal of Economics, Management and Trade<\/em><\/p>\n<hr \/>\n<h1 class=\"corTexto\"><a href=\"https:\/\/wp.ufpel.edu.br\/ppgdtsa\/2019\/02\/04\/professores-do-ppgdtsa-realizam-pos-doc-no-brasil-e-no-exterior\/\">Professores do PPGDTSA realizam Pos Doc no Brasil e no Exterior<\/a><\/h1>\n<h2>04\/02\/2019<\/h2>\n<p>O professor Marcelo Fernandes Pacheco Dias realizou p\u00f3s-doutorado no Science Policy Research Unit \u2013 SPRU da Sussex University na Inglaterra. O p\u00f3s-doutorado foi realizado no per\u00edodo entre agosto e dezembro de 2018. O supervisor foi o Professor Matiaz Ramirez, pesquisador sobre os processos de inova\u00e7\u00e3o do SPRU\/SUSSEX. O professor Marcelo relata que durante este per\u00edodo foi poss\u00edvel avan\u00e7ar na discuss\u00e3o te\u00f3rica e dos resultados do projeto \u201cGest\u00e3o de Nichos Tecnol\u00f3gicos\u201d, projeto este que tem como sujeito principal a pesquisa realizada pela Embrapa no desenvolvimento de tecnologias para a produ\u00e7\u00e3o de frutas nativas no Sul do Brasil.<\/p>\n<p>O professor Marcelo destaca ainda que a Sussex University, especialmente o SPRU, \u00e9 um ambiente de debates acad\u00eamicos muito din\u00e2mico.\u00a0 Entre as v\u00e1rias oportunidades de discuss\u00e3o, o professor Marcelo destaca a participa\u00e7\u00e3o nos semin\u00e1rios promovido pelo Prof. Matias. Nestas oportunidades foram discutidos v\u00e1rios casos de Gest\u00e3o inovadoras de Nichos Tecnol\u00f3gicos na Am\u00e9rica Latina, principalmente na Col\u00f4mbia. Tamb\u00e9m destaca a participa\u00e7\u00e3o no encontro anual do \u201cTransformative Innovation Policy Consortium \u2013 TIPC\u201d liderado pelo professor Johan Schot, diretor do SPRU.\u00a0 Este \u00e9 projeto internacional envolvendo pesquisadores, governos, e sociedade na discuss\u00e3o sobre os desafios\u00a0\u00a0 sociais e econ\u00f4micos globais com o prop\u00f3sito de criar novos modelos para a ci\u00eancia, tecnologia e inova\u00e7\u00e3o.<\/p>\n<p>Tamb\u00e9m o Prof. Elvis Silveira Martins est\u00e1 neste momento realizando est\u00e1gio de P\u00f3s-doutorado na Universidade do Vale do Itajai, UNIVALI, em Santa Catarina contando com bolsa CAPES e sob orienta\u00e7\u00e3o do Prof. Dr. Carlos Ricardo Rossato, no per\u00edodo entre o segundo semestre de 2018 e primeiro semestre de 2019, realizando pesquisas na \u00e1rea de estrat\u00e9gia.<\/p>\n<p>Para o segundo semestre de 2019 est\u00e3o aprovadas as sa\u00eddas para P\u00f3s Doc dos professores Vilmar T\u00f4ndolo que ir\u00e1 estagiar na Funda\u00e7\u00e3o Get\u00falio Vargas de SP (EAESP FGV) pelo per\u00edodo de um ano, sob orienta\u00e7\u00e3o do prof. Ely Laureano Paiva, e Rosana T\u00f4ndolo, que ir\u00e1 realizar P\u00f3s-Doc na Universidade do Vale do Rio dos Sinos \u2013 UNISINOS, sob orienta\u00e7\u00e3o da prof. Amarolinda Saccol.<\/p>\n<p>&nbsp;<\/p>\n<h2 class=\"corTexto\"><a href=\"https:\/\/wp.ufpel.edu.br\/ppgdtsa\/2017\/11\/06\/seminario-repensando-lugares-e-atores-alimentos-desenvolvimento-e-praticas\/\">Semin\u00e1rio Repensando Lugares e Atores: alimentos desenvolvimento e pr\u00e1ticas<\/a><\/h2>\n<p><span class=\"meta-prep meta-prep-author\">Publicado em<\/span> <span class=\"entry-date\">06\/11\/2017<\/span><\/p>\n<p><span class=\"entry-date\"><a href=\"https:\/\/wp.ufpel.edu.br\/ppgdtsa\/files\/2017\/11\/FOLDER-TECSOL-1.jpg\"><img class=\"alignleft size-full wp-image-2397\" src=\"https:\/\/wp.ufpel.edu.br\/ppgdtsa\/files\/2017\/11\/FOLDER-TECSOL-1.jpg\" alt=\"\" width=\"1654\" height=\"2339\" srcset=\"https:\/\/wp.ufpel.edu.br\/ppgdtsa\/files\/2017\/11\/FOLDER-TECSOL-1.jpg 1654w, https:\/\/wp.ufpel.edu.br\/ppgdtsa\/files\/2017\/11\/FOLDER-TECSOL-1-283x400.jpg 283w, https:\/\/wp.ufpel.edu.br\/ppgdtsa\/files\/2017\/11\/FOLDER-TECSOL-1-768x1086.jpg 768w, https:\/\/wp.ufpel.edu.br\/ppgdtsa\/files\/2017\/11\/FOLDER-TECSOL-1-724x1024.jpg 724w\" sizes=\"(max-width: 1654px) 100vw, 1654px\" \/><\/a><\/span><\/p>\n<h2 class=\"entry-title\"><span style=\"color: #000000;\"><a style=\"color: #000000;\" href=\"https:\/\/wp.ufpel.edu.br\/ppgdtsa\/2016\/07\/04\/palestra-com-o-professor-xavier-simon-fernandes\/\" rel=\"bookmark\">Palestra com o Professor Xavier Sim\u00f3n Fernandes<\/a><\/span><\/h2>\n<div class=\"entry-meta\"><span class=\"meta-prep meta-prep-author\">Publicado em<\/span> <a title=\"13:25\" href=\"https:\/\/wp.ufpel.edu.br\/ppgdtsa\/2016\/07\/04\/palestra-com-o-professor-xavier-simon-fernandes\/\" rel=\"bookmark\"><span class=\"entry-date\">04\/07\/2016<\/span><\/a> <span class=\"meta-sep\">por<\/span> <span class=\"author vcard\"><a class=\"url fn n\" title=\"Ver todos os posts de ppgdtsa\" href=\"https:\/\/wp.ufpel.edu.br\/ppgdtsa\/author\/ppgdtsa\/\">ppgdtsa<\/a><\/span><\/div>\n<div class=\"entry-content\">\n<p>Nos dias 28 e 30 de junho de 2016 foi realizadas\u00a0palestras com o <b>Professor Xavier Sim\u00f3n Fernandes<\/b> Diretor da Faculdade de Ci\u00eancias Econ\u00f4micas da Universidade de Vigo \/Gal\u00edcia, Coordenador do Grupo de Economia Ecol\u00f3gica e Agroecologia da Universidade e Coordenador do Congresso Internacional de Agroecologia de Vigo. Foram abordados os \u201cSistemas Agroindustriais\u201d do programa de P\u00f3s-Gradua\u00e7\u00e3o em Desenvolvimento Territorial e Sistemas Agroindustriais em conjunto com o Programa de P\u00f3s-Gradua\u00e7\u00e3o em Sistemas de Produ\u00e7\u00e3o Agr\u00edcola Familiar, com o tema de cadeias curtas, conceitos, vantagens, problemas e exemplos, no Sal\u00e3o Nobre da FAEM, Campus Cap\u00e3o do Le\u00e3o; e o\u00a0\u201cDesenvolvimento Territorial\u201d do programa de P\u00f3s Gradua\u00e7\u00e3o em \u00a0Desenvolvimento Territorial \u00a0e Sistemas Agroindustriais em conjunto com o Programa de P\u00f3s Gradua\u00e7\u00e3o em Sistemas de Produ\u00e7\u00e3o Agr\u00edcola Familiar, com o tema\u00a0\u201cTeoria econ\u00f4mica da sustentabilidade agr\u00e1ria: o que aprendemos de Alexander V. Chayanov\u201d, no Audit\u00f3rio da Reitoria do Campus Porto.<\/p>\n<p><img class=\"alignleft wp-image-1056 \" src=\"https:\/\/wp.ufpel.edu.br\/ppgdtsa\/files\/2016\/07\/20160628_093636-212x120.jpg\" alt=\"20160628_093636\" width=\"177\" height=\"100\" srcset=\"https:\/\/wp.ufpel.edu.br\/ppgdtsa\/files\/2016\/07\/20160628_093636-212x120.jpg 212w, https:\/\/wp.ufpel.edu.br\/ppgdtsa\/files\/2016\/07\/20160628_093636-424x239.jpg 424w, https:\/\/wp.ufpel.edu.br\/ppgdtsa\/files\/2016\/07\/20160628_093636-768x433.jpg 768w\" sizes=\"(max-width: 177px) 100vw, 177px\" \/><img class=\"alignleft wp-image-1058\" src=\"https:\/\/wp.ufpel.edu.br\/ppgdtsa\/files\/2016\/07\/20160628_115812-212x120.jpg\" alt=\"20160628_115812\" width=\"177\" height=\"100\" srcset=\"https:\/\/wp.ufpel.edu.br\/ppgdtsa\/files\/2016\/07\/20160628_115812-212x120.jpg 212w, https:\/\/wp.ufpel.edu.br\/ppgdtsa\/files\/2016\/07\/20160628_115812-424x239.jpg 424w, https:\/\/wp.ufpel.edu.br\/ppgdtsa\/files\/2016\/07\/20160628_115812-768x433.jpg 768w\" sizes=\"(max-width: 177px) 100vw, 177px\" \/><img class=\"alignleft wp-image-1060\" src=\"https:\/\/wp.ufpel.edu.br\/ppgdtsa\/files\/2016\/07\/20160630_090359-212x120.jpg\" alt=\"20160630_090359\" width=\"177\" height=\"100\" srcset=\"https:\/\/wp.ufpel.edu.br\/ppgdtsa\/files\/2016\/07\/20160630_090359-212x120.jpg 212w, https:\/\/wp.ufpel.edu.br\/ppgdtsa\/files\/2016\/07\/20160630_090359-424x239.jpg 424w, https:\/\/wp.ufpel.edu.br\/ppgdtsa\/files\/2016\/07\/20160630_090359-768x433.jpg 768w\" sizes=\"(max-width: 177px) 100vw, 177px\" \/><\/p>\n<\/div>\n<div class=\"entry-utility\"><span class=\"cat-links\"><span class=\"entry-utility-prep entry-utility-prep-cat-links\">Publicado em<\/span> <a href=\"https:\/\/wp.ufpel.edu.br\/ppgdtsa\/category\/sem-categoria\/\" rel=\"category tag\">Sem categoria<\/a> <\/span><span class=\"meta-sep\">|<\/span> <span class=\"comments-link\">Coment\u00e1rios desativados<span class=\"screen-reader-text\">em Palestra com o Professor Xavier Sim\u00f3n Fernandes<\/span><\/span> <span class=\"meta-sep\">|<\/span> <span class=\"edit-link\"><a class=\"post-edit-link\" href=\"https:\/\/wp.ufpel.edu.br\/ppgdtsa\/wp-admin\/post.php?post=1053&amp;action=edit\">Editar<\/a><\/span><\/div>\n<p><span style=\"color: #ffffff;\">.<\/span><\/p>\n<h2 class=\"entry-title\"><span style=\"color: #000000;\"><a style=\"color: #000000;\" href=\"https:\/\/wp.ufpel.edu.br\/ppgdtsa\/2016\/03\/18\/bolsas-de-estudos-para-alunos-estrangeiros\/\" rel=\"bookmark\">Bolsas de Estudos para Alunos Estrangeiros<\/a><\/span><\/h2>\n<div class=\"entry-meta\"><span class=\"meta-prep meta-prep-author\">Publicado em<\/span> <a title=\"18:06\" href=\"https:\/\/wp.ufpel.edu.br\/ppgdtsa\/2016\/03\/18\/bolsas-de-estudos-para-alunos-estrangeiros\/\" rel=\"bookmark\"><span class=\"entry-date\">18\/03\/2016<\/span><\/a> <span class=\"meta-sep\">por<\/span> <span class=\"author vcard\"><a class=\"url fn n\" title=\"Ver todos os posts de ppgdtsa\" href=\"https:\/\/wp.ufpel.edu.br\/ppgdtsa\/author\/ppgdtsa\/\">ppgdtsa<\/a><\/span><\/div>\n<div class=\"entry-content\">\n<p>O\u00a0Programa de Estudantes-Conv\u00eanio de P\u00f3s-Gradua\u00e7\u00e3o \u2013 PEC-PG e o\u00a0Programa de Becas Acad\u00e9micas de la OEA oferecem oportunidade para alunos estrangeiros que queiram cursar Programas de P\u00f3s-Gradua\u00e7\u00e3o <em>Strictu Sensu\u00a0<\/em>no Brasil, atrav\u00e9s da concess\u00e3o de bolsas de estudos.<\/p>\n<p>Para maiores informa\u00e7\u00f5es acesse:<\/p>\n<p><a href=\"http:\/\/www.dce.mre.gov.br\/PEC\/PECPG.php\">Programa de Estudantes-Conv\u00eanio de P\u00f3s-Gradua\u00e7\u00e3o \u2013 PEC-PG<\/a><\/p>\n<p><a href=\"http:\/\/www.oas.org\/es\/becas\/default.asp\">Programa de Becas Acad\u00e9micas de la OEA<\/a><\/p>\n<\/div>\n<div class=\"entry-utility\"><span class=\"cat-links\"><span class=\"entry-utility-prep entry-utility-prep-cat-links\">Publicado em<\/span> <a href=\"https:\/\/wp.ufpel.edu.br\/ppgdtsa\/category\/sem-categoria\/\" rel=\"category tag\">Sem categoria<\/a> <\/span><span class=\"meta-sep\">|<\/span> <span class=\"comments-link\">Coment\u00e1rios desativados<span class=\"screen-reader-text\">em Bolsas de Estudos para Alunos Estrangeiros<\/span><\/span> <span class=\"meta-sep\">|<\/span> <span class=\"edit-link\"><a class=\"post-edit-link\" href=\"https:\/\/wp.ufpel.edu.br\/ppgdtsa\/wp-admin\/post.php?post=973&amp;action=edit\">Editar<\/a><\/span><\/div>\n<h1 class=\"entry-title\"><\/h1>\n<h1 class=\"entry-title\"><\/h1>\n<h1 class=\"entry-title\">Convite para Palestra<\/h1>\n<div class=\"entry-meta\"><span class=\"author vcard\"><img src=\"https:\/\/wp.ufpel.edu.br\/ppgdtsa\/files\/2016\/01\/ApresentacaoRUE2.jpg\" alt=\"Apresenta\u00e7\u00e3oRUE2\" \/><\/span><\/div>\n<div class=\"entry-content\"><\/div>\n<h2 class=\"entry-title\"><\/h2>\n<h2 class=\"entry-title\"><\/h2>\n<h2 class=\"entry-title\"><\/h2>\n<h2 class=\"entry-title\"><a href=\"https:\/\/wp.ufpel.edu.br\/ppgdtsa\/2015\/09\/03\/convite-palestra-vinculo-universidade-empresa-no-agronegocio-da-carne-bovina-do-brasil-e-argentina\/\" rel=\"bookmark\">Convite \u2013 Palestra Vinculo Universidade-Empresa no Agroneg\u00f3cio da Carne Bovina do Brasil e Argentina<\/a><\/h2>\n<p>&nbsp;<\/p>\n<div class=\"entry-content\">\n<p><a href=\"https:\/\/wp.ufpel.edu.br\/ppgdtsa\/files\/2015\/09\/Apresentacao6.jpg\"><img class=\"alignleft wp-image-695 size-full\" src=\"https:\/\/wp.ufpel.edu.br\/ppgdtsa\/files\/2015\/09\/Apresentacao6.jpg\" alt=\"Apresenta\u00e7\u00e3o6\" width=\"960\" height=\"720\" srcset=\"https:\/\/wp.ufpel.edu.br\/ppgdtsa\/files\/2015\/09\/Apresentacao6.jpg 960w, https:\/\/wp.ufpel.edu.br\/ppgdtsa\/files\/2015\/09\/Apresentacao6-212x159.jpg 212w, https:\/\/wp.ufpel.edu.br\/ppgdtsa\/files\/2015\/09\/Apresentacao6-424x318.jpg 424w\" sizes=\"(max-width: 960px) 100vw, 960px\" \/><\/a><\/p>\n<\/div>\n<p>&nbsp;<\/p>\n<h1 class=\"entry-title\"><\/h1>\n<h1 class=\"entry-title\"><\/h1>\n<h1 class=\"entry-title\"><\/h1>\n<h1 class=\"entry-title\"><\/h1>\n<h1 class=\"entry-title\">PROFESSORES DA FAEM \u2013 PPG DTSA \u00a0APRESENTAM CONFER\u00caNCIA NA SARDENHA<\/h1>\n<p>A d\u00e9cima edi\u00e7\u00e3o do curso de ver\u00e3o da \u201cEscola de Desenvolvimento Local Sebastiano Brusco\u201d, localizada em Seneghe, Sardenha, It\u00e1lia, contou com a participa\u00e7\u00e3o dos Professores Fl\u00e1vio Sacco dos Anjos e N\u00e1dia Velleda Caldas do Departamento de Ci\u00eancias Sociais Agr\u00e1rias, Faculdade de Agronomia \u2013 PPG DTSA, UFPel. A edi\u00e7\u00e3o 2015, intitulada \u201cEmpreendedorismo, Territ\u00f3rio e Inova\u00e7\u00e3o\u201d, se desenvolveu entre os dias 20 e 24 de julho de 2015, tendo como p\u00fablico alvo acad\u00eamicos da Universidade de Cagliari, t\u00e9cnicos ligados a projetos de desenvolvimento territorial da Uni\u00e3o Europeia, pesquisadores e professores de universidades italianas. A interven\u00e7\u00e3o do Professor Fl\u00e1vio versou sobre processos de constru\u00e7\u00e3o social da qualidade na produ\u00e7\u00e3o agroalimentar, enquanto a confer\u00eancia da Professora N\u00e1dia Caldas apresentou a experi\u00eancia brasileira de Certifica\u00e7\u00e3o Participativa de Produtos Org\u00e2nicos. A atividade incluiu ainda a participa\u00e7\u00e3o dos Professores Pierluigi Milone e Flaminia Ventura, vinculados \u00e0 Universidade de Perugia, a qual foi coordenada pela Professora Silvia Sivini, ligada ao \u201cCentro de Estudos em Desenvolvimento Rural\u201d da Universidade da Cal\u00e1bria.<\/p>\n<p><a href=\"https:\/\/wp.ufpel.edu.br\/ppgdtsa\/files\/2015\/02\/IMG_2219.jpg\"><img class=\"alignnone size-full wp-image-615\" src=\"https:\/\/wp.ufpel.edu.br\/ppgdtsa\/files\/2015\/02\/IMG_2219.jpg\" alt=\"IMG_2219\" width=\"1280\" height=\"960\" srcset=\"https:\/\/wp.ufpel.edu.br\/ppgdtsa\/files\/2015\/02\/IMG_2219.jpg 1280w, https:\/\/wp.ufpel.edu.br\/ppgdtsa\/files\/2015\/02\/IMG_2219-212x159.jpg 212w, https:\/\/wp.ufpel.edu.br\/ppgdtsa\/files\/2015\/02\/IMG_2219-424x318.jpg 424w\" sizes=\"(max-width: 1280px) 100vw, 1280px\" \/><\/a><\/p>\n<p>&nbsp;<\/p>\n<h1><\/h1>\n<h1>M\u00f3dulo Internacional sobre Desenvolvimento de Produtos<\/h1>\n<div class=\"entry-meta\"><span class=\"meta-prep meta-prep-author\">Publicado em<\/span> <a title=\"17:23\" href=\"https:\/\/wp.ufpel.edu.br\/ppgdtsa\/2015\/06\/02\/modulo\/\" rel=\"bookmark\"><span class=\"entry-date\">02\/06\/2015<\/span><\/a> <span class=\"meta-sep\">por<\/span> <span class=\"author vcard\"><a class=\"url fn n\" title=\"Ver todos os posts de ppgdtsa\" href=\"https:\/\/wp.ufpel.edu.br\/ppgdtsa\/author\/ppgdtsa\/\">ppgdtsa<\/a><\/span><\/div>\n<div class=\"entry-content\">\n<p><a href=\"https:\/\/wp.ufpel.edu.br\/ppgdtsa\/files\/2015\/06\/Apresenta%C3%A7%C3%A3o41.jpg\"><img class=\"alignnone size-full wp-image-557\" src=\"https:\/\/wp.ufpel.edu.br\/ppgdtsa\/files\/2015\/06\/Apresenta%C3%A7%C3%A3o41.jpg\" alt=\"Apresenta\u00e7\u00e3o4\" width=\"960\" height=\"720\" \/><\/a><\/p>\n<\/div>\n<h1 class=\"entry-title\"><\/h1>\n<h1 class=\"entry-title\">PPG DTSA Participa de Semin\u00e1rio de Pesquisa na Argentina<\/h1>\n<div class=\"entry-meta\"><span class=\"meta-prep meta-prep-author\">Publicado em<\/span> <a title=\"13:48\" href=\"https:\/\/wp.ufpel.edu.br\/ppgdtsa\/2015\/04\/23\/442\/\" rel=\"bookmark\"><span class=\"entry-date\">23\/04\/2015<\/span><\/a> <span class=\"meta-sep\">por<\/span> <span class=\"author vcard\"><a class=\"url fn n\" title=\"Ver todos os posts de ppgdtsa\" href=\"https:\/\/wp.ufpel.edu.br\/ppgdtsa\/author\/ppgdtsa\/\">ppgdtsa<\/a><\/span><\/div>\n<div class=\"entry-content\">\n<p><a href=\"https:\/\/wp.ufpel.edu.br\/ppgdtsa\/files\/2015\/04\/Sem-t%C3%ADtulo.png\"><img class=\"alignnone size-full wp-image-448\" src=\"https:\/\/wp.ufpel.edu.br\/ppgdtsa\/files\/2015\/04\/Sem-t%C3%ADtulo.png\" alt=\"Sem t\u00edtulo\" width=\"708\" height=\"996\" \/><\/a><\/p>\n<\/div>\n<div class=\"entry-utility\"><\/div>\n<h1 class=\"entry-title\">Participa\u00e7\u00e3o de Professor do PPG DTSA em Semin\u00e1rio Internacional<\/h1>\n<div class=\"entry-meta\"><span class=\"meta-prep meta-prep-author\">Publicado em<\/span> <a title=\"19:39\" href=\"https:\/\/wp.ufpel.edu.br\/ppgdtsa\/2014\/10\/08\/participacao-de-professor-do-ppg-dtsa-em-seminario-internacional\/\" rel=\"bookmark\"><span class=\"entry-date\">08\/10\/2014<\/span><\/a> <span class=\"meta-sep\">por<\/span> <span class=\"author vcard\"><a class=\"url fn n\" title=\"Ver todos os posts de ppgdtsa\" href=\"https:\/\/wp.ufpel.edu.br\/ppgdtsa\/author\/ppgdtsa\/\">ppgdtsa<\/a><\/span><\/div>\n<div class=\"entry-content\">\n<p>O Professor do PPG DTSA, Fl\u00e1vio Sacco dos Anjos,\u00a0participou do \u201cSemin\u00e1rio\u00a0Internacional\u00a0Desenvolvimento Territorial Rural: as experi\u00eancias brasileira e espanhola\u201d no dia 07 de outubro de 2014 ministrando a palestra \u201cA indica\u00e7\u00e3o geogr\u00e1fica como estrat\u00e9gia de desenvolvimento.\u201d Evento realizado gra\u00e7as a\u00a0parceria\u00a0da Universidade Federal de Uberl\u00e2ndia e o <em>Instituto de Estudios Sociales Avanzados.<\/em><\/p>\n<p><a href=\"https:\/\/wp.ufpel.edu.br\/ppgdtsa\/files\/2014\/10\/Folder-Seminario-Internacional-Flavio-07-10-14.pdf\">Folder Seminario Internacional Desenvolvimento Territorial Rural<\/a><\/p>\n<\/div>\n<h1 class=\"entry-title\"><\/h1>\n<h1 class=\"entry-title\">Mestrado em Desenvolvimento Territorial e Sistemas Agroindustriais recebeu visita de pesquisadores argentinos<\/h1>\n<div class=\"entry-meta\"><span class=\"meta-prep meta-prep-author\">Publicado em<\/span> <a title=\"18:53\" href=\"https:\/\/wp.ufpel.edu.br\/ppgdtsa\/2014\/09\/15\/mestrado-em-desenvolvimento-territorial-e-sistemas-agroindustriais-recebeu-visita-de-pesquisadores-argentinos\/\" rel=\"bookmark\"><span class=\"entry-date\">15\/09\/2014<\/span><\/a> <span class=\"meta-sep\">por<\/span> <span class=\"author vcard\"><a class=\"url fn n\" title=\"Ver todos os posts de ppgdtsa\" href=\"https:\/\/wp.ufpel.edu.br\/ppgdtsa\/author\/ppgdtsa\/\">ppgdtsa<\/a><\/span><\/div>\n<div class=\"entry-content\">\n<p>Na primeira semana de setembro a UFPel recebeu visita de uma comitiva da \u201cUniversidad Nacional del Sur\u201d, da cidade de Bah\u00eda Blanca (Argentina), que aqui esteve a convite do Mestrado em Desenvolvimento Territorial e Sistemas Agroindustriais (FAEM \u2013 FAT).<\/p>\n<p>O grupo era composto pela Profa. Dra. LILIANA SCOPONI, pela Profa. Assistente MAR\u00cdA ALICIA SCHMIDT (Doutoranda) e pelo Acad\u00eamico de Administra\u00e7\u00e3o MAT\u00cdAS GZAIN. Foi a primeira visita de estrangeiros ao PPG-DTSA e serviu para estreitar os la\u00e7os entre docentes e discentes da UFPel e da UNS. Durante cinco dias os estudantes da primeira turma do novo mestrado, coordenado pelo Prof. Marcelo Fernandes Pacheco Dias, e demais professores da FAT puderam trocar experi\u00eancias de pesquisa com o grupo visitante.<\/p>\n<p><a href=\"https:\/\/wp.ufpel.edu.br\/ppgdtsa\/files\/2014\/09\/DSC009971.jpg\"><img class=\"alignnone size-full wp-image-291\" src=\"https:\/\/wp.ufpel.edu.br\/ppgdtsa\/files\/2014\/09\/DSC009971.jpg\" alt=\"DSC00997[1]\" width=\"640\" height=\"360\" srcset=\"https:\/\/wp.ufpel.edu.br\/ppgdtsa\/files\/2014\/09\/DSC009971.jpg 640w, https:\/\/wp.ufpel.edu.br\/ppgdtsa\/files\/2014\/09\/DSC009971-212x119.jpg 212w, https:\/\/wp.ufpel.edu.br\/ppgdtsa\/files\/2014\/09\/DSC009971-424x238.jpg 424w\" sizes=\"(max-width: 640px) 100vw, 640px\" \/><\/a><\/p>\n<\/div>\n<div class=\"entry-utility\"><\/div>\n","protected":false},"excerpt":{"rendered":"<p>A\u00c7\u00d5ES DE INTENACIONALIZA\u00c7\u00c3O PPGDTSA 2021-2024 Publicado em 03\/03\/2025 por PPGDTSA Um conjunto de atividades de internacionaliza\u00e7\u00e3o ser\u00e3o descritas na sequ\u00eancia, o que evidencia o interesse dos professores na internacionaliza\u00e7\u00e3o, especialmente na comunica\u00e7\u00e3o de conhecimentos regionais, mas de interesse global. A\u00c7\u00d5ES DE INTERNACIONALIZA\u00c7\u00c3O A\u00c7\u00d5ES B\u00c1SICAS Interc\u00e2mbio de alunos e professores do PPGDTSA para o Exterior: Danilo [&hellip;]<\/p>\n","protected":false},"author":348,"featured_media":0,"parent":0,"menu_order":0,"comment_status":"closed","ping_status":"closed","template":"","meta":{"footnotes":""},"class_list":["post-655","page","type-page","status-publish","hentry"],"jetpack_sharing_enabled":true,"_links":{"self":[{"href":"https:\/\/wp.ufpel.edu.br\/ppgdtsa\/wp-json\/wp\/v2\/pages\/655","targetHints":{"allow":["GET"]}}],"collection":[{"href":"https:\/\/wp.ufpel.edu.br\/ppgdtsa\/wp-json\/wp\/v2\/pages"}],"about":[{"href":"https:\/\/wp.ufpel.edu.br\/ppgdtsa\/wp-json\/wp\/v2\/types\/page"}],"author":[{"embeddable":true,"href":"https:\/\/wp.ufpel.edu.br\/ppgdtsa\/wp-json\/wp\/v2\/users\/348"}],"replies":[{"embeddable":true,"href":"https:\/\/wp.ufpel.edu.br\/ppgdtsa\/wp-json\/wp\/v2\/comments?post=655"}],"version-history":[{"count":20,"href":"https:\/\/wp.ufpel.edu.br\/ppgdtsa\/wp-json\/wp\/v2\/pages\/655\/revisions"}],"predecessor-version":[{"id":5817,"href":"https:\/\/wp.ufpel.edu.br\/ppgdtsa\/wp-json\/wp\/v2\/pages\/655\/revisions\/5817"}],"wp:attachment":[{"href":"https:\/\/wp.ufpel.edu.br\/ppgdtsa\/wp-json\/wp\/v2\/media?parent=655"}],"curies":[{"name":"wp","href":"https:\/\/api.w.org\/{rel}","templated":true}]}}