{"id":5105,"date":"2023-11-23T16:32:59","date_gmt":"2023-11-23T19:32:59","guid":{"rendered":"https:\/\/wp.ufpel.edu.br\/ppgdtsa\/?page_id=5105"},"modified":"2023-11-23T16:32:59","modified_gmt":"2023-11-23T19:32:59","slug":"selecao-suplementar-2023","status":"publish","type":"page","link":"https:\/\/wp.ufpel.edu.br\/ppgdtsa\/selecao-suplementar-2023\/","title":{"rendered":"Sele\u00e7\u00e3o Suplementar 2023"},"content":{"rendered":"<p style=\"text-align: justify;\"><strong>SELE\u00c7\u00c3O DE ALUNO REGULAR &#8211; Edital Suplementar (01\/2023)<\/strong><\/p>\n<p style=\"text-align: justify;\">As inscri\u00e7\u00f5es \u00e0 sele\u00e7\u00e3o <strong>SUPLEMENTAR<\/strong> para aluno(a) regular do Programa de P\u00f3s-Gradua\u00e7\u00e3o <em>Stricto Sensu<\/em>\u00a0\u2013 Mestrado em Desenvolvimento Territorial e Sistemas Agroindustriais (PPGDTSA) da UFPel estar\u00e3o abertas no per\u00edodo de\u00a0<strong>01\/02\/2023 \u00e0 23\/02\/2023.<\/strong><\/p>\n<p><a href=\"https:\/\/wp.ufpel.edu.br\/ppgdtsa\/files\/2023\/01\/Edital-de-selecao.pdf\">EDITAL N\u00ba 12\/2023<\/a><\/p>\n<p><a href=\"https:\/\/wp.ufpel.edu.br\/ppgdtsa\/files\/2023\/01\/ANEXO-01.pdf\">Anexo 1 &#8211; Avalia\u00e7\u00e3o do <em>Curriculum<\/em><\/a><\/p>\n<p><a href=\"https:\/\/wp.ufpel.edu.br\/ppgdtsa\/files\/2023\/01\/ANEXO-02.pdf\">Anexo 2 &#8211; Modelo para relacionar informa\u00e7\u00f5es do <em>Curriculum<\/em><\/a><\/p>\n<p><a href=\"https:\/\/wp.ufpel.edu.br\/ppgdtsa\/files\/2023\/01\/ANEXO-03.pdf\">Anexo 3 &#8211; Diretrizes para Anteprojeto de Pesquisa<\/a><\/p>\n<p><a href=\"https:\/\/wp.ufpel.edu.br\/ppgdtsa\/files\/2023\/01\/Formulario-inscricao-Ed.-12-de-2023.docx\">Formul\u00e1rio de Inscri\u00e7\u00e3o para Aluno Regular 2023\/1<\/a><\/p>\n<p><a href=\"https:\/\/wp.ufpel.edu.br\/ppgdtsa\/files\/2021\/10\/Autodeclaracao-de-Identidade-de-Genero.docx\">Autodeclara\u00e7\u00e3o de Identidade de G\u00eanero<\/a><\/p>\n<p><a href=\"https:\/\/wp.ufpel.edu.br\/ppgdtsa\/files\/2018\/10\/Declaracao-de-Etnia-Pos-Graduacao.pdf\">Autodeclara\u00e7\u00e3o de etnia<\/a><\/p>\n<p><a href=\"https:\/\/wp.ufpel.edu.br\/ppgdtsa\/files\/2023\/01\/Folder-1.jpeg\"><img class=\"alignnone size-medium wp-image-4751\" src=\"https:\/\/wp.ufpel.edu.br\/ppgdtsa\/files\/2023\/01\/Folder-1-400x400.jpeg\" alt=\"\" width=\"400\" height=\"400\" srcset=\"https:\/\/wp.ufpel.edu.br\/ppgdtsa\/files\/2023\/01\/Folder-1-400x400.jpeg 400w, https:\/\/wp.ufpel.edu.br\/ppgdtsa\/files\/2023\/01\/Folder-1-1024x1024.jpeg 1024w, https:\/\/wp.ufpel.edu.br\/ppgdtsa\/files\/2023\/01\/Folder-1-200x200.jpeg 200w, https:\/\/wp.ufpel.edu.br\/ppgdtsa\/files\/2023\/01\/Folder-1-768x768.jpeg 768w, https:\/\/wp.ufpel.edu.br\/ppgdtsa\/files\/2023\/01\/Folder-1.jpeg 1080w\" sizes=\"(max-width: 400px) 100vw, 400px\" \/><\/a><\/p>\n","protected":false},"excerpt":{"rendered":"<p>SELE\u00c7\u00c3O DE ALUNO REGULAR &#8211; Edital Suplementar (01\/2023) As inscri\u00e7\u00f5es \u00e0 sele\u00e7\u00e3o SUPLEMENTAR para aluno(a) regular do Programa de P\u00f3s-Gradua\u00e7\u00e3o Stricto Sensu\u00a0\u2013 Mestrado em Desenvolvimento Territorial e Sistemas Agroindustriais (PPGDTSA) da UFPel estar\u00e3o abertas no per\u00edodo de\u00a001\/02\/2023 \u00e0 23\/02\/2023. EDITAL N\u00ba 12\/2023 Anexo 1 &#8211; Avalia\u00e7\u00e3o do Curriculum Anexo 2 &#8211; Modelo para relacionar informa\u00e7\u00f5es [&hellip;]<\/p>\n","protected":false},"author":367,"featured_media":0,"parent":0,"menu_order":0,"comment_status":"closed","ping_status":"closed","template":"","meta":{"footnotes":""},"class_list":["post-5105","page","type-page","status-publish","hentry"],"jetpack_sharing_enabled":true,"_links":{"self":[{"href":"https:\/\/wp.ufpel.edu.br\/ppgdtsa\/wp-json\/wp\/v2\/pages\/5105","targetHints":{"allow":["GET"]}}],"collection":[{"href":"https:\/\/wp.ufpel.edu.br\/ppgdtsa\/wp-json\/wp\/v2\/pages"}],"about":[{"href":"https:\/\/wp.ufpel.edu.br\/ppgdtsa\/wp-json\/wp\/v2\/types\/page"}],"author":[{"embeddable":true,"href":"https:\/\/wp.ufpel.edu.br\/ppgdtsa\/wp-json\/wp\/v2\/users\/367"}],"replies":[{"embeddable":true,"href":"https:\/\/wp.ufpel.edu.br\/ppgdtsa\/wp-json\/wp\/v2\/comments?post=5105"}],"version-history":[{"count":1,"href":"https:\/\/wp.ufpel.edu.br\/ppgdtsa\/wp-json\/wp\/v2\/pages\/5105\/revisions"}],"predecessor-version":[{"id":5107,"href":"https:\/\/wp.ufpel.edu.br\/ppgdtsa\/wp-json\/wp\/v2\/pages\/5105\/revisions\/5107"}],"wp:attachment":[{"href":"https:\/\/wp.ufpel.edu.br\/ppgdtsa\/wp-json\/wp\/v2\/media?parent=5105"}],"curies":[{"name":"wp","href":"https:\/\/api.w.org\/{rel}","templated":true}]}}