{"id":385,"date":"2015-02-18T12:05:44","date_gmt":"2015-02-18T14:05:44","guid":{"rendered":"https:\/\/wp.ufpel.edu.br\/ppgdtsa\/?page_id=385"},"modified":"2016-01-06T11:16:34","modified_gmt":"2016-01-06T13:16:34","slug":"livros-e-entrevistas","status":"publish","type":"page","link":"https:\/\/wp.ufpel.edu.br\/ppgdtsa\/livros-e-entrevistas\/","title":{"rendered":"Palestras"},"content":{"rendered":"<h2 class=\"entry-title\">P<a href=\"https:\/\/wp.ufpel.edu.br\/ppgdtsa\/2015\/11\/16\/professor-do-ppg-dtsa-fara-palestra-sobre-o-agronegocio-brasileiro\/\" rel=\"bookmark\">rofessor do PPG DTSA far\u00e1 palestra sobre o Agroneg\u00f3cio Brasileiro<\/a><\/h2>\n<div class=\"entry-meta\"><span class=\"meta-prep meta-prep-author\">Publicado em<\/span> <a title=\"16:37\" href=\"https:\/\/wp.ufpel.edu.br\/ppgdtsa\/2015\/11\/16\/professor-do-ppg-dtsa-fara-palestra-sobre-o-agronegocio-brasileiro\/\" rel=\"bookmark\"><span class=\"entry-date\">16\/11\/2015<\/span><\/a> <span class=\"meta-sep\">por<\/span> <span class=\"author vcard\"><a class=\"url fn n\" title=\"Ver todos os posts de ppgdtsa\" href=\"https:\/\/wp.ufpel.edu.br\/ppgdtsa\/author\/ppgdtsa\/\">ppgdtsa<\/a><\/span><\/div>\n<div class=\"entry-content\">\n<p><a href=\"https:\/\/wp.ufpel.edu.br\/ppgdtsa\/files\/2015\/11\/11988747_1238161862867593_8366795094964306586_n.jpg\"><img class=\"alignleft wp-image-783 size-full\" src=\"https:\/\/wp.ufpel.edu.br\/ppgdtsa\/files\/2015\/11\/11988747_1238161862867593_8366795094964306586_n.jpg\" alt=\"11988747_1238161862867593_8366795094964306586_n\" width=\"960\" height=\"960\" \/><\/a><\/p>\n<\/div>\n<div class=\"entry-utility\"><span class=\"cat-links\"><span class=\"entry-utility-prep entry-utility-prep-cat-links\">Publicado em<\/span> <a href=\"https:\/\/wp.ufpel.edu.br\/ppgdtsa\/category\/sem-categoria\/\" rel=\"category tag\">Sem categoria<\/a> <\/span><span class=\"meta-sep\">|<\/span> <span class=\"comments-link\">Coment\u00e1rios desativados<\/span><\/div>\n<p>&nbsp;<\/p>\n<p><strong>PROFESSORES DA FAEM \u2013 PPG DTSA \u00a0APRESENTAM CONFER\u00caNCIA<\/strong> NA <strong>SARDENHA<\/strong><\/p>\n<p>A d\u00e9cima edi\u00e7\u00e3o do curso de ver\u00e3o da \u201cEscola de Desenvolvimento Local Sebastiano Brusco\u201d, localizada em Seneghe, Sardenha, It\u00e1lia, contou com a participa\u00e7\u00e3o dos Professores Fl\u00e1vio Sacco dos Anjos e N\u00e1dia Velleda Caldas do Departamento de Ci\u00eancias Sociais Agr\u00e1rias, Faculdade de Agronomia \u2013 PPG DTSA, UFPel. A edi\u00e7\u00e3o 2015, intitulada \u201cEmpreendedorismo, Territ\u00f3rio e Inova\u00e7\u00e3o\u201d, se desenvolveu entre os dias 20 e 24 de julho de 2015, tendo como p\u00fablico alvo acad\u00eamicos da Universidade de Cagliari, t\u00e9cnicos ligados a projetos de desenvolvimento territorial da Uni\u00e3o Europeia, pesquisadores e professores de universidades italianas. A interven\u00e7\u00e3o do Professor Fl\u00e1vio versou sobre processos de constru\u00e7\u00e3o social da qualidade na produ\u00e7\u00e3o agroalimentar, enquanto a confer\u00eancia da Professora N\u00e1dia Caldas apresentou a experi\u00eancia brasileira de Certifica\u00e7\u00e3o Participativa de Produtos Org\u00e2nicos. A atividade incluiu ainda a participa\u00e7\u00e3o dos Professores Pierluigi Milone e Flaminia Ventura, vinculados \u00e0 Universidade de Perugia, a qual foi coordenada pela Professora Silvia Sivini, ligada ao \u201cCentro de Estudos em Desenvolvimento Rural\u201d da Universidade da Cal\u00e1bria.<\/p>\n<p><a href=\"https:\/\/wp.ufpel.edu.br\/ppgdtsa\/files\/2015\/02\/IMG_2216.jpg\"><img class=\"alignnone size-full wp-image-614\" src=\"https:\/\/wp.ufpel.edu.br\/ppgdtsa\/files\/2015\/02\/IMG_2216.jpg\" alt=\"IMG_2216\" width=\"1280\" height=\"960\" srcset=\"https:\/\/wp.ufpel.edu.br\/ppgdtsa\/files\/2015\/02\/IMG_2216.jpg 1280w, https:\/\/wp.ufpel.edu.br\/ppgdtsa\/files\/2015\/02\/IMG_2216-212x159.jpg 212w, https:\/\/wp.ufpel.edu.br\/ppgdtsa\/files\/2015\/02\/IMG_2216-424x318.jpg 424w\" sizes=\"(max-width: 1280px) 100vw, 1280px\" \/><\/a> <a href=\"https:\/\/wp.ufpel.edu.br\/ppgdtsa\/files\/2015\/02\/IMG_2219.jpg\"><img class=\"alignnone size-full wp-image-615\" src=\"https:\/\/wp.ufpel.edu.br\/ppgdtsa\/files\/2015\/02\/IMG_2219.jpg\" alt=\"IMG_2219\" width=\"1280\" height=\"960\" srcset=\"https:\/\/wp.ufpel.edu.br\/ppgdtsa\/files\/2015\/02\/IMG_2219.jpg 1280w, https:\/\/wp.ufpel.edu.br\/ppgdtsa\/files\/2015\/02\/IMG_2219-212x159.jpg 212w, https:\/\/wp.ufpel.edu.br\/ppgdtsa\/files\/2015\/02\/IMG_2219-424x318.jpg 424w\" sizes=\"(max-width: 1280px) 100vw, 1280px\" \/><\/a><\/p>\n<p><strong>Entrevista prof. Fl\u00e1vio Sacco dos Anjos sobre Desenvolvimento<\/strong><\/p>\n<p><a href=\"http:\/\/www.unochapeco.edu.br\/noticias\/entrevista-aborda-o-desenvolvimento-no-ambito-social-economico-e-rural\">http:\/\/www.unochapeco.edu.br\/noticias\/entrevista-aborda-o-desenvolvimento-no-ambito-social-economico-e-rural<\/a><\/p>\n<p><strong>\u00a0<\/strong><\/p>\n<div class=\"_li\"><\/div>\n","protected":false},"excerpt":{"rendered":"<p>Professor do PPG DTSA far\u00e1 palestra sobre o Agroneg\u00f3cio Brasileiro Publicado em 16\/11\/2015 por ppgdtsa Publicado em Sem categoria | Coment\u00e1rios desativados &nbsp; PROFESSORES DA FAEM \u2013 PPG DTSA \u00a0APRESENTAM CONFER\u00caNCIA NA SARDENHA A d\u00e9cima edi\u00e7\u00e3o do curso de ver\u00e3o da \u201cEscola de Desenvolvimento Local Sebastiano Brusco\u201d, localizada em Seneghe, Sardenha, It\u00e1lia, contou com a [&hellip;]<\/p>\n","protected":false},"author":348,"featured_media":0,"parent":0,"menu_order":0,"comment_status":"closed","ping_status":"closed","template":"","meta":{"footnotes":""},"class_list":["post-385","page","type-page","status-publish","hentry"],"jetpack_sharing_enabled":true,"_links":{"self":[{"href":"https:\/\/wp.ufpel.edu.br\/ppgdtsa\/wp-json\/wp\/v2\/pages\/385","targetHints":{"allow":["GET"]}}],"collection":[{"href":"https:\/\/wp.ufpel.edu.br\/ppgdtsa\/wp-json\/wp\/v2\/pages"}],"about":[{"href":"https:\/\/wp.ufpel.edu.br\/ppgdtsa\/wp-json\/wp\/v2\/types\/page"}],"author":[{"embeddable":true,"href":"https:\/\/wp.ufpel.edu.br\/ppgdtsa\/wp-json\/wp\/v2\/users\/348"}],"replies":[{"embeddable":true,"href":"https:\/\/wp.ufpel.edu.br\/ppgdtsa\/wp-json\/wp\/v2\/comments?post=385"}],"version-history":[{"count":12,"href":"https:\/\/wp.ufpel.edu.br\/ppgdtsa\/wp-json\/wp\/v2\/pages\/385\/revisions"}],"predecessor-version":[{"id":866,"href":"https:\/\/wp.ufpel.edu.br\/ppgdtsa\/wp-json\/wp\/v2\/pages\/385\/revisions\/866"}],"wp:attachment":[{"href":"https:\/\/wp.ufpel.edu.br\/ppgdtsa\/wp-json\/wp\/v2\/media?parent=385"}],"curies":[{"name":"wp","href":"https:\/\/api.w.org\/{rel}","templated":true}]}}