{"id":46,"date":"2016-12-29T09:06:13","date_gmt":"2016-12-29T11:06:13","guid":{"rendered":"https:\/\/wp.ufpel.edu.br\/ppgd\/?page_id=46"},"modified":"2023-03-07T23:41:36","modified_gmt":"2023-03-08T02:41:36","slug":"bolsas","status":"publish","type":"page","link":"https:\/\/wp.ufpel.edu.br\/ppgd\/bolsas\/","title":{"rendered":"Bolsas j\u00e1 encerradas"},"content":{"rendered":"<p style=\"text-align: center;\"><strong>2023<\/strong><\/p>\n<p class=\"Texto_Centralizado_Maiusculas_Negrito\">EDITAL DE SELE\u00c7\u00c3O PARA BOLSA DE MESTRADO CARREFOUR &#8211;\u00a0VAGAS REMANESCENTES<\/p>\n<p><a href=\"https:\/\/wp.ufpel.edu.br\/ppgd\/files\/2023\/02\/SEI_UFPel-2059089-Edital-de-selecao-PRPPG.pdf\">SEI_UFPel &#8211; 2059089 &#8211; Edital de sele\u00e7\u00e3o PRPPG<\/a><\/p>\n<p><a href=\"https:\/\/wp.ufpel.edu.br\/ppgd\/files\/2023\/02\/Anexo_I___Formulario_de_Inscricao.pdf\">Anexo_I___Formulario_de_Inscricao<\/a><\/p>\n<p><a href=\"https:\/\/wp.ufpel.edu.br\/ppgd\/files\/2023\/02\/Anexo_II___Declaracao_de_Etnia.pdf\">Anexo_II___Declaracao_de_Etnia<\/a><\/p>\n<p><a href=\"https:\/\/wp.ufpel.edu.br\/ppgd\/files\/2023\/02\/Anexo_III___Declaracao_vulnerabilidade_economica_pos_graduacao_2023.pdf\">Anexo_III___Declaracao_vulnerabilidade_economica_pos_graduacao_2023<\/a><\/p>\n<p>Inscri\u00e7\u00f5es homologadas:\u00a0DANDARA BARCELLOS DE OLIVEIRA; IANE MAGNA DE LIMA<\/p>\n<p>Resultado do Processo Seletivo &#8211; Selecionadas: DANDARA BARCELLOS DE OLIVEIRA; IANE MAGNA DE LIMA<\/p>\n<p>&#8212;<\/p>\n<p>EDITAL PROGRAMA DE BOLSAS GRUPO CARREFOUR BRASIL<\/p>\n<p>O Programa de P\u00f3s-Gradua\u00e7\u00e3o em Direito (PPGD) da Universidade Federal de Pelotas, em concord\u00e2ncia com todas as normas do Edital Carrefour\/2022, vem tornar p\u00fablico o processo seletivo para tr\u00eas (03) cotas de bolsa de Mestrado para estudantes negro\/as do Programa de Bolsas Grupo Carrefour Brasil.<\/p>\n<p>Devido ao assassinato de <strong>Jo\u00e3o Alberto Silveira Freitas<\/strong>, conhecido como Beto, realizado por um seguran\u00e7a da Rede Carrefour no dia 19 de novembro de 2020 por motiva\u00e7\u00f5es racistas, militantes negros do sul do pa\u00eds pressionaram o Grupo Carrefour em busca de retrata\u00e7\u00f5es. A partir disso, o Carrefour foi responsabilizado judicialmente a desenvolver e investir projetos direcionados ao bem-estar da popula\u00e7\u00e3o negra. Dessa forma, a empresa lan\u00e7a um Edital de incentivo \u00e0 educa\u00e7\u00e3o destinado a\u00a0estudantes negros de ensino superior\u00a0como forma de repara\u00e7\u00e3o.<\/p>\n<p><a href=\"https:\/\/wp.ufpel.edu.br\/ppgd\/files\/2023\/02\/SEI_UFPel-2055427-Edital-de-selecao-PRPPG.pdf\">SEI_UFPel &#8211; 2055427 &#8211; Edital de sele\u00e7\u00e3o PRPPG<\/a><\/p>\n<p><a href=\"https:\/\/wp.ufpel.edu.br\/ppgd\/files\/2023\/02\/Anexo_I___Formulario_de_Inscricao.pdf\">Anexo_I___Formulario_de_Inscricao<\/a><\/p>\n<p><a href=\"https:\/\/wp.ufpel.edu.br\/ppgd\/files\/2023\/02\/Anexo_II___Declaracao_de_Etnia.pdf\">Anexo_II___Declaracao_de_Etnia<\/a><\/p>\n<p><a href=\"https:\/\/wp.ufpel.edu.br\/ppgd\/files\/2023\/02\/Anexo_III___Declaracao_vulnerabilidade_economica_pos_graduacao_2023.pdf\">Anexo_III___Declaracao_vulnerabilidade_economica_pos_graduacao_2023<\/a><\/p>\n<p>Inscri\u00e7\u00e3o homologada: Yuri Pereira Gomes<\/p>\n<p>Resultado do Processo Seletivo &#8211; Selecionado: Yuri Pereira Gomes<\/p>\n<p>&#8212;<\/p>\n<p>EDITAL PRPPGI N.\u00ba 1\/2023<\/p>\n<p><a href=\"https:\/\/wp.ufpel.edu.br\/ppgd\/files\/2023\/01\/Edital_2012540.html\">Edital_2012540<\/a><\/p>\n<p><a href=\"https:\/\/wp.ufpel.edu.br\/ppgd\/files\/2023\/01\/Formulario_2012574_anexos_I.pdf\">Formulario_2012574_anexos_I<\/a><\/p>\n<p><a href=\"https:\/\/wp.ufpel.edu.br\/ppgd\/files\/2023\/01\/Termo_2012575_anexos_II.pdf\">Termo_2012575_anexos_II<\/a><\/p>\n<p><a href=\"https:\/\/wp.ufpel.edu.br\/ppgd\/files\/2023\/01\/Declaracao_2012577_anexos_III.pdf\">Declaracao_2012577_anexos_III<\/a><\/p>\n<p>&nbsp;<\/p>\n<p>EDITAL PRPPGI N.\u00ba 2\/2023<\/p>\n<p><a href=\"https:\/\/wp.ufpel.edu.br\/ppgd\/files\/2023\/01\/Edital_2012581.html\">Edital_2012581<\/a><\/p>\n<p><a href=\"https:\/\/wp.ufpel.edu.br\/ppgd\/files\/2023\/01\/Formulario_2013421_anexos_I.pdf\">Formulario_2013421_anexos_I<\/a><\/p>\n<p><a href=\"https:\/\/wp.ufpel.edu.br\/ppgd\/files\/2023\/01\/Termo_2013422_anexos_II.pdf\">Termo_2013422_ <\/a><a href=\"https:\/\/wp.ufpel.edu.br\/ppgd\/files\/2023\/01\/Termo_2013422_anexos_II.pdf\">anexos_II<\/a><\/p>\n<p><a href=\"https:\/\/wp.ufpel.edu.br\/ppgd\/files\/2023\/01\/Declaracao_2013425_anexo_III_autodeclaracao_de_identidade_de_genero.pdf\">Declaracao_2013425_<\/a><a href=\"https:\/\/wp.ufpel.edu.br\/ppgd\/files\/2023\/01\/Declaracao_2013425_anexo_III_autodeclaracao_de_identidade_de_genero.pdf\">anexo_III_autodeclaracao_de_identidade_de_genero<\/a><\/p>\n<p>&nbsp;<\/p>\n<p style=\"text-align: center;\"><strong>2022<\/strong><\/p>\n<ul>\n<li><strong>Edital de Bolsa PPGD\/2022<\/strong><\/li>\n<\/ul>\n<p><a href=\"https:\/\/wp.ufpel.edu.br\/ppgd\/files\/2022\/02\/Edital-de-Bolsa-PPGD-01.2022.pdf\">Edital PPGD UFPEL 01.2022<\/a><\/p>\n<p><a href=\"https:\/\/wp.ufpel.edu.br\/ppgd\/files\/2022\/02\/Formulario-Edidal-de-Bolsa-01.2022.pdf\">FORMUL\u00c1RIO DE SELE\u00c7\u00c3O DE BOLSISTA<\/a><\/p>\n<p style=\"text-align: center;\"><strong>2021<\/strong><\/p>\n<ul>\n<li><strong>Edital de Bolsa PPGD\/2021<\/strong><\/li>\n<\/ul>\n<p><a href=\"https:\/\/wp.ufpel.edu.br\/ppgd\/files\/2021\/03\/Edital-PPGD-UFPEL-01.2021.pdf\">Edital PPGD UFPEL 01.2021<\/a><\/p>\n<p><a href=\"https:\/\/wp.ufpel.edu.br\/ppgd\/files\/2021\/03\/FORMULARIO-DE-SELECAO-DE-BOLSISTA.pdf\">FORMUL\u00c1RIO DE SELE\u00c7\u00c3O DE BOLSISTA<\/a><\/p>\n<p><a href=\"https:\/\/wp.ufpel.edu.br\/ppgd\/files\/2021\/03\/Resultado-Edital-001.2021.pdf\">Resultado Edital 001.2021<\/a><\/p>\n<p><a href=\"https:\/\/wp.ufpel.edu.br\/ppgd\/files\/2021\/03\/Analise-e-decisao-do-recurso.pdf\">An\u00e1lise e decis\u00e3o do recurso<\/a><\/p>\n<p>&nbsp;<\/p>\n<ul>\n<li><strong>Edital de Bolsa 2 PPGD\/2021<\/strong><\/li>\n<\/ul>\n<p><a href=\"https:\/\/wp.ufpel.edu.br\/ppgd\/files\/2021\/04\/Edital-Bolsa-02_2021.pdf\">Edital PPGD UFPEL 02.2021<\/a><\/p>\n<p>&nbsp;<\/p>\n<ul>\n<li><strong>Edital de Bolsas de mestrado alocadas na PRPPGI, oriundas do Programa PIBM\/D UFPel\/2021<\/strong><\/li>\n<\/ul>\n<p><a href=\"https:\/\/wp.ufpel.edu.br\/ppgd\/files\/2021\/01\/SEI_UFPel-1170500-Edital.pdf\">SEI_UFPel &#8211; 1170500 &#8211; Edital<\/a><\/p>\n<p><a href=\"https:\/\/wp.ufpel.edu.br\/ppgd\/files\/2021\/01\/Anexo_1171036_anexos_I.pdf\">Anexo_1171036_anexos_I<\/a><\/p>\n<p><a href=\"https:\/\/wp.ufpel.edu.br\/ppgd\/files\/2021\/01\/Anexo_1171037_anexos_II.pdf\">Anexo_1171037_anexos_II<\/a><\/p>\n<p><a href=\"https:\/\/wp.ufpel.edu.br\/ppgd\/files\/2021\/01\/Anexo_1171039_anexos_III.pdf\">Anexo_1171039_anexos_III<\/a><\/p>\n<p>Em caso de d\u00favidas, os e-mails devem ser enviados para a PRPPGI: <a href=\"mailto:npg@ufpel.edu.br\" target=\"_blank\" rel=\"noopener noreferrer\"><strong>npg@ufpel.edu.br<\/strong><\/a><\/p>\n<p><strong>DATAS IMPORTANTES<\/strong><\/p>\n<ul>\n<li><strong>Inscri\u00e7\u00e3o:\u00a0<\/strong>de 4 de janeiro a 15 de fevereiro de 2021.<\/li>\n<li><strong>Divulga\u00e7\u00e3o dos resultados:<\/strong>\u00a0a partir de 18 de fevereiro de 2021.<\/li>\n<li><strong>\u00daltimo dia de envio<\/strong>\u00a0<strong>de documenta\u00e7\u00e3o<\/strong>\u00a0<strong>\u00e0 PRPPGI para implementa\u00e7\u00e3o das bolsas:<\/strong>\u00a06 de mar\u00e7o de 2021.<\/li>\n<\/ul>\n<p>&nbsp;<\/p>\n<p style=\"text-align: center;\"><span style=\"color: #333333;\">_______________________________________________________<\/span><\/p>\n<p style=\"text-align: center;\"><strong><span style=\"font-family: helvetica, arial, sans-serif;\">2019<\/span><\/strong><\/p>\n<p style=\"text-align: justify;\"><span style=\"font-family: helvetica, arial, sans-serif;\">A Comiss\u00e3o de Bolsas do Programa de P\u00f3s-Gradua\u00e7\u00e3o em Direito da Universidade Federal de Pelotas \u2013 PPGD\/UFPel comunica a abertura de processo seletivo para a concess\u00e3o de duas (02) Bolsas de mestrado para alunos regularmente matriculados no Programa nas turmas de ingresso, das quais uma (01) para a Turma 2018 e uma (01) para a Turma 2019.<\/span><\/p>\n<p style=\"text-align: justify;\"><span style=\"font-family: helvetica, arial, sans-serif;\"><a href=\"https:\/\/wp.ufpel.edu.br\/ppgd\/files\/2019\/05\/Edital-Bolsas-PPGD_CAPES.pdf\">Edital Bolsas PPGD_CAPES<\/a><\/span><\/p>\n<p style=\"text-align: justify;\"><span style=\"font-family: helvetica, arial, sans-serif;\"><a href=\"https:\/\/wp.ufpel.edu.br\/ppgd\/files\/2019\/05\/Formul\u00e1rio-Edital-PPGD_CAPES.pdf\">Formul\u00e1rio Edital PPGD_CAPES<\/a><\/span><\/p>\n<p style=\"text-align: justify;\"><span style=\"font-family: helvetica, arial, sans-serif;\">Os itens que exigem autentica\u00e7\u00e3o de documentos faculta-se aos candidatos a op\u00e7\u00e3o por levar os originais para confer\u00eancia da Secretaria (das 08 \u00e0s 12h) do PPGD.<\/span><\/p>\n<p style=\"text-align: justify;\"><span style=\"font-family: helvetica, arial, sans-serif;\"><a href=\"https:\/\/wp.ufpel.edu.br\/ppgd\/files\/2019\/05\/Aditivo-Edital-n.-02-2019-PPGD-UFPEL.pdf\">Aditivo &#8211; Edital n. 02-2019 PPGD UFPEL<\/a><\/span><\/p>\n<p style=\"text-align: justify;\"><span style=\"font-family: helvetica, arial, sans-serif;\"><a href=\"https:\/\/wp.ufpel.edu.br\/ppgd\/files\/2019\/05\/Aditivo-2-Edital-n.-02-2019-PPGD-UFPEL.pdf\">Aditivo-2-Edital-n.-02-2019-PPGD-UFPEL<\/a><\/span><\/p>\n<p style=\"text-align: justify;\"><span style=\"font-family: helvetica, arial, sans-serif;\"><a href=\"https:\/\/wp.ufpel.edu.br\/ppgd\/files\/2019\/05\/Resultado-Edital-n.2-PPGD.pdf\">Resultado-Edital-n.2-PPGD<\/a><\/span><\/p>\n<p>&nbsp;<\/p>\n<p style=\"text-align: justify;\"><span style=\"font-family: helvetica, arial, sans-serif;\">A Comiss\u00e3o de Bolsas do Programa de P\u00f3s-Gradua\u00e7\u00e3o em Direito da Universidade Federal de Pelotas \u2013 PPGD\/UFPel comunica a abertura de processo seletivo para a concess\u00e3o de uma\u00a0bolsa de mestrado para alunos regularmente matriculados.<\/span><\/p>\n<p style=\"text-align: justify;\"><span style=\"font-family: helvetica, arial, sans-serif;\">Per\u00edodo de inscri\u00e7\u00e3o: 15\/04 &#8211; 18\/04, das 08h \u00e0s 12h.<\/span><\/p>\n<p style=\"text-align: justify;\"><span style=\"font-family: helvetica, arial, sans-serif;\">Local: secretaria do PPGD<\/span><\/p>\n<p style=\"text-align: justify;\"><span style=\"font-family: helvetica, arial, sans-serif;\"><a href=\"https:\/\/wp.ufpel.edu.br\/ppgd\/files\/2019\/04\/Edital_FAPERGS_2019.pdf\">Edital_FAPERGS_2019<\/a><\/span><\/p>\n<p style=\"text-align: justify;\"><span style=\"font-family: helvetica, arial, sans-serif;\"><a href=\"https:\/\/wp.ufpel.edu.br\/ppgd\/files\/2019\/04\/Formul\u00e1rio.xls\">Formul\u00e1rio<\/a><\/span><\/p>\n<p style=\"text-align: justify;\"><span style=\"font-family: helvetica, arial, sans-serif;\"><a href=\"https:\/\/wp.ufpel.edu.br\/ppgd\/files\/2019\/04\/Resultado.pdf\">Resultado<\/a><\/span><\/p>\n<p style=\"text-align: justify;\"><span style=\"font-family: helvetica, arial, sans-serif;\"><a href=\"https:\/\/wp.ufpel.edu.br\/ppgd\/files\/2019\/04\/Ata-de-reuni\u00e3o-n\u00ba-6-de-22.04.2019_resultado-da-sele\u00e7\u00e3o-de-Bolsas.pdf\">Ata de reuni\u00e3o &#8211; n\u00ba 6 de 22.04.2019_resultado da sele\u00e7\u00e3o de Bolsas<\/a><\/span><\/p>\n<p style=\"text-align: justify;\"><span style=\"font-family: helvetica, arial, sans-serif;\"><a href=\"https:\/\/wp.ufpel.edu.br\/ppgd\/files\/2019\/04\/Resultado_RECURSO.pdf\">Resultado_RECURSO<\/a><\/span><\/p>\n<p>&nbsp;<\/p>\n<p style=\"text-align: center;\">___________________________________________________________<\/p>\n<p style=\"text-align: center;\"><strong><span style=\"font-family: helvetica, arial, sans-serif;\">2017<\/span><\/strong><\/p>\n<p style=\"text-align: justify;\"><span style=\"font-family: helvetica, arial, sans-serif;\">Per\u00edodo de inscri\u00e7\u00f5es:\u00a027 de novembro a 01 de dezembro de 2017 \u2013 das 08h \u00e0s 12h.<\/span><\/p>\n<p style=\"text-align: justify;\"><span style=\"font-family: helvetica, arial, sans-serif;\"><a href=\"https:\/\/wp.ufpel.edu.br\/ppgd\/files\/2016\/12\/Edital-para-bolsas-do-PPGD-UFPel_FAPERGS.pdf\">Edital para bolsas do PPGD-UFPel_FAPERGS<\/a><\/span><\/p>\n<p style=\"text-align: justify;\"><span style=\"font-family: helvetica, arial, sans-serif;\"><a href=\"https:\/\/wp.ufpel.edu.br\/ppgd\/files\/2017\/12\/Bolsistas_2017.pdf\">Resultado do Processo Seletivo Bolsa FAPERGS 2017<\/a><\/span><\/p>\n","protected":false},"excerpt":{"rendered":"<p>2023 EDITAL DE SELE\u00c7\u00c3O PARA BOLSA DE MESTRADO CARREFOUR &#8211;\u00a0VAGAS REMANESCENTES SEI_UFPel &#8211; 2059089 &#8211; Edital de sele\u00e7\u00e3o PRPPG Anexo_I___Formulario_de_Inscricao Anexo_II___Declaracao_de_Etnia Anexo_III___Declaracao_vulnerabilidade_economica_pos_graduacao_2023 Inscri\u00e7\u00f5es homologadas:\u00a0DANDARA BARCELLOS DE OLIVEIRA; IANE MAGNA DE LIMA Resultado do Processo Seletivo &#8211; Selecionadas: DANDARA BARCELLOS DE OLIVEIRA; IANE MAGNA DE LIMA &#8212; EDITAL PROGRAMA DE BOLSAS GRUPO CARREFOUR BRASIL O Programa &hellip; <\/p>\n<p><a class=\"more-link btn\" href=\"https:\/\/wp.ufpel.edu.br\/ppgd\/bolsas\/\">Continue lendo<\/a><\/p>\n","protected":false},"author":293,"featured_media":0,"parent":0,"menu_order":0,"comment_status":"closed","ping_status":"closed","template":"","meta":{"footnotes":""},"class_list":["post-46","page","type-page","status-publish","hentry","nodate","item-wrap"],"jetpack-related-posts":[],"jetpack_sharing_enabled":true,"_links":{"self":[{"href":"https:\/\/wp.ufpel.edu.br\/ppgd\/wp-json\/wp\/v2\/pages\/46","targetHints":{"allow":["GET"]}}],"collection":[{"href":"https:\/\/wp.ufpel.edu.br\/ppgd\/wp-json\/wp\/v2\/pages"}],"about":[{"href":"https:\/\/wp.ufpel.edu.br\/ppgd\/wp-json\/wp\/v2\/types\/page"}],"author":[{"embeddable":true,"href":"https:\/\/wp.ufpel.edu.br\/ppgd\/wp-json\/wp\/v2\/users\/293"}],"replies":[{"embeddable":true,"href":"https:\/\/wp.ufpel.edu.br\/ppgd\/wp-json\/wp\/v2\/comments?post=46"}],"version-history":[{"count":35,"href":"https:\/\/wp.ufpel.edu.br\/ppgd\/wp-json\/wp\/v2\/pages\/46\/revisions"}],"predecessor-version":[{"id":5825,"href":"https:\/\/wp.ufpel.edu.br\/ppgd\/wp-json\/wp\/v2\/pages\/46\/revisions\/5825"}],"wp:attachment":[{"href":"https:\/\/wp.ufpel.edu.br\/ppgd\/wp-json\/wp\/v2\/media?parent=46"}],"curies":[{"name":"wp","href":"https:\/\/api.w.org\/{rel}","templated":true}]}}