{"id":3451,"date":"2021-08-12T12:24:47","date_gmt":"2021-08-12T15:24:47","guid":{"rendered":"https:\/\/wp.ufpel.edu.br\/ppgcienciapolitica\/?page_id=3451"},"modified":"2025-10-07T20:29:31","modified_gmt":"2025-10-07T23:29:31","slug":"turma-2017","status":"publish","type":"page","link":"https:\/\/wp.ufpel.edu.br\/ppgcienciapolitica\/publicacoes\/teses\/turma-2017\/","title":{"rendered":"Turma 2017 (Teses)"},"content":{"rendered":"<p><strong>5. Val\u00e9ria Cabreira Cabrera\u00a0<\/strong><\/p>\n<p>T\u00edtulo da tese: \u201cA teoria do desenvolvimento humano de Ronald Inglehart: uma defesa normativa da teoria liberal da democracia\u201d<\/p>\n<p>Orientadora: Bianca de Freitas Linhares<\/p>\n<p>Data da defesa: 18\/06\/2021<\/p>\n<p><a href=\"https:\/\/wp.ufpel.edu.br\/ppgcienciapolitica\/files\/2021\/10\/2021-Tese-Valeria-Cabrera-VF.pdf\">Acessar a tese em arquivo digital pdf<\/a><\/p>\n<p><strong>6. Helen Let\u00edcia Grala Jacobsen\u00a0 \u00a0 \u00a0 \u00a0 \u00a0 \u00a0 \u00a0<\/strong><\/p>\n<p>T\u00edtulo da tese: \u201cIntera\u00e7\u00e3o estrat\u00e9gica entre a Presid\u00eancia da Rep\u00fablica e o Congresso Nacional: as Medidas Provis\u00f3rias editadas nos governos Lula, Dilma e Temer (2003-2018)\u201d<\/p>\n<p>Orientador: Alvaro Barreto<\/p>\n<p>Data da defesa: 30\/03\/2022<\/p>\n<p><a href=\"https:\/\/wp.ufpel.edu.br\/ppgcienciapolitica\/files\/2022\/06\/Tese-Interacao-Estrategica-e-MPs-Helen.pdf\">Acesse a tese em arquivo digital pdf<\/a><\/p>\n<p><strong>7. Bruno Souza Garcia\u00a0 \u00a0 \u00a0 \u00a0 \u00a0 \u00a0<\/strong><\/p>\n<p>T\u00edtulo da tese: \u201cUm novo jogo? Elei\u00e7\u00f5es suplementares municipais e seus efeitos na competi\u00e7\u00e3o pol\u00edtica (2012-2020)\u201d<\/p>\n<p>Orientador: Alvaro Barreto<\/p>\n<p>Data da defesa: 29\/06\/2022<\/p>\n<p><a href=\"https:\/\/wp.ufpel.edu.br\/ppgcienciapolitica\/files\/2022\/12\/Bruno-Garcia-Tese-VF.pdf\">Acesse a tese em arquivo digital pdf<\/a><\/p>\n<p><strong>8. Marina dos Santos Landa\u00a0<\/strong><\/p>\n<p>T\u00edtulo da tese: &#8220;Entre a vida privada e a esfera p\u00fablica: a trajet\u00f3ria de vida pol\u00edtica de <em>Alcadesas<\/em> do primeiro e segundo ciclo municipal do Uruguai (2010-2020)&#8221;<\/p>\n<p>Orientadora: Rosangela Schulz<\/p>\n<p>Data de defesa: 04\/07\/2022<\/p>\n<p><a href=\"https:\/\/wp.ufpel.edu.br\/ppgcienciapolitica\/files\/2022\/12\/Marina-Landa-Tese-VF.pdf\">Acesse a tese em arquivo digital pdf<\/a><\/p>\n<p><strong>9. Michele Diana da Luz\u00a0 \u00a0 \u00a0 \u00a0 \u00a0 \u00a0 \u00a0 \u00a0 \u00a0 \u00a0 \u00a0 \u00a0 \u00a0 \u00a0 \u00a0 \u00a0 \u00a0 \u00a0 \u00a0 \u00a0 \u00a0 \u00a0 \u00a0 \u00a0 \u00a0 \u00a0 \u00a0 \u00a0 \u00a0 \u00a0 \u00a0 \u00a0 \u00a0 \u00a0 \u00a0 \u00a0 \u00a0 \u00a0 \u00a0 \u00a0 \u00a0 \u00a0 \u00a0 \u00a0 \u00a0 \u00a0 \u00a0 \u00a0 \u00a0 \u00a0 \u00a0 \u00a0 \u00a0 \u00a0 \u00a0 \u00a0 \u00a0 \u00a0 \u00a0 \u00a0 \u00a0 \u00a0 \u00a0 \u00a0 \u00a0 \u00a0 \u00a0 \u00a0 \u00a0 \u00a0 \u00a0 \u00a0 \u00a0 \u00a0 \u00a0 \u00a0 \u00a0 \u00a0 \u00a0 \u00a0 \u00a0 \u00a0 <\/strong><\/p>\n<p>T\u00edtulo da tese: &#8220;O povo no caleidosc\u00f3pio: o discurso bolsonarista \u00e0 luz das teorias contempor\u00e2neas do\u00a0 populismo&#8221;<\/p>\n<p>Orientador: Daniel de Mendon\u00e7a<\/p>\n<p>Data de defesa: 06\/07\/2022<\/p>\n<p><a href=\"https:\/\/wp.ufpel.edu.br\/ppgcienciapolitica\/files\/2023\/07\/Tese-VF-II-Michele-Luz.pdf\">Acesse a tese em arquivo digital pdf<\/a><\/p>\n<p>&nbsp;<\/p>\n","protected":false},"excerpt":{"rendered":"<p>5. Val\u00e9ria Cabreira Cabrera\u00a0 T\u00edtulo da tese: \u201cA teoria do desenvolvimento humano de Ronald Inglehart: uma defesa normativa da teoria liberal da democracia\u201d Orientadora: Bianca de Freitas Linhares Data da defesa: 18\/06\/2021 Acessar a tese em arquivo digital pdf 6. Helen Let\u00edcia Grala Jacobsen\u00a0 \u00a0 \u00a0 \u00a0 \u00a0 \u00a0 \u00a0 T\u00edtulo da tese: \u201cIntera\u00e7\u00e3o estrat\u00e9gica [&hellip;]<\/p>\n","protected":false},"author":555,"featured_media":0,"parent":2741,"menu_order":0,"comment_status":"closed","ping_status":"closed","template":"","meta":{"footnotes":""},"class_list":["post-3451","page","type-page","status-publish","hentry"],"jetpack_sharing_enabled":true,"_links":{"self":[{"href":"https:\/\/wp.ufpel.edu.br\/ppgcienciapolitica\/wp-json\/wp\/v2\/pages\/3451","targetHints":{"allow":["GET"]}}],"collection":[{"href":"https:\/\/wp.ufpel.edu.br\/ppgcienciapolitica\/wp-json\/wp\/v2\/pages"}],"about":[{"href":"https:\/\/wp.ufpel.edu.br\/ppgcienciapolitica\/wp-json\/wp\/v2\/types\/page"}],"author":[{"embeddable":true,"href":"https:\/\/wp.ufpel.edu.br\/ppgcienciapolitica\/wp-json\/wp\/v2\/users\/555"}],"replies":[{"embeddable":true,"href":"https:\/\/wp.ufpel.edu.br\/ppgcienciapolitica\/wp-json\/wp\/v2\/comments?post=3451"}],"version-history":[{"count":3,"href":"https:\/\/wp.ufpel.edu.br\/ppgcienciapolitica\/wp-json\/wp\/v2\/pages\/3451\/revisions"}],"predecessor-version":[{"id":5105,"href":"https:\/\/wp.ufpel.edu.br\/ppgcienciapolitica\/wp-json\/wp\/v2\/pages\/3451\/revisions\/5105"}],"up":[{"embeddable":true,"href":"https:\/\/wp.ufpel.edu.br\/ppgcienciapolitica\/wp-json\/wp\/v2\/pages\/2741"}],"wp:attachment":[{"href":"https:\/\/wp.ufpel.edu.br\/ppgcienciapolitica\/wp-json\/wp\/v2\/media?parent=3451"}],"curies":[{"name":"wp","href":"https:\/\/api.w.org\/{rel}","templated":true}]}}