{"id":2941,"date":"2020-05-26T14:02:46","date_gmt":"2020-05-26T17:02:46","guid":{"rendered":"https:\/\/wp.ufpel.edu.br\/ppgcienciapolitica\/?page_id=2941"},"modified":"2025-12-18T06:33:42","modified_gmt":"2025-12-18T09:33:42","slug":"selecao-doutorado-2020","status":"publish","type":"page","link":"https:\/\/wp.ufpel.edu.br\/ppgcienciapolitica\/mestrado-em-ciencia-politica-selecao-2016\/selecao-doutorado-2020\/","title":{"rendered":"Sele\u00e7\u00e3o Doutorado 2020"},"content":{"rendered":"<p><strong>Comiss\u00e3o de Sele\u00e7\u00e3o<\/strong><\/p>\n<p>Carlos Artur Gallo (Presidente)<\/p>\n<p>Daniel De Mendon\u00e7a<\/p>\n<p>Luciana Maria de Arag\u00e3o Ballestrin<\/p>\n<p>&nbsp;<\/p>\n<p><strong>Edital de Sele\u00e7\u00e3o:<\/strong> <a href=\"https:\/\/wp.ufpel.edu.br\/ppgcienciapolitica\/files\/2019\/12\/SEI_UFPel-0808563-Edital-de-sele\u00e7\u00e3o-PRPPGI.pdf\">SEI_UFPel &#8211; 0808563 &#8211; Edital de sele\u00e7\u00e3o PRPPGI<\/a><\/p>\n<p><strong>Edital de Retifica\u00e7\u00e3o: <\/strong><a href=\"https:\/\/wp.ufpel.edu.br\/ppgcienciapolitica\/files\/2020\/05\/SEI_UFPel-0950385-Edital-de-Retifica\u00e7\u00e3o-PRPPGI.pdf\">SEI_UFPel &#8211; 0950385 &#8211; Edital de Retifica\u00e7\u00e3o PRPPGI<\/a><\/p>\n<p><strong>Lista de inscri\u00e7\u00f5es homologadas (resultado): <\/strong><a href=\"https:\/\/wp.ufpel.edu.br\/ppgcienciapolitica\/files\/2020\/05\/Inscri\u00e7\u00f5es-homologadas-PPGCPOL-Sele\u00e7\u00e3o-Doutorado-2020.pdf\">Inscri\u00e7\u00f5es homologadas PPGCPOL &#8211; Sele\u00e7\u00e3o Doutorado 2020<\/a><\/p>\n<p><strong>Resultado Fase 1 (An\u00e1lise do Projeto de Pesquisa):<\/strong> <a href=\"https:\/\/wp.ufpel.edu.br\/ppgcienciapolitica\/files\/2020\/06\/Resultado-FASE-1-PPGCPOL-Sele\u00e7\u00e3o-Doutorado-2020.pdf\">Resultado FASE 1 PPGCPOL &#8211; Sele\u00e7\u00e3o Doutorado 2020<\/a><\/p>\n<p><strong>Cronograma da Fase 2 (Defesa do Projeto de Pesquisa):<\/strong> <a href=\"https:\/\/wp.ufpel.edu.br\/ppgcienciapolitica\/files\/2020\/06\/Cronograma-FASE-2-PPGCPOL-Sele\u00e7\u00e3o-Doutorado-2020.pdf\">Cronograma FASE 2 PPGCPOL &#8211; Sele\u00e7\u00e3o Doutorado 2020<\/a><\/p>\n<p><strong>Resultado Fase 2 (Defesa do Projeto de Pesquisa):<\/strong> <a href=\"https:\/\/wp.ufpel.edu.br\/ppgcienciapolitica\/files\/2020\/06\/Resultado-FASE-2-PPGCPOL-Sele\u00e7\u00e3o-Doutorado-2020.pdf\">Resultado FASE 2 PPGCPOL &#8211; Sele\u00e7\u00e3o Doutorado 2020<\/a><\/p>\n<p><strong>Resultado Fase 3 (An\u00e1lise do Curr\u00edculo Lattes):<\/strong> <a href=\"https:\/\/wp.ufpel.edu.br\/ppgcienciapolitica\/files\/2020\/06\/Resultado-FASE-3-PPGCPOL-Sele\u00e7\u00e3o-Doutorado-2020.pdf\">Resultado FASE 3 PPGCPOL &#8211; Sele\u00e7\u00e3o Doutorado 2020<\/a><\/p>\n<p><strong>Resultado Final (Provis\u00f3rio):<\/strong> <a href=\"https:\/\/wp.ufpel.edu.br\/ppgcienciapolitica\/files\/2020\/06\/Resutado-Final-provis\u00f3rio-PPGCPOL-Sele\u00e7\u00e3o-Doutorado-2020.pdf\">Resultado Final provis\u00f3rio PPGCPOL &#8211; Sele\u00e7\u00e3o Doutorado 2020<\/a><\/p>\n<p><strong>Resultado Final:<\/strong> <a href=\"https:\/\/wp.ufpel.edu.br\/ppgcienciapolitica\/files\/2020\/06\/Resutado-Final-PPGCPOL-Sele\u00e7\u00e3o-Doutorado-2020.pdf\">Resultado Final PPGCPOL &#8211; Sele\u00e7\u00e3o Doutorado 2020<\/a><\/p>\n<p>&nbsp;<\/p>\n<p style=\"text-align: center;\">* * *<\/p>\n<p><strong>Atualiza\u00e7\u00e3o (em 06\/04\/2020):<\/strong><\/p>\n<p>Devido \u00e0 pandemia de COVID-19 o calend\u00e1rio acad\u00eamico da Universidade Federal de Pelotas (UFPel) foi suspenso at\u00e9 o dia 30\/04\/2020.<\/p>\n<p>&nbsp;<\/p>\n<p><strong>Com a suspens\u00e3o do calend\u00e1rio acad\u00eamico, que atinge as datas previstas no Edital de Sele\u00e7\u00e3o 176\/2019, a Comiss\u00e3o de Sele\u00e7\u00e3o do Doutorado DECIDE:<\/strong><\/p>\n<p><em>1. Prorrogar as inscri\u00e7\u00f5es at\u00e9 \u00e0s 23h59m do dia 25\/05\/2020 (segunda-feira);<\/em><\/p>\n<p><em>2. Suspender o Cronograma do processo seletivo at\u00e9 que o calend\u00e1rio acad\u00eamico da Universidade seja retomado e, consequentemente, seja poss\u00edvel estabelecer novas datas para a realiza\u00e7\u00e3o da sele\u00e7\u00e3o.<\/em><\/p>\n<p>&nbsp;<\/p>\n<p>As inscri\u00e7\u00f5es devem ser realizadas seguindo as determina\u00e7\u00f5es dos artigos 1 e 2 do Edital de Sele\u00e7\u00e3o 176\/2019.<\/p>\n<p>&nbsp;<\/p>\n<p>D\u00favidas sobre o processo seletivo podem ser encaminhadas para os e-mails: &lt;ppgcpol@gmail.com&gt; ou &lt;selecaodocp2020@gmail.com&gt;<\/p>\n","protected":false},"excerpt":{"rendered":"<p>Comiss\u00e3o de Sele\u00e7\u00e3o Carlos Artur Gallo (Presidente) Daniel De Mendon\u00e7a Luciana Maria de Arag\u00e3o Ballestrin &nbsp; Edital de Sele\u00e7\u00e3o: SEI_UFPel &#8211; 0808563 &#8211; Edital de sele\u00e7\u00e3o PRPPGI Edital de Retifica\u00e7\u00e3o: SEI_UFPel &#8211; 0950385 &#8211; Edital de Retifica\u00e7\u00e3o PRPPGI Lista de inscri\u00e7\u00f5es homologadas (resultado): Inscri\u00e7\u00f5es homologadas PPGCPOL &#8211; Sele\u00e7\u00e3o Doutorado 2020 Resultado Fase 1 (An\u00e1lise do [&hellip;]<\/p>\n","protected":false},"author":555,"featured_media":0,"parent":378,"menu_order":0,"comment_status":"closed","ping_status":"closed","template":"","meta":{"footnotes":""},"class_list":["post-2941","page","type-page","status-publish","hentry"],"jetpack_sharing_enabled":true,"_links":{"self":[{"href":"https:\/\/wp.ufpel.edu.br\/ppgcienciapolitica\/wp-json\/wp\/v2\/pages\/2941","targetHints":{"allow":["GET"]}}],"collection":[{"href":"https:\/\/wp.ufpel.edu.br\/ppgcienciapolitica\/wp-json\/wp\/v2\/pages"}],"about":[{"href":"https:\/\/wp.ufpel.edu.br\/ppgcienciapolitica\/wp-json\/wp\/v2\/types\/page"}],"author":[{"embeddable":true,"href":"https:\/\/wp.ufpel.edu.br\/ppgcienciapolitica\/wp-json\/wp\/v2\/users\/555"}],"replies":[{"embeddable":true,"href":"https:\/\/wp.ufpel.edu.br\/ppgcienciapolitica\/wp-json\/wp\/v2\/comments?post=2941"}],"version-history":[{"count":4,"href":"https:\/\/wp.ufpel.edu.br\/ppgcienciapolitica\/wp-json\/wp\/v2\/pages\/2941\/revisions"}],"predecessor-version":[{"id":5224,"href":"https:\/\/wp.ufpel.edu.br\/ppgcienciapolitica\/wp-json\/wp\/v2\/pages\/2941\/revisions\/5224"}],"up":[{"embeddable":true,"href":"https:\/\/wp.ufpel.edu.br\/ppgcienciapolitica\/wp-json\/wp\/v2\/pages\/378"}],"wp:attachment":[{"href":"https:\/\/wp.ufpel.edu.br\/ppgcienciapolitica\/wp-json\/wp\/v2\/media?parent=2941"}],"curies":[{"name":"wp","href":"https:\/\/api.w.org\/{rel}","templated":true}]}}