{"id":5240,"date":"2024-02-01T11:13:24","date_gmt":"2024-02-01T14:13:24","guid":{"rendered":"https:\/\/wp.ufpel.edu.br\/ppgcamb\/?page_id=5240"},"modified":"2024-09-10T14:30:55","modified_gmt":"2024-09-10T17:30:55","slug":"oferta-2024","status":"publish","type":"page","link":"https:\/\/wp.ufpel.edu.br\/ppgcamb\/oferta-2024\/","title":{"rendered":"Ofertas 2024"},"content":{"rendered":"<h1>Pr\u00e9via dos hor\u00e1rios do segundo semestre de 2024<\/h1>\n<p>Em constru\u00e7\u00e3o &#8230;. datas podem ser alteradas e outras disciplinas ainda entrarem na lista<\/p>\n<table style=\"height: 486px; width: 446px; border-style: groove; border-color: #64bd71; background-color: #f5faf5;\">\n<caption>\u00a0<\/caption>\n<tbody>\n<tr style=\"height: 54px;\">\n<td style=\"width: 437.6px; height: 32px;\" colspan=\"2\"><strong>Segundo Semestre<\/strong><\/td>\n<\/tr>\n<tr style=\"height: 54px;\">\n<td style=\"width: 101.8px; height: 27px;\">09\/09\/2024<\/td>\n<td style=\"width: 330.6px; height: 27px;\">In\u00edcio do semestre<\/td>\n<\/tr>\n<tr style=\"height: 54px;\">\n<td style=\"width: 101.8px; height: 32px;\">25\/09\/2024<\/td>\n<td style=\"width: 330.6px; height: 32px;\">Aula Tem\u00e1tica (obrigat\u00f3ria)<strong>*<\/strong><\/td>\n<\/tr>\n<tr style=\"height: 48px;\">\n<td style=\"width: 101.8px; height: 10px;\">23\/12\/2024<\/td>\n<td style=\"width: 330.6px; height: 10px;\">Fim do semestre<\/td>\n<\/tr>\n<\/tbody>\n<\/table>\n<p><strong>*\u00a0<\/strong>Aula conjunta com outros programas que ocorrer\u00e1 no Teatro da FAEM, no Campus Cap\u00e3o do Le\u00e3o<\/p>\n<h2><span style=\"color: #800000;\"><strong>Disciplinas em Regime normal<\/strong><\/span><\/h2>\n<table width=\"90%\">\n<tbody>\n<tr>\n<td width=\"23%\">Disciplina<\/td>\n<td width=\"24%\">Professor<\/td>\n<td width=\"22%\">Local<\/td>\n<td width=\"27%\">Hor\u00e1rio de AULA<\/td>\n<\/tr>\n<tr>\n<td width=\"23%\">Ci\u00eancias Ambientais I<\/td>\n<td width=\"24%\">Pascal\/Robson<\/td>\n<td width=\"22%\">Cotada Sala 313A<\/td>\n<td width=\"27%\"><\/td>\n<\/tr>\n<tr>\n<td width=\"23%\"><\/td>\n<td width=\"24%\"><\/td>\n<td width=\"22%\"><\/td>\n<td width=\"27%\"><\/td>\n<\/tr>\n<tr>\n<td width=\"23%\">Pesquisa Orientada<\/td>\n<td width=\"24%\">Luciara Corr\u00eaa\/Robson Andreazza<\/td>\n<td width=\"22%\">Cotada Sala 313A<\/td>\n<td width=\"27%\"><\/td>\n<\/tr>\n<tr>\n<td>Materiais e Tecnologias Sustent\u00e1veis<\/td>\n<td>Pascal\/Robson<\/td>\n<td>Cotada Sala 313A<\/td>\n<td><\/td>\n<\/tr>\n<tr>\n<td>Qu\u00edmica Ambiental<\/td>\n<td>Rubia\/Cicero\/Pascal<\/td>\n<td>Cotada Sala 313A<\/td>\n<td>Ter\u00e7a<\/td>\n<\/tr>\n<\/tbody>\n<\/table>\n<h2><span style=\"color: #800000;\"><strong>Disciplinas Concentradas<\/strong><\/span><\/h2>\n<table style=\"width: 96%;\" width=\"96%\">\n<tbody>\n<tr>\n<td style=\"width: 26%;\" width=\"26%\">Disciplina<\/td>\n<td style=\"width: 15%;\" width=\"15%\">Professor<\/td>\n<td style=\"width: 32%;\" width=\"32%\">Hor\u00e1rio de AULA<\/td>\n<td style=\"width: 23%;\" width=\"23%\">Hor\u00e1rio de Cadastro no Cobalto**<\/td>\n<\/tr>\n<tr>\n<td style=\"width: 26%;\" width=\"26%\">\n<ul>\n<li><a href=\"https:\/\/wp.ufpel.edu.br\/ppgcamb\/disciplinas\/optativas\/mapeamento-ambiental-para-identificacao-e-recuperacao-de-areas-degradadas\/\">Mapeamento Ambiental para Identifica\u00e7\u00e3o e Recupera\u00e7\u00e3o de \u00c1reas Degradadas<\/a><\/li>\n<\/ul>\n<\/td>\n<td style=\"width: 15%;\" width=\"15%\">Diuliana<\/td>\n<td style=\"width: 32%;\" width=\"32%\">\n<p>Concentrada<\/p>\n<p>18, 20, 26 e 27 de setembro<\/p>\n<p>02, 03, 04, 30, 31 de outubro<\/p>\n<p>01 de novembro<\/p>\n<p>5 encontros a definir<\/td>\n<td style=\"width: 23%;\" width=\"23%\">\n<p>Quinta-feira<\/p>\n<p>18h ***<\/td>\n<\/tr>\n<tr>\n<td style=\"width: 26%;\" width=\"23%\">\n<p><a href=\"https:\/\/wp.ufpel.edu.br\/ppgcamb\/disciplinas\/obrigatorias\/seminario-em-ciencia-ambiental\/\">Semin\u00e1rio em Ci\u00eancia Ambiental<\/a><\/p>\n<p>&nbsp;<\/td>\n<td style=\"width: 15%;\" width=\"24%\">Simone\/Fernando<\/td>\n<td style=\"width: 32%;\" width=\"22%\">Cotada Sala 313A a ser definida<\/td>\n<td style=\"width: 23%;\" width=\"27%\">\n<p>Ter\u00e7a<\/p>\n<p>14h<\/td>\n<\/tr>\n<\/tbody>\n<\/table>\n<p>***O sistema n\u00e3o permite o cadastro de duas disciplinas no mesmo hor\u00e1rio e nem disciplinas concentradas<\/p>\n<p>**Podem ocorrer ajustes que ser\u00e3o combinados com os alunos em aula<\/p>\n<p>&nbsp;<\/p>\n<h1>Pr\u00e9via dos hor\u00e1rios do primeiro semestre de 2024<\/h1>\n<p>&nbsp;<\/p>\n<table style=\"height: 486px; width: 446px; border-style: groove; border-color: #64bd71; background-color: #f5faf5;\">\n<caption>\u00a0<\/caption>\n<tbody>\n<tr style=\"height: 54px;\">\n<td style=\"width: 437.6px; height: 54px;\" colspan=\"2\"><strong>Primeiro Semestre<\/strong><\/td>\n<\/tr>\n<tr style=\"height: 54px;\">\n<td style=\"width: 101.8px; height: 54px;\">11\/03\/2024<\/td>\n<td style=\"width: 330.6px; height: 54px;\">In\u00edcio do semestre<\/td>\n<\/tr>\n<tr style=\"height: 54px;\">\n<td style=\"width: 101.8px; height: 54px;\">12\/03\/2024<\/td>\n<td style=\"width: 330.6px; height: 54px;\">Aula de Abertura*<\/td>\n<\/tr>\n<tr style=\"height: 54px;\">\n<td style=\"width: 101.8px; height: 54px;\">24\/03\/2024<\/td>\n<td style=\"width: 330.6px; height: 54px;\">F\u00e9rias<\/td>\n<\/tr>\n<tr style=\"height: 54px;\">\n<td style=\"width: 101.8px; height: 54px;\">15\/04\/2024<\/td>\n<td style=\"width: 330.6px; height: 54px;\">Retorno das F\u00e9rias<\/td>\n<\/tr>\n<tr>\n<td style=\"width: 101.8px;\">15\/04\/2024<\/td>\n<td style=\"width: 330.6px;\">In\u00edcio das disciplinas em regime regular<\/td>\n<\/tr>\n<tr style=\"height: 54px;\">\n<td style=\"width: 101.8px; height: 54px;\">20\/07\/2024<\/td>\n<td style=\"width: 330.6px; height: 54px;\">Fim do semestre<\/td>\n<\/tr>\n<tr style=\"height: 54px;\">\n<td style=\"width: 437.6px; height: 54px;\" colspan=\"2\"><strong>Segundo Semestre<\/strong><\/td>\n<\/tr>\n<tr style=\"height: 54px;\">\n<td style=\"width: 101.8px; height: 54px;\">26\/08\/2024<\/td>\n<td style=\"width: 330.6px; height: 54px;\">In\u00edcio do semestre<\/td>\n<\/tr>\n<tr style=\"height: 54px;\">\n<td style=\"width: 101.8px; height: 54px;\">14\/12\/2024<\/td>\n<td style=\"width: 330.6px; height: 54px;\">Fim do semestre<\/td>\n<\/tr>\n<\/tbody>\n<\/table>\n<p>* Para todos os alunos<\/p>\n<p>&nbsp;<\/p>\n<h1><span style=\"color: #800000;\">Disciplinas em Regime normal<\/span><\/h1>\n<table style=\"height: 776px;\" width=\"100%\">\n<tbody>\n<tr style=\"height: 24px;\">\n<td style=\"height: 24px; width: 19%;\" width=\"19%\">Disciplina<\/td>\n<td style=\"height: 24px; width: 23%;\" width=\"23%\">Professor<\/td>\n<td style=\"width: 10.5%;\">Local<\/td>\n<td style=\"height: 24px; width: 10.5%;\" width=\"21%\">Hor\u00e1rio de AULA<\/td>\n<td style=\"height: 24px; width: 13%;\" width=\"13%\">Vagas especiais<\/td>\n<td style=\"height: 24px; width: 22%;\" width=\"22%\">Vagas regulares<\/td>\n<\/tr>\n<tr style=\"height: 131px;\">\n<td style=\"height: 131px; width: 19%;\" width=\"19%\">Materiais Vegetais Sustent\u00e1veis<\/td>\n<td style=\"height: 131px; width: 23%;\" width=\"23%\">Andr\u00e9 Missio\/Rafael Delucis<\/td>\n<td style=\"width: 10.5%;\">\n<p>Anglo<\/p>\n<p>Sala da P\u00f3s em Materiais<\/td>\n<td style=\"height: 131px; width: 10.5%;\" width=\"21%\">\n<p>Quarta-feira<\/p>\n<p>10h \u00e0s 11h40min<\/p>\n<p>&nbsp;<\/td>\n<td style=\"height: 131px; width: 13%;\" width=\"13%\">2<\/td>\n<td style=\"height: 131px; width: 22%;\" width=\"22%\">10<\/td>\n<\/tr>\n<tr style=\"height: 131px;\">\n<td style=\"height: 131px; width: 19%;\" width=\"19%\">Ci\u00eancia e Sustentabilidade da Madeira<\/td>\n<td style=\"height: 131px; width: 23%;\" width=\"23%\">Rafael Beltrame\/Darci Gatto<\/td>\n<td style=\"width: 10.5%;\">\n<p>Pr\u00e9dio da Madereira<\/p>\n<p>Sala Beltrame<\/td>\n<td style=\"height: 131px; width: 10.5%;\" width=\"21%\">\n<p>Quinta-feira<\/p>\n<p>8h \u00e0s 11h40min<\/p>\n<p>&nbsp;<\/td>\n<td style=\"height: 131px; width: 13%;\" width=\"13%\">5<\/td>\n<td style=\"height: 131px; width: 22%;\" width=\"22%\">10<\/td>\n<\/tr>\n<tr style=\"height: 92px;\">\n<td style=\"height: 92px; width: 19%;\" width=\"19%\">Avalia\u00e7\u00e3o de Impactos Ambientais<\/td>\n<td style=\"height: 92px; width: 23%;\" width=\"23%\">\n<p>Tirzah Siqueira<\/p>\n<p>&nbsp;<\/td>\n<td style=\"width: 10.5%;\">Cotada Sala 313A<\/td>\n<td style=\"height: 92px; width: 10.5%;\" width=\"21%\">\n<p>Quarta-feira<\/p>\n<p>14h<\/td>\n<td style=\"height: 92px; width: 13%;\" width=\"13%\">5<\/td>\n<td style=\"height: 92px; width: 22%;\" width=\"22%\">15<\/td>\n<\/tr>\n<tr style=\"height: 115px;\">\n<td style=\"height: 115px; width: 19%;\" width=\"19%\"><a href=\"https:\/\/wp.ufpel.edu.br\/ppgcamb\/disciplinas\/obrigatorias\/sustentabilidadegestaoambiental\/\" target=\"_blank\" rel=\"noopener\">Sustentabilidade e Gest\u00e3o Ambiental<\/a><\/td>\n<td style=\"height: 115px; width: 23%;\" width=\"23%\">\n<p>Andr\u00e9a Castro\/Diuliana Leandro\/Willian Nadaleti<\/p>\n<p>&nbsp;<\/td>\n<td style=\"width: 10.5%;\">Cotada Sala 313A<\/td>\n<td style=\"height: 115px; width: 10.5%;\" width=\"21%\">\n<p>Quinta-feira<\/p>\n<p>14h<\/td>\n<td style=\"height: 115px; width: 13%;\" width=\"13%\">0<\/td>\n<td style=\"height: 115px; width: 22%;\" width=\"22%\">20<\/td>\n<\/tr>\n<tr style=\"height: 96px;\">\n<td style=\"height: 96px; width: 19%;\" width=\"19%\">Processos oxidativos avan\u00e7ados sustent\u00e1veis para o tratamento de \u00e1gua<\/td>\n<td style=\"height: 96px; width: 23%;\" width=\"23%\">\n<p>C\u00edcero de Escobar<\/p>\n<p>&nbsp;<\/td>\n<td style=\"width: 10.5%;\">Cotada Sala 313A<\/td>\n<td style=\"height: 96px; width: 10.5%;\" width=\"21%\">\n<p>Ter\u00e7a-feira<\/p>\n<p>14h<\/td>\n<td style=\"height: 96px; width: 13%;\" width=\"13%\">5<\/td>\n<td style=\"height: 96px; width: 22%;\" width=\"22%\">10<\/td>\n<\/tr>\n<tr style=\"height: 72px;\">\n<td style=\"height: 72px; width: 19%;\" width=\"19%\">Gerenciamento e Tratamento de res\u00edduos s\u00f3lidos<\/td>\n<td style=\"height: 72px; width: 23%;\" width=\"23%\">\u00c9rico Kunde<\/td>\n<td style=\"width: 10.5%;\">Cotada Sala 313A<\/td>\n<td style=\"height: 72px; width: 10.5%;\" width=\"21%\">\n<p>Segunda-feira<\/p>\n<p>14h<\/td>\n<td style=\"height: 72px; width: 13%;\" width=\"13%\">5<\/td>\n<td style=\"height: 72px; width: 22%;\" width=\"22%\">15<\/td>\n<\/tr>\n<tr style=\"height: 115px;\">\n<td style=\"height: 115px; width: 19%;\" width=\"19%\">Recupera\u00e7\u00e3o de \u00c1reas degradadas<\/td>\n<td style=\"height: 115px; width: 23%;\" width=\"23%\">\n<p>Mar\u00edlia Lazarotto\/Robson Andreazza<\/p>\n<p>&nbsp;<\/td>\n<td style=\"width: 10.5%;\">Cotada Sala 313A<\/td>\n<td style=\"height: 115px; width: 10.5%;\" width=\"21%\">\n<p>Quarta-feira<\/p>\n<p>8h<\/td>\n<td style=\"height: 115px; width: 13%;\" width=\"13%\">2<\/td>\n<td style=\"height: 115px; width: 22%;\" width=\"22%\">13<\/td>\n<\/tr>\n<\/tbody>\n<\/table>\n<p>&nbsp;<\/p>\n<p>Anglo &#8211; Andar T\u00e9rreo &#8211; Campus Porto &#8211; Rua Gomes Carneiro, 01 &#8211; Centro, Pelotas &#8211; RS, Brasil<\/p>\n<p>MAdereira &#8211; Rua Conde de Porto Alegre, 793,\u00a0Pelotas, Rio Grande do Sul<\/p>\n<p>&nbsp;<\/p>\n<h1><span style=\"color: #800000;\">Disciplinas Concentradas<\/span><\/h1>\n<table width=\"100%\">\n<tbody>\n<tr>\n<td width=\"16%\">Disciplina<\/td>\n<td width=\"18%\">Professor<\/td>\n<td width=\"15%\">Hor\u00e1rio de AULA<\/td>\n<td width=\"21%\">Hor\u00e1rio de Cadastro no Cobalto**<\/td>\n<td width=\"14%\">Vagas especiais<\/td>\n<td width=\"14%\">Vagas regulares<\/td>\n<\/tr>\n<tr>\n<td width=\"16%\">Pesquisa Orientada<\/td>\n<td width=\"18%\">Luciara Corr\u00eaa\/Robson Andreazza<\/td>\n<td width=\"15%\">\n<p>Concentrada<\/p>\n<p>11 de mar\u00e7o a 19 de mar\u00e7o<\/p>\n<p>06 de maio<\/p>\n<p>20 de julho<\/p>\n<p>&nbsp;<\/td>\n<td width=\"21%\">\n<p>Segunda-feira<\/p>\n<p>14h ***<\/td>\n<td width=\"14%\">0<\/td>\n<td width=\"14%\">25<\/td>\n<\/tr>\n<tr>\n<td width=\"16%\">Tecnologias em Sistemas Energ\u00e9tico Ambientais e Engenharia Bioenerg\u00e9tica<\/td>\n<td width=\"18%\">Willian Nadaleti \/Bruno Vieira<\/td>\n<td width=\"15%\">\n<p>Concentrada de 11 mar\u00e7o a 22 mar\u00e7o<\/p>\n<p>8h ao 12h<\/td>\n<td width=\"21%\">\n<p>Sexta-feira<\/p>\n<p>8h***<\/td>\n<td width=\"14%\">5<\/td>\n<td width=\"14%\">15<\/td>\n<\/tr>\n<\/tbody>\n<\/table>\n<p>***O sistema n\u00e3o permite o cadastro de duas disciplinas no mesmo hor\u00e1rio e nem disciplinas concentradas<\/p>\n<p>**Podem ocorrer ajustes que ser\u00e3o combinados com os alunos em aula<\/p>\n","protected":false},"excerpt":{"rendered":"<p>Pr\u00e9via dos hor\u00e1rios do segundo semestre de 2024 Em constru\u00e7\u00e3o &#8230;. datas podem ser alteradas e outras disciplinas ainda entrarem na lista \u00a0 Segundo Semestre 09\/09\/2024 In\u00edcio do semestre 25\/09\/2024 Aula Tem\u00e1tica (obrigat\u00f3ria)* 23\/12\/2024 Fim do semestre *\u00a0Aula conjunta com outros programas que ocorrer\u00e1 no Teatro da FAEM, no Campus Cap\u00e3o do Le\u00e3o Disciplinas em [&hellip;]<\/p>\n","protected":false},"author":707,"featured_media":0,"parent":0,"menu_order":0,"comment_status":"closed","ping_status":"closed","template":"","meta":{"footnotes":""},"class_list":["post-5240","page","type-page","status-publish","hentry"],"_links":{"self":[{"href":"https:\/\/wp.ufpel.edu.br\/ppgcamb\/wp-json\/wp\/v2\/pages\/5240","targetHints":{"allow":["GET"]}}],"collection":[{"href":"https:\/\/wp.ufpel.edu.br\/ppgcamb\/wp-json\/wp\/v2\/pages"}],"about":[{"href":"https:\/\/wp.ufpel.edu.br\/ppgcamb\/wp-json\/wp\/v2\/types\/page"}],"author":[{"embeddable":true,"href":"https:\/\/wp.ufpel.edu.br\/ppgcamb\/wp-json\/wp\/v2\/users\/707"}],"replies":[{"embeddable":true,"href":"https:\/\/wp.ufpel.edu.br\/ppgcamb\/wp-json\/wp\/v2\/comments?post=5240"}],"version-history":[{"count":23,"href":"https:\/\/wp.ufpel.edu.br\/ppgcamb\/wp-json\/wp\/v2\/pages\/5240\/revisions"}],"predecessor-version":[{"id":5582,"href":"https:\/\/wp.ufpel.edu.br\/ppgcamb\/wp-json\/wp\/v2\/pages\/5240\/revisions\/5582"}],"wp:attachment":[{"href":"https:\/\/wp.ufpel.edu.br\/ppgcamb\/wp-json\/wp\/v2\/media?parent=5240"}],"curies":[{"name":"wp","href":"https:\/\/api.w.org\/{rel}","templated":true}]}}