{"id":1556,"date":"2019-12-11T19:26:54","date_gmt":"2019-12-11T22:26:54","guid":{"rendered":"https:\/\/wp.ufpel.edu.br\/ppgcamb\/?page_id=1556"},"modified":"2024-11-22T16:09:55","modified_gmt":"2024-11-22T19:09:55","slug":"2020-2","status":"publish","type":"page","link":"https:\/\/wp.ufpel.edu.br\/ppgcamb\/2020-2\/","title":{"rendered":"2020"},"content":{"rendered":"<p><span style=\"color: #993366;\"><strong>\u00a0<\/strong><\/span><span style=\"color: #993366;\"><strong>EDITAL 02\/2020 &#8211; CREDENCIAMENTO DE DOCENTES NO PPGCAmb<\/strong><\/span><\/p>\n<p><a href=\"https:\/\/wp.ufpel.edu.br\/ppgcamb\/files\/2020\/08\/Edital-de-credenciamento-Prof.-PPGCAmb-2020.pdf\">Edital de credenciamento Prof. PPGCAmb \u2013 2020<\/a><\/p>\n<p>&nbsp;<\/p>\n<p><span style=\"color: #993366;\"><strong>HOMOLOGA\u00c7\u00c3O DAS INSCRI\u00c7\u00d5ES<\/strong><\/span><\/p>\n<p>Andr\u00e9 Luiz Missio;<\/p>\n<p>C\u00edcero Coelho de Escobar;<\/p>\n<p>Everton Anger Cavalheiro;<\/p>\n<p>Fernando Machado Machado;<\/p>\n<p>Fl\u00e1vio Manoel Rodrigues da Silva J\u00fanior;<\/p>\n<p>Larissa Medianeira Bolzan;<\/p>\n<p>Mar\u00edlia Lazarotto;<\/p>\n<p>Rafael de \u00c1vila Delucis.<\/p>\n<p>&nbsp;<\/p>\n<ul>\n<li><span style=\"color: #993366;\"><strong>ALUNO ESPECIAL<\/strong><\/span><\/li>\n<\/ul>\n<p><span style=\"font-family: georgia, palatino, serif;\"><b>Sele\u00e7\u00e3o<\/b> para ingresso como aluno especial no curso <b>de<\/b>\u00a0<b>Mestrado Strito sensu em Ci\u00eancias Ambientais para o segundo semestre de 2020 &#8211; Modalidade on-line. <\/b><\/span><\/p>\n<p><span style=\"font-family: georgia, palatino, serif;\">Acesse o edital para maiores informa\u00e7\u00f5es.<\/span><\/p>\n<p><a href=\"https:\/\/wp.ufpel.edu.br\/ppgcamb\/files\/2020\/09\/Edital-2020-2-SEI_UFPel-1036751-Edital-de-selecao-PRPPGI-1.pdf\">Edital Aluno Especial 2020.2<\/a><\/p>\n<p><a href=\"https:\/\/wp.ufpel.edu.br\/ppgcamb\/files\/2019\/12\/formul\u00e1rio-de-inscri\u00e7\u00e3o-processo-seletivo.pdf\">A<\/a><a href=\"https:\/\/wp.ufpel.edu.br\/ppgcamb\/files\/2019\/12\/formul\u00e1rio-de-inscri\u00e7\u00e3o-processo-seletivo.pdf\">nexo 1<\/a><\/p>\n<p>&nbsp;<\/p>\n<p style=\"text-align: center;\"><strong>Edital de bolsas 2020<\/strong><\/p>\n<p><a href=\"https:\/\/wp.ufpel.edu.br\/ppgcamb\/files\/2020\/03\/SEI_UFPel-0891100-PRPPGI-Minuta-Edital-de-Sele\u00e7\u00e3o.pdf\">SEI_UFPel &#8211; 0891100 &#8211; PRPPGI Minuta Edital de Sele\u00e7\u00e3o<\/a><\/p>\n<p><strong>Resultado do Edital de bolsas 01\/20<\/strong><\/p>\n<p class=\"Texto_Justificado\">1o. Guilherme Pereira Schoeler<\/p>\n<p class=\"Texto_Justificado\">2o.\u00a0Lilian de Queir\u00f3z Firmino<\/p>\n<p class=\"Texto_Justificado\">3o.\u00a0Thales Castilhos de Freitas<\/p>\n<p class=\"Texto_Justificado\">4o. Aryane Ara\u00fajo Rodrigues<\/p>\n<p class=\"Texto_Justificado\">5o. Lucas Wachholz Romano<\/p>\n<p class=\"Texto_Justificado\">6o. Luiza Beatriz Ara\u00fajo Morselli<\/p>\n<p class=\"Texto_Justificado\">7o. Juliano Moreira Schuch<\/p>\n<p class=\"Texto_Justificado\">8o. Raquel Le\u00e3o Santos<\/p>\n<p class=\"Texto_Justificado\">9o. Gabriela Tombini Ponzi<\/p>\n<p>&nbsp;<\/p>\n<p>&nbsp;<\/p>\n<p><span style=\"color: #ff0000;\">IMPORTANTE: novas erratas nos Editais<\/span><\/p>\n<p>&nbsp;<\/p>\n<ul>\n<li><span style=\"color: #993366;\"><strong>ALUNO ESPECIAL<\/strong><\/span><\/li>\n<\/ul>\n<p><span style=\"font-family: georgia, palatino, serif;\"><b>Sele\u00e7\u00e3o<\/b> para ingresso como aluno especial no curso <b>de<\/b>\u00a0<b>Mestrado Strito sensu em Ci\u00eancias Ambientais para o primeiro semestre de 2020.\u00a0<\/b>Acesse o edital para maiores informa\u00e7\u00f5es.<\/span><\/p>\n<p><a href=\"https:\/\/wp.ufpel.edu.br\/ppgcamb\/files\/2019\/12\/Edital-Aluno-Especial-PPGCAmb.pdf\">Edital Aluno Especial 2020.1<\/a><\/p>\n<p style=\"text-align: justify;\"><span style=\"color: #ff0000;\">Errata: <\/span><\/p>\n<ul>\n<li style=\"text-align: justify;\"><span style=\"color: #ff0000;\">Onde se l\u00ea &#8220;2. Os interessados em cursar disciplinas obrigat\u00f3rias e\/ou optativas, como aluno especial do Programa de P\u00f3s-Gradua\u00e7\u00e3o em Ci\u00eancias Ambientais, poder\u00e3o solicitar inscri\u00e7\u00e3o em 2 disciplina (s) oferecidas no 1\u00ba semestre de 2019&#8221;; leia-se &#8220;2. Os interessados em cursar disciplinas obrigat\u00f3rias e\/ou optativas, como aluno especial do Programa de P\u00f3s-Gradua\u00e7\u00e3o em Ci\u00eancias Ambientais, poder\u00e3o solicitar inscri\u00e7\u00e3o em 2 disciplina (s) oferecidas no 1\u00ba semestre de 2020&#8221;<\/span><\/li>\n<li style=\"text-align: justify;\"><span style=\"color: #ff0000;\">No item &#8220;A solicita\u00e7\u00e3o de isen\u00e7\u00e3o da inscri\u00e7\u00e3o pode ser feita atrav\u00e9s do formul\u00e1rio espec\u00edfico fornecido pela PRPPGI e apreciado at\u00e9 o dia 20 de Janeiro de 2020&#8221;, <strong>leia-se:<\/strong>\u00a0\u00a0&#8220;Estar\u00e3o isentos do pagamento da taxa, os(as) candidatos(as) inscritos no Cadastro \u00danico para Programas Sociais do Governo Federal (Cad\u00danico) de que trata o Decreto n\u00ba 6.135, de 26 de junho de 2007, mediante o envio do comprovante no momento da inscri\u00e7\u00e3o.\u00a0O PPGCamb\u00a0verificar\u00e1 a veracidade das informa\u00e7\u00f5es junto ao \u00f3rg\u00e3o gestor do Cad\u00danico. Sendo assim, informa\u00e7\u00e3o falsa poder\u00e1 resultar em anula\u00e7\u00e3o da inscri\u00e7\u00e3o&#8221;.<\/span><\/li>\n<\/ul>\n<p>&nbsp;<\/p>\n<ul>\n<li><span style=\"color: #993366;\"><strong>ALUNO REGULAR<\/strong><\/span><\/li>\n<\/ul>\n<p><span style=\"font-family: georgia, palatino, serif;\">A Universidade Federal de Pelotas torna p\u00fablica a <b>sele\u00e7\u00e3o<\/b> para ingresso no curso <b>de<\/b>\u00a0<b>Mestrado Strito sensu em Ci\u00eancias Ambientais para o primeiro semestre de 2020.\u00a0<\/b>Acesse o edital para maiores informa\u00e7\u00f5es.<\/span><\/p>\n<p><a href=\"https:\/\/wp.ufpel.edu.br\/ppgcamb\/files\/2019\/12\/Edital-Alunos-Regulares-2020.1-SEI_23110.050742_2019_52.pdf\">Edital Alunos Regulares 2020.1\u00a0<\/a><\/p>\n<p><a href=\"https:\/\/wp.ufpel.edu.br\/ppgcamb\/files\/2019\/12\/formul\u00e1rio-de-inscri\u00e7\u00e3o-processo-seletivo.pdf\">Anexo 1<\/a><\/p>\n<p><a href=\"https:\/\/wp.ufpel.edu.br\/ppgcamb\/files\/2020\/01\/certo.pdf\">Anexo 2<\/a><\/p>\n<p><a href=\"https:\/\/wp.ufpel.edu.br\/ppgcamb\/files\/2019\/12\/Anexo-3-Prova-escrita-2020_1_.pdf\">Anexo 3<\/a><\/p>\n<p><span style=\"font-family: georgia, palatino, serif;\"><a href=\"https:\/\/wp.ufpel.edu.br\/ppgcamb\/files\/2019\/12\/Projeto-de-Mestrado.doc\">Projeto de Mestrado<\/a><\/span><\/p>\n<p><span style=\"color: #ff0000;\">Errata Edital Alunos Regulares 2020.1: <\/span><\/p>\n<ul>\n<li style=\"text-align: justify;\"><span style=\"color: #ff0000;\">No item onde se l\u00ea<\/span><span style=\"color: #ff0000;\">&#8221; l) Memorial Descritivo no qual o candidato dever\u00e1 apresentar suas experi\u00eancias profissionais e acad\u00eamicas, justificando a escolha do Programa e indicando os interesses te\u00f3ricos e tem\u00e1ticos que determinaram a op\u00e7\u00e3o feita pela Linha de Pesquisa e\/ou \u00c1rea de Concentra\u00e7\u00e3o do Programa (at\u00e9 sete p\u00e1ginas digitadas em espa\u00e7o dois, fonte Times New Roman, corpo 12, em papel A4, margens 2,5 cm).&#8221; deve-se desconsiderar esse item, o Programa n\u00e3o exige Memorial Descritivo.<\/span><\/li>\n<li style=\"text-align: justify;\"><span style=\"color: #ff0000;\">No item\u00a0 onde l\u00ea-se &#8220;3. Os candidatos dever\u00e3o encaminhar as documenta\u00e7\u00f5es \u00e0 Secretaria do Programa (ppgcamb@gmail.com) at\u00e9 \u00e0s 23:59 horas (fuso hor\u00e1rio de Bras\u00edlia) do dia 31 de Janeiro de 2020. N\u00e3o ser\u00e3o aceitas as inscri\u00e7\u00f5es enviadas ap\u00f3s essa data.&#8221;, leia-se Os candidatos dever\u00e3o encaminhar as documenta\u00e7\u00f5es \u00e0 Secretaria do Programa (ppgcamb@gmail.com) at\u00e9 \u00e0s 23:59 horas (fuso hor\u00e1rio de Bras\u00edlia) do dia 31 de Janeiro de 2020. Ou puderem comparecer pessoalmente \u00e0 Secretaria do Programa apresentando toda a documenta\u00e7\u00e3o entre 8h e 12h, Secretaria do Programa de P\u00f3s Gradua\u00e7\u00e3o em Ci\u00eancias Ambientais, Pr\u00e9dio Cotada, na Rua Benjamin Constant, n\u00ba 989, sala 308 ou 309 \u2013 3\u00ba andar \u2013 Porto.\u00a0 N\u00e3o ser\u00e3o aceitas as inscri\u00e7\u00f5es enviadas ap\u00f3s essa data.&#8221;<\/span><\/li>\n<li style=\"text-align: justify;\"><span style=\"color: #ff0000;\">No item &#8220;n) A solicita\u00e7\u00e3o de isen\u00e7\u00e3o da inscri\u00e7\u00e3o pode ser feita atrav\u00e9s do formul\u00e1rio espec\u00edfico fornecido pela PRPPGI e apreciado at\u00e9 o dia 20 de Janeiro de 2020&#8221;, <strong>leia-se:<\/strong>\u00a0\u00a0&#8220;Estar\u00e3o isentos do pagamento da taxa, os(as) candidatos(as) inscritos no Cadastro \u00danico para Programas Sociais do Governo Federal (Cad\u00danico) de que trata o Decreto n\u00ba 6.135, de 26 de junho de 2007, mediante o envio do comprovante no momento da inscri\u00e7\u00e3o.\u00a0O PPGCamb\u00a0verificar\u00e1 a veracidade das informa\u00e7\u00f5es junto ao \u00f3rg\u00e3o gestor do Cad\u00danico. Sendo assim, informa\u00e7\u00e3o falsa poder\u00e1 resultar em anula\u00e7\u00e3o da inscri\u00e7\u00e3o&#8221;.<\/span><\/li>\n<\/ul>\n","protected":false},"excerpt":{"rendered":"<p>\u00a0EDITAL 02\/2020 &#8211; CREDENCIAMENTO DE DOCENTES NO PPGCAmb Edital de credenciamento Prof. PPGCAmb \u2013 2020 &nbsp; HOMOLOGA\u00c7\u00c3O DAS INSCRI\u00c7\u00d5ES Andr\u00e9 Luiz Missio; C\u00edcero Coelho de Escobar; Everton Anger Cavalheiro; Fernando Machado Machado; Fl\u00e1vio Manoel Rodrigues da Silva J\u00fanior; Larissa Medianeira Bolzan; Mar\u00edlia Lazarotto; Rafael de \u00c1vila Delucis. &nbsp; ALUNO ESPECIAL Sele\u00e7\u00e3o para ingresso como aluno [&hellip;]<\/p>\n","protected":false},"author":707,"featured_media":0,"parent":0,"menu_order":0,"comment_status":"closed","ping_status":"closed","template":"","meta":{"footnotes":""},"class_list":["post-1556","page","type-page","status-publish","hentry"],"_links":{"self":[{"href":"https:\/\/wp.ufpel.edu.br\/ppgcamb\/wp-json\/wp\/v2\/pages\/1556","targetHints":{"allow":["GET"]}}],"collection":[{"href":"https:\/\/wp.ufpel.edu.br\/ppgcamb\/wp-json\/wp\/v2\/pages"}],"about":[{"href":"https:\/\/wp.ufpel.edu.br\/ppgcamb\/wp-json\/wp\/v2\/types\/page"}],"author":[{"embeddable":true,"href":"https:\/\/wp.ufpel.edu.br\/ppgcamb\/wp-json\/wp\/v2\/users\/707"}],"replies":[{"embeddable":true,"href":"https:\/\/wp.ufpel.edu.br\/ppgcamb\/wp-json\/wp\/v2\/comments?post=1556"}],"version-history":[{"count":23,"href":"https:\/\/wp.ufpel.edu.br\/ppgcamb\/wp-json\/wp\/v2\/pages\/1556\/revisions"}],"predecessor-version":[{"id":5654,"href":"https:\/\/wp.ufpel.edu.br\/ppgcamb\/wp-json\/wp\/v2\/pages\/1556\/revisions\/5654"}],"wp:attachment":[{"href":"https:\/\/wp.ufpel.edu.br\/ppgcamb\/wp-json\/wp\/v2\/media?parent=1556"}],"curies":[{"name":"wp","href":"https:\/\/api.w.org\/{rel}","templated":true}]}}