{"id":1062,"date":"2019-05-02T18:16:14","date_gmt":"2019-05-02T21:16:14","guid":{"rendered":"https:\/\/wp.ufpel.edu.br\/ppgcamb\/?page_id=1062"},"modified":"2026-01-20T10:32:42","modified_gmt":"2026-01-20T13:32:42","slug":"formularios","status":"publish","type":"page","link":"https:\/\/wp.ufpel.edu.br\/ppgcamb\/formularios\/","title":{"rendered":"Formul\u00e1rios"},"content":{"rendered":"<div>\n<h2><a href=\"https:\/\/wp.ufpel.edu.br\/ppgcamb\/orientacoes-para-as-defesas-e-qualificacoes-do-ppgamb\/\">Orienta\u00e7\u00f5es para as defesas e qualifica\u00e7\u00f5es do PPGAmb<\/a><\/h2>\n<h2><a href=\"https:\/\/wp.ufpel.edu.br\/ppgcamb\/para-obtencao-do-grau-de-mestre\/\" target=\"_blank\" rel=\"noopener\">Para obten\u00e7\u00e3o do grau de Mestre<\/a><\/h2>\n<h2><a href=\"https:\/\/wp.ufpel.edu.br\/ppgcamb\/estagio-de-docencia-orientada\/\" target=\"_blank\" rel=\"noopener\">Orienta\u00e7\u00f5es Est\u00e1gio de Doc\u00eancia Orientada<\/a><\/h2>\n<div class=\"content_header corFundo\"><\/div>\n<h2><span style=\"color: #ff0000;\"><strong>ORIENTA\u00c7\u00d5ES\u00a0<\/strong><\/span><\/h2>\n<p><a href=\"https:\/\/wp.ufpel.edu.br\/ppgcamb\/files\/2023\/08\/coorientacao.docx\">Solicita\u00e7\u00e3o de coorienta\u00e7\u00e3o<\/a><\/p>\n<p><a href=\"https:\/\/wp.ufpel.edu.br\/ppgcamb\/estagio-de-docencia-orientada\/\" target=\"_blank\" rel=\"noopener\">Est\u00e1gio de Doc\u00eancia Obrigat\u00f3ria<\/a><\/p>\n<p><a href=\"https:\/\/wp.ufpel.edu.br\/ppgcamb\/orientacoes-para-as-defesas-e-qualificacoes-do-ppgamb\/\" target=\"_blank\" rel=\"noopener\">Defesas e qualifica\u00e7\u00f5es<\/a><\/p>\n<\/div>\n<p><a href=\"https:\/\/wp.ufpel.edu.br\/ppgcamb\/para-obtencao-do-grau-de-mestre\/\" target=\"_blank\" rel=\"noopener\">Para obten\u00e7\u00e3o do grau de mestre<\/a><\/p>\n<p><a href=\"https:\/\/wp.ufpel.edu.br\/ppgcamb\/files\/2024\/01\/MODELO-QUALIFICACAOatt.docx\">Modelo de Disserta\u00e7\u00e3o em formato de artigos<\/a><\/p>\n<p><a href=\"https:\/\/wp.ufpel.edu.br\/ppgcamb\/files\/2024\/07\/Manual-versao-final-novembro-1.pdf\">Manual para disserta\u00e7\u00e3o<\/a><\/p>\n<p><a href=\"https:\/\/wp.ufpel.edu.br\/ppgcamb\/files\/2024\/07\/Capa_Paginas_pre_e_pos-textuais_atualizado.docx\">Template da Disserta\u00e7\u00e3o &#8211; Capa_Paginas_pre_e_pos-textuais_atualizado<\/a><\/p>\n<p><a href=\"https:\/\/wp.ufpel.edu.br\/ppgcamb\/aproveitamento-de-disciplinas\/\">Aproveitamento de Disciplinas<\/a><\/p>\n<p>&nbsp;<\/p>\n<h2><span style=\"color: #ff0000;\"><strong>FORMUL\u00c1RIOS<\/strong><\/span><\/h2>\n<div>\n<p>Modelo Proposta de Pesquisa &#8211; Mestrado <a href=\"https:\/\/wp.ufpel.edu.br\/ppgcamb\/files\/2025\/06\/NomeCandidato_ano_semestre.docx\" target=\"_blank\" rel=\"noopener\">DOCX (Baixe aqui)<\/a><\/p>\n<p>Modelo Proposta de Pesquisa &#8211; Doutorado <a href=\"https:\/\/wp.ufpel.edu.br\/ppgcamb\/files\/2025\/06\/Modelo-Proposta-Doutorado_portugues.docx\" target=\"_blank\" rel=\"noopener\">DOCX (Baixe aqui)<\/a><\/p>\n<p>Requerimento de Inscri\u00e7\u00e3o (ANEXO 1)\u00a0<a href=\"https:\/\/wp.ufpel.edu.br\/ppgcamb\/files\/2025\/06\/formulario-de-inscricao-processo-seletivo.pdf\">PDF\u00a0<\/a><\/p>\n<p>Tabela de t\u00edtulos mestrado \u2013 Anexo 2 \u2013 Processo Seletivo <a href=\"https:\/\/wp.ufpel.edu.br\/ppgcamb\/files\/2025\/06\/Prova-de-titulos-2025-2.xlsx\" target=\"_blank\" rel=\"noopener\">XLSX<\/a> <a href=\"https:\/\/wp.ufpel.edu.br\/ppgcamb\/files\/2025\/06\/Prova-de-titulos-2025-2.pdf\" target=\"_blank\" rel=\"noopener\">PDF (baixe aqui)<\/a><\/p>\n<p><a href=\"https:\/\/wp.ufpel.edu.br\/ppgcamb\/files\/2026\/01\/Prova_de_titulos_doutorado.pdf\">Tabela de t\u00edtulos doutorado \u2013 Anexo 2 \u2013 Processo Seletivo PDF (baixe aqui)<\/a><\/p>\n<p><a href=\"https:\/\/wp.ufpel.edu.br\/ppgcamb\/files\/2021\/05\/Documento_1307994_Autodeclaracao_de_Identidade_de_Genero.pdf\">Autodeclara\u00e7\u00e3o de Identidade de G\u00eanero \u2013 Processo Seletivo<\/a><\/p>\n<p><a href=\"https:\/\/wp.ufpel.edu.br\/ppgcamb\/files\/2023\/09\/autodeclaracao-etnico-racial.pdf\">Autodeclara\u00e7\u00e3o etnico-racial \u2013 Processo Seletivo<\/a><\/p>\n<p>Formul\u00e1rio matr\u00edcula <a href=\"https:\/\/wp.ufpel.edu.br\/ppgcamb\/files\/2021\/07\/FORMULARIO-DE-MATRICULA.docx\">.DOC<\/a> <a href=\"https:\/\/wp.ufpel.edu.br\/ppgcamb\/files\/2021\/07\/FORMULARIO-DE-MATRICULA1.pdf\">.PDF<\/a><\/p>\n<p><a href=\"https:\/\/wp.ufpel.edu.br\/ppgcamb\/files\/2021\/11\/Modelo-de-Relatorio-de-atividades-Bolsistas.docx\">Relat\u00f3rio Semestral para bolsistas<\/a><\/p>\n<p><a href=\"https:\/\/wp.ufpel.edu.br\/ppgcamb\/files\/2018\/04\/plano-de-estudos-aluno-regular-atualizado.doc\">Plano de estudos aluno regular atualizado<\/a><\/p>\n<p><a href=\"https:\/\/wp.ufpel.edu.br\/ppgcamb\/files\/2018\/04\/Roteirobasico-para-Plano-de-Aula.doc\">Roteiro b\u00e1sico para Plano de Aula<\/a><\/p>\n<p><a href=\"https:\/\/wp.ufpel.edu.br\/ppgcamb\/files\/2018\/04\/relat%C3%B3rio-de-est%C3%A1gio-de-doc%C3%AAncia-orientada.doc\">Relat\u00f3rio de est\u00e1gio de doc\u00eancia orientada<\/a><\/p>\n<p><a href=\"https:\/\/wp.ufpel.edu.br\/ppgcamb\/files\/2018\/04\/modelo-estagio-de-docencia-orientada-1-1.doc\">Modelo est\u00e1gio de doc\u00eancia orientada<\/a><\/p>\n<p><a href=\"https:\/\/wp.ufpel.edu.br\/ppgcamb\/orientacoes-para-as-defesas-e-qualificacoes-do-ppgamb\/\">Orienta\u00e7\u00f5es para defesas e qualifica\u00e7\u00f5es<\/a><\/p>\n<p><a href=\"https:\/\/wp.ufpel.edu.br\/ppgcamb\/files\/2023\/08\/Dados-Banca-Defesa-.docx\">Dados-Banca-Defesa-<\/a><\/p>\n<p><a href=\"https:\/\/wp.ufpel.edu.br\/ppgcamb\/para-obtencao-do-grau-de-mestre\/\">Orienta\u00e7\u00e3o para titula\u00e7\u00e3o<\/a><\/p>\n<p><a href=\"https:\/\/wp.ufpel.edu.br\/ppgcamb\/files\/2025\/02\/coorientacao.docx\">Solicita\u00e7\u00e3o de Coorienta\u00e7\u00e3o<\/a><br \/>\n<a href=\"https:\/\/wp.ufpel.edu.br\/ppgcamb\/files\/2025\/02\/ORIENTACAO.docx\">Solicita\u00e7\u00e3o de Troca de Orientador<\/a><\/p>\n<p>&nbsp;<\/p>\n<\/div>\n<h1><span style=\"color: #ff0000;\">Modelo de Atestado<\/span><\/h1>\n<p><a href=\"https:\/\/wp.ufpel.edu.br\/ppgcamb\/files\/2023\/05\/modelo1.docx\">Modelo de Atestado<\/a><\/p>\n<p><a href=\"https:\/\/wp.ufpel.edu.br\/ppgcamb\/files\/2023\/05\/posdocedital.docx\" target=\"_blank\" rel=\"noopener\">P\u00f3s-Doc<\/a><\/p>\n<p>&nbsp;<\/p>\n<p>&nbsp;<\/p>\n<div><strong>Vers\u00e3o final da Disserta\u00e7\u00e3o<\/strong><\/div>\n<div><\/div>\n<div>Conforme <a href=\"https:\/\/wp.ufpel.edu.br\/ppgcamb\/files\/2016\/10\/Regimento-PPGCA-final.pdf\">Regimento<\/a> do PPGCAmb, art. 48 &#8211; devem ser entregues 2 c\u00f3pias da vers\u00e3o impressa + CD.<\/div>\n<div><strong>Por falta de espa\u00e7o f\u00edsico para guarda<\/strong>, solicitamos somente a entrega do CD.<\/div>\n<div><\/div>\n<div><a href=\"http:\/\/sisbi.ufpel.edu.br\/arquivos\/PDF\/Manual_Normas_UFPel_trabalhos_acad%C3%AAmicos.pdf\">Normas UFPel para trabalhos acad\u00eamicos<\/a> (modelo da capa do CD)<\/div>\n<div><\/div>\n<div>Entregar tamb\u00e9m o <a href=\"https:\/\/wp.ufpel.edu.br\/bibcp\/files\/2021\/03\/Termo-de-autorizacao-para-inserir-teses-e-dissertacoes-nas-bases-de-dados-da-UFPel-e-IBICT-Novo.pdf\">Termo da Biblioteca<\/a> de autoriza\u00e7\u00e3o para teses e disserta\u00e7\u00f5es.<\/div>\n","protected":false},"excerpt":{"rendered":"<p>Orienta\u00e7\u00f5es para as defesas e qualifica\u00e7\u00f5es do PPGAmb Para obten\u00e7\u00e3o do grau de Mestre Orienta\u00e7\u00f5es Est\u00e1gio de Doc\u00eancia Orientada ORIENTA\u00c7\u00d5ES\u00a0 Solicita\u00e7\u00e3o de coorienta\u00e7\u00e3o Est\u00e1gio de Doc\u00eancia Obrigat\u00f3ria Defesas e qualifica\u00e7\u00f5es Para obten\u00e7\u00e3o do grau de mestre Modelo de Disserta\u00e7\u00e3o em formato de artigos Manual para disserta\u00e7\u00e3o Template da Disserta\u00e7\u00e3o &#8211; Capa_Paginas_pre_e_pos-textuais_atualizado Aproveitamento de Disciplinas &nbsp; [&hellip;]<\/p>\n","protected":false},"author":707,"featured_media":0,"parent":0,"menu_order":0,"comment_status":"closed","ping_status":"closed","template":"","meta":{"footnotes":""},"class_list":["post-1062","page","type-page","status-publish","hentry"],"_links":{"self":[{"href":"https:\/\/wp.ufpel.edu.br\/ppgcamb\/wp-json\/wp\/v2\/pages\/1062","targetHints":{"allow":["GET"]}}],"collection":[{"href":"https:\/\/wp.ufpel.edu.br\/ppgcamb\/wp-json\/wp\/v2\/pages"}],"about":[{"href":"https:\/\/wp.ufpel.edu.br\/ppgcamb\/wp-json\/wp\/v2\/types\/page"}],"author":[{"embeddable":true,"href":"https:\/\/wp.ufpel.edu.br\/ppgcamb\/wp-json\/wp\/v2\/users\/707"}],"replies":[{"embeddable":true,"href":"https:\/\/wp.ufpel.edu.br\/ppgcamb\/wp-json\/wp\/v2\/comments?post=1062"}],"version-history":[{"count":4,"href":"https:\/\/wp.ufpel.edu.br\/ppgcamb\/wp-json\/wp\/v2\/pages\/1062\/revisions"}],"predecessor-version":[{"id":6704,"href":"https:\/\/wp.ufpel.edu.br\/ppgcamb\/wp-json\/wp\/v2\/pages\/1062\/revisions\/6704"}],"wp:attachment":[{"href":"https:\/\/wp.ufpel.edu.br\/ppgcamb\/wp-json\/wp\/v2\/media?parent=1062"}],"curies":[{"name":"wp","href":"https:\/\/api.w.org\/{rel}","templated":true}]}}