{"id":827,"date":"2017-04-20T11:25:54","date_gmt":"2017-04-20T14:25:54","guid":{"rendered":"https:\/\/wp.ufpel.edu.br\/ppgbiotec\/?page_id=827"},"modified":"2026-03-27T14:42:45","modified_gmt":"2026-03-27T17:42:45","slug":"doutorado-estagio-sanduiche","status":"publish","type":"page","link":"https:\/\/wp.ufpel.edu.br\/ppgbiotec\/internacionalizacao\/doutorado-estagio-sanduiche\/","title":{"rendered":"Doutorado\/Est\u00e1gio Sandu\u00edche"},"content":{"rendered":"<p><span style=\"color: #000000; font-family: georgia, palatino, serif;\"><strong><span style=\"font-size: 12pt;\">Ano 2026<\/span><\/strong><\/span><\/p>\n<p><span class=\"fontstyle0\" style=\"font-family: georgia, palatino, serif; color: #000000;\">1- <strong>Ruti\u00e9le Silveira<\/strong><\/span><\/p>\n<p><span style=\"color: #000000; font-family: georgia, palatino, serif; font-size: 12pt;\">Doutorado com per\u00edodo sandu\u00edche na\u00a0<span class=\"fontstyle0\">University of Minnesota<\/span> &#8211; EUA &#8211; CAPES\/PDSE<\/span><\/p>\n<p><span class=\"fontstyle0\" style=\"font-family: georgia, palatino, serif; color: #000000;\">Per\u00edodo: 01\/02\/2026 a 31\/07\/2026<\/span><\/p>\n<p><span style=\"font-family: georgia, palatino, serif; color: #000000;\">Coorientador(a) estrangeiro(a): Prof. <span class=\"fontstyle0\">Dr. Luciano Caixeta<\/span>\u00a0<\/span><\/p>\n<p><span style=\"font-family: georgia, palatino, serif; color: #000000;\">Orientador(a): Prof. Dr. Marcio Nunes Corr\u00eaa<\/span><\/p>\n<p>&nbsp;<\/p>\n<p><span style=\"font-family: georgia, palatino, serif; color: #000000;\">2- <strong><span class=\"fontstyle0\">Lucas Petitemberte de Souza<\/span>\u00a0<\/strong><\/span><\/p>\n<p><span style=\"font-family: georgia, palatino, serif; color: #000000;\"> <span style=\"font-size: 12pt;\">Doutorado com per\u00edodo sandu\u00edche na <\/span><span class=\"fontstyle0\">Universitat de Girona &#8211; Espanha &#8211; CAPES\/PDSE<\/span><\/span><\/p>\n<p><span class=\"fontstyle0\" style=\"font-family: georgia, palatino, serif; color: #000000;\">Per\u00edodo: 01\/02\/2026 a 31\/07\/2026<\/span><\/p>\n<p><span style=\"font-family: georgia, palatino, serif; color: #000000;\">Coorientador(a) estrangeiro(a): Prof. Dr. Marc Yeste<\/span><\/p>\n<p><span style=\"font-family: georgia, palatino, serif; color: #000000;\">Orientador(a): Prof. Dr. Vinicius Farias Campos<\/span><\/p>\n<hr \/>\n<p><span style=\"color: #000000; font-family: georgia, palatino, serif;\"><strong><span style=\"font-size: 12pt;\">Ano 2025<\/span><\/strong><\/span><\/p>\n<p><span style=\"color: #000000; font-family: georgia, palatino, serif;\"><strong><span style=\"font-size: 12pt;\">1- Michelle Dias Hornes da Rosa<\/span><\/strong><\/span><\/p>\n<p><span style=\"color: #000000; font-family: georgia, palatino, serif; font-size: 12pt;\">Doutorado com per\u00edodo sandu\u00edche em Universidade de Guelph &#8211; Canad\u00e1 &#8211; CAPES\/PDSE<\/span><\/p>\n<p><span style=\"font-family: georgia, palatino, serif; color: #000000;\">Per\u00edodo: 01\/01\/2025 a 30\/06\/2025<\/span><\/p>\n<p><span style=\"color: #000000; font-family: georgia, palatino, serif; font-size: 12pt;\">Coorientador(a) estrangeiro(a): Prof. Ph.D. Loong-Tak Lim<\/span><\/p>\n<p><span style=\"color: #000000; font-family: georgia, palatino, serif; font-size: 12pt;\">Orientador(a): Prof. Dr. Claudio Martin Pereira de Pereira<\/span><\/p>\n<p>&nbsp;<\/p>\n<p><span style=\"font-family: georgia, palatino, serif; color: #000000;\">2- <strong><span class=\"fontstyle0\">Renata Wolf Su\u00f1\u00e9 Martins da Silva<\/span>\u00a0<\/strong><\/span><\/p>\n<p><span style=\"color: #000000; font-family: georgia, palatino, serif; font-size: 12pt;\">Doutorado com per\u00edodo sandu\u00edche na <span class=\"fontstyle0\">Texas A&amp;M University<\/span> &#8211; EUA &#8211; sem bolsa<\/span><\/p>\n<p><span style=\"font-family: georgia, palatino, serif; color: #000000;\">Per\u00edodo: 01\/01\/2025 a 30\/06\/2025<\/span><\/p>\n<p><span style=\"color: #000000; font-family: georgia, palatino, serif; font-size: 12pt;\">Coorientador(a) estrangeiro(a): Prof. <span class=\"fontstyle0\">Dr. Reinaldo Cooke<\/span><\/span><\/p>\n<p><span class=\"fontstyle0\" style=\"font-family: georgia, palatino, serif; color: #000000;\"><span style=\"font-size: 12pt;\">Orientador(a): Prof. <\/span>Dr. M\u00e1rcio Nunes Corr\u00eaa<\/span><\/p>\n<p>&nbsp;<\/p>\n<p><span style=\"font-family: georgia, palatino, serif; color: #000000;\">3- <strong>Luana Carla Salvi<\/strong><\/span><\/p>\n<p><span class=\"fontstyle0\" style=\"font-family: georgia, palatino, serif; color: #000000;\">Doutorado com per\u00edodo sandu\u00edche na Universidade de Radboud University Nijmegen &#8211; Holanda &#8211; CNPq<\/span><\/p>\n<p><span class=\"fontstyle0\" style=\"font-family: georgia, palatino, serif; color: #000000;\">Per\u00edodo: 01\/04\/2025 a 31\/12\/2025<\/span><\/p>\n<p><span style=\"font-family: georgia, palatino, serif; color: #000000;\"><span style=\"font-size: 12pt;\">Coorientador(a) estrangeiro(a): Prof. Ph.D. <\/span><span class=\"fontstyle0\">Maximiliano S\u00e9rgio Cenci<\/span> <\/span><\/p>\n<p><span style=\"color: #000000; font-family: georgia, palatino, serif; font-size: 12pt;\">Orientador(a): Prof. Dr. Vinicius Farias Campos<\/span><\/p>\n<p>&nbsp;<\/p>\n<p><span style=\"font-family: georgia, palatino, serif; color: #000000;\">4- <strong><span class=\"fontstyle0\">Rafaella Sinnott Dias<\/span>\u00a0<\/strong><\/span><\/p>\n<p><span style=\"font-family: georgia, palatino, serif; color: #000000;\"> <span style=\"font-size: 12pt;\">Doutorado com per\u00edodo sandu\u00edche na <\/span><span class=\"fontstyle0\">Universita degli Studi di Napoli Federico II &#8211; It\u00e1lia &#8211; CNPq<\/span><\/span><\/p>\n<p><span style=\"font-family: georgia, palatino, serif; color: #000000;\">Per\u00edodo: 01\/05\/2025 a 31\/08\/2025<\/span><\/p>\n<p><span style=\"color: #000000; font-family: georgia, palatino, serif; font-size: 12pt;\">Coorientador(a) estrangeiro(a):<\/span><\/p>\n<p><span class=\"fontstyle0\" style=\"font-family: georgia, palatino, serif; color: #000000;\"><span style=\"font-size: 12pt;\">Orientador(a): Prof. Dr. Frederico Schmitt Kremer<\/span><\/span><\/p>\n<p>&nbsp;<\/p>\n<p><span style=\"font-family: georgia, palatino, serif; color: #000000;\">5- <strong>Ana Vit\u00f3ria Costa<\/strong><\/span><\/p>\n<p><span style=\"font-family: georgia, palatino, serif; color: #000000;\"><span style=\"font-size: 12pt;\">Doutorado com per\u00edodo sandu\u00edche na <\/span><span class=\"fontstyle0\">Universita degli Studi di Napoli Federico II &#8211; It\u00e1lia &#8211; CNPq<\/span><\/span><\/p>\n<p><span style=\"font-family: georgia, palatino, serif; color: #000000;\">Per\u00edodo: <span class=\"fontstyle0\">01\/06\/2025 <\/span><span class=\"fontstyle2\">a <\/span><span class=\"fontstyle0\">30\/11\/2025<\/span><\/span><\/p>\n<p><span style=\"color: #000000; font-family: georgia, palatino, serif; font-size: 12pt;\">Coorientador(a) estrangeiro(a):<\/span><\/p>\n<p><span class=\"fontstyle0\" style=\"font-family: georgia, palatino, serif; color: #000000;\"><span style=\"font-size: 12pt;\">Orientador(a): Prof. Ph.D. F\u00e1bio Pereira Leivas Leite<\/span><\/span><\/p>\n<p>&nbsp;<\/p>\n<p><span style=\"font-family: georgia, palatino, serif; color: #000000;\">6- <strong>Tiffany Thurow Bunde<\/strong><\/span><\/p>\n<p><span style=\"font-family: georgia, palatino, serif; color: #000000;\"><span style=\"font-size: 12pt;\">Doutorado com per\u00edodo sandu\u00edche na University of Connecticut Health &#8211; EUA &#8211; CAPES\/PDSE<\/span><\/span><\/p>\n<p><span style=\"font-family: georgia, palatino, serif; color: #000000;\">Per\u00edodo: <span class=\"fontstyle0\">01\/10\/2025 a 30\/06\/2026<\/span><\/span><\/p>\n<p><span style=\"color: #000000; font-family: georgia, palatino, serif; font-size: 12pt;\">Coorientador(a) estrangeiro(a): Prof. Dr. Andr\u00e9 Alex Grassmann<\/span><\/p>\n<p><span class=\"fontstyle0\" style=\"font-family: georgia, palatino, serif; color: #000000;\"><span style=\"font-size: 12pt;\">Orientador(a): Prof. Ph.D. Odir Ant\u00f4nio Dellagostin<\/span><\/span><\/p>\n<hr \/>\n<p><span style=\"color: #000000;\"><strong><span style=\"font-family: georgia, palatino, serif; font-size: 12pt;\">Ano 2023<\/span><\/strong><\/span><\/p>\n<p><span style=\"color: #000000;\"><strong><span style=\"font-family: georgia, palatino, serif; font-size: 12pt;\">1- Amanda Weege da Silveira Martins<\/span><\/strong><\/span><\/p>\n<p><span style=\"color: #000000; font-family: georgia, palatino, serif; font-size: 12pt;\">Doutorado com per\u00edodo sandu\u00edche em University of California &#8211; EUA &#8211; CAPES\/PrInt<\/span><\/p>\n<p><span style=\"font-family: georgia, palatino, serif; color: #000000;\">Per\u00edodo: 01\/11\/2023 a 30\/09\/2024<\/span><\/p>\n<p><span style=\"color: #000000; font-family: georgia, palatino, serif; font-size: 12pt;\">Coorientador(a) estrangeiro(a): Prof. Ph.D. Aiming Yu<\/span><\/p>\n<p><span style=\"color: #000000; font-family: georgia, palatino, serif; font-size: 12pt;\">Orientador(a): Prof. Dr. Vinicius Farias Campos<\/span><\/p>\n<p>&nbsp;<\/p>\n<p><strong><span style=\"font-family: georgia, palatino, serif; font-size: 12pt; color: #000000;\">2- Alessandra Neis<\/span><\/strong><\/p>\n<p><span style=\"color: #000000; font-family: georgia, palatino, serif; font-size: 12pt;\">Doutorado com per\u00edodo sandu\u00edche em University of Michigan &#8211; EUA &#8211; CAPES\/PrInt<\/span><\/p>\n<p><span style=\"font-family: georgia, palatino, serif; color: #000000;\">Per\u00edodo: 01\/03\/2023 a 31\/08\/2023<\/span><\/p>\n<p><span style=\"color: #000000; font-family: georgia, palatino, serif; font-size: 12pt;\">Coorientador(a) estrangeiro(a): Prof. Ph.D David Markovitz<\/span><\/p>\n<p><span style=\"color: #000000; font-family: georgia, palatino, serif; font-size: 12pt;\">Orientador(a): Prof. Dr. Luciano da Silva Pinto<\/span><\/p>\n<p>&nbsp;<\/p>\n<p><strong><span style=\"font-family: georgia, palatino, serif; font-size: 12pt; color: #000000;\">3- Isadora Andr\u00e9 Rosa Lopes<\/span><\/strong><\/p>\n<p><span style=\"color: #000000; font-family: georgia, palatino, serif; font-size: 12pt;\">Doutorado com per\u00edodo sandu\u00edche em University of Illinois at Chicago &#8211; EUA &#8211; CAPES\/PrInt<\/span><\/p>\n<p><span style=\"font-family: georgia, palatino, serif; color: #000000;\">Per\u00edodo: 01\/03\/2023 a 31\/08\/2023<\/span><\/p>\n<p><span style=\"color: #000000; font-family: georgia, palatino, serif; font-size: 12pt;\">Coorientador(a) estrangeiro(a): Prof. Ph.D Lawrence B. Schook<\/span><\/p>\n<p><span style=\"color: #000000; font-family: georgia, palatino, serif; font-size: 12pt;\">Orientador(a): Prof. Dr. Tiago Veiras Collares<\/span><\/p>\n<p>&nbsp;<\/p>\n<hr \/>\n<p><span style=\"font-family: georgia, palatino, serif; font-size: 12pt; color: #000000;\"><strong>Ano 2021<\/strong><\/span><\/p>\n<p><span style=\"font-family: georgia, palatino, serif; font-size: 12pt; color: #000000;\"><strong>1- Mirna Samara Di\u00e9 Alves<\/strong><\/span><\/p>\n<p><span style=\"color: #000000; font-family: georgia, palatino, serif; font-size: 12pt;\">Doutorado com per\u00edodo sandu\u00edche em University of California &#8211; EUA &#8211; CAPES\/PrInt<\/span><\/p>\n<p><span style=\"font-family: georgia, palatino, serif; color: #000000;\">Per\u00edodo: 01\/10\/2021 a 31\/03\/2022<\/span><\/p>\n<p><span style=\"color: #000000; font-family: georgia, palatino, serif; font-size: 12pt;\">Coorientador(a) estrangeiro(a): Prof. Ph.D Lars Eckmann<\/span><\/p>\n<p><span style=\"color: #000000; font-family: georgia, palatino, serif; font-size: 12pt;\">Orientador(a): Prof.\u00aa Dr.\u00aa Sibele Borsuk<\/span><\/p>\n<hr \/>\n<p><span style=\"color: #000000; font-family: georgia, palatino, serif; font-size: 12pt;\"><strong>Ano 2019<\/strong><\/span><\/p>\n<p><span style=\"color: #000000; font-family: georgia, palatino, serif; font-size: 12pt;\"><strong>1- \u00c9verton Burlamarque Bettin<\/strong><\/span><\/p>\n<p><span style=\"color: #000000; font-family: georgia, palatino, serif; font-size: 12pt;\">Doutorado com per\u00edodo sandu\u00edche em University of Connecticut Health Center- EUA &#8211; CAPES\/PrInt<\/span><\/p>\n<p><span style=\"color: #000000; font-family: georgia, palatino, serif; font-size: 12pt;\">Coorientador(a) estrangeiro(a): Profa. Ph.D Melissa J. Caimano<\/span><\/p>\n<p><span style=\"color: #000000; font-family: georgia, palatino, serif; font-size: 12pt;\">Orientador(a): Prof. Ph.D Odir Antonio Dellagostin<\/span><\/p>\n<p>&nbsp;<\/p>\n<p><span style=\"color: #000000; font-family: georgia, palatino, serif; font-size: 12pt;\"><strong>2- Mariana G\u00e1llio Fronza<\/strong><\/span><\/p>\n<p><span style=\"color: #000000; font-family: georgia, palatino, serif; font-size: 12pt;\">Doutorado com per\u00edodo sandu\u00edche em Temple University (Lewis Katz School of Medicine)- EUA &#8211; CAPES\/PrInt<\/span><\/p>\n<p><span style=\"color: #000000; font-family: georgia, palatino, serif; font-size: 12pt;\">Coorientador(a) estrangeiro(a): Prof. Ph.D Domenico Pratic\u00f2<\/span><\/p>\n<p><span style=\"color: #000000; font-family: georgia, palatino, serif; font-size: 12pt;\">Orientador(a): Prof.\u00aa Dr.\u00aa\u00a0 Lucielli Savegnago<\/span><\/p>\n<p><span style=\"color: #000000; font-family: georgia, palatino, serif; font-size: 12pt;\">Depoimento:<a style=\"color: #000000;\" href=\"http:\/\/wp.ufpel.edu.br\/print\/2021\/08\/20\/depoimentos-print-mariana-fronza\/\"> http:\/\/wp.ufpel.edu.br\/print\/2021\/08\/20\/depoimentos-print-mariana-fronza\/<\/a><\/span><\/p>\n<p>&nbsp;<\/p>\n<p><span style=\"font-family: georgia, palatino, serif; font-size: 12pt; color: #000000;\"><strong>3- Matheus Gomes Lopes<\/strong><\/span><\/p>\n<p><span style=\"font-family: georgia, palatino, serif; font-size: 12pt; color: #000000;\">Est\u00e1gio sandu\u00edche em parceria com a University of Illinois Urbana &#8211; Champaign &#8211; EUA<\/span><\/p>\n<p><span style=\"font-family: georgia, palatino, serif; font-size: 12pt; color: #000000;\">Coorientador(a) estrangeiro(a): Prof. Ph.D Juan J. Loor<\/span><\/p>\n<p><span style=\"font-family: georgia, palatino, serif; font-size: 12pt; color: #000000;\">Orientador(a): Prof. Dr. Marcio Nunes Corr\u00eaa<\/span><\/p>\n<p>&nbsp;<\/p>\n<p><span style=\"color: #000000; font-family: georgia, palatino, serif; font-size: 12pt;\"><strong>4- Renan Eug\u00eanio Araujo Piraine<\/strong><\/span><\/p>\n<p><span style=\"color: #000000; font-family: georgia, palatino, serif; font-size: 12pt;\">Doutorado com per\u00edodo sandu\u00edche em Indiana University Bloomington &#8211; EUA &#8211; CAPES\/PrInt<\/span><\/p>\n<p><span style=\"color: #000000; font-family: georgia, palatino, serif; font-size: 12pt;\">Coorientador(a) estrangeiro(a): Prof. Ph.D Matthew Bochman<\/span><\/p>\n<p><span style=\"color: #000000; font-family: georgia, palatino, serif; font-size: 12pt;\">Orientador(a): Prof. Ph.D F\u00e1bio Pereira Leivas Leite<\/span><\/p>\n<p><span style=\"color: #000000; font-family: georgia, palatino, serif; font-size: 12pt;\">Not\u00edcia: <a style=\"color: #000000;\" href=\"https:\/\/wp.ufpel.edu.br\/print\/2022\/02\/22\/renan-piraine-realiza-doutorado-sanduiche-na-indiana-university\/\">https:\/\/wp.ufpel.edu.br\/print\/2022\/02\/22\/renan-piraine-realiza-doutorado-sanduiche-na-indiana-university\/<\/a><\/span><\/p>\n<p>&nbsp;<\/p>\n<p><span style=\"font-family: georgia, palatino, serif; font-size: 12pt; color: #000000;\"><strong>5- Allison Carlos Assun\u00e7\u00e3o Silva<\/strong><\/span><\/p>\n<p><span style=\"color: #000000; font-family: georgia, palatino, serif; font-size: 12pt;\">Est\u00e1gio sandu\u00edche na Universidad de Magallanes &#8211; Chile &#8211; Projeto aprovado pela CAPES 99999.002378\/2015-9<\/span><\/p>\n<p><span style=\"color: #000000; font-family: georgia, palatino, serif; font-size: 12pt;\">Coorientador(a) estrangeiro(a): Prof. \u00aa Dr.\u00aa Maria Soledad Astorga e Prof. Dr. Andres Mansilla<\/span><\/p>\n<p><span style=\"color: #000000; font-family: georgia, palatino, serif; font-size: 12pt;\">Orientador(a): Prof. Dr. Claudio Martin Pereira de Pereira<\/span><\/p>\n<hr \/>\n<p><span style=\"color: #000000; font-family: georgia, palatino, serif; font-size: 12pt;\"><strong>Ano: 2018<\/strong><\/span><\/p>\n<p><span style=\"color: #000000; font-family: georgia, palatino, serif; font-size: 12pt;\"><strong>1- Angela Maria Casaril<\/strong><\/span><\/p>\n<p style=\"text-align: justify;\"><span style=\"font-family: georgia, palatino, serif; font-size: 12pt; color: #000000;\">Doutorado com per\u00edodo sandu\u00edche na University of Texas MD Anderson Cancer Center &#8211; EUA &#8211; Programa Ci\u00eancia Sem Fronteiras (CNPq)<\/span><\/p>\n<p style=\"text-align: justify;\"><span style=\"color: #000000; font-family: georgia, palatino, serif; font-size: 12pt;\">Coorientador(a) estrangeiro(a): Prof. Ph.D Robert Dantzer<\/span><\/p>\n<p style=\"text-align: justify;\"><span style=\"color: #000000; font-family: georgia, palatino, serif; font-size: 12pt;\">Orientador(a):Prof.\u00aa Dr.\u00aa Lucielli Savegnago<\/span><\/p>\n<p>&nbsp;<\/p>\n<p><span style=\"color: #000000; font-family: georgia, palatino, serif; font-size: 12pt;\"><strong>2- Francisco Denis Souza Santos<\/strong><\/span><\/p>\n<p><span style=\"color: #000000; font-family: georgia, palatino, serif; font-size: 12pt;\">Doutorado com per\u00edodo sandu\u00edche na Universita\u0300 degli Studi di Napoli Federico II- It\u00e1lia<\/span><\/p>\n<p><span style=\"color: #000000; font-family: georgia, palatino, serif; font-size: 12pt;\">Coorientador(a) estrangeiro(a): Prof. Ph.D Ezio Ricca<\/span><\/p>\n<p><span style=\"color: #000000; font-family: georgia, palatino, serif; font-size: 12pt;\">Orientador(a): Prof. Ph.D F\u00e1bio Pereira Leivas Leite<\/span><\/p>\n<p>&nbsp;<\/p>\n<p><span style=\"color: #000000; font-family: georgia, palatino, serif; font-size: 12pt;\"><strong>3- Tatiana Dandolini Saccon<\/strong><\/span><\/p>\n<p><span style=\"color: #000000; font-family: georgia, palatino, serif; font-size: 12pt;\">Doutorado com per\u00edodo sandu\u00edche na University of Central Florida &#8211; EUA<\/span><\/p>\n<p><span style=\"color: #000000; font-family: georgia, palatino, serif; font-size: 12pt;\">Coorientador(a) estrangeiro(a): Prof. Ph.D Michal Masternak<\/span><\/p>\n<p><span style=\"color: #000000; font-family: georgia, palatino, serif; font-size: 12pt;\">Orientador(a): Prof. Dr. Carlos Castilho de Barros<\/span><\/p>\n<hr \/>\n<p><span style=\"color: #000000; font-family: georgia, palatino, serif; font-size: 12pt;\"><strong>Ano: 2017<\/strong><\/span><\/p>\n<p><span style=\"color: #000000; font-family: georgia, palatino, serif; font-size: 12pt;\"><strong>1- Francisco Silvestre Brilhante Bezerra<\/strong><\/span><\/p>\n<p><span style=\"color: #000000; font-family: georgia, palatino, serif; font-size: 12pt;\">Doutorado com per\u00edodo sandu\u00edche em University of Surrey &#8211; Reino Unido<\/span><\/p>\n<p><span style=\"color: #000000; font-family: georgia, palatino, serif; font-size: 12pt;\">Coorientador(a) estrangeiro(a): Prof. Ph.D Johnjoe McFadden<\/span><\/p>\n<p><span style=\"color: #000000; font-family: georgia, palatino, serif; font-size: 12pt;\">Orientador(a): Prof.\u00aa Dr.\u00aa Sibele Borsuk<\/span><\/p>\n<p>&nbsp;<\/p>\n<p><span style=\"color: #000000; font-family: georgia, palatino, serif; font-size: 12pt;\"><strong>2- Marcelle Moura Silveira<\/strong><\/span><\/p>\n<p><span style=\"color: #000000; font-family: georgia, palatino, serif; font-size: 12pt;\">Doutorado com per\u00edodo sandu\u00edche na University de Cambridge- Reino Unido<\/span><\/p>\n<p><span style=\"color: #000000; font-family: georgia, palatino, serif; font-size: 12pt;\">Coorientador(a) estrangeiro(a): Profa. Ph.D Caroline Louise Trotter<\/span><\/p>\n<p><span style=\"color: #000000; font-family: georgia, palatino, serif; font-size: 12pt;\">Orientador(a): Prof. Ph.D Alan John Alexander McBride<\/span><\/p>\n<p>&nbsp;<\/p>\n<hr \/>\n<p><span style=\"color: #000000; font-family: georgia, palatino, serif; font-size: 12pt;\"><strong>Ano: 2016<\/strong><\/span><\/p>\n<p><span style=\"color: #000000; font-family: georgia, palatino, serif; font-size: 12pt;\"><strong>1- Carlos Eduardo Pouey da Cunha<\/strong><\/span><\/p>\n<p><span style=\"color: #000000; font-family: georgia, palatino, serif; font-size: 12pt;\">Doutorado com per\u00edodo sandu\u00edche em University of Surrey &#8211; Reino Unido<\/span><\/p>\n<p><span style=\"color: #000000; font-family: georgia, palatino, serif; font-size: 12pt;\">Coorientador(a) estrangeiro(a): Prof. Ph.D Johnjoe McFadden<\/span><\/p>\n<p><span style=\"color: #000000; font-family: georgia, palatino, serif; font-size: 12pt;\">Orientador(a): Prof. Ph.D Odir Ant\u00f4nio Dellagostin<\/span><\/p>\n<hr \/>\n<p><span style=\"color: #000000; font-family: georgia, palatino, serif; font-size: 12pt;\"><strong>Ano:\u00a02015<\/strong><\/span><\/p>\n<p><span style=\"color: #000000; font-family: georgia, palatino, serif; font-size: 12pt;\"><strong>1- Paula Montagner<\/strong><\/span><\/p>\n<p><span style=\"color: #000000; font-family: georgia, palatino, serif; font-size: 12pt;\">Doutorado com per\u00edodo sandu\u00edche em University of Ilin\u00f3is at Urbana-Champaign &#8211; EUA<\/span><\/p>\n<p><span style=\"color: #000000; font-family: georgia, palatino, serif; font-size: 12pt;\">Coorientador(a) estrangeiro(a): Prof. Ph.D Juan J. Loor<\/span><\/p>\n<p><span style=\"color: #000000; font-family: georgia, palatino, serif; font-size: 12pt;\">Orientador(a): Prof. Dr. Marcio Nunes Corr\u00eaa<\/span><\/p>\n<p>&nbsp;<\/p>\n<p><span style=\"color: #000000; font-family: georgia, palatino, serif; font-size: 12pt;\"><strong>2- Carolina Georg Magalh\u00e3es<\/strong><\/span><\/p>\n<p><span style=\"color: #000000; font-family: georgia, palatino, serif; font-size: 12pt;\">Mestrado com per\u00edodo sandu\u00edche em Technische Universit\u00e4t Braunschweig &#8211; Alemanha<\/span><\/p>\n<p><span style=\"color: #000000; font-family: georgia, palatino, serif; font-size: 12pt;\">Coorientador(a) estrangeiro(a): Prof. Ph.D Michael Hust<\/span><\/p>\n<p><span style=\"color: #000000; font-family: georgia, palatino, serif; font-size: 12pt;\">Orientador(a): Prof. Dr. Fabricio Rochedo Concei\u00e7\u00e3o<\/span><\/p>\n<hr \/>\n<p><span style=\"color: #000000; font-family: georgia, palatino, serif; font-size: 12pt;\"><strong>Ano: 2014<\/strong><\/span><\/p>\n<p><span style=\"color: #000000; font-family: georgia, palatino, serif; font-size: 12pt;\"><strong>1- Isadora Rubin de Oliveira<\/strong><\/span><\/p>\n<p><span style=\"color: #000000; font-family: georgia, palatino, serif; font-size: 12pt;\">Doutorado com per\u00edodo sandu\u00edche em Institut National de la Recherche Agronomique &#8211; Fran\u00e7a<\/span><\/p>\n<p><span style=\"color: #000000; font-family: georgia, palatino, serif; font-size: 12pt;\">Coorientador(a) estrangeiro(a): Prof. Ph.D Fran\u00e7ois Laurens<\/span><\/p>\n<p><span style=\"color: #000000; font-family: georgia, palatino, serif; font-size: 12pt;\">Orientador(a): Prof. Ph.D Cesar Valmor Rombaldi<\/span><\/p>\n<p>&nbsp;<\/p>\n<p><span style=\"color: #000000; font-family: georgia, palatino, serif; font-size: 12pt;\"><strong>2- Vivian Ebeling Viana<\/strong><\/span><\/p>\n<p><span style=\"color: #000000; font-family: georgia, palatino, serif; font-size: 12pt;\">Doutorado com per\u00edodo sandu\u00edche em Universit\u00e0 degli Studi di Milano &#8211; It\u00e1lia<\/span><\/p>\n<p><span style=\"color: #000000; font-family: georgia, palatino, serif; font-size: 12pt;\">Coorientador(a) estrangeiro(a): Prof.\u00aa Ph.D Lucia Colombo<\/span><\/p>\n<p><span style=\"color: #000000; font-family: georgia, palatino, serif; font-size: 12pt;\">Orientador(a): Prof. Ph.D Antonio Costa de Oliveira<\/span><\/p>\n<hr \/>\n<p><span style=\"color: #000000; font-family: georgia, palatino, serif; font-size: 12pt;\"><strong>Ano: 2013<\/strong><\/span><\/p>\n<p><span style=\"color: #000000; font-family: georgia, palatino, serif; font-size: 12pt;\"><strong>1- Andr\u00e9 Alex Grassmann<\/strong><\/span><\/p>\n<p><span style=\"color: #000000; font-family: georgia, palatino, serif; font-size: 12pt;\">Doutorado com per\u00edodo sandu\u00edche em University of Connecticut Health Center- EUA<\/span><\/p>\n<p><span style=\"color: #000000; font-family: georgia, palatino, serif; font-size: 12pt;\">Coorientador(a) estrangeiro(a): Prof.\u00aa Ph.D Melissa J. Caimano<\/span><\/p>\n<p><span style=\"color: #000000; font-family: georgia, palatino, serif; font-size: 12pt;\">Orientador(a): Prof. Ph.D Alan John Alexander McBride<\/span><\/p>\n<p>&nbsp;<\/p>\n<p><span style=\"color: #000000; font-family: georgia, palatino, serif; font-size: 12pt;\"><strong>2- Carolina Bespalhok Jacometo<\/strong><\/span><\/p>\n<p><span style=\"color: #000000; font-family: georgia, palatino, serif; font-size: 12pt;\">Doutorado com per\u00edodo sandu\u00edche em University of Illinois at Urbana-Champaing &#8211; EUA<\/span><\/p>\n<p><span style=\"color: #000000; font-family: georgia, palatino, serif; font-size: 12pt;\">Coorientador(a) estrangeiro(a): Prof. Ph.D Juan J. Loor<\/span><\/p>\n<p><span style=\"color: #000000; font-family: georgia, palatino, serif; font-size: 12pt;\">Orientador(a): Prof. Dr. Marcio Nunes Corr\u00eaa<\/span><\/p>\n<p>&nbsp;<\/p>\n<p><span style=\"color: #000000; font-family: georgia, palatino, serif; font-size: 12pt;\"><strong>3- Elisa Caroline da Silva Santos<\/strong><\/span><\/p>\n<p><span style=\"color: #000000; font-family: georgia, palatino, serif; font-size: 12pt;\">Doutorado com per\u00edodo sandu\u00edche em Tokyo University of Agriculture &#8211; Jap\u00e3o<\/span><\/p>\n<p><span style=\"color: #000000; font-family: georgia, palatino, serif; font-size: 12pt;\">Coorientador(a) estrangeiro(a): Prof. Ph.D Hisataka Iwata<\/span><\/p>\n<p><span style=\"color: #000000; font-family: georgia, palatino, serif; font-size: 12pt;\">Orientador(a): Prof. Ph.D Thomaz Lucia J\u00fanior<\/span><\/p>\n<p>&nbsp;<\/p>\n<p><span style=\"color: #000000; font-family: georgia, palatino, serif; font-size: 12pt;\"><strong>4- Eliza Rossi Komninou<\/strong><\/span><\/p>\n<p><span style=\"color: #000000; font-family: georgia, palatino, serif; font-size: 12pt;\">Doutorado com per\u00edodo sandu\u00edche em McGill University &#8211; Canad\u00e1<\/span><\/p>\n<p><span style=\"color: #000000; font-family: georgia, palatino, serif; font-size: 12pt;\">Coorientador(a) estrangeiro(a): Prof. Ph.D Vilceu Bordignon<\/span><\/p>\n<p><span style=\"color: #000000; font-family: georgia, palatino, serif; font-size: 12pt;\">Orientador(a): Prof. Dr. Tiago Veiras Collares<\/span><\/p>\n<p>&nbsp;<\/p>\n<p><span style=\"color: #000000; font-family: georgia, palatino, serif; font-size: 12pt;\"><strong>5- Glacy Jaqueline da Silva<\/strong><\/span><\/p>\n<p><span style=\"color: #000000; font-family: georgia, palatino, serif; font-size: 12pt;\">Doutorado com per\u00edodo sandu\u00edche em Universit\u00e0 degli Studi di Milano &#8211; It\u00e1lia<\/span><\/p>\n<p><span style=\"color: #000000; font-family: georgia, palatino, serif; font-size: 12pt;\">Coorientador(a) estrangeiro(a): Prof. Ph.D Martin Kater<\/span><\/p>\n<p><span style=\"color: #000000; font-family: georgia, palatino, serif; font-size: 12pt;\">Orientador(a): Prof. Ph.D Antonio Costa de Oliveira<\/span><\/p>\n<p>&nbsp;<\/p>\n<p><span style=\"color: #000000; font-family: georgia, palatino, serif; font-size: 12pt;\"><strong>6- Ivy Bastos Ramis<\/strong><\/span><\/p>\n<p><span style=\"color: #000000; font-family: georgia, palatino, serif; font-size: 12pt;\">Doutorado com per\u00edodo sandu\u00edche em Ghent University &#8211; B\u00e9lgica<\/span><\/p>\n<p><span style=\"color: #000000; font-family: georgia, palatino, serif; font-size: 12pt;\">Coorientador(a) estrangeiro(a): Prof<\/span><span style=\"color: #000000; font-family: georgia, palatino, serif; font-size: 12pt;\">.\u00aa Ph.D Anandi Martin<\/span><\/p>\n<p><span style=\"color: #000000; font-family: georgia, palatino, serif; font-size: 12pt;\">Orientador(a): Prof. Ph.D Pedro Eduardo Almeida da Silva<\/span><\/p>\n<p>&nbsp;<\/p>\n<p><span style=\"color: #000000; font-family: georgia, palatino, serif; font-size: 12pt;\"><strong>7- Karine Rech Begnini<\/strong><\/span><\/p>\n<p><span style=\"color: #000000; font-family: georgia, palatino, serif; font-size: 12pt;\">Doutorado com per\u00edodo sandu\u00edche em University of Illinois &#8211; System &#8211; EUA<\/span><\/p>\n<p><span style=\"color: #000000; font-family: georgia, palatino, serif; font-size: 12pt;\">Coorientador(a) estrangeiro(a): Prof. Ph.D Lawrence B. Schook<\/span><\/p>\n<p><span style=\"color: #000000; font-family: georgia, palatino, serif; font-size: 12pt;\">Orientador(a): Prof.\u00aa Dr.\u00aa Fabiana K\u00f6mmling Seixas<\/span><\/p>\n<p>&nbsp;<\/p>\n<p><span style=\"color: #000000; font-family: georgia, palatino, serif; font-size: 12pt;\"><strong>8- Railson Schreinert dos Santos<\/strong><\/span><\/p>\n<p><span style=\"color: #000000; font-family: georgia, palatino, serif; font-size: 12pt;\">Doutorado com per\u00edodo sandu\u00edche em Universit\u00e0 degli Studi di Milano &#8211; It\u00e1lia<\/span><\/p>\n<p><span style=\"color: #000000; font-family: georgia, palatino, serif; font-size: 12pt;\">Coorientador(a) estrangeiro(a): Prof. Ph.D Martin Kater<\/span><\/p>\n<p><span style=\"color: #000000; font-family: georgia, palatino, serif; font-size: 12pt;\">Orientador(a): Prof. Ph.D Antonio Costa de Oliveira<\/span><\/p>\n","protected":false},"excerpt":{"rendered":"<p>Ano 2026 1- Ruti\u00e9le Silveira Doutorado com per\u00edodo sandu\u00edche na\u00a0University of Minnesota &#8211; EUA &#8211; CAPES\/PDSE Per\u00edodo: 01\/02\/2026 a 31\/07\/2026 Coorientador(a) estrangeiro(a): Prof. Dr. Luciano Caixeta\u00a0 Orientador(a): Prof. Dr. Marcio Nunes Corr\u00eaa &nbsp; 2- Lucas Petitemberte de Souza\u00a0 Doutorado com per\u00edodo sandu\u00edche na Universitat de Girona &#8211; Espanha &#8211; CAPES\/PDSE Per\u00edodo: 01\/02\/2026 a 31\/07\/2026 Coorientador(a) [&hellip;]<\/p>\n","protected":false},"author":735,"featured_media":0,"parent":753,"menu_order":3,"comment_status":"closed","ping_status":"closed","template":"","meta":{"jetpack_post_was_ever_published":false,"footnotes":""},"class_list":["post-827","page","type-page","status-publish","hentry"],"jetpack_sharing_enabled":true,"_links":{"self":[{"href":"https:\/\/wp.ufpel.edu.br\/ppgbiotec\/wp-json\/wp\/v2\/pages\/827","targetHints":{"allow":["GET"]}}],"collection":[{"href":"https:\/\/wp.ufpel.edu.br\/ppgbiotec\/wp-json\/wp\/v2\/pages"}],"about":[{"href":"https:\/\/wp.ufpel.edu.br\/ppgbiotec\/wp-json\/wp\/v2\/types\/page"}],"author":[{"embeddable":true,"href":"https:\/\/wp.ufpel.edu.br\/ppgbiotec\/wp-json\/wp\/v2\/users\/735"}],"replies":[{"embeddable":true,"href":"https:\/\/wp.ufpel.edu.br\/ppgbiotec\/wp-json\/wp\/v2\/comments?post=827"}],"version-history":[{"count":3,"href":"https:\/\/wp.ufpel.edu.br\/ppgbiotec\/wp-json\/wp\/v2\/pages\/827\/revisions"}],"predecessor-version":[{"id":11950,"href":"https:\/\/wp.ufpel.edu.br\/ppgbiotec\/wp-json\/wp\/v2\/pages\/827\/revisions\/11950"}],"up":[{"embeddable":true,"href":"https:\/\/wp.ufpel.edu.br\/ppgbiotec\/wp-json\/wp\/v2\/pages\/753"}],"wp:attachment":[{"href":"https:\/\/wp.ufpel.edu.br\/ppgbiotec\/wp-json\/wp\/v2\/media?parent=827"}],"curies":[{"name":"wp","href":"https:\/\/api.w.org\/{rel}","templated":true}]}}