{"id":106,"date":"2022-06-08T17:13:38","date_gmt":"2022-06-08T20:13:38","guid":{"rendered":"https:\/\/wp.ufpel.edu.br\/ppgbdiv\/?page_id=106"},"modified":"2025-11-28T15:27:27","modified_gmt":"2025-11-28T18:27:27","slug":"historico","status":"publish","type":"page","link":"https:\/\/wp.ufpel.edu.br\/ppgbdiv\/historico\/","title":{"rendered":"Hist\u00f3rico"},"content":{"rendered":"<p><span style=\"font-size: 12pt; color: #000000;\">O Programa de P\u00f3s-Gradua\u00e7\u00e3o em Biodiversidade Animal (PPGBDiv), do Instituto de Biologia (IB) da UFPel, tem sua g\u00eanese no ano de 2013, quando da cria\u00e7\u00e3o do PPG em Entomologia no Instituto. O Programa, desde sua concep\u00e7\u00e3o, agregava docentes e pesquisadores\/as do IB e da Faculdade de Agronomia Eliseu Maciel (FAEM), por parte da UFPel, bem como pesquisadores e pesquisadoras da EMBRAPA Clima Temperado, estabelecendo-se assim um grupo de pesquisa voltado para o esfor\u00e7o colaborativo no estudo dos insetos. O Programa possu\u00eda em suas linhas de pesquisa as tem\u00e1ticas de: (1) \u2018Biologia e Ecologia de Insetos\u2019, a qual contemplava estudos de natureza mais b\u00e1sica, voltados para um maior entendimento de quest\u00f5es relativas \u00e0 morfologia, fisiologia, comportamento, evolu\u00e7\u00e3o, entre outras, dos insetos; e (2) \u2018Manejo Integrado de Insetos\u2019, a qual buscava integrar conhecimentos b\u00e1sicos sobre os insetos com estrat\u00e9gias de controle e manejo de esp\u00e9cies, e de suas popula\u00e7\u00f5es, com <em>status <\/em>de pragas, predominantemente fundamentando-se na l\u00f3gica do Manejo Integrado de Pragas (MIP). O PPG em Entomologia, com seu car\u00e1ter integrador entre as \u00e1reas de Ci\u00eancias Biol\u00f3gicas e Agr\u00e1rias, encontrava-se vinculado \u00e0 \u00e1rea de avalia\u00e7\u00e3o de Ci\u00eancias Agr\u00e1rias I da CAPES.<\/span><\/p>\n<p><span style=\"font-size: 12pt; color: #000000;\">Pouco depois e paralelamente, tamb\u00e9m no Instituto de Biologia da UFPel, iniciaram-se as discuss\u00f5es para a cria\u00e7\u00e3o de um Programa de P\u00f3s-Gradua\u00e7\u00e3o voltado para o estudo da diversidade e evolu\u00e7\u00e3o animal, o qual foi implementado em 2015, constituindo-se assim o PPG em Biologia Animal. O corpo docente do Programa, composto por professores\/as e pesquisadores\/as de diferentes \u00e1reas da Biologia, incluindo Anatomia, Ecologia, Gen\u00e9tica, Zoologia, entre outros, eram vinculados principalmente \u00e0 UFPel, mas tamb\u00e9m contando com a parceria e colabora\u00e7\u00e3o da Universidade Federal de Rio Grande (FURG). O PPG possu\u00eda uma \u00fanica linha de pesquisa, denominada de \u2018Biologia Animal\u2019, a qual contemplava primariamente estudos de car\u00e1ter b\u00e1sico da fauna, com \u00eanfase na diversidade animal da regi\u00e3o do Pampa, embora contemplando tamb\u00e9m outros biomas brasileiros, com um princ\u00edpio norteador n\u00e3o apenas de aumentar e qualificar o conhecimento sobre a biodiversidade, mas tamb\u00e9m com o intuito de fornecer subs\u00eddios para estrat\u00e9gias e programas de manejo e conserva\u00e7\u00e3o. O PPG, primariamente voltado para estudos da \u00e1rea de Ci\u00eancias Biol\u00f3gicas, se encontrava na \u00e1rea de avalia\u00e7\u00e3o de Biodiversidade da CAPES.<\/span><\/p>\n<p><span style=\"font-size: 12pt; color: #000000;\">Os PPGs em Biologia Animal e Entomologia, durante seus anos de atua\u00e7\u00e3o, tiveram \u00eaxito na forma\u00e7\u00e3o de um n\u00famero significativo de estudantes, no n\u00edvel de mestrado (\u00fanico n\u00edvel de titula\u00e7\u00e3o dos dois programas, ambos com conceito 3 na CAPES). Em ambos os casos, destaca-se o papel dos PPGs na forma\u00e7\u00e3o de recursos humanos qualificados e aptos a atuar em diferentes vertentes para a regi\u00e3o do extremo sul do Brasil, na qual se localiza o Programa.<\/span><\/p>\n<p><span style=\"font-size: 12pt; color: #000000;\">Em 2018, a partir da Publica\u00e7\u00e3o da Portaria CAPES n\u00ba 256\/2018, a qual regulamentava os processos para formas de atua\u00e7\u00e3o associativas entre Programas de P\u00f3s-Gradua\u00e7\u00e3o no Brasil, incluindo a fus\u00e3o de programas, os dois PPGs do IB\/UFPel iniciaram discuss\u00f5es internas e, posteriormente, de forma conjunta, para avalia\u00e7\u00e3o dos cen\u00e1rios interno e externo, e avaliar a viabilidade de uma fus\u00e3o entre os Programas. Por tratarem de temas correlatos, por vezes com possibilidades vistas como extremamente positivas de complementa\u00e7\u00e3o entre suas vertentes de atua\u00e7\u00e3o, os Programas ent\u00e3o decidiram por encaminhar a proposta de fus\u00e3o \u00e0 CAPES, a qual foi elaborada com anu\u00eancia e apoio da Pr\u00f3-Reitoria de Pesquisa e P\u00f3s-Gradua\u00e7\u00e3o (PRPPG) da UFPel, sendo a mesma submetida no ano de 2021. Com o retorno positivo da CAPES, surge assim o Programa de P\u00f3s-Gradua\u00e7\u00e3o em Biodiversidade Animal da UFPel, o qual inicia suas atividades no ano de 2022. Trata-se de um Programa \u2018novo\u2019, com uma proposta que combina, de forma sin\u00e9rgica, as \u00e1reas de atua\u00e7\u00e3o dos programas de origem, trazendo consigo a experi\u00eancia e a expertise de dez anos de atua\u00e7\u00e3o no ensino e pesquisa no \u00e2mbito da P\u00f3s-Gradua\u00e7\u00e3o.<\/span><\/p>\n","protected":false},"excerpt":{"rendered":"<p>O Programa de P\u00f3s-Gradua\u00e7\u00e3o em Biodiversidade Animal (PPGBDiv), do Instituto de Biologia (IB) da UFPel, tem sua g\u00eanese no ano de 2013, quando da cria\u00e7\u00e3o do PPG em Entomologia no Instituto. O Programa, desde sua concep\u00e7\u00e3o, agregava docentes e pesquisadores\/as do IB e da Faculdade de Agronomia Eliseu Maciel (FAEM), por parte da UFPel, bem&hellip;<\/p>\n","protected":false},"author":1215,"featured_media":0,"parent":0,"menu_order":0,"comment_status":"closed","ping_status":"closed","template":"","meta":{"footnotes":""},"class_list":["post-106","page","type-page","status-publish","hentry"],"_links":{"self":[{"href":"https:\/\/wp.ufpel.edu.br\/ppgbdiv\/wp-json\/wp\/v2\/pages\/106","targetHints":{"allow":["GET"]}}],"collection":[{"href":"https:\/\/wp.ufpel.edu.br\/ppgbdiv\/wp-json\/wp\/v2\/pages"}],"about":[{"href":"https:\/\/wp.ufpel.edu.br\/ppgbdiv\/wp-json\/wp\/v2\/types\/page"}],"author":[{"embeddable":true,"href":"https:\/\/wp.ufpel.edu.br\/ppgbdiv\/wp-json\/wp\/v2\/users\/1215"}],"replies":[{"embeddable":true,"href":"https:\/\/wp.ufpel.edu.br\/ppgbdiv\/wp-json\/wp\/v2\/comments?post=106"}],"version-history":[{"count":3,"href":"https:\/\/wp.ufpel.edu.br\/ppgbdiv\/wp-json\/wp\/v2\/pages\/106\/revisions"}],"predecessor-version":[{"id":1002,"href":"https:\/\/wp.ufpel.edu.br\/ppgbdiv\/wp-json\/wp\/v2\/pages\/106\/revisions\/1002"}],"wp:attachment":[{"href":"https:\/\/wp.ufpel.edu.br\/ppgbdiv\/wp-json\/wp\/v2\/media?parent=106"}],"curies":[{"name":"wp","href":"https:\/\/api.w.org\/{rel}","templated":true}]}}