{"id":24,"date":"2011-09-05T15:38:52","date_gmt":"2011-09-05T18:38:52","guid":{"rendered":"https:\/\/wp.ufpel.edu.br\/ppgbbio\/"},"modified":"2024-12-11T22:10:26","modified_gmt":"2024-12-12T01:10:26","slug":"eventos","status":"publish","type":"page","link":"https:\/\/wp.ufpel.edu.br\/ppgbbio\/eventos\/","title":{"rendered":"Eventos"},"content":{"rendered":"<p style=\"text-align: center;\"><span style=\"font-size: 14pt;\"><strong>SEMIN\u00c1RIO DE AUTOAVALIA\u00c7\u00c3O DO PPGBBIO\u00a0<\/strong><\/span><\/p>\n<p><a href=\"https:\/\/wp.ufpel.edu.br\/ppgbbio\/files\/2024\/12\/unnamed.jpg\"><img class=\"size-medium wp-image-5593 aligncenter\" src=\"https:\/\/wp.ufpel.edu.br\/ppgbbio\/files\/2024\/12\/unnamed-397x400.jpg\" alt=\"\" width=\"397\" height=\"400\" srcset=\"https:\/\/wp.ufpel.edu.br\/ppgbbio\/files\/2024\/12\/unnamed-397x400.jpg 397w, https:\/\/wp.ufpel.edu.br\/ppgbbio\/files\/2024\/12\/unnamed-1017x1024.jpg 1017w, https:\/\/wp.ufpel.edu.br\/ppgbbio\/files\/2024\/12\/unnamed-768x774.jpg 768w, https:\/\/wp.ufpel.edu.br\/ppgbbio\/files\/2024\/12\/unnamed.jpg 1242w\" sizes=\"(max-width: 397px) 100vw, 397px\" \/><\/a><\/p>\n<p>O Semin\u00e1rio de Autoavalia\u00e7\u00e3o do Programa de P\u00f3s-Gradua\u00e7\u00e3o em Bioqu\u00edmica e Bioprospec\u00e7\u00e3o (PPGBBio) da Universidade Federal de Pelotas (UFPel) tem como objetivo apresentar e discutir os resultados obtidos a partir de question\u00e1rios online aplicados em novembro de 2024, voltados para docentes, discentes e egressos do Programa. A an\u00e1lise e a discuss\u00e3o desses dados ser\u00e3o fundamentais para identificar os pontos fortes e os desafios relacionados a diferentes aspectos do PPGBBio, al\u00e9m de subsidiar o planejamento de a\u00e7\u00f5es estrat\u00e9gicas voltadas para o aprimoramento e crescimento do Programa.<\/p>\n<p>&nbsp;<\/p>\n<p><b>CURSO DE CAPACITA\u00c7\u00c3O EM ANIMAIS DE EXPERIMENTA\u00c7\u00c3O DA UNIVERSIDADE FEDERAL DE PELOTAS &#8211; TERCEIRA EDI\u00c7\u00c3O\u00a0<\/b><\/p>\n<p><a href=\"https:\/\/wp.ufpel.edu.br\/ppgbbio\/files\/2024\/11\/WhatsApp-Image-2024-03-05-at-12.11.58-400x400-1.jpeg\"><img class=\" wp-image-5562 aligncenter\" src=\"https:\/\/wp.ufpel.edu.br\/ppgbbio\/files\/2024\/11\/WhatsApp-Image-2024-03-05-at-12.11.58-400x400-1.jpeg\" alt=\"\" width=\"309\" height=\"309\" srcset=\"https:\/\/wp.ufpel.edu.br\/ppgbbio\/files\/2024\/11\/WhatsApp-Image-2024-03-05-at-12.11.58-400x400-1.jpeg 400w, https:\/\/wp.ufpel.edu.br\/ppgbbio\/files\/2024\/11\/WhatsApp-Image-2024-03-05-at-12.11.58-400x400-1-200x200.jpeg 200w\" sizes=\"(max-width: 309px) 100vw, 309px\" \/><\/a><\/p>\n<p>O Curso de Capacita\u00e7\u00e3o em Animais de Experimenta\u00e7\u00e3o da Universidade Federal de Pelotas \u00e9 coordenado pelos professores Roselia Maria Spanevello e Jean Pierre Oses e ocorrer\u00e1 de 22 de abril a 02 de junho de 2024. O curso tem como objetivo proporcionar uma atualiza\u00e7\u00e3o cont\u00ednua aos estudantes e pesquisadores de diferentes institui\u00e7\u00f5es do pa\u00eds, com a finalidade de garantir a excel\u00eancia e a \u00e9tica no desenvolvimento da pesquisa cient\u00edfica brasileira. Conforme padr\u00f5es internacionais para o uso \u00e9tico e cuidado de animais de laborat\u00f3rio \u00e9 uma exig\u00eancia a capacita\u00e7\u00e3o em \u00c9tica e Pr\u00e1tica em Ci\u00eancia de Animais de Laborat\u00f3rio a todos os participantes em atividades que envolvam animais. Nesse contexto, objetivo deste curso \u00e9 capacitar os participantes de acordo com as recomenda\u00e7\u00f5es feitas pelo Conselho Nacional de Controle da Experimenta\u00e7\u00e3o Animal (CONCEA), descritas na RN-49 que disp\u00f5e sobre a obrigatoriedade de capacita\u00e7\u00e3o do pessoal envolvido em atividades de ensino e pesquisa cient\u00edfica que utilizam animais.<\/p>\n<p>O Curso \u00e9 gratuito\u00a0 e composto por seis m\u00f3dulos distintos: <strong><em>M\u00f3dulo 1: Capacita\u00e7\u00e3o em \u00e9tica (15 h) <\/em><\/strong><strong><em>M\u00f3dulo 2: Roedores (15 h) <\/em><\/strong><strong><em>M\u00f3dulo 3: Peixes (15 h); <\/em><\/strong><strong><em>M\u00f3dulo 4: C\u00e3es e gatos (15 h); <\/em><\/strong><strong><em>M\u00f3dulo 5: Animais de produ\u00e7\u00e3o (15 h) e <\/em><\/strong><strong><em>M\u00f3dulo 6: Animais silvestres (15 h).<\/em><\/strong><\/p>\n<p>Para maiores informa\u00e7\u00f5es sobre inscri\u00e7\u00f5es e cronograma acesse o site: <a href=\"https:\/\/wp.ufpel.edu.br\/cursocapacitacaoanimaisufpel3ed\/pagina-exemplo\/\">Curso de Capacita\u00e7\u00e3o em Animais de Experimenta\u00e7\u00e3o.\u00a0<\/a><\/p>\n<p>&nbsp;<\/p>\n<p style=\"text-align: center;\"><strong><span style=\"font-size: 14pt;\">CAF\u00c9 GLOBAL DAS MULHERES IUPAC 2023\u00a0\u00a0<\/span><\/strong><\/p>\n<p><a href=\"https:\/\/wp.ufpel.edu.br\/ppgbbio\/files\/2024\/11\/unnamed.jpg\"><img class=\" wp-image-5555 aligncenter\" src=\"https:\/\/wp.ufpel.edu.br\/ppgbbio\/files\/2024\/11\/unnamed-323x400.jpg\" alt=\"\" width=\"408\" height=\"505\" srcset=\"https:\/\/wp.ufpel.edu.br\/ppgbbio\/files\/2024\/11\/unnamed-323x400.jpg 323w, https:\/\/wp.ufpel.edu.br\/ppgbbio\/files\/2024\/11\/unnamed-828x1024.jpg 828w, https:\/\/wp.ufpel.edu.br\/ppgbbio\/files\/2024\/11\/unnamed-768x950.jpg 768w, https:\/\/wp.ufpel.edu.br\/ppgbbio\/files\/2024\/11\/unnamed.jpg 1242w\" sizes=\"(max-width: 408px) 100vw, 408px\" \/><\/a><\/p>\n<p>Venha participar do \u201cCaf\u00e9 Global das Mulheres da IUPAC 2023 na Universidade Federal de Pelotas\u201d. O evento \u00e9 uma iniciativa da Uni\u00e3o Internacional de Qu\u00edmica Pura e Aplicada (International Union of Pure and Applied Chemistry, IUPAC) \u201cGlobal Women\u2019s Breakfast &#8211; GWB\u201d, que promove eventos de networking cient\u00edfico e igualdade de g\u00eanero nos mais diversos pa\u00edses. O GWB ressurgiu em 2019 como parte das comemora\u00e7\u00f5es do centen\u00e1rio de funda\u00e7\u00e3o da IUPAC e, desde ent\u00e3o, \u00e9 um evento anual. No ano de 2023, o tema global do GWB \u00e9 \u201cQuebrando barreiras na ci\u00eancia\u201d. Assim, al\u00e9m de celebrar as conquistas das mulheres na ci\u00eancia e inspirar as novas gera\u00e7\u00f5es para papeis de lideran\u00e7a, o evento discute como avan\u00e7ar nas pautas de igualdade de g\u00eanero na ci\u00eancia.<\/p>\n<p>O evento contar\u00e1 com a presen\u00e7a de cientistas empenhados na promo\u00e7\u00e3o de equidade racial e de g\u00eanero, e est\u00e1 sendo organizado pelas professoras M\u00e1rcia Mesko, Ethel Wilhelm, Adriana Pinheiro e Roselia Spanevello, em conjunto com estudantes dos Programas de P\u00f3s-gradua\u00e7\u00e3o em Qu\u00edmica (PPGQ) e Bioqu\u00edmica e Bioprospe\u00e7\u00e3o (PPGBBio). O evento ocorrer\u00e1 dia 14 de fevereiro de 2023, \u00e0s 10h30min, no audit\u00f3rio t\u00e9rreo do aul\u00e1rio 02, Campus Universit\u00e1rio Cap\u00e3o do Le\u00e3o, UFPel.<\/p>\n<p>O evento \u00e9 gratuito e com certificado!<\/p>\n<p>&nbsp;<\/p>\n<p style=\"text-align: center;\"><span style=\"font-size: 14pt;\"><strong><span style=\"color: #ff0000;\"><em>I WORKSHOP ON BIOANALYTICAL CHEMISTRY\u00a0\u00a0<\/em><\/span><\/strong><\/span><\/p>\n<p><a href=\"https:\/\/wp.ufpel.edu.br\/ppgbbio\/files\/2024\/11\/WhatsApp-Image-2024-11-20-at-22.04.24.jpeg\"><img class=\"wp-image-5517 aligncenter\" src=\"https:\/\/wp.ufpel.edu.br\/ppgbbio\/files\/2024\/11\/WhatsApp-Image-2024-11-20-at-22.04.24-400x400.jpeg\" alt=\"\" width=\"360\" height=\"360\" srcset=\"https:\/\/wp.ufpel.edu.br\/ppgbbio\/files\/2024\/11\/WhatsApp-Image-2024-11-20-at-22.04.24-400x400.jpeg 400w, https:\/\/wp.ufpel.edu.br\/ppgbbio\/files\/2024\/11\/WhatsApp-Image-2024-11-20-at-22.04.24-1024x1024.jpeg 1024w, https:\/\/wp.ufpel.edu.br\/ppgbbio\/files\/2024\/11\/WhatsApp-Image-2024-11-20-at-22.04.24-200x200.jpeg 200w, https:\/\/wp.ufpel.edu.br\/ppgbbio\/files\/2024\/11\/WhatsApp-Image-2024-11-20-at-22.04.24-768x769.jpeg 768w, https:\/\/wp.ufpel.edu.br\/ppgbbio\/files\/2024\/11\/WhatsApp-Image-2024-11-20-at-22.04.24.jpeg 1242w\" sizes=\"(max-width: 360px) 100vw, 360px\" \/><\/a><\/p>\n<p>O Workshop on Bioanalytical Chemistry visa discutir temas relacionados \u00e0s principais tend\u00eancias cient\u00edficas e tecnol\u00f3gicas na \u00e1rea de qu\u00edmica bioanal\u00edtica voltada \u00e0 determina\u00e7\u00e3o elementar, e contar\u00e1 com a presen\u00e7a de renomados pesquisadores internacionais do Laboratory of the Government Chemist &#8211; United Kingdom, National Research Council \u2013 Canada e do Institute of Analytical Chemistry of the Czech Academy Sciences e Czech Academy of Sciences &#8211; Czech Republic. O evento coordenado pela professora M\u00e1rcia Mesko ser\u00e1 realizado no dia 30 de setembro de 2022 das 13h30 \u00e0s 17:00h, no pr\u00e9dio da Meteorologia &#8211; aul\u00e1rio 02, no Campus Universit\u00e1rio Cap\u00e3o do Le\u00e3o, UFPel.<\/p>\n<p style=\"text-align: center;\"><span style=\"color: #008080; font-size: 14pt;\"><em><strong>CURSO DE CAPACITA\u00c7\u00c3O EM USO E MANEJO DE ANIMAIS DE LABORAT\u00d3RIO DA UNIVERSIDADE FEDERAL DE PELOTAS &#8211; Segunda Edi\u00e7\u00e3o\u00a0<\/strong><\/em><\/span><\/p>\n<p><a href=\"https:\/\/wp.ufpel.edu.br\/ppgbbio\/files\/2021\/10\/curso_bioterio.jpeg\"><img class=\"size-medium wp-image-4565 aligncenter\" src=\"https:\/\/wp.ufpel.edu.br\/ppgbbio\/files\/2021\/10\/curso_bioterio-400x400.jpeg\" alt=\"\" width=\"400\" height=\"400\" srcset=\"https:\/\/wp.ufpel.edu.br\/ppgbbio\/files\/2021\/10\/curso_bioterio-400x400.jpeg 400w, https:\/\/wp.ufpel.edu.br\/ppgbbio\/files\/2021\/10\/curso_bioterio-1024x1024.jpeg 1024w, https:\/\/wp.ufpel.edu.br\/ppgbbio\/files\/2021\/10\/curso_bioterio-200x200.jpeg 200w, https:\/\/wp.ufpel.edu.br\/ppgbbio\/files\/2021\/10\/curso_bioterio-768x768.jpeg 768w, https:\/\/wp.ufpel.edu.br\/ppgbbio\/files\/2021\/10\/curso_bioterio.jpeg 1200w\" sizes=\"(max-width: 400px) 100vw, 400px\" \/><\/a><\/p>\n<div style=\"text-align: justify;\"><span style=\"text-decoration: underline;\"><strong>Inscri\u00e7\u00f5es<\/strong><\/span>: 18 de outubro at\u00e9 01 de novembro de 2021.<\/div>\n<div style=\"text-align: justify;\">O curso contar\u00e1 com os m\u00f3dulos te\u00f3rico (ass\u00edncrono) e te\u00f3rico-pr\u00e1tico (s\u00edncrono). O valor do m\u00f3dulo te\u00f3rico ser\u00e1: alunos de gradua\u00e7\u00e3o (R$ 60,00), alunos de p\u00f3s-gradua\u00e7\u00e3o (R$ 100,00) e docentes e outros profissionais (R$ 200,00) e o m\u00f3dulo te\u00f3rico-pr\u00e1tico ser\u00e1 R$ 20,00. O m\u00f3dulo te\u00f3rico ser\u00e1 realizado entre os dias 08 e 30 de novembro de 2021 e ser\u00e1 conduzido no ambiente do e-projetos UFPel de forma ass\u00edncrona. J\u00e1 o m\u00f3dulo te\u00f3rico-pr\u00e1tico acontecer\u00e1 no dia 01\/12\/2021 (tarde) ou 03\/12\/2021 (manh\u00e3).<b><\/b><\/div>\n<div>\n<p><strong>Para maiores informa\u00e7\u00f5es acesse o site: <\/strong><b><a href=\"https:\/\/wp.ufpel.edu.br\/capacitacaobioterioufpel\/\" target=\"_blank\" rel=\"noopener\" data-saferedirecturl=\"https:\/\/www.google.com\/url?q=https:\/\/wp.ufpel.edu.br\/capacitacaobioterioufpel\/&amp;source=gmail&amp;ust=1634730694941000&amp;usg=AFQjCNEq4bQzxmykmUHOAvmx1miSSY7pLg\">https:\/\/wp.ufpel.edu.br\/capacitacaobioterioufpel\/<\/a><\/b><\/p>\n<\/div>\n<p>&nbsp;<\/p>\n<p style=\"text-align: center;\"><span style=\"color: #008080; font-size: 14pt;\"><em><strong>CURSO DE CAPACITA\u00c7\u00c3O EM USO E MANEJO DE ANIMAIS DE LABORAT\u00d3RIO DA UNIVERSIDADE FEDERAL DE PELOTAS &#8211; Primeira Edi\u00e7\u00e3o\u00a0<\/strong><\/em><\/span><\/p>\n<p><a href=\"https:\/\/wp.ufpel.edu.br\/ppgbbio\/files\/2024\/11\/Logo-curso-oficial.png\"><img class=\"wp-image-5548 alignleft\" src=\"https:\/\/wp.ufpel.edu.br\/ppgbbio\/files\/2024\/11\/Logo-curso-oficial-400x397.png\" alt=\"\" width=\"302\" height=\"299\" srcset=\"https:\/\/wp.ufpel.edu.br\/ppgbbio\/files\/2024\/11\/Logo-curso-oficial-400x397.png 400w, https:\/\/wp.ufpel.edu.br\/ppgbbio\/files\/2024\/11\/Logo-curso-oficial-1024x1016.png 1024w, https:\/\/wp.ufpel.edu.br\/ppgbbio\/files\/2024\/11\/Logo-curso-oficial-768x762.png 768w, https:\/\/wp.ufpel.edu.br\/ppgbbio\/files\/2024\/11\/Logo-curso-oficial.png 1101w\" sizes=\"(max-width: 302px) 100vw, 302px\" \/><\/a>Atualmente a comunidade cient\u00edfica em todo mundo vem discutindo a adequa\u00e7\u00e3o de princ\u00edpios \u00e9ticos no uso de animais de laborat\u00f3rio. No Brasil, a lei 11.794 de 08 de outubro de 2008, do Conselho Nacional de Controle de Experimenta\u00e7\u00e3o Animal (CONCEA) estabelece que a cria\u00e7\u00e3o e a utiliza\u00e7\u00e3o de animais em atividades de ensino e pesquisa cient\u00edfica, em todo o territ\u00f3rio nacional, devem obedecer aos crit\u00e9rios estabelecidos nesta Lei. Desta forma, o Programa de P\u00f3s Gradua\u00e7\u00e3o em Bioqu\u00edmica e Bioprospec\u00e7\u00e3o juntamente com o Biot\u00e9rio Central da UFPel, obedecendo a legisla\u00e7\u00e3o vigente organizou um curso de extens\u00e3o, direcionado a toda a comunidade cient\u00edfica que atualmente faz uso de animais de laborat\u00f3rio deste biot\u00e9rio. Assim, este curso tem como objetivo manter um treinamento cont\u00ednuo de alunos e pesquisadores dos diversos departamentos da UFPel al\u00e9m de pesquisadores de institui\u00e7\u00f5es externas colaboradoras.<\/p>\n<p>&nbsp;<\/p>\n<p><strong>Inscri\u00e7\u00f5es:<\/strong> de 03\/03\/2020 a 18\/03\/2020. Preencher a ficha de inscri\u00e7\u00e3o referente ao m\u00f3dulo te\u00f3rico enviar para o e-mail capacitacaobioterioufpel@gmail.com<\/p>\n<p><strong>A programa\u00e7\u00e3o do curso, inscri\u00e7\u00f5es e maiores informa\u00e7\u00f5es podem ser obtidas atrav\u00e9s do site: <\/strong><a href=\"https:\/\/wp.ufpel.edu.br\/capacitacaobioterioufpel\/home\/\">https:\/\/wp.ufpel.edu.br\/capacitacaobioterioufpel\/home\/<\/a><\/p>\n<p>&nbsp;<\/p>\n<p style=\"text-align: center;\"><strong><span style=\"color: #993366;\"><em>ELAS NA CI\u00caNCIA: A UFPEL DISCUTINDO OS DESAFIOS PARA A INCLUS\u00c3O DE NOVOS TALENTOS\u00a0\u00a0<\/em><\/span><\/strong><\/p>\n<p><a href=\"https:\/\/wp.ufpel.edu.br\/ppgbbio\/files\/2024\/11\/Capa-site-01-01.png\"><img class=\"wp-image-5544 aligncenter\" src=\"https:\/\/wp.ufpel.edu.br\/ppgbbio\/files\/2024\/11\/Capa-site-01-01-400x114.png\" alt=\"\" width=\"596\" height=\"170\" srcset=\"https:\/\/wp.ufpel.edu.br\/ppgbbio\/files\/2024\/11\/Capa-site-01-01-400x114.png 400w, https:\/\/wp.ufpel.edu.br\/ppgbbio\/files\/2024\/11\/Capa-site-01-01-1024x293.png 1024w, https:\/\/wp.ufpel.edu.br\/ppgbbio\/files\/2024\/11\/Capa-site-01-01-768x219.png 768w, https:\/\/wp.ufpel.edu.br\/ppgbbio\/files\/2024\/11\/Capa-site-01-01.png 1400w\" sizes=\"(max-width: 596px) 100vw, 596px\" \/><\/a><\/p>\n<div class=\"entry-content\">\n<p style=\"text-align: justify;\">A problem\u00e1tica relacionada \u00e0 (n\u00e3o) presen\u00e7a da mulher no desenvolvimento da ci\u00eancia e tecnologia envolve uma rede complexa de fatores, e este tema vem sendo discutido mundialmente. Nesse sentido, destaca-se a import\u00e2ncia do desenvolvimento de a\u00e7\u00f5es que oportunizem a intera\u00e7\u00e3o de mulheres pesquisadoras e desenvolvedoras de tecnologia, a fim de possibilitar tamb\u00e9m o reconhecimento da atua\u00e7\u00e3o de mulheres na \u00e1rea das ci\u00eancias exatas, e que propiciem o empoderamento das estudantes e profissionais participantes quanto a sua capacidade e poder de escolha. No que diz respeito ao \u00e2mbito educacional, a execu\u00e7\u00e3o de eventos como o proposto, estimula a troca de experi\u00eancias entre as profissionais. Nesse sentido, o evento Elas na Ci\u00eancia prop\u00f5e trazer \u00e0 comunidade acad\u00eamica da UFPel a oportunidade de discutir o tema na forma de confer\u00eancias e mesas redondas, sob a perspectiva de diversos eixos tem\u00e1ticos, com renomadas pesquisadoras das Ci\u00eancias Exatas e \u00f3rg\u00e3os que v\u00eam promovendo a igualdade de g\u00eanero na \u00e1rea.<\/p>\n<\/div>\n<p><strong style=\"color: var(--cor-texto); font-family: var(--fonte-corpo);\">A programa\u00e7\u00e3o do evento e as inscri\u00e7\u00f5es e maiores informa\u00e7\u00f5es podem ser obtidas atrav\u00e9s do site:<\/strong> <a style=\"font-family: var(--fonte-corpo);\" href=\"https:\/\/wp.ufpel.edu.br\/elasnaciencia\/o-evento\/\" data-saferedirecturl=\"https:\/\/www.google.com\/url?q=https:\/\/wp.ufpel.edu.br\/elasnaciencia\/o-evento\/&amp;source=gmail&amp;ust=1568231939434000&amp;usg=AFQjCNHsqpxJ9vzPlPtAqrz95l6AOOTgUw\">https:\/\/wp.ufpel.edu.br\/elasnaciencia\/o-evento\/<\/a><\/p>\n<div class=\"entry-content\">\n<p>&nbsp;<\/p>\n<\/div>\n<p style=\"text-align: center;\"><span style=\"color: #0000ff; font-size: 14pt;\"><em><strong>2nd WORKSHOP ON BIOCHEMISTRY AND BIOPROSPECTING\u00a0<\/strong><\/em><\/span><\/p>\n<p><a href=\"https:\/\/wp.ufpel.edu.br\/workshopppgbbio\/\"><img class=\"wp-image-2432 aligncenter\" src=\"https:\/\/wp.ufpel.edu.br\/ppgbbio\/files\/2018\/10\/cropped-IMG-20180328-WA0018-400x85.jpg\" alt=\"\" width=\"693\" height=\"147\" srcset=\"https:\/\/wp.ufpel.edu.br\/ppgbbio\/files\/2018\/10\/cropped-IMG-20180328-WA0018-400x85.jpg 400w, https:\/\/wp.ufpel.edu.br\/ppgbbio\/files\/2018\/10\/cropped-IMG-20180328-WA0018-768x164.jpg 768w, https:\/\/wp.ufpel.edu.br\/ppgbbio\/files\/2018\/10\/cropped-IMG-20180328-WA0018-1024x219.jpg 1024w, https:\/\/wp.ufpel.edu.br\/ppgbbio\/files\/2018\/10\/cropped-IMG-20180328-WA0018.jpg 1170w\" sizes=\"(max-width: 693px) 100vw, 693px\" \/><\/a><\/p>\n<p>O 2\u00ba Workshop de Bioqu\u00edmica e Bioprospec\u00e7\u00e3o tem como objetivo apresentar e discutir quest\u00f5es atuais que envolvem a \u00e1rea de concentra\u00e7\u00e3o em Bioqu\u00edmica e Bioprospec\u00e7\u00e3o, proporcionando espa\u00e7os de debate, di\u00e1logo e contato interinstitucional entre pesquisadores e a comunidade acad\u00eamica. O cronograma do evento conta com<span style=\"font-size: 12pt;\">\u00a0palestras ministradas <\/span><span style=\"font-size: 12pt;\">por pesquisadores renomados de diferentes institui\u00e7\u00f5es do pa\u00eds: Joerg Feldmman \u2013 Universidade de Aberdeen, Esc\u00f3cia, Reino Unido; Maria Rosa Chitolina Schetinger &#8211; UFSM); Juliano Ferreira\u00a0 &#8211; UFSC); Sandra Elisa Haas \u2013 UNIPAMPA; Mara Helena Hutz \u2013 UFRGS; Eliana Badiale Burlong \u2013 FURG; Iraci Lucena da Silva Torres \u2013 UFRGS; Pio Colepicolo Neto \u2013 USP; Braulio Jimenez \u2013 Universidade de Porto Rico;\u00a0 Fabiana Seixas \u2013 UFPel; Flavio Demarco \u2013 UFPel; Jorge Mario C\u00e1rdenas Paredes \u2013 Universidade Central, Colombia.\u00a0<\/span><\/p>\n<p><span style=\"text-decoration: underline;\"><strong>Inscri\u00e7\u00f5es<\/strong><\/span>: 21 de maio a 04 de junho de 2018.<\/p>\n<p><strong><u>Data<\/u>:<\/strong> 06 a 08 de junho de 2018.<\/p>\n<p><strong><u>Local: <\/u><\/strong>Biblioteca P\u00fablica de Pelotas (Abertura) e\u00a0Audit\u00f3rio Eliseu Maciel (Faculdade de Agronomia Eliseu Maciel, Campus Cap\u00e3o do Le\u00e3o, UFPel).<\/p>\n<p><strong><u>P\u00fablico alvo<\/u>:<\/strong> Professores e pesquisadores, alunos de gradua\u00e7\u00e3o e p\u00f3s-gradua\u00e7\u00e3o dentre outros profissionais ligados \u00e0 \u00e1rea de bioqu\u00edmica e bioprospec\u00e7\u00e3o.<\/p>\n<p><strong>Para maiores informa\u00e7\u00f5es, clique nos <em>links<\/em>: <\/strong><a href=\"https:\/\/wp.ufpel.edu.br\/workshopppgbbio\/\">P\u00e1gina do workshop <\/a><a href=\"https:\/\/wp.ufpel.edu.br\/workshopppgbbio\/schedule\/\">Cronograma workshop<\/a><\/p>\n<div><\/div>\n<div><\/div>\n<div><\/div>\n<div style=\"text-align: center;\"><span style=\"font-size: 14pt;\"><em><span style=\"color: #003366;\"><strong>I WORSHOP EM BIOQU\u00cdMICA E BIOPROSPEC\u00c7\u00c3O<\/strong>\u00a0<\/span><\/em><\/span><\/div>\n<div><\/div>\n<p><a href=\"https:\/\/wp.ufpel.edu.br\/ppgbbio\/files\/2015\/11\/cropped-divulga\u00e7\u00e3o-evento-cabe\u00e7alho3.jpg\"><img class=\"wp-image-603 aligncenter\" src=\"https:\/\/wp.ufpel.edu.br\/ppgbbio\/files\/2015\/11\/cropped-divulga\u00e7\u00e3o-evento-cabe\u00e7alho3-300x62.jpg\" alt=\"\" width=\"570\" height=\"118\" srcset=\"https:\/\/wp.ufpel.edu.br\/ppgbbio\/files\/2015\/11\/cropped-divulga\u00e7\u00e3o-evento-cabe\u00e7alho3-300x62.jpg 300w, https:\/\/wp.ufpel.edu.br\/ppgbbio\/files\/2015\/11\/cropped-divulga\u00e7\u00e3o-evento-cabe\u00e7alho3.jpg 960w\" sizes=\"(max-width: 570px) 100vw, 570px\" \/><\/a><\/p>\n<p><span style=\"font-size: 12pt;\">O I Workshop em Bioqu\u00edmica e Bioprospec\u00e7\u00e3o ir\u00e1 apresentar e discutir assuntos atuais envolvendo a \u00e1rea de concentra\u00e7\u00e3o Bioqu\u00edmica e Bioprospec\u00e7\u00e3o. O cronograma do evento conta com oito palestras ministradas <\/span><span style=\"font-size: 12pt;\">por pesquisadores de diferentes institui\u00e7\u00f5es do pa\u00eds com lideran\u00e7a cient\u00edfica <\/span><span style=\"font-size: 12pt;\">reconhecida dentro da \u00e1rea de bioqu\u00edmica e bioprospec\u00e7\u00e3o: Prof. Dr. Odir Antonio Dellagostin (UFPel); Dra Antoniana Ursine Kretti (FIOCRUZ); Profa Dra Rachel Krolow Santos Silva Bast (UCPel); Profa Dra Iraci Lucena da Silva Torres (UFRGS); Profa Dra Manuella Pinto Kaster (UFSC); Profa Dra Carla Denise Bonan (PUC); Prof. Dr. Cristiano Ricardo Jesse (UNIPAMPA) e Prof. Dr. Pio Colepicolo Neto (USP). Os<\/span><span style=\"font-size: 12pt; color: var(--cor-texto); font-family: var(--fonte-corpo);\">\u00a0<\/span><span style=\"font-size: 12pt;\">discentes de mestrado e doutorado do PPGBBio tamb\u00e9m ir\u00e3o divulgar seus resultados <\/span><span style=\"font-size: 12pt;\">desenvolvidos dentro das linhas do PPGBBio atrav\u00e9s de apresenta\u00e7\u00f5es orais <\/span><\/p>\n<p><span style=\"text-decoration: underline;\"><strong>Inscri\u00e7\u00f5es<\/strong><\/span>: 06 a 24 de novembro de 2015<\/p>\n<p><strong><u>Data:<\/u><\/strong> 26 e 27 de novembro de 2015<\/p>\n<p><strong><u>Local:<\/u><\/strong> Sal\u00e3o Nobre da Faculdade de Agronomia Eliseu Maciel\/ Campus Cap\u00e3o do Le\u00e3o\/ Universidade Federal de Pelotas.<\/p>\n<p><strong><u>P\u00fablico alvo:<\/u><\/strong> Professores e pesquisadores, alunos de gradua\u00e7\u00e3o e p\u00f3s-gradua\u00e7\u00e3o dentre outros profissionais ligados \u00e0 \u00e1rea de bioqu\u00edmica e bioprospec\u00e7\u00e3o.<\/p>\n<div><strong>Para maiores informa\u00e7\u00f5es, clique no links abaixo:<\/strong><\/div>\n<div><\/div>\n<div><a href=\"https:\/\/wp.ufpel.edu.br\/ppgbbio\/files\/2011\/09\/Material-para-o-site-workshop.pdf\">Material para o site workshop<\/a><\/div>\n<div><a href=\"https:\/\/wp.ufpel.edu.br\/ppgbbio\/files\/2011\/09\/cronograma-workshop.pdf\">cronograma workshop<\/a><\/div>\n<div><a href=\"https:\/\/wp.ufpel.edu.br\/ppgbbio\/2015\/11\/27\/672\/\">https:\/\/wp.ufpel.edu.br\/ppgbbio\/2015\/11\/27\/672\/<\/a><\/div>\n<div><a href=\"https:\/\/wp.ufpel.edu.br\/ppgbbio\/2015\/12\/01\/segundo-dia-do-workshop-do-ppgbbio-repete-a-qualidade-do-primeiro\/\">https:\/\/wp.ufpel.edu.br\/ppgbbio\/2015\/12\/01\/segundo-dia-do-workshop-do-ppgbbio-repete-a-qualidade-do-primeiro\/<\/a><\/div>\n","protected":false},"excerpt":{"rendered":"<p>SEMIN\u00c1RIO DE AUTOAVALIA\u00c7\u00c3O DO PPGBBIO\u00a0 O Semin\u00e1rio de Autoavalia\u00e7\u00e3o do Programa de P\u00f3s-Gradua\u00e7\u00e3o em Bioqu\u00edmica e Bioprospec\u00e7\u00e3o (PPGBBio) da Universidade Federal de Pelotas (UFPel) tem como objetivo apresentar e discutir os resultados obtidos a partir de question\u00e1rios online aplicados em novembro de 2024, voltados para docentes, discentes e egressos do Programa. A an\u00e1lise e a [&hellip;]<\/p>\n","protected":false},"author":131,"featured_media":0,"parent":0,"menu_order":0,"comment_status":"closed","ping_status":"closed","template":"","meta":{"footnotes":""},"class_list":["post-24","page","type-page","status-publish","hentry"],"_links":{"self":[{"href":"https:\/\/wp.ufpel.edu.br\/ppgbbio\/wp-json\/wp\/v2\/pages\/24","targetHints":{"allow":["GET"]}}],"collection":[{"href":"https:\/\/wp.ufpel.edu.br\/ppgbbio\/wp-json\/wp\/v2\/pages"}],"about":[{"href":"https:\/\/wp.ufpel.edu.br\/ppgbbio\/wp-json\/wp\/v2\/types\/page"}],"author":[{"embeddable":true,"href":"https:\/\/wp.ufpel.edu.br\/ppgbbio\/wp-json\/wp\/v2\/users\/131"}],"replies":[{"embeddable":true,"href":"https:\/\/wp.ufpel.edu.br\/ppgbbio\/wp-json\/wp\/v2\/comments?post=24"}],"version-history":[{"count":65,"href":"https:\/\/wp.ufpel.edu.br\/ppgbbio\/wp-json\/wp\/v2\/pages\/24\/revisions"}],"predecessor-version":[{"id":5597,"href":"https:\/\/wp.ufpel.edu.br\/ppgbbio\/wp-json\/wp\/v2\/pages\/24\/revisions\/5597"}],"wp:attachment":[{"href":"https:\/\/wp.ufpel.edu.br\/ppgbbio\/wp-json\/wp\/v2\/media?parent=24"}],"curies":[{"name":"wp","href":"https:\/\/api.w.org\/{rel}","templated":true}]}}