{"id":7450,"date":"2021-07-05T14:15:41","date_gmt":"2021-07-05T17:15:41","guid":{"rendered":"https:\/\/wp.ufpel.edu.br\/mestradoartesvisuais\/?page_id=7450"},"modified":"2025-07-11T03:10:30","modified_gmt":"2025-07-11T06:10:30","slug":"neiva-maria-fonseca-bohns","status":"publish","type":"page","link":"https:\/\/wp.ufpel.edu.br\/ppgartes\/neiva-maria-fonseca-bohns\/","title":{"rendered":"Neiva Maria Fonseca Bohns"},"content":{"rendered":"\n<figure class=\"wp-block-image size-full is-resized is-style-default\"><img width=\"122\" height=\"142\" src=\"https:\/\/wp.ufpel.edu.br\/ppgartes\/files\/2021\/07\/foto-neiva-e1625504736405.jpg\" alt=\"\" class=\"wp-image-7452\" style=\"aspect-ratio:1;object-fit:cover;width:350px\"\/><\/figure>\n\n\n<p><span style=\"font-family: georgia, palatino, serif; font-size: 12pt;\"><span style=\"font-size: 18pt;\"><strong><span style=\"font-family: 'trebuchet ms', geneva, sans-serif;\">Neiva Maria Fonseca Bohns <span style=\"font-size: 10pt; color: #999999;\">\/\u00a0<\/span><\/span><\/strong><\/span><span style=\"font-family: 'trebuchet ms', geneva, sans-serif; font-size: 10pt;\"><a href=\"http:\/\/lattes.cnpq.br\/5991390147950572\" target=\"_blank\" rel=\"noopener noreferrer\"><span style=\"color: #999999;\">Curr\u00edculum Lattes<\/span><\/a><br \/><strong>Linha de Pesquisa<\/strong>: <a href=\"https:\/\/wp.ufpel.edu.br\/ppgartes\/linhas-de-pesquisa\/\">Hist\u00f3rias e Teorias das Artes e Transversalidade<\/a><br \/><\/span><\/span><span style=\"font-family: georgia, palatino, serif; font-size: 12pt;\"><span style=\"font-family: 'trebuchet ms', geneva, sans-serif; font-size: 10pt;\"><strong>E-mail: <\/strong>bohnsventos@gmail.com<\/span><\/span><\/p>\n<p><span style=\"font-family: georgia, palatino, serif; font-size: 12pt;\"><span style=\"font-family: 'trebuchet ms', geneva, sans-serif; font-size: 10pt;\"><strong>Forma\u00e7\u00e3o acad\u00eamica<\/strong><br \/>Mestre e Doutora em Hist\u00f3ria, Teoria e Cr\u00edtica das Artes Visuais pela Universidade Federal do Rio Grande do Sul, Brasil. Docente e pesquisadora do Centro de Artes da Universidade Federal de Pelotas, RS, Brasil, onde exerce o cargo de Professora Associada IV. Ministra disciplinas de arte contempor\u00e2nea, arte brasileira e arte no Rio Grande do Sul. Membro do quadro docente do Programa de P\u00f3s-Gradua\u00e7\u00e3o (Mestrado) em Artes Visuais do Centro de Artes da UFPel. Tem experi\u00eancia nas \u00e1reas de metodologia da pesquisa em artes e metodologia do ensino de artes. Atua como cr\u00edtica e curadora de Artes Visuais. Vice-presidente do CBHA (Comit\u00ea Brasileiro de Hist\u00f3ria da Arte), membro da ABCA (Associa\u00e7\u00e3o Brasileira de Cr\u00edticos de Arte) e da ANPAP (Associa\u00e7\u00e3o Nacional de Pesquisadores em Artes Pl\u00e1sticas). Diretora Cultural da Funda\u00e7\u00e3o Vera Chaves Barcellos (FVCB), Viam\u00e3o, RS. Membro do Comit\u00ea de Curadoria e Acervo do Museu de Arte Contempor\u00e2nea do Rio Grande do Sul. Representante no Colegiado Setorial de Artes Visuais da Secretaria do Estado da Cultura do RS. Membro da Diretoria da Associa\u00e7\u00e3o Chico Lisboa, RS.<\/span><\/span><\/p>\n<p>\u00a0<\/p>\n<hr \/>\n<p style=\"text-align: left;\"><span style=\"font-family: georgia, palatino, serif; font-size: 12pt;\"><span style=\"font-family: 'trebuchet ms', geneva, sans-serif;\"><strong>PROJETOS DE PESQUISAS<\/strong><\/span><\/span><\/p>\n<p style=\"padding-left: 40px; text-align: left;\"><span style=\"font-family: georgia, palatino, serif; font-size: 12pt;\"><span style=\"font-family: 'trebuchet ms', geneva, sans-serif; font-size: 10pt;\"><strong>\ud83d\udcc2 Artes Visuais nos s\u00e9culos XX e XXI: pr\u00e1ticas art\u00edsticas, curatoriais e criticismo<\/strong><br \/>Grupo de Pesquisa:\u00a0<\/span><\/span><\/p>\n<p style=\"padding-left: 40px; text-align: left;\"><span style=\"font-family: georgia, palatino, serif; font-size: 12pt;\"><span style=\"font-family: 'trebuchet ms', geneva, sans-serif; font-size: 10pt;\"><strong>\ud83d\udcc2 <span style=\"color: #ff0000;\">[ENCERRADO]<\/span><span style=\"color: #999999;\"> Fundamentos te\u00f3ricos da arte<\/span><\/strong><br \/><span style=\"color: #999999;\">Grupo de Pesquisa:\u00a0<\/span><\/span><\/span><\/p>\n<p>\u00a0<\/p>\n<hr \/>\n<p style=\"text-align: left;\"><span style=\"font-family: georgia, palatino, serif; font-size: 12pt;\"><span style=\"font-family: 'trebuchet ms', geneva, sans-serif;\"><strong>GRUPOS DE PESQUISAS<\/strong><\/span><\/span><\/p>\n<p style=\"padding-left: 40px; text-align: left;\"><span style=\"font-family: georgia, palatino, serif; font-size: 12pt;\"><span style=\"font-family: 'trebuchet ms', geneva, sans-serif; font-size: 10pt;\"><strong>\ud83d\uddc2\ufe0f <a href=\"http:\/\/dgp.cnpq.br\/dgp\/espelhogrupo\/690634\">Arte e sua hist\u00f3ria: visualidades, discursos e sentidos<\/a><br \/><\/strong><\/span><\/span><span style=\"font-family: 'trebuchet ms', geneva, sans-serif; font-size: 10pt;\">L\u00edder(es) do grupo: Rogerio Vanderlei de Lima Trindade<br \/><\/span><span style=\"font-family: georgia, palatino, serif; font-size: 12pt;\"><span style=\"font-family: 'trebuchet ms', geneva, sans-serif; font-size: 10pt;\">Docentes participantes: Ana Paula Parise Malavolta, Aryana Lucia Rech, Fabio Daniel Vieira, Manoel Gildo Alves Neto, Marcelo de Andrade Pereira, Marcia Gonzalez Feij\u00f3, Maur\u00edlio Bertazzo Schuquel, <a href=\"https:\/\/wp.ufpel.edu.br\/ppgartes\/neiva-maria-fonseca-bohns\/\">Neiva Maria Fonseca Bohns<\/a>, Ricardo Henrique Ayres Alves, <a href=\"https:\/\/wp.ufpel.edu.br\/ppgartes\/rogerio-vanderlei-de-lima-trindade\/\">Rogerio Vanderlei de Lima Trindade<\/a><\/span><\/span><\/p>\n<p style=\"padding-left: 40px;\"><span style=\"font-family: georgia, palatino, serif; font-size: 12pt;\"><span style=\"font-family: 'trebuchet ms', geneva, sans-serif; font-size: 10pt;\"><strong>\ud83d\uddc2\ufe0f <a href=\"http:\/\/dgp.cnpq.br\/dgp\/espelhogrupo\/806864\" target=\"_blank\" rel=\"noopener\">Observat\u00f3rio das pr\u00e1ticas art\u00edsticas, curatoriais e cr\u00edticas na \u00e1rea de artes visuais<\/a><br \/><\/strong><\/span><\/span><span style=\"font-family: 'trebuchet ms', geneva, sans-serif; font-size: 10pt;\">L\u00edder(es) do grupo: Neiva Maria Fonseca Bohns <br \/><\/span><span style=\"font-family: georgia, palatino, serif; font-size: 12pt;\"><span style=\"font-family: 'trebuchet ms', geneva, sans-serif; font-size: 10pt;\">Docentes participantes: Cl\u00f3vis Vergara de Almeida Martins Costa, Felipe Bernardes Caldas, Pedro Elias Parente da Silveira, <a href=\"https:\/\/wp.ufpel.edu.br\/ppgartes\/rogerio-vanderlei-de-lima-trindade\/\">Rogerio Vanderlei de Lima Trindade<\/a><\/span><\/span><\/p>\n<p>\u00a0<\/p>\n<hr \/>\n<p style=\"text-align: left;\"><span style=\"font-family: georgia, palatino, serif; font-size: 12pt;\"><span style=\"font-family: 'trebuchet ms', geneva, sans-serif;\"><strong>PESQUISAS ORIENTADAS<\/strong><\/span><\/span><\/p>\n<p style=\"padding-left: 40px; text-align: left;\">MESTRADO<\/p>\n<p style=\"padding-left: 40px; text-align: left;\"><span style=\"font-family: georgia, palatino, serif; font-size: 12pt;\"><span style=\"font-family: 'trebuchet ms', geneva, sans-serif; font-size: 10pt;\"><strong>\ud83d\udcd9 A arte na quietude perene: hist\u00f3ria, arte funer\u00e1ria e est\u00e9tica no Cemit\u00e9rio da Santa Casa da Miseric\u00f3rdia de Pelotas\/RS<\/strong><br \/>Orientando: Jamila Lima Macedo &#8211; Em andamento<\/span><\/span><\/p>\n<p style=\"padding-left: 40px;\"><span style=\"font-family: georgia, palatino, serif; font-size: 12pt;\"><span style=\"font-family: 'trebuchet ms', geneva, sans-serif; font-size: 10pt;\"><strong>\ud83d\udcd9 Alguma coisa faltou aqui: exposi\u00e7\u00f5es de artes visuais como dispositivos anti-epistemicidas<\/strong><br \/>Orientando: Alan Caetano C\u00e2ndido (2024)<\/span><\/span><\/p>\n<p>\u00a0<\/p>\n<div class=\"layout-cell layout-cell-1 text-align-right\">\u00a0<\/div>\n<div class=\"ms-editor-squiggler\" style=\"color: initial; font: initial; background: initial; background-blend-mode: initial; border: initial; border-radius: initial; border-collapse: initial; caption-side: initial; clear: initial; columns: initial; column-fill: initial; column-rule: initial; column-span: initial; cursor: initial; flex: initial; flex-flow: initial; float: initial; height: 0px; letter-spacing: initial; margin: initial; max-height: initial; max-width: initial; min-height: initial; min-width: initial; overflow: initial; padding: initial; text-align: initial; text-decoration: initial; text-indent: initial; text-transform: initial; vertical-align: initial; border-spacing: initial; width: initial;\">\u00a0<\/div>\n<div class=\"ms-editor-squiggler\" style=\"color: initial; font: initial; background: initial; background-blend-mode: initial; border: initial; border-radius: initial; border-collapse: initial; caption-side: initial; clear: initial; columns: initial; column-fill: initial; column-rule: initial; column-span: initial; cursor: initial; flex: initial; flex-flow: initial; float: initial; height: 0px; letter-spacing: initial; margin: initial; max-height: initial; max-width: initial; min-height: initial; min-width: initial; overflow: initial; padding: initial; text-align: initial; text-decoration: initial; text-indent: initial; text-transform: initial; vertical-align: initial; border-spacing: initial; width: initial;\">\u00a0<\/div>\n<div class=\"ms-editor-squiggler\" style=\"color: initial; font: initial; background: initial; background-blend-mode: initial; border: initial; border-radius: initial; border-collapse: initial; caption-side: initial; clear: initial; columns: initial; column-fill: initial; column-rule: initial; column-span: initial; cursor: initial; flex: initial; flex-flow: initial; float: initial; height: 0px; letter-spacing: initial; margin: initial; max-height: initial; max-width: initial; min-height: initial; min-width: initial; overflow: initial; padding: initial; text-align: initial; text-decoration: initial; text-indent: initial; text-transform: initial; vertical-align: initial; border-spacing: initial; width: initial;\">\u00a0<\/div>\n<div class=\"ms-editor-squiggler\" style=\"color: initial; font: initial; background: initial; background-blend-mode: initial; border: initial; border-radius: initial; border-collapse: initial; caption-side: initial; clear: initial; columns: initial; column-fill: initial; column-rule: initial; column-span: initial; cursor: initial; flex: initial; flex-flow: initial; float: initial; height: 0px; letter-spacing: initial; margin: initial; max-height: initial; max-width: initial; min-height: initial; min-width: initial; overflow: initial; padding: initial; text-align: initial; text-decoration: initial; text-indent: initial; text-transform: initial; vertical-align: initial; border-spacing: initial; width: initial;\">\u00a0<\/div>\n<div class=\"ms-editor-squiggler\" style=\"color: initial; font: initial; background: initial; background-blend-mode: initial; border: initial; border-radius: initial; border-collapse: initial; caption-side: initial; clear: initial; columns: initial; column-fill: initial; column-rule: initial; column-span: initial; cursor: initial; flex: initial; flex-flow: initial; float: initial; height: 0px; letter-spacing: initial; margin: initial; max-height: initial; max-width: initial; min-height: initial; min-width: initial; overflow: initial; padding: initial; text-align: initial; text-decoration: initial; text-indent: initial; text-transform: initial; vertical-align: initial; border-spacing: initial; width: initial;\">\u00a0<\/div>\n<div class=\"ms-editor-squiggler\" style=\"color: initial; font: initial; background: initial; background-blend-mode: initial; border: initial; border-radius: initial; border-collapse: initial; caption-side: initial; clear: initial; columns: initial; column-fill: initial; column-rule: initial; column-span: initial; cursor: initial; flex: initial; flex-flow: initial; float: initial; height: 0px; letter-spacing: initial; margin: initial; max-height: initial; max-width: initial; min-height: initial; min-width: initial; overflow: initial; padding: initial; text-align: initial; text-decoration: initial; text-indent: initial; text-transform: initial; vertical-align: initial; border-spacing: initial; width: initial;\">\u00a0<\/div>\n<div class=\"ms-editor-squiggler\" style=\"color: initial; font: initial; background: initial; background-blend-mode: initial; border: initial; border-radius: initial; border-collapse: initial; caption-side: initial; clear: initial; columns: initial; column-fill: initial; column-rule: initial; column-span: initial; cursor: initial; flex: initial; flex-flow: initial; float: initial; height: 0px; letter-spacing: initial; margin: initial; max-height: initial; max-width: initial; min-height: initial; min-width: initial; overflow: initial; padding: initial; text-align: initial; text-decoration: initial; text-indent: initial; text-transform: initial; vertical-align: initial; border-spacing: initial; width: initial;\">\u00a0<\/div>\n<div class=\"ms-editor-squiggler\" style=\"color: initial; font: initial; background: initial; background-blend-mode: initial; border: initial; border-radius: initial; border-collapse: initial; caption-side: initial; clear: initial; columns: initial; column-fill: initial; column-rule: initial; column-span: initial; cursor: initial; flex: initial; flex-flow: initial; float: initial; height: 0px; letter-spacing: initial; margin: initial; max-height: initial; max-width: initial; min-height: initial; min-width: initial; overflow: initial; padding: initial; text-align: initial; text-decoration: initial; text-indent: initial; text-transform: initial; vertical-align: initial; border-spacing: initial; width: initial;\">\u00a0<\/div>\n<div class=\"ms-editor-squiggler\" style=\"color: initial; font: initial; background: initial; background-blend-mode: initial; border: initial; border-radius: initial; border-collapse: initial; caption-side: initial; clear: initial; columns: initial; column-fill: initial; column-rule: initial; column-span: initial; cursor: initial; flex: initial; flex-flow: initial; float: initial; height: 0px; letter-spacing: initial; margin: initial; max-height: initial; max-width: initial; min-height: initial; min-width: initial; overflow: initial; padding: initial; text-align: initial; text-decoration: initial; text-indent: initial; text-transform: initial; vertical-align: initial; border-spacing: initial; width: initial;\">\u00a0<\/div>\n<div class=\"ms-editor-squiggler\" style=\"color: initial; font: initial; background: initial; background-blend-mode: initial; border: initial; border-radius: initial; border-collapse: initial; caption-side: initial; clear: initial; columns: initial; column-fill: initial; column-rule: initial; column-span: initial; cursor: initial; flex: initial; flex-flow: initial; float: initial; height: 0px; letter-spacing: initial; margin: initial; max-height: initial; max-width: initial; min-height: initial; min-width: initial; overflow: initial; padding: initial; text-align: initial; text-decoration: initial; text-indent: initial; text-transform: initial; vertical-align: initial; border-spacing: initial; width: initial;\">\u00a0<\/div>","protected":false},"excerpt":{"rendered":"<p>Neiva Maria Fonseca Bohns \/\u00a0Curr\u00edculum LattesLinha de Pesquisa: Hist\u00f3rias e Teorias das Artes e TransversalidadeE-mail: bohnsventos@gmail.com Forma\u00e7\u00e3o acad\u00eamicaMestre e Doutora em Hist\u00f3ria, Teoria e Cr\u00edtica das Artes Visuais pela Universidade Federal do Rio Grande do Sul, Brasil. Docente e pesquisadora do Centro de Artes da Universidade Federal de Pelotas, RS, Brasil, onde exerce o cargo [&hellip;]<\/p>\n","protected":false},"author":1258,"featured_media":0,"parent":0,"menu_order":0,"comment_status":"closed","ping_status":"closed","template":"","meta":{"footnotes":""},"class_list":["post-7450","page","type-page","status-publish","hentry"],"_links":{"self":[{"href":"https:\/\/wp.ufpel.edu.br\/ppgartes\/wp-json\/wp\/v2\/pages\/7450","targetHints":{"allow":["GET"]}}],"collection":[{"href":"https:\/\/wp.ufpel.edu.br\/ppgartes\/wp-json\/wp\/v2\/pages"}],"about":[{"href":"https:\/\/wp.ufpel.edu.br\/ppgartes\/wp-json\/wp\/v2\/types\/page"}],"author":[{"embeddable":true,"href":"https:\/\/wp.ufpel.edu.br\/ppgartes\/wp-json\/wp\/v2\/users\/1258"}],"replies":[{"embeddable":true,"href":"https:\/\/wp.ufpel.edu.br\/ppgartes\/wp-json\/wp\/v2\/comments?post=7450"}],"version-history":[{"count":5,"href":"https:\/\/wp.ufpel.edu.br\/ppgartes\/wp-json\/wp\/v2\/pages\/7450\/revisions"}],"predecessor-version":[{"id":11051,"href":"https:\/\/wp.ufpel.edu.br\/ppgartes\/wp-json\/wp\/v2\/pages\/7450\/revisions\/11051"}],"wp:attachment":[{"href":"https:\/\/wp.ufpel.edu.br\/ppgartes\/wp-json\/wp\/v2\/media?parent=7450"}],"curies":[{"name":"wp","href":"https:\/\/api.w.org\/{rel}","templated":true}]}}