{"id":7351,"date":"2021-06-18T15:34:14","date_gmt":"2021-06-18T18:34:14","guid":{"rendered":"https:\/\/wp.ufpel.edu.br\/mestradoartesvisuais\/?page_id=7351"},"modified":"2025-07-11T03:12:40","modified_gmt":"2025-07-11T06:12:40","slug":"rogerio-vanderlei-de-lima-trindade","status":"publish","type":"page","link":"https:\/\/wp.ufpel.edu.br\/ppgartes\/rogerio-vanderlei-de-lima-trindade\/","title":{"rendered":"Rog\u00e9rio Vanderlei de Lima Trindade"},"content":{"rendered":"\n<figure class=\"wp-block-image size-full is-resized is-style-default\"><img width=\"1129\" height=\"1129\" src=\"https:\/\/wp.ufpel.edu.br\/ppgartes\/files\/2021\/06\/20210617_100148-e1625487735696.jpg\" alt=\"\" class=\"wp-image-7356\" style=\"aspect-ratio:1;object-fit:cover;width:350px\" srcset=\"https:\/\/wp.ufpel.edu.br\/ppgartes\/files\/2021\/06\/20210617_100148-e1625487735696.jpg 1129w, https:\/\/wp.ufpel.edu.br\/ppgartes\/files\/2021\/06\/20210617_100148-e1625487735696-400x400.jpg 400w, https:\/\/wp.ufpel.edu.br\/ppgartes\/files\/2021\/06\/20210617_100148-e1625487735696-1024x1024.jpg 1024w, https:\/\/wp.ufpel.edu.br\/ppgartes\/files\/2021\/06\/20210617_100148-e1625487735696-200x200.jpg 200w, https:\/\/wp.ufpel.edu.br\/ppgartes\/files\/2021\/06\/20210617_100148-e1625487735696-768x768.jpg 768w\" sizes=\"(max-width: 1129px) 100vw, 1129px\" \/><\/figure>\n\n\n<p><span style=\"font-family: georgia, palatino, serif; font-size: 12pt;\"><span style=\"font-size: 18pt;\"><strong><span style=\"font-family: 'trebuchet ms', geneva, sans-serif;\">Rog\u00e9rio Vanderlei de Lima Trindade <span style=\"font-size: 10pt; color: #999999;\">\/\u00a0<\/span><\/span><\/strong><\/span><span style=\"font-family: 'trebuchet ms', geneva, sans-serif; font-size: 10pt;\"><a href=\"http:\/\/lattes.cnpq.br\/1771149085825080\" target=\"_blank\" rel=\"noopener noreferrer\"><span style=\"color: #999999;\">Curr\u00edculum Lattes<\/span><\/a><br \/><strong>Linha de Pesquisa<\/strong>: <a href=\"https:\/\/wp.ufpel.edu.br\/ppgartes\/linhas-de-pesquisa\/\">Hist\u00f3rias e Teorias das Artes e Transversalidade<\/a><br \/><\/span><\/span><span style=\"font-family: georgia, palatino, serif; font-size: 12pt;\"><span style=\"font-family: 'trebuchet ms', geneva, sans-serif; font-size: 10pt;\"><strong>E-mail: <\/strong>roger01lim@gmail.com<\/span><\/span><\/p>\n<p><span style=\"font-family: georgia, palatino, serif; font-size: 12pt;\"><span style=\"font-family: 'trebuchet ms', geneva, sans-serif; font-size: 10pt;\"><strong>Forma\u00e7\u00e3o acad\u00eamica<\/strong><br \/>Professor Adjunto no Centro de Artes da Universidade Federal de Pelotas &#8211; UFPEL. Doutor em Educa\u00e7\u00e3o pelo Programa de P\u00f3s-Gradua\u00e7\u00e3o em Educa\u00e7\u00e3o (PPGE) &#8211; Linha de Pesquisa LP4 &#8211; Educa\u00e7\u00e3o e Artes &#8211; Universidade Federal de Santa Maria &#8211; UFSM (2017) . Mestre em Arte pelo Programa de P\u00f3s-Gradua\u00e7\u00e3o em Artes Visuais &#8211; Linha de Pesquisa &#8211; Po\u00e9ticas Visuais e Processos de Cria\u00e7\u00e3o (PVPC) -Universidade Estadual de Campinas &#8211; UNICAMP (2002), Especialista em Design de Superf\u00edcie &#8211; Linha de Pesquisa Design de Superf\u00edcie T\u00eaxtil &#8211; Universidade Federal de Santa Maria &#8211; UFSM (1998),Bacharel em Desenho e Pl\u00e1stica &#8211; Universidade Federal de Santa Maria &#8211; UFSM (1995). L\u00edder do Grupo de Pesquisa Arte e sua hist\u00f3ria: Visualidades, discursos e sentidos &#8211; UFPel. Pesquisador do FLOEMA- n\u00facleo de estudos em est\u00e9tica e educa\u00e7\u00e3o &#8211; UFSM. Atua na \u00e1rea de Fundamentos Te\u00f3ricos e Cr\u00edtica das Artes e realiza estudos nos seguintes temas: pintura francesa e os primeiros artistas modernos do S\u00e9c. XIX, hist\u00f3ria da arte moderna e hist\u00f3ria da arte contempor\u00e2nea, po\u00e9ticas do presente, arte e ancestralidade afro-brasileiras, arte e est\u00e9tica relacionais e discursos sobre arte do presente.<br \/><\/span><\/span><\/p>\n<p>\u00a0<\/p>\n<hr \/>\n<p style=\"text-align: left;\"><span style=\"font-family: georgia, palatino, serif; font-size: 12pt;\"><span style=\"font-family: 'trebuchet ms', geneva, sans-serif;\"><strong>PROJETOS DE PESQUISAS<\/strong><\/span><\/span><\/p>\n<p style=\"padding-left: 40px; text-align: left;\"><span style=\"font-family: georgia, palatino, serif; font-size: 12pt;\"><span style=\"font-family: 'trebuchet ms', geneva, sans-serif; font-size: 10pt;\"><strong>\ud83d\udcc2 <span style=\"color: #ff0000;\">[ENCERRADO]<\/span> <span style=\"color: #999999;\"><a style=\"color: #999999;\" href=\"https:\/\/institucional.ufpel.edu.br\/projetos\/id\/u3952\">Ensaios-cognitivos-coletivos: est\u00e9tica e arte relacionais<\/a><\/span><\/strong><br \/><span style=\"color: #999999;\">Grupo de Pesquisa:\u00a0<\/span><\/span><\/span><\/p>\n<p style=\"padding-left: 40px;\"><span style=\"font-family: georgia, palatino, serif; font-size: 12pt;\"><span style=\"font-family: 'trebuchet ms', geneva, sans-serif; font-size: 10pt;\"><strong>\ud83d\udcc2 <a href=\"https:\/\/institucional.ufpel.edu.br\/projetos\/id\/u8387\">Imagens insurgentes: discursos e suas po\u00e9ticas<\/a><\/strong><br \/>Grupo de Pesquisa:\u00a0<\/span><\/span><\/p>\n<p>\u00a0<\/p>\n<hr \/>\n<p style=\"text-align: left;\"><span style=\"font-family: georgia, palatino, serif; font-size: 12pt;\"><span style=\"font-family: 'trebuchet ms', geneva, sans-serif;\"><strong>GRUPOS DE PESQUISAS<\/strong><\/span><\/span><\/p>\n<p style=\"padding-left: 40px;\"><span style=\"font-family: georgia, palatino, serif; font-size: 12pt;\"><span style=\"font-family: 'trebuchet ms', geneva, sans-serif; font-size: 10pt;\"><strong>\ud83d\uddc2\ufe0f <a href=\"http:\/\/dgp.cnpq.br\/dgp\/espelhogrupo\/690634\">Arte e sua hist\u00f3ria: visualidades, discursos e sentidos<\/a><br \/><\/strong><\/span><\/span><span style=\"font-family: 'trebuchet ms', geneva, sans-serif; font-size: 10pt;\">L\u00edder(es) do grupo: Rogerio Vanderlei de Lima Trindade<br \/><\/span><span style=\"font-family: georgia, palatino, serif; font-size: 12pt;\"><span style=\"font-family: 'trebuchet ms', geneva, sans-serif; font-size: 10pt;\">Docentes participantes: Ana Paula Parise Malavolta, Aryana Lucia Rech, Fabio Daniel Vieira, Manoel Gildo Alves Neto, Marcelo de Andrade Pereira, Marcia Gonzalez Feij\u00f3, Maur\u00edlio Bertazzo Schuquel, <a href=\"https:\/\/wp.ufpel.edu.br\/ppgartes\/neiva-maria-fonseca-bohns\/\">Neiva Maria Fonseca Bohns<\/a>, Ricardo Henrique Ayres Alves, <a href=\"https:\/\/wp.ufpel.edu.br\/ppgartes\/rogerio-vanderlei-de-lima-trindade\/\">Rogerio Vanderlei de Lima Trindade<\/a><\/span><\/span><\/p>\n<p>\u00a0<\/p>\n<hr \/>\n<p style=\"text-align: left;\"><span style=\"font-family: georgia, palatino, serif; font-size: 12pt;\"><span style=\"font-family: 'trebuchet ms', geneva, sans-serif;\"><strong>PESQUISAS ORIENTADAS<\/strong><\/span><\/span><\/p>\n<p style=\"padding-left: 40px; text-align: left;\">MESTRADO<\/p>\n<p style=\"padding-left: 40px; text-align: left;\"><span style=\"font-family: georgia, palatino, serif; font-size: 12pt;\"><span style=\"font-family: 'trebuchet ms', geneva, sans-serif; font-size: 10pt;\"><strong>\ud83d\udcd9 \u1eccr\u00fanm\u00ecl\u00e1 e If\u00e1: conhecimento ancestral e suas contribui\u00e7\u00f5es para o estudo da imagem na arte<\/strong><br \/>Orientando: J\u00e9ferson Lu\u00eds Dias da Silva<\/span><\/span><\/p>\n<p style=\"padding-left: 40px;\"><span style=\"font-family: georgia, palatino, serif; font-size: 12pt;\"><span style=\"font-family: 'trebuchet ms', geneva, sans-serif; font-size: 10pt;\"><strong>\ud83d\udcd9 Media\u00e7\u00f5es em Arte: narrativas no Museu de Arte Leopoldo Gotuzzo<\/strong><br \/>Orientando: Let\u00edcia Beck Fonseca<\/span><\/span><\/p>\n<p>\u00a0<\/p>\n<div class=\"ms-editor-squiggler\" style=\"color: initial; font: initial; background: initial; background-blend-mode: initial; border: initial; border-radius: initial; border-collapse: initial; caption-side: initial; clear: initial; columns: initial; column-fill: initial; column-rule: initial; column-span: initial; cursor: initial; flex: initial; flex-flow: initial; float: initial; height: 0px; letter-spacing: initial; margin: initial; max-height: initial; max-width: initial; min-height: initial; min-width: initial; overflow: initial; padding: initial; text-align: initial; text-decoration: initial; text-indent: initial; text-transform: initial; vertical-align: initial; border-spacing: initial; width: initial;\">\u00a0<\/div>\n<div class=\"ms-editor-squiggler\" style=\"color: initial; font: initial; background: initial; background-blend-mode: initial; border: initial; border-radius: initial; border-collapse: initial; caption-side: initial; clear: initial; columns: initial; column-fill: initial; column-rule: initial; column-span: initial; cursor: initial; flex: initial; flex-flow: initial; float: initial; height: 0px; letter-spacing: initial; margin: initial; max-height: initial; max-width: initial; min-height: initial; min-width: initial; overflow: initial; padding: initial; text-align: initial; text-decoration: initial; text-indent: initial; text-transform: initial; vertical-align: initial; border-spacing: initial; width: initial;\">\u00a0<\/div>\n<div class=\"ms-editor-squiggler\" style=\"color: initial; font: initial; background: initial; background-blend-mode: initial; border: initial; border-radius: initial; border-collapse: initial; caption-side: initial; clear: initial; columns: initial; column-fill: initial; column-rule: initial; column-span: initial; cursor: initial; flex: initial; flex-flow: initial; float: initial; height: 0px; letter-spacing: initial; margin: initial; max-height: initial; max-width: initial; min-height: initial; min-width: initial; overflow: initial; padding: initial; text-align: initial; text-decoration: initial; text-indent: initial; text-transform: initial; vertical-align: initial; border-spacing: initial; width: initial;\">\u00a0<\/div>\n<div class=\"ms-editor-squiggler\" style=\"color: initial; font: initial; background: initial; background-blend-mode: initial; border: initial; border-radius: initial; border-collapse: initial; caption-side: initial; clear: initial; columns: initial; column-fill: initial; column-rule: initial; column-span: initial; cursor: initial; flex: initial; flex-flow: initial; float: initial; height: 0px; letter-spacing: initial; margin: initial; max-height: initial; max-width: initial; min-height: initial; min-width: initial; overflow: initial; padding: initial; text-align: initial; text-decoration: initial; text-indent: initial; text-transform: initial; vertical-align: initial; border-spacing: initial; width: initial;\">\u00a0<\/div>\n<div class=\"ms-editor-squiggler\" style=\"color: initial; font: initial; background: initial; background-blend-mode: initial; border: initial; border-radius: initial; border-collapse: initial; caption-side: initial; clear: initial; columns: initial; column-fill: initial; column-rule: initial; column-span: initial; cursor: initial; flex: initial; flex-flow: initial; float: initial; height: 0px; letter-spacing: initial; margin: initial; max-height: initial; max-width: initial; min-height: initial; min-width: initial; overflow: initial; padding: initial; text-align: initial; text-decoration: initial; text-indent: initial; text-transform: initial; vertical-align: initial; border-spacing: initial; width: initial;\">\u00a0<\/div>\n<div class=\"ms-editor-squiggler\" style=\"color: initial; font: initial; background: initial; background-blend-mode: initial; border: initial; border-radius: initial; border-collapse: initial; caption-side: initial; clear: initial; columns: initial; column-fill: initial; column-rule: initial; column-span: initial; cursor: initial; flex: initial; flex-flow: initial; float: initial; height: 0px; letter-spacing: initial; margin: initial; max-height: initial; max-width: initial; min-height: initial; min-width: initial; overflow: initial; padding: initial; text-align: initial; text-decoration: initial; text-indent: initial; text-transform: initial; vertical-align: initial; border-spacing: initial; width: initial;\">\u00a0<\/div>\n<div class=\"ms-editor-squiggler\" style=\"color: initial; font: initial; background: initial; background-blend-mode: initial; border: initial; border-radius: initial; border-collapse: initial; caption-side: initial; clear: initial; columns: initial; column-fill: initial; column-rule: initial; column-span: initial; cursor: initial; flex: initial; flex-flow: initial; float: initial; height: 0px; letter-spacing: initial; margin: initial; max-height: initial; max-width: initial; min-height: initial; min-width: initial; overflow: initial; padding: initial; text-align: initial; text-decoration: initial; text-indent: initial; text-transform: initial; vertical-align: initial; border-spacing: initial; width: initial;\">\u00a0<\/div>\n<div class=\"ms-editor-squiggler\" style=\"color: initial; font: initial; background: initial; background-blend-mode: initial; border: initial; border-radius: initial; border-collapse: initial; caption-side: initial; clear: initial; columns: initial; column-fill: initial; column-rule: initial; column-span: initial; cursor: initial; flex: initial; flex-flow: initial; float: initial; height: 0px; letter-spacing: initial; margin: initial; max-height: initial; max-width: initial; min-height: initial; min-width: initial; overflow: initial; padding: initial; text-align: initial; text-decoration: initial; text-indent: initial; text-transform: initial; vertical-align: initial; border-spacing: initial; width: initial;\">\u00a0<\/div>\n<div class=\"ms-editor-squiggler\" style=\"color: initial; font: initial; background: initial; background-blend-mode: initial; border: initial; border-radius: initial; border-collapse: initial; caption-side: initial; clear: initial; columns: initial; column-fill: initial; column-rule: initial; column-span: initial; cursor: initial; flex: initial; flex-flow: initial; float: initial; height: 0px; letter-spacing: initial; margin: initial; max-height: initial; max-width: initial; min-height: initial; min-width: initial; overflow: initial; padding: initial; text-align: initial; text-decoration: initial; text-indent: initial; text-transform: initial; vertical-align: initial; border-spacing: initial; width: initial;\">\u00a0<\/div>\n<div class=\"ms-editor-squiggler\" style=\"color: initial; font: initial; background: initial; background-blend-mode: initial; border: initial; border-radius: initial; border-collapse: initial; caption-side: initial; clear: initial; columns: initial; column-fill: initial; column-rule: initial; column-span: initial; cursor: initial; flex: initial; flex-flow: initial; float: initial; height: 0px; letter-spacing: initial; margin: initial; max-height: initial; max-width: initial; min-height: initial; min-width: initial; overflow: initial; padding: initial; text-align: initial; text-decoration: initial; text-indent: initial; text-transform: initial; vertical-align: initial; border-spacing: initial; width: initial;\">\u00a0<\/div>","protected":false},"excerpt":{"rendered":"<p>Rog\u00e9rio Vanderlei de Lima Trindade \/\u00a0Curr\u00edculum LattesLinha de Pesquisa: Hist\u00f3rias e Teorias das Artes e TransversalidadeE-mail: roger01lim@gmail.com Forma\u00e7\u00e3o acad\u00eamicaProfessor Adjunto no Centro de Artes da Universidade Federal de Pelotas &#8211; UFPEL. Doutor em Educa\u00e7\u00e3o pelo Programa de P\u00f3s-Gradua\u00e7\u00e3o em Educa\u00e7\u00e3o (PPGE) &#8211; Linha de Pesquisa LP4 &#8211; Educa\u00e7\u00e3o e Artes &#8211; Universidade Federal de Santa [&hellip;]<\/p>\n","protected":false},"author":1258,"featured_media":0,"parent":0,"menu_order":0,"comment_status":"closed","ping_status":"closed","template":"","meta":{"footnotes":""},"class_list":["post-7351","page","type-page","status-publish","hentry"],"_links":{"self":[{"href":"https:\/\/wp.ufpel.edu.br\/ppgartes\/wp-json\/wp\/v2\/pages\/7351","targetHints":{"allow":["GET"]}}],"collection":[{"href":"https:\/\/wp.ufpel.edu.br\/ppgartes\/wp-json\/wp\/v2\/pages"}],"about":[{"href":"https:\/\/wp.ufpel.edu.br\/ppgartes\/wp-json\/wp\/v2\/types\/page"}],"author":[{"embeddable":true,"href":"https:\/\/wp.ufpel.edu.br\/ppgartes\/wp-json\/wp\/v2\/users\/1258"}],"replies":[{"embeddable":true,"href":"https:\/\/wp.ufpel.edu.br\/ppgartes\/wp-json\/wp\/v2\/comments?post=7351"}],"version-history":[{"count":4,"href":"https:\/\/wp.ufpel.edu.br\/ppgartes\/wp-json\/wp\/v2\/pages\/7351\/revisions"}],"predecessor-version":[{"id":11055,"href":"https:\/\/wp.ufpel.edu.br\/ppgartes\/wp-json\/wp\/v2\/pages\/7351\/revisions\/11055"}],"wp:attachment":[{"href":"https:\/\/wp.ufpel.edu.br\/ppgartes\/wp-json\/wp\/v2\/media?parent=7351"}],"curies":[{"name":"wp","href":"https:\/\/api.w.org\/{rel}","templated":true}]}}