{"id":5006,"date":"2021-03-20T15:15:14","date_gmt":"2021-03-20T18:15:14","guid":{"rendered":"https:\/\/wp.ufpel.edu.br\/mestradoartesvisuais\/?page_id=5006"},"modified":"2021-03-20T15:15:14","modified_gmt":"2021-03-20T18:15:14","slug":"docentes-2","status":"publish","type":"page","link":"https:\/\/wp.ufpel.edu.br\/ppgartes\/docentes-2\/","title":{"rendered":"Docentes 2"},"content":{"rendered":"<p style=\"text-align: justify\"><span style=\"font-family: 'trebuchet ms', geneva, sans-serif;font-size: 12pt\"><strong><span style=\"font-size: 18pt\">Docentes Permanentes<\/span><br \/>\n<\/strong><\/span><\/p>\n<p style=\"text-align: justify\"><span style=\"font-family: georgia, palatino, serif;font-size: 12pt\"><strong><a href=\"https:\/\/wp.ufpel.edu.br\/ppgartes\/files\/2019\/05\/Foto-Alice.jpg\"><img class=\"alignleft wp-image-2648 \" src=\"https:\/\/wp.ufpel.edu.br\/ppgartes\/files\/2019\/05\/Foto-Alice-200x200.jpg\" alt=\"\" width=\"100\" height=\"100\" \/><\/a><span style=\"font-family: 'trebuchet ms', geneva, sans-serif\">Alice Jean Monsell <\/span><\/strong><span style=\"font-family: 'trebuchet ms', geneva, sans-serif;font-size: 10pt\">(<a href=\"http:\/\/lattes.cnpq.br\/4833048616847907\">Curr\u00edculum Lattes<\/a>)<\/span><br \/>\n<span style=\"font-family: 'trebuchet ms', geneva, sans-serif;font-size: 10pt\"><strong>Vincula\u00e7\u00e3o institucional<\/strong>: Professora Associada na Universidade Federal de Pelotas.<\/span><br \/>\n<span style=\"font-family: 'trebuchet ms', geneva, sans-serif;font-size: 10pt\"><strong>Forma\u00e7\u00e3o acad\u00eamica<\/strong>: Possui Doutorado (2009) e Mestrado (2000) em Artes Visuais pela Universidade Federal do Rio Grande do Sul (UFRGS); Gradua\u00e7\u00e3o em Pintura, Escultura ou Gravura (1995) pela Universidade Federal de Pelotas (UFPel); e Gradua\u00e7\u00e3o em Ingl\u00eas pela The State University of New Jersey &#8211; New Brunswick, RUTGERS, Estados Unidos. <\/span><span style=\"font-family: 'trebuchet ms', geneva, sans-serif;font-size: 10pt\"><strong>E-mail para contato<\/strong>: alicemondomestico@gmail.com<\/span><\/span><\/p>\n<hr \/>\n<p style=\"text-align: justify\"><span style=\"font-family: georgia, palatino, serif\"><span style=\"font-size: 12pt\"><strong><a href=\"https:\/\/wp.ufpel.edu.br\/ppgartes\/files\/2019\/06\/Foto-Angela.jpg\"><img class=\"alignleft wp-image-2976 \" src=\"https:\/\/wp.ufpel.edu.br\/ppgartes\/files\/2019\/06\/Foto-Angela-200x200.jpg\" alt=\"\" width=\"100\" height=\"100\" \/><\/a><span style=\"font-family: 'trebuchet ms', geneva, sans-serif\">Angela Raffin Pohlmann<\/span><\/strong><span style=\"font-family: 'trebuchet ms', geneva, sans-serif;font-size: 10pt\"> (<a href=\"http:\/\/lattes.cnpq.br\/1188602959337493\">Curr\u00edculum Lattes<\/a>)<\/span><\/span><\/span><span style=\"font-family: 'trebuchet ms', geneva, sans-serif\"><strong><br \/>\n<\/strong><span style=\"font-size: 10pt\"><strong>Vincula\u00e7\u00e3o institucional<\/strong>: Professora Associada na Universidade Federal de Pelotas. Bolsista de Produtividade (PQ-2) do CNPq.<br \/>\n<strong>Forma\u00e7\u00e3o acad\u00eamica<\/strong>: Possui P\u00f3s-doutorado (2018), Doutorado em Educa\u00e7\u00e3o (2005), Mestrado em Artes Visuais (1995) e Gradua\u00e7\u00e3o em Bacharelado em Artes Pl\u00e1sticas (1983), todos pela Universidade Federal do Rio Grande do Sul (UFRGS). <strong>E-mail para contato<\/strong>: angelapohlmann.ufpel<\/span><span style=\"font-size: 10pt\">@gmail.com.<\/span><\/span><\/p>\n<hr \/>\n<p style=\"text-align: justify\"><span style=\"font-family: georgia, palatino, serif;font-size: 12pt\"><strong><a href=\"https:\/\/wp.ufpel.edu.br\/ppgartes\/files\/2019\/05\/Foto-Carmen.jpg\"><img class=\"alignleft wp-image-2650 \" src=\"https:\/\/wp.ufpel.edu.br\/ppgartes\/files\/2019\/05\/Foto-Carmen-200x200.jpg\" alt=\"\" width=\"100\" height=\"100\" \/><\/a><a href=\"http:\/\/lattes.cnpq.br\/2753343798582334\">Carmen Anita Hoffmann<\/a><\/strong>: <strong>Vincula\u00e7\u00e3o institucional<\/strong>: Professora Titular na Universidade Federal de Pelotas. <strong>Forma\u00e7\u00e3o acad\u00eamica<\/strong>: Possui Doutorado em Hist\u00f3ria (2015) pela Pontif\u00edcia Universidade Cat\u00f3lica do Rio Grande do Sul (PUCRS); Mestrado em Hist\u00f3ria \u00cdbero-Americana (2002) e Especializa\u00e7\u00e3o em Ci\u00eancia do Movimento Humano (1996) pela Universidade de Cruz Alta (UNICRUZ); Especializa\u00e7\u00e3o em Forma\u00e7\u00e3o Especial do Curr\u00edculo do Ensino do 2\u00ba Grau. (1992) pela Universidade Regional do Noroeste do Estado do Rio Grande do Sul (UNIJUI); e Gradua\u00e7\u00e3o em Arquitetura e Urbanismo (1980) pela Universidade do Vale do Rio dos Sinos (UNISINOS). <strong>E-mail para contato<\/strong>: carminhalese@yahoo.com.br.<\/span><\/p>\n<p style=\"text-align: justify\"><span style=\"font-family: georgia, palatino, serif\"><span style=\"font-size: 12pt\"><strong><a href=\"https:\/\/wp.ufpel.edu.br\/mestradoartesvisuais\/files\/2019\/05\/Foto-Claudia-e1559063866118.jpg\"><img class=\"alignleft wp-image-2651 \" src=\"https:\/\/wp.ufpel.edu.br\/mestradoartesvisuais\/files\/2019\/05\/Foto-Claudia-e1559063866118-200x200.gif\" alt=\"\" width=\"100\" height=\"100\" \/><\/a><a href=\"http:\/\/lattes.cnpq.br\/4898554772122279\">Cl\u00e1udia Mariza Mattos Brand\u00e3o<\/a><\/strong><\/span>: <strong>Vincula\u00e7\u00e3o<span style=\"font-size: 12pt\"> institucional<\/span><\/strong>: Professora Titular na Universidade Federal de Pelotas.\u00a0<strong>Forma\u00e7\u00e3o<span style=\"font-size: 12pt\"> acad\u00eamica<\/span><\/strong>: Possui P\u00f3s-Doutorado (2019) pela Universidade de Aveiro (UA), Portugal; Doutorado em Educa\u00e7\u00e3o (2012) pela Universidade Federal de Pelotas (UFPel); Mestrado em Educa\u00e7\u00e3o Ambiental (2002) pela Universidade Federal do Rio Grande (FURG); Especializa\u00e7\u00e3o em Artes e Educa\u00e7\u00e3o F\u00edsica na Educa\u00e7\u00e3o B\u00e1sica (2008) pela Universidade Federal do Rio Grande do Sul (UFRGS); e Gradua\u00e7\u00e3o em Educa\u00e7\u00e3o Art\u00edstica Habilita\u00e7\u00e3o Artes Pl\u00e1sticas (1997) e Gradua\u00e7\u00e3o em Engenharia Civil (1980) pela Universidade Federal do Rio Grande (FURG). <strong>E-mail para contato<\/strong>: attos@vetorial.net.<\/span><\/p>\n<p>&nbsp;<\/p>\n<p style=\"text-align: justify\"><span style=\"font-family: georgia, palatino, serif;font-size: 12pt\"><strong><a href=\"https:\/\/wp.ufpel.edu.br\/ppgartes\/files\/2019\/05\/Foto-Claudio.jpg\"><img class=\"alignleft wp-image-2652 \" src=\"https:\/\/wp.ufpel.edu.br\/ppgartes\/files\/2019\/05\/Foto-Claudio-200x200.jpg\" alt=\"\" width=\"100\" height=\"100\" \/><\/a><a href=\"http:\/\/lattes.cnpq.br\/8041917371066975\">Cl\u00e1udio Tarouco de Azevedo<\/a><\/strong>: <strong>Vincula\u00e7\u00e3o institucional<\/strong>: Professor Adjunto na Universidade Federal do Rio Grande &#8211; FURG. <strong>Forma\u00e7\u00e3o acad\u00eamica<\/strong>: Possui P\u00f3s-Doutorado (2016) pela Universidade Federal de Pelotas (UFPel); Doutorado (2013) e Mestrado em Educa\u00e7\u00e3o Ambiental (2010) e Gradua\u00e7\u00e3o em Artes Visuais Licenciatura (2005) pela Universidade Federal do Rio Grande (FURG). <strong>E-mail para contato<\/strong>: claudiohifi@yahoo.com.br.<\/span><\/p>\n<p>&nbsp;<\/p>\n<p style=\"text-align: justify\"><span style=\"font-family: georgia, palatino, serif;font-size: 12pt\"><strong><a href=\"https:\/\/wp.ufpel.edu.br\/ppgartes\/files\/2019\/05\/Foto-Eduarda.jpg\"><img class=\"alignleft wp-image-2653 \" src=\"https:\/\/wp.ufpel.edu.br\/ppgartes\/files\/2019\/05\/Foto-Eduarda-200x200.jpg\" alt=\"\" width=\"100\" height=\"100\" \/><\/a><a href=\"http:\/\/lattes.cnpq.br\/4375817269121969\">Eduarda Azevedo Gon\u00e7alves<\/a><\/strong>: <strong>Vincula\u00e7\u00e3o institucional<\/strong>: Professora Adjunta na Universidade Federal de Pelotas. <strong>Forma\u00e7\u00e3o acad\u00eamica<\/strong>: Possui Doutorado (2011) e Mestrado em Artes Visuais (1999) pela Universidade Federal do Rio Grande do Sul (UFRGS); e Gradua\u00e7\u00e3o em Pintura, Escultura ou Gravura (1995) pela Universidade Federal de Pelotas (UFPel). <strong>E-mail para contato<\/strong>: dudaeduarda.ufpel@gmail.com.<\/span><\/p>\n<p>&nbsp;<\/p>\n<p><span style=\"font-family: georgia, palatino, serif\"><span style=\"font-size: 12pt\"><strong><a href=\"https:\/\/wp.ufpel.edu.br\/ppgartes\/files\/2019\/05\/Foto-Eleonora.jpg\"><img class=\"alignleft wp-image-2654 \" src=\"https:\/\/wp.ufpel.edu.br\/ppgartes\/files\/2019\/05\/Foto-Eleonora-200x200.jpg\" alt=\"\" width=\"100\" height=\"100\" \/><\/a><a href=\"http:\/\/lattes.cnpq.br\/1781461287024939\">Eleonora Campos da Motta Santos<\/a><\/strong>:\u00a0<\/span><strong>Vincula\u00e7\u00e3o institucional<\/strong>: Professora Adjunta na Universidade Federal de Pelotas. <strong>Forma\u00e7\u00e3o acad\u00eamica<\/strong>: Possui Doutorado em Artes C\u00eanicas (2013) e Mestrado em Dan\u00e7a (2008) pela Universidade Federal da Bahia (UFBA); Especializa\u00e7\u00e3o em Capacita\u00e7\u00e3o de profissionais para Org 3\u00b0 Setor (2002) pela Pontif\u00edcia Universidade Cat\u00f3lica do Rio Grande do Sul (PUCRS); Gradua\u00e7\u00e3o em Dan\u00e7a (2007) pela Universidade Federal da Bahia (UFBA); e Gradua\u00e7\u00e3o em Direito (1999) pela Universidade Federal de Pelotas (UFPel). <strong>E-mail para contato<\/strong>: eleonoracamposdamottasantos2@gmail.com.<\/span><\/p>\n<p>&nbsp;<\/p>\n<p style=\"text-align: justify\"><span style=\"font-family: georgia, palatino, serif\"><span style=\"font-size: 12pt\"><strong><a href=\"https:\/\/wp.ufpel.edu.br\/ppgartes\/files\/2019\/05\/Foto-Felipe.jpg\"><img class=\"alignleft wp-image-2655 \" src=\"https:\/\/wp.ufpel.edu.br\/ppgartes\/files\/2019\/05\/Foto-Felipe-200x200.jpg\" alt=\"\" width=\"100\" height=\"100\" \/><\/a><a href=\"http:\/\/lattes.cnpq.br\/4200183261393947\">Felipe Merker Castellani<\/a><\/strong>:\u00a0<\/span><strong>Vincula\u00e7\u00e3o institucional<\/strong>: Professor Adjunto na Universidade Federal de Pelotas. <strong>Forma\u00e7\u00e3o acad\u00eamica<\/strong>: Possui P\u00f3s-Doutorado (2018) pela Universidade Federal do Rio Grande do Sul (UFRGS); Doutorado (2016) e Mestrado em M\u00fasica (2010) pela Universidade Estadual de Campinas (UNICAMP); e Gradua\u00e7\u00e3o em composi\u00e7\u00e3o (2008) pelas Faculdades Santa Marcelina (FASM). <strong>E-mail para contato<\/strong>: felipemerkercastellani@gmail.com.<\/span><\/p>\n<p>&nbsp;<\/p>\n<p style=\"text-align: justify\"><span style=\"font-family: georgia, palatino, serif\"><span style=\"font-size: 12pt\"><strong><a href=\"https:\/\/wp.ufpel.edu.br\/ppgartes\/files\/2019\/05\/Foto-Gabriela.jpg\"><img class=\"alignleft wp-image-2678 \" src=\"https:\/\/wp.ufpel.edu.br\/ppgartes\/files\/2019\/05\/Foto-Gabriela.jpg\" alt=\"\" width=\"100\" height=\"93\" \/><\/a><a href=\"http:\/\/lattes.cnpq.br\/5190056584291355\">Gabriela Kremer da Motta<\/a><\/strong>: <\/span><strong>Vincula\u00e7\u00e3o<span style=\"font-size: 12pt\"> institucional<\/span><\/strong>: Professora Colaboradora, em Est\u00e1gio P\u00f3s-Doutoral <span style=\"font-size: 12pt\">(bolsista PNPD)<\/span>, na Universidade Federal de Pelotas. <strong>Forma\u00e7\u00e3o<\/strong><span style=\"font-size: 12pt\"><strong> acad\u00eamica<\/strong><\/span>: Possui Doutorado em Artes Visuais (2015) pela Universidade de S\u00e3o Paulo (USP); Mestrado em Artes Visuais (2005) pela Universidade Federal do Rio Grande do Sul (UFRGS); e Gradua\u00e7\u00e3o em publicidade e propaganda (1999) Universidade do Vale do Rio dos Sinos (UNISINOS). <strong>E-mail para contato<\/strong>: gabitabu@gmail.com.<\/span><\/p>\n<p>&nbsp;<\/p>\n<p><span style=\"font-family: georgia, palatino, serif\"><span style=\"font-size: 12pt\"><strong><a href=\"https:\/\/wp.ufpel.edu.br\/ppgartes\/files\/2019\/05\/Foto-Helene-1.jpg\"><img class=\"alignleft wp-image-2686 \" src=\"https:\/\/wp.ufpel.edu.br\/ppgartes\/files\/2019\/05\/Foto-Helene-1-200x200.jpg\" alt=\"\" width=\"100\" height=\"100\" srcset=\"https:\/\/wp.ufpel.edu.br\/ppgartes\/files\/2019\/05\/Foto-Helene-1-200x200.jpg 200w, https:\/\/wp.ufpel.edu.br\/ppgartes\/files\/2019\/05\/Foto-Helene-1-400x400.jpg 400w, https:\/\/wp.ufpel.edu.br\/ppgartes\/files\/2019\/05\/Foto-Helene-1.jpg 517w\" sizes=\"(max-width: 100px) 100vw, 100px\" \/><\/a><a href=\"http:\/\/lattes.cnpq.br\/7729369777149419\">Helene Gomes Sacco<\/a><\/strong>:\u00a0<\/span><strong>Vincula\u00e7\u00e3o institucional<\/strong>: Professora Titular na Universidade Federal de Pelotas. <strong>Forma\u00e7\u00e3o acad\u00eamica<\/strong>: Possui Doutorado (2014) e Mestrado em Artes Visuais (2009) pela Universidade Federal do Rio Grande do Sul (UFRGS); Especializa\u00e7\u00e3o em Did\u00e1tica e Metodologia de Ensino Superior (2004) pela Universidade do Extremo Sul Catarinense (UNESC); e Gradua\u00e7\u00e3o em Bacharelado em Artes Visuais (1999) pela Universidade Federal de Pelotas (UFPel). <strong>E-mail para contato<\/strong>: sacco.h@gmail.com.<\/span><\/p>\n<p>&nbsp;<\/p>\n<p><span style=\"font-family: georgia, palatino, serif\"><strong><a href=\"https:\/\/wp.ufpel.edu.br\/mestradoartesvisuais\/files\/2019\/05\/Foto-Larissa-e1559064495599.jpg\"><img class=\"wp-image-2658 alignleft\" src=\"https:\/\/wp.ufpel.edu.br\/mestradoartesvisuais\/files\/2019\/05\/Foto-Larissa-e1559064495599-200x200.gif\" alt=\"\" width=\"100\" height=\"100\" \/><\/a><a href=\"http:\/\/lattes.cnpq.br\/3858201697400054\">Larissa Patron Chaves<\/a><\/strong>: <strong>Vincula\u00e7\u00e3o institucional<\/strong>: Professora Associada na Universidade Federal de Pelotas.<strong> Forma\u00e7\u00e3o acad\u00eamica<\/strong>: Possui P\u00f3s-Doutorado (2019) pela Universidade de \u00c9vora (EU), Portugal; Doutorado em Hist\u00f3ria (2008) pela Universidade do Vale do Rio dos Sinos (UNISINOS); Mestrado em Hist\u00f3ria (2002) pela Pontif\u00edcia Universidade Cat\u00f3lica do Rio Grande do Sul (PUCRS); e Especializa\u00e7\u00e3o em Patrim\u00f4nio Cultural e Conserva\u00e7\u00e3o de Artefatos (1999) e Gradua\u00e7\u00e3o em Artes Pl\u00e1sticas Bacharelado em Pintura (1995) pela Universidade Federal de Pelotas (UFPel). <strong>E-mail para contato<\/strong>: larissapatron@gmail.com.<\/span><\/p>\n<p>&nbsp;<\/p>\n<p><strong><img class=\"alignleft\" src=\"http:\/\/servicosweb.cnpq.br\/wspessoa\/servletrecuperafoto?tipo=1&amp;id=K4708109Z0\" alt=\"\" width=\"91\" height=\"101\" \/><a href=\"http:\/\/lattes.cnpq.br\/9606353077803212\" target=\"_blank\" rel=\"noopener noreferrer\">Lauer Alves Nunes dos Santos<\/a>:<\/strong> \u00a0<strong>Vincula\u00e7\u00e3o institucional<\/strong>: Professor Associado na Universidade Federal de Pelotas. <strong>Forma\u00e7\u00e3o acad\u00eamica<\/strong>: Possui gradua\u00e7\u00e3o em Pintura pela Universidade Federal de Pelotas (1992), mestrado em Artes Visuais pela Universidade Federal do Rio Grande do Sul (1997) e doutorado em Comunica\u00e7\u00e3o e Semi\u00f3tica pela Pontif\u00edcia Universidade Cat\u00f3lica de S\u00e3o Paulo (2003). <strong>E-mail para contato<\/strong>: lauer.ufpel@gmail.com<\/p>\n<p>&nbsp;<\/p>\n<p style=\"text-align: justify\"><span style=\"font-family: georgia, palatino, serif\"><strong><a href=\"https:\/\/wp.ufpel.edu.br\/ppgartes\/files\/2019\/05\/Foto-Lucia.jpg\"><img class=\"alignleft wp-image-2679 \" src=\"https:\/\/wp.ufpel.edu.br\/ppgartes\/files\/2019\/05\/Foto-Lucia-199x200.jpg\" alt=\"\" width=\"99\" height=\"99\" \/><\/a><a href=\"http:\/\/lattes.cnpq.br\/5432502689096973\">Lucia Bergamaschi Costa Weymar<\/a><\/strong>: <strong>Vincula\u00e7\u00e3o institucional<\/strong>: Professora Adjunta na Universidade Federal de Pelotas.\u00a0<strong>Forma\u00e7\u00e3o acad\u00eamica<\/strong>: Possui P\u00f3s-Doutorado (2018) pela Universidade de Lisboa (UL), Portugal; Doutorado em Comunica\u00e7\u00e3o Social (2010) pela Pontif\u00edcia Universidade Cat\u00f3lica do Rio Grande do Sul (PUCRS); Mestrado em Educa\u00e7\u00e3o (2000) e Especializa\u00e7\u00e3o em Artes (1992) pela Universidade Federal de Pelotas (UFPel); e Gradua\u00e7\u00e3o em Educa\u00e7\u00e3o Art\u00edstica (1989), Gradua\u00e7\u00e3o em Letras &#8211; Franc\u00eas-Portugu\u00eas (1989) e Gradua\u00e7\u00e3o em Licenciatura Curta Em Educa\u00e7\u00e3o Art\u00edstica (1985) pela Universidade Federal do Rio Grande (FURG). <strong>E-mail para contato<\/strong>: luciaweymar@gmail.com.<\/span><\/p>\n<p>&nbsp;<\/p>\n<p style=\"text-align: justify\"><span style=\"font-family: georgia, palatino, serif;font-size: 12pt\"><strong><a href=\"https:\/\/wp.ufpel.edu.br\/ppgartes\/files\/2019\/05\/Foto-Nadia.jpg\"><img class=\"alignleft wp-image-2660 \" src=\"https:\/\/wp.ufpel.edu.br\/ppgartes\/files\/2019\/05\/Foto-Nadia-200x200.jpg\" alt=\"\" width=\"100\" height=\"100\" \/><\/a><a href=\"http:\/\/lattes.cnpq.br\/6259571036663263\">N\u00e1dia da Cruz Senna<\/a><\/strong>: <strong>Vincula\u00e7\u00e3o institucional<\/strong>: Professora Associada na Universidade Federal de Pelotas. <strong>Forma\u00e7\u00e3o acad\u00eamica<\/strong>: Possui P\u00f3s-Doutorado (2016) pela Universidade do Algarve (UALG), Portugal; Doutorado em Ci\u00eancias da Comunica\u00e7\u00e3o (2008) pela Universidade de S\u00e3o Paulo (USP); Mestrado em Multimeios (1999) pela Universidade Estadual de Campinas (UNICAMP); Especializa\u00e7\u00e3o em Arte Educa\u00e7\u00e3o (1992) e Gradua\u00e7\u00e3o em Bacharelado em Pintura (1989) pela Universidade Federal de Pelotas (UFPel); e Gradua\u00e7\u00e3o em Engenharia Civil (1984) pela Universidade Federal do Rio Grande (FURG). <strong>E-mail para contato<\/strong>: alecrins@uol.com.br.<\/span><\/p>\n<p>&nbsp;<\/p>\n<p style=\"text-align: justify\"><span style=\"font-family: georgia, palatino, serif\"><span style=\"font-size: 12pt\"><strong><a href=\"https:\/\/wp.ufpel.edu.br\/ppgartes\/files\/2019\/05\/Foto-Renata.png\"><img class=\"alignleft wp-image-2661 \" src=\"https:\/\/wp.ufpel.edu.br\/ppgartes\/files\/2019\/05\/Foto-Renata-200x200.jpg\" alt=\"\" width=\"100\" height=\"100\" \/><\/a><a href=\"http:\/\/lattes.cnpq.br\/2666148508585644\">Renata Azevedo Requi\u00e3o<\/a><\/strong>:\u00a0<strong>Vincula\u00e7\u00e3o institucional<\/strong>: Professora Adjunta na Universidade Federal de Pelotas.\u00a0<\/span><span style=\"font-size: 12pt\"><strong>Forma\u00e7\u00e3o acad\u00eamica<\/strong>: Possui P\u00f3s-Doutorado (2010) pela Universidade Federal de Santa Catarina (UFSC); Doutorado\u00a0 (2002) e Mestrado em Letras (1997) pela Universidade Federal do Rio Grande do Sul (UFRGS); e Gradua\u00e7\u00e3o em Arquitetura e Urbanismo (1994) e Gradua\u00e7\u00e3o em Licenciatura em Letras (1988) pela Universidade Federal de Pelotas (UFPel). <\/span><span style=\"font-size: 12pt\"><strong>E-mail para contato<\/strong>: ar.renata@gmail.com.<\/span><\/span><\/p>\n<p>&nbsp;<\/p>\n<p style=\"text-align: justify\"><span style=\"font-family: georgia, palatino, serif\"><span style=\"font-size: 12pt\"><strong><a href=\"https:\/\/wp.ufpel.edu.br\/ppgartes\/files\/2019\/05\/Foto-Rosangela.jpg\"><img class=\"alignleft wp-image-2662 \" src=\"https:\/\/wp.ufpel.edu.br\/ppgartes\/files\/2019\/05\/Foto-Rosangela-200x200.jpg\" alt=\"\" width=\"100\" height=\"100\" \/><\/a><a href=\"http:\/\/lattes.cnpq.br\/4945604072370805\">Ros\u00e2ngela Fachel de Medeiros<\/a><\/strong>: <\/span><strong>Vincula\u00e7\u00e3o institucional<\/strong>: Professora Visitante na Universidade Federal de Pelotas.\u00a0<strong>Forma\u00e7\u00e3o acad\u00eamica<\/strong>: Possui Doutorado (2008) e Mestrado em Letras (2002) pela Universidade Federal do Rio Grande do Sul (UFRGS); e Gradua\u00e7\u00e3o em Comunica\u00e7\u00e3o Social &#8211; Publicidade e Propaganda (1993) pela Pontif\u00edcia Universidade Cat\u00f3lica do Rio Grande do Sul (PUCRS). <strong>E-mail para contato<\/strong>: rosangelafachel@gmail.com.<\/span><\/p>\n<p>&nbsp;<\/p>\n<p style=\"text-align: justify\"><span style=\"font-family: georgia, palatino, serif\"><span style=\"font-size: 12pt\"><strong style=\"text-align: justify\"><a href=\"https:\/\/wp.ufpel.edu.br\/mestradoartesvisuais\/files\/2019\/05\/Foto-Ursula-e1559064752340.jpg\"><img class=\"alignleft wp-image-2664 \" src=\"https:\/\/wp.ufpel.edu.br\/mestradoartesvisuais\/files\/2019\/05\/Foto-Ursula-e1559064752340-200x200.gif\" alt=\"\" width=\"100\" height=\"100\" \/><\/a><a href=\"http:\/\/lattes.cnpq.br\/2360365860775097\">Ursula Rosa da Silva<\/a><\/strong>:\u00a0<\/span><strong>Vincula\u00e7\u00e3o institucional<\/strong>: Professora Associada na Universidade Federal de Pelotas. <strong>Forma\u00e7\u00e3o acad\u00eamica<\/strong>: Possui Doutorado em Educa\u00e7\u00e3o (2009) pela Universidade Federal de Pelotas (UFPel); Doutorado em Hist\u00f3ria (2002) e Mestrado em Filosofia (1992) pela Pontif\u00edcia Universidade Cat\u00f3lica do Rio Grande do Sul (PUCRS); e Gradua\u00e7\u00e3o em Licenciatura Plena em Filosofia (1988) pela Universidade de Caxias do Sul (UCS). <strong>E-mail para contato<\/strong>: ursularsilva@gmail.com.<\/span><\/p>\n<p>&nbsp;<\/p>\n<p style=\"text-align: justify\"><span style=\"font-family: georgia, palatino, serif;font-size: 18pt\"><strong>Docentes Colaboradores<\/strong><\/span><\/p>\n<p><strong><img class=\"alignleft\" src=\"https:\/\/institucional.ufpel.edu.br\/cache\/imagens\/2f259269994e02410bd28c555d0144bb.jpg\" width=\"98\" height=\"70\" \/><a href=\"http:\/\/lattes.cnpq.br\/0486037905649436\" target=\"_blank\" rel=\"noopener noreferrer\">Daniel Furtado Sim\u00f5es da Silva<\/a>:<\/strong> \u00a0<strong>Vincula\u00e7\u00e3o institucional<\/strong>: Professor Adjunto na Universidade Federal de Pelotas. <strong>Forma\u00e7\u00e3o acad\u00eamica<\/strong>: Cursou o Mestrado em Letras pela Universidade Federal de Minas Gerais (2005), apresentando a disserta\u00e7\u00e3o &#8220;Do texto a cena: Transcria\u00e7\u00f5es da obra de Caio Fernando Abreu&#8221;. Graduou-se em Artes C\u00eanicas pela USP, com habilita\u00e7\u00e3o em Dire\u00e7\u00e3o Teatral (2000). <strong>E-mail para contato<\/strong>: danielfurtado62@gmail.com<\/p>\n<p>&nbsp;<\/p>\n<p><strong><img class=\"alignleft\" src=\"http:\/\/servicosweb.cnpq.br\/wspessoa\/servletrecuperafoto?tipo=1&amp;id=K4267013A8\" width=\"88\" height=\"116\" \/><\/strong><\/p>\n<p><a href=\"http:\/\/lattes.cnpq.br\/0829118535800266\" target=\"_blank\" rel=\"noopener noreferrer\"><strong>Rebeca da Cunha Recuero<\/strong><\/a>: <strong>Vincula\u00e7\u00e3o institucional<\/strong>: Professora Adjunta na Universidade Federal de Pelotas. <strong>Forma\u00e7\u00e3o acad\u00eamica<\/strong>: \u00c9 graduada em Comunica\u00e7\u00e3o Social &#8211; com habilita\u00e7\u00e3o em Jornalismo &#8211; pela Universidade Cat\u00f3lica de Pelotas (2007) e em Medicina Veterin\u00e1ria pela Universidade Federal de Pelotas (2006). \u00e9 doutora e mestre em Ci\u00eancias da Comunica\u00e7\u00e3o pela Universidade do Vale do Rio dos Sinos. Tem P\u00f3s-Doutorado no Programa de P\u00f3s-Gradua\u00e7\u00e3o em Letras na Universidade Cat\u00f3lica de Pelotas (bolsista PNPD\/CAPES). <strong>E-mail para contato<\/strong>: rebecarecuero@gmail.com<\/p>\n<p>&nbsp;<\/p>\n<p><strong><img class=\"alignleft\" src=\"http:\/\/servicosweb.cnpq.br\/wspessoa\/servletrecuperafoto?tipo=1&amp;id=K4764223H0\" width=\"96\" height=\"101\" \/><a href=\"http:\/\/lattes.cnpq.br\/2378620549377634\" target=\"_blank\" rel=\"noopener noreferrer\">Ricardo Perufo Mello<\/a><\/strong> &#8211; <strong>Vincula\u00e7\u00e3o institucional<\/strong>: Professor Adjunto na Universidade Federal de Pelotas. <strong>Forma\u00e7\u00e3o acad\u00eamica<\/strong>: Doutor (2013) e Mestre (2008) em Artes Visuais (\u00eanfase em Po\u00e9ticas Visuais) pelo PPG em Artes Visuais da Universidade Federal do Rio Grande do Sul, UFRGS.\u00a0Prestou Est\u00e1gio P\u00f3s Doutoral (2015) no PPGARTES da Universidade Federal do Par\u00e1 (UFPA). Possui gradua\u00e7\u00e3o em Artes Visuais &#8211; Hab. Design Gr\u00e1fico pela Universidade Federal de Pelotas, UFPel (2003).<br \/>\n<strong>E-mail para contato<\/strong>: verape@yahoo.com<\/p>\n<p>&nbsp;<\/p>\n<p style=\"text-align: justify\"><span style=\"font-family: georgia, palatino, serif\"><span style=\"font-size: 12pt\"><strong><a href=\"https:\/\/wp.ufpel.edu.br\/ppgartes\/files\/2019\/05\/Foto-Thiago.jpg\"><img class=\"alignleft wp-image-2663 \" src=\"https:\/\/wp.ufpel.edu.br\/ppgartes\/files\/2019\/05\/Foto-Thiago-200x200.jpg\" alt=\"\" width=\"100\" height=\"100\" \/><\/a><a href=\"http:\/\/lattes.cnpq.br\/0073480063679881\">Thiago Silva de Amorim Jesus<\/a><\/strong>:\u00a0<\/span><strong>Vincula\u00e7\u00e3o institucional<\/strong>: Professor Adjunto na Universidade Federal de Pelotas.\u00a0<strong>Forma\u00e7\u00e3o acad\u00eamica<\/strong>: Possui Doutorado (2013) e Mestrado em Ci\u00eancias da Linguagem (2009) pela Universidade do Sul de Santa Catarina (UNISUL); Especializa\u00e7\u00e3o em Interdisciplinaridade e Linguagens (2004) e Gradua\u00e7\u00e3o em Dan\u00e7a &#8211; Licenciatura Plena (2002) pela Universidade de Cruz Alta (UNICRUZ). <strong>E-mail para contato<\/strong>: thiagofolclore@gmail.com.<\/span><\/p>\n<p>&nbsp;<\/p>\n<div class=\"ms-editor-squiggler\" style=\"color: initial;font: initial;background: initial;background-blend-mode: initial;border: initial;border-radius: initial;border-collapse: initial;caption-side: initial;clear: initial;columns: initial;column-fill: initial;column-rule: initial;column-span: initial;cursor: initial;flex: initial;flex-flow: initial;float: initial;height: 0px;letter-spacing: initial;margin: initial;max-height: initial;max-width: initial;min-height: initial;min-width: initial;overflow: initial;padding: initial;text-align: initial;text-decoration: initial;text-indent: initial;text-transform: initial;vertical-align: initial;border-spacing: initial;width: initial\"><\/div>\n","protected":false},"excerpt":{"rendered":"<p>Docentes Permanentes Alice Jean Monsell (Curr\u00edculum Lattes) Vincula\u00e7\u00e3o institucional: Professora Associada na Universidade Federal de Pelotas. Forma\u00e7\u00e3o acad\u00eamica: Possui Doutorado (2009) e Mestrado (2000) em Artes Visuais pela Universidade Federal do Rio Grande do Sul (UFRGS); Gradua\u00e7\u00e3o em Pintura, Escultura ou Gravura (1995) pela Universidade Federal de Pelotas (UFPel); e Gradua\u00e7\u00e3o em Ingl\u00eas pela The [&hellip;]<\/p>\n","protected":false},"author":1258,"featured_media":0,"parent":0,"menu_order":0,"comment_status":"closed","ping_status":"closed","template":"","meta":{"footnotes":""},"class_list":["post-5006","page","type-page","status-publish","hentry"],"_links":{"self":[{"href":"https:\/\/wp.ufpel.edu.br\/ppgartes\/wp-json\/wp\/v2\/pages\/5006","targetHints":{"allow":["GET"]}}],"collection":[{"href":"https:\/\/wp.ufpel.edu.br\/ppgartes\/wp-json\/wp\/v2\/pages"}],"about":[{"href":"https:\/\/wp.ufpel.edu.br\/ppgartes\/wp-json\/wp\/v2\/types\/page"}],"author":[{"embeddable":true,"href":"https:\/\/wp.ufpel.edu.br\/ppgartes\/wp-json\/wp\/v2\/users\/1258"}],"replies":[{"embeddable":true,"href":"https:\/\/wp.ufpel.edu.br\/ppgartes\/wp-json\/wp\/v2\/comments?post=5006"}],"version-history":[{"count":0,"href":"https:\/\/wp.ufpel.edu.br\/ppgartes\/wp-json\/wp\/v2\/pages\/5006\/revisions"}],"wp:attachment":[{"href":"https:\/\/wp.ufpel.edu.br\/ppgartes\/wp-json\/wp\/v2\/media?parent=5006"}],"curies":[{"name":"wp","href":"https:\/\/api.w.org\/{rel}","templated":true}]}}