{"id":4829,"date":"2021-03-20T06:55:28","date_gmt":"2021-03-20T09:55:28","guid":{"rendered":"https:\/\/wp.ufpel.edu.br\/mestradoartesvisuais\/?page_id=4829"},"modified":"2025-07-11T03:11:37","modified_gmt":"2025-07-11T06:11:37","slug":"rebeca-da-cunha-recuero","status":"publish","type":"page","link":"https:\/\/wp.ufpel.edu.br\/ppgartes\/rebeca-da-cunha-recuero\/","title":{"rendered":"Rebeca da Cunha Recuero"},"content":{"rendered":"\n<figure class=\"wp-block-image size-full is-resized is-style-default\"><img width=\"500\" height=\"500\" src=\"https:\/\/wp.ufpel.edu.br\/ppgartes\/files\/2021\/03\/foto_Rebeca-Recuero.png\" alt=\"\" class=\"wp-image-4831\" style=\"aspect-ratio:1;object-fit:cover;width:350px\" srcset=\"https:\/\/wp.ufpel.edu.br\/ppgartes\/files\/2021\/03\/foto_Rebeca-Recuero.png 500w, https:\/\/wp.ufpel.edu.br\/ppgartes\/files\/2021\/03\/foto_Rebeca-Recuero-400x400.png 400w, https:\/\/wp.ufpel.edu.br\/ppgartes\/files\/2021\/03\/foto_Rebeca-Recuero-200x200.png 200w\" sizes=\"(max-width: 500px) 100vw, 500px\" \/><\/figure>\n\n\n<p><span style=\"font-family: georgia, palatino, serif; font-size: 12pt;\"><span style=\"font-size: 18pt;\"><strong><span style=\"font-family: 'trebuchet ms', geneva, sans-serif;\">Rebeca Recuero <span style=\"font-size: 10pt; color: #999999;\">\/\u00a0<\/span><\/span><\/strong><\/span><span style=\"font-family: 'trebuchet ms', geneva, sans-serif; font-size: 10pt;\"><span style=\"color: #999999;\"><a style=\"color: #999999;\" href=\"http:\/\/lattes.cnpq.br\/0829118535800266\" target=\"_blank\" rel=\"noopener noreferrer\">Curr\u00edculum Lattes<\/a><\/span><br \/><strong>Linha de Pesquisa<\/strong>: <a href=\"https:\/\/wp.ufpel.edu.br\/ppgartes\/linhas-de-pesquisa\/\">Hist\u00f3rias e Teorias das Artes e Transversalidade<\/a><br \/><\/span><\/span><span style=\"font-family: georgia, palatino, serif; font-size: 12pt;\"><span style=\"font-family: 'trebuchet ms', geneva, sans-serif; font-size: 10pt;\"><strong>E-mail<\/strong>: rebecarecuero@gmail.com<\/span><\/span><\/p>\n<p><span style=\"font-family: georgia, palatino, serif; font-size: 12pt;\"><span style=\"font-family: 'trebuchet ms', geneva, sans-serif; font-size: 10pt;\"><strong>Forma\u00e7\u00e3o acad\u00eamica<\/strong><br \/>\u00c9 graduada em Comunica\u00e7\u00e3o Social \u2013 com habilita\u00e7\u00e3o em Jornalismo \u2013 pela Universidade Cat\u00f3lica de Pelotas (2007) e em Medicina Veterin\u00e1ria pela Universidade Federal de Pelotas (2006). \u00c9 doutora e mestre em Ci\u00eancias da Comunica\u00e7\u00e3o pela Universidade do Vale do Rio dos Sinos. Tem P\u00f3s-Doutorado no Programa de P\u00f3s-Gradua\u00e7\u00e3o em Letras na Universidade Cat\u00f3lica de Pelotas (bolsista PNPD\/CAPES).<\/span><\/span><\/p>\n<p>\u00a0<\/p>\n<hr \/>\n<p><span style=\"font-family: georgia, palatino, serif; font-size: 12pt;\"><span style=\"font-family: 'trebuchet ms', geneva, sans-serif;\"><strong>PROJETOS DE PESQUISAS<\/strong><\/span><\/span><\/p>\n<p style=\"padding-left: 40px;\"><span style=\"font-family: georgia, palatino, serif; font-size: 12pt;\"><span style=\"font-family: 'trebuchet ms', geneva, sans-serif; font-size: 10pt;\"><strong>\ud83d\udcc2 <a href=\"https:\/\/institucional.ufpel.edu.br\/projetos\/id\/u2146\">CIBERDAN\u00c7A: estrutura, organiza\u00e7\u00e3o e din\u00e2mica na cibercultura<\/a><\/strong><br \/>Grupo de Pesquisa: Grupo de Pesquisa em Produ\u00e7\u00f5es Audiovisuais na Cibercultura &#8211; PRACIBER<\/span><\/span><\/p>\n<p style=\"padding-left: 40px;\"><span style=\"font-family: georgia, palatino, serif; font-size: 12pt;\"><span style=\"font-family: 'trebuchet ms', geneva, sans-serif; font-size: 10pt;\"><strong>\ud83d\udcc2 <a href=\"https:\/\/institucional.ufpel.edu.br\/projetos\/id\/u5101\">TURNO 2 \u2013 PESQUISA E CRIA\u00c7\u00c3O ART\u00cdSTICA<\/a><\/strong><br \/>Grupo de Pesquisa:\u00a0<\/span><\/span><\/p>\n<p>\u00a0<\/p>\n<hr \/>\n<p><span style=\"font-family: georgia, palatino, serif; font-size: 12pt;\"><span style=\"font-family: 'trebuchet ms', geneva, sans-serif;\"><strong>GRUPOS DE PESQUISAS<\/strong><\/span><\/span><\/p>\n<p style=\"padding-left: 40px;\"><span style=\"font-family: georgia, palatino, serif; font-size: 12pt;\"><span style=\"font-family: 'trebuchet ms', geneva, sans-serif; font-size: 10pt;\"><strong>\ud83d\uddc2\ufe0f <a href=\"http:\/\/dgp.cnpq.br\/dgp\/espelhogrupo\/477978\" target=\"_blank\" rel=\"noopener\">Grupo de Pesquisa em Produ\u00e7\u00f5es Audiovisuais na Cibercultura &#8211; PRACIBER<\/a>\u00a0 |\u00a0 <a href=\"https:\/\/wp.ufpel.edu.br\/praciber\/\" target=\"_blank\" rel=\"noopener\">site<\/a><\/strong><br \/>L\u00edder(es) do grupo: Rebeca da Cunha Recuero Rebs <br \/>Docentes participantes: Carlos Leonardo Coelho Recuero, Murian dos Reis Ribeiro, <a href=\"https:\/\/wp.ufpel.edu.br\/ppgartes\/rebeca-da-cunha-recuero\/\">Rebeca da Cunha Recuero Rebs<\/a><br \/><\/span><\/span><\/p>\n<p>\u00a0<\/p>\n<hr \/>\n<p style=\"text-align: left;\"><span style=\"font-family: georgia, palatino, serif; font-size: 12pt;\"><span style=\"font-family: 'trebuchet ms', geneva, sans-serif;\"><strong>PESQUISAS ORIENTADAS<\/strong><\/span><\/span><\/p>\n<p style=\"padding-left: 40px; text-align: left;\">MESTRADO<\/p>\n<p>\u00a0<\/p>\n<p style=\"padding-left: 40px; text-align: left;\">\u00a0<\/p>","protected":false},"excerpt":{"rendered":"<p>Rebeca Recuero \/\u00a0Curr\u00edculum LattesLinha de Pesquisa: Hist\u00f3rias e Teorias das Artes e TransversalidadeE-mail: rebecarecuero@gmail.com Forma\u00e7\u00e3o acad\u00eamica\u00c9 graduada em Comunica\u00e7\u00e3o Social \u2013 com habilita\u00e7\u00e3o em Jornalismo \u2013 pela Universidade Cat\u00f3lica de Pelotas (2007) e em Medicina Veterin\u00e1ria pela Universidade Federal de Pelotas (2006). \u00c9 doutora e mestre em Ci\u00eancias da Comunica\u00e7\u00e3o pela Universidade do Vale do [&hellip;]<\/p>\n","protected":false},"author":1258,"featured_media":0,"parent":0,"menu_order":0,"comment_status":"closed","ping_status":"closed","template":"","meta":{"footnotes":""},"class_list":["post-4829","page","type-page","status-publish","hentry"],"_links":{"self":[{"href":"https:\/\/wp.ufpel.edu.br\/ppgartes\/wp-json\/wp\/v2\/pages\/4829","targetHints":{"allow":["GET"]}}],"collection":[{"href":"https:\/\/wp.ufpel.edu.br\/ppgartes\/wp-json\/wp\/v2\/pages"}],"about":[{"href":"https:\/\/wp.ufpel.edu.br\/ppgartes\/wp-json\/wp\/v2\/types\/page"}],"author":[{"embeddable":true,"href":"https:\/\/wp.ufpel.edu.br\/ppgartes\/wp-json\/wp\/v2\/users\/1258"}],"replies":[{"embeddable":true,"href":"https:\/\/wp.ufpel.edu.br\/ppgartes\/wp-json\/wp\/v2\/comments?post=4829"}],"version-history":[{"count":3,"href":"https:\/\/wp.ufpel.edu.br\/ppgartes\/wp-json\/wp\/v2\/pages\/4829\/revisions"}],"predecessor-version":[{"id":11053,"href":"https:\/\/wp.ufpel.edu.br\/ppgartes\/wp-json\/wp\/v2\/pages\/4829\/revisions\/11053"}],"wp:attachment":[{"href":"https:\/\/wp.ufpel.edu.br\/ppgartes\/wp-json\/wp\/v2\/media?parent=4829"}],"curies":[{"name":"wp","href":"https:\/\/api.w.org\/{rel}","templated":true}]}}