{"id":4820,"date":"2021-03-20T06:41:49","date_gmt":"2021-03-20T09:41:49","guid":{"rendered":"https:\/\/wp.ufpel.edu.br\/mestradoartesvisuais\/?page_id=4820"},"modified":"2025-07-15T21:00:26","modified_gmt":"2025-07-16T00:00:26","slug":"ursula-rosa-da-silva","status":"publish","type":"page","link":"https:\/\/wp.ufpel.edu.br\/ppgartes\/ursula-rosa-da-silva\/","title":{"rendered":"Ursula Rosa da Silva"},"content":{"rendered":"\n<figure class=\"wp-block-image size-full is-resized is-style-default\"><img width=\"900\" height=\"1200\" src=\"https:\/\/wp.ufpel.edu.br\/ppgartes\/files\/2025\/07\/FOTO-Ursula-Silva.jpg\" alt=\"\" class=\"wp-image-11172\" style=\"aspect-ratio:1;object-fit:cover;width:350px\" srcset=\"https:\/\/wp.ufpel.edu.br\/ppgartes\/files\/2025\/07\/FOTO-Ursula-Silva.jpg 900w, https:\/\/wp.ufpel.edu.br\/ppgartes\/files\/2025\/07\/FOTO-Ursula-Silva-300x400.jpg 300w, https:\/\/wp.ufpel.edu.br\/ppgartes\/files\/2025\/07\/FOTO-Ursula-Silva-768x1024.jpg 768w\" sizes=\"(max-width: 900px) 100vw, 900px\" \/><\/figure>\n\n\n<p style=\"text-align: left;\"><span style=\"font-family: georgia, palatino, serif; font-size: 12pt;\"><span style=\"font-size: 18pt;\"><strong><span style=\"font-family: 'trebuchet ms', geneva, sans-serif;\">Ursula Rosa da Silva <span style=\"font-size: 10pt; color: #999999;\">\/\u00a0<\/span><\/span><\/strong><\/span><span style=\"font-family: 'trebuchet ms', geneva, sans-serif; font-size: 10pt;\"><span style=\"color: #999999;\"><a style=\"color: #999999;\" href=\"http:\/\/lattes.cnpq.br\/2360365860775097\" target=\"_blank\" rel=\"noopener noreferrer\">Curr\u00edculum Lattes<\/a><\/span><br \/><strong>Linha de Pesquisa<\/strong>: <a href=\"https:\/\/wp.ufpel.edu.br\/ppgartes\/linhas-de-pesquisa\/\">Educa\u00e7\u00e3o em Artes e Processos de Forma\u00e7\u00e3o Est\u00e9tica<\/a><br \/><\/span><\/span><span style=\"font-family: georgia, palatino, serif; font-size: 12pt;\"><span style=\"font-family: 'trebuchet ms', geneva, sans-serif; font-size: 10pt;\"><strong>E-mail<\/strong>: ursularsilva@gmail.com<\/span><\/span><\/p>\n<p style=\"text-align: left;\"><span style=\"font-family: georgia, palatino, serif; font-size: 12pt;\"><span style=\"font-family: 'trebuchet ms', geneva, sans-serif; font-size: 10pt;\"><strong>Forma\u00e7\u00e3o acad\u00eamica<\/strong><br \/>Possui Doutorado em Educa\u00e7\u00e3o (2009) pela Universidade Federal de Pelotas (UFPel); Doutorado em Hist\u00f3ria (2002) e Mestrado em Filosofia (1992) pela Pontif\u00edcia Universidade Cat\u00f3lica do Rio Grande do Sul (PUCRS); e Gradua\u00e7\u00e3o em Licenciatura Plena em Filosofia (1988) pela Universidade de Caxias do Sul (UCS).<\/span><\/span><\/p>\n<p>\u00a0<\/p>\n<hr \/>\n<p style=\"text-align: left;\"><span style=\"font-family: georgia, palatino, serif; font-size: 12pt;\"><span style=\"font-family: 'trebuchet ms', geneva, sans-serif;\"><strong>PROJETOS DE PESQUISAS<\/strong><\/span><\/span><\/p>\n<p style=\"padding-left: 40px; text-align: left;\"><span style=\"font-family: georgia, palatino, serif; font-size: 12pt;\"><span style=\"font-family: 'trebuchet ms', geneva, sans-serif; font-size: 10pt;\"><strong>\ud83d\udcc2 <a href=\"https:\/\/institucional.ufpel.edu.br\/projetos\/id\/u4438\">Arte, Ensino de arte e est\u00e9ticas do Sul<\/a><\/strong><br \/>Grupo de Pesquisa: Caixa de Pandora: estudos em arte, g\u00eanero e mem\u00f3ria<\/span><\/span><\/p>\n<p style=\"padding-left: 40px; text-align: left;\"><span style=\"font-family: georgia, palatino, serif; font-size: 12pt;\"><span style=\"font-family: 'trebuchet ms', geneva, sans-serif; font-size: 10pt;\"><strong>\ud83d\udcc2 <span style=\"color: #ff0000;\">[ENCERRADO]<\/span> <span style=\"color: #999999;\"><a style=\"color: #999999;\" href=\"https:\/\/institucional.ufpel.edu.br\/projetos\/id\/p8978\">A Caixa de Pandora: mulheres artistas e mulheres fil\u00f3sofas no s\u00e9culo XX<\/a><\/span><\/strong><br \/><span style=\"color: #999999;\">Grupo de Pesquisa: Caixa de Pandora: estudos em arte, g\u00eanero e mem\u00f3ria<\/span><br \/><\/span><\/span><\/p>\n<p style=\"padding-left: 40px; text-align: left;\"><span style=\"font-family: georgia, palatino, serif; font-size: 12pt;\"><span style=\"font-family: 'trebuchet ms', geneva, sans-serif; font-size: 10pt;\"><strong>\ud83d\udcc2 <span style=\"color: #ff0000;\">[ENCERRADO]<\/span><span style=\"color: #999999;\"> <a style=\"color: #999999;\" href=\"https:\/\/institucional.ufpel.edu.br\/projetos\/id\/p6070\">Revisitando o Instituto de Letras e Artes (1969-1989)<\/a><\/span><\/strong><br \/><span style=\"color: #999999;\">Grupo de Pesquisa: Caixa de Pandora: estudos em arte, g\u00eanero e mem\u00f3ria<\/span><\/span><\/span><\/p>\n<p>\u00a0<\/p>\n<hr \/>\n<p style=\"text-align: left;\"><span style=\"font-family: georgia, palatino, serif; font-size: 12pt;\"><span style=\"font-family: 'trebuchet ms', geneva, sans-serif;\"><strong>GRUPOS DE PESQUISAS<\/strong><\/span><\/span><\/p>\n<p style=\"padding-left: 40px; text-align: left;\"><span style=\"font-family: georgia, palatino, serif; font-size: 12pt;\"><span style=\"font-family: 'trebuchet ms', geneva, sans-serif; font-size: 10pt;\"><strong>\ud83d\uddc2\ufe0f <a href=\"http:\/\/dgp.cnpq.br\/dgp\/espelhogrupo\/6870585634065883\" target=\"_blank\" rel=\"noopener\">Caixa de Pandora: Estudos em Arte, g\u00eanero e Mem\u00f3ria<\/a><br \/><\/strong><\/span><\/span><span style=\"font-family: 'trebuchet ms', geneva, sans-serif; font-size: 10pt;\">L\u00edder(es) do grupo: Ursula Rosa da Silva, N\u00e1dia da Cruz Senna<br \/><\/span><span style=\"font-family: georgia, palatino, serif; font-size: 12pt;\"><span style=\"font-family: 'trebuchet ms', geneva, sans-serif; font-size: 10pt;\">Docentes participantes: Caroline Leal Bonilha, Larissa Patron Chaves, Ros\u00e2ngela Fachel de Medeiros e Thays Tonin (UFSM)<\/span><\/span><\/p>\n<p>\u00a0<\/p>\n<hr \/>\n<p style=\"text-align: left;\"><span style=\"font-family: georgia, palatino, serif; font-size: 12pt;\"><span style=\"font-family: 'trebuchet ms', geneva, sans-serif;\"><strong>PESQUISAS ORIENTADAS<\/strong><\/span><\/span><\/p>\n<p style=\"padding-left: 40px; text-align: left;\">Doutorado<\/p>\n<p style=\"padding-left: 40px; text-align: left;\"><span style=\"font-family: georgia, palatino, serif; font-size: 12pt;\"><span style=\"font-family: 'trebuchet ms', geneva, sans-serif; font-size: 10pt;\"><strong>\ud83d\udcd9 Materiais Educativos e Pr\u00e1ticas Pedag\u00f3gicas em Arte<\/strong><br \/>Orientando: Renan Silva do Espirito Santo &#8211; Em andamento (In\u00edcio em 2024)<\/span><\/span><\/p>\n<p>\u00a0<\/p>\n<p style=\"padding-left: 40px; text-align: left;\">Mestrado<\/p>\n<p style=\"padding-left: 40px; text-align: left;\"><span style=\"font-family: georgia, palatino, serif; font-size: 12pt;\"><span style=\"font-family: 'trebuchet ms', geneva, sans-serif; font-size: 10pt;\"><strong>\ud83d\udcd9 Processos Criativos no Teatro Escolar: Explorando Po\u00e9ticas e Viv\u00eancias Cotidianas<\/strong><br \/>Orientando: Thairone Dorneles &#8211; Em andamento (In\u00edcio em 2024)<\/span><\/span><\/p>\n<p style=\"padding-left: 40px; text-align: left;\"><span style=\"font-family: georgia, palatino, serif; font-size: 12pt;\"><span style=\"font-family: 'trebuchet ms', geneva, sans-serif; font-size: 10pt;\"><strong>\ud83d\udcd9 Ensino da arte e experiencia est\u00e9tica em sala da aula<\/strong><br \/>Orientando: Sabrina Souza de Souza &#8211; Em andamento (In\u00edcio em 2023)<\/span><\/span><\/p>\n<p style=\"padding-left: 40px; text-align: left;\"><span style=\"font-family: georgia, palatino, serif; font-size: 12pt;\"><span style=\"font-family: 'trebuchet ms', geneva, sans-serif; font-size: 10pt;\"><strong>\ud83d\udcd9 <\/strong><a href=\"http:\/\/guaiaca.ufpel.edu.br\/handle\/prefix\/8293\" target=\"_blank\" rel=\"noopener\"><strong>Media\u00e7\u00e3o atemporal: materiais educativos institucionais e o acervo docente<\/strong><\/a><br \/>Orientando: Renan Silva do Espirito Santo\u00a0(2020)<\/span><\/span><\/p>\n<p style=\"padding-left: 40px; text-align: left;\"><span style=\"font-family: georgia, palatino, serif; font-size: 12pt;\"><span style=\"font-family: 'trebuchet ms', geneva, sans-serif; font-size: 10pt;\"><strong>\ud83d\udcd9 A imagem da m\u00e3e dolorosa e as artes visuais: interseccionalidades de uma doc\u00eancia em dobras<\/strong><br \/>Orientanda: Priscilla Mont-Serrat Pimentel Fernandes (2020)<\/span><\/span><\/p>\n<p style=\"padding-left: 40px; text-align: left;\"><span style=\"font-family: georgia, palatino, serif; font-size: 12pt;\"><span style=\"font-family: 'trebuchet ms', geneva, sans-serif; font-size: 10pt;\"><strong>\ud83d\udcd9 <a href=\"http:\/\/guaiaca.ufpel.edu.br\/bitstream\/prefix\/5512\/1\/MARTA%20LIZANE%20BOTTINI%20DOS%20SANTOS_Dissertacao%2002092019.pdf\" target=\"_blank\" rel=\"noopener noreferrer\">Um jardim, alguns textos, um ou mais corpos: pr\u00e1ticas docentes nas artes\u2026<\/a><\/strong><br \/>Orientanda: Marta Lizane Bottini dos Santos (2019)<\/span><\/span><\/p>\n<p style=\"padding-left: 40px; text-align: left;\"><span style=\"font-family: georgia, palatino, serif; font-size: 12pt;\"><span style=\"font-family: 'trebuchet ms', geneva, sans-serif; font-size: 10pt;\"><strong>\ud83d\udcd9 <a href=\"http:\/\/guaiaca.ufpel.edu.br\/bitstream\/prefix\/5503\/1\/CARLOS%20EDUARDO%20DE%20OLIVEIRA%20PRADO_Dissertacao.pdf\" target=\"_blank\" rel=\"noopener noreferrer\">O contador de hist\u00f3rias contempor\u00e2neo: a forma\u00e7\u00e3o de si, os elementos teatrais e a doc\u00eancia<\/a><\/strong><br \/>Orientando: Carlos Eduardo de Oliveira Prado (2019)<\/span><\/span><\/p>\n<p style=\"padding-left: 40px; text-align: left;\"><span style=\"font-family: georgia, palatino, serif; font-size: 12pt;\"><span style=\"font-family: 'trebuchet ms', geneva, sans-serif; font-size: 10pt;\"><strong>\ud83d\udcd9 <a href=\"http:\/\/guaiaca.ufpel.edu.br:8080\/bitstream\/prefix\/3915\/1\/J%c3%a9sica%20Hencke_Disserta%c3%a7%c3%a3o.pdf\" target=\"_blank\" rel=\"noopener noreferrer\">Paradas, respira\u00e7\u00e3o, encontros: territ\u00f3rios de interven\u00e7\u00e3o, arte contempor\u00e2nea e pr\u00e1tica docente<\/a><\/strong><br \/>Orientanda: J\u00e9ssica Hencke (2018)<\/span><\/span><\/p>\n<p style=\"padding-left: 40px; text-align: left;\"><span style=\"font-family: georgia, palatino, serif; font-size: 12pt;\"><span style=\"font-family: 'trebuchet ms', geneva, sans-serif; font-size: 10pt;\"><strong>\ud83d\udcd9 <a href=\"http:\/\/guaiaca.ufpel.edu.br:8080\/bitstream\/prefix\/3920\/1\/Raquel%20Casanova%20do%20santos%20Wrege_Disserta%c3%a7%c3%a3o.pdf\" target=\"_blank\" rel=\"noopener noreferrer\">Reflexus: o pensamento reflexivo e a experi\u00eancia est\u00e9tica na forma\u00e7\u00e3o docente em artes visuais da UFPEL\/RS<\/a><\/strong><br \/>Orientanda: Raquel Casanova dos Santos Wrege (2018)<\/span><\/span><\/p>\n<p style=\"padding-left: 40px; text-align: left;\"><span style=\"font-family: georgia, palatino, serif; font-size: 12pt;\"><span style=\"font-family: 'trebuchet ms', geneva, sans-serif; font-size: 10pt;\"><strong>\ud83d\udcd9 <a href=\"http:\/\/guaiaca.ufpel.edu.br:8080\/handle\/prefix\/3913\" target=\"_blank\" rel=\"noopener noreferrer\">Escolinha Municipal de Arte de Pelotas: mem\u00f3ria, hist\u00f3ria e ensino de arte (1963\/1998)<\/a><\/strong><br \/>Orientanda: Marge Faria do Amaral Peixoto (2017)<\/span><\/span><\/p>\n<p style=\"padding-left: 40px; text-align: left;\"><span style=\"font-family: georgia, palatino, serif; font-size: 12pt;\"><span style=\"font-family: 'trebuchet ms', geneva, sans-serif; font-size: 10pt;\"><strong>\ud83d\udcd9 <a href=\"http:\/\/repositorio.ufpel.edu.br:8080\/handle\/prefix\/3644\" target=\"_blank\" rel=\"noopener noreferrer\">Cultura visual e identidade: autorretratos, afetos e memorias no ensino das artes visuais<\/a><\/strong><br \/>Orientanda: Fabiana Lopes de Souza (2016)<\/span><\/span><\/p>\n<p style=\"padding-left: 40px; text-align: left;\"><span style=\"font-family: georgia, palatino, serif; font-size: 12pt;\"><span style=\"font-family: 'trebuchet ms', geneva, sans-serif; font-size: 10pt;\"><strong>\ud83d\udcd9 <a href=\"http:\/\/repositorio.ufpel.edu.br:8080\/handle\/prefix\/2845\" target=\"_blank\" rel=\"noopener noreferrer\">Arte Contempor\u00e2nea: cotidiano e experi\u00eancia est\u00e9tica em sala de aula\u00a0<\/a><\/strong><br \/>Orientanda: Ana Beatriz Campos Vaz (2015)<\/span><\/span><\/p>\n<p style=\"padding-left: 40px; text-align: left;\"><span style=\"font-family: georgia, palatino, serif; font-size: 12pt;\"><span style=\"font-family: 'trebuchet ms', geneva, sans-serif; font-size: 10pt;\"><strong>\ud83d\udcd9 <a href=\"https:\/\/wp.ufpel.edu.br\/ppgartes\/files\/2017\/11\/PaulaCriando-Sentidos-com-os-Toys-Art.pdf\" target=\"_blank\" rel=\"noopener noreferrer\">Criando sentidos com os Toys Art<\/a><\/strong><br \/>Orientanda: Paula Pereira Pinto (2015)<\/span><\/span><\/p>\n<p style=\"padding-left: 40px; text-align: left;\"><span style=\"font-family: georgia, palatino, serif; font-size: 12pt;\"><span style=\"font-family: 'trebuchet ms', geneva, sans-serif; font-size: 10pt;\"><strong>\ud83d\udcd9 <a href=\"https:\/\/drive.google.com\/file\/d\/1RWKWDEHwJz3NnMOknEDL4TLcCQ27yESX\/view\" target=\"_blank\" rel=\"noopener noreferrer\">Arte t\u00eaxtil e estesia: entrela\u00e7amento, fios, pontos com a educa\u00e7\u00e3o est\u00e9tica em oficinas de cria\u00e7\u00e3o coletiva<\/a><\/strong><br \/>Orientanda: Ana Manuela Farias Regis\u00a0(2014)<\/span><\/span><\/p>\n<p style=\"padding-left: 40px; text-align: left;\"><span style=\"font-family: georgia, palatino, serif; font-size: 12pt;\"><span style=\"font-family: 'trebuchet ms', geneva, sans-serif; font-size: 10pt;\"><strong>\ud83d\udcd9 <a href=\"http:\/\/pergamum.ufpel.edu.br:8080\/pergamumweb\/vinculos\/00007e\/00007e49.pdf\" target=\"_blank\" rel=\"noopener noreferrer\">Experi\u00eancias em busca do desenho infantil dentro de uma perspectiva interdisciplinar de ensino<\/a><\/strong><br \/>Orientanda: Jacqueline Neves Silva\u00a0(2014)<\/span><\/span><\/p>\n<div class=\"ms-editor-squiggler\" style=\"color: initial; font: initial; background: initial; background-blend-mode: initial; border: initial; border-radius: initial; border-collapse: initial; caption-side: initial; clear: initial; columns: initial; column-fill: initial; column-rule: initial; column-span: initial; cursor: initial; flex: initial; flex-flow: initial; float: initial; height: 0px; letter-spacing: initial; margin: initial; max-height: initial; max-width: initial; min-height: initial; min-width: initial; overflow: initial; padding: initial; text-align: left; text-decoration: initial; text-indent: initial; text-transform: initial; vertical-align: initial; border-spacing: initial; width: initial;\">\u00a0<\/div>\n<div class=\"ms-editor-squiggler\" style=\"color: initial; font: initial; background: initial; background-blend-mode: initial; border: initial; border-radius: initial; border-collapse: initial; caption-side: initial; clear: initial; columns: initial; column-fill: initial; column-rule: initial; column-span: initial; cursor: initial; flex: initial; flex-flow: initial; float: initial; height: 0px; letter-spacing: initial; margin: initial; max-height: initial; max-width: initial; min-height: initial; min-width: initial; overflow: initial; padding: initial; text-align: left; text-decoration: initial; text-indent: initial; text-transform: initial; vertical-align: initial; border-spacing: initial; width: initial;\">\u00a0<\/div>","protected":false},"excerpt":{"rendered":"<p>Ursula Rosa da Silva \/\u00a0Curr\u00edculum LattesLinha de Pesquisa: Educa\u00e7\u00e3o em Artes e Processos de Forma\u00e7\u00e3o Est\u00e9ticaE-mail: ursularsilva@gmail.com Forma\u00e7\u00e3o acad\u00eamicaPossui Doutorado em Educa\u00e7\u00e3o (2009) pela Universidade Federal de Pelotas (UFPel); Doutorado em Hist\u00f3ria (2002) e Mestrado em Filosofia (1992) pela Pontif\u00edcia Universidade Cat\u00f3lica do Rio Grande do Sul (PUCRS); e Gradua\u00e7\u00e3o em Licenciatura Plena em Filosofia [&hellip;]<\/p>\n","protected":false},"author":1258,"featured_media":0,"parent":0,"menu_order":0,"comment_status":"closed","ping_status":"closed","template":"","meta":{"footnotes":""},"class_list":["post-4820","page","type-page","status-publish","hentry"],"_links":{"self":[{"href":"https:\/\/wp.ufpel.edu.br\/ppgartes\/wp-json\/wp\/v2\/pages\/4820","targetHints":{"allow":["GET"]}}],"collection":[{"href":"https:\/\/wp.ufpel.edu.br\/ppgartes\/wp-json\/wp\/v2\/pages"}],"about":[{"href":"https:\/\/wp.ufpel.edu.br\/ppgartes\/wp-json\/wp\/v2\/types\/page"}],"author":[{"embeddable":true,"href":"https:\/\/wp.ufpel.edu.br\/ppgartes\/wp-json\/wp\/v2\/users\/1258"}],"replies":[{"embeddable":true,"href":"https:\/\/wp.ufpel.edu.br\/ppgartes\/wp-json\/wp\/v2\/comments?post=4820"}],"version-history":[{"count":5,"href":"https:\/\/wp.ufpel.edu.br\/ppgartes\/wp-json\/wp\/v2\/pages\/4820\/revisions"}],"predecessor-version":[{"id":11173,"href":"https:\/\/wp.ufpel.edu.br\/ppgartes\/wp-json\/wp\/v2\/pages\/4820\/revisions\/11173"}],"wp:attachment":[{"href":"https:\/\/wp.ufpel.edu.br\/ppgartes\/wp-json\/wp\/v2\/media?parent=4820"}],"curies":[{"name":"wp","href":"https:\/\/api.w.org\/{rel}","templated":true}]}}