{"id":4808,"date":"2021-03-20T05:56:00","date_gmt":"2021-03-20T08:56:00","guid":{"rendered":"https:\/\/wp.ufpel.edu.br\/mestradoartesvisuais\/?page_id=4808"},"modified":"2021-03-20T05:56:00","modified_gmt":"2021-03-20T08:56:00","slug":"lucia-bergamaschi-costa-weymar","status":"publish","type":"page","link":"https:\/\/wp.ufpel.edu.br\/ppgartes\/lucia-bergamaschi-costa-weymar\/","title":{"rendered":"Lucia Bergamaschi Costa Weymar"},"content":{"rendered":"<p><span style=\"font-family: georgia, palatino, serif;font-size: 12pt\"><strong><a href=\"https:\/\/wp.ufpel.edu.br\/ppgartes\/files\/2019\/05\/Foto-Lucia.jpg\"><img class=\"wp-image-2679 size-thumbnail alignleft\" src=\"https:\/\/wp.ufpel.edu.br\/ppgartes\/files\/2019\/05\/Foto-Lucia-199x200.jpg\" alt=\"\" width=\"199\" height=\"200\" \/><\/a><\/strong><\/span><\/p>\n<p>&nbsp;<\/p>\n<p>&nbsp;<\/p>\n<p>&nbsp;<\/p>\n<p><span style=\"font-family: georgia, palatino, serif;font-size: 12pt\"><span style=\"font-size: 18pt\"><strong><span style=\"font-family: 'trebuchet ms', geneva, sans-serif\">L\u00facia Bergamaschi Costa Weymar <span style=\"font-size: 10pt;color: #999999\">\/\u00a0<\/span><\/span><\/strong><\/span><span style=\"font-family: 'trebuchet ms', geneva, sans-serif;font-size: 10pt\"><span style=\"color: #999999\"><a style=\"color: #999999\" href=\"http:\/\/lattes.cnpq.br\/5432502689096973\" target=\"_blank\" rel=\"noopener noreferrer\">Curr\u00edculum Lattes<\/a><\/span><br \/>\n<strong>Linha de Pesquisa<\/strong>: <a href=\"https:\/\/wp.ufpel.edu.br\/mestradoartesvisuais\/linhas-de-pesquisa\/educacao-em-artes-e-processos-de-formacao-estetica\/\">Educa\u00e7\u00e3o em Artes e Processos de Forma\u00e7\u00e3o Est\u00e9tica<\/a><br \/>\n<\/span><\/span><span style=\"font-family: georgia, palatino, serif;font-size: 12pt\"><span style=\"font-family: 'trebuchet ms', geneva, sans-serif;font-size: 10pt\"><strong>Vincula\u00e7\u00e3o institucional<\/strong>: Professora Adjunta na Universidade Federal de Pelotas<\/span><\/span><\/p>\n<p><span style=\"font-family: georgia, palatino, serif;font-size: 12pt\"><span style=\"font-family: 'trebuchet ms', geneva, sans-serif;font-size: 10pt\"><strong><br \/>\nForma\u00e7\u00e3o acad\u00eamica<\/strong><br \/>\nPossui P\u00f3s-Doutorado (2018) pela Universidade de Lisboa (UL), Portugal; Doutorado em Comunica\u00e7\u00e3o Social (2010) pela Pontif\u00edcia Universidade Cat\u00f3lica do Rio Grande do Sul (PUCRS); Mestrado em Educa\u00e7\u00e3o (2000) e Especializa\u00e7\u00e3o em Artes (1992) pela Universidade Federal de Pelotas (UFPel); e Gradua\u00e7\u00e3o em Educa\u00e7\u00e3o Art\u00edstica (1989), Gradua\u00e7\u00e3o em Letras \u2013 Franc\u00eas-Portugu\u00eas (1989) e Gradua\u00e7\u00e3o em Licenciatura Curta Em Educa\u00e7\u00e3o Art\u00edstica (1985) pela Universidade Federal do Rio Grande (FURG).<\/span><\/span><\/p>\n<p><span style=\"font-family: georgia, palatino, serif;font-size: 12pt\"><span style=\"font-family: 'trebuchet ms', geneva, sans-serif;font-size: 10pt\"><strong>E-mail<\/strong>: luciaweymar@gmail.com<\/span><\/span><\/p>\n<hr \/>\n<p><span style=\"font-family: georgia, palatino, serif;font-size: 12pt\"><span style=\"font-family: 'trebuchet ms', geneva, sans-serif\"><strong>PROJETOS DE PESQUISAS<\/strong><\/span><\/span><\/p>\n<p><span style=\"font-family: georgia, palatino, serif;font-size: 12pt\"><span style=\"font-family: 'trebuchet ms', geneva, sans-serif;font-size: 10pt\"><strong>_<\/strong><br \/>\nGrupo de Pesquisa:\u00a0<\/span><\/span><\/p>\n<hr \/>\n<p><span style=\"font-family: georgia, palatino, serif;font-size: 12pt\"><span style=\"font-family: 'trebuchet ms', geneva, sans-serif\"><strong>GRUPOS DE PESQUISAS<\/strong><\/span><\/span><\/p>\n<p><span style=\"font-family: georgia, palatino, serif;font-size: 12pt\"><span style=\"font-family: 'trebuchet ms', geneva, sans-serif;font-size: 10pt\"><strong>Grupo de Pesquisa em Linguagens, Metodologias e Teorias do Design<\/strong><br \/>\nDocentes participantes: L\u00facia Bergamaschi Costa Weymar (L\u00edder)<br \/>\n<\/span><\/span><\/p>\n<p><span style=\"font-family: georgia, palatino, serif;font-size: 12pt\"><span style=\"font-family: 'trebuchet ms', geneva, sans-serif;font-size: 10pt\"><strong>Percursos Po\u00e9ticos: procedimentos e grafias na contemporaneidade<\/strong><br \/>\nDocentes participantes: Angela Raffin Pohlmann (L\u00edder), Alice Jean Monsell (Pesquisadora), L\u00facia Bergamaschi Costa Weymar (Pesquisadora) e N\u00e1dia da Cruz Senna (Pesquisadora)<\/span><\/span><\/p>\n<hr \/>\n<p><span style=\"font-family: georgia, palatino, serif;font-size: 12pt\"><span style=\"font-family: 'trebuchet ms', geneva, sans-serif\"><strong>PESQUISAS ORIENTADAS<\/strong><\/span><\/span><\/p>\n<p><span style=\"font-family: georgia, palatino, serif;font-size: 12pt\"><span style=\"font-family: 'trebuchet ms', geneva, sans-serif;font-size: 10pt\"><strong><a href=\"http:\/\/guaiaca.ufpel.edu.br\/bitstream\/prefix\/5508\/1\/JOANA%20LUISA%20KRUPP_Dissertacao.pdf\" target=\"_blank\" rel=\"noopener noreferrer\">O que esperam de n\u00f3s: um olhar contempor\u00e2neo sobre a representa\u00e7\u00e3o art\u00edstica da mulher nos cartazes de propaganda nazista<\/a><\/strong><br \/>\nOrientanda: <a href=\"https:\/\/wp.ufpel.edu.br\/mestradoartesvisuais\/joana-luisa-krupp\/\">Joana Luisa Krupp<\/a> (2019)<\/span><\/span><\/p>\n<p><span style=\"font-family: georgia, palatino, serif;font-size: 12pt\"><span style=\"font-family: 'trebuchet ms', geneva, sans-serif;font-size: 10pt\"><strong><a href=\"http:\/\/guaiaca.ufpel.edu.br\/handle\/prefix\/4418\" target=\"_blank\" rel=\"noopener noreferrer\">O esp\u00edrito do som: encontros entre design, m\u00fasica e artes visuais no projeto gr\u00e1fico de capas de disco<\/a><\/strong><br \/>\nOrientando: <a href=\"https:\/\/wp.ufpel.edu.br\/mestradoartesvisuais\/emerson-ferreira-da-silva\/\">Emerson Ferreira da Silva<\/a> (2018)<\/span><\/span><\/p>\n<p><span style=\"font-family: georgia, palatino, serif;font-size: 12pt\"><span style=\"font-family: 'trebuchet ms', geneva, sans-serif;font-size: 10pt\"><strong><a href=\"http:\/\/guaiaca.ufpel.edu.br\/bitstream\/prefix\/3918\/1\/Jordan%20%c3%81vila%20Martins_Disserta%c3%a7%c3%a3o.pdf\" target=\"_blank\" rel=\"noopener noreferrer\">Invent\u00e1rio do artista: um pequeno relic\u00e1rio de grandes afetos<\/a><\/strong><br \/>\nOrientando: <a href=\"https:\/\/wp.ufpel.edu.br\/mestradoartesvisuais\/jordan-avila-martins\/\">Jordan A\u0301vila Martins<\/a> (2017)<\/span><\/span><\/p>\n<p><span style=\"font-family: georgia, palatino, serif;font-size: 12pt\"><span style=\"font-family: 'trebuchet ms', geneva, sans-serif;font-size: 10pt\"><strong><a href=\"http:\/\/repositorio.ufpel.edu.br:8080\/handle\/prefix\/3682\" target=\"_blank\" rel=\"noopener noreferrer\">A identidade visual gr\u00e1fica no audiovisual contempor\u00e2neo: apropria\u00e7\u00f5es da visualidade medieval em O Senhor dos An\u00e9is, Game Of Thrones e World of Warcraft<\/a><\/strong><br \/>\nOrientando: <a href=\"https:\/\/wp.ufpel.edu.br\/mestradoartesvisuais\/lucas-pessoa-pereira\/\">Lucas Pessoa Pereira<\/a> (2016)<\/span><\/span><\/p>\n<p><span style=\"font-family: georgia, palatino, serif;font-size: 12pt\"><span style=\"font-family: 'trebuchet ms', geneva, sans-serif;font-size: 10pt\"><strong><a href=\"http:\/\/guaiaca.ufpel.edu.br:8080\/handle\/prefix\/3684\" target=\"_blank\" rel=\"noopener noreferrer\">Livro das inquieta\u00e7\u00f5es: experi\u00eancias singulares no ensino do design<\/a><\/strong><br \/>\nOrientanda: <a href=\"https:\/\/wp.ufpel.edu.br\/mestradoartesvisuais\/paula-weber\/\">Paula Weber<\/a> (2016)<\/span><\/span><\/p>\n<p><span style=\"font-family: georgia, palatino, serif;font-size: 12pt\"><span style=\"font-family: 'trebuchet ms', geneva, sans-serif;font-size: 10pt\"><strong><a href=\"https:\/\/wp.ufpel.edu.br\/mestradoartesvisuais\/files\/2017\/11\/disserta%C3%A7%C3%A3o_Mariana.pdf\" target=\"_blank\" rel=\"noopener noreferrer\">GIFs: educa\u00e7\u00e3o est\u00e9tica, afeto e ativismo atrav\u00e9s da imagem animada<\/a><\/strong><br \/>\nOrientanda: <a href=\"https:\/\/wp.ufpel.edu.br\/mestradoartesvisuais\/acompanhamento-de-academicos\/ingressantes-2013\/mariana-leite-de-almeida\/\">Mariana Leite de Almeida<\/a> (2015)<\/span><\/span><\/p>\n<p><span style=\"font-family: georgia, palatino, serif;font-size: 12pt\"><span style=\"font-family: 'trebuchet ms', geneva, sans-serif;font-size: 10pt\"><strong><a href=\"http:\/\/repositorio.ufpel.edu.br\/bitstream\/ri\/2747\/5\/O%20infogr%C3%A1fico%20conceitual%20como%20meio%20para%20o%20desenvolvimento%20de%20experi%C3%AAncia%20est%C3%A9tica%20significativa%20em%20web%20arte.pdf\" target=\"_blank\" rel=\"noopener noreferrer\">O infogr\u00e1fico conceitual como meio para o desenvolvimento de experi\u00eancia est\u00e9tica significativa em web arte<\/a><\/strong><br \/>\nOrientanda: <a href=\"https:\/\/wp.ufpel.edu.br\/mestradoartesvisuais\/acompanhamento-de-academicos\/ingressantes-2012\/adriana-silva-da-silva\/\">Adriana Silva da Silva<\/a> (2014)<\/span><\/span><\/p>\n<div class=\"ms-editor-squiggler\" style=\"color: initial;font: initial;background: initial;background-blend-mode: initial;border: initial;border-radius: initial;border-collapse: initial;caption-side: initial;clear: initial;columns: initial;column-fill: initial;column-rule: initial;column-span: initial;cursor: initial;flex: initial;flex-flow: initial;float: initial;height: 0px;letter-spacing: initial;margin: initial;max-height: initial;max-width: initial;min-height: initial;min-width: initial;overflow: initial;padding: initial;text-align: initial;text-decoration: initial;text-indent: initial;text-transform: initial;vertical-align: initial;border-spacing: initial;width: initial\"><\/div>\n<div class=\"ms-editor-squiggler\" style=\"color: initial;font: initial;background: initial;background-blend-mode: initial;border: initial;border-radius: initial;border-collapse: initial;caption-side: initial;clear: initial;columns: initial;column-fill: initial;column-rule: initial;column-span: initial;cursor: initial;flex: initial;flex-flow: initial;float: initial;height: 0px;letter-spacing: initial;margin: initial;max-height: initial;max-width: initial;min-height: initial;min-width: initial;overflow: initial;padding: initial;text-align: initial;text-decoration: initial;text-indent: initial;text-transform: initial;vertical-align: initial;border-spacing: initial;width: initial\"><\/div>\n","protected":false},"excerpt":{"rendered":"<p>&nbsp; &nbsp; &nbsp; L\u00facia Bergamaschi Costa Weymar \/\u00a0Curr\u00edculum Lattes Linha de Pesquisa: Educa\u00e7\u00e3o em Artes e Processos de Forma\u00e7\u00e3o Est\u00e9tica Vincula\u00e7\u00e3o institucional: Professora Adjunta na Universidade Federal de Pelotas Forma\u00e7\u00e3o acad\u00eamica Possui P\u00f3s-Doutorado (2018) pela Universidade de Lisboa (UL), Portugal; Doutorado em Comunica\u00e7\u00e3o Social (2010) pela Pontif\u00edcia Universidade Cat\u00f3lica do Rio Grande do Sul (PUCRS); [&hellip;]<\/p>\n","protected":false},"author":1258,"featured_media":0,"parent":0,"menu_order":0,"comment_status":"closed","ping_status":"closed","template":"","meta":{"footnotes":""},"class_list":["post-4808","page","type-page","status-publish","hentry"],"_links":{"self":[{"href":"https:\/\/wp.ufpel.edu.br\/ppgartes\/wp-json\/wp\/v2\/pages\/4808","targetHints":{"allow":["GET"]}}],"collection":[{"href":"https:\/\/wp.ufpel.edu.br\/ppgartes\/wp-json\/wp\/v2\/pages"}],"about":[{"href":"https:\/\/wp.ufpel.edu.br\/ppgartes\/wp-json\/wp\/v2\/types\/page"}],"author":[{"embeddable":true,"href":"https:\/\/wp.ufpel.edu.br\/ppgartes\/wp-json\/wp\/v2\/users\/1258"}],"replies":[{"embeddable":true,"href":"https:\/\/wp.ufpel.edu.br\/ppgartes\/wp-json\/wp\/v2\/comments?post=4808"}],"version-history":[{"count":0,"href":"https:\/\/wp.ufpel.edu.br\/ppgartes\/wp-json\/wp\/v2\/pages\/4808\/revisions"}],"wp:attachment":[{"href":"https:\/\/wp.ufpel.edu.br\/ppgartes\/wp-json\/wp\/v2\/media?parent=4808"}],"curies":[{"name":"wp","href":"https:\/\/api.w.org\/{rel}","templated":true}]}}