{"id":4800,"date":"2021-03-20T05:38:51","date_gmt":"2021-03-20T08:38:51","guid":{"rendered":"https:\/\/wp.ufpel.edu.br\/mestradoartesvisuais\/?page_id=4800"},"modified":"2025-07-11T03:09:08","modified_gmt":"2025-07-11T06:09:08","slug":"larissa-patron-chaves","status":"publish","type":"page","link":"https:\/\/wp.ufpel.edu.br\/ppgartes\/larissa-patron-chaves\/","title":{"rendered":"Larissa Patron Chaves"},"content":{"rendered":"\n<figure class=\"wp-block-image size-full is-resized is-style-default\"><img width=\"500\" height=\"500\" src=\"https:\/\/wp.ufpel.edu.br\/ppgartes\/files\/2021\/03\/foto-serv-1.png\" alt=\"\" class=\"wp-image-5054\" style=\"aspect-ratio:1;object-fit:cover;width:350px\" srcset=\"https:\/\/wp.ufpel.edu.br\/ppgartes\/files\/2021\/03\/foto-serv-1.png 500w, https:\/\/wp.ufpel.edu.br\/ppgartes\/files\/2021\/03\/foto-serv-1-400x400.png 400w, https:\/\/wp.ufpel.edu.br\/ppgartes\/files\/2021\/03\/foto-serv-1-200x200.png 200w\" sizes=\"(max-width: 500px) 100vw, 500px\" \/><\/figure>\n\n\n<p><span style=\"font-family: georgia, palatino, serif; font-size: 12pt;\"><span style=\"font-size: 18pt;\"><strong><span style=\"font-family: 'trebuchet ms', geneva, sans-serif;\">Larissa Patron Chaves <span style=\"font-size: 10pt; color: #999999;\">\/\u00a0<\/span><\/span><\/strong><\/span><span style=\"font-family: 'trebuchet ms', geneva, sans-serif; font-size: 10pt;\"><span style=\"color: #999999;\"><a style=\"color: #999999;\" href=\"http:\/\/lattes.cnpq.br\/3858201697400054\" target=\"_blank\" rel=\"noopener noreferrer\">Curr\u00edculum Lattes<\/a><\/span><br \/><strong>Linha de Pesquisa<\/strong>: <a href=\"https:\/\/wp.ufpel.edu.br\/ppgartes\/linhas-de-pesquisa\/\">Hist\u00f3rias e Teorias das Artes e Transversalidade<\/a><br \/><\/span><\/span><span style=\"font-family: georgia, palatino, serif; font-size: 12pt;\"><span style=\"font-family: 'trebuchet ms', geneva, sans-serif; font-size: 10pt;\"><strong>E-mail<\/strong>: larissapatron@gmail.com<\/span><\/span><\/p>\n<p><span style=\"font-family: georgia, palatino, serif; font-size: 12pt;\"><span style=\"font-family: 'trebuchet ms', geneva, sans-serif; font-size: 10pt;\"><strong><br \/>Forma\u00e7\u00e3o acad\u00eamica<\/strong><br \/>Possui P\u00f3s-Doutorado (2019) pela Universidade de \u00c9vora (EU), Portugal; Doutorado em Hist\u00f3ria (2008) pela Universidade do Vale do Rio dos Sinos (UNISINOS); Mestrado em Hist\u00f3ria (2002) pela Pontif\u00edcia Universidade Cat\u00f3lica do Rio Grande do Sul (PUCRS); e Especializa\u00e7\u00e3o em Patrim\u00f4nio Cultural e Conserva\u00e7\u00e3o de Artefatos (1999) e Gradua\u00e7\u00e3o em Artes Pl\u00e1sticas Bacharelado em Pintura (1995) pela Universidade Federal de Pelotas (UFPel).<\/span><\/span><\/p>\n<p>\u00a0<\/p>\n<hr \/>\n<p><span style=\"font-family: georgia, palatino, serif; font-size: 12pt;\"><span style=\"font-family: 'trebuchet ms', geneva, sans-serif;\"><strong>PROJETOS DE PESQUISAS<\/strong><\/span><\/span><\/p>\n<p style=\"padding-left: 40px;\"><span style=\"font-family: georgia, palatino, serif; font-size: 12pt;\"><span style=\"font-family: 'trebuchet ms', geneva, sans-serif; font-size: 10pt;\"><strong>\ud83d\udcc2 <a href=\"https:\/\/institucional.ufpel.edu.br\/projetos\/id\/u8880\">Laborat\u00f3rio de Mem\u00f3ria e Contravisualidades<\/a><\/strong><br \/>Grupo de Pesquisa: Arte Urbana &#8211; visualidades, patrim\u00f4nio e deslocamentos<\/span><\/span><\/p>\n<p>\u00a0<\/p>\n<hr \/>\n<p><span style=\"font-family: georgia, palatino, serif; font-size: 12pt;\"><span style=\"font-family: 'trebuchet ms', geneva, sans-serif;\"><strong>GRUPOS DE PESQUISAS<\/strong><\/span><\/span><\/p>\n<p style=\"padding-left: 40px;\"><span style=\"font-family: georgia, palatino, serif; font-size: 12pt;\"><span style=\"font-family: 'trebuchet ms', geneva, sans-serif; font-size: 10pt;\"><strong>\ud83d\uddc2\ufe0f <\/strong><a href=\"http:\/\/dgp.cnpq.br\/dgp\/espelhogrupo\/813186\"><strong>N\u00facleo de Mem\u00f3ria e Contravisualidades<\/strong><\/a><br \/>L\u00edder(es) do grupo: Larissa Patron Chaves, Guilherme Susin Sirtoli<br \/>Docentes participantes: <a href=\"https:\/\/wp.ufpel.edu.br\/ppgartes\/larissa-patron-chaves\/\">Larissa Patron Chaves<\/a>, Guilherme Sirtoli, Jos\u00e9 Luis de Pelegrin<\/span><\/span><\/p>\n<p style=\"padding-left: 40px;\"><span style=\"font-family: georgia, palatino, serif; font-size: 12pt;\"><span style=\"font-family: 'trebuchet ms', geneva, sans-serif; font-size: 10pt;\"><strong>\ud83d\uddc2\ufe0f <a href=\"http:\/\/dgp.cnpq.br\/dgp\/espelhogrupo\/691813\">Arte Urbana &#8211; visualidades, patrim\u00f4nio e deslocamentos<\/a><\/strong><br \/>L\u00edder(es) do grupo: Larissa Patron Chaves, Guilherme Susin Sirtoli<br \/>Docentes participantes: Andrea Lacerda Bachettini, Fernando Sincero, <a href=\"https:\/\/wp.ufpel.edu.br\/ppgartes\/larissa-patron-chaves\/\">Larissa Patron Chaves<\/a>, Rita Patron Chaves<\/span><\/span><\/p>\n<p>\u00a0<\/p>\n<hr \/>\n<p><span style=\"font-family: georgia, palatino, serif; font-size: 12pt;\"><span style=\"font-family: 'trebuchet ms', geneva, sans-serif;\"><strong>PESQUISAS ORIENTADAS<\/strong><\/span><\/span><\/p>\n<p style=\"padding-left: 40px; text-align: left;\">MESTRADO<\/p>\n<p style=\"padding-left: 40px; text-align: left;\"><span style=\"font-family: georgia, palatino, serif; font-size: 12pt;\"><span style=\"font-family: 'trebuchet ms', geneva, sans-serif; font-size: 10pt;\"><strong>\ud83d\udcd9 Memoria Negra e Arte P\u00fablica em Porto Alegre: media\u00e7\u00f5es culturais poss\u00edveis<\/strong><br \/>Orientando: Danilson Vasconcelos (2023)<\/span><\/span><\/p>\n<p style=\"padding-left: 40px;\"><span style=\"font-family: georgia, palatino, serif; font-size: 12pt;\"><span style=\"font-family: 'trebuchet ms', geneva, sans-serif; font-size: 10pt;\"><strong>\ud83d\udcd9 <a href=\"http:\/\/guaiaca.ufpel.edu.br\/handle\/prefix\/8291\" target=\"_blank\" rel=\"noopener noreferrer\">Subjetividade e Industria Corporal: um processo de ressignifica\u00e7\u00e3o intermediado pela Arte<\/a><\/strong><br \/>Orientando: C\u00e1tia Maria da Silva Vieira (2022)<\/span><\/span><\/p>\n<p style=\"padding-left: 40px;\"><span style=\"font-family: georgia, palatino, serif; font-size: 12pt;\"><span style=\"font-family: 'trebuchet ms', geneva, sans-serif; font-size: 10pt;\"><strong>\ud83d\udcd9 <a href=\"http:\/\/guaiaca.ufpel.edu.br:8080\/bitstream\/prefix\/6873\/1\/Dissertacao_Tarla_Rovere.pdf\" target=\"_blank\" rel=\"noopener noreferrer\">Desterritorialidades do corpo na institui\u00e7\u00e3o de ensino: a fotoperformance como arte\/educa\u00e7\u00e3o<\/a><\/strong><br \/>Orientando: Tarla Rover\u00e9 (2020)<\/span><\/span><\/p>\n<p style=\"padding-left: 40px; text-align: left;\"><span style=\"font-family: georgia, palatino, serif; font-size: 12pt;\"><span style=\"font-family: 'trebuchet ms', geneva, sans-serif; font-size: 10pt;\"><strong>\ud83d\udcd9 <a href=\"http:\/\/guaiaca.ufpel.edu.br:8080\/handle\/prefix\/8050\" target=\"_blank\" rel=\"noopener noreferrer\">CINEGRAS: Gri\u00f4s de audiovisualidades afroc\u00eantricas do cinema negro no Brasil<\/a><\/strong><br \/>Orientando: Barbara Rody (2020)<\/span><\/span><\/p>\n<p style=\"padding-left: 40px;\"><span style=\"font-family: georgia, palatino, serif; font-size: 12pt;\"><span style=\"font-family: 'trebuchet ms', geneva, sans-serif; font-size: 10pt;\"><strong>\ud83d\udcd9 <a href=\"http:\/\/guaiaca.ufpel.edu.br\/bitstream\/prefix\/5501\/1\/ANDRE%20LUIZ%20MARQUES%20GOMES_Dissertacao.pdf\">R\/E\/P: Rimador-Educador-Pesquisador: procedimentos art\u00edsticos e pr\u00e1ticas educacionais<\/a><\/strong><br \/>Orientando: Andre Luiz Marques Gomes (2019)<\/span><\/span><\/p>\n<p style=\"padding-left: 40px;\"><span style=\"font-family: georgia, palatino, serif; font-size: 12pt;\"><span style=\"font-family: 'trebuchet ms', geneva, sans-serif; font-size: 10pt;\"><strong>\ud83d\udcd9 <a href=\"http:\/\/guaiaca.ufpel.edu.br\/handle\/prefix\/5516\" target=\"_blank\" rel=\"noopener noreferrer\">Projeto Ra\u00edzes: compartilhando refer\u00eancias negras ga\u00fachas atrav\u00e9s da arte contempor\u00e2nea<\/a><\/strong><br \/>Orientando: Thiago Flores Madruga (2019)<\/span><\/span><\/p>\n<div class=\"ms-editor-squiggler\" style=\"color: initial; font: initial; background: initial; background-blend-mode: initial; border: initial; border-radius: initial; border-collapse: initial; caption-side: initial; clear: initial; columns: initial; column-fill: initial; column-rule: initial; column-span: initial; cursor: initial; flex: initial; flex-flow: initial; float: initial; height: 0px; letter-spacing: initial; margin: initial; max-height: initial; max-width: initial; min-height: initial; min-width: initial; overflow: initial; padding: initial; text-align: initial; text-decoration: initial; text-indent: initial; text-transform: initial; vertical-align: initial; border-spacing: initial; width: initial;\">\u00a0<\/div>","protected":false},"excerpt":{"rendered":"<p>Larissa Patron Chaves \/\u00a0Curr\u00edculum LattesLinha de Pesquisa: Hist\u00f3rias e Teorias das Artes e TransversalidadeE-mail: larissapatron@gmail.com Forma\u00e7\u00e3o acad\u00eamicaPossui P\u00f3s-Doutorado (2019) pela Universidade de \u00c9vora (EU), Portugal; Doutorado em Hist\u00f3ria (2008) pela Universidade do Vale do Rio dos Sinos (UNISINOS); Mestrado em Hist\u00f3ria (2002) pela Pontif\u00edcia Universidade Cat\u00f3lica do Rio Grande do Sul (PUCRS); e Especializa\u00e7\u00e3o em [&hellip;]<\/p>\n","protected":false},"author":1258,"featured_media":0,"parent":0,"menu_order":0,"comment_status":"closed","ping_status":"closed","template":"","meta":{"footnotes":""},"class_list":["post-4800","page","type-page","status-publish","hentry"],"_links":{"self":[{"href":"https:\/\/wp.ufpel.edu.br\/ppgartes\/wp-json\/wp\/v2\/pages\/4800","targetHints":{"allow":["GET"]}}],"collection":[{"href":"https:\/\/wp.ufpel.edu.br\/ppgartes\/wp-json\/wp\/v2\/pages"}],"about":[{"href":"https:\/\/wp.ufpel.edu.br\/ppgartes\/wp-json\/wp\/v2\/types\/page"}],"author":[{"embeddable":true,"href":"https:\/\/wp.ufpel.edu.br\/ppgartes\/wp-json\/wp\/v2\/users\/1258"}],"replies":[{"embeddable":true,"href":"https:\/\/wp.ufpel.edu.br\/ppgartes\/wp-json\/wp\/v2\/comments?post=4800"}],"version-history":[{"count":4,"href":"https:\/\/wp.ufpel.edu.br\/ppgartes\/wp-json\/wp\/v2\/pages\/4800\/revisions"}],"predecessor-version":[{"id":11049,"href":"https:\/\/wp.ufpel.edu.br\/ppgartes\/wp-json\/wp\/v2\/pages\/4800\/revisions\/11049"}],"wp:attachment":[{"href":"https:\/\/wp.ufpel.edu.br\/ppgartes\/wp-json\/wp\/v2\/media?parent=4800"}],"curies":[{"name":"wp","href":"https:\/\/api.w.org\/{rel}","templated":true}]}}