{"id":4786,"date":"2021-03-19T20:09:35","date_gmt":"2021-03-19T23:09:35","guid":{"rendered":"https:\/\/wp.ufpel.edu.br\/mestradoartesvisuais\/?page_id=4786"},"modified":"2021-03-19T20:09:35","modified_gmt":"2021-03-19T23:09:35","slug":"gabriela-kremer-da-motta","status":"publish","type":"page","link":"https:\/\/wp.ufpel.edu.br\/ppgartes\/gabriela-kremer-da-motta\/","title":{"rendered":"Gabriela Kremer da Motta"},"content":{"rendered":"<p><span style=\"font-family: georgia, palatino, serif;font-size: 12pt\"><strong><a href=\"https:\/\/wp.ufpel.edu.br\/ppgartes\/files\/2021\/03\/foto_Gabiela-Motta.png\"><img class=\"wp-image-4875 alignleft\" src=\"https:\/\/wp.ufpel.edu.br\/ppgartes\/files\/2021\/03\/foto_Gabiela-Motta-200x200.png\" alt=\"\" width=\"202\" height=\"202\" srcset=\"https:\/\/wp.ufpel.edu.br\/ppgartes\/files\/2021\/03\/foto_Gabiela-Motta-200x200.png 200w, https:\/\/wp.ufpel.edu.br\/ppgartes\/files\/2021\/03\/foto_Gabiela-Motta-400x400.png 400w, https:\/\/wp.ufpel.edu.br\/ppgartes\/files\/2021\/03\/foto_Gabiela-Motta.png 500w\" sizes=\"(max-width: 202px) 100vw, 202px\" \/><\/a><\/strong><\/span><\/p>\n<p><span style=\"font-family: georgia, palatino, serif;font-size: 12pt\"><span style=\"font-size: 18pt\"><strong><span style=\"font-family: 'trebuchet ms', geneva, sans-serif\">Gabriela Kremer da Motta <span style=\"font-size: 10pt;color: #999999\">\/\u00a0<\/span><\/span><\/strong><\/span><span style=\"font-family: 'trebuchet ms', geneva, sans-serif;font-size: 10pt\"><span style=\"color: #999999\"><a style=\"color: #999999\" href=\"http:\/\/lattes.cnpq.br\/5190056584291355\" target=\"_blank\" rel=\"noopener noreferrer\">Curr\u00edculum Lattes<\/a><\/span><br \/>\n<strong>Linha de Pesquisa<\/strong>: <a href=\"https:\/\/wp.ufpel.edu.br\/mestradoartesvisuais\/linhas-de-pesquisa\/educacao-em-artes-e-processos-de-formacao-estetica\/\">Educa\u00e7\u00e3o em Artes e Processos de Forma\u00e7\u00e3o Est\u00e9tica<\/a><br \/>\n<\/span><\/span><span style=\"font-family: georgia, palatino, serif;font-size: 12pt\"><span style=\"font-family: 'trebuchet ms', geneva, sans-serif;font-size: 10pt\"><strong>Vincula\u00e7\u00e3o institucional<\/strong>: Professora Colaboradora, em Est\u00e1gio P\u00f3s-Doutoral (bolsista PNPD), na Universidade Federal de Pelotas<\/span><\/span><\/p>\n<p><span style=\"font-family: georgia, palatino, serif;font-size: 12pt\"><span style=\"font-family: 'trebuchet ms', geneva, sans-serif;font-size: 10pt\"><strong><br \/>\nForma\u00e7\u00e3o acad\u00eamica<\/strong><br \/>\nPossui Doutorado em Artes Visuais (2015) pela Universidade de S\u00e3o Paulo (USP); Mestrado em Artes Visuais (2005) pela Universidade Federal do Rio Grande do Sul (UFRGS); e Gradua\u00e7\u00e3o em publicidade e propaganda (1999) Universidade do Vale do Rio dos Sinos (UNISINOS).<\/span><\/span><\/p>\n<p><span style=\"font-family: georgia, palatino, serif;font-size: 12pt\"><span style=\"font-family: 'trebuchet ms', geneva, sans-serif;font-size: 10pt\"><strong>E-mail<\/strong>: gabitabu@gmail.com<\/span><\/span><\/p>\n<hr \/>\n<p><span style=\"font-family: georgia, palatino, serif;font-size: 12pt\"><span style=\"font-family: 'trebuchet ms', geneva, sans-serif\"><strong>PROJETOS DE PESQUISAS<\/strong><\/span><\/span><\/p>\n<p><span style=\"font-family: georgia, palatino, serif;font-size: 12pt\"><span style=\"font-family: 'trebuchet ms', geneva, sans-serif;font-size: 10pt\"><strong>Intersec\u00e7\u00f5es entre pr\u00e1tica art\u00edstica, cr\u00edtica e curadoria em artes visuais.<\/strong><br \/>\nGrupo de Pesquisa:<\/span><\/span><\/p>\n<p><span style=\"font-family: georgia, palatino, serif;font-size: 12pt\"><span style=\"font-family: 'trebuchet ms', geneva, sans-serif;font-size: 10pt\"><strong>R\u00e1dioperformance \u2013 Sobre a possibilidade da cr\u00edtica da arte enquanto pr\u00e1tica curatorial experimental.<\/strong><br \/>\nGrupo de Pesquisa:\u00a0<\/span><\/span><\/p>\n<hr \/>\n<p><span style=\"font-family: georgia, palatino, serif;font-size: 12pt\"><span style=\"font-family: 'trebuchet ms', geneva, sans-serif\"><strong>GRUPOS DE PESQUISAS<\/strong><\/span><\/span><\/p>\n<p><span style=\"font-family: georgia, palatino, serif;font-size: 12pt\"><span style=\"font-family: 'trebuchet ms', geneva, sans-serif;font-size: 10pt\"><strong>_<\/strong><br \/>\nDocentes participantes:\u00a0<\/span><\/span><\/p>\n<hr \/>\n<p><span style=\"font-family: georgia, palatino, serif;font-size: 12pt\"><span style=\"font-family: 'trebuchet ms', geneva, sans-serif\"><strong>PESQUISAS ORIENTADAS<\/strong><\/span><\/span><\/p>\n<p><span style=\"font-family: georgia, palatino, serif;font-size: 12pt\"><span style=\"font-family: 'trebuchet ms', geneva, sans-serif;font-size: 10pt\"><strong><a href=\"http:\/\/guaiaca.ufpel.edu.br:8080\/handle\/prefix\/6869\">Emerg\u00eancias da mat\u00e9ria: a escultura em tr\u00e2nsito e seus vest\u00edgios<\/a><\/strong><br \/>\nOrientando: <a href=\"https:\/\/wp.ufpel.edu.br\/mestradoartesvisuais\/pedro-de-freitas-pereira-paiva\/\">Pedro de Freitas Pereira Paiva<\/a> (2020)<\/span><\/span><\/p>\n<p><span style=\"font-family: georgia, palatino, serif;font-size: 12pt\"><span style=\"font-family: 'trebuchet ms', geneva, sans-serif;font-size: 10pt\"><strong><a href=\"http:\/\/guaiaca.ufpel.edu.br\/bitstream\/prefix\/5504\/1\/CRISTIANE%20RODRIGUES%20RIVERO_Dissertacao.pdf\" target=\"_blank\" rel=\"noopener noreferrer\">Performancensino: aproxima\u00e7\u00f5es entre performance, ensino de arte e pr\u00e1ticas de media\u00e7\u00e3o em artes visuais<\/a><\/strong><br \/>\nOrientanda: <a href=\"https:\/\/wp.ufpel.edu.br\/mestradoartesvisuais\/cristiane-rodrigues-rivero\/\">Cristiane Rodrigues Rivero<\/a> (2019)<\/span><\/span><\/p>\n<p><span style=\"font-family: georgia, palatino, serif;font-size: 12pt\"><span style=\"font-family: 'trebuchet ms', geneva, sans-serif;font-size: 10pt\"><strong><a href=\"http:\/\/guaiaca.ufpel.edu.br:8080\/handle\/prefix\/4413\" target=\"_blank\" rel=\"noopener noreferrer\">Dispositivos para o cosmos do som com[o] espa\u00e7o<\/a><\/strong><br \/>\nOrientando: <a href=\"https:\/\/wp.ufpel.edu.br\/mestradoartesvisuais\/vinicius-albernaz-soares\/\">Vini\u0301cius Albernaz Soares<\/a> (2017)<\/span><\/span><\/p>\n<div class=\"ms-editor-squiggler\" style=\"color: initial;font: initial;background: initial;background-blend-mode: initial;border: initial;border-radius: initial;border-collapse: initial;caption-side: initial;clear: initial;columns: initial;column-fill: initial;column-rule: initial;column-span: initial;cursor: initial;flex: initial;flex-flow: initial;float: initial;height: 0px;letter-spacing: initial;margin: initial;max-height: initial;max-width: initial;min-height: initial;min-width: initial;overflow: initial;padding: initial;text-align: initial;text-decoration: initial;text-indent: initial;text-transform: initial;vertical-align: initial;border-spacing: initial;width: initial\"><\/div>\n<div class=\"ms-editor-squiggler\" style=\"color: initial;font: initial;background: initial;background-blend-mode: initial;border: initial;border-radius: initial;border-collapse: initial;caption-side: initial;clear: initial;columns: initial;column-fill: initial;column-rule: initial;column-span: initial;cursor: initial;flex: initial;flex-flow: initial;float: initial;height: 0px;letter-spacing: initial;margin: initial;max-height: initial;max-width: initial;min-height: initial;min-width: initial;overflow: initial;padding: initial;text-align: initial;text-decoration: initial;text-indent: initial;text-transform: initial;vertical-align: initial;border-spacing: initial;width: initial\"><\/div>\n<div class=\"ms-editor-squiggler\" style=\"color: initial;font: initial;background: initial;background-blend-mode: initial;border: initial;border-radius: initial;border-collapse: initial;caption-side: initial;clear: initial;columns: initial;column-fill: initial;column-rule: initial;column-span: initial;cursor: initial;flex: initial;flex-flow: initial;float: initial;height: 0px;letter-spacing: initial;margin: initial;max-height: initial;max-width: initial;min-height: initial;min-width: initial;overflow: initial;padding: initial;text-align: initial;text-decoration: initial;text-indent: initial;text-transform: initial;vertical-align: initial;border-spacing: initial;width: initial\"><\/div>\n<div class=\"ms-editor-squiggler\" style=\"color: initial;font: initial;background: initial;background-blend-mode: initial;border: initial;border-radius: initial;border-collapse: initial;caption-side: initial;clear: initial;columns: initial;column-fill: initial;column-rule: initial;column-span: initial;cursor: initial;flex: initial;flex-flow: initial;float: initial;height: 0px;letter-spacing: initial;margin: initial;max-height: initial;max-width: initial;min-height: initial;min-width: initial;overflow: initial;padding: initial;text-align: initial;text-decoration: initial;text-indent: initial;text-transform: initial;vertical-align: initial;border-spacing: initial;width: initial\"><\/div>\n<div id=\"gtx-trans\">\n<div class=\"gtx-trans-icon\"><\/div>\n<\/div>\n","protected":false},"excerpt":{"rendered":"<p>Gabriela Kremer da Motta \/\u00a0Curr\u00edculum Lattes Linha de Pesquisa: Educa\u00e7\u00e3o em Artes e Processos de Forma\u00e7\u00e3o Est\u00e9tica Vincula\u00e7\u00e3o institucional: Professora Colaboradora, em Est\u00e1gio P\u00f3s-Doutoral (bolsista PNPD), na Universidade Federal de Pelotas Forma\u00e7\u00e3o acad\u00eamica Possui Doutorado em Artes Visuais (2015) pela Universidade de S\u00e3o Paulo (USP); Mestrado em Artes Visuais (2005) pela Universidade Federal do Rio [&hellip;]<\/p>\n","protected":false},"author":1258,"featured_media":0,"parent":0,"menu_order":0,"comment_status":"closed","ping_status":"closed","template":"","meta":{"footnotes":""},"class_list":["post-4786","page","type-page","status-publish","hentry"],"_links":{"self":[{"href":"https:\/\/wp.ufpel.edu.br\/ppgartes\/wp-json\/wp\/v2\/pages\/4786","targetHints":{"allow":["GET"]}}],"collection":[{"href":"https:\/\/wp.ufpel.edu.br\/ppgartes\/wp-json\/wp\/v2\/pages"}],"about":[{"href":"https:\/\/wp.ufpel.edu.br\/ppgartes\/wp-json\/wp\/v2\/types\/page"}],"author":[{"embeddable":true,"href":"https:\/\/wp.ufpel.edu.br\/ppgartes\/wp-json\/wp\/v2\/users\/1258"}],"replies":[{"embeddable":true,"href":"https:\/\/wp.ufpel.edu.br\/ppgartes\/wp-json\/wp\/v2\/comments?post=4786"}],"version-history":[{"count":0,"href":"https:\/\/wp.ufpel.edu.br\/ppgartes\/wp-json\/wp\/v2\/pages\/4786\/revisions"}],"wp:attachment":[{"href":"https:\/\/wp.ufpel.edu.br\/ppgartes\/wp-json\/wp\/v2\/media?parent=4786"}],"curies":[{"name":"wp","href":"https:\/\/api.w.org\/{rel}","templated":true}]}}