{"id":3307,"date":"2019-08-27T19:35:52","date_gmt":"2019-08-27T22:35:52","guid":{"rendered":"https:\/\/wp.ufpel.edu.br\/mestradoartesvisuais\/?page_id=3307"},"modified":"2019-08-27T19:35:52","modified_gmt":"2019-08-27T22:35:52","slug":"alunos-egressos-em-2014","status":"publish","type":"page","link":"https:\/\/wp.ufpel.edu.br\/ppgartes\/discentes-mestrado\/egressos\/alunos-egressos-em-2014\/","title":{"rendered":"Alunos Egressos em 2014"},"content":{"rendered":"<p><span style=\"font-family: 'trebuchet ms', geneva, sans-serif;font-size: 10pt\">Abaixo voc\u00ea encontrar\u00e1 nossos alunos que conclu\u00edram sua forma\u00e7\u00e3o no Programa de P\u00f3s-gradua\u00e7\u00e3o Mestrado em Artes Visuais no ano de 2014.<\/span><\/p>\n<p><span style=\"font-family: 'trebuchet ms', geneva, sans-serif;font-size: 10pt\">Clique no nome do aluno para maiores informa\u00e7\u00f5es sobre ele.<br \/>\nClicando no link do t\u00edtulo da disserta\u00e7\u00e3o voc\u00ea ser\u00e1 enviado \u00e0 publica\u00e7\u00e3o de sua disserta\u00e7\u00e3o.<\/span><\/p>\n<p>&nbsp;<\/p>\n<h1 style=\"text-align: center\"><span style=\"font-family: 'trebuchet ms', geneva, sans-serif;font-size: 18pt\"><strong>Alunos Egressos em 2014<\/strong><\/span><\/h1>\n<hr \/>\n<p style=\"padding-left: 40px\"><span style=\"font-family: 'trebuchet ms', geneva, sans-serif;font-size: 12pt\"><a href=\"https:\/\/wp.ufpel.edu.br\/mestradoartesvisuais\/acompanhamento-de-academicos\/ingressantes-2012\/adriana-silva-da-silva\/\"><strong>Adriana Silva Da Silva<\/strong><\/a><\/span><br \/>\n<span style=\"font-family: 'trebuchet ms', geneva, sans-serif;font-size: 10pt;color: #999999\"><strong>T\u00cdTULO:<\/strong> <a style=\"color: #999999\" href=\"http:\/\/repositorio.ufpel.edu.br\/bitstream\/ri\/2747\/5\/O%20infogr%C3%A1fico%20conceitual%20como%20meio%20para%20o%20desenvolvimento%20de%20experi%C3%AAncia%20est%C3%A9tica%20significativa%20em%20web%20arte.pdf\" target=\"_blank\" rel=\"noopener noreferrer\">O infogr\u00e1fico conceitual como meio para o desenvolvimento de experi\u00eancia est\u00e9tica significativa em web arte<br \/>\n<\/a><strong>ORIENTADOR(A): <\/strong>Profa. Dra. Lucia Bergamaschi Costa Weymar (PPGAV\/UFPel)<\/span><\/p>\n<hr \/>\n<p style=\"padding-left: 40px\"><span style=\"font-family: 'trebuchet ms', geneva, sans-serif;font-size: 12pt\"><a href=\"https:\/\/wp.ufpel.edu.br\/mestradoartesvisuais\/acompanhamento-de-academicos\/ingressantes-2012\/ana-manuela-farias-regis\/\"><strong>Ana Manuela Farias Regis<\/strong><\/a><\/span><br \/>\n<span style=\"font-family: 'trebuchet ms', geneva, sans-serif;font-size: 10pt;color: #999999\"><strong>T\u00cdTULO:<\/strong> <a style=\"color: #999999\" href=\"https:\/\/drive.google.com\/file\/d\/1RWKWDEHwJz3NnMOknEDL4TLcCQ27yESX\/view?usp=sharing\" target=\"_blank\" rel=\"noopener noreferrer\">Arte t\u00eaxtil e estesia: entrela\u00e7amento, fios, pontos com a educa\u00e7\u00e3o est\u00e9tica em oficinas de cria\u00e7\u00e3o coletiva<\/a><a style=\"color: #999999\" href=\"http:\/\/pergamum.ufpel.edu.br:8080\/pergamumweb\/vinculos\/00007e\/00007e43.pdf\"><br \/>\n<\/a><strong>ORIENTADOR(A): <\/strong>Profa. Dra. Ursula Rosa da Silva (PPGAV\/UFPel)<\/span><\/p>\n<hr \/>\n<p style=\"padding-left: 40px\"><span style=\"font-family: 'trebuchet ms', geneva, sans-serif;font-size: 12pt\"><a href=\"https:\/\/wp.ufpel.edu.br\/mestradoartesvisuais\/acompanhamento-de-academicos\/ingressantes-2012\/ana-paula-azevedo-barbosa\/\"><strong>Ana Paula Azevedo Barbosa<\/strong><\/a><\/span><br \/>\n<span style=\"font-family: 'trebuchet ms', geneva, sans-serif;font-size: 10pt;color: #999999\"><strong>T\u00cdTULO:<\/strong> <a style=\"color: #999999\" href=\"http:\/\/pergamum.ufpel.edu.br:8080\/pergamumweb\/vinculos\/00007e\/00007e41.pdf\" target=\"_blank\" rel=\"noopener noreferrer\">S\u00edtios de cultivo<br \/>\n<\/a><strong>ORIENTADOR(A): <\/strong>Prof. Dra. Eduarda Azevedo Gon\u00e7alves (PPGAV\/UFPel)<\/span><\/p>\n<hr \/>\n<p style=\"padding-left: 40px\"><span style=\"font-family: 'trebuchet ms', geneva, sans-serif;font-size: 12pt\"><a href=\"https:\/\/wp.ufpel.edu.br\/mestradoartesvisuais\/acompanhamento-de-academicos\/ingressantes-2012\/auta-ines-medeiros-lucas-doliveira\/\"><strong>Auta In\u00eas Medeiros Lucas D\u2019oliveira<\/strong><\/a><\/span><br \/>\n<span style=\"font-family: 'trebuchet ms', geneva, sans-serif;font-size: 10pt;color: #999999\"><strong>T\u00cdTULO:<\/strong> <a style=\"color: #999999\" href=\"http:\/\/pergamum.ufpel.edu.br:8080\/pergamumweb\/vinculos\/00007e\/00007e43.pdf\" target=\"_blank\" rel=\"noopener noreferrer\">Nas \u00e1guas da AGA: reflex\u00f5es sobre a Associa\u00e7\u00e3o Ga\u00facha de Arte-Educa\u00e7\u00e3o e seus reflexos na hist\u00f3ria do ensino da arte no RS<br \/>\n<\/a><strong>ORIENTADOR(A): <\/strong>Profa. Dra. Mirela Ribeiro Meira (PPGAV\/UFPel)<\/span><\/p>\n<hr \/>\n<p style=\"padding-left: 40px\"><span style=\"font-family: 'trebuchet ms', geneva, sans-serif;font-size: 12pt\"><a href=\"https:\/\/wp.ufpel.edu.br\/mestradoartesvisuais\/acompanhamento-de-academicos\/ingressantes-2012\/bethielle-amaral-kupstaitis\/\"><strong>Bethielle Amaral Kupstaitis<\/strong><\/a><\/span><br \/>\n<span style=\"font-family: 'trebuchet ms', geneva, sans-serif;font-size: 10pt;color: #999999\"><strong>T\u00cdTULO:<\/strong> <a style=\"color: #999999\" href=\"http:\/\/pergamum.ufpel.edu.br:8080\/pergamumweb\/vinculos\/00007c\/00007c97.pdf\" target=\"_blank\" rel=\"noopener noreferrer\">Sombras capturadas pela experi\u00eancia noturna com o desenho<br \/>\n<\/a><strong>ORIENTADOR(A): <\/strong>Profa. Dra. Adriane Hernandez (PPGAV\/UFPel)<\/span><\/p>\n<hr \/>\n<p style=\"padding-left: 40px\"><span style=\"font-family: 'trebuchet ms', geneva, sans-serif;font-size: 12pt\"><a href=\"https:\/\/wp.ufpel.edu.br\/mestradoartesvisuais\/acompanhamento-de-academicos\/ingressantes-2012\/carla-rosane-dos-santos-vieira\/\"><strong>Carla Rosane Dos Santos Vieira<\/strong><\/a><\/span><br \/>\n<span style=\"font-family: 'trebuchet ms', geneva, sans-serif;font-size: 10pt;color: #999999\"><strong>T\u00cdTULO:<\/strong> <a style=\"color: #999999\" href=\"https:\/\/drive.google.com\/open?id=19M4EaBPPQISPFTsHvmgRq3KNUO91cx4U\" target=\"_blank\" rel=\"noopener noreferrer\">Da forma\u00e7\u00e3o da imagem (imagin\u00e1rio) ao fazer milenar da xilogravura<\/a><\/span><br \/>\n<span style=\"font-family: 'trebuchet ms', geneva, sans-serif;font-size: 10pt;color: #999999\"><strong>ORIENTADOR(A): <\/strong>Profa. Dra. Renata Azevedo Requi\u00e3o (PPGAV\/UFPel)<\/span><\/p>\n<hr \/>\n<p style=\"padding-left: 40px\"><span style=\"font-family: 'trebuchet ms', geneva, sans-serif;font-size: 12pt\"><a href=\"https:\/\/wp.ufpel.edu.br\/mestradoartesvisuais\/acompanhamento-de-academicos\/ingressantes-2012\/carolina-moraes-marchese\/\"><strong>Carolina Moraes Marchese<\/strong><\/a><\/span><br \/>\n<span style=\"font-family: 'trebuchet ms', geneva, sans-serif;font-size: 10pt;color: #999999\"><strong>T\u00cdTULO:<\/strong> <a style=\"color: #999999\" href=\"http:\/\/pergamum.ufpel.edu.br:8080\/pergamumweb\/vinculos\/00007e\/00007e45.pdf\" target=\"_blank\" rel=\"noopener noreferrer\">Uma inten\u00e7\u00e3o [al\u00e9m do vis\u00edvel]: desenho<br \/>\n<\/a><strong>ORIENTADOR(A): <\/strong>Prof. Dr. Daniel Albernaz Acosta (PPGAV\/UFPel)<\/span><\/p>\n<hr \/>\n<p style=\"padding-left: 40px\"><span style=\"font-family: 'trebuchet ms', geneva, sans-serif;font-size: 12pt\"><a href=\"https:\/\/wp.ufpel.edu.br\/mestradoartesvisuais\/acompanhamento-de-academicos\/ingressantes-2012\/ismael-agliardi-monticelli\/\"><strong>Ismael Agliardi Monticelli<\/strong><\/a><\/span><br \/>\n<span style=\"font-family: 'trebuchet ms', geneva, sans-serif;font-size: 10pt;color: #999999\"><strong>T\u00cdTULO:<\/strong> <a style=\"color: #999999\" href=\"http:\/\/pergamum.ufpel.edu.br:8080\/pergamumweb\/vinculos\/00007e\/00007e47.pdf\" target=\"_blank\" rel=\"noopener noreferrer\">Tapetum lucidum<br \/>\n<\/a><strong>ORIENTADOR(A): <\/strong>Prof. Dr. Daniel Albernaz Acosta (PPGAV\/UFPel)<\/span><\/p>\n<hr \/>\n<p style=\"padding-left: 40px\"><span style=\"font-family: 'trebuchet ms', geneva, sans-serif;font-size: 12pt\"><a href=\"https:\/\/wp.ufpel.edu.br\/mestradoartesvisuais\/acompanhamento-de-academicos\/ingressantes-2012\/jacqueline-neves-silva\/\"><strong>Jacqueline Neves Silva<\/strong><\/a><\/span><br \/>\n<span style=\"font-family: 'trebuchet ms', geneva, sans-serif;font-size: 10pt;color: #999999\"><strong>T\u00cdTULO:<\/strong> <a style=\"color: #999999\" href=\"http:\/\/pergamum.ufpel.edu.br:8080\/pergamumweb\/vinculos\/00007e\/00007e49.pdf\" target=\"_blank\" rel=\"noopener noreferrer\">Experi\u00eancias em busca do desenho infantil dentro de uma perspectiva interdisciplinar de ensino<br \/>\n<\/a><strong>ORIENTADOR(A): <\/strong>Profa. Dra. Ursula Silva (PPGAV\/UFPel)<\/span><\/p>\n<hr \/>\n<p style=\"padding-left: 40px\"><span style=\"font-family: 'trebuchet ms', geneva, sans-serif;font-size: 12pt\"><a href=\"https:\/\/wp.ufpel.edu.br\/mestradoartesvisuais\/acompanhamento-de-academicos\/ingressantes-2012\/jarbas-gama-macedo\/\"><strong>Jarbas Gama Macedo<\/strong><\/a><\/span><br \/>\n<span style=\"font-family: 'trebuchet ms', geneva, sans-serif;font-size: 10pt;color: #999999\"><strong>T\u00cdTULO:<\/strong> <a style=\"color: #999999\" href=\"http:\/\/pergamum.ufpel.edu.br:8080\/pergamumweb\/vinculos\/00007e\/00007e4b.pdf\" target=\"_blank\" rel=\"noopener noreferrer\">A po\u00e9tica do labirinto: percursos e passagens na gravura<br \/>\n<\/a><strong>ORIENTADOR(A): <\/strong>Profa. Dra. Angela Raffin Pohlmann (PPGAV\/UFPel)<\/span><br \/>\n<span style=\"font-family: 'trebuchet ms', geneva, sans-serif;font-size: 10pt;color: #999999\"><strong>COORIENTADOR(A): <\/strong>Profa. Dra. Claudia Teixeira Paim (FURG)<\/span><\/p>\n<hr \/>\n<p style=\"padding-left: 40px\"><span style=\"font-family: 'trebuchet ms', geneva, sans-serif;font-size: 12pt\"><a href=\"https:\/\/wp.ufpel.edu.br\/mestradoartesvisuais\/acompanhamento-de-academicos\/ingressantes-2012\/joelma-santos-castil\/\"><strong>Joelma Santos Castil<\/strong><\/a><\/span><br \/>\n<span style=\"font-family: 'trebuchet ms', geneva, sans-serif;font-size: 10pt;color: #999999\"><strong>T\u00cdTULO:<\/strong> <a style=\"color: #999999\" href=\"https:\/\/wp.ufpel.edu.br\/mestradoartesvisuais\/files\/2017\/11\/Disserta%C3%A7%C3%A3o-Joelma_revisada-7.pdf\" target=\"_blank\" rel=\"noopener noreferrer\">Sentidos e hist\u00f3rias que narram corpos que criam: explora\u00e7\u00f5es \u201cradicantes\u201d e experi\u00eancias \u00e9tico-est\u00e9ticas e art\u00edsticas na licenciatura em pedagogia da FAE\/ UFPEL<\/a><\/span><br \/>\n<span style=\"font-family: 'trebuchet ms', geneva, sans-serif;font-size: 10pt;color: #999999\"><strong>ORIENTADOR(A): <\/strong>Profa. Dra. Mirela Ribeiro Meira (PPGAV\/UFPel)<\/span><\/p>\n<hr \/>\n<p style=\"padding-left: 40px\"><span style=\"font-family: 'trebuchet ms', geneva, sans-serif;font-size: 12pt\"><a href=\"https:\/\/wp.ufpel.edu.br\/mestradoartesvisuais\/acompanhamento-de-academicos\/ingressantes-2012\/jose-carlos-brod-nogueira\/\"><strong>Jos\u00e9 Carlos Brod Nogueira<\/strong><\/a><\/span><br \/>\n<span style=\"font-family: 'trebuchet ms', geneva, sans-serif;font-size: 10pt;color: #999999\"><strong>T\u00cdTULO:<\/strong> <a href=\"http:\/\/guaiaca.ufpel.edu.br\/handle\/prefix\/6515\" target=\"_blank\" rel=\"noopener noreferrer\">Do f\u00edsico ao digital: mudan\u00e7as no pensar e fazer a obra<\/a><\/span><br \/>\n<span style=\"font-family: 'trebuchet ms', geneva, sans-serif;font-size: 10pt;color: #999999\"><strong>ORIENTADOR(A): <\/strong>Profa. Dra. N\u00e1dia da Cruz Senna (PPGAV\/UFPel)<\/span><\/p>\n<hr \/>\n<p style=\"padding-left: 40px\"><span style=\"font-family: 'trebuchet ms', geneva, sans-serif;font-size: 12pt\"><a href=\"https:\/\/wp.ufpel.edu.br\/mestradoartesvisuais\/acompanhamento-de-academicos\/ingressantes-2012\/leticia-britto\/\"><strong>Let\u00edcia Britto<\/strong><\/a><\/span><br \/>\n<span style=\"font-family: 'trebuchet ms', geneva, sans-serif;font-size: 10pt;color: #999999\"><strong>T\u00cdTULO:<\/strong> <a style=\"color: #999999\" href=\"http:\/\/pergamum.ufpel.edu.br:8080\/pergamumweb\/vinculos\/00007e\/00007e4d.pdf\" target=\"_blank\" rel=\"noopener noreferrer\">Oficinas de arte contempor\u00e2nea para crian\u00e7as de pr\u00e9-escola: a experi\u00eancia est\u00e9tica e o l\u00fadico na inf\u00e2ncia<br \/>\n<\/a><strong>ORIENTADOR(A): <\/strong>Profa. Dra. Renata Azevedo Requi\u00e3o (PPGAV\/UFPel)<\/span><\/p>\n<hr \/>\n<p style=\"padding-left: 40px\"><span style=\"font-family: 'trebuchet ms', geneva, sans-serif;font-size: 12pt\"><a href=\"https:\/\/wp.ufpel.edu.br\/mestradoartesvisuais\/acompanhamento-de-academicos\/ingressantes-2012\/roger-fraga-coutinho\/\"><strong>Roger Fraga Coutinho<\/strong><\/a><\/span><br \/>\n<span style=\"font-family: 'trebuchet ms', geneva, sans-serif;font-size: 10pt;color: #999999\"><strong>T\u00cdTULO:<\/strong> <a style=\"color: #999999\" href=\"http:\/\/pergamum.ufpel.edu.br:8080\/pergamumweb\/vinculos\/00007e\/00007e4f.pdf\" target=\"_blank\" rel=\"noopener noreferrer\">Acontecimentos pict\u00f3ricos: narrativas de um processo por sobreposi\u00e7\u00e3o de camadas<br \/>\n<\/a><strong>ORIENTADOR(A): <\/strong>Profa. Dra. Adriane Hernandez (PPGAV\/UFPel)<\/span><\/p>\n<hr \/>\n<p style=\"padding-left: 40px\"><span style=\"font-family: 'trebuchet ms', geneva, sans-serif;font-size: 12pt\"><a href=\"https:\/\/wp.ufpel.edu.br\/mestradoartesvisuais\/acompanhamento-de-academicos\/ingressantes-2012\/toni-rabello-dos-santos\/\"><strong>T\u00f4ni Rabello Dos Santos<\/strong><\/a><\/span><br \/>\n<span style=\"font-family: 'trebuchet ms', geneva, sans-serif;font-size: 10pt;color: #999999\"><strong>T\u00cdTULO:<\/strong> <a style=\"color: #999999\" href=\"http:\/\/pergamum.ufpel.edu.br:8080\/pergamumweb\/vinculos\/00007e\/00007e51.pdf\" target=\"_blank\" rel=\"noopener noreferrer\">Percep\u00e7\u00f5es de um eletrogravador: experi\u00eancias po\u00e9ticas com a corros\u00e3o<br \/>\n<\/a><strong>ORIENTADOR(A):<\/strong> Profa. Dra. Angela Raffin Pohlmann (PPGAV\/UFPel)<\/span><\/p>\n<hr \/>\n<p>&nbsp;<\/p>\n<div class=\"ms-editor-squiggler\" style=\"color: initial;font: initial;background: initial;background-blend-mode: initial;border: initial;border-radius: initial;border-collapse: initial;caption-side: initial;clear: initial;columns: initial;column-fill: initial;column-rule: initial;column-span: initial;cursor: initial;flex: initial;flex-flow: initial;float: initial;height: 0px;letter-spacing: initial;margin: initial;max-height: initial;max-width: initial;min-height: initial;min-width: initial;overflow: initial;padding: initial;text-align: initial;text-decoration: initial;text-indent: initial;text-transform: initial;vertical-align: initial;border-spacing: initial;width: initial\"><\/div>\n<div class=\"ms-editor-squiggler\" style=\"color: initial;font: initial;background: initial;background-blend-mode: initial;border: initial;border-radius: initial;border-collapse: initial;caption-side: initial;clear: initial;columns: initial;column-fill: initial;column-rule: initial;column-span: initial;cursor: initial;flex: initial;flex-flow: initial;float: initial;height: 0px;letter-spacing: initial;margin: initial;max-height: initial;max-width: initial;min-height: initial;min-width: initial;overflow: initial;padding: initial;text-align: initial;text-decoration: initial;text-indent: initial;text-transform: initial;vertical-align: initial;border-spacing: initial;width: initial\"><\/div>\n<div class=\"ms-editor-squiggler\" style=\"color: initial;font: initial;background: initial;background-blend-mode: initial;border: initial;border-radius: initial;border-collapse: initial;caption-side: initial;clear: initial;columns: initial;column-fill: initial;column-rule: initial;column-span: initial;cursor: initial;flex: initial;flex-flow: initial;float: initial;height: 0px;letter-spacing: initial;margin: initial;max-height: initial;max-width: initial;min-height: initial;min-width: initial;overflow: initial;padding: initial;text-align: initial;text-decoration: initial;text-indent: initial;text-transform: initial;vertical-align: initial;border-spacing: initial;width: initial\"><\/div>\n<div class=\"ms-editor-squiggler\" style=\"color: initial;font: initial;background: initial;background-blend-mode: initial;border: initial;border-radius: initial;border-collapse: initial;caption-side: initial;clear: initial;columns: initial;column-fill: initial;column-rule: initial;column-span: initial;cursor: initial;flex: initial;flex-flow: initial;float: initial;height: 0px;letter-spacing: initial;margin: initial;max-height: initial;max-width: initial;min-height: initial;min-width: initial;overflow: initial;padding: initial;text-align: initial;text-decoration: initial;text-indent: initial;text-transform: initial;vertical-align: initial;border-spacing: initial;width: initial\"><\/div>\n<div class=\"ms-editor-squiggler\" style=\"color: initial;font: initial;background: initial;background-blend-mode: initial;border: initial;border-radius: initial;border-collapse: initial;caption-side: initial;clear: initial;columns: initial;column-fill: initial;column-rule: initial;column-span: initial;cursor: initial;flex: initial;flex-flow: initial;float: initial;height: 0px;letter-spacing: initial;margin: initial;max-height: initial;max-width: initial;min-height: initial;min-width: initial;overflow: initial;padding: initial;text-align: initial;text-decoration: initial;text-indent: initial;text-transform: initial;vertical-align: initial;border-spacing: initial;width: initial\"><\/div>\n<div class=\"ms-editor-squiggler\" style=\"color: initial;font: initial;background: initial;background-blend-mode: initial;border: initial;border-radius: initial;border-collapse: initial;caption-side: initial;clear: initial;columns: initial;column-fill: initial;column-rule: initial;column-span: initial;cursor: initial;flex: initial;flex-flow: initial;float: initial;height: 0px;letter-spacing: initial;margin: initial;max-height: initial;max-width: initial;min-height: initial;min-width: initial;overflow: initial;padding: initial;text-align: initial;text-decoration: initial;text-indent: initial;text-transform: initial;vertical-align: initial;border-spacing: initial;width: initial\"><\/div>\n","protected":false},"excerpt":{"rendered":"<p>Abaixo voc\u00ea encontrar\u00e1 nossos alunos que conclu\u00edram sua forma\u00e7\u00e3o no Programa de P\u00f3s-gradua\u00e7\u00e3o Mestrado em Artes Visuais no ano de 2014. Clique no nome do aluno para maiores informa\u00e7\u00f5es sobre ele. Clicando no link do t\u00edtulo da disserta\u00e7\u00e3o voc\u00ea ser\u00e1 enviado \u00e0 publica\u00e7\u00e3o de sua disserta\u00e7\u00e3o. &nbsp; Alunos Egressos em 2014 Adriana Silva Da Silva [&hellip;]<\/p>\n","protected":false},"author":1258,"featured_media":0,"parent":2738,"menu_order":0,"comment_status":"closed","ping_status":"closed","template":"","meta":{"footnotes":""},"class_list":["post-3307","page","type-page","status-publish","hentry"],"_links":{"self":[{"href":"https:\/\/wp.ufpel.edu.br\/ppgartes\/wp-json\/wp\/v2\/pages\/3307","targetHints":{"allow":["GET"]}}],"collection":[{"href":"https:\/\/wp.ufpel.edu.br\/ppgartes\/wp-json\/wp\/v2\/pages"}],"about":[{"href":"https:\/\/wp.ufpel.edu.br\/ppgartes\/wp-json\/wp\/v2\/types\/page"}],"author":[{"embeddable":true,"href":"https:\/\/wp.ufpel.edu.br\/ppgartes\/wp-json\/wp\/v2\/users\/1258"}],"replies":[{"embeddable":true,"href":"https:\/\/wp.ufpel.edu.br\/ppgartes\/wp-json\/wp\/v2\/comments?post=3307"}],"version-history":[{"count":0,"href":"https:\/\/wp.ufpel.edu.br\/ppgartes\/wp-json\/wp\/v2\/pages\/3307\/revisions"}],"up":[{"embeddable":true,"href":"https:\/\/wp.ufpel.edu.br\/ppgartes\/wp-json\/wp\/v2\/pages\/2738"}],"wp:attachment":[{"href":"https:\/\/wp.ufpel.edu.br\/ppgartes\/wp-json\/wp\/v2\/media?parent=3307"}],"curies":[{"name":"wp","href":"https:\/\/api.w.org\/{rel}","templated":true}]}}