{"id":17,"date":"2013-07-04T05:58:31","date_gmt":"2013-07-04T08:58:31","guid":{"rendered":"https:\/\/wp.ufpel.edu.br\/ppga\/?page_id=17"},"modified":"2024-12-02T22:25:20","modified_gmt":"2024-12-03T01:25:20","slug":"professores","status":"publish","type":"page","link":"https:\/\/wp.ufpel.edu.br\/ppga\/?page_id=17","title":{"rendered":"Docentes"},"content":{"rendered":"<p style=\"text-align: justify;\"><span style=\"font-size: 12pt;\">Atualmente o programa conta com corpo permanente e colaborador. A lista abaixo apresenta todos os orientadores vinculados ao programa.<\/span><\/p>\n<p>&nbsp;<\/p>\n<table class=\" alignleft\" style=\"width: 749px; height: 2559px; border-color: #cf0c5a; background-color: #fefdfd;\">\n<tbody>\n<tr style=\"height: 24px;\">\n<td style=\"width: 248px; height: 24px; vertical-align: top; text-align: center;\"><span style=\"color: #0000ff;\"><strong>Corpo permanente<\/strong><\/span><\/td>\n<td style=\"width: 141px; height: 24px; text-align: center;\"><span style=\"color: #0000ff;\"><strong>\u00c1rea<\/strong><\/span><\/td>\n<td style=\"width: 338px; height: 24px; vertical-align: middle; text-align: center;\"><span style=\"color: #0000ff;\"><strong>\u00c1rea de Atua\u00e7\u00e3o<\/strong><\/span><\/td>\n<\/tr>\n<tr style=\"height: 237px;\">\n<td style=\"width: 248px; height: 215px; vertical-align: middle; text-align: center;\">\n<p><a href=\"https:\/\/wp.ufpel.edu.br\/ppga\/files\/2021\/02\/andre.jpg\"><img class=\"wp-image-1559 aligncenter\"  src=\"data:image\/svg+xml,%3Csvg xmlns=\"http:\/\/www.w3.org\/2000\/svg\" viewBox=\"0 0 1 1\"%3E%3C\/svg%3E\" data-src=\"https:\/\/wp.ufpel.edu.br\/ppga\/files\/2021\/02\/andre.jpg\" class=\"lazy-load\" loading=\"lazy\" decoding=\"async\" alt=\"\" width=\"98\" height=\"105\" \/><\/a><\/p>\n<p><a href=\"http:\/\/lattes.cnpq.br\/4503965477493383\"><span style=\"color: #0000ff;\"><strong><span style=\"color: #000000;\">Andr\u00e9 Luiz K\u00fclkamp de Souza<\/span><\/strong><\/span><\/a><\/p>\n<p><span style=\"font-size: 10pt;\">andresouza@epagri.sc.gov.br<\/span><\/td>\n<td style=\"width: 141px; height: 215px; vertical-align: middle; text-align: center;\">Fruticultura<br \/>\n<img decoding=\"async\" class=\"\" src=\"https:\/\/wp.ufpel.edu.br\/fruticultura\/files\/2017\/05\/1797510_604953339594019_7527769411377140408_n.jpg\" alt=\"Fruticultura de Clima Temperado\" width=\"98\" height=\"72\" \/ loading=\"lazy\"><\/td>\n<td style=\"width: 338px; height: 215px; vertical-align: middle; text-align: center;\"><\/td>\n<\/tr>\n<tr style=\"height: 133px;\">\n<td style=\"width: 248px; height: 133px;\"><a href=\"https:\/\/wp.ufpel.edu.br\/ppga\/files\/2013\/07\/Antonio-Costa-de-Oliveira.jpg\"><img decoding=\"async\" class=\"wp-image-604 aligncenter\" src=\"https:\/\/wp.ufpel.edu.br\/ppga\/files\/2013\/07\/Antonio-Costa-de-Oliveira-300x225.jpg\" alt=\"\" width=\"104\" height=\"78\" \/ loading=\"lazy\" srcset=\"https:\/\/wp.ufpel.edu.br\/ppga\/files\/2013\/07\/Antonio-Costa-de-Oliveira-300x225.jpg 300w, https:\/\/wp.ufpel.edu.br\/ppga\/files\/2013\/07\/Antonio-Costa-de-Oliveira.jpg 640w\" sizes=\"auto, (max-width: 104px) 100vw, 104px\" \/><br \/>\n<\/a><span style=\"color: #0000ff;\"><a href=\"http:\/\/lattes.cnpq.br\/2717555680999191\" target=\"_blank\" rel=\"noopener noreferrer\"><span style=\"color: #0000ff;\"><strong><span style=\"color: #000000;\">Antonio Costa de Oliveira<\/span><\/strong><\/span><\/a><\/span><br \/>\n<span style=\"font-size: 10pt;\">acostol@gmail.com<\/span><\/td>\n<td style=\"width: 141px; height: 133px; vertical-align: middle; text-align: center;\">Fitomelhoramento<br \/>\n<img decoding=\"async\" class=\"aligncenter\" src=\"https:\/\/encrypted-tbn0.gstatic.com\/images?q=tbn:ANd9GcT1uBdsbWSevOBRfTW11Hb6P690ddYiDf0dCA&amp;s\" alt=\"CGF UFPEL\" width=\"81\" height=\"80\" \/ loading=\"lazy\"><\/td>\n<td style=\"width: 338px; height: 133px; vertical-align: middle; text-align: justify;\"><span style=\"font-size: 10pt;\">Est\u00e1gio de Doc\u00eancia Orientada em Fitomelhoramento<\/span><br \/>\n<span style=\"font-size: 10pt;\"> T\u00e9cnicas Aplicadas ao Melhoramento de Plantas<\/span><br \/>\n<span style=\"font-size: 10pt;\"> Melhoramento Gen\u00e9tico de Plantas<\/span><\/td>\n<\/tr>\n<tr style=\"height: 180px;\">\n<td style=\"width: 248px; height: 180px;\"><a href=\"https:\/\/wp.ufpel.edu.br\/ppga\/files\/2013\/07\/Ariano-Martins.jpg\"><img decoding=\"async\" class=\"wp-image-605 aligncenter\" src=\"https:\/\/wp.ufpel.edu.br\/ppga\/files\/2013\/07\/Ariano-Martins-193x300.jpg\" alt=\"\" width=\"81\" height=\"126\" \/ loading=\"lazy\" srcset=\"https:\/\/wp.ufpel.edu.br\/ppga\/files\/2013\/07\/Ariano-Martins-193x300.jpg 193w, https:\/\/wp.ufpel.edu.br\/ppga\/files\/2013\/07\/Ariano-Martins.jpg 356w\" sizes=\"auto, (max-width: 81px) 100vw, 81px\" \/><\/a><br \/>\n<span style=\"color: #0000ff;\"><a href=\"http:\/\/lattes.cnpq.br\/7042859921458132\" target=\"_blank\" rel=\"noopener noreferrer\"><span style=\"color: #0000ff;\"><strong><span style=\"color: #000000;\">Ariano M. de Magalh\u00e3es J\u00fanior<\/span><\/strong><\/span><\/a><\/span><br \/>\n<span style=\"font-size: 10pt;\">ariano.martins@embrapa.br<\/span><\/td>\n<td style=\"width: 141px; height: 180px; vertical-align: middle; text-align: center;\">Fitomelhoramento<br \/>\n<img decoding=\"async\" class=\"aligncenter\" src=\"https:\/\/encrypted-tbn0.gstatic.com\/images?q=tbn:ANd9GcT1uBdsbWSevOBRfTW11Hb6P690ddYiDf0dCA&amp;s\" alt=\"CGF UFPEL\" width=\"81\" height=\"80\" \/ loading=\"lazy\"><\/td>\n<td style=\"width: 338px; height: 180px;\"><span style=\"font-size: 10pt;\">Melhoramento Gen\u00e9tico de Plantas<\/span><\/td>\n<\/tr>\n<tr style=\"height: 175px;\">\n<td style=\"width: 248px; height: 175px;\"><a href=\"http:\/\/lattes.cnpq.br\/5859282913464169\" target=\"_blank\" rel=\"noopener noreferrer\"><img decoding=\"async\" class=\"wp-image-606 aligncenter\" src=\"https:\/\/wp.ufpel.edu.br\/ppga\/files\/2013\/07\/Camila-Pegoraro-232x300.jpg\" alt=\"\" width=\"93\" height=\"120\" \/ loading=\"lazy\" srcset=\"https:\/\/wp.ufpel.edu.br\/ppga\/files\/2013\/07\/Camila-Pegoraro-232x300.jpg 232w, https:\/\/wp.ufpel.edu.br\/ppga\/files\/2013\/07\/Camila-Pegoraro-768x993.jpg 768w, https:\/\/wp.ufpel.edu.br\/ppga\/files\/2013\/07\/Camila-Pegoraro-792x1024.jpg 792w, https:\/\/wp.ufpel.edu.br\/ppga\/files\/2013\/07\/Camila-Pegoraro.jpg 1034w\" sizes=\"auto, (max-width: 93px) 100vw, 93px\" \/><br \/>\n<span style=\"color: #000000;\"><strong>Camila Pegoraro<\/strong><\/span><\/a><br \/>\n<span style=\"font-size: 10pt;\">cpegoraro.faem@ufpel.edu.br<\/span><\/td>\n<td style=\"width: 141px; height: 175px; vertical-align: middle; text-align: center;\">Fitomelhoramento<br \/>\n<img decoding=\"async\" class=\"aligncenter\" src=\"https:\/\/encrypted-tbn0.gstatic.com\/images?q=tbn:ANd9GcT1uBdsbWSevOBRfTW11Hb6P690ddYiDf0dCA&amp;s\" alt=\"CGF UFPEL\" width=\"81\" height=\"80\" \/ loading=\"lazy\"><\/td>\n<td style=\"width: 338px; height: 175px; text-align: left; vertical-align: middle;\"><span style=\"font-size: 10pt;\">Biotecnologia Aplicada ao Melhoramento Gen\u00e9tico<br \/>\n<\/span><span style=\"font-size: 10pt;\">T\u00f3picos Especiais em Gen\u00e9tica e Fitomelhoramento<br \/>\n<\/span><span style=\"font-size: 10pt;\">Gen\u00e9tica Aplicada ao Melhoramento de Plantas<br \/>\n<\/span><span style=\"font-size: 10pt;\">Pesquisa orientada em Fitomelhoramento<\/span><\/td>\n<\/tr>\n<tr style=\"height: 155px;\">\n<td style=\"width: 248px; height: 174px;\">\u00a0<a href=\"https:\/\/wp.ufpel.edu.br\/ppga\/files\/2013\/07\/Carlos-Roberto-Martins-2.jpg\"><img decoding=\"async\" class=\"wp-image-609 aligncenter\" src=\"https:\/\/wp.ufpel.edu.br\/ppga\/files\/2013\/07\/Carlos-Roberto-Martins-2-300x269.jpg\" alt=\"\" width=\"112\" height=\"100\" \/ loading=\"lazy\" srcset=\"https:\/\/wp.ufpel.edu.br\/ppga\/files\/2013\/07\/Carlos-Roberto-Martins-2-300x269.jpg 300w, https:\/\/wp.ufpel.edu.br\/ppga\/files\/2013\/07\/Carlos-Roberto-Martins-2.jpg 758w\" sizes=\"auto, (max-width: 112px) 100vw, 112px\" \/><br \/>\n<\/a><span style=\"color: #000000;\"><strong><a style=\"color: #000000;\" href=\"http:\/\/lattes.cnpq.br\/1097462869379223\" target=\"_blank\" rel=\"noopener noreferrer\">Carlos Roberto Martins<\/a><\/strong><\/span><br \/>\n<span style=\"font-size: 10pt;\">carlos.r.martins@embrapa.br<a href=\"http:\/\/lattes.cnpq.br\/1097462869379223\"><br \/>\n<\/a><\/span><\/td>\n<td style=\"width: 141px; height: 174px; vertical-align: middle; text-align: center;\">\n<p>\u00a0 \u00a0 \u00a0Fruticultura<\/p>\n<p><img decoding=\"async\" class=\"aligncenter\" src=\"https:\/\/wp.ufpel.edu.br\/fruticultura\/files\/2017\/05\/1797510_604953339594019_7527769411377140408_n.jpg\" alt=\"Fruticultura de Clima Temperado\" width=\"98\" height=\"72\" \/ loading=\"lazy\"><\/td>\n<td style=\"width: 338px; height: 174px;\" title=\"Pecanicultura\" role=\"gridcell\" aria-describedby=\"gridCursoVersaoDisciplina_nome\"><span style=\"font-size: 10pt;\">Pecanicultura<\/span><\/td>\n<\/tr>\n<tr style=\"height: 178px;\">\n<td style=\"width: 248px; height: 178px;\"><img decoding=\"async\" class=\"aligncenter\" src=\"https:\/\/encrypted-tbn0.gstatic.com\/images?q=tbn:ANd9GcR4kbqVTSQGw2LimQ8-2-9mFhSmKfF2w69LuQ&amp;s\" alt=\"FLAVIO GILBERTO HERTER | UFPel\" width=\"117\" height=\"117\" \/ loading=\"lazy\"><br \/>\n<span style=\"color: #000000;\"><strong><a style=\"color: #000000;\" href=\"http:\/\/lattes.cnpq.br\/7773937279598687\" target=\"_blank\" rel=\"noopener noreferrer\">Flavio Gilberto Herter<\/a><\/strong><\/span><br \/>\n<span style=\"font-size: 10pt;\">flavioherter@gmail.com<\/span><\/td>\n<td style=\"width: 141px; height: 178px; vertical-align: middle; text-align: center;\">Fruticultura<br \/>\n<img decoding=\"async\" class=\"\" src=\"https:\/\/wp.ufpel.edu.br\/fruticultura\/files\/2017\/05\/1797510_604953339594019_7527769411377140408_n.jpg\" alt=\"Fruticultura de Clima Temperado\" width=\"98\" height=\"72\" \/ loading=\"lazy\"><\/td>\n<td style=\"width: 338px; height: 178px; text-align: left; vertical-align: middle;\"><span style=\"font-size: 10pt;\">Ecofisiologia de Plantas Frut\u00edferas<\/span><br \/>\n<span style=\"font-size: 10pt;\"> Semin\u00e1rios<\/span><\/td>\n<\/tr>\n<tr style=\"height: 239px;\">\n<td style=\"width: 248px; height: 239px;\">\n<p><a href=\"https:\/\/wp.ufpel.edu.br\/ppga\/files\/2021\/02\/Gustavo.jpg\"><img decoding=\"async\" class=\"wp-image-1554 aligncenter\" src=\"https:\/\/wp.ufpel.edu.br\/ppga\/files\/2021\/02\/Gustavo-375x400.jpg\" alt=\"\" width=\"113\" height=\"121\" \/ loading=\"lazy\" srcset=\"https:\/\/wp.ufpel.edu.br\/ppga\/files\/2021\/02\/Gustavo-375x400.jpg 375w, https:\/\/wp.ufpel.edu.br\/ppga\/files\/2021\/02\/Gustavo-959x1024.jpg 959w, https:\/\/wp.ufpel.edu.br\/ppga\/files\/2021\/02\/Gustavo-768x820.jpg 768w, https:\/\/wp.ufpel.edu.br\/ppga\/files\/2021\/02\/Gustavo.jpg 1221w\" sizes=\"auto, (max-width: 113px) 100vw, 113px\" \/><\/a><\/p>\n<p><span style=\"color: #000000;\"><strong>Gustavo Heiden<\/strong><\/span><\/p>\n<p><span style=\"font-size: 10pt;\">gustavo.heiden@embrapa.br<\/span><\/td>\n<td style=\"width: 141px; vertical-align: middle; height: 239px; text-align: center;\">Fitomelhoramento<a href=\"http:\/\/lattes.cnpq.br\/4440061243085201\" target=\"_blank\" rel=\"noopener noreferrer\"><img decoding=\"async\" class=\"aligncenter\" src=\"https:\/\/encrypted-tbn0.gstatic.com\/images?q=tbn:ANd9GcT1uBdsbWSevOBRfTW11Hb6P690ddYiDf0dCA&amp;s\" alt=\"CGF UFPEL\" width=\"81\" height=\"80\" \/ loading=\"lazy\"><br \/>\n<\/a><\/td>\n<td style=\"width: 338px; text-align: left; vertical-align: middle; height: 239px;\"><span style=\"font-size: 10pt;\">Recursos gen\u00e9ticos<br \/>\n<\/span><span style=\"font-size: 10pt;\">Pr\u00e9-melhoramento e Bot\u00e2nica Aplicada<\/span><\/td>\n<\/tr>\n<tr style=\"height: 171px;\">\n<td style=\"width: 248px; height: 171px;\"><a href=\"http:\/\/lattes.cnpq.br\/4440061243085201\" target=\"_blank\" rel=\"noopener noreferrer\"><img decoding=\"async\" class=\"wp-image-616 aligncenter\" src=\"https:\/\/wp.ufpel.edu.br\/ppga\/files\/2013\/07\/Luciano-Carlos-da-Maia2-2.jpg\" alt=\"\" width=\"115\" height=\"114\" \/ loading=\"lazy\"><br \/>\n<span style=\"color: #000000;\"><strong>Luciano Carlos da Maia<\/strong><\/span><\/a><br \/>\n<span style=\"font-size: 10pt;\">lmaia.faem@ufpel.edu.br<\/span><\/td>\n<td style=\"width: 141px; height: 171px; vertical-align: middle; text-align: center;\">Fitomelhoramento<br \/>\n<img decoding=\"async\" class=\"aligncenter\" src=\"https:\/\/encrypted-tbn0.gstatic.com\/images?q=tbn:ANd9GcT1uBdsbWSevOBRfTW11Hb6P690ddYiDf0dCA&amp;s\" alt=\"CGF UFPEL\" width=\"81\" height=\"80\" \/ loading=\"lazy\"><\/td>\n<td style=\"width: 338px; height: 171px; text-align: left; vertical-align: middle;\"><span style=\"font-size: 10pt;\">Gen\u00e9tica Quantitativa I<\/span><br \/>\n<span style=\"font-size: 10pt;\"> Introdu\u00e7\u00e3o \u00e0 Bioinform\u00e1tica<\/span><br \/>\n<span style=\"font-size: 10pt;\"> Estat\u00edstica Aplicada ao Melhoramento<\/span><br \/>\n<span style=\"font-size: 10pt;\"> Teoria da Sele\u00e7\u00e3o<\/span><\/td>\n<\/tr>\n<tr style=\"height: 177px;\">\n<td style=\"width: 248px; height: 177px;\"><a href=\"https:\/\/wp.ufpel.edu.br\/ppga\/files\/2013\/07\/Marcelo-Barbosa-Malgarim.jpg\"><img decoding=\"async\" class=\"wp-image-619 aligncenter\" src=\"https:\/\/wp.ufpel.edu.br\/ppga\/files\/2013\/07\/Marcelo-Barbosa-Malgarim.jpg\" alt=\"\" width=\"107\" height=\"122\" \/ loading=\"lazy\"><\/a><br \/>\n<span style=\"color: #000000;\"><strong><a style=\"color: #000000;\" href=\"http:\/\/lattes.cnpq.br\/2936532510261157\" target=\"_blank\" rel=\"noopener noreferrer\">Marcelo Barbosa Malgarim<\/a><\/strong><\/span><br \/>\n<span style=\"font-size: 10pt;\">malgarim@ufpel.edu.br<\/span><\/td>\n<td style=\"width: 141px; height: 177px; vertical-align: middle; text-align: center;\">Fruticultura<br \/>\n<img decoding=\"async\" class=\"\" src=\"https:\/\/wp.ufpel.edu.br\/fruticultura\/files\/2017\/05\/1797510_604953339594019_7527769411377140408_n.jpg\" alt=\"Fruticultura de Clima Temperado\" width=\"98\" height=\"72\" \/ loading=\"lazy\"><\/td>\n<td style=\"width: 338px; height: 177px; text-align: left; vertical-align: middle;\"><span style=\"font-size: 10pt;\">Vitivinicultura<\/span><br \/>\n<span style=\"font-size: 10pt;\"> Est\u00e1gio de Doc\u00eancia Orientada em Fruticultura<\/span><br \/>\n<span style=\"font-size: 10pt;\"> Frut\u00edferas Tropicais e Subtropicais<\/span><\/td>\n<\/tr>\n<tr style=\"height: 174px;\">\n<td style=\"width: 248px; height: 174px;\"><a href=\"https:\/\/wp.ufpel.edu.br\/ppga\/files\/2013\/07\/Paulo-Celso-de-Mello-Farias.jpg\"><img decoding=\"async\" class=\"wp-image-620 aligncenter\" src=\"https:\/\/wp.ufpel.edu.br\/ppga\/files\/2013\/07\/Paulo-Celso-de-Mello-Farias-273x300.jpg\" alt=\"\" width=\"109\" height=\"120\" \/ loading=\"lazy\" srcset=\"https:\/\/wp.ufpel.edu.br\/ppga\/files\/2013\/07\/Paulo-Celso-de-Mello-Farias-273x300.jpg 273w, https:\/\/wp.ufpel.edu.br\/ppga\/files\/2013\/07\/Paulo-Celso-de-Mello-Farias-768x843.jpg 768w, https:\/\/wp.ufpel.edu.br\/ppga\/files\/2013\/07\/Paulo-Celso-de-Mello-Farias.jpg 841w\" sizes=\"auto, (max-width: 109px) 100vw, 109px\" \/><\/a><br \/>\n<span style=\"color: #000000;\"><strong><a style=\"color: #000000;\" href=\"http:\/\/lattes.cnpq.br\/2028783548387719\" target=\"_blank\" rel=\"noopener noreferrer\">Paulo Celso de Mello Farias<\/a><\/strong><\/span><br \/>\n<span style=\"font-size: 10pt;\">mello.farias@ufpel.edu.br<\/span><\/td>\n<td style=\"width: 141px; height: 174px; vertical-align: middle; text-align: center;\">Fruticultura<br \/>\n<img decoding=\"async\" class=\"\" src=\"https:\/\/wp.ufpel.edu.br\/fruticultura\/files\/2017\/05\/1797510_604953339594019_7527769411377140408_n.jpg\" alt=\"Fruticultura de Clima Temperado\" width=\"98\" height=\"72\" \/ loading=\"lazy\"><\/td>\n<td style=\"width: 338px; height: 174px; text-align: left; vertical-align: middle;\"><span style=\"font-size: 10pt;\">Produ\u00e7\u00e3o Frut\u00edcola II<\/span><br \/>\n<span style=\"font-size: 10pt;\"> Est\u00e1gio de Doc\u00eancia Orientada em Fruticultura<\/span><br \/>\n<span style=\"font-size: 10pt;\"> Pesquisa Orientada em Fruticultura <\/span><span style=\"font-size: 10pt;\">Semin\u00e1rios<\/span><span style=\"font-size: 10pt;\">Fisiologia de Frut\u00edferas Lenhosas<\/span><\/td>\n<\/tr>\n<tr style=\"height: 120px;\">\n<td style=\"width: 248px; height: 10px;\">\n<p><a href=\"https:\/\/wp.ufpel.edu.br\/ppga\/files\/2019\/05\/Valmor-Jo\u00e3o-Bianchi.jpg\"><img decoding=\"async\" class=\"wp-image-1182 aligncenter\" src=\"https:\/\/wp.ufpel.edu.br\/ppga\/files\/2019\/05\/Valmor-Jo\u00e3o-Bianchi-400x313.jpg\" alt=\"\" width=\"139\" height=\"109\" \/ loading=\"lazy\" srcset=\"https:\/\/wp.ufpel.edu.br\/ppga\/files\/2019\/05\/Valmor-Jo\u00e3o-Bianchi-400x313.jpg 400w, https:\/\/wp.ufpel.edu.br\/ppga\/files\/2019\/05\/Valmor-Jo\u00e3o-Bianchi-768x601.jpg 768w, https:\/\/wp.ufpel.edu.br\/ppga\/files\/2019\/05\/Valmor-Jo\u00e3o-Bianchi-1024x802.jpg 1024w\" sizes=\"auto, (max-width: 139px) 100vw, 139px\" \/><\/a><\/p>\n<p><span style=\"color: #000000;\"><strong><a style=\"color: #000000;\" href=\"http:\/\/lattes.cnpq.br\/9373170196787637\" target=\"_blank\" rel=\"noopener noreferrer\">Valmor Jo\u00e3o Bianchi<\/a><\/strong><\/span><br \/>\n<span style=\"font-size: 10pt;\">valmorjb@yahoo.com<\/span><\/td>\n<td style=\"width: 141px; height: 10px; vertical-align: middle; text-align: center;\">\n<p>\u00a0 \u00a0 \u00a0 \u00a0Fruticultura<\/p>\n<p><img decoding=\"async\" class=\"aligncenter\" src=\"https:\/\/wp.ufpel.edu.br\/fruticultura\/files\/2017\/05\/1797510_604953339594019_7527769411377140408_n.jpg\" alt=\"Fruticultura de Clima Temperado\" width=\"98\" height=\"72\" \/ loading=\"lazy\"><\/td>\n<td style=\"width: 338px; height: 10px; text-align: left; vertical-align: middle;\">\n<p><span style=\"font-size: 10pt;\">Marcadores Moleculares em Fruticultura<\/span><\/p>\n<p><span style=\"font-size: 10pt;\">Produ\u00e7\u00e3o de Mudas Frut\u00edferas<\/span><\/td>\n<\/tr>\n<tr style=\"height: 262px;\">\n<td style=\"width: 248px; height: 237px;\">\n<p><img decoding=\"async\" class=\"aligncenter\" src=\"https:\/\/media-gru2-2.cdn.whatsapp.net\/v\/t61.24694-24\/296202191_590933672405881_8738415424759748493_n.jpg?stp=dst-jpg_tt6&amp;ccb=11-4&amp;oh=01_Q5AaIBalS5TKEBr1piQHtrUtZeZ79QxAlizTsI7DS2XKyGd3&amp;oe=675B84FE&amp;_nc_sid=5e03e0&amp;_nc_cat=100\" width=\"109\" height=\"109\" \/ loading=\"lazy\"><\/p>\n<p><span style=\"color: #000000;\"><strong><a style=\"color: #000000;\" href=\"https:\/\/buscatextual.cnpq.br\/buscatextual\/visualizacv.do?id=K4715578H6&amp;tokenCaptchar=03AFcWeA6Yj8xNamzvAdHE-yQE6NMPAdZLR838-32iQyWdUayQXqZxFBCcee7L0WMMryaMYCoiUhi9e_xZYt-v5UA6D3HJ--1qdsGhwsp_pKA0PFs3_zOkur_tPJtzhTKSrmC2ax8E-VGfOkIO5GmbDGC2hGi399HWnW-OGMi9rPRP1WWuXRaBO8UWraocoF36tYFP1_kJQHm3Hv36A3I5twQAhqMnvw3-ZPXWkZZB5L_gNTlrFrbZStp9y-F5XAdSRlpSUcI6kEVxWtwEx9e5q3L1qxsgimCOE9GgF3Yk98jwqmSLddcfAZez3GbtgbuNlcqCEjTVdGgK7rRefvZ-WiDDo0Eq5_aqsQ7t4re2w-I4alfLQUlFxDL4d6EIWmQmTh0wLFQP7jV7q_Y2a-Am0XoD1FFRd_vsV2G97BSXwK0gZCTSFZQs3_VyAIeVVRaE0cU3Wy0V9gZ5Eq09O0cGdLmZK-USovPNmjOlk2dBsduQMg7EuYxSUtlvIlnEI4qDb897Xo5ZaJtbwzLydsU7JzclOmrDh9HRqjzjjcvPbD1EiCQkt-KJfCLRvR4F4fxUjciJujJCU-Vwk125QfvKoYN37_GwcOXdQBHnG1nyY6JmGUTSHVKdcOw9eKO95fulEGWjGBBP2RGcUEDuBUqRqoomLaINONGN6ygg3VpU0sUrfSC6sd0QBBD5VTYky3XyRdG5KbgXvdg05ghzidUVXmB6u42bdhYwq1ANjhQ4ZXOhfQKUHKXZf_8k48Vms4avYxLGkARK-6dEcBwqmwgfr5cy5-ryNGNd0Ujs8q30Cmc05t0RHpp6T7BuKqAwx4LDqPo2di6MCwZt3GFpu98JZAE0pahOZkOvpw\">Vagner Brasil Costa<\/a><\/strong><\/span><\/p>\n<div class=\"Cz J-J5-Ji e\"><span style=\"font-size: 10pt;\">vagnerbrasil@gmail.com<\/span><\/div>\n<\/td>\n<td style=\"width: 141px; vertical-align: middle; height: 237px; text-align: center;\">\n<p>\u00a0 \u00a0 \u00a0 \u00a0 Fruticultura<\/p>\n<p><img decoding=\"async\" class=\"aligncenter\" src=\"https:\/\/wp.ufpel.edu.br\/fruticultura\/files\/2017\/05\/1797510_604953339594019_7527769411377140408_n.jpg\" alt=\"Fruticultura de Clima Temperado\" width=\"98\" height=\"72\" \/ loading=\"lazy\"><\/td>\n<td style=\"width: 338px; text-align: left; vertical-align: middle; height: 237px;\"><span style=\"font-size: 10pt;\">Olivicultura<\/span><\/td>\n<\/tr>\n<\/tbody>\n<\/table>\n<p>&nbsp;<\/p>\n<table style=\"height: 400px;\" width=\"498\">\n<tbody>\n<tr style=\"height: 24px;\">\n<td style=\"width: 224px; height: 24px; text-align: center;\"><span style=\"color: #0000ff;\"><strong>Corpo colaborador<\/strong><\/span><\/td>\n<td style=\"width: 173px; height: 24px; text-align: center;\"><span style=\"color: #0000ff;\"><strong>\u00c1rea<\/strong><\/span><\/td>\n<td style=\"width: 353px;\"><\/td>\n<\/tr>\n<tr style=\"height: 48px;\">\n<td style=\"width: 224px; height: 48px;\">\n<p><img decoding=\"async\" class=\"aligncenter\" src=\"http:\/\/servicosweb.cnpq.br\/wspessoa\/servletrecuperafoto?tipo=1&amp;id=K4799998Y6\" width=\"86\" height=\"118\" \/ loading=\"lazy\"><\/p>\n<p><span style=\"color: #000000;\"><strong><a style=\"color: #000000;\" href=\"http:\/\/lattes.cnpq.br\/6461716944613921\" target=\"_blank\" rel=\"noopener noreferrer\">Caroline Marques Castro<\/a><\/strong><\/span><br \/>\n<span style=\"font-size: 10pt;\">caroline.castro@embrapa.br<\/span><\/td>\n<td style=\"width: 173px; height: 48px; text-align: center;\">Fitomelhoramento<img decoding=\"async\" class=\"aligncenter\" src=\"https:\/\/encrypted-tbn0.gstatic.com\/images?q=tbn:ANd9GcT1uBdsbWSevOBRfTW11Hb6P690ddYiDf0dCA&amp;s\" alt=\"CGF UFPEL\" width=\"81\" height=\"80\" \/ loading=\"lazy\"><\/td>\n<td style=\"width: 353px;\"><span style=\"font-size: 10pt;\">\u00a0<\/span><\/td>\n<\/tr>\n<tr style=\"height: 197px;\">\n<td style=\"width: 224px; height: 197px;\"><a href=\"https:\/\/wp.ufpel.edu.br\/ppga\/files\/2013\/07\/Luis-Eduardo-Correa-Antunes2.jpg\"><img decoding=\"async\" class=\"wp-image-617 aligncenter\" src=\"https:\/\/wp.ufpel.edu.br\/ppga\/files\/2013\/07\/Luis-Eduardo-Correa-Antunes2-215x300.jpg\" alt=\"\" width=\"102\" height=\"142\" \/ loading=\"lazy\" srcset=\"https:\/\/wp.ufpel.edu.br\/ppga\/files\/2013\/07\/Luis-Eduardo-Correa-Antunes2-215x300.jpg 215w, https:\/\/wp.ufpel.edu.br\/ppga\/files\/2013\/07\/Luis-Eduardo-Correa-Antunes2.jpg 377w\" sizes=\"auto, (max-width: 102px) 100vw, 102px\" \/><\/a><br \/>\n<span style=\"color: #0000ff;\"><a href=\"http:\/\/lattes.cnpq.br\/8683376495079788\" target=\"_blank\" rel=\"noopener noreferrer\"><span style=\"color: #0000ff;\"><strong><span style=\"color: #000000;\">Luis Eduardo Correa Antunes<\/span><\/strong><\/span><\/a><\/span><br \/>\n<span style=\"font-size: 10pt;\">luis.antunes@embrapa.br<\/span><\/td>\n<td style=\"width: 173px; height: 197px; vertical-align: middle; text-align: center;\">Fruticultura<br \/>\n<img decoding=\"async\" class=\"\" src=\"https:\/\/wp.ufpel.edu.br\/fruticultura\/files\/2017\/05\/1797510_604953339594019_7527769411377140408_n.jpg\" alt=\"Fruticultura de Clima Temperado\" width=\"98\" height=\"72\" \/ loading=\"lazy\"><\/td>\n<td style=\"width: 353px; height: 197px;\"><span style=\"font-size: 10pt;\">Produ\u00e7\u00e3o de Pequenas Frutas<\/span><\/td>\n<\/tr>\n<tr style=\"height: 177px;\">\n<td style=\"width: 224px; height: 177px;\">\n<p><a href=\"https:\/\/wp.ufpel.edu.br\/ppga\/files\/2013\/07\/Rosa-L\u00eda-Barbieri.jpg\"><img decoding=\"async\" class=\"wp-image-621 aligncenter\" src=\"https:\/\/wp.ufpel.edu.br\/ppga\/files\/2013\/07\/Rosa-L\u00eda-Barbieri-274x300.jpg\" alt=\"\" width=\"112\" height=\"123\" \/ loading=\"lazy\" srcset=\"https:\/\/wp.ufpel.edu.br\/ppga\/files\/2013\/07\/Rosa-L\u00eda-Barbieri-274x300.jpg 274w, https:\/\/wp.ufpel.edu.br\/ppga\/files\/2013\/07\/Rosa-L\u00eda-Barbieri-768x841.jpg 768w, https:\/\/wp.ufpel.edu.br\/ppga\/files\/2013\/07\/Rosa-L\u00eda-Barbieri-935x1024.jpg 935w, https:\/\/wp.ufpel.edu.br\/ppga\/files\/2013\/07\/Rosa-L\u00eda-Barbieri.jpg 1402w\" sizes=\"auto, (max-width: 112px) 100vw, 112px\" \/><\/a><\/p>\n<p><span style=\"color: #000000;\"><strong><a style=\"color: #000000;\" href=\"http:\/\/lattes.cnpq.br\/4561611881845259\" target=\"_blank\" rel=\"noopener noreferrer\">Rosa Lia Barbieri<\/a><\/strong><\/span><br \/>\n<span style=\"font-size: 10pt;\">lia.barbieri@embrapa.br<\/span><\/td>\n<td style=\"width: 173px; height: 177px; vertical-align: middle; text-align: center;\">Fitomelhoramento<br \/>\n<img decoding=\"async\" class=\"aligncenter\" src=\"https:\/\/encrypted-tbn0.gstatic.com\/images?q=tbn:ANd9GcT1uBdsbWSevOBRfTW11Hb6P690ddYiDf0dCA&amp;s\" alt=\"CGF UFPEL\" width=\"81\" height=\"80\" \/ loading=\"lazy\"><\/td>\n<td style=\"width: 353px; height: 177px; text-align: left; vertical-align: middle;\"><span style=\"font-size: 10pt;\">Evolu\u00e7\u00e3o das Plantas Cultivadas<\/span><\/td>\n<\/tr>\n<\/tbody>\n<\/table>\n<p>&nbsp;<\/p>\n<table style=\"height: 319px; width: 409px;\" width=\"413\">\n<tbody>\n<tr style=\"height: 27px;\">\n<td style=\"height: 27px; width: 220px; text-align: center;\"><span style=\"color: #0000ff;\"><strong>Outros Colaboradores<\/strong><\/span><\/td>\n<td style=\"height: 27px; width: 191px; text-align: center;\"><span style=\"color: #0000ff;\"><strong>\u00c1rea<\/strong><\/span><\/td>\n<td style=\"width: 348px; height: 27px;\"><\/td>\n<\/tr>\n<tr style=\"height: 213px;\">\n<td style=\"width: 220px; height: 213px;\">\n<p><img decoding=\"async\" class=\"aligncenter\" src=\"https:\/\/www.embrapa.br\/image\/user_male_portrait?img_id=1848683&amp;img_id_token=4%2FSn3z4pjqL2Q5%2BmW9mMAFVj17g%3D&amp;t=1732383894086\" alt=\"Arione da Silva Pereira - Equipe - Portal Embrapa\" \/ loading=\"lazy\"><\/p>\n<p><strong>Arione da Silva Pereira<\/strong><\/p>\n<p>arione.pereira@embrapa.br<\/td>\n<td style=\"width: 191px; vertical-align: middle; text-align: center; height: 213px;\">\u00a0 \u00a0 \u00a0 \u00a0 \u00a0 \u00a0 \u00a0 \u00a0 \u00a0 \u00a0 \u00a0 \u00a0Fitomelhoramento<img decoding=\"async\" class=\"aligncenter\" src=\"https:\/\/encrypted-tbn0.gstatic.com\/images?q=tbn:ANd9GcT1uBdsbWSevOBRfTW11Hb6P690ddYiDf0dCA&amp;s\" alt=\"CGF UFPEL\" width=\"81\" height=\"80\" \/ loading=\"lazy\"><\/td>\n<td style=\"width: 348px; text-align: left; vertical-align: middle; height: 213px;\"><span style=\"font-size: 10pt;\">Melhoramento Gen\u00e9tico de Plantas<\/span><\/td>\n<\/tr>\n<tr style=\"height: 113px;\">\n<td style=\"width: 220px; height: 113px;\">\n<p><a href=\"https:\/\/wp.ufpel.edu.br\/ppga\/files\/2021\/02\/1403540_561679817248465_1093252351_o.jpg\"><img decoding=\"async\" class=\"wp-image-1551 aligncenter\" src=\"https:\/\/wp.ufpel.edu.br\/ppga\/files\/2021\/02\/1403540_561679817248465_1093252351_o-246x400.jpg\" alt=\"\" width=\"71\" height=\"115\" \/ loading=\"lazy\" srcset=\"https:\/\/wp.ufpel.edu.br\/ppga\/files\/2021\/02\/1403540_561679817248465_1093252351_o-246x400.jpg 246w, https:\/\/wp.ufpel.edu.br\/ppga\/files\/2021\/02\/1403540_561679817248465_1093252351_o-629x1024.jpg 629w, https:\/\/wp.ufpel.edu.br\/ppga\/files\/2021\/02\/1403540_561679817248465_1093252351_o-768x1250.jpg 768w, https:\/\/wp.ufpel.edu.br\/ppga\/files\/2021\/02\/1403540_561679817248465_1093252351_o.jpg 936w\" sizes=\"auto, (max-width: 71px) 100vw, 71px\" \/><\/a><\/p>\n<p><a href=\"http:\/\/lattes.cnpq.br\/1620571928737712\"><span style=\"color: #000000;\"><strong>Caroline Farias Barreto<\/strong><\/span><\/a><\/p>\n<p><span style=\"font-size: 10pt;\">carol_fariasb@hotmail.com<\/span><\/td>\n<td style=\"width: 191px; height: 113px; vertical-align: middle; text-align: center;\">\n<p>\u00a0 \u00a0 \u00a0 \u00a0 \u00a0 \u00a0 \u00a0 \u00a0Fruticultura<\/p>\n<p><img decoding=\"async\" class=\"aligncenter\" src=\"https:\/\/wp.ufpel.edu.br\/fruticultura\/files\/2017\/05\/1797510_604953339594019_7527769411377140408_n.jpg\" alt=\"Fruticultura de Clima Temperado\" width=\"98\" height=\"72\" \/ loading=\"lazy\"><\/td>\n<td style=\"width: 348px; height: 113px; text-align: left; vertical-align: middle;\"><span style=\"font-size: 10pt;\">Frut\u00edferas de caro\u00e7o: p\u00eassego, ameixa e nectarina<\/span><\/td>\n<\/tr>\n<tr style=\"height: 28px;\">\n<td style=\"height: 10px; width: 220px;\">\n<p><img decoding=\"async\" class=\"aligncenter\" src=\"http:\/\/servicosweb.cnpq.br\/wspessoa\/servletrecuperafoto?tipo=1&amp;id=K4799995E3\" alt=\"Foto\" width=\"108\" height=\"115\" \/ loading=\"lazy\"><\/p>\n<p><span style=\"color: #000000;\"><strong><a style=\"color: #000000;\" href=\"http:\/\/lattes.cnpq.br\/1781496882145437\">Doralice Lobato de Oliveira Fischer<\/a><\/strong><\/span><\/td>\n<td style=\"height: 10px; width: 191px; text-align: center;\">Fruticultura<img decoding=\"async\" class=\"aligncenter\" src=\"https:\/\/wp.ufpel.edu.br\/fruticultura\/files\/2017\/05\/1797510_604953339594019_7527769411377140408_n.jpg\" alt=\"Fruticultura de Clima Temperado\" width=\"98\" height=\"72\" \/ loading=\"lazy\"><\/td>\n<td style=\"width: 348px; height: 10px;\"><\/td>\n<\/tr>\n<tr style=\"height: 96px;\">\n<td style=\"width: 220px; height: 96px;\">\n<p><img decoding=\"async\" class=\"aligncenter\" src=\"https:\/\/institucional.ufpel.edu.br\/cache\/imagens\/05d02255-064a-4545-bde4-3006aaf00583.png\" alt=\"Mar\u00edlia Lazarotto | UFPel\" width=\"106\" height=\"106\" \/ loading=\"lazy\"><\/p>\n<p><strong>Mar\u00edlia Lazarotto<\/strong><\/td>\n<td style=\"width: 191px; text-align: center; height: 96px;\">Fruticultura<img decoding=\"async\" class=\"aligncenter\" src=\"https:\/\/wp.ufpel.edu.br\/fruticultura\/files\/2017\/05\/1797510_604953339594019_7527769411377140408_n.jpg\" alt=\"Fruticultura de Clima Temperado\" width=\"98\" height=\"72\" \/ loading=\"lazy\"><\/td>\n<td style=\"width: 348px; height: 96px;\"><\/td>\n<\/tr>\n<tr style=\"height: 96px;\">\n<td style=\"width: 220px; height: 96px;\">\n<p><img decoding=\"async\" class=\"aligncenter\" src=\"https:\/\/i1.rgstatic.net\/ii\/profile.image\/1121190114525190-1644323962794_Q512\/Mateus-Pasa.jpg\" alt=\"Mateus PASA | Professor (Associate) | PhD - Crop Science | Crop Science |  Research profile\" width=\"92\" height=\"92\" \/ loading=\"lazy\"><\/p>\n<p><strong>Mateus da Silveira Pasa<\/strong><\/td>\n<td style=\"width: 191px; text-align: center; height: 96px;\">Fruticultura<img decoding=\"async\" class=\"aligncenter\" src=\"https:\/\/wp.ufpel.edu.br\/fruticultura\/files\/2017\/05\/1797510_604953339594019_7527769411377140408_n.jpg\" alt=\"Fruticultura de Clima Temperado\" width=\"98\" height=\"72\" \/ loading=\"lazy\"><\/td>\n<td style=\"width: 348px; height: 96px;\"><\/td>\n<\/tr>\n<tr style=\"height: 48px;\">\n<td style=\"width: 220px; height: 48px;\">\n<p><img decoding=\"async\" class=\"aligncenter\" src=\"http:\/\/servicosweb.cnpq.br\/wspessoa\/servletrecuperafoto?tipo=1&amp;id=K4795660E1\" width=\"101\" height=\"119\" \/ loading=\"lazy\"><\/p>\n<p><span style=\"color: #0000ff;\"><strong><span style=\"color: #000000;\"><a style=\"color: #000000;\" href=\"http:\/\/lattes.cnpq.br\/5610633945996822\">Newton Alex Mayer<\/a><\/span><\/strong><br \/>\n<span style=\"font-size: 10pt; color: #333333;\">alex.mayer@embrapa.br<\/span><br \/>\n<\/span><\/td>\n<td style=\"width: 191px; height: 48px; text-align: center;\">Fruticultura<img decoding=\"async\" class=\"aligncenter\" src=\"https:\/\/wp.ufpel.edu.br\/fruticultura\/files\/2017\/05\/1797510_604953339594019_7527769411377140408_n.jpg\" alt=\"Fruticultura de Clima Temperado\" width=\"98\" height=\"72\" \/ loading=\"lazy\"><\/td>\n<td style=\"width: 348px; height: 48px;\"><span style=\"font-size: 10pt;\">Produ\u00e7\u00e3o de Mudas Frut\u00edferas<\/span><\/td>\n<\/tr>\n<tr style=\"height: 96px;\">\n<td style=\"width: 220px; height: 96px;\">\n<p><img decoding=\"async\" class=\"aligncenter\" src=\"https:\/\/www.uergs.edu.br\/upload\/recortes\/202008\/05150836_101424_GDO.jpeg\" alt=\"Docentes - UERGS - Universidade Estadual do Rio Grande do Sul\" width=\"113\" height=\"95\" \/ loading=\"lazy\"><\/p>\n<p><strong>Roseli de Mello Farias<\/strong><\/td>\n<td style=\"width: 191px; text-align: center; height: 96px;\">Fruticultura<img decoding=\"async\" class=\"aligncenter\" src=\"https:\/\/wp.ufpel.edu.br\/fruticultura\/files\/2017\/05\/1797510_604953339594019_7527769411377140408_n.jpg\" alt=\"Fruticultura de Clima Temperado\" width=\"98\" height=\"72\" \/ loading=\"lazy\"><\/td>\n<td style=\"width: 348px; height: 96px;\"><span style=\"font-size: 10pt;\">\u00a0<\/span><\/td>\n<\/tr>\n<\/tbody>\n<\/table>\n<p>&nbsp;<\/p>\n","protected":false},"excerpt":{"rendered":"<p>Atualmente o programa conta com corpo permanente e colaborador. A lista abaixo apresenta todos os orientadores vinculados ao programa. &nbsp; Corpo permanente \u00c1rea \u00c1rea de Atua\u00e7\u00e3o Andr\u00e9 Luiz K\u00fclkamp de Souza andresouza@epagri.sc.gov.br Fruticultura Antonio Costa de Oliveira acostol@gmail.com Fitomelhoramento Est\u00e1gio de Doc\u00eancia Orientada em Fitomelhoramento T\u00e9cnicas Aplicadas ao Melhoramento de Plantas Melhoramento Gen\u00e9tico de Plantas [&hellip;]<\/p>\n","protected":false},"author":255,"featured_media":0,"parent":0,"menu_order":3,"comment_status":"closed","ping_status":"closed","template":"","meta":{"jetpack_post_was_ever_published":false,"footnotes":""},"class_list":["post-17","page","type-page","status-publish","hentry"],"jetpack_sharing_enabled":true,"jetpack_shortlink":"https:\/\/wp.me\/P6SliF-h","_links":{"self":[{"href":"https:\/\/wp.ufpel.edu.br\/ppga\/index.php?rest_route=\/wp\/v2\/pages\/17","targetHints":{"allow":["GET"]}}],"collection":[{"href":"https:\/\/wp.ufpel.edu.br\/ppga\/index.php?rest_route=\/wp\/v2\/pages"}],"about":[{"href":"https:\/\/wp.ufpel.edu.br\/ppga\/index.php?rest_route=\/wp\/v2\/types\/page"}],"author":[{"embeddable":true,"href":"https:\/\/wp.ufpel.edu.br\/ppga\/index.php?rest_route=\/wp\/v2\/users\/255"}],"replies":[{"embeddable":true,"href":"https:\/\/wp.ufpel.edu.br\/ppga\/index.php?rest_route=%2Fwp%2Fv2%2Fcomments&post=17"}],"version-history":[{"count":74,"href":"https:\/\/wp.ufpel.edu.br\/ppga\/index.php?rest_route=\/wp\/v2\/pages\/17\/revisions"}],"predecessor-version":[{"id":1284,"href":"https:\/\/wp.ufpel.edu.br\/ppga\/index.php?rest_route=\/wp\/v2\/pages\/17\/revisions\/1284"}],"wp:attachment":[{"href":"https:\/\/wp.ufpel.edu.br\/ppga\/index.php?rest_route=%2Fwp%2Fv2%2Fmedia&parent=17"}],"curies":[{"name":"wp","href":"https:\/\/api.w.org\/{rel}","templated":true}]}}