{"id":83,"date":"2023-10-19T21:41:09","date_gmt":"2023-10-20T00:41:09","guid":{"rendered":"https:\/\/wp.ufpel.edu.br\/portugues\/?page_id=83"},"modified":"2025-09-19T09:55:07","modified_gmt":"2025-09-19T12:55:07","slug":"contato","status":"publish","type":"page","link":"https:\/\/wp.ufpel.edu.br\/portugues\/contato\/","title":{"rendered":"Contato"},"content":{"rendered":"<p><strong>COORDENA\u00c7\u00c3O DO CURSO<\/strong><br \/>\nContato: <a href=\"mailto:letras.port@ufpel.edu.br\">letras.port@ufpel.edu.br<\/a><\/p>\n<p><strong>SECRETARIA DOS COLEGIADOS<\/strong><br \/>\nGuilherme Betemps Meireles<br \/>\nContato:\u00a0<a href=\"mailto:letras_colegiado@ufpel.edu.br\" target=\"_blank\" rel=\"noopener\">letras_colegiado@ufpel.edu.br<\/a><\/p>\n<p><strong>COORDENA\u00c7\u00c3O GERAL<\/strong><br \/>\nLuciane Botelho Martins<br \/>\nContato: <a class=\"\" href=\"mailto:luciane.martins@ufpel.edu.br\" data-usuario=\"luciane.martins\">luciane.martins@ufpel.edu.br<\/a><\/p>\n<p><strong>COORDENA\u00c7\u00c3O\u00a0\u00a0ADJUNTA<\/strong><br \/>\nGiovane Fernandes Oliveira<br \/>\nContato: <a class=\"\" href=\"mailto:giovane.oliveira@ufpel.edu.br\" data-usuario=\"giovane.oliveira\">giovane.oliveira@ufpel.edu.br<\/a><\/p>\n<p><strong>N\u00daCLEO DE EST\u00c1GIOS<\/strong><br \/>\nCristiane Guidotti<br \/>\nContato:\u00a0<a href=\"mailto:estagios.clc@ufpel.edu.br\" target=\"_blank\" rel=\"noopener\">estagios.clc@ufpel.edu.br<\/a><\/p>\n<p><strong>INSTAGRAM DO CURSO:<\/strong> <a href=\"https:\/\/www.instagram.com\/letrasportuguesufpel\/?igsh=c2ttdmdvb2RkZXFx#\">@letrasportuguesufpel<\/a><\/p>\n","protected":false},"excerpt":{"rendered":"<p>COORDENA\u00c7\u00c3O DO CURSO Contato: letras.port@ufpel.edu.br SECRETARIA DOS COLEGIADOS Guilherme Betemps Meireles Contato:\u00a0letras_colegiado@ufpel.edu.br COORDENA\u00c7\u00c3O GERAL Luciane Botelho Martins Contato: luciane.martins@ufpel.edu.br COORDENA\u00c7\u00c3O\u00a0\u00a0ADJUNTA Giovane Fernandes Oliveira Contato: giovane.oliveira@ufpel.edu.br N\u00daCLEO DE EST\u00c1GIOS Cristiane Guidotti Contato:\u00a0estagios.clc@ufpel.edu.br INSTAGRAM DO CURSO: @letrasportuguesufpel<\/p>\n","protected":false},"author":50,"featured_media":0,"parent":0,"menu_order":0,"comment_status":"closed","ping_status":"closed","template":"","meta":{"footnotes":""},"class_list":["post-83","page","type-page","status-publish","hentry","nodate","item-wrap"],"_links":{"self":[{"href":"https:\/\/wp.ufpel.edu.br\/portugues\/wp-json\/wp\/v2\/pages\/83","targetHints":{"allow":["GET"]}}],"collection":[{"href":"https:\/\/wp.ufpel.edu.br\/portugues\/wp-json\/wp\/v2\/pages"}],"about":[{"href":"https:\/\/wp.ufpel.edu.br\/portugues\/wp-json\/wp\/v2\/types\/page"}],"author":[{"embeddable":true,"href":"https:\/\/wp.ufpel.edu.br\/portugues\/wp-json\/wp\/v2\/users\/50"}],"replies":[{"embeddable":true,"href":"https:\/\/wp.ufpel.edu.br\/portugues\/wp-json\/wp\/v2\/comments?post=83"}],"version-history":[{"count":3,"href":"https:\/\/wp.ufpel.edu.br\/portugues\/wp-json\/wp\/v2\/pages\/83\/revisions"}],"predecessor-version":[{"id":187,"href":"https:\/\/wp.ufpel.edu.br\/portugues\/wp-json\/wp\/v2\/pages\/83\/revisions\/187"}],"wp:attachment":[{"href":"https:\/\/wp.ufpel.edu.br\/portugues\/wp-json\/wp\/v2\/media?parent=83"}],"curies":[{"name":"wp","href":"https:\/\/api.w.org\/{rel}","templated":true}]}}