{"id":5,"date":"2015-11-13T14:54:54","date_gmt":"2015-11-13T16:54:54","guid":{"rendered":"https:\/\/wp.ufpel.edu.br\/portugues\/?page_id=5"},"modified":"2023-10-19T23:34:06","modified_gmt":"2023-10-20T02:34:06","slug":"curso","status":"publish","type":"page","link":"https:\/\/wp.ufpel.edu.br\/portugues\/curso\/","title":{"rendered":"Curso"},"content":{"rendered":"<p style=\"text-align: justify;\">O Curso caracteriza-se pela forma\u00e7\u00e3o de professores da \u00e1rea de Letras, de modo a abranger parte das diversas \u00e1reas que a comp\u00f5e, quais sejam: Estudos Lingu\u00edsticos e Gramaticais da L\u00edngua Portuguesa; Estudos Liter\u00e1rios e Culturais em L\u00edngua Portuguesa. D\u00e1-se uma especial aten\u00e7\u00e3o \u00e0 forma\u00e7\u00e3o de professores nos componentes curriculares do Projeto Pedag\u00f3gico, relacionando saberes te\u00f3ricos \u00e0 constru\u00e7\u00e3o da pr\u00e1tica docente. Nesse mesmo sentido, a articula\u00e7\u00e3o entre Ensino, Pesquisa e Extens\u00e3o \u00e9 fundamental ao perfil de professores que se pretende formar.<\/p>\n<p style=\"text-align: justify;\"><a href=\"https:\/\/wp.ufpel.edu.br\/portugues\/files\/2023\/10\/PERFIL.png\"><img loading=\"lazy\" decoding=\"async\" class=\"aligncenter size-full wp-image-124\" src=\"https:\/\/wp.ufpel.edu.br\/portugues\/files\/2023\/10\/PERFIL.png\" alt=\"\" width=\"1448\" height=\"359\" srcset=\"https:\/\/wp.ufpel.edu.br\/portugues\/files\/2023\/10\/PERFIL.png 1448w, https:\/\/wp.ufpel.edu.br\/portugues\/files\/2023\/10\/PERFIL-424x105.png 424w, https:\/\/wp.ufpel.edu.br\/portugues\/files\/2023\/10\/PERFIL-212x53.png 212w, https:\/\/wp.ufpel.edu.br\/portugues\/files\/2023\/10\/PERFIL-768x190.png 768w, https:\/\/wp.ufpel.edu.br\/portugues\/files\/2023\/10\/PERFIL-750x186.png 750w\" sizes=\"auto, (max-width: 1448px) 100vw, 1448px\" \/><\/a><\/p>\n","protected":false},"excerpt":{"rendered":"<p>O Curso caracteriza-se pela forma\u00e7\u00e3o de professores da \u00e1rea de Letras, de modo a abranger parte das diversas \u00e1reas que a comp\u00f5e, quais sejam: Estudos Lingu\u00edsticos e Gramaticais da L\u00edngua Portuguesa; Estudos Liter\u00e1rios e Culturais em L\u00edngua Portuguesa. D\u00e1-se uma especial aten\u00e7\u00e3o \u00e0 forma\u00e7\u00e3o de professores nos componentes curriculares do Projeto Pedag\u00f3gico, relacionando saberes te\u00f3ricos &hellip; <\/p>\n<p><a class=\"more-link btn\" href=\"https:\/\/wp.ufpel.edu.br\/portugues\/curso\/\">Continue lendo<\/a><\/p>\n","protected":false},"author":50,"featured_media":0,"parent":0,"menu_order":0,"comment_status":"closed","ping_status":"closed","template":"","meta":{"footnotes":""},"class_list":["post-5","page","type-page","status-publish","hentry","nodate","item-wrap"],"_links":{"self":[{"href":"https:\/\/wp.ufpel.edu.br\/portugues\/wp-json\/wp\/v2\/pages\/5","targetHints":{"allow":["GET"]}}],"collection":[{"href":"https:\/\/wp.ufpel.edu.br\/portugues\/wp-json\/wp\/v2\/pages"}],"about":[{"href":"https:\/\/wp.ufpel.edu.br\/portugues\/wp-json\/wp\/v2\/types\/page"}],"author":[{"embeddable":true,"href":"https:\/\/wp.ufpel.edu.br\/portugues\/wp-json\/wp\/v2\/users\/50"}],"replies":[{"embeddable":true,"href":"https:\/\/wp.ufpel.edu.br\/portugues\/wp-json\/wp\/v2\/comments?post=5"}],"version-history":[{"count":7,"href":"https:\/\/wp.ufpel.edu.br\/portugues\/wp-json\/wp\/v2\/pages\/5\/revisions"}],"predecessor-version":[{"id":127,"href":"https:\/\/wp.ufpel.edu.br\/portugues\/wp-json\/wp\/v2\/pages\/5\/revisions\/127"}],"wp:attachment":[{"href":"https:\/\/wp.ufpel.edu.br\/portugues\/wp-json\/wp\/v2\/media?parent=5"}],"curies":[{"name":"wp","href":"https:\/\/api.w.org\/{rel}","templated":true}]}}