{"id":3673,"date":"2024-06-04T12:00:02","date_gmt":"2024-06-04T15:00:02","guid":{"rendered":"https:\/\/wp.ufpel.edu.br\/poiema\/?page_id=3673"},"modified":"2026-04-01T11:30:14","modified_gmt":"2026-04-01T14:30:14","slug":"blog","status":"publish","type":"page","link":"https:\/\/wp.ufpel.edu.br\/poiema\/blog\/","title":{"rendered":"Blog do Poiema"},"content":{"rendered":"<div  class=\"blogPoiema\">\n<p><a href=\"https:\/\/wp.ufpel.edu.br\/poiema\/wild-haggis-in-the-medieval-bestiary\/\"><img loading=\"lazy\" decoding=\"async\"  src=\"https:\/\/wp.ufpel.edu.br\/poiema\/files\/2026\/04\/WhatsApp-Image-2026-04-01-at-09.24.29.jpeg\" alt=\"\" width=\"320\" height=\"400\" \/><\/a><\/p>\n<p><a href=\"https:\/\/wp.ufpel.edu.br\/poiema\/entre-o-sopro-da-criacao-e-o-peso-da-queda-a-construcao-simbolica-da-identidade-crista\/\"><img loading=\"lazy\" decoding=\"async\" src=\"https:\/\/wp.ufpel.edu.br\/poiema\/files\/2025\/12\/ultimotexto2025.png\" alt=\"\" width=\"320\" height=\"400\" \/><\/a><\/p>\n<p><a href=\"https:\/\/wp.ufpel.edu.br\/poiema\/jaime-i-de-aragao-1208-1276-notas-sobre-um-conquistador\"><img loading=\"lazy\" decoding=\"async\" src=\"https:\/\/wp.ufpel.edu.br\/poiema\/files\/2025\/12\/jaime-i-de-aragao.png\" alt=\"\" width=\"320\" height=\"400\" \/><\/a><\/p>\n<\/div>\n<div  class=\"blogPoiema\">\n<p><a  href=\"https:\/\/wp.ufpel.edu.br\/poiema\/memoria-percepcao-historica-e-fato-historico-o-exemplo-de-ricardo-iii-da-inglaterra\/\"><img loading=\"lazy\" decoding=\"async\"  src=\"https:\/\/wp.ufpel.edu.br\/poiema\/files\/2025\/12\/ricardoiii.png\" alt=\"\" width=\"320\" height=\"400\" \/><\/a><\/p>\n<p><a href=\"https:\/\/wp.ufpel.edu.br\/poiema\/seis-propostas-para-a-descolonizacao-da-historia-medieval\/\"><img loading=\"lazy\" decoding=\"async\" src=\"https:\/\/wp.ufpel.edu.br\/poiema\/files\/2025\/11\/seis-propostas-1.png\" alt=\"\" width=\"320\" height=\"400\" \/><\/a><\/p>\n<p><a href=\"https:\/\/wp.ufpel.edu.br\/poiema\/saberes-em-movimentoa-medicina-medieval-e-seus-aspectos-de-globalidade-e-conectividade\/\"><img loading=\"lazy\" decoding=\"async\" src=\"https:\/\/wp.ufpel.edu.br\/poiema\/files\/2025\/10\/saberes-em-movimento.png\" alt=\"\" width=\"320\" height=\"400\" \/><\/a><\/p>\n<\/div>\n<div  class=\"blogPoiema\">\n<p><a href=\"https:\/\/wp.ufpel.edu.br\/poiema\/entre-a-devocao-e-a-rebeliao-a-dupla-face-de-constantina-nas-fontes-antigas\/\"><img loading=\"lazy\" decoding=\"async\"  src=\"https:\/\/wp.ufpel.edu.br\/poiema\/files\/2025\/10\/Constantina.png\" alt=\"\" width=\"320\" height=\"400\" \/><\/a><\/p>\n<p><a href=\"https:\/\/wp.ufpel.edu.br\/poiema\/o-papa-julio-ii-1503-1513-e-o-rei-luis-xii-1498-1515-a-alianca-e-a-ruptura-entre-o-principado-eclesiastico-e-os-barbaros\/\"><img loading=\"lazy\" decoding=\"async\" src=\"https:\/\/wp.ufpel.edu.br\/poiema\/files\/2025\/09\/IG-MODELO.png\" alt=\"\" width=\"320\" height=\"400\" \/><\/a><\/p>\n<p><a href=\"https:\/\/wp.ufpel.edu.br\/poiema\/outra-das-maravilhas-destas-ilhas-e-que-tem-como-governante-uma-mulher-a-representacao-e-a-legitimidade-de-mulheres-soberanas-no-relato-de-ibn-ba\u1e6d\u1e6du\u1e6da-sec-xiv-d-c\/\"><img loading=\"lazy\" decoding=\"async\" src=\"https:\/\/wp.ufpel.edu.br\/poiema\/files\/2025\/07\/ibn-battuta-1.jpg\" alt=\"\" width=\"320\" height=\"400\" \/><\/a><\/p>\n<\/div>\n<div  class=\"blogPoiema\">\n<p><a href=\"https:\/\/wp.ufpel.edu.br\/poiema\/um-reconhecimento-a-medievalistica-euripidiana\"><img loading=\"lazy\" decoding=\"async\"  src=\"https:\/\/wp.ufpel.edu.br\/poiema\/files\/2025\/07\/eurioedes.png\" alt=\"\" width=\"320\" height=\"400\" \/><\/a><\/p>\n<p><a href=\"https:\/\/wp.ufpel.edu.br\/poiema\/o-juizo-final-e-suas-representacoes-na-tradicao-visual-crista\/\"><img loading=\"lazy\" decoding=\"async\" src=\"https:\/\/wp.ufpel.edu.br\/poiema\/files\/2025\/06\/Quirico.png\" alt=\"\" width=\"320\" height=\"400\" \/><\/a><\/p>\n<p><a href=\"https:\/\/wp.ufpel.edu.br\/poiema\/conflitos-e-confluencias-redefinindo-o-papel-do-dominio-mongol-na-historia-da-rus\"><img loading=\"lazy\" decoding=\"async\" src=\"https:\/\/wp.ufpel.edu.br\/poiema\/files\/2025\/06\/card-10-06.png\" alt=\"\" width=\"320\" height=\"400\" \/><\/a><\/p>\n<\/div>\n<div  class=\"blogPoiema\">\n<a href=\"https:\/\/wp.ufpel.edu.br\/poiema\/domicia-longina-a-unica-consorte-da-dinastia-flaviana\"><img loading=\"lazy\" decoding=\"async\"  src=\"https:\/\/wp.ufpel.edu.br\/poiema\/files\/2025\/05\/BLOG-STORY-2605-Profa.-Dra.-Milena-Ogawa.png\" alt=\"\" width=\"320\" height=\"400\" \/><\/a><\/p>\n<p><a  href=\"https:\/\/wp.ufpel.edu.br\/poiema\/uma-rainha-em-defesa-dos-camponeses-maria-de-castela-1401-1458-lugar-tenente-de-aragao-contra-a-servidao-e-os-maus-usos-dos-senhores\/\"><img loading=\"lazy\" decoding=\"async\" src=\"https:\/\/wp.ufpel.edu.br\/poiema\/files\/2025\/05\/maria-de-castela.png\" alt=\"\" width=\"320\" height=\"400\" \/><\/a><\/p>\n<p><a  href=\"https:\/\/wp.ufpel.edu.br\/poiema\/os-grandes-cumplices-medievalismo-e-nacionalismo\"><img loading=\"lazy\" decoding=\"async\" src=\"https:\/\/wp.ufpel.edu.br\/poiema\/files\/2025\/05\/BLOG-Dr.-Richard-Utz-1.png\" alt=\"\" width=\"320\" height=\"400\" \/><\/a><\/p>\n<\/div>\n<div class=\"blogPoiema\">\n<p><a  href=\"https:\/\/wp.ufpel.edu.br\/poiema\/per-trabalho-de-seus-corpos-uma-introducao-a-idade-media-vista-de-baixo\"><img loading=\"lazy\" decoding=\"async\"  src=\"https:\/\/wp.ufpel.edu.br\/poiema\/files\/2025\/04\/BLOG-Dr.-Bruno-Marconi-da-Costa.png\" alt=\"\" width=\"320\" height=\"400\" \/><\/a><\/p>\n<p><a href=\"https:\/\/wp.ufpel.edu.br\/poiema\/por-uma-historia-mais-igualitaria-mulheres-no-ensino-de-historia-medieval-na-educacao-basica\/\"><img loading=\"lazy\" decoding=\"async\"  src=\"https:\/\/wp.ufpel.edu.br\/poiema\/files\/2025\/04\/BLOG-MODELO.png\" alt=\"\" width=\"320\" height=\"400\" \/><\/a><\/p>\n<p><a href=\"https:\/\/wp.ufpel.edu.br\/poiema\/o-unicornio-e-a-mulher-selvagem-metafora-do-amor-profano\"><img loading=\"lazy\" decoding=\"async\"  src=\"https:\/\/wp.ufpel.edu.br\/poiema\/files\/2025\/03\/BLOG-1803-TATSC-Flavia-Galli.-O-unicornio-e-a-mulher-selvagem-metafora-do-amor-profano.-.png\" alt=\"\" width=\"320\" height=\"400\" \/><\/a>\n<\/div>\n<div  class=\"blogPoiema\">\n<a href=\"https:\/\/wp.ufpel.edu.br\/poiema\/urdindo-a-corrupcao-narrativas-riqueza-e-poder-na-igreja-medieval\" ><img loading=\"lazy\" decoding=\"async\" src=\"https:\/\/wp.ufpel.edu.br\/poiema\/files\/2024\/12\/urdindo.png\" alt=\"\" width=\"300\" height=\"300\" \/><\/a><\/p>\n<p><a href=\"https:\/\/wp.ufpel.edu.br\/poiema\/jesus-perseguidor-a-narrativa-biblica-da-expulsao-dos-negociantes-do-templo-na-polemica-anti-heretica-medieval\"><img loading=\"lazy\" decoding=\"async\" src=\"https:\/\/wp.ufpel.edu.br\/poiema\/files\/2024\/12\/MODELO.png\" alt=\"\" width=\"300\" height=\"300\" \/><\/a><\/p>\n<p><a href=\"https:\/\/wp.ufpel.edu.br\/poiema\/os-usos-e-abusos-da-idade-media-nos-memes-produzidos-durante-o-governo-bolsonaro-2019-2022\"><img loading=\"lazy\" decoding=\"async\" src=\"https:\/\/wp.ufpel.edu.br\/poiema\/files\/2024\/11\/BASTOS-R.-A.-S.-M.-Os-usos-e-abusos-da-Idade-Media-nos-memes-produidos-durante-o-governo-Bolsonaro-2019-2022-1911.png\" alt=\"\" width=\"300\" height=\"300\" \/><\/a>\n<\/div>\n<div  class=\"blogPoiema\">\n<a  href=\"https:\/\/wp.ufpel.edu.br\/poiema\/notas-sobre-a-cavalaria\/\"><img loading=\"lazy\" decoding=\"async\" src=\"https:\/\/wp.ufpel.edu.br\/poiema\/files\/2024\/11\/BACCEGA-Marcus.-Notas-sobre-a-cavalaria.-0411.png\" alt=\"\" width=\"300\" height=\"300\" \/><\/a><br \/>\n<a href=\"https:\/\/wp.ufpel.edu.br\/poiema\/a-minha-cocanha-particular\/\"><img loading=\"lazy\" decoding=\"async\"  src=\"https:\/\/wp.ufpel.edu.br\/poiema\/files\/2024\/10\/DIAS-Carolina-Kesser-B.-A-minha-cocanha-particular-2210.png\" alt=\"\" width=\"300\" height=\"300\" \/><\/a><br \/>\n<a href=\"https:\/\/wp.ufpel.edu.br\/poiema\/grimdark-crusading-warhammer-40000-and-the-medieval-crusade-movement\" target=\"_blank\" rel=\"noopener\"><img loading=\"lazy\" decoding=\"async\" src=\"https:\/\/wp.ufpel.edu.br\/poiema\/files\/2024\/10\/SITE-MACLELLAN-R.-Cruzada-Grimdark.png\" alt=\"\" width=\"300\" height=\"300\" \/><\/a>\n<\/div>\n<div  class=\"blogPoiema\">\n<p><a href=\"https:\/\/wp.ufpel.edu.br\/poiema\/the-black-monk-in-the-name-of-the-rose\"><img loading=\"lazy\" decoding=\"async\"  src=\"https:\/\/wp.ufpel.edu.br\/poiema\/files\/2024\/09\/versao-ingles-UTZ-R.-CARD-INSTAGRAM-SITE-POIEMA.png\" alt=\"\" width=\"300\" height=\"300\" \/><\/a><\/p>\n<p><a href=\"https:\/\/wp.ufpel.edu.br\/poiema\/cabelos-e-sentidos-na-idade-media\"><img loading=\"lazy\" decoding=\"async\"  src=\"https:\/\/wp.ufpel.edu.br\/poiema\/files\/2024\/09\/T4-Cabelos-e-sentidos.png\" alt=\"\" width=\"300\" height=\"300\" \/><\/a><\/p>\n<p><a href=\"https:\/\/wp.ufpel.edu.br\/poiema\/asterix-e-o-mito-gaules-o-lugar-da-galia-no-imaginario-social-frances-da-primeira-metade-do-sec-xx \"><img loading=\"lazy\" decoding=\"async\"  src=\"https:\/\/wp.ufpel.edu.br\/poiema\/files\/2024\/08\/PINTO-R.-MELO-P.-H.-P.-.png\" alt=\"\" width=\"300\" height=\"300\" \/><\/a>\n<\/div>\n<div  class=\"blogPoiema\">\n<p><a href=\"https:\/\/wp.ufpel.edu.br\/poiema\/boudica-a-rainha-guerreira\"><img loading=\"lazy\" decoding=\"async\" src=\"https:\/\/wp.ufpel.edu.br\/poiema\/files\/2024\/08\/BELO-Tais-Pagoto.-Boudica-a-rainha-guerreira.png\" alt=\"\" width=\"300\" height=\"300\" \/><\/a><\/p>\n<p><a href=\"https:\/\/wp.ufpel.edu.br\/poiema\/rematerializar-os-textos-ir-aos-manuscritos\"><img loading=\"lazy\" decoding=\"async\"  src=\"https:\/\/wp.ufpel.edu.br\/poiema\/files\/2024\/07\/PELEGRINELLI-Andre.-Rematerializar-os-textos-ir-aos-manuscritos.png\" alt=\"\" width=\"300\" height=\"300\" \/><\/a><\/p>\n<p><a href=\"https:\/\/wp.ufpel.edu.br\/poiema\/as-competicoes-atleticas-helenicas-e-a-relacao-passado-presente\"><img loading=\"lazy\" decoding=\"async\" src=\"https:\/\/wp.ufpel.edu.br\/poiema\/files\/2024\/07\/T4EP8-1607-LESSA-Fabio.-AS-COMPETICOES-ATLETICAS-HELENICAS-E-A-RELACAO-PASSADO-PRESENTE.-.png\" alt=\"\" width=\"300\" height=\"300\" \/><\/a>\n<\/div>\n<div  class=\"blogPoiema\">\n<p><a href=\"https:\/\/wp.ufpel.edu.br\/poiema\/bizancio-e-o-problema-da-continuidade-historica-da-nacao-helenica\/\"><img loading=\"lazy\" decoding=\"async\" src=\"https:\/\/wp.ufpel.edu.br\/poiema\/files\/2024\/07\/T4EP7-0207-WELTE-BERNARDO-Guilherme.-Bizancio-e-o-problema-da-continuidade-historica-da-nacao-helenica.png\" alt=\"\" width=\"300\" height=\"300\" \/><\/a><\/p>\n<p><a href=\"https:\/\/wp.ufpel.edu.br\/poiema\/por-que-postamos-sobre-historia-antiga-os-casos-da-esparta-brasileira-e-da-egiptomania-no-twitter\/\"><img loading=\"lazy\" decoding=\"async\" src=\"https:\/\/wp.ufpel.edu.br\/poiema\/files\/2024\/06\/T4EP6-BELCHIOR-Ygor-Klain.-Por-que-postamos-sobre-historia-antiga-Brasileira-e-da-egiptomania-no-twitter.png\" alt=\"\" width=\"300\" height=\"300\" \/><\/a><\/p>\n<p><a href=\"https:\/\/wp.ufpel.edu.br\/poiema\/visoes-do-passado-na-china-antiga-uma-breve-discussao-sobre-tres-visoes-historiograficas-chinesas-acerca-da-antiguidade-nos-seculos-5-3-aec\/\"><img loading=\"lazy\" decoding=\"async\"  src=\"https:\/\/wp.ufpel.edu.br\/poiema\/files\/2024\/08\/T4EP5-0406-BUENO-A.-VISOES-DO-PASSADO-NA-CHINA-ANTIGA-UMA-BREVE-DISCUSSAO-SOBRE-TRES-VISOES-HISTORIOGRAFICAS-CHINESAS-ACERCA-DA-ANTIGUIDADE-NOS-SECULOS-5-3-AEC.-.png\" alt=\"\" width=\"300\" height=\"300\" \/><\/a><\/p>\n<\/div>\n<div  class=\"blogPoiema\">\n<p><a href=\"https:\/\/wp.ufpel.edu.br\/poiema\/o-neomedievalismo-e-a-historico-consideracoes-sobre-o-impensavel-na-narrativa-historica-eurocentrica\/\"><img loading=\"lazy\" decoding=\"async\" src=\"https:\/\/wp.ufpel.edu.br\/poiema\/files\/2024\/08\/T4EP4-2304-BARRIEL-M.-O-neomedivalismo-e-a-historico-Consideracoes-sobre-o-impensavel-na-narrativa-historica-eurocentrica.-2304.png\" alt=\"\" width=\"300\" height=\"300\" \/><\/a><\/p>\n<p><a href=\"https:\/\/wp.ufpel.edu.br\/poiema\/como-um-leve-eco-da-idade-media-george-orwell-e-o-seu-tempo-entre-os-moradores-de-rua\/\" ><img loading=\"lazy\" decoding=\"async\"  src=\"https:\/\/wp.ufpel.edu.br\/poiema\/files\/2024\/08\/T4EP3-0904-BASDEO-S.-Como-um-leve-eco-da-Idade-Media-George-Orwell-e-o-seu-tempo-entre-os-moradores-de-rua.-0904-.png\" alt=\"\" width=\"300\" height=\"300\" \/><\/a><\/p>\n<p><a href=\"https:\/\/wp.ufpel.edu.br\/poiema\/uma-dama-medieval-atraves-dos-seculos-the-lady-of-shalott\/\" ><img loading=\"lazy\" decoding=\"async\" src=\"https:\/\/wp.ufpel.edu.br\/poiema\/files\/2024\/08\/T4EP2-2603-AMARAL-F.-Uma-dama-medieval-atraves-dos-seculos-the-lady-of-shalott.-2603-.png\" alt=\"\" width=\"300\" height=\"300\" \/><br \/>\n<\/a><\/p>\n<\/div>\n<div  class=\"blogPoiema\">\n<p><a href=\"https:\/\/wp.ufpel.edu.br\/poiema\/ginecologia-e-obstetricia-pre-moderna-teoria-e-pratica\"><img loading=\"lazy\" decoding=\"async\" src=\"https:\/\/wp.ufpel.edu.br\/poiema\/files\/2024\/08\/T4EP1-1203-FARRELL.-E.C.S.P.-Ginecologia-e-obstetricia-pre-moderna-teoria-e-pratica.-1203.png\" alt=\"\" width=\"300\" height=\"300\" \/><\/a><\/p>\n<p><a href=\"https:\/\/wp.ufpel.edu.br\/poiema\/texto-barid-correios-e-inteligencia-no-califado-abassida\/\"><img loading=\"lazy\" decoding=\"async\"  src=\"https:\/\/wp.ufpel.edu.br\/poiema\/files\/2023\/12\/Arte-dos-Textos-do-Blog-4.png\" alt=\"\" width=\"300\" height=\"300\" \/><\/a><\/p>\n<p><a href=\"https:\/\/wp.ufpel.edu.br\/poiema\/texto-notre-dame-de-chartres-o-esplendor-em-pedra-e-luz-da-arte-gotica\/\"><img loading=\"lazy\" decoding=\"async\" src=\"https:\/\/wp.ufpel.edu.br\/poiema\/files\/2023\/11\/Arte-dos-Textos-do-Blog-1.png\" alt=\"\" width=\"300\" height=\"300\" \/><\/a>\n<\/div>\n<div  class=\"blogPoiema\">\n<a href=\"https:\/\/wp.ufpel.edu.br\/poiema\/texto-o-que-as-mulheres-pensaram-sobre-esse-tal-de-ser-mulher-seculos-xiv-xv\/\"><img loading=\"lazy\" decoding=\"async\" src=\"https:\/\/wp.ufpel.edu.br\/poiema\/files\/2023\/11\/Arte-dos-Textos-do-Blog.png\" alt=\"\" width=\"300\" height=\"300\" \/><\/a><\/p>\n<p><a href=\"https:\/\/wp.ufpel.edu.br\/poiema\/blog-especial-mes-das-bruxas-o-feminino-e-as-representacoes-do-mau\/\" > <img loading=\"lazy\" decoding=\"async\" src=\"https:\/\/wp.ufpel.edu.br\/poiema\/files\/2023\/10\/Arte-dos-Textos-do-Blog_20231031_120603_0000.png\" alt=\"\" width=\"300\" height=\"300\" \/> <\/a><\/p>\n<p><a href=\"https:\/\/wp.ufpel.edu.br\/poiema\/distante-da-paroquia\/\"><img loading=\"lazy\" decoding=\"async\"  src=\"https:\/\/wp.ufpel.edu.br\/poiema\/files\/2023\/10\/Arte-dos-Textos-do-Blog-2.png\" alt=\"\" width=\"300\" height=\"300\" \/><\/a><\/p>\n<\/div>\n<div  class=\"blogPoiema\">\n<p><a href=\"https:\/\/wp.ufpel.edu.br\/poiema\/texto-um-caso-de-amor-vil-o-nacionalismo-de-direita-e-a-idade-media1\/\"><img loading=\"lazy\" decoding=\"async\" src=\"https:\/\/wp.ufpel.edu.br\/poiema\/files\/2023\/10\/Arte-dos-Textos-do-Blog-1.png\" alt=\"\" width=\"300\" height=\"300\" \/><\/a><\/p>\n<p><a href=\"https:\/\/wp.ufpel.edu.br\/poiema\/texto-entre-monumentos-culturais-e-a-decadencia-civilizacional-as-tensoes-em-torno-da-idade-media-escolar-no-brasil-do-seculo-xix\/\"><img decoding=\"async\" src=\"https:\/\/wp.ufpel.edu.br\/poiema\/files\/2023\/09\/Arte-dos-Textos-do-Blog_20230919_093256_0000.png\" alt=\"\" \nwidth=\"300\" height=\"300\" \/><\/a><\/p>\n<p><a href=\"https:\/\/wp.ufpel.edu.br\/poiema\/texto-aurelio-agostinho-leitor-de-platao-e-episcopo-de-hipona\/\" >\u00a0<img loading=\"lazy\" decoding=\"async\"  src=\"https:\/\/wp.ufpel.edu.br\/poiema\/files\/2023\/09\/Arte-dos-Textos-do-Blog-7.png\" alt=\"\" width=\"300\" height=\"300\" \/><\/a><\/p>\n<\/div>\n<div  class=\"blogPoiema\">\n<p><a href=\"https:\/\/wp.ufpel.edu.br\/poiema\/blog-especial-basdeo\/\"><img loading=\"lazy\" decoding=\"async\"  src=\"https:\/\/wp.ufpel.edu.br\/poiema\/files\/2023\/08\/Arte-dos-Textos-do-Blog-6.png\" alt=\"\" width=\"300\" height=\"300\" \/><\/a><\/p>\n<p><a href=\"https:\/\/wp.ufpel.edu.br\/poiema\/texto-guilherme-ix-duque-da-aquitania-e-conde-de-poitiers-o-primeiro-trovador\/\"><img loading=\"lazy\" decoding=\"async\" src=\"https:\/\/wp.ufpel.edu.br\/poiema\/files\/2023\/08\/Arte-dos-Textos-do-Blog-5.png\" alt=\"\" width=\"300\" height=\"300\" \/><\/a><\/p>\n<p><a href=\"https:\/\/wp.ufpel.edu.br\/poiema\/texto-cataros-em-foco-hereges-e-heresia-na-cruzada-albigense\/\"><img loading=\"lazy\" decoding=\"async\" src=\"https:\/\/wp.ufpel.edu.br\/poiema\/files\/2023\/07\/Arte-dos-Textos-do-Blog-4.png\" alt=\"\" width=\"300\" height=\"300\" \/><\/a><\/p>\n<\/div>\n<div  class=\"blogPoiema\">\n<p><a href=\"https:\/\/wp.ufpel.edu.br\/poiema\/texto-deste-castelo-ecoa-a-voz-que-nos-diz-nao-desistam-a-idade-media-e-a-extrema-direita-portuguesa\/\"><img loading=\"lazy\" decoding=\"async\" src=\"https:\/\/wp.ufpel.edu.br\/poiema\/files\/2023\/07\/Arte-dos-Textos-do-Blog-2.png\" alt=\"\" width=\"300\" height=\"300\" \/><\/a><\/p>\n<p><a href=\"https:\/\/wp.ufpel.edu.br\/poiema\/texto-o-monge-isaac-e-a-vaca-entre-antao-do-deserto-e-paulo-de-tebas-outras-abordagens-para-o-monaquismo-copta\/\"><img loading=\"lazy\" decoding=\"async\" src=\"https:\/\/wp.ufpel.edu.br\/poiema\/files\/2023\/06\/Arte-dos-Textos-do-Blog-1.png\" alt=\"\" width=\"300\" height=\"300\" \/><\/a><\/p>\n<p><a href=\"https:\/\/wp.ufpel.edu.br\/poiema\/a-pervivencia-do-amor-cortes-em-poemas-de-fins-da-idade-media-portuguesa\/\"><img loading=\"lazy\" decoding=\"async\" src=\"https:\/\/wp.ufpel.edu.br\/poiema\/files\/2023\/06\/Copie-de-Artes-dos-Textos-8.png\" alt=\"\" width=\"298\" height=\"298\" \/><\/a><\/p>\n<\/div>\n<div  class=\"blogPoiema\">\n<p><a href=\"https:\/\/wp.ufpel.edu.br\/poiema\/no-mercado-das-memorias-dos-mestres-dos-seculo-xi-e-xii\/\"><img loading=\"lazy\" decoding=\"async\"  src=\"https:\/\/wp.ufpel.edu.br\/poiema\/files\/2023\/05\/Copie-de-Artes-dos-Textos-5-2.png\" alt=\"\" width=\"300\" height=\"300\" \/> <\/a><\/p>\n<p><a href=\"https:\/\/wp.ufpel.edu.br\/poiema\/texto-os-anais-irlandeses-um-itinerario-pela-irlanda-medieval-no-espaco-e-no-tempo\/\"><img loading=\"lazy\" decoding=\"async\" src=\"https:\/\/wp.ufpel.edu.br\/poiema\/files\/2023\/05\/Copie-de-Artes-dos-Textos-5-1.png\" alt=\"\" width=\"300\" height=\"300\" \/> <\/a><\/p>\n<p><a href=\"https:\/\/wp.ufpel.edu.br\/poiema\/um-tema-para-medievalistas-os-genios-no-isla\/\"><img loading=\"lazy\" decoding=\"async\" src=\"https:\/\/wp.ufpel.edu.br\/poiema\/files\/2023\/05\/Copie-de-Artes-dos-Textos-5.png\" alt=\"\" width=\"300\" height=\"300\" \/><\/a><\/p>\n<\/div>\n<div  class=\"blogPoiema\">\n<p><a href=\"https:\/\/wp.ufpel.edu.br\/poiema\/texto-translatio-beowulfii-traduzindo-monstros-e-herois-em-nossa-contemporaneidade\/\"><img loading=\"lazy\" decoding=\"async\" src=\"https:\/\/wp.ufpel.edu.br\/poiema\/files\/2023\/04\/Copie-de-Artes-dos-Textos-4.png\" alt=\"\" width=\"300\" height=\"300\" \/><\/a><\/p>\n<p><a href=\"https:\/\/wp.ufpel.edu.br\/poiema\/seja-marginal-seja-heroi-por-uma-ampliacao-do-campo-de-estudo-da-historia-das-imagens-medievais\/\"><img loading=\"lazy\" decoding=\"async\" src=\"https:\/\/wp.ufpel.edu.br\/poiema\/files\/2023\/04\/Copie-de-Artes-dos-Textos-3.png\" alt=\"Imagem de divulga\u00e7\u00e3o do texto da Profa. Dra. Maria Pereira (LATHIMM\/USP): &quot;Seja Marginal, Seja Her\u00f3i&quot;: Por uma amplia\u00e7\u00e3o do campo de estudo da Hist\u00f3ria das Imagens Medievais.\" width=\"300\" height=\"300\" \/><\/a><\/p>\n<p><a href=\"https:\/\/wp.ufpel.edu.br\/poiema\/texto-cifras-tintas-invisiveis-e-anjos-planetarios-por-uma-historia-do-segredo\/\"><img loading=\"lazy\" decoding=\"async\" src=\"https:\/\/wp.ufpel.edu.br\/poiema\/files\/2023\/03\/Copie-de-Artes-dos-Textos-2.png\" alt=\"Imagem de divulga\u00e7\u00e3o do texto do Prof. Dr. Francisco Mendon\u00e7a Junior (VIRT\u00d9\/UFSM): &quot;Cifras, Tintas Invis\u00edveis e Anjos Planet\u00e1rios: por uma Hist\u00f3ria do Segredo.\" width=\"300\" height=\"300\" \/><\/a><\/p>\n<\/div>\n<div  class=\"blogPoiema\">\n<p><a href=\"https:\/\/wp.ufpel.edu.br\/poiema\/texto-o-clima-das-cruzadas-e-a-producao-alimentar-no-egito-sob-os-sultoes-mamelucos-seculo-vii-da-hegira-xiii-da-era-comum\/\"><img loading=\"lazy\" decoding=\"async\" src=\"https:\/\/wp.ufpel.edu.br\/poiema\/files\/2023\/03\/Copie-de-Artes-dos-Textos-1.png\" alt=\"\" width=\"300\" height=\"300\" \/><\/a><\/p>\n<p><a href=\"https:\/\/wp.ufpel.edu.br\/poiema\/texto-nosso-saxao-thor-e-senhor-novamente-nossa-inglaterra-sera-livre-cartismo-e-nacionalismo-progressivo\/\"><img loading=\"lazy\" decoding=\"async\" src=\"https:\/\/wp.ufpel.edu.br\/poiema\/files\/2022\/12\/271.png\" alt=\"\" width=\"300\" height=\"300\" \/><\/a><\/p>\n<p><a href=\"https:\/\/wp.ufpel.edu.br\/poiema\/texto-a-lei-e-os-mecanismos-juridicos-medievais-como-objetos-de-estudo-um-breve-balanco\/\"><img loading=\"lazy\" decoding=\"async\" src=\"https:\/\/wp.ufpel.edu.br\/poiema\/files\/2022\/12\/24.png\" alt=\"\" width=\"300\" height=\"300\" \/><\/a><\/p>\n<\/div>\n<div  class=\"blogPoiema\">\n<p><a href=\"https:\/\/wp.ufpel.edu.br\/poiema\/texto-uma-curiosidade-por-vidas-alheias-minha-incursao-pelas-biografias-dos-troubadours-e-das-trobairitz\/\"><img loading=\"lazy\" decoding=\"async\" src=\"https:\/\/wp.ufpel.edu.br\/poiema\/files\/2022\/12\/Artes-dos-Textos-29.png\" alt=\"\" width=\"300\" height=\"300\" \/><\/a><\/p>\n<p><a href=\"https:\/\/wp.ufpel.edu.br\/poiema\/texto-entre-eddas-y-sagas-el-mundo-literario-del-norte-medieval\/\"><img loading=\"lazy\" decoding=\"async\" src=\"https:\/\/wp.ufpel.edu.br\/poiema\/files\/2022\/11\/Artes-dos-Textos-26.png\" alt=\"\" width=\"300\" height=\"300\" \/><\/a><\/p>\n<p><a href=\"https:\/\/wp.ufpel.edu.br\/poiema\/y-que-pasa-con-los-barbaros\/\"><img loading=\"lazy\" decoding=\"async\" src=\"https:\/\/wp.ufpel.edu.br\/poiema\/files\/2022\/11\/Artes-dos-Textos-23.png\" alt=\"\" width=\"300\" height=\"300\" \/><\/a><\/p>\n<\/div>\n<div  class=\"blogPoiema\">\n<p><a href=\"https:\/\/wp.ufpel.edu.br\/poiema\/texto-santa-olga-regente-de-kiev-969-astucia-vingativa-e-sabedoria-crista\/\"><img loading=\"lazy\" decoding=\"async\" src=\"https:\/\/wp.ufpel.edu.br\/poiema\/files\/2022\/10\/Artes-dos-Textos-22.png\" alt=\"\" width=\"300\" height=\"300\" \/><\/a><\/p>\n<p><a href=\"https:\/\/wp.ufpel.edu.br\/poiema\/texto-liber-pontificalis-e-a-invencao-do-papado-o-caso-de-leao-de-roma-ca-536\/\"><img loading=\"lazy\" decoding=\"async\" src=\"https:\/\/wp.ufpel.edu.br\/poiema\/files\/2022\/10\/Artes-dos-Textos-21.png\" alt=\"\" width=\"300\" height=\"300\" \/><\/a><\/p>\n<p><a href=\"https:\/\/wp.ufpel.edu.br\/poiema\/mais-emocao-por-favor\/\"><img loading=\"lazy\" decoding=\"async\" src=\"https:\/\/wp.ufpel.edu.br\/poiema\/files\/2022\/09\/Artes-dos-Textos-20.png\" alt=\"\" width=\"300\" height=\"300\" \/><\/a><\/p>\n<\/div>\n<div  class=\"blogPoiema\">\n<p><a href=\"https:\/\/wp.ufpel.edu.br\/poiema\/texto-a-sacralizacao-simbolica-da-peninsula-iberica\/\"><img loading=\"lazy\" decoding=\"async\"  src=\"https:\/\/wp.ufpel.edu.br\/poiema\/files\/2022\/09\/15.png\" alt=\"\" width=\"300\" height=\"300\" \/><\/a><\/p>\n<p><a href=\"https:\/\/wp.ufpel.edu.br\/poiema\/texto-santo-eusebio-de-cesareia-atraves-dos-seculos\/\"><img loading=\"lazy\" decoding=\"async\"  src=\"https:\/\/wp.ufpel.edu.br\/poiema\/files\/2022\/08\/Artes-dos-Textos-16.png\" alt=\"\" width=\"300\" height=\"300\" \/><\/a><\/p>\n<p><a href=\"https:\/\/wp.ufpel.edu.br\/poiema\/ramon-llull-e-as-mulheres-medievais-uma-breve-sistematizacao-historiografica\/\"><img loading=\"lazy\" decoding=\"async\" src=\"https:\/\/wp.ufpel.edu.br\/poiema\/files\/2022\/08\/Artes-dos-Textos-15.png\" alt=\"\" width=\"300\" height=\"300\" \/><\/a><\/p>\n<\/div>\n<div  class=\"blogPoiema\">\n<p><a href=\"https:\/\/wp.ufpel.edu.br\/poiema\/texto-historiografia-do-catarismo-a-querela-desconstrucionista\/\"><img loading=\"lazy\" decoding=\"async\" src=\"https:\/\/wp.ufpel.edu.br\/poiema\/files\/2022\/08\/Artes-dos-Textos-12.png\" alt=\"\" width=\"300\" height=\"300\" \/><\/a><\/p>\n<p><a href=\"https:\/\/wp.ufpel.edu.br\/poiema\/texto-brasil-neomedieval-idiossincrasias-de-um-uso-do-passado\/\"><img loading=\"lazy\" decoding=\"async\"  src=\"https:\/\/wp.ufpel.edu.br\/poiema\/files\/2022\/08\/Artes-dos-Textos-13.png\" alt=\"\" width=\"300\" height=\"300\" \/><\/a><\/p>\n<p><a href=\"https:\/\/wp.ufpel.edu.br\/poiema\/texto-raca-em-as-cronicas-de-gelo-e-fogo-medievalismo-posando-como-autenticidade\/\"><img loading=\"lazy\" decoding=\"async\" src=\"https:\/\/wp.ufpel.edu.br\/poiema\/files\/2022\/06\/Artes-dos-Textos-7.png\" alt=\"\" width=\"300\" height=\"300\" \/><\/a><\/p>\n<\/div>\n<div  class=\"blogPoiema\">\n<p><a href=\"https:\/\/wp.ufpel.edu.br\/poiema\/texto-medievalismos-e-educacao-historica\/\"><img loading=\"lazy\" decoding=\"async\"  src=\"https:\/\/wp.ufpel.edu.br\/poiema\/files\/2022\/06\/Artes-dos-Textos-6.png\" alt=\"\" width=\"300\" height=\"300\" \/><\/a><\/p>\n<p><a href=\"https:\/\/wp.ufpel.edu.br\/poiema\/texto-do-balancar-de-penas-ao-entoar-cantigas-os-prestigios-dos-troubadours-e-dos-minnesanger\/\"><img loading=\"lazy\" decoding=\"async\" src=\"https:\/\/wp.ufpel.edu.br\/poiema\/files\/2022\/05\/13-1.png\" alt=\"\" width=\"300\" height=\"300\" \/><\/a><\/p>\n<p><a href=\"https:\/\/wp.ufpel.edu.br\/poiema\/texto-as-bruxas-e-aquelarres-na-obra-de-francisco-de-goya\/\"><img loading=\"lazy\" decoding=\"async\"  src=\"https:\/\/wp.ufpel.edu.br\/poiema\/files\/2022\/05\/11-1.png\" alt=\"\" width=\"300\" height=\"300\" \/><\/a><\/p>\n<\/div>\n<div  class=\"blogPoiema\">\n<p><a href=\"https:\/\/wp.ufpel.edu.br\/poiema\/texto-humores-climas-e-cores-reflexoes-medico-fisiognomicas-medievais-sobre-os-negros-etiopes\/\"><img loading=\"lazy\" decoding=\"async\" src=\"https:\/\/wp.ufpel.edu.br\/poiema\/files\/2022\/05\/10-1.png\" alt=\"\" width=\"300\" height=\"300\" \/><\/a><\/p>\n<p><a href=\"https:\/\/wp.ufpel.edu.br\/poiema\/texto-eram-os-deficientes-um-grupo-marginalizado-no-ocidente-medieval\/\"><img loading=\"lazy\" decoding=\"async\" src=\"https:\/\/wp.ufpel.edu.br\/poiema\/files\/2022\/05\/9-1.png\" alt=\"\" width=\"300\" height=\"300\" \/><\/a><\/p>\n<p><a href=\"https:\/\/wp.ufpel.edu.br\/poiema\/texto-vikings-entre-o-senso-comum-e-a-construcao-historiografica\/\"><img loading=\"lazy\" decoding=\"async\" src=\"https:\/\/wp.ufpel.edu.br\/poiema\/files\/2022\/05\/1-1.png\" alt=\"\" width=\"300\" height=\"300\" \/><\/a><\/p>\n<\/div>\n<div  class=\"blogPoiema\">\n<p><a href=\"https:\/\/wp.ufpel.edu.br\/poiema\/texto-sobre-a-necessidade-da-denuncia\/\"><img loading=\"lazy\" decoding=\"async\"  src=\"https:\/\/wp.ufpel.edu.br\/poiema\/files\/2022\/09\/Artes-dos-Textos-17.png\" alt=\"\" width=\"300\" height=\"300\" \/><\/a><\/p>\n<p><a href=\"https:\/\/wp.ufpel.edu.br\/poiema\/texto-reis-que-cultuam-reis-carlos-magno-e-os-imperadores-germanicos-962-1493\/\"><img loading=\"lazy\" decoding=\"async\" src=\"https:\/\/wp.ufpel.edu.br\/poiema\/files\/2022\/08\/Artes-dos-Textos-14.png\" alt=\"\" width=\"300\" height=\"300\" \/><\/a><\/p>\n<p><a href=\"https:\/\/wp.ufpel.edu.br\/poiema\/texto-pactismos-religiosos-opio-do-povo-ou-resistencia\/\"><img loading=\"lazy\" decoding=\"async\"  src=\"https:\/\/wp.ufpel.edu.br\/poiema\/files\/2022\/05\/5-1.png\" alt=\"\" width=\"300\" height=\"300\" \/><\/a>\n<\/div>\n","protected":false},"excerpt":{"rendered":"<p>\u00a0<\/p>\n","protected":false},"author":1170,"featured_media":0,"parent":0,"menu_order":0,"comment_status":"closed","ping_status":"closed","template":"template-onecolumn.php","meta":{"footnotes":""},"class_list":["post-3673","page","type-page","status-publish","hentry","nodate","item-wrap"],"yoast_head":"<!-- This site is optimized with the Yoast SEO plugin v26.7 - https:\/\/yoast.com\/wordpress\/plugins\/seo\/ -->\n<title>Hist\u00f3ria Medieval no Blog do Poiema<\/title>\n<meta name=\"description\" content=\"Textos de autoras e autores de universidades de todo o pa\u00eds (e mundo) sobre os mais variados assuntos de Hist\u00f3ria Medieval no Blog do Poiema!\" \/>\n<meta name=\"robots\" content=\"index, follow, max-snippet:-1, max-image-preview:large, max-video-preview:-1\" \/>\n<link rel=\"canonical\" href=\"https:\/\/wp.ufpel.edu.br\/poiema\/blog\/\" \/>\n<meta property=\"og:locale\" content=\"pt_BR\" \/>\n<meta property=\"og:type\" content=\"article\" \/>\n<meta property=\"og:title\" content=\"Blog do Poiema\" \/>\n<meta property=\"og:description\" content=\"Textos de autoras e autores de universidades de todo o pa\u00eds (e mundo) sobre os mais variados assuntos de Hist\u00f3ria Medieval no Blog do Poiema!\" \/>\n<meta property=\"og:url\" content=\"https:\/\/wp.ufpel.edu.br\/poiema\/blog\/\" \/>\n<meta property=\"og:site_name\" content=\"POIEMA\" \/>\n<meta property=\"article:modified_time\" content=\"2026-04-01T14:30:14+00:00\" \/>\n<meta property=\"og:image\" content=\"https:\/\/wp.ufpel.edu.br\/poiema\/files\/2023\/04\/todays-event-Post-para-Instagram-Quadrado-1.png\" \/>\n\t<meta property=\"og:image:width\" content=\"1080\" \/>\n\t<meta property=\"og:image:height\" content=\"1080\" \/>\n\t<meta property=\"og:image:type\" content=\"image\/png\" \/>\n<meta name=\"twitter:card\" content=\"summary_large_image\" \/>\n<meta name=\"twitter:label1\" content=\"Est. tempo de leitura\" \/>\n\t<meta name=\"twitter:data1\" content=\"17 minutos\" \/>\n<script type=\"application\/ld+json\" class=\"yoast-schema-graph\">{\"@context\":\"https:\/\/schema.org\",\"@graph\":[{\"@type\":\"WebPage\",\"@id\":\"https:\/\/wp.ufpel.edu.br\/poiema\/blog\/\",\"url\":\"https:\/\/wp.ufpel.edu.br\/poiema\/blog\/\",\"name\":\"Hist\u00f3ria Medieval no Blog do Poiema\",\"isPartOf\":{\"@id\":\"https:\/\/wp.ufpel.edu.br\/poiema\/#website\"},\"primaryImageOfPage\":{\"@id\":\"https:\/\/wp.ufpel.edu.br\/poiema\/blog\/#primaryimage\"},\"image\":{\"@id\":\"https:\/\/wp.ufpel.edu.br\/poiema\/blog\/#primaryimage\"},\"thumbnailUrl\":\"https:\/\/wp.ufpel.edu.br\/poiema\/files\/2026\/04\/WhatsApp-Image-2026-04-01-at-09.24.29.jpeg\",\"datePublished\":\"2024-06-04T15:00:02+00:00\",\"dateModified\":\"2026-04-01T14:30:14+00:00\",\"description\":\"Textos de autoras e autores de universidades de todo o pa\u00eds (e mundo) sobre os mais variados assuntos de Hist\u00f3ria Medieval no Blog do Poiema!\",\"breadcrumb\":{\"@id\":\"https:\/\/wp.ufpel.edu.br\/poiema\/blog\/#breadcrumb\"},\"inLanguage\":\"pt-BR\",\"potentialAction\":[{\"@type\":\"ReadAction\",\"target\":[\"https:\/\/wp.ufpel.edu.br\/poiema\/blog\/\"]}]},{\"@type\":\"ImageObject\",\"inLanguage\":\"pt-BR\",\"@id\":\"https:\/\/wp.ufpel.edu.br\/poiema\/blog\/#primaryimage\",\"url\":\"https:\/\/wp.ufpel.edu.br\/poiema\/files\/2026\/04\/WhatsApp-Image-2026-04-01-at-09.24.29.jpeg\",\"contentUrl\":\"https:\/\/wp.ufpel.edu.br\/poiema\/files\/2026\/04\/WhatsApp-Image-2026-04-01-at-09.24.29.jpeg\",\"width\":2048,\"height\":2560},{\"@type\":\"BreadcrumbList\",\"@id\":\"https:\/\/wp.ufpel.edu.br\/poiema\/blog\/#breadcrumb\",\"itemListElement\":[{\"@type\":\"ListItem\",\"position\":1,\"name\":\"In\u00edcio\",\"item\":\"https:\/\/wp.ufpel.edu.br\/poiema\/\"},{\"@type\":\"ListItem\",\"position\":2,\"name\":\"Blog do Poiema\"}]},{\"@type\":\"WebSite\",\"@id\":\"https:\/\/wp.ufpel.edu.br\/poiema\/#website\",\"url\":\"https:\/\/wp.ufpel.edu.br\/poiema\/\",\"name\":\"POIEMA\",\"description\":\"POIEMA UFPel\",\"potentialAction\":[{\"@type\":\"SearchAction\",\"target\":{\"@type\":\"EntryPoint\",\"urlTemplate\":\"https:\/\/wp.ufpel.edu.br\/poiema\/?s={search_term_string}\"},\"query-input\":{\"@type\":\"PropertyValueSpecification\",\"valueRequired\":true,\"valueName\":\"search_term_string\"}}],\"inLanguage\":\"pt-BR\"}]}<\/script>\n<!-- \/ Yoast SEO plugin. -->","yoast_head_json":{"title":"Hist\u00f3ria Medieval no Blog do Poiema","description":"Textos de autoras e autores de universidades de todo o pa\u00eds (e mundo) sobre os mais variados assuntos de Hist\u00f3ria Medieval no Blog do Poiema!","robots":{"index":"index","follow":"follow","max-snippet":"max-snippet:-1","max-image-preview":"max-image-preview:large","max-video-preview":"max-video-preview:-1"},"canonical":"https:\/\/wp.ufpel.edu.br\/poiema\/blog\/","og_locale":"pt_BR","og_type":"article","og_title":"Blog do Poiema","og_description":"Textos de autoras e autores de universidades de todo o pa\u00eds (e mundo) sobre os mais variados assuntos de Hist\u00f3ria Medieval no Blog do Poiema!","og_url":"https:\/\/wp.ufpel.edu.br\/poiema\/blog\/","og_site_name":"POIEMA","article_modified_time":"2026-04-01T14:30:14+00:00","og_image":[{"width":1080,"height":1080,"url":"https:\/\/wp.ufpel.edu.br\/poiema\/files\/2023\/04\/todays-event-Post-para-Instagram-Quadrado-1.png","type":"image\/png"}],"twitter_card":"summary_large_image","twitter_misc":{"Est. tempo de leitura":"17 minutos"},"schema":{"@context":"https:\/\/schema.org","@graph":[{"@type":"WebPage","@id":"https:\/\/wp.ufpel.edu.br\/poiema\/blog\/","url":"https:\/\/wp.ufpel.edu.br\/poiema\/blog\/","name":"Hist\u00f3ria Medieval no Blog do Poiema","isPartOf":{"@id":"https:\/\/wp.ufpel.edu.br\/poiema\/#website"},"primaryImageOfPage":{"@id":"https:\/\/wp.ufpel.edu.br\/poiema\/blog\/#primaryimage"},"image":{"@id":"https:\/\/wp.ufpel.edu.br\/poiema\/blog\/#primaryimage"},"thumbnailUrl":"https:\/\/wp.ufpel.edu.br\/poiema\/files\/2026\/04\/WhatsApp-Image-2026-04-01-at-09.24.29.jpeg","datePublished":"2024-06-04T15:00:02+00:00","dateModified":"2026-04-01T14:30:14+00:00","description":"Textos de autoras e autores de universidades de todo o pa\u00eds (e mundo) sobre os mais variados assuntos de Hist\u00f3ria Medieval no Blog do Poiema!","breadcrumb":{"@id":"https:\/\/wp.ufpel.edu.br\/poiema\/blog\/#breadcrumb"},"inLanguage":"pt-BR","potentialAction":[{"@type":"ReadAction","target":["https:\/\/wp.ufpel.edu.br\/poiema\/blog\/"]}]},{"@type":"ImageObject","inLanguage":"pt-BR","@id":"https:\/\/wp.ufpel.edu.br\/poiema\/blog\/#primaryimage","url":"https:\/\/wp.ufpel.edu.br\/poiema\/files\/2026\/04\/WhatsApp-Image-2026-04-01-at-09.24.29.jpeg","contentUrl":"https:\/\/wp.ufpel.edu.br\/poiema\/files\/2026\/04\/WhatsApp-Image-2026-04-01-at-09.24.29.jpeg","width":2048,"height":2560},{"@type":"BreadcrumbList","@id":"https:\/\/wp.ufpel.edu.br\/poiema\/blog\/#breadcrumb","itemListElement":[{"@type":"ListItem","position":1,"name":"In\u00edcio","item":"https:\/\/wp.ufpel.edu.br\/poiema\/"},{"@type":"ListItem","position":2,"name":"Blog do Poiema"}]},{"@type":"WebSite","@id":"https:\/\/wp.ufpel.edu.br\/poiema\/#website","url":"https:\/\/wp.ufpel.edu.br\/poiema\/","name":"POIEMA","description":"POIEMA UFPel","potentialAction":[{"@type":"SearchAction","target":{"@type":"EntryPoint","urlTemplate":"https:\/\/wp.ufpel.edu.br\/poiema\/?s={search_term_string}"},"query-input":{"@type":"PropertyValueSpecification","valueRequired":true,"valueName":"search_term_string"}}],"inLanguage":"pt-BR"}]}},"jetpack_sharing_enabled":true,"_links":{"self":[{"href":"https:\/\/wp.ufpel.edu.br\/poiema\/wp-json\/wp\/v2\/pages\/3673","targetHints":{"allow":["GET"]}}],"collection":[{"href":"https:\/\/wp.ufpel.edu.br\/poiema\/wp-json\/wp\/v2\/pages"}],"about":[{"href":"https:\/\/wp.ufpel.edu.br\/poiema\/wp-json\/wp\/v2\/types\/page"}],"author":[{"embeddable":true,"href":"https:\/\/wp.ufpel.edu.br\/poiema\/wp-json\/wp\/v2\/users\/1170"}],"replies":[{"embeddable":true,"href":"https:\/\/wp.ufpel.edu.br\/poiema\/wp-json\/wp\/v2\/comments?post=3673"}],"version-history":[{"count":4,"href":"https:\/\/wp.ufpel.edu.br\/poiema\/wp-json\/wp\/v2\/pages\/3673\/revisions"}],"predecessor-version":[{"id":7249,"href":"https:\/\/wp.ufpel.edu.br\/poiema\/wp-json\/wp\/v2\/pages\/3673\/revisions\/7249"}],"wp:attachment":[{"href":"https:\/\/wp.ufpel.edu.br\/poiema\/wp-json\/wp\/v2\/media?parent=3673"}],"curies":[{"name":"wp","href":"https:\/\/api.w.org\/{rel}","templated":true}]}}