{"id":985,"date":"2022-05-18T15:29:27","date_gmt":"2022-05-18T18:29:27","guid":{"rendered":"https:\/\/wp.ufpel.edu.br\/planejamentoufpel\/?page_id=985"},"modified":"2023-10-23T12:08:13","modified_gmt":"2023-10-23T15:08:13","slug":"ppi","status":"publish","type":"page","link":"https:\/\/wp.ufpel.edu.br\/planejamentoufpel\/ppi\/","title":{"rendered":"PPI"},"content":{"rendered":"<p><img class=\"alignnone wp-image-41 aligncenter\" src=\"https:\/\/wp.ufpel.edu.br\/planejamentoufpel\/files\/2022\/05\/Projeto-Pedago\u0301gico-Institucional-400x91.png\" alt=\"\" width=\"603\" height=\"137\" srcset=\"https:\/\/wp.ufpel.edu.br\/planejamentoufpel\/files\/2022\/05\/Projeto-Pedago\u0301gico-Institucional-400x91.png 400w, https:\/\/wp.ufpel.edu.br\/planejamentoufpel\/files\/2022\/05\/Projeto-Pedago\u0301gico-Institucional-1024x234.png 1024w, https:\/\/wp.ufpel.edu.br\/planejamentoufpel\/files\/2022\/05\/Projeto-Pedago\u0301gico-Institucional-768x176.png 768w, https:\/\/wp.ufpel.edu.br\/planejamentoufpel\/files\/2022\/05\/Projeto-Pedago\u0301gico-Institucional-1536x351.png 1536w, https:\/\/wp.ufpel.edu.br\/planejamentoufpel\/files\/2022\/05\/Projeto-Pedago\u0301gico-Institucional.png 1772w\" sizes=\"(max-width: 603px) 100vw, 603px\" \/><\/p>\n<p><span style=\"font-weight: 400;\">Documento pelo qual a institui\u00e7\u00e3o estabelece suas pol\u00edticas de ensino, pesquisa e extens\u00e3o. Dever\u00e1 nortear as pr\u00e1ticas acad\u00eamicas da Institui\u00e7\u00e3o, tendo em vista sua miss\u00e3o, vis\u00e3o e princ\u00edpios fundamentais.<\/span><\/p>\n<p>O documento elaborado coletivamente traz novas constru\u00e7\u00f5es sobre a identidade organizacional, os mecanismos de inser\u00e7\u00e3o regional, nacional e internacional, as pol\u00edticas de ensino de gradua\u00e7\u00e3o e p\u00f3s-gradua\u00e7\u00e3o, extens\u00e3o, inova\u00e7\u00e3o, a\u00e7\u00f5es afirmativas, diversidade e inclus\u00e3o, perman\u00eancia, qualidade acad\u00eamica, sustentabilidade e meio ambiente. O PPI, conforme a\u00a0<a href=\"http:\/\/www.inep.gov.br\/download\/superior\/2006\/avaliacao_institicional\/Portaria_n300_30_01_06.pdf\" target=\"_blank\" rel=\"noopener\">legisla\u00e7\u00e3o<\/a>, \u00e9\u00a0<strong>um dos documentos essenciais<\/strong>\u00a0que estabelece a UFPel como Institui\u00e7\u00e3o de Ensino: \u00e9 um instrumento de gest\u00e3o acad\u00eamica, de orienta\u00e7\u00e3o pol\u00edtica, filos\u00f3fica, te\u00f3rica e metodol\u00f3gica, que leva em conta a sua inser\u00e7\u00e3o regional, miss\u00e3o, voca\u00e7\u00e3o, vis\u00e3o, objetivos e suas caracter\u00edsticas hist\u00f3ricas.<\/p>\n<h4 style=\"text-align: center;\"><a href=\"https:\/\/guaiaca.ufpel.edu.br\/handle\/prefix\/9932\">Acesse aqui o Projeto Pedag\u00f3gico Institucional (PPI) vigente\u00a0<\/a><\/h4>\n<p style=\"text-align: center;\"><a href=\"https:\/\/guaiaca.ufpel.edu.br\/handle\/prefix\/9932\"><img class=\"alignnone size-medium wp-image-1381\" src=\"https:\/\/wp.ufpel.edu.br\/planejamentoufpel\/files\/2023\/07\/PPI-capa-1-284x400.png\" alt=\"\" width=\"284\" height=\"400\" srcset=\"https:\/\/wp.ufpel.edu.br\/planejamentoufpel\/files\/2023\/07\/PPI-capa-1-284x400.png 284w, https:\/\/wp.ufpel.edu.br\/planejamentoufpel\/files\/2023\/07\/PPI-capa-1.png 396w\" sizes=\"(max-width: 284px) 100vw, 284px\" \/><\/a><\/p>\n<p style=\"text-align: justify;\">\u00a0O PPI para a vig\u00eancia 2023- 2036 resulta de processo participativo desde maio de 2021, com todos os segmentos da UFPel e a comunidade externa, para atualizar as diretrizes institucionais, com base em sua realidade, desafios e perspectivas.<\/p>\n<h4 style=\"text-align: center;\"><a href=\"http:\/\/guaiaca.ufpel.edu.br:8080\/handle\/prefix\/8152\">Confira a Metodologia participativa utilizada para elabora\u00e7\u00e3o do <\/a><a href=\"http:\/\/guaiaca.ufpel.edu.br:8080\/handle\/prefix\/8152\">Projeto Pedag\u00f3gico<\/a><a href=\"http:\/\/guaiaca.ufpel.edu.br:8080\/handle\/prefix\/8152\">\u00a0Instituciona<\/a>l\u00a0<a href=\"http:\/\/guaiaca.ufpel.edu.br:8080\/handle\/prefix\/8152\">(2022 \u2013 2036)<\/a><\/h4>\n<p><a href=\"http:\/\/guaiaca.ufpel.edu.br:8080\/handle\/prefix\/8152\"><img class=\"size-medium wp-image-1289 aligncenter\" src=\"https:\/\/wp.ufpel.edu.br\/planejamentoufpel\/files\/2022\/12\/ppi-m-265x400.png\" alt=\"\" width=\"265\" height=\"400\" srcset=\"https:\/\/wp.ufpel.edu.br\/planejamentoufpel\/files\/2022\/12\/ppi-m-265x400.png 265w, https:\/\/wp.ufpel.edu.br\/planejamentoufpel\/files\/2022\/12\/ppi-m.png 393w\" sizes=\"(max-width: 265px) 100vw, 265px\" \/><\/a><\/p>\n<p>&nbsp;<\/p>\n","protected":false},"excerpt":{"rendered":"<p>Documento pelo qual a institui\u00e7\u00e3o estabelece suas pol\u00edticas de ensino, pesquisa e extens\u00e3o. Dever\u00e1 nortear as pr\u00e1ticas acad\u00eamicas da Institui\u00e7\u00e3o, tendo em vista sua miss\u00e3o, vis\u00e3o e princ\u00edpios fundamentais. O documento elaborado coletivamente traz novas constru\u00e7\u00f5es sobre a identidade organizacional, os mecanismos de inser\u00e7\u00e3o regional, nacional e internacional, as pol\u00edticas de ensino de gradua\u00e7\u00e3o e [&hellip;]<\/p>\n","protected":false},"author":1231,"featured_media":0,"parent":0,"menu_order":0,"comment_status":"closed","ping_status":"closed","template":"","meta":{"footnotes":""},"class_list":["post-985","page","type-page","status-publish","hentry"],"_links":{"self":[{"href":"https:\/\/wp.ufpel.edu.br\/planejamentoufpel\/wp-json\/wp\/v2\/pages\/985","targetHints":{"allow":["GET"]}}],"collection":[{"href":"https:\/\/wp.ufpel.edu.br\/planejamentoufpel\/wp-json\/wp\/v2\/pages"}],"about":[{"href":"https:\/\/wp.ufpel.edu.br\/planejamentoufpel\/wp-json\/wp\/v2\/types\/page"}],"author":[{"embeddable":true,"href":"https:\/\/wp.ufpel.edu.br\/planejamentoufpel\/wp-json\/wp\/v2\/users\/1231"}],"replies":[{"embeddable":true,"href":"https:\/\/wp.ufpel.edu.br\/planejamentoufpel\/wp-json\/wp\/v2\/comments?post=985"}],"version-history":[{"count":20,"href":"https:\/\/wp.ufpel.edu.br\/planejamentoufpel\/wp-json\/wp\/v2\/pages\/985\/revisions"}],"predecessor-version":[{"id":1423,"href":"https:\/\/wp.ufpel.edu.br\/planejamentoufpel\/wp-json\/wp\/v2\/pages\/985\/revisions\/1423"}],"wp:attachment":[{"href":"https:\/\/wp.ufpel.edu.br\/planejamentoufpel\/wp-json\/wp\/v2\/media?parent=985"}],"curies":[{"name":"wp","href":"https:\/\/api.w.org\/{rel}","templated":true}]}}