{"id":363,"date":"2019-03-22T16:41:18","date_gmt":"2019-03-22T19:41:18","guid":{"rendered":"https:\/\/wp.ufpel.edu.br\/placeage\/?page_id=363"},"modified":"2019-03-29T23:39:06","modified_gmt":"2019-03-30T02:39:06","slug":"faculdade-de-arquitetura-e-urbanismo","status":"publish","type":"page","link":"https:\/\/wp.ufpel.edu.br\/placeage\/faculdade-de-arquitetura-e-urbanismo\/","title":{"rendered":"Faculdade de Arquitetura e Urbanismo"},"content":{"rendered":"<p style=\"text-align: justify\"><span style=\"font-family: helvetica, arial, sans-serif\">O Curso de<strong><span style=\"color: #800026\"> Arquitetura e Urbanismo<\/span><\/strong> foi criado imediatamente ap\u00f3s a funda\u00e7\u00e3o da Universidade Federal de Pelotas. Os primeiros estudos para sua implanta\u00e7\u00e3o datam de 1970. Na \u00e9poca havia somente dois cursos de Arquitetura e Urbanismo na regi\u00e3o sul do pa\u00eds \u2013 em Porto Alegre e Curitiba \u2013 fato esse que contribuiu para a implanta\u00e7\u00e3o do ensino nessa \u00e1rea na Universidade. Ao criar o Curso de Arquitetura e Urbanismo, a UFPEL abrigou o segundo curso de Arquitetura do Rio Grande do Sul. No ano seguinte, a Portaria n\u00b0 215, de 24 de novembro de 1971, da Reitoria da UFPEL, criava e implantava o Curso de Arquitetura no Instituto de Artes. O Curso de Arquitetura e Urbanismo foi reconhecido pelo Decreto n\u00ba 81.607 de 27\/04\/1978, publicado no Di\u00e1rio Oficial de 28\/04\/1978.<\/span><\/p>\n<p style=\"text-align: justify\"><span style=\"font-family: helvetica, arial, sans-serif\">O objetivo geral do Curso de Gradua\u00e7\u00e3o em Arquitetura e Urbanismo da Universidade Federal de Pelotas \u00e9 formar profissionais aptos a compreender e traduzir as necessidades de indiv\u00edduos, grupos sociais e comunidade em rela\u00e7\u00e3o \u00e0 concep\u00e7\u00e3o, organiza\u00e7\u00e3o e constru\u00e7\u00e3o do espa\u00e7o interior e exterior, abrangendo o planejamento urbano e regional, o paisagismo e o urbanismo, a edifica\u00e7\u00e3o, bem como a valoriza\u00e7\u00e3o e conserva\u00e7\u00e3o do patrim\u00f4nio constru\u00eddo, a prote\u00e7\u00e3o do equil\u00edbrio do ambiente natural e a utiliza\u00e7\u00e3o racional dos recursos dispon\u00edveis. Para maiores informa\u00e7\u00f5es acesse o site da Faculdade: <a href=\"http:\/\/faurb.ufpel.edu.br\/\">http:\/\/faurb.ufpel.edu.br\/<\/a><\/span><\/p>\n","protected":false},"excerpt":{"rendered":"<p>O Curso de Arquitetura e Urbanismo foi criado imediatamente ap\u00f3s a funda\u00e7\u00e3o da Universidade Federal de Pelotas. Os primeiros estudos para sua implanta\u00e7\u00e3o datam de 1970. Na \u00e9poca havia somente dois cursos de Arquitetura e Urbanismo na regi\u00e3o sul do pa\u00eds \u2013 em Porto Alegre e Curitiba \u2013 fato esse que contribuiu para a implanta\u00e7\u00e3o &hellip; <\/p>\n<p class=\"link-more\"><a href=\"https:\/\/wp.ufpel.edu.br\/placeage\/faculdade-de-arquitetura-e-urbanismo\/\" class=\"more-link\">Continue lendo<span class=\"screen-reader-text\"> &#8220;Faculdade de Arquitetura e Urbanismo&#8221;<\/span><\/a><\/p>\n","protected":false},"author":717,"featured_media":720,"parent":0,"menu_order":0,"comment_status":"closed","ping_status":"closed","template":"","meta":{"footnotes":""},"class_list":["post-363","page","type-page","status-publish","has-post-thumbnail","hentry"],"yoast_head":"<!-- This site is optimized with the Yoast SEO plugin v26.7 - https:\/\/yoast.com\/wordpress\/plugins\/seo\/ -->\n<title>Faculdade de Arquitetura e Urbanismo - Ageing in Place in a World of Inequalities:<\/title>\n<meta name=\"robots\" content=\"index, follow, max-snippet:-1, max-image-preview:large, max-video-preview:-1\" \/>\n<link rel=\"canonical\" href=\"https:\/\/wp.ufpel.edu.br\/placeage\/faculdade-de-arquitetura-e-urbanismo\/\" \/>\n<meta property=\"og:locale\" content=\"pt_BR\" \/>\n<meta property=\"og:type\" content=\"article\" \/>\n<meta property=\"og:title\" content=\"Faculdade de Arquitetura e Urbanismo - Ageing in Place in a World of Inequalities:\" \/>\n<meta property=\"og:description\" content=\"O Curso de Arquitetura e Urbanismo foi criado imediatamente ap\u00f3s a funda\u00e7\u00e3o da Universidade Federal de Pelotas. Os primeiros estudos para sua implanta\u00e7\u00e3o datam de 1970. Na \u00e9poca havia somente dois cursos de Arquitetura e Urbanismo na regi\u00e3o sul do pa\u00eds \u2013 em Porto Alegre e Curitiba \u2013 fato esse que contribuiu para a implanta\u00e7\u00e3o &hellip; Continue lendo &quot;Faculdade de Arquitetura e Urbanismo&quot;\" \/>\n<meta property=\"og:url\" content=\"https:\/\/wp.ufpel.edu.br\/placeage\/faculdade-de-arquitetura-e-urbanismo\/\" \/>\n<meta property=\"og:site_name\" content=\"Ageing in Place in a World of Inequalities:\" \/>\n<meta property=\"article:modified_time\" content=\"2019-03-30T02:39:06+00:00\" \/>\n<meta property=\"og:image\" content=\"https:\/\/wp.ufpel.edu.br\/placeage\/files\/2019\/03\/DSC00021-e1553803606672.jpg\" \/>\n\t<meta property=\"og:image:width\" content=\"5152\" \/>\n\t<meta property=\"og:image:height\" content=\"2743\" \/>\n\t<meta property=\"og:image:type\" content=\"image\/jpeg\" \/>\n<meta name=\"twitter:card\" content=\"summary_large_image\" \/>\n<meta name=\"twitter:label1\" content=\"Est. tempo de leitura\" \/>\n\t<meta name=\"twitter:data1\" content=\"1 minuto\" \/>\n<script type=\"application\/ld+json\" class=\"yoast-schema-graph\">{\"@context\":\"https:\/\/schema.org\",\"@graph\":[{\"@type\":\"WebPage\",\"@id\":\"https:\/\/wp.ufpel.edu.br\/placeage\/faculdade-de-arquitetura-e-urbanismo\/\",\"url\":\"https:\/\/wp.ufpel.edu.br\/placeage\/faculdade-de-arquitetura-e-urbanismo\/\",\"name\":\"Faculdade de Arquitetura e Urbanismo - Ageing in Place in a World of Inequalities:\",\"isPartOf\":{\"@id\":\"https:\/\/wp.ufpel.edu.br\/placeage\/#website\"},\"primaryImageOfPage\":{\"@id\":\"https:\/\/wp.ufpel.edu.br\/placeage\/faculdade-de-arquitetura-e-urbanismo\/#primaryimage\"},\"image\":{\"@id\":\"https:\/\/wp.ufpel.edu.br\/placeage\/faculdade-de-arquitetura-e-urbanismo\/#primaryimage\"},\"thumbnailUrl\":\"https:\/\/wp.ufpel.edu.br\/placeage\/files\/2019\/03\/DSC00021-e1553803606672.jpg\",\"datePublished\":\"2019-03-22T19:41:18+00:00\",\"dateModified\":\"2019-03-30T02:39:06+00:00\",\"breadcrumb\":{\"@id\":\"https:\/\/wp.ufpel.edu.br\/placeage\/faculdade-de-arquitetura-e-urbanismo\/#breadcrumb\"},\"inLanguage\":\"pt-BR\",\"potentialAction\":[{\"@type\":\"ReadAction\",\"target\":[\"https:\/\/wp.ufpel.edu.br\/placeage\/faculdade-de-arquitetura-e-urbanismo\/\"]}]},{\"@type\":\"ImageObject\",\"inLanguage\":\"pt-BR\",\"@id\":\"https:\/\/wp.ufpel.edu.br\/placeage\/faculdade-de-arquitetura-e-urbanismo\/#primaryimage\",\"url\":\"https:\/\/wp.ufpel.edu.br\/placeage\/files\/2019\/03\/DSC00021-e1553803606672.jpg\",\"contentUrl\":\"https:\/\/wp.ufpel.edu.br\/placeage\/files\/2019\/03\/DSC00021-e1553803606672.jpg\",\"width\":5152,\"height\":2743},{\"@type\":\"BreadcrumbList\",\"@id\":\"https:\/\/wp.ufpel.edu.br\/placeage\/faculdade-de-arquitetura-e-urbanismo\/#breadcrumb\",\"itemListElement\":[{\"@type\":\"ListItem\",\"position\":1,\"name\":\"In\u00edcio\",\"item\":\"https:\/\/wp.ufpel.edu.br\/placeage\/\"},{\"@type\":\"ListItem\",\"position\":2,\"name\":\"Faculdade de Arquitetura e Urbanismo\"}]},{\"@type\":\"WebSite\",\"@id\":\"https:\/\/wp.ufpel.edu.br\/placeage\/#website\",\"url\":\"https:\/\/wp.ufpel.edu.br\/placeage\/\",\"name\":\"Symposium Ageing Inequalities\",\"description\":\"How to Design Healthy Cities for All | IAPS SYMPOSIUM 2019\",\"publisher\":{\"@id\":\"https:\/\/wp.ufpel.edu.br\/placeage\/#organization\"},\"potentialAction\":[{\"@type\":\"SearchAction\",\"target\":{\"@type\":\"EntryPoint\",\"urlTemplate\":\"https:\/\/wp.ufpel.edu.br\/placeage\/?s={search_term_string}\"},\"query-input\":{\"@type\":\"PropertyValueSpecification\",\"valueRequired\":true,\"valueName\":\"search_term_string\"}}],\"inLanguage\":\"pt-BR\"},{\"@type\":\"Organization\",\"@id\":\"https:\/\/wp.ufpel.edu.br\/placeage\/#organization\",\"name\":\"Syposium IAPS 2019\",\"url\":\"https:\/\/wp.ufpel.edu.br\/placeage\/\",\"logo\":{\"@type\":\"ImageObject\",\"inLanguage\":\"pt-BR\",\"@id\":\"https:\/\/wp.ufpel.edu.br\/placeage\/#\/schema\/logo\/image\/\",\"url\":\"https:\/\/wp.ufpel.edu.br\/placeage\/files\/2019\/04\/cropped-data-17-17-4.png\",\"contentUrl\":\"https:\/\/wp.ufpel.edu.br\/placeage\/files\/2019\/04\/cropped-data-17-17-4.png\",\"width\":411,\"height\":250,\"caption\":\"Syposium IAPS 2019\"},\"image\":{\"@id\":\"https:\/\/wp.ufpel.edu.br\/placeage\/#\/schema\/logo\/image\/\"}}]}<\/script>\n<!-- \/ Yoast SEO plugin. -->","yoast_head_json":{"title":"Faculdade de Arquitetura e Urbanismo - Ageing in Place in a World of Inequalities:","robots":{"index":"index","follow":"follow","max-snippet":"max-snippet:-1","max-image-preview":"max-image-preview:large","max-video-preview":"max-video-preview:-1"},"canonical":"https:\/\/wp.ufpel.edu.br\/placeage\/faculdade-de-arquitetura-e-urbanismo\/","og_locale":"pt_BR","og_type":"article","og_title":"Faculdade de Arquitetura e Urbanismo - Ageing in Place in a World of Inequalities:","og_description":"O Curso de Arquitetura e Urbanismo foi criado imediatamente ap\u00f3s a funda\u00e7\u00e3o da Universidade Federal de Pelotas. Os primeiros estudos para sua implanta\u00e7\u00e3o datam de 1970. Na \u00e9poca havia somente dois cursos de Arquitetura e Urbanismo na regi\u00e3o sul do pa\u00eds \u2013 em Porto Alegre e Curitiba \u2013 fato esse que contribuiu para a implanta\u00e7\u00e3o &hellip; Continue lendo \"Faculdade de Arquitetura e Urbanismo\"","og_url":"https:\/\/wp.ufpel.edu.br\/placeage\/faculdade-de-arquitetura-e-urbanismo\/","og_site_name":"Ageing in Place in a World of Inequalities:","article_modified_time":"2019-03-30T02:39:06+00:00","og_image":[{"width":5152,"height":2743,"url":"https:\/\/wp.ufpel.edu.br\/placeage\/files\/2019\/03\/DSC00021-e1553803606672.jpg","type":"image\/jpeg"}],"twitter_card":"summary_large_image","twitter_misc":{"Est. tempo de leitura":"1 minuto"},"schema":{"@context":"https:\/\/schema.org","@graph":[{"@type":"WebPage","@id":"https:\/\/wp.ufpel.edu.br\/placeage\/faculdade-de-arquitetura-e-urbanismo\/","url":"https:\/\/wp.ufpel.edu.br\/placeage\/faculdade-de-arquitetura-e-urbanismo\/","name":"Faculdade de Arquitetura e Urbanismo - Ageing in Place in a World of Inequalities:","isPartOf":{"@id":"https:\/\/wp.ufpel.edu.br\/placeage\/#website"},"primaryImageOfPage":{"@id":"https:\/\/wp.ufpel.edu.br\/placeage\/faculdade-de-arquitetura-e-urbanismo\/#primaryimage"},"image":{"@id":"https:\/\/wp.ufpel.edu.br\/placeage\/faculdade-de-arquitetura-e-urbanismo\/#primaryimage"},"thumbnailUrl":"https:\/\/wp.ufpel.edu.br\/placeage\/files\/2019\/03\/DSC00021-e1553803606672.jpg","datePublished":"2019-03-22T19:41:18+00:00","dateModified":"2019-03-30T02:39:06+00:00","breadcrumb":{"@id":"https:\/\/wp.ufpel.edu.br\/placeage\/faculdade-de-arquitetura-e-urbanismo\/#breadcrumb"},"inLanguage":"pt-BR","potentialAction":[{"@type":"ReadAction","target":["https:\/\/wp.ufpel.edu.br\/placeage\/faculdade-de-arquitetura-e-urbanismo\/"]}]},{"@type":"ImageObject","inLanguage":"pt-BR","@id":"https:\/\/wp.ufpel.edu.br\/placeage\/faculdade-de-arquitetura-e-urbanismo\/#primaryimage","url":"https:\/\/wp.ufpel.edu.br\/placeage\/files\/2019\/03\/DSC00021-e1553803606672.jpg","contentUrl":"https:\/\/wp.ufpel.edu.br\/placeage\/files\/2019\/03\/DSC00021-e1553803606672.jpg","width":5152,"height":2743},{"@type":"BreadcrumbList","@id":"https:\/\/wp.ufpel.edu.br\/placeage\/faculdade-de-arquitetura-e-urbanismo\/#breadcrumb","itemListElement":[{"@type":"ListItem","position":1,"name":"In\u00edcio","item":"https:\/\/wp.ufpel.edu.br\/placeage\/"},{"@type":"ListItem","position":2,"name":"Faculdade de Arquitetura e Urbanismo"}]},{"@type":"WebSite","@id":"https:\/\/wp.ufpel.edu.br\/placeage\/#website","url":"https:\/\/wp.ufpel.edu.br\/placeage\/","name":"Symposium Ageing Inequalities","description":"How to Design Healthy Cities for All | IAPS SYMPOSIUM 2019","publisher":{"@id":"https:\/\/wp.ufpel.edu.br\/placeage\/#organization"},"potentialAction":[{"@type":"SearchAction","target":{"@type":"EntryPoint","urlTemplate":"https:\/\/wp.ufpel.edu.br\/placeage\/?s={search_term_string}"},"query-input":{"@type":"PropertyValueSpecification","valueRequired":true,"valueName":"search_term_string"}}],"inLanguage":"pt-BR"},{"@type":"Organization","@id":"https:\/\/wp.ufpel.edu.br\/placeage\/#organization","name":"Syposium IAPS 2019","url":"https:\/\/wp.ufpel.edu.br\/placeage\/","logo":{"@type":"ImageObject","inLanguage":"pt-BR","@id":"https:\/\/wp.ufpel.edu.br\/placeage\/#\/schema\/logo\/image\/","url":"https:\/\/wp.ufpel.edu.br\/placeage\/files\/2019\/04\/cropped-data-17-17-4.png","contentUrl":"https:\/\/wp.ufpel.edu.br\/placeage\/files\/2019\/04\/cropped-data-17-17-4.png","width":411,"height":250,"caption":"Syposium IAPS 2019"},"image":{"@id":"https:\/\/wp.ufpel.edu.br\/placeage\/#\/schema\/logo\/image\/"}}]}},"_links":{"self":[{"href":"https:\/\/wp.ufpel.edu.br\/placeage\/wp-json\/wp\/v2\/pages\/363","targetHints":{"allow":["GET"]}}],"collection":[{"href":"https:\/\/wp.ufpel.edu.br\/placeage\/wp-json\/wp\/v2\/pages"}],"about":[{"href":"https:\/\/wp.ufpel.edu.br\/placeage\/wp-json\/wp\/v2\/types\/page"}],"author":[{"embeddable":true,"href":"https:\/\/wp.ufpel.edu.br\/placeage\/wp-json\/wp\/v2\/users\/717"}],"replies":[{"embeddable":true,"href":"https:\/\/wp.ufpel.edu.br\/placeage\/wp-json\/wp\/v2\/comments?post=363"}],"version-history":[{"count":3,"href":"https:\/\/wp.ufpel.edu.br\/placeage\/wp-json\/wp\/v2\/pages\/363\/revisions"}],"predecessor-version":[{"id":951,"href":"https:\/\/wp.ufpel.edu.br\/placeage\/wp-json\/wp\/v2\/pages\/363\/revisions\/951"}],"wp:featuredmedia":[{"embeddable":true,"href":"https:\/\/wp.ufpel.edu.br\/placeage\/wp-json\/wp\/v2\/media\/720"}],"wp:attachment":[{"href":"https:\/\/wp.ufpel.edu.br\/placeage\/wp-json\/wp\/v2\/media?parent=363"}],"curies":[{"name":"wp","href":"https:\/\/api.w.org\/{rel}","templated":true}]}}