{"id":1106,"date":"2019-04-01T08:46:42","date_gmt":"2019-04-01T11:46:42","guid":{"rendered":"https:\/\/wp.ufpel.edu.br\/placeage\/?page_id=1106"},"modified":"2019-10-16T22:40:05","modified_gmt":"2019-10-17T01:40:05","slug":"concurso-de-fotografia","status":"publish","type":"page","link":"https:\/\/wp.ufpel.edu.br\/placeage\/concurso-de-fotografia\/","title":{"rendered":"Concurso de Fotografia"},"content":{"rendered":"<p style=\"text-align: justify\"><span style=\"font-family: helvetica, arial, sans-serif\">Como parte do evento, estamos organizando uma <span style=\"color: #800023\"><strong>Exposi\u00e7\u00e3o Fotogr\u00e1fica<\/strong><\/span>. <strong>Essa Chamada est\u00e1 aberta a todos os ouvintes e participantes do Simp\u00f3sio IAPS 2019, e\/ou para todos os membros do IAPS<\/strong>. Caso voc\u00ea deseje se associar ao <a href=\"https:\/\/iaps-association.org\/\" target=\"_blank\" rel=\"noopener noreferrer\">IAPS<\/a> ou simplesmente queira renovar seu <em>membership<\/em>, basta acessar o link abaixo: <\/span><\/p>\n<p style=\"text-align: justify\"><span style=\"font-family: helvetica, arial, sans-serif\"><a href=\"https:\/\/iaps-association.org\/membership\/join-iaps\/\" target=\"_blank\" rel=\"noopener noreferrer\">https:\/\/iaps-association.org\/membership\/join-iaps\/<\/a><\/span><\/p>\n<p>E para se inscrever como ouvinte no evento preencha o formul\u00e1rio que est\u00e1 no menu inscri\u00e7\u00e3o deste site, at\u00e9 dia 31 de outubro.<\/p>\n<p style=\"text-align: justify\"><span style=\"font-family: helvetica, arial, sans-serif\">Cada participante poder\u00e1 enviar at\u00e9 duas fotos. <\/span><span style=\"font-family: helvetica, arial, sans-serif\">O tema da Exposi\u00e7\u00e3o Fotogr\u00e1fica \u00e9 <em>\u2018Ageing in Place in a World of Inequalities` <\/em>(Envelhecimento Populacional em um Mundo de Desigualdades). O prazo para a submiss\u00e3o \u00e9 <span style=\"color: #800023\"><strong><span style=\"color: #000000\"><del>15 de outubro<\/del> <span style=\"color: #800000\">31 de outubro <\/span><\/span><span style=\"color: #800000\">de<\/span> 2019.<\/strong><\/span><\/span><\/p>\n<p style=\"text-align: justify\"><span style=\"font-family: helvetica, arial, sans-serif\">Por favor, envie seus arquivos de fotografias no formato <em>jpeg<\/em> com uma resolu\u00e7\u00e3o m\u00ednima de 300 dpi para o seguinte e-mail: <\/span><\/p>\n<p style=\"text-align: justify\"><span style=\"font-family: helvetica, arial, sans-serif\"><span style=\"color: #800023\"><strong>fotografiasimposioiaps2019@gmail.com.<\/strong><\/span> <\/span><\/p>\n<p style=\"text-align: justify\"><span style=\"font-family: helvetica, arial, sans-serif\">O t\u00edtulo do e-mail deve ser: EXPOSI\u00c7\u00c3O FOTOGR\u00c1FICA &#8211; seu nome. <\/span><\/p>\n<p style=\"text-align: justify\"><span style=\"font-family: helvetica, arial, sans-serif\">Nomeie cada imagem com: <strong><em>Seu nome_nome da imagem.jpeg<\/em><\/strong> e envie na mensagem de e-mail as seguintes informa\u00e7\u00f5es: seu nome, afilia\u00e7\u00e3o, t\u00edtulo da imagem, local, dados e pa\u00eds da imagem, e um <em>print screen<\/em> do status do seu IAPS membership que pode ser obtido na p\u00e1gina de <a href=\"https:\/\/members.iaps-association.org\/usuario\/login\">login do IAPS<\/a>.\u00a0<\/span><\/p>\n<p style=\"text-align: justify\"><span style=\"font-family: helvetica, arial, sans-serif\">As melhores fotos ser\u00e3o expostas no Simp\u00f3sio e far\u00e3o parte de um cat\u00e1logo digital fotogr\u00e1fico p\u00f3s-evento.<\/span><\/p>\n","protected":false},"excerpt":{"rendered":"<p>Como parte do evento, estamos organizando uma Exposi\u00e7\u00e3o Fotogr\u00e1fica. Essa Chamada est\u00e1 aberta a todos os ouvintes e participantes do Simp\u00f3sio IAPS 2019, e\/ou para todos os membros do IAPS. Caso voc\u00ea deseje se associar ao IAPS ou simplesmente queira renovar seu membership, basta acessar o link abaixo: https:\/\/iaps-association.org\/membership\/join-iaps\/ E para se inscrever como ouvinte &hellip; <\/p>\n<p class=\"link-more\"><a href=\"https:\/\/wp.ufpel.edu.br\/placeage\/concurso-de-fotografia\/\" class=\"more-link\">Continue lendo<span class=\"screen-reader-text\"> &#8220;Concurso de Fotografia&#8221;<\/span><\/a><\/p>\n","protected":false},"author":717,"featured_media":1111,"parent":0,"menu_order":0,"comment_status":"closed","ping_status":"closed","template":"","meta":{"footnotes":""},"class_list":["post-1106","page","type-page","status-publish","has-post-thumbnail","hentry"],"yoast_head":"<!-- This site is optimized with the Yoast SEO plugin v26.7 - https:\/\/yoast.com\/wordpress\/plugins\/seo\/ -->\n<title>Concurso de Fotografia - Ageing in Place in a World of Inequalities:<\/title>\n<meta name=\"robots\" content=\"index, follow, max-snippet:-1, max-image-preview:large, max-video-preview:-1\" \/>\n<link rel=\"canonical\" href=\"https:\/\/wp.ufpel.edu.br\/placeage\/concurso-de-fotografia\/\" \/>\n<meta property=\"og:locale\" content=\"pt_BR\" \/>\n<meta property=\"og:type\" content=\"article\" \/>\n<meta property=\"og:title\" content=\"Concurso de Fotografia - Ageing in Place in a World of Inequalities:\" \/>\n<meta property=\"og:description\" content=\"Como parte do evento, estamos organizando uma Exposi\u00e7\u00e3o Fotogr\u00e1fica. Essa Chamada est\u00e1 aberta a todos os ouvintes e participantes do Simp\u00f3sio IAPS 2019, e\/ou para todos os membros do IAPS. Caso voc\u00ea deseje se associar ao IAPS ou simplesmente queira renovar seu membership, basta acessar o link abaixo: https:\/\/iaps-association.org\/membership\/join-iaps\/ E para se inscrever como ouvinte &hellip; Continue lendo &quot;Concurso de Fotografia&quot;\" \/>\n<meta property=\"og:url\" content=\"https:\/\/wp.ufpel.edu.br\/placeage\/concurso-de-fotografia\/\" \/>\n<meta property=\"og:site_name\" content=\"Ageing in Place in a World of Inequalities:\" \/>\n<meta property=\"article:modified_time\" content=\"2019-10-17T01:40:05+00:00\" \/>\n<meta property=\"og:image\" content=\"https:\/\/wp.ufpel.edu.br\/placeage\/files\/2019\/04\/senhor_foto-28-1024x614.jpg\" \/>\n\t<meta property=\"og:image:width\" content=\"1024\" \/>\n\t<meta property=\"og:image:height\" content=\"614\" \/>\n\t<meta property=\"og:image:type\" content=\"image\/jpeg\" \/>\n<meta name=\"twitter:card\" content=\"summary_large_image\" \/>\n<meta name=\"twitter:label1\" content=\"Est. tempo de leitura\" \/>\n\t<meta name=\"twitter:data1\" content=\"1 minuto\" \/>\n<script type=\"application\/ld+json\" class=\"yoast-schema-graph\">{\"@context\":\"https:\/\/schema.org\",\"@graph\":[{\"@type\":\"WebPage\",\"@id\":\"https:\/\/wp.ufpel.edu.br\/placeage\/concurso-de-fotografia\/\",\"url\":\"https:\/\/wp.ufpel.edu.br\/placeage\/concurso-de-fotografia\/\",\"name\":\"Concurso de Fotografia - Ageing in Place in a World of Inequalities:\",\"isPartOf\":{\"@id\":\"https:\/\/wp.ufpel.edu.br\/placeage\/#website\"},\"primaryImageOfPage\":{\"@id\":\"https:\/\/wp.ufpel.edu.br\/placeage\/concurso-de-fotografia\/#primaryimage\"},\"image\":{\"@id\":\"https:\/\/wp.ufpel.edu.br\/placeage\/concurso-de-fotografia\/#primaryimage\"},\"thumbnailUrl\":\"https:\/\/wp.ufpel.edu.br\/placeage\/files\/2019\/04\/senhor_foto-28.jpg\",\"datePublished\":\"2019-04-01T11:46:42+00:00\",\"dateModified\":\"2019-10-17T01:40:05+00:00\",\"breadcrumb\":{\"@id\":\"https:\/\/wp.ufpel.edu.br\/placeage\/concurso-de-fotografia\/#breadcrumb\"},\"inLanguage\":\"pt-BR\",\"potentialAction\":[{\"@type\":\"ReadAction\",\"target\":[\"https:\/\/wp.ufpel.edu.br\/placeage\/concurso-de-fotografia\/\"]}]},{\"@type\":\"ImageObject\",\"inLanguage\":\"pt-BR\",\"@id\":\"https:\/\/wp.ufpel.edu.br\/placeage\/concurso-de-fotografia\/#primaryimage\",\"url\":\"https:\/\/wp.ufpel.edu.br\/placeage\/files\/2019\/04\/senhor_foto-28.jpg\",\"contentUrl\":\"https:\/\/wp.ufpel.edu.br\/placeage\/files\/2019\/04\/senhor_foto-28.jpg\",\"width\":3401,\"height\":2038},{\"@type\":\"BreadcrumbList\",\"@id\":\"https:\/\/wp.ufpel.edu.br\/placeage\/concurso-de-fotografia\/#breadcrumb\",\"itemListElement\":[{\"@type\":\"ListItem\",\"position\":1,\"name\":\"In\u00edcio\",\"item\":\"https:\/\/wp.ufpel.edu.br\/placeage\/\"},{\"@type\":\"ListItem\",\"position\":2,\"name\":\"Concurso de Fotografia\"}]},{\"@type\":\"WebSite\",\"@id\":\"https:\/\/wp.ufpel.edu.br\/placeage\/#website\",\"url\":\"https:\/\/wp.ufpel.edu.br\/placeage\/\",\"name\":\"Symposium Ageing Inequalities\",\"description\":\"How to Design Healthy Cities for All | IAPS SYMPOSIUM 2019\",\"publisher\":{\"@id\":\"https:\/\/wp.ufpel.edu.br\/placeage\/#organization\"},\"potentialAction\":[{\"@type\":\"SearchAction\",\"target\":{\"@type\":\"EntryPoint\",\"urlTemplate\":\"https:\/\/wp.ufpel.edu.br\/placeage\/?s={search_term_string}\"},\"query-input\":{\"@type\":\"PropertyValueSpecification\",\"valueRequired\":true,\"valueName\":\"search_term_string\"}}],\"inLanguage\":\"pt-BR\"},{\"@type\":\"Organization\",\"@id\":\"https:\/\/wp.ufpel.edu.br\/placeage\/#organization\",\"name\":\"Syposium IAPS 2019\",\"url\":\"https:\/\/wp.ufpel.edu.br\/placeage\/\",\"logo\":{\"@type\":\"ImageObject\",\"inLanguage\":\"pt-BR\",\"@id\":\"https:\/\/wp.ufpel.edu.br\/placeage\/#\/schema\/logo\/image\/\",\"url\":\"https:\/\/wp.ufpel.edu.br\/placeage\/files\/2019\/04\/cropped-data-17-17-4.png\",\"contentUrl\":\"https:\/\/wp.ufpel.edu.br\/placeage\/files\/2019\/04\/cropped-data-17-17-4.png\",\"width\":411,\"height\":250,\"caption\":\"Syposium IAPS 2019\"},\"image\":{\"@id\":\"https:\/\/wp.ufpel.edu.br\/placeage\/#\/schema\/logo\/image\/\"}}]}<\/script>\n<!-- \/ Yoast SEO plugin. -->","yoast_head_json":{"title":"Concurso de Fotografia - Ageing in Place in a World of Inequalities:","robots":{"index":"index","follow":"follow","max-snippet":"max-snippet:-1","max-image-preview":"max-image-preview:large","max-video-preview":"max-video-preview:-1"},"canonical":"https:\/\/wp.ufpel.edu.br\/placeage\/concurso-de-fotografia\/","og_locale":"pt_BR","og_type":"article","og_title":"Concurso de Fotografia - Ageing in Place in a World of Inequalities:","og_description":"Como parte do evento, estamos organizando uma Exposi\u00e7\u00e3o Fotogr\u00e1fica. Essa Chamada est\u00e1 aberta a todos os ouvintes e participantes do Simp\u00f3sio IAPS 2019, e\/ou para todos os membros do IAPS. Caso voc\u00ea deseje se associar ao IAPS ou simplesmente queira renovar seu membership, basta acessar o link abaixo: https:\/\/iaps-association.org\/membership\/join-iaps\/ E para se inscrever como ouvinte &hellip; Continue lendo \"Concurso de Fotografia\"","og_url":"https:\/\/wp.ufpel.edu.br\/placeage\/concurso-de-fotografia\/","og_site_name":"Ageing in Place in a World of Inequalities:","article_modified_time":"2019-10-17T01:40:05+00:00","og_image":[{"width":1024,"height":614,"url":"https:\/\/wp.ufpel.edu.br\/placeage\/files\/2019\/04\/senhor_foto-28-1024x614.jpg","type":"image\/jpeg"}],"twitter_card":"summary_large_image","twitter_misc":{"Est. tempo de leitura":"1 minuto"},"schema":{"@context":"https:\/\/schema.org","@graph":[{"@type":"WebPage","@id":"https:\/\/wp.ufpel.edu.br\/placeage\/concurso-de-fotografia\/","url":"https:\/\/wp.ufpel.edu.br\/placeage\/concurso-de-fotografia\/","name":"Concurso de Fotografia - Ageing in Place in a World of Inequalities:","isPartOf":{"@id":"https:\/\/wp.ufpel.edu.br\/placeage\/#website"},"primaryImageOfPage":{"@id":"https:\/\/wp.ufpel.edu.br\/placeage\/concurso-de-fotografia\/#primaryimage"},"image":{"@id":"https:\/\/wp.ufpel.edu.br\/placeage\/concurso-de-fotografia\/#primaryimage"},"thumbnailUrl":"https:\/\/wp.ufpel.edu.br\/placeage\/files\/2019\/04\/senhor_foto-28.jpg","datePublished":"2019-04-01T11:46:42+00:00","dateModified":"2019-10-17T01:40:05+00:00","breadcrumb":{"@id":"https:\/\/wp.ufpel.edu.br\/placeage\/concurso-de-fotografia\/#breadcrumb"},"inLanguage":"pt-BR","potentialAction":[{"@type":"ReadAction","target":["https:\/\/wp.ufpel.edu.br\/placeage\/concurso-de-fotografia\/"]}]},{"@type":"ImageObject","inLanguage":"pt-BR","@id":"https:\/\/wp.ufpel.edu.br\/placeage\/concurso-de-fotografia\/#primaryimage","url":"https:\/\/wp.ufpel.edu.br\/placeage\/files\/2019\/04\/senhor_foto-28.jpg","contentUrl":"https:\/\/wp.ufpel.edu.br\/placeage\/files\/2019\/04\/senhor_foto-28.jpg","width":3401,"height":2038},{"@type":"BreadcrumbList","@id":"https:\/\/wp.ufpel.edu.br\/placeage\/concurso-de-fotografia\/#breadcrumb","itemListElement":[{"@type":"ListItem","position":1,"name":"In\u00edcio","item":"https:\/\/wp.ufpel.edu.br\/placeage\/"},{"@type":"ListItem","position":2,"name":"Concurso de Fotografia"}]},{"@type":"WebSite","@id":"https:\/\/wp.ufpel.edu.br\/placeage\/#website","url":"https:\/\/wp.ufpel.edu.br\/placeage\/","name":"Symposium Ageing Inequalities","description":"How to Design Healthy Cities for All | IAPS SYMPOSIUM 2019","publisher":{"@id":"https:\/\/wp.ufpel.edu.br\/placeage\/#organization"},"potentialAction":[{"@type":"SearchAction","target":{"@type":"EntryPoint","urlTemplate":"https:\/\/wp.ufpel.edu.br\/placeage\/?s={search_term_string}"},"query-input":{"@type":"PropertyValueSpecification","valueRequired":true,"valueName":"search_term_string"}}],"inLanguage":"pt-BR"},{"@type":"Organization","@id":"https:\/\/wp.ufpel.edu.br\/placeage\/#organization","name":"Syposium IAPS 2019","url":"https:\/\/wp.ufpel.edu.br\/placeage\/","logo":{"@type":"ImageObject","inLanguage":"pt-BR","@id":"https:\/\/wp.ufpel.edu.br\/placeage\/#\/schema\/logo\/image\/","url":"https:\/\/wp.ufpel.edu.br\/placeage\/files\/2019\/04\/cropped-data-17-17-4.png","contentUrl":"https:\/\/wp.ufpel.edu.br\/placeage\/files\/2019\/04\/cropped-data-17-17-4.png","width":411,"height":250,"caption":"Syposium IAPS 2019"},"image":{"@id":"https:\/\/wp.ufpel.edu.br\/placeage\/#\/schema\/logo\/image\/"}}]}},"_links":{"self":[{"href":"https:\/\/wp.ufpel.edu.br\/placeage\/wp-json\/wp\/v2\/pages\/1106","targetHints":{"allow":["GET"]}}],"collection":[{"href":"https:\/\/wp.ufpel.edu.br\/placeage\/wp-json\/wp\/v2\/pages"}],"about":[{"href":"https:\/\/wp.ufpel.edu.br\/placeage\/wp-json\/wp\/v2\/types\/page"}],"author":[{"embeddable":true,"href":"https:\/\/wp.ufpel.edu.br\/placeage\/wp-json\/wp\/v2\/users\/717"}],"replies":[{"embeddable":true,"href":"https:\/\/wp.ufpel.edu.br\/placeage\/wp-json\/wp\/v2\/comments?post=1106"}],"version-history":[{"count":10,"href":"https:\/\/wp.ufpel.edu.br\/placeage\/wp-json\/wp\/v2\/pages\/1106\/revisions"}],"predecessor-version":[{"id":1605,"href":"https:\/\/wp.ufpel.edu.br\/placeage\/wp-json\/wp\/v2\/pages\/1106\/revisions\/1605"}],"wp:featuredmedia":[{"embeddable":true,"href":"https:\/\/wp.ufpel.edu.br\/placeage\/wp-json\/wp\/v2\/media\/1111"}],"wp:attachment":[{"href":"https:\/\/wp.ufpel.edu.br\/placeage\/wp-json\/wp\/v2\/media?parent=1106"}],"curies":[{"name":"wp","href":"https:\/\/api.w.org\/{rel}","templated":true}]}}