{"id":443,"date":"2015-11-16T15:12:50","date_gmt":"2015-11-16T17:12:50","guid":{"rendered":"https:\/\/wp.ufpel.edu.br\/pibidfisica\/?page_id=443"},"modified":"2024-05-31T16:27:19","modified_gmt":"2024-05-31T19:27:19","slug":"seminarios","status":"publish","type":"page","link":"https:\/\/wp.ufpel.edu.br\/pibidfisica\/atividades\/seminarios\/","title":{"rendered":"Semin\u00e1rios internos"},"content":{"rendered":"<p>Uma atividade que \u00e9 sempre proposta nas edi\u00e7\u00f5es do subprojeto PIBID-F\u00edsica \u00e9 a apresenta\u00e7\u00e3o de semin\u00e1rios pelos pibidianos, supervisores e coordenadores. Estes semin\u00e1rios em geral s\u00e3o apresentados nas reuni\u00f5es de forma\u00e7\u00e3o e acompanhemtno do projeto na UFPel. Abaixo apresentamos alguns dos semin\u00e1rios que foram apresentados ao longo dos \u00faltimos anos.<\/p>\n<h3><span style=\"color: #ff0000;\">Semin\u00e1rios 2022-2024<\/span><\/h3>\n<ul>\n<li>Temas livres:\n<ul>\n<li>O universo (Rafael)<\/li>\n<li>A origem da \u00e1gua no planeta Terra (Bianca)<\/li>\n<li>Mulheres nas Ci\u00eancias (Ana Carolina)<\/li>\n<li>Energia (Kaiury)<\/li>\n<li>Por que utilizamos escalas termom\u00e9tricas? (D\u00e9bora)<\/li>\n<li>M\u00e1quinas simples: alavancas e roldanas (Tha\u00eds)<\/li>\n<li>Al\u00e9m do que os olhos veem: a import\u00e2ncia do espectro eletromagn\u00e9tico (Miguel)<\/li>\n<li>Refra\u00e7\u00e3o (Bruno)<\/li>\n<li>For\u00e7a invis\u00edvel: as intera\u00e7\u00f5es eletrost\u00e1ticas na lei de Coulomb (Nathan)<\/li>\n<\/ul>\n<\/li>\n<\/ul>\n<h3><span style=\"color: #ff0000;\">Semin\u00e1rios 2018-2019<\/span><\/h3>\n<ul>\n<li><span style=\"color: #3366ff;\"><a style=\"color: #3366ff;\" href=\"https:\/\/wp.ufpel.edu.br\/pibidfisica\/files\/2020\/01\/Projetos-de-Ensino-de-Ciencias-e-Fisica-Brasil.pdf\" target=\"_blank\" rel=\"noopener noreferrer\">Projetos de ensino de F\u00edsica e Ci\u00eancias no Brasil<\/a> <\/span>(Projeto Piloto da Unesco; FAI; PBEF; PEF; GREF)<\/li>\n<li><span style=\"color: #3366ff;\"><a style=\"color: #3366ff;\" href=\"https:\/\/wp.ufpel.edu.br\/pibidfisica\/files\/2020\/01\/Projetos-de-Ensino-de-Ciencias-e-Fisica-Internacionais.pdf\" target=\"_blank\" rel=\"noopener noreferrer\">Projetos de ensino de F\u00edsica e Ci\u00eancias &#8211; Internacionais<\/a> <\/span>(PSSC; Harvard; Nufield; PLON)<\/li>\n<li>Temas livres:<\/li>\n<li style=\"list-style-type: none;\">\n<ul>\n<li><span style=\"color: #3366ff;\"><a style=\"color: #3366ff;\" href=\"https:\/\/wp.ufpel.edu.br\/pibidfisica\/files\/2020\/01\/thiago-Pendulo-de-Foucault.pdf\" target=\"_blank\" rel=\"noopener noreferrer\">P\u00eandulo de Foucault<\/a><\/span> (Thiago\/Larissa)<\/li>\n<li><span style=\"color: #3366ff;\"><a style=\"color: #3366ff;\" href=\"https:\/\/wp.ufpel.edu.br\/pibidfisica\/files\/2020\/01\/gabriel-Neve.pdf\" target=\"_blank\" rel=\"noopener noreferrer\">Como se forma um floco de neve<\/a><\/span> (Gabriel)<\/li>\n<li><span style=\"color: #3366ff;\"><a style=\"color: #3366ff;\" href=\"https:\/\/wp.ufpel.edu.br\/pibidfisica\/files\/2020\/01\/julia-Efeito-Doppler.pdf\" target=\"_blank\" rel=\"noopener noreferrer\">Efeito Doppler<\/a><\/span> (J\u00falia)<\/li>\n<li><span style=\"color: #3366ff;\"><a style=\"color: #3366ff;\" href=\"https:\/\/wp.ufpel.edu.br\/pibidfisica\/files\/2020\/01\/renata-Corpo-Negro.pdf\" target=\"_blank\" rel=\"noopener noreferrer\">Radia\u00e7\u00e3o de Corpo Negro<\/a><\/span> (Renata)<\/li>\n<li><span style=\"color: #3366ff;\"><a style=\"color: #3366ff;\" href=\"https:\/\/wp.ufpel.edu.br\/pibidfisica\/files\/2020\/01\/davi-Fototropismo_e_interacao_luminosa.pdf\" target=\"_blank\" rel=\"noopener noreferrer\">Fototropismo e Intera\u00e7\u00e3o Luminosa<\/a><\/span> (Davi)<\/li>\n<li><span style=\"color: #3366ff;\"><a style=\"color: #3366ff;\" href=\"https:\/\/wp.ufpel.edu.br\/pibidfisica\/files\/2020\/01\/giovani-tubo-de-venturi-e-efeito-magnus.pdf\" target=\"_blank\" rel=\"noopener noreferrer\">Tubo de Venturi e Efeito Magnus<\/a><\/span> (Giovani)<\/li>\n<li><span style=\"color: #3366ff;\"><a style=\"color: #3366ff;\" href=\"https:\/\/wp.ufpel.edu.br\/pibidfisica\/files\/2020\/01\/jean-Projeto-Manhattan.pdf\" target=\"_blank\" rel=\"noopener noreferrer\">Projeto Manhattan<\/a><\/span> (Jean)<\/li>\n<li>Ciclo Otto e Motores de Combust\u00e3o Interna: Um objeto de Aprendizagem (Felipe)<\/li>\n<li>Aplica\u00e7\u00f5es do Magnetismo: Spintr\u00f4nica (Mateus)<\/li>\n<\/ul>\n<\/li>\n<\/ul>\n<h3><span style=\"color: #ff0000;\">Semin\u00e1rios 2017-2018<\/span><\/h3>\n<ul>\n<li>Apresenta\u00e7\u00f5es efetuadas pelas professoras supervisoras do PIBID:<\/li>\n<li style=\"list-style-type: none;\">\n<ul>\n<li><span style=\"color: #3366ff;\"><a style=\"color: #3366ff;\" href=\"https:\/\/wp.ufpel.edu.br\/pibidfisica\/files\/2020\/01\/VIOLENCIA-NA-ESCOLA-katia.pdf\" target=\"_blank\" rel=\"noopener noreferrer\">Viol\u00eancia na Escola<\/a><\/span> (prof\u00aa K\u00e1tia)<\/li>\n<li><span style=\"color: #3366ff;\"><a style=\"color: #3366ff;\" href=\"https:\/\/wp.ufpel.edu.br\/pibidfisica\/files\/2020\/01\/recuperacao-de-aulas-Joseane.pdf\" target=\"_blank\" rel=\"noopener noreferrer\">Recupera\u00e7\u00e3o de aulas e distribui\u00e7\u00e3o de conte\u00fados ap\u00f3s um recesso n\u00e3o planejado<\/a><\/span> (Prof\u00aa M\u00aa Joseane)<\/li>\n<li><span style=\"color: #3366ff;\"><a style=\"color: #3366ff;\" href=\"https:\/\/wp.ufpel.edu.br\/pibidfisica\/files\/2020\/01\/INCLUSAO-PIBID-josiane-katia.pdf\" target=\"_blank\" rel=\"noopener noreferrer\">A realidade da inclus\u00e3o escolar nas Escolas P\u00fablicas<\/a><\/span> (Prof\u00aas M\u00aa Joseane e K\u00e1tia)<\/li>\n<li><span style=\"color: #3366ff;\"><a style=\"color: #3366ff;\" href=\"https:\/\/wp.ufpel.edu.br\/pibidfisica\/files\/2020\/01\/Contribuicoes-do-PIBID-para-a-formacao-inicial-de-professores.pdf\" target=\"_blank\" rel=\"noopener noreferrer\">Contribui\u00e7\u00f5es do PIBID para a forma\u00e7\u00e3o inicial de professores<\/a><\/span> (Prof\u00aa Margarete)<\/li>\n<li><a href=\"https:\/\/wp.ufpel.edu.br\/pibidfisica\/files\/2020\/01\/2017-04-19-Projeto-de-Ensino-Maria-Joseane.pdf\" target=\"_blank\" rel=\"noopener noreferrer\"><span style=\"color: #3366ff;\">Projeto de Ensino com enfoque CTS<\/span><\/a> (para EJA: Prof\u00aa M\u00aa Joseane)<\/li>\n<li><span style=\"color: #3366ff;\"><a style=\"color: #3366ff;\" href=\"https:\/\/wp.ufpel.edu.br\/pibidfisica\/files\/2020\/01\/Reflexoes-sobre-o-PIBID-larissa.pdf\" target=\"_blank\" rel=\"noopener noreferrer\">Reflex\u00f5es sobre o PIBID<\/a><\/span> (Prof\u00aa Larissa &#8211; colaboradora)<\/li>\n<\/ul>\n<\/li>\n<li>Temas livres (estudantes):<\/li>\n<li style=\"list-style-type: none;\">\n<ul>\n<li><span style=\"color: #3366ff;\"><a style=\"color: #3366ff;\" href=\"https:\/\/wp.ufpel.edu.br\/pibidfisica\/files\/2020\/01\/Seminario-Ondas.pdf\" target=\"_blank\" rel=\"noopener noreferrer\">Ondas<\/a><\/span><\/li>\n<li><span style=\"color: #3366ff;\"><a style=\"color: #3366ff;\" href=\"https:\/\/wp.ufpel.edu.br\/pibidfisica\/files\/2020\/01\/Espalhamento-Rutherford.pdf\" target=\"_blank\" rel=\"noopener noreferrer\">Espalhamento Rutherford<\/a><\/span><\/li>\n<li><span style=\"color: #3366ff;\"><a style=\"color: #3366ff;\" href=\"https:\/\/wp.ufpel.edu.br\/pibidfisica\/files\/2020\/01\/densidade.pdf\" target=\"_blank\" rel=\"noopener noreferrer\">Densidade<\/a><\/span><\/li>\n<li><span style=\"color: #3366ff;\"><a style=\"color: #3366ff;\" href=\"https:\/\/wp.ufpel.edu.br\/pibidfisica\/files\/2020\/01\/A-Fisica-do-Futebol-mecanica.pdf\" target=\"_blank\" rel=\"noopener noreferrer\">A F\u00edsica do Futebol<\/a><\/span><\/li>\n<\/ul>\n<\/li>\n<\/ul>\n<h3><span style=\"color: #ff0000;\">Semin\u00e1rios 2015-2016<\/span><\/h3>\n<ul>\n<li><a href=\"https:\/\/wp.ufpel.edu.br\/pibidfisica\/files\/2015\/11\/COSMOLOGIA-DOS-POVOS-ANTIGOS.pdf\" target=\"_blank\" rel=\"noopener noreferrer\">Cosmologia dos povos antigos<\/a><\/li>\n<li><span style=\"color: #000000;\">Hist\u00f3ria da F\u00edsica &#8211; Mec\u00e2nica:<\/span><\/li>\n<li style=\"list-style-type: none;\">\n<ul>\n<li><a href=\"https:\/\/wp.ufpel.edu.br\/pibidfisica\/files\/2015\/11\/01-aristoteles.pdf\" target=\"_blank\" rel=\"noopener noreferrer\">Arist\u00f3teles<\/a><\/li>\n<li><a style=\"text-align: justify; font-family: var(--fonte-corpo);\" href=\"https:\/\/wp.ufpel.edu.br\/pibidfisica\/files\/2015\/11\/fisica-pos-aristoteles-e-idade-media.pdf\" target=\"_blank\" rel=\"noopener noreferrer\">De Hiparco (130 a.C.) at\u00e9 a Idade M\u00e9dia<\/a><\/li>\n<\/ul>\n<\/li>\n<li>Galileu Galilei &#8211; um cientista e v\u00e1rias vers\u00f5es [CCEF, vol 5, 36-48, jun\/1988]:<\/li>\n<li style=\"list-style-type: none;\">\n<ul>\n<li>G1: <a href=\"https:\/\/wp.ufpel.edu.br\/pibidfisica\/files\/2015\/11\/galileu-O-manipulador-de-ideias-G1.pdf\" target=\"_blank\" rel=\"noopener noreferrer\">O manipulador de ideias<\/a><\/li>\n<li>G2: <a style=\"text-align: justify; font-family: var(--fonte-corpo);\" href=\"https:\/\/wp.ufpel.edu.br\/pibidfisica\/files\/2015\/11\/galileu-o-platonista-G2.pdf\" target=\"_blank\" rel=\"noopener noreferrer\">O platonista<\/a><\/li>\n<li>G3: <a style=\"text-align: justify; font-family: var(--fonte-corpo);\" href=\"https:\/\/wp.ufpel.edu.br\/pibidfisica\/files\/2015\/11\/galileu-o-herdeiro-da-fisica-medieval-G3.pdf\" target=\"_blank\" rel=\"noopener noreferrer\">O herdeiro da F\u00edsica medieval<\/a><\/li>\n<\/ul>\n<\/li>\n<\/ul>\n","protected":false},"excerpt":{"rendered":"<p>Uma atividade que \u00e9 sempre proposta nas edi\u00e7\u00f5es do subprojeto PIBID-F\u00edsica \u00e9 a apresenta\u00e7\u00e3o de semin\u00e1rios pelos pibidianos, supervisores e coordenadores. Estes semin\u00e1rios em geral s\u00e3o apresentados nas reuni\u00f5es de forma\u00e7\u00e3o e acompanhemtno do projeto na UFPel. Abaixo apresentamos alguns dos semin\u00e1rios que foram apresentados ao longo dos \u00faltimos anos. Semin\u00e1rios 2022-2024 Temas livres: O [&hellip;]<\/p>\n","protected":false},"author":457,"featured_media":0,"parent":1108,"menu_order":3,"comment_status":"closed","ping_status":"closed","template":"","meta":{"footnotes":""},"class_list":["post-443","page","type-page","status-publish","hentry"],"_links":{"self":[{"href":"https:\/\/wp.ufpel.edu.br\/pibidfisica\/wp-json\/wp\/v2\/pages\/443","targetHints":{"allow":["GET"]}}],"collection":[{"href":"https:\/\/wp.ufpel.edu.br\/pibidfisica\/wp-json\/wp\/v2\/pages"}],"about":[{"href":"https:\/\/wp.ufpel.edu.br\/pibidfisica\/wp-json\/wp\/v2\/types\/page"}],"author":[{"embeddable":true,"href":"https:\/\/wp.ufpel.edu.br\/pibidfisica\/wp-json\/wp\/v2\/users\/457"}],"replies":[{"embeddable":true,"href":"https:\/\/wp.ufpel.edu.br\/pibidfisica\/wp-json\/wp\/v2\/comments?post=443"}],"version-history":[{"count":44,"href":"https:\/\/wp.ufpel.edu.br\/pibidfisica\/wp-json\/wp\/v2\/pages\/443\/revisions"}],"predecessor-version":[{"id":1145,"href":"https:\/\/wp.ufpel.edu.br\/pibidfisica\/wp-json\/wp\/v2\/pages\/443\/revisions\/1145"}],"up":[{"embeddable":true,"href":"https:\/\/wp.ufpel.edu.br\/pibidfisica\/wp-json\/wp\/v2\/pages\/1108"}],"wp:attachment":[{"href":"https:\/\/wp.ufpel.edu.br\/pibidfisica\/wp-json\/wp\/v2\/media?parent=443"}],"curies":[{"name":"wp","href":"https:\/\/api.w.org\/{rel}","templated":true}]}}