{"id":1125,"date":"2024-05-29T22:37:12","date_gmt":"2024-05-30T01:37:12","guid":{"rendered":"https:\/\/wp.ufpel.edu.br\/pibidfisica\/?page_id=1125"},"modified":"2024-05-31T17:48:43","modified_gmt":"2024-05-31T20:48:43","slug":"divulgacao","status":"publish","type":"page","link":"https:\/\/wp.ufpel.edu.br\/pibidfisica\/divulgacao\/","title":{"rendered":"Divulga\u00e7\u00e3o"},"content":{"rendered":"<p>O PIBID-F\u00edsica ao longo dos anos tem se preocupado em divulgar suas a\u00e7\u00f5es e o Curso de Licenciatura em F\u00edsica da UFPel. Esta divulga\u00e7\u00e3o \u00e9 feita n\u00e3o s\u00f3 nos espa\u00e7os da UFPel, mas principalmente nas escolas atendidas pelo projeto e para a comunidade externa \u00e0 UFPel.<\/p>\n<p>Fazemos a divulga\u00e7\u00e3o das atividades e a\u00e7\u00f5es em eventos na UFPel como semanas acad\u00eamicas, recep\u00e7\u00e3o de calouros, mostras de cursos, dentre outros. Procuramos tamb\u00e9m procura visitar as escolas da regi\u00e3o de Pelotas, divulgando as a\u00e7\u00f5es do projeto, assim como participar em eventos de divulga\u00e7\u00e3o e da \u00e1rea de educa\u00e7\u00e3o.<\/p>\n<p>O projeto mant\u00e9m uma conta na rede social de compartilhamento <strong>Instagram<\/strong>, onde publica fotos e v\u00eddeos da atua\u00e7\u00e3o no n\u00facleo de inicia\u00e7\u00e3o \u00e0 doc\u00eancia. Convidamos voc\u00ea a nos seguir no Instagram (<strong>@pibidfisicaufpel<\/strong>).<\/p>\n<h3>Eventos de divulga\u00e7\u00e3o<\/h3>\n<ul>\n<li><a href=\"https:\/\/wp.ufpel.edu.br\/pibidfisica\/2013\/05\/10\/ufpel-da-inicio-ao-semestre-e-pibid-fisica-e-destaque-na-calouradacalourada-da-inicio-ao-semestre-letivo-na-ufpel\/\">Calourada UFPel 2013<\/a><\/li>\n<\/ul>\n","protected":false},"excerpt":{"rendered":"<p>O PIBID-F\u00edsica ao longo dos anos tem se preocupado em divulgar suas a\u00e7\u00f5es e o Curso de Licenciatura em F\u00edsica da UFPel. Esta divulga\u00e7\u00e3o \u00e9 feita n\u00e3o s\u00f3 nos espa\u00e7os da UFPel, mas principalmente nas escolas atendidas pelo projeto e para a comunidade externa \u00e0 UFPel. Fazemos a divulga\u00e7\u00e3o das atividades e a\u00e7\u00f5es em eventos [&hellip;]<\/p>\n","protected":false},"author":803,"featured_media":0,"parent":0,"menu_order":5,"comment_status":"closed","ping_status":"closed","template":"","meta":{"footnotes":""},"class_list":["post-1125","page","type-page","status-publish","hentry"],"_links":{"self":[{"href":"https:\/\/wp.ufpel.edu.br\/pibidfisica\/wp-json\/wp\/v2\/pages\/1125","targetHints":{"allow":["GET"]}}],"collection":[{"href":"https:\/\/wp.ufpel.edu.br\/pibidfisica\/wp-json\/wp\/v2\/pages"}],"about":[{"href":"https:\/\/wp.ufpel.edu.br\/pibidfisica\/wp-json\/wp\/v2\/types\/page"}],"author":[{"embeddable":true,"href":"https:\/\/wp.ufpel.edu.br\/pibidfisica\/wp-json\/wp\/v2\/users\/803"}],"replies":[{"embeddable":true,"href":"https:\/\/wp.ufpel.edu.br\/pibidfisica\/wp-json\/wp\/v2\/comments?post=1125"}],"version-history":[{"count":5,"href":"https:\/\/wp.ufpel.edu.br\/pibidfisica\/wp-json\/wp\/v2\/pages\/1125\/revisions"}],"predecessor-version":[{"id":1159,"href":"https:\/\/wp.ufpel.edu.br\/pibidfisica\/wp-json\/wp\/v2\/pages\/1125\/revisions\/1159"}],"wp:attachment":[{"href":"https:\/\/wp.ufpel.edu.br\/pibidfisica\/wp-json\/wp\/v2\/media?parent=1125"}],"curies":[{"name":"wp","href":"https:\/\/api.w.org\/{rel}","templated":true}]}}