{"id":171,"date":"2020-11-01T22:33:22","date_gmt":"2020-11-02T01:33:22","guid":{"rendered":"https:\/\/wp.ufpel.edu.br\/pianolab\/?page_id=171"},"modified":"2022-02-08T13:34:36","modified_gmt":"2022-02-08T16:34:36","slug":"pdman","status":"publish","type":"page","link":"https:\/\/wp.ufpel.edu.br\/pianolab\/pdman\/","title":{"rendered":"Programa de Mobilidade Acad\u00eamica Nacional"},"content":{"rendered":"<p style=\"text-align: center\"><strong>Programa de Mobilidade Acad\u00eamica Nacional<\/strong><\/p>\n<p style=\"text-align: justify\">Como aluno(a) da UFPEL, voc\u00ea poder\u00e1 cursar 1 ano de atividades de gradua\u00e7\u00e3o em outra institui\u00e7\u00e3o de ensino superior, vinculada ao programa ANDIFES.<\/p>\n<p style=\"text-align: justify\">Sendo aluno(a) de outra institui\u00e7\u00e3o de ensino superior, poder\u00e1 cursar um ano de seus estudos na UFPEL.<\/p>\n<p style=\"text-align: justify\">O setor da UFPEL respons\u00e1vel pelo <em>Programa de Mobilidade Acad\u00eamica Nacional<\/em> \u00e9 o <em>N\u00facleo de Programas e Projetos<\/em> (NUPROP\/CEC\/PRE). Click <a href=\"https:\/\/wp.ufpel.edu.br\/cec\/mobilidade-academica\/\" target=\"_blank\" rel=\"noopener noreferrer\">aqui<\/a> para obter mais informa\u00e7\u00f5es, incluindo a lista de universidades conveniadas.<\/p>\n","protected":false},"excerpt":{"rendered":"<p>Programa de Mobilidade Acad\u00eamica Nacional Como aluno(a) da UFPEL, voc\u00ea poder\u00e1 cursar 1 ano de atividades de gradua\u00e7\u00e3o em outra institui\u00e7\u00e3o de ensino superior, vinculada ao programa ANDIFES. Sendo aluno(a) de outra institui\u00e7\u00e3o de ensino superior, poder\u00e1 cursar um ano de seus estudos na UFPEL. O setor da UFPEL respons\u00e1vel pelo Programa de Mobilidade Acad\u00eamica &hellip; <\/p>\n<p class=\"link-more\"><a href=\"https:\/\/wp.ufpel.edu.br\/pianolab\/pdman\/\" class=\"more-link\">Continue lendo<span class=\"screen-reader-text\"> &#8220;Programa de Mobilidade Acad\u00eamica Nacional&#8221;<\/span><\/a><\/p>\n","protected":false},"author":1093,"featured_media":0,"parent":0,"menu_order":0,"comment_status":"closed","ping_status":"closed","template":"","meta":{"footnotes":""},"class_list":["post-171","page","type-page","status-publish","hentry"],"jetpack-related-posts":[],"jetpack_sharing_enabled":true,"_links":{"self":[{"href":"https:\/\/wp.ufpel.edu.br\/pianolab\/wp-json\/wp\/v2\/pages\/171","targetHints":{"allow":["GET"]}}],"collection":[{"href":"https:\/\/wp.ufpel.edu.br\/pianolab\/wp-json\/wp\/v2\/pages"}],"about":[{"href":"https:\/\/wp.ufpel.edu.br\/pianolab\/wp-json\/wp\/v2\/types\/page"}],"author":[{"embeddable":true,"href":"https:\/\/wp.ufpel.edu.br\/pianolab\/wp-json\/wp\/v2\/users\/1093"}],"replies":[{"embeddable":true,"href":"https:\/\/wp.ufpel.edu.br\/pianolab\/wp-json\/wp\/v2\/comments?post=171"}],"version-history":[{"count":27,"href":"https:\/\/wp.ufpel.edu.br\/pianolab\/wp-json\/wp\/v2\/pages\/171\/revisions"}],"predecessor-version":[{"id":996,"href":"https:\/\/wp.ufpel.edu.br\/pianolab\/wp-json\/wp\/v2\/pages\/171\/revisions\/996"}],"wp:attachment":[{"href":"https:\/\/wp.ufpel.edu.br\/pianolab\/wp-json\/wp\/v2\/media?parent=171"}],"curies":[{"name":"wp","href":"https:\/\/api.w.org\/{rel}","templated":true}]}}