{"id":96,"date":"2020-06-29T21:00:30","date_gmt":"2020-06-30T00:00:30","guid":{"rendered":"https:\/\/wp.ufpel.edu.br\/photographeinescola\/?page_id=96"},"modified":"2020-07-13T16:26:50","modified_gmt":"2020-07-13T19:26:50","slug":"2018-2","status":"publish","type":"page","link":"https:\/\/wp.ufpel.edu.br\/photographeinescola\/sobre\/edicoes-do-projeto\/2018-2\/","title":{"rendered":"2018"},"content":{"rendered":"<h3 class=\"post-title entry-title\"><a href=\"http:\/\/photographein-pesquisa.blogspot.com\/2018\/10\/fotografia-com-pipoca-apresenta-adeus.html\">FOTOGRAFIA COM PIPOCA APRESENTA ADEUS, LENIN!<\/a><\/h3>\n<p style=\"text-align: justify\">Na edi\u00e7\u00e3o do dia 03 de outubro de 2018, aconteceu mais uma sess\u00e3o do Fotografia com Pipoca. Exibimos o filme &#8220;Adeus, Lenin!&#8221;, dirigido por Wolfgang Becker. O longa foi debatido pela Professora Dra. Helene Sacco do Centro de Artes\/UFPel. O debate rendeu uma roda de conversas muito produtiva, trazendo quest\u00f5es relativas \u00e0 mem\u00f3ria e ao apagamento da hist\u00f3ria.<\/p>\n<p><img class=\"alignnone size-medium wp-image-291\" src=\"https:\/\/wp.ufpel.edu.br\/photographeinescola\/files\/2020\/07\/42980322_1385164121618747_1663627888156475392_n-283x400.jpg\" alt=\"\" width=\"283\" height=\"400\" srcset=\"https:\/\/wp.ufpel.edu.br\/photographeinescola\/files\/2020\/07\/42980322_1385164121618747_1663627888156475392_n-283x400.jpg 283w, https:\/\/wp.ufpel.edu.br\/photographeinescola\/files\/2020\/07\/42980322_1385164121618747_1663627888156475392_n.jpg 679w\" sizes=\"(max-width: 283px) 100vw, 283px\" \/><\/p>\n<p>&nbsp;<\/p>\n<h3 class=\"post-title entry-title\"><a href=\"http:\/\/photographein-pesquisa.blogspot.com\/2018\/11\/ninhos-conchas-e-outras-redondices.html\">NINHOS, CONCHAS E OUTRAS REDONDICES: COLETIVA FOTOGR\u00c1FICA<\/a><\/h3>\n<p style=\"font-weight: 400\">Durante os dias 15 a 30 de outubro de 2018, aconteceu a coletiva fotogr\u00e1fica intitulada\u00a0<strong>Ninhos, Conchas e outras redondices<\/strong>, no recolhimento \u00edntimo do por\u00e3o da Bibliotheca P\u00fablica Pelotense. Enquanto artistas\/pesquisadores do PhotoGraphein \u2013 N\u00facleo de Pesquisa em Fotografia e Educa\u00e7\u00e3o (UFPel\/CNPq), nos propusemos a compartilhar com os ventos da mem\u00f3ria que ali habitam, percep\u00e7\u00f5es acerca do espa\u00e7o.<\/p>\n<p><img class=\"size-medium wp-image-292 aligncenter\" src=\"https:\/\/wp.ufpel.edu.br\/photographeinescola\/files\/2020\/07\/nichos-283x400.png\" alt=\"\" width=\"283\" height=\"400\" srcset=\"https:\/\/wp.ufpel.edu.br\/photographeinescola\/files\/2020\/07\/nichos-283x400.png 283w, https:\/\/wp.ufpel.edu.br\/photographeinescola\/files\/2020\/07\/nichos.png 679w\" sizes=\"(max-width: 283px) 100vw, 283px\" \/><\/p>\n<p style=\"text-align: center\">Cartaz da exposi\u00e7\u00e3o por Guilherme Susin Sirtoli.<\/p>\n<p style=\"font-weight: 400\">Foi num ambiente de intimidade on\u00edrica com o passado que distribu\u00edmos as moradas sonhadas por cada um, seguindo as indica\u00e7\u00f5es do fil\u00f3sofo franc\u00eas Gaston Bachelard \u00e0 partir da leitura de sua obra intitulada \u201cA Po\u00e9tica do Espa\u00e7o\u201d, na qual o grupo se prop\u00f4s a refletir sobre quest\u00f5es do \u00e2mbito do devaneio po\u00e9tico. Dessa forma, buscando recolher cacos do real, reordenamos os mesmos segundo os ditames de nossos imagin\u00e1rios. Os resultados deste estudo, vinculado ao projeto de pesquisa &#8220;Do P\u00edncel ao Pixel \u2013 Sobre as (RE)apresenta\u00e7\u00f5es de Sujeitos Mundo em Imagens&#8221; (UFPel\/CNPq), foram transformados em exposi\u00e7\u00e3o contendo 8 fotografias, uma de cada integrante do grupo, impressas sobre diferentes suportes.<\/p>\n<p style=\"font-weight: 400\">Fotografias de: Avani Souza, Cl\u00e1udia Brand\u00e3o, Dhara Carrara, Guilherme Sirtoli, Helena Dorneles, \u00cdtalo Franco, Tatiana Brand\u00e3o e Vanessa Dias.<\/p>\n<p>&nbsp;<\/p>\n<p><img class=\"alignnone size-medium wp-image-293\" src=\"https:\/\/wp.ufpel.edu.br\/photographeinescola\/files\/2020\/07\/FOTO1-400x210.png\" alt=\"\" width=\"400\" height=\"210\" srcset=\"https:\/\/wp.ufpel.edu.br\/photographeinescola\/files\/2020\/07\/FOTO1-400x210.png 400w, https:\/\/wp.ufpel.edu.br\/photographeinescola\/files\/2020\/07\/FOTO1.png 540w\" sizes=\"(max-width: 400px) 100vw, 400px\" \/> <img class=\"alignnone size-medium wp-image-294\" src=\"https:\/\/wp.ufpel.edu.br\/photographeinescola\/files\/2020\/07\/foto3-400x300.jpg\" alt=\"\" width=\"400\" height=\"300\" srcset=\"https:\/\/wp.ufpel.edu.br\/photographeinescola\/files\/2020\/07\/foto3-400x300.jpg 400w, https:\/\/wp.ufpel.edu.br\/photographeinescola\/files\/2020\/07\/foto3.jpg 640w\" sizes=\"(max-width: 400px) 100vw, 400px\" \/> <img class=\"alignnone size-medium wp-image-295\" src=\"https:\/\/wp.ufpel.edu.br\/photographeinescola\/files\/2020\/07\/foto5-400x300.jpg\" alt=\"\" width=\"400\" height=\"300\" srcset=\"https:\/\/wp.ufpel.edu.br\/photographeinescola\/files\/2020\/07\/foto5-400x300.jpg 400w, https:\/\/wp.ufpel.edu.br\/photographeinescola\/files\/2020\/07\/foto5.jpg 640w\" sizes=\"(max-width: 400px) 100vw, 400px\" \/><\/p>\n<p>&nbsp;<\/p>\n<h3 class=\"post-title entry-title\"><a href=\"http:\/\/photographein-pesquisa.blogspot.com\/2018\/11\/photographein-participa-da-4-semana.html\">PHOTOGRAPHEIN PARTICIPA DA 4\u00b0 SEMANA INTEGRADA UFPEL<\/a><\/h3>\n<p><img class=\"alignnone size-medium wp-image-296\" src=\"https:\/\/wp.ufpel.edu.br\/photographeinescola\/files\/2020\/07\/photographein1-400x58.png\" alt=\"\" width=\"400\" height=\"58\" srcset=\"https:\/\/wp.ufpel.edu.br\/photographeinescola\/files\/2020\/07\/photographein1-400x58.png 400w, https:\/\/wp.ufpel.edu.br\/photographeinescola\/files\/2020\/07\/photographein1-1024x147.png 1024w, https:\/\/wp.ufpel.edu.br\/photographeinescola\/files\/2020\/07\/photographein1-768x110.png 768w, https:\/\/wp.ufpel.edu.br\/photographeinescola\/files\/2020\/07\/photographein1-1536x221.png 1536w, https:\/\/wp.ufpel.edu.br\/photographeinescola\/files\/2020\/07\/photographein1.png 1600w\" sizes=\"(max-width: 400px) 100vw, 400px\" \/><\/p>\n<p style=\"font-weight: 400;text-align: justify\">Entre os dias 22 a 26 de outubro de 2018, ocorreu na Universidade Federal de Pelotas a quarta edi\u00e7\u00e3o da Semana Integrada de Inova\u00e7\u00e3o, Ensino, Pesquisa e Extens\u00e3o, quando foram apresentadas as pesquisas fomentadas no PhotoGraphein &#8211; N\u00facleo de Pesquisa em Fotografia e Educa\u00e7\u00e3o (UFPel\/CNPq), orientadas pela professora e coordenadora do grupo Cl\u00e1udia Mariza Mattos Brand\u00e3o.<\/p>\n<p style=\"font-weight: 400;text-align: justify\">Os acad\u00eamicos Guilherme Susin Sirtoli e Vanessa Cristina Dias apresentaram no Congresso de Inicia\u00e7\u00e3o Cient\u00edfica (CIC) as seguintes pesquisas, respectivamente:\u00a0<strong>Do Pincel ao P\u00edxel: Sobre as (Re)apresenta\u00e7\u00f5es de Sujeitos\/Mundo em Imagens<\/strong>, abordando resultados parciais do projeto de pesquisa desenvolvido no \u00e2mbito do PhotoGraphein \u2013 N\u00facleo de Pesquisa em Fotografia e Educa\u00e7\u00e3o (UFPel\/CNPq) sobre a significa\u00e7\u00e3o do manancial imag\u00e9tico produzido atrav\u00e9s dos novos aparatos;\u00a0<strong>Mulheres e suas Representa\u00e7\u00f5es no \u00e2mbito das Artes Visuais<\/strong>, discutindo sobre o poder do er\u00f3tico como uma for\u00e7a vital norteadora para mulheres e \u00e0 imagem feminina atrav\u00e9s de produ\u00e7\u00f5es contempor\u00e2neas de duas artistas fot\u00f3grafas, Nan Goldin e Francesca Woodman.<\/p>\n<p><img class=\"alignnone size-medium wp-image-297\" src=\"https:\/\/wp.ufpel.edu.br\/photographeinescola\/files\/2020\/07\/gui1-400x242.png\" alt=\"\" width=\"400\" height=\"242\" srcset=\"https:\/\/wp.ufpel.edu.br\/photographeinescola\/files\/2020\/07\/gui1-400x242.png 400w, https:\/\/wp.ufpel.edu.br\/photographeinescola\/files\/2020\/07\/gui1-768x465.png 768w, https:\/\/wp.ufpel.edu.br\/photographeinescola\/files\/2020\/07\/gui1.png 923w\" sizes=\"(max-width: 400px) 100vw, 400px\" \/> <img class=\"alignnone size-medium wp-image-298\" src=\"https:\/\/wp.ufpel.edu.br\/photographeinescola\/files\/2020\/07\/gui2-400x231.png\" alt=\"\" width=\"400\" height=\"231\" srcset=\"https:\/\/wp.ufpel.edu.br\/photographeinescola\/files\/2020\/07\/gui2-400x231.png 400w, https:\/\/wp.ufpel.edu.br\/photographeinescola\/files\/2020\/07\/gui2.png 628w\" sizes=\"(max-width: 400px) 100vw, 400px\" \/><\/p>\n<p>&nbsp;<\/p>\n<h3 class=\"post-title entry-title\"><a href=\"http:\/\/photographein-pesquisa.blogspot.com\/2018\/11\/mesa-redonda-go-west-imigrantes-que.html\">Mesa Redonda GO WEST: Imigrantes que transformaram Hollywood<\/a><\/h3>\n<div>No dia 13\/11\/2018 aconteceu a mesa redonda intitulada\u00a0<b>GO WEST: Imigrantes que transformaram Hollywood<\/b>, \u00e0s 15h30min, no audit\u00f3rio da Faculdade de Arquitetura e teve como objetivo discutir as influ\u00eancias externas ao contexto estadunidense no cinema hollywoodiano, da primeira metade do s\u00e9culo XX. A mesa foi mediada pela coordenadora do PhotoGraphein, Cl\u00e1udia Brand\u00e3o e debatida por: Tatiana Brand\u00e3o (PUCRS) e Jes\u00fas P\u00e9rez Garcia (FURG).<\/div>\n<div><\/div>\n<table class=\"tr-caption-container\" style=\"height: 536px\" width=\"380\" cellspacing=\"0\" cellpadding=\"0\" align=\"center\">\n<tbody>\n<tr>\n<td style=\"width: 376px\"><a href=\"https:\/\/2.bp.blogspot.com\/-mnZgkIZ-_ww\/W_34-uHU4rI\/AAAAAAAABSA\/e2Fwr4c6JjI_0IXH8RMc4hDmrVOoRkiOQCLcBGAs\/s1600\/GO-WEST-cartaz.png\"><img src=\"https:\/\/2.bp.blogspot.com\/-mnZgkIZ-_ww\/W_34-uHU4rI\/AAAAAAAABSA\/e2Fwr4c6JjI_0IXH8RMc4hDmrVOoRkiOQCLcBGAs\/s640\/GO-WEST-cartaz.png\" width=\"602\" height=\"640\" border=\"0\" data-original-height=\"1600\" data-original-width=\"1506\" \/><\/a><\/td>\n<\/tr>\n<\/tbody>\n<\/table>\n<p>Os debatedores:<\/p>\n<div>\n<p><b>Tatiana Brand\u00e3o<\/b>, graduada em Hist\u00f3ria \u2013 Bacharelado (FURG), Mestre em Literatura (PPGL, UFSC), Doutoranda em Hist\u00f3ria (PUC-RS), e pesquisadora do PhotoGraphein \u2013 N\u00facleo de Pesquisa em Fotografia e Educa\u00e7\u00e3o (UFPel\/CNPq). Em suas produ\u00e7\u00f5es privilegia os temas: Hist\u00f3ria, Teorias Feministas e Cinema.<\/p>\n<p><b>Jes\u00fas P\u00e9rez Garcia<\/b>, graduado em Hist\u00f3ria da Arte e Filosofia (Universidad de Murcia, Espanha), Mestre em Direcci\u00f3n y Gesti\u00f3n de Recursos Hist\u00f3rico-culturales (Universidad de Murcia, Espanha), Doutorando em Hist\u00f3ria da Literatura (FURG), bolsista CAPES. Principais campos de atua\u00e7\u00e3o: Hist\u00f3ria da Literatura, Hist\u00f3ria do Cinema e Artes Audiovisuais.<br \/>\n<img class=\"\" src=\"https:\/\/3.bp.blogspot.com\/-ybjbZD0KHSI\/W_6lygB6fgI\/AAAAAAAABSg\/B7U9Qi79zPQ4vFw6kGHTHVtLCPQkZ8HCACEwYBhgL\/s1600\/1.jpg\" width=\"375\" height=\"281\" \/><\/p>\n<\/div>\n<div><img class=\"\" src=\"https:\/\/2.bp.blogspot.com\/-GYDpG2sL4co\/W_6l3a5aM8I\/AAAAAAAABTM\/KFNR7GuRmx81WiQyr--AqFNOL7RcX5sewCEwYBhgL\/s1600\/2.jpg\" width=\"401\" height=\"301\" \/><\/div>\n<div><\/div>\n<div>\n<h3 class=\"post-title entry-title\"><a href=\"http:\/\/photographein-pesquisa.blogspot.com\/2018\/11\/fotografia-com-pipoca-apresenta.html\">Fotografia com Pipoca apresenta: Halloween (1978)<\/a><\/h3>\n<div style=\"text-align: justify\">No m\u00eas de novembro teve mais uma sess\u00e3o do Fotografia com Pipoca, no dia 21, exibimos o filme &#8220;Halloween&#8221;, dirigido por John Carpenter. O longa foi debatido pela Professor Dr. Raphael de Boer formado pela University of London. O debate rendeu uma roda de conversas muito produtiva, trazendo quest\u00f5es relativas ao g\u00eanero de filmes horror\/slasher, aos poss\u00edveis olhares masculinos e femininos sobre os personagens para al\u00e9m do filme apresentado.<\/div>\n<div><\/div>\n<div><\/div>\n<div class=\"separator\"><a href=\"https:\/\/4.bp.blogspot.com\/-qYZgZ7djc2I\/W_38v8XBltI\/AAAAAAAABSM\/7uqhyzGL9QALbOdm4UATRxPfFLWJ3wKUwCLcBGAs\/s1600\/foto2.jpg\"><img src=\"https:\/\/4.bp.blogspot.com\/-qYZgZ7djc2I\/W_38v8XBltI\/AAAAAAAABSM\/7uqhyzGL9QALbOdm4UATRxPfFLWJ3wKUwCLcBGAs\/s640\/foto2.jpg\" width=\"452\" height=\"640\" border=\"0\" data-original-height=\"1600\" data-original-width=\"1132\" \/><\/a><\/div>\n<div><img class=\"\" src=\"https:\/\/1.bp.blogspot.com\/-VZD0smTUfqA\/W_6rA7j3aXI\/AAAAAAAABUw\/mnpzyBWu_swUXgfYxkxVj7bUKKs2K8y7ACLcBGAs\/s1600\/46831360_1325963120879886_6970776627722584064_n.jpg\" width=\"411\" height=\"308\" \/><img class=\"\" src=\"https:\/\/1.bp.blogspot.com\/-eERVIgW_Y-4\/W_38wa4tKiI\/AAAAAAAABSQ\/FSkAR2WfGkA5qbJf_Xgh4sRBxpuoCbcYQCLcBGAs\/s1600\/foto1.jpg\" width=\"411\" height=\"309\" \/><\/div>\n<\/div>\n<div><\/div>\n<div><\/div>\n<div>\n<h3 class=\"post-title entry-title\"><a href=\"http:\/\/photographein-pesquisa.blogspot.com\/2018\/11\/o-photographein-convida-i-encontro-do.html\">O PhotoGraphein convida: I Encontro &#8220;Do Pincel ao P\u00edxel: Imagens em Debate&#8221; &#8211; 5 e 6 de dezembro<\/a><\/h3>\n<div>O PhotoGraphein \u2013 N\u00facleo de Pesquisa em Fotografia e Educa\u00e7\u00e3o (UFPel\/CNPq) teve o prazer de convidar para o 1\u00ba Encontro \u201cDo Pincel ao Pixel: Imagens em Debate\u201d. O encontro resultou das atividades de pesquisas desenvolvidas no \u00e2mbito do n\u00facleo e aconteceu nos dias 5 e 6 de dezembro no Centro de Artes da Universidade Federal de Pelotas (UFPel).<\/div>\n<div><\/div>\n<div class=\"separator\"><a href=\"https:\/\/4.bp.blogspot.com\/-8zWkGiDPtcA\/W_6pTtKkQaI\/AAAAAAAABUk\/Lo7-tfS6kv4RGdSPH2tnqjcwkIR2Te7FgCLcBGAs\/s1600\/cartaz-evento-pincel-ao-pixel-final.png\"><img src=\"https:\/\/4.bp.blogspot.com\/-8zWkGiDPtcA\/W_6pTtKkQaI\/AAAAAAAABUk\/Lo7-tfS6kv4RGdSPH2tnqjcwkIR2Te7FgCLcBGAs\/s640\/cartaz-evento-pincel-ao-pixel-final.png\" width=\"452\" height=\"640\" border=\"0\" data-original-height=\"1600\" data-original-width=\"1132\" \/><\/a><\/div>\n<\/div>\n<div><\/div>\n<div><\/div>\n<div>\n<h3 class=\"post-title entry-title\"><a href=\"http:\/\/photographein-pesquisa.blogspot.com\/2018\/12\/photographein-vai-escola-em-2018.html\">PhotoGraphein vai \u00e0 Escola em 2018: Quest\u00f5es acerca da Identidade<\/a><\/h3>\n<div class=\"post-header\">\n<div class=\"post-header-line-1\" style=\"text-align: justify\"><\/div>\n<\/div>\n<div id=\"post-body-3570566184021598695\" class=\"post-body entry-content\">\n<div style=\"text-align: justify\">Durante o segundo semestre de 2018, o projeto de extens\u00e3o \u201cPhotoGraphein vai \u00e0 Escola\u201d, vinculado ao PhotoGraphein &#8211; N\u00facleo de Pesquisa em Fotografia e Educa\u00e7\u00e3o (CNPq\/UFPel), realizou atividades acerca do tema &#8216;identidade&#8217;, em duas escolas da regi\u00e3o de Pelotas e Rio Grande. Uma das escolas \u00e9 a EMEF Joaquim Nabuco, localizada no bairro Areal, na cidade de Pelotas, cuja professora respons\u00e1vel pela turma \u00e9 Amanda Corr\u00eaa, e a outra \u00e9 a EMEF Pedro Carlos Peixoto Primo, situada na Quer\u00eancia, no Balne\u00e1rio Cassino, em Rio Grande, turma sob a responsabilidade da professora X\u00eania Velloso. Cabe destacar que ambas as professoras tamb\u00e9m s\u00e3o pesquisadoras do PhotoGraphein \u2013 N\u00facleo de Pesquisa em Fotografia e Educa\u00e7\u00e3o.<\/div>\n<div style=\"text-align: justify\"><\/div>\n<div style=\"text-align: justify\">Na EMEF Peixoto Primo, o bolsista do referido projeto Guilherme Sirtoli,\u00a0 trabalhou com uma turma de primeiro ano do ensino m\u00e9dio e na EMEF Joaquim Nabuco, com um nono ano. Para as atividades do ano de 2018, foram realizados quatro encontros em cada escola afim de refletir sobre quest\u00f5es acerca da rela\u00e7\u00e3o entre identidade\/artes visuais. Para tal, foram propostos para os alunos desenhos de observa\u00e7\u00e3o dos colegas, desenho de silhueta, autorretrato e por final, a produ\u00e7\u00e3o de um livro de artista.<\/div>\n<div>\n<div class=\"separator\"><a href=\"https:\/\/1.bp.blogspot.com\/-CxN4t5PZt9k\/XbIXF3SOnUI\/AAAAAAAABbU\/NNnD-UxBn-4zk1bn-8QdbEfmTv0KoBc1gCLcBGAsYHQ\/s1600\/IMG_8570.JPG\"><img class=\"\" src=\"https:\/\/1.bp.blogspot.com\/-CxN4t5PZt9k\/XbIXF3SOnUI\/AAAAAAAABbU\/NNnD-UxBn-4zk1bn-8QdbEfmTv0KoBc1gCLcBGAsYHQ\/s640\/IMG_8570.JPG\" width=\"329\" height=\"439\" border=\"0\" data-original-height=\"1600\" data-original-width=\"1200\" \/><\/a><\/div>\n<div class=\"separator\"><img class=\"\" src=\"https:\/\/1.bp.blogspot.com\/-GzMOM0LwWa8\/XbIXF5PcCRI\/AAAAAAAABbM\/z988YihItsk8VR4z03qwAOaSdMmJ5wW4wCLcBGAsYHQ\/s640\/IMG_8636.JPG\" width=\"322\" height=\"430\" \/><\/div>\n<\/div>\n<\/div>\n<\/div>\n<div><\/div>\n<div><\/div>\n<div><\/div>\n<div><\/div>\n","protected":false},"excerpt":{"rendered":"<p>FOTOGRAFIA COM PIPOCA APRESENTA ADEUS, LENIN! Na edi\u00e7\u00e3o do dia 03 de outubro de 2018, aconteceu mais uma sess\u00e3o do Fotografia com Pipoca. Exibimos o filme &#8220;Adeus, Lenin!&#8221;, dirigido por Wolfgang Becker. O longa foi debatido pela Professora Dra. Helene Sacco do Centro de Artes\/UFPel. O debate rendeu uma roda de conversas muito produtiva, trazendo [&hellip;]<\/p>\n","protected":false},"author":1026,"featured_media":0,"parent":75,"menu_order":0,"comment_status":"closed","ping_status":"closed","template":"","meta":{"footnotes":""},"class_list":["post-96","page","type-page","status-publish","hentry"],"_links":{"self":[{"href":"https:\/\/wp.ufpel.edu.br\/photographeinescola\/wp-json\/wp\/v2\/pages\/96","targetHints":{"allow":["GET"]}}],"collection":[{"href":"https:\/\/wp.ufpel.edu.br\/photographeinescola\/wp-json\/wp\/v2\/pages"}],"about":[{"href":"https:\/\/wp.ufpel.edu.br\/photographeinescola\/wp-json\/wp\/v2\/types\/page"}],"author":[{"embeddable":true,"href":"https:\/\/wp.ufpel.edu.br\/photographeinescola\/wp-json\/wp\/v2\/users\/1026"}],"replies":[{"embeddable":true,"href":"https:\/\/wp.ufpel.edu.br\/photographeinescola\/wp-json\/wp\/v2\/comments?post=96"}],"version-history":[{"count":5,"href":"https:\/\/wp.ufpel.edu.br\/photographeinescola\/wp-json\/wp\/v2\/pages\/96\/revisions"}],"predecessor-version":[{"id":301,"href":"https:\/\/wp.ufpel.edu.br\/photographeinescola\/wp-json\/wp\/v2\/pages\/96\/revisions\/301"}],"up":[{"embeddable":true,"href":"https:\/\/wp.ufpel.edu.br\/photographeinescola\/wp-json\/wp\/v2\/pages\/75"}],"wp:attachment":[{"href":"https:\/\/wp.ufpel.edu.br\/photographeinescola\/wp-json\/wp\/v2\/media?parent=96"}],"curies":[{"name":"wp","href":"https:\/\/api.w.org\/{rel}","templated":true}]}}