{"id":7048,"date":"2025-05-15T14:18:21","date_gmt":"2025-05-15T17:18:21","guid":{"rendered":"https:\/\/wp.ufpel.edu.br\/pgfisica\/?page_id=7048"},"modified":"2025-05-15T14:49:33","modified_gmt":"2025-05-15T17:49:33","slug":"lcc","status":"publish","type":"page","link":"https:\/\/wp.ufpel.edu.br\/pgfisica\/linhas-de-pesquisa\/lcc\/","title":{"rendered":"Laborat\u00f3rio de Computa\u00e7\u00e3o Cient\u00edfica"},"content":{"rendered":"<header class=\"entry-header\">\n<h1 class=\"entry-title\">Laborat\u00f3rio de Computa\u00e7\u00e3o Cient\u00edfica<\/h1>\n<\/header>\n<div class=\"entry-content\">Laborat\u00f3rio de Computa\u00e7\u00e3o Multiusu\u00e1rio dedicado \u00e0 c\u00e1lculos complexos de propriedades f\u00edsicas e da modelagem matem\u00e1tica da Natureza. Inclui grupos de pesquisa ligados aos Programas de P\u00f3s-Gradua\u00e7\u00e3o em F\u00edsica, em Modelagem Matem\u00e1tica e Metereologia da UFPel.<\/div>\n<div><\/div>\n<div><\/div>\n<div>\n<p class=\"western\">O laborat\u00f3rio \u00e9 composto por:<\/p>\n<ul>\n<li>Cluster com 96 n\u00facleos de processamento Intel Xeon X5650 2.66 GHz;<\/li>\n<li>Servidor Twin 4 com 192 GB RAM e 7 TB de armazenamento;<\/li>\n<li>Sistema de rede de alta velocidade com tecnologia bound;<\/li>\n<li>No-break de 3 KVA para prote\u00e7\u00e3o el\u00e9trica<\/li>\n<\/ul>\n<\/div>\n<div><strong><span style=\"color: #ff00ff;\">Informamos que o Cluster est\u00e1 em manuten\u00e7\u00e3o!<\/span><\/strong><\/div>\n<div>Coordenador Geral: Jos\u00e9 Rafael Bordin<\/div>\n<div><\/div>\n<div>\n<p>Regimento: <a href=\"https:\/\/wp.ufpel.edu.br\/pgfisica\/files\/2025\/05\/SEI_3068369_Regimento_Interno.pdf\">Regimento Interno LCC<\/a><\/p>\n<p>Para reservas: enviar e-mail para lcc@ufpel.edu.br<\/p>\n<\/div>\n","protected":false},"excerpt":{"rendered":"<p>Laborat\u00f3rio de Computa\u00e7\u00e3o Cient\u00edfica Laborat\u00f3rio de Computa\u00e7\u00e3o Multiusu\u00e1rio dedicado \u00e0 c\u00e1lculos complexos de propriedades f\u00edsicas e da modelagem matem\u00e1tica da Natureza. Inclui grupos de pesquisa ligados aos Programas de P\u00f3s-Gradua\u00e7\u00e3o em F\u00edsica, em Modelagem Matem\u00e1tica e Metereologia da UFPel. O laborat\u00f3rio \u00e9 composto por: Cluster com 96 n\u00facleos de processamento Intel Xeon X5650 2.66 GHz; &hellip; <a href=\"https:\/\/wp.ufpel.edu.br\/pgfisica\/linhas-de-pesquisa\/lcc\/\" class=\"more-link\">Continue lendo <span class=\"screen-reader-text\">Laborat\u00f3rio de Computa\u00e7\u00e3o Cient\u00edfica<\/span> <span class=\"meta-nav\">&rarr;<\/span><\/a><\/p>\n","protected":false},"author":220,"featured_media":0,"parent":855,"menu_order":0,"comment_status":"closed","ping_status":"closed","template":"","meta":{"jetpack_post_was_ever_published":false,"footnotes":""},"class_list":["post-7048","page","type-page","status-publish","hentry"],"jetpack_sharing_enabled":true,"jetpack_shortlink":"https:\/\/wp.me\/P94N8p-1PG","_links":{"self":[{"href":"https:\/\/wp.ufpel.edu.br\/pgfisica\/wp-json\/wp\/v2\/pages\/7048","targetHints":{"allow":["GET"]}}],"collection":[{"href":"https:\/\/wp.ufpel.edu.br\/pgfisica\/wp-json\/wp\/v2\/pages"}],"about":[{"href":"https:\/\/wp.ufpel.edu.br\/pgfisica\/wp-json\/wp\/v2\/types\/page"}],"author":[{"embeddable":true,"href":"https:\/\/wp.ufpel.edu.br\/pgfisica\/wp-json\/wp\/v2\/users\/220"}],"replies":[{"embeddable":true,"href":"https:\/\/wp.ufpel.edu.br\/pgfisica\/wp-json\/wp\/v2\/comments?post=7048"}],"version-history":[{"count":5,"href":"https:\/\/wp.ufpel.edu.br\/pgfisica\/wp-json\/wp\/v2\/pages\/7048\/revisions"}],"predecessor-version":[{"id":7055,"href":"https:\/\/wp.ufpel.edu.br\/pgfisica\/wp-json\/wp\/v2\/pages\/7048\/revisions\/7055"}],"up":[{"embeddable":true,"href":"https:\/\/wp.ufpel.edu.br\/pgfisica\/wp-json\/wp\/v2\/pages\/855"}],"wp:attachment":[{"href":"https:\/\/wp.ufpel.edu.br\/pgfisica\/wp-json\/wp\/v2\/media?parent=7048"}],"curies":[{"name":"wp","href":"https:\/\/api.w.org\/{rel}","templated":true}]}}