{"id":113,"date":"2025-03-09T13:30:58","date_gmt":"2025-03-09T16:30:58","guid":{"rendered":"https:\/\/wp.ufpel.edu.br\/petfronteiras\/?page_id=113"},"modified":"2026-04-02T18:07:03","modified_gmt":"2026-04-02T21:07:03","slug":"projetos","status":"publish","type":"page","link":"https:\/\/wp.ufpel.edu.br\/petfronteiras\/projetos\/","title":{"rendered":"Projetos"},"content":{"rendered":"<style>.kb-row-layout-id113_b0d26a-92 > .kt-row-column-wrap{align-content:start;}:where(.kb-row-layout-id113_b0d26a-92 > .kt-row-column-wrap) > .wp-block-kadence-column{justify-content:start;}.kb-row-layout-id113_b0d26a-92 > .kt-row-column-wrap{column-gap:var(--global-kb-gap-md, 2rem);row-gap:var(--global-kb-gap-md, 2rem);padding-top:var(--global-kb-spacing-sm, 1.5rem);padding-bottom:var(--global-kb-spacing-sm, 1.5rem);grid-template-columns:minmax(0, 1fr);}.kb-row-layout-id113_b0d26a-92 > .kt-row-layout-overlay{opacity:0.30;}@media all and (max-width: 1024px){.kb-row-layout-id113_b0d26a-92 > .kt-row-column-wrap{grid-template-columns:minmax(0, 1fr);}}@media all and (max-width: 767px){.kb-row-layout-id113_b0d26a-92 > .kt-row-column-wrap{grid-template-columns:minmax(0, 1fr);}}<\/style><div class=\"kb-row-layout-wrap kb-row-layout-id113_b0d26a-92 alignnone wp-block-kadence-rowlayout\"><div class=\"kt-row-column-wrap kt-has-1-columns kt-row-layout-equal kt-tab-layout-inherit kt-mobile-layout-row kt-row-valign-top\">\n<style>.kadence-column113_4b5f89-ab > .kt-inside-inner-col,.kadence-column113_4b5f89-ab > .kt-inside-inner-col:before{border-top-left-radius:0px;border-top-right-radius:0px;border-bottom-right-radius:0px;border-bottom-left-radius:0px;}.kadence-column113_4b5f89-ab > .kt-inside-inner-col{column-gap:var(--global-kb-gap-sm, 1rem);}.kadence-column113_4b5f89-ab > .kt-inside-inner-col{flex-direction:column;}.kadence-column113_4b5f89-ab > .kt-inside-inner-col > .aligncenter{width:100%;}.kadence-column113_4b5f89-ab > .kt-inside-inner-col:before{opacity:0.3;}.kadence-column113_4b5f89-ab{position:relative;}@media all and (max-width: 1024px){.kadence-column113_4b5f89-ab > .kt-inside-inner-col{flex-direction:column;justify-content:center;}}@media all and (max-width: 767px){.kadence-column113_4b5f89-ab > .kt-inside-inner-col{flex-direction:column;justify-content:center;}}<\/style>\n<div class=\"wp-block-kadence-column kadence-column113_4b5f89-ab\"><div class=\"kt-inside-inner-col\"><style>.kb-posts-id-113_2c201d-b9 .kb-post-list-item{display:grid;}<\/style><ul class=\"wp-block-kadence-posts kb-posts kadence-posts-list kb-posts-id-113_2c201d-b9 content-wrap grid-cols kb-posts-style-unboxed grid-sm-col-2 grid-lg-col-3 item-image-style-above\"><li class=\"kb-post-list-item\">\n\t<article class=\"entry content-bg loop-entry post-896 post type-post status-publish format-standard has-post-thumbnail hentry category-projetos post-with-thumbnail post-with-thumbnail-large\">\n\t\t\t\t<a aria-hidden=\"true\" tabindex=\"-1\" role=\"presentation\" class=\"post-thumbnail kadence-thumbnail-ratio-2-3\" href=\"https:\/\/wp.ufpel.edu.br\/petfronteiras\/2025\/08\/18\/acervo-mestra-grio-sirley-amaro-pesquisa\/\" aria-label=\"ACERVO MESTRA GRI\u00d4 SIRLEY AMARO\">\n\t\t\t<div class=\"post-thumbnail-inner\">\n\t\t\t\t<img loading=\"lazy\" decoding=\"async\" width=\"720\" height=\"480\" src=\"https:\/\/wp.ufpel.edu.br\/petfronteiras\/files\/2025\/08\/78052862_1147772042086060_4273922355681558528_o-768x512.jpg\" class=\"attachment-medium_large size-medium_large wp-post-image\" alt=\"ACERVO MESTRA GRI\u00d4 SIRLEY AMARO\" srcset=\"https:\/\/wp.ufpel.edu.br\/petfronteiras\/files\/2025\/08\/78052862_1147772042086060_4273922355681558528_o-768x512.jpg 768w, https:\/\/wp.ufpel.edu.br\/petfronteiras\/files\/2025\/08\/78052862_1147772042086060_4273922355681558528_o-400x267.jpg 400w, https:\/\/wp.ufpel.edu.br\/petfronteiras\/files\/2025\/08\/78052862_1147772042086060_4273922355681558528_o-272x182.jpg 272w, https:\/\/wp.ufpel.edu.br\/petfronteiras\/files\/2025\/08\/78052862_1147772042086060_4273922355681558528_o.jpg 960w\" sizes=\"auto, (max-width: 720px) 100vw, 720px\" \/>\t\t\t<\/div>\n\t\t<\/a><!-- .post-thumbnail -->\n\t\t\t\t<div class=\"entry-content-wrap\">\n\t\t\t<header class=\"entry-header\">\n\t\t<div class=\"entry-taxonomies\">\n\t\t<span class=\"category-links term-links category-style-normal\">\n\t\t\t<a href=\"https:\/\/wp.ufpel.edu.br\/petfronteiras\/category\/projetos\/\" rel=\"category tag\">Projetos<\/a>\t\t<\/span>\n\t<\/div><!-- .entry-taxonomies -->\n\t<h2 class=\"entry-title\"><a href=\"https:\/\/wp.ufpel.edu.br\/petfronteiras\/2025\/08\/18\/acervo-mestra-grio-sirley-amaro-pesquisa\/\" rel=\"bookmark\">ACERVO MESTRA GRI\u00d4 SIRLEY AMARO<\/a><\/h2><\/header><!-- .entry-header -->\n\t<div class=\"entry-summary\">\n\t\t<p>Buscamos contribuir com as reflex\u00f5es sobre sistematiza\u00e7\u00e3o, salvaguarda e preserva\u00e7\u00e3o dos elementos que comp\u00f5em o acervo particular da Mestra Gri\u00f4 Sirley Amaro. A Mestra foi reconhecida pela Universidade Federal de Pelotas como Doutora Honoris Causa em 2019, em raz\u00e3o de sua ampla contribui\u00e7\u00e3o no campo das Artes Populares.<\/p>\n\t<\/div><!-- .entry-summary -->\n\t<footer class=\"entry-footer\">\n\t<\/footer><!-- .entry-footer -->\t\t<\/div>\n\t<\/article>\n<\/li>\n<li class=\"kb-post-list-item\">\n\t<article class=\"entry content-bg loop-entry post-979 post type-post status-publish format-standard has-post-thumbnail hentry category-projetos post-with-thumbnail post-with-thumbnail-large\">\n\t\t\t\t<a aria-hidden=\"true\" tabindex=\"-1\" role=\"presentation\" class=\"post-thumbnail kadence-thumbnail-ratio-2-3\" href=\"https:\/\/wp.ufpel.edu.br\/petfronteiras\/2025\/08\/23\/biblioteca-virtual-mestres-cultura\/\" aria-label=\"BIBLIOTECA VIRTUAL MESTRES CULTURA\">\n\t\t\t<div class=\"post-thumbnail-inner\">\n\t\t\t\t<img loading=\"lazy\" decoding=\"async\" width=\"720\" height=\"720\" src=\"https:\/\/wp.ufpel.edu.br\/petfronteiras\/files\/2025\/08\/channels4_profile-768x768.jpg\" class=\"attachment-medium_large size-medium_large wp-post-image\" alt=\"BIBLIOTECA VIRTUAL MESTRES CULTURA\" srcset=\"https:\/\/wp.ufpel.edu.br\/petfronteiras\/files\/2025\/08\/channels4_profile-768x768.jpg 768w, https:\/\/wp.ufpel.edu.br\/petfronteiras\/files\/2025\/08\/channels4_profile-400x400.jpg 400w, https:\/\/wp.ufpel.edu.br\/petfronteiras\/files\/2025\/08\/channels4_profile-200x200.jpg 200w, https:\/\/wp.ufpel.edu.br\/petfronteiras\/files\/2025\/08\/channels4_profile.jpg 900w\" sizes=\"auto, (max-width: 720px) 100vw, 720px\" \/>\t\t\t<\/div>\n\t\t<\/a><!-- .post-thumbnail -->\n\t\t\t\t<div class=\"entry-content-wrap\">\n\t\t\t<header class=\"entry-header\">\n\t\t<div class=\"entry-taxonomies\">\n\t\t<span class=\"category-links term-links category-style-normal\">\n\t\t\t<a href=\"https:\/\/wp.ufpel.edu.br\/petfronteiras\/category\/projetos\/\" rel=\"category tag\">Projetos<\/a>\t\t<\/span>\n\t<\/div><!-- .entry-taxonomies -->\n\t<h2 class=\"entry-title\"><a href=\"https:\/\/wp.ufpel.edu.br\/petfronteiras\/2025\/08\/23\/biblioteca-virtual-mestres-cultura\/\" rel=\"bookmark\">BIBLIOTECA VIRTUAL MESTRES CULTURA<\/a><\/h2><\/header><!-- .entry-header -->\n\t<div class=\"entry-summary\">\n\t\t<p>Descri\u00e7\u00e3o\/Justificativa:A proposta visa criar uma biblioteca virtual que centralize e disponibilize amplamente os conte\u00fadosproduzidos por mestres da cultura, al\u00e9m de [&hellip;]<\/p>\n\t<\/div><!-- .entry-summary -->\n\t<footer class=\"entry-footer\">\n\t<\/footer><!-- .entry-footer -->\t\t<\/div>\n\t<\/article>\n<\/li>\n<li class=\"kb-post-list-item\">\n\t<article class=\"entry content-bg loop-entry post-892 post type-post status-publish format-standard has-post-thumbnail hentry category-projetos post-with-thumbnail post-with-thumbnail-large\">\n\t\t\t\t<a aria-hidden=\"true\" tabindex=\"-1\" role=\"presentation\" class=\"post-thumbnail kadence-thumbnail-ratio-2-3\" href=\"https:\/\/wp.ufpel.edu.br\/petfronteiras\/2025\/08\/18\/curso-aprendiz-de-mestre-e-mestras-da-cultura\/\" aria-label=\"CURSO APRENDIZ DE MESTRE E MESTRAS DA  CULTURA\">\n\t\t\t<div class=\"post-thumbnail-inner\">\n\t\t\t\t<img loading=\"lazy\" decoding=\"async\" width=\"720\" height=\"394\" src=\"https:\/\/wp.ufpel.edu.br\/petfronteiras\/files\/2025\/08\/464051245_3909295139317359_6227557958073749749_n-e1755024605453-768x420.jpg\" class=\"attachment-medium_large size-medium_large wp-post-image\" alt=\"CURSO APRENDIZ DE MESTRE E MESTRAS DA  CULTURA\" srcset=\"https:\/\/wp.ufpel.edu.br\/petfronteiras\/files\/2025\/08\/464051245_3909295139317359_6227557958073749749_n-e1755024605453-768x420.jpg 768w, https:\/\/wp.ufpel.edu.br\/petfronteiras\/files\/2025\/08\/464051245_3909295139317359_6227557958073749749_n-e1755024605453-400x219.jpg 400w, https:\/\/wp.ufpel.edu.br\/petfronteiras\/files\/2025\/08\/464051245_3909295139317359_6227557958073749749_n-e1755024605453-1024x559.jpg 1024w, https:\/\/wp.ufpel.edu.br\/petfronteiras\/files\/2025\/08\/464051245_3909295139317359_6227557958073749749_n-e1755024605453.jpg 1080w\" sizes=\"auto, (max-width: 720px) 100vw, 720px\" \/>\t\t\t<\/div>\n\t\t<\/a><!-- .post-thumbnail -->\n\t\t\t\t<div class=\"entry-content-wrap\">\n\t\t\t<header class=\"entry-header\">\n\t\t<div class=\"entry-taxonomies\">\n\t\t<span class=\"category-links term-links category-style-normal\">\n\t\t\t<a href=\"https:\/\/wp.ufpel.edu.br\/petfronteiras\/category\/projetos\/\" rel=\"category tag\">Projetos<\/a>\t\t<\/span>\n\t<\/div><!-- .entry-taxonomies -->\n\t<h2 class=\"entry-title\"><a href=\"https:\/\/wp.ufpel.edu.br\/petfronteiras\/2025\/08\/18\/curso-aprendiz-de-mestre-e-mestras-da-cultura\/\" rel=\"bookmark\">CURSO APRENDIZ DE MESTRE E MESTRAS DA  CULTURA<\/a><\/h2><\/header><!-- .entry-header -->\n\t<div class=\"entry-summary\">\n\t\t<p>Carga Hor\u00e1ria 200 Data In\u00edcio da Atividade Data Fim da Atividade 30\/01\/2025 Descri\u00e7\u00e3o\/Justificativa: 30\/12\/2025 A proposta visa a cria\u00e7\u00e3o de [&hellip;]<\/p>\n\t<\/div><!-- .entry-summary -->\n\t<footer class=\"entry-footer\">\n\t<\/footer><!-- .entry-footer -->\t\t<\/div>\n\t<\/article>\n<\/li>\n<li class=\"kb-post-list-item\">\n\t<article class=\"entry content-bg loop-entry post-965 post type-post status-publish format-standard hentry category-pesquisa category-projetos\">\n\t\t\t\t<div class=\"entry-content-wrap\">\n\t\t\t<header class=\"entry-header\">\n\t\t<div class=\"entry-taxonomies\">\n\t\t<span class=\"category-links term-links category-style-normal\">\n\t\t\t<a href=\"https:\/\/wp.ufpel.edu.br\/petfronteiras\/category\/projetos\/pesquisa\/\" rel=\"category tag\">Pesquisa<\/a> | <a href=\"https:\/\/wp.ufpel.edu.br\/petfronteiras\/category\/projetos\/\" rel=\"category tag\">Projetos<\/a>\t\t<\/span>\n\t<\/div><!-- .entry-taxonomies -->\n\t<h2 class=\"entry-title\"><a href=\"https:\/\/wp.ufpel.edu.br\/petfronteiras\/2025\/08\/23\/curso-aprendiz-de-mestre-e-mestras-da-cultura-2\/\" rel=\"bookmark\">CURSO APRENDIZ DE MESTRE E MESTRAS DA  CULTURA<\/a><\/h2><\/header><!-- .entry-header -->\n\t<div class=\"entry-summary\">\n\t\t<p>Descri\u00e7\u00e3o\/Justificativa: 30\/12\/2025 A proposta visa a cria\u00e7\u00e3o de um curso de forma\u00e7\u00e3o para estudantes que enfoca as pr\u00e1ticas de registro [&hellip;]<\/p>\n\t<\/div><!-- .entry-summary -->\n\t<footer class=\"entry-footer\">\n\t<\/footer><!-- .entry-footer -->\t\t<\/div>\n\t<\/article>\n<\/li>\n<li class=\"kb-post-list-item\">\n\t<article class=\"entry content-bg loop-entry post-888 post type-post status-publish format-standard hentry category-projetos\">\n\t\t\t\t<div class=\"entry-content-wrap\">\n\t\t\t<header class=\"entry-header\">\n\t\t<div class=\"entry-taxonomies\">\n\t\t<span class=\"category-links term-links category-style-normal\">\n\t\t\t<a href=\"https:\/\/wp.ufpel.edu.br\/petfronteiras\/category\/projetos\/\" rel=\"category tag\">Projetos<\/a>\t\t<\/span>\n\t<\/div><!-- .entry-taxonomies -->\n\t<h2 class=\"entry-title\"><a href=\"https:\/\/wp.ufpel.edu.br\/petfronteiras\/2025\/08\/18\/disciplina-graduacao\/\" rel=\"bookmark\">DISCIPLINA GRADUA\u00c7\u00c3O<\/a><\/h2><\/header><!-- .entry-header -->\n\t<div class=\"entry-summary\">\n\t\t<p>Carga Hor\u00e1ria 200 Data In\u00edcio da Atividade Data Fim da Atividade 30\/01\/2025 Descri\u00e7\u00e3o\/Justificativa: 30\/12\/2025 A proposta visa apoiar a cria\u00e7\u00e3o [&hellip;]<\/p>\n\t<\/div><!-- .entry-summary -->\n\t<footer class=\"entry-footer\">\n\t<\/footer><!-- .entry-footer -->\t\t<\/div>\n\t<\/article>\n<\/li>\n<li class=\"kb-post-list-item\">\n\t<article class=\"entry content-bg loop-entry post-987 post type-post status-publish format-standard hentry category-projetos\">\n\t\t\t\t<div class=\"entry-content-wrap\">\n\t\t\t<header class=\"entry-header\">\n\t\t<div class=\"entry-taxonomies\">\n\t\t<span class=\"category-links term-links category-style-normal\">\n\t\t\t<a href=\"https:\/\/wp.ufpel.edu.br\/petfronteiras\/category\/projetos\/\" rel=\"category tag\">Projetos<\/a>\t\t<\/span>\n\t<\/div><!-- .entry-taxonomies -->\n\t<h2 class=\"entry-title\"><a href=\"https:\/\/wp.ufpel.edu.br\/petfronteiras\/2025\/08\/23\/documentario-outros-carnavais\/\" rel=\"bookmark\">DOCUMENT\u00c1RIO OUTROS CARNAVAIS<\/a><\/h2><\/header><!-- .entry-header -->\n\t<div class=\"entry-summary\">\n\t\t<p>Descri\u00e7\u00e3o\/Justificativa: 02\/01\/2025 30\/12\/2025 A proposta \u00e9 a de criar um v\u00eddeo document\u00e1rio sobre a Mestra Sirley Amaro, com enfoque espec\u00edfico [&hellip;]<\/p>\n\t<\/div><!-- .entry-summary -->\n\t<footer class=\"entry-footer\">\n\t<\/footer><!-- .entry-footer -->\t\t<\/div>\n\t<\/article>\n<\/li>\n<li class=\"kb-post-list-item\">\n\t<article class=\"entry content-bg loop-entry post-985 post type-post status-publish format-standard hentry category-projetos\">\n\t\t\t\t<div class=\"entry-content-wrap\">\n\t\t\t<header class=\"entry-header\">\n\t\t<div class=\"entry-taxonomies\">\n\t\t<span class=\"category-links term-links category-style-normal\">\n\t\t\t<a href=\"https:\/\/wp.ufpel.edu.br\/petfronteiras\/category\/projetos\/\" rel=\"category tag\">Projetos<\/a>\t\t<\/span>\n\t<\/div><!-- .entry-taxonomies -->\n\t<h2 class=\"entry-title\"><a href=\"https:\/\/wp.ufpel.edu.br\/petfronteiras\/2025\/08\/23\/encontro-com-o-grio\/\" rel=\"bookmark\">ENCONTRO COM O GRI\u00d4<\/a><\/h2><\/header><!-- .entry-header -->\n\t<div class=\"entry-summary\">\n\t\t<p>Atividade &#8211; ENCONTRO COM O GRI\u00d4 &#8211; EXTENSAO (CONTINUIDADE) Carga Hor\u00e1ria 200 Data In\u00edcio da Atividade Data Fim da Atividade [&hellip;]<\/p>\n\t<\/div><!-- .entry-summary -->\n\t<footer class=\"entry-footer\">\n\t<\/footer><!-- .entry-footer -->\t\t<\/div>\n\t<\/article>\n<\/li>\n<li class=\"kb-post-list-item\">\n\t<article class=\"entry content-bg loop-entry post-890 post type-post status-publish format-standard hentry category-projetos\">\n\t\t\t\t<div class=\"entry-content-wrap\">\n\t\t\t<header class=\"entry-header\">\n\t\t<div class=\"entry-taxonomies\">\n\t\t<span class=\"category-links term-links category-style-normal\">\n\t\t\t<a href=\"https:\/\/wp.ufpel.edu.br\/petfronteiras\/category\/projetos\/\" rel=\"category tag\">Projetos<\/a>\t\t<\/span>\n\t<\/div><!-- .entry-taxonomies -->\n\t<h2 class=\"entry-title\"><a href=\"https:\/\/wp.ufpel.edu.br\/petfronteiras\/2025\/08\/18\/estagio-vivencia-mestres-e-aprendizes-ensino\/\" rel=\"bookmark\">EST\u00c1GIO VIV\u00caNCIA MESTRES E APRENDIZES \u00bf  ENSINO<\/a><\/h2><\/header><!-- .entry-header -->\n\t<div class=\"entry-summary\">\n\t\t<p>Carga Hor\u00e1ria 200 Data In\u00edcio da Atividade Data Fim da Atividade 30\/01\/2025 Descri\u00e7\u00e3o\/Justificativa: 30\/12\/2025 A proposta visa a cria\u00e7\u00e3o de [&hellip;]<\/p>\n\t<\/div><!-- .entry-summary -->\n\t<footer class=\"entry-footer\">\n\t<\/footer><!-- .entry-footer -->\t\t<\/div>\n\t<\/article>\n<\/li>\n<li class=\"kb-post-list-item\">\n\t<article class=\"entry content-bg loop-entry post-992 post type-post status-publish format-standard hentry category-projetos\">\n\t\t\t\t<div class=\"entry-content-wrap\">\n\t\t\t<header class=\"entry-header\">\n\t\t<div class=\"entry-taxonomies\">\n\t\t<span class=\"category-links term-links category-style-normal\">\n\t\t\t<a href=\"https:\/\/wp.ufpel.edu.br\/petfronteiras\/category\/projetos\/\" rel=\"category tag\">Projetos<\/a>\t\t<\/span>\n\t<\/div><!-- .entry-taxonomies -->\n\t<h2 class=\"entry-title\"><a href=\"https:\/\/wp.ufpel.edu.br\/petfronteiras\/2025\/08\/23\/fronteiras-monitoria\/\" rel=\"bookmark\">FRONTEIRAS &#8211; MONITORIA<\/a><\/h2><\/header><!-- .entry-header -->\n\t<div class=\"entry-summary\">\n\t\t<p>Descri\u00e7\u00e3o\/Justificativa: 30\/12\/2025 Conjunto de atividades de extens\u00e3o que parte da necessidade de manuten\u00e7\u00e3o do alerta constante contra o racismo em [&hellip;]<\/p>\n\t<\/div><!-- .entry-summary -->\n\t<footer class=\"entry-footer\">\n\t<\/footer><!-- .entry-footer -->\t\t<\/div>\n\t<\/article>\n<\/li>\n<li class=\"kb-post-list-item\">\n\t<article class=\"entry content-bg loop-entry post-983 post type-post status-publish format-standard hentry category-projetos\">\n\t\t\t\t<div class=\"entry-content-wrap\">\n\t\t\t<header class=\"entry-header\">\n\t\t<div class=\"entry-taxonomies\">\n\t\t<span class=\"category-links term-links category-style-normal\">\n\t\t\t<a href=\"https:\/\/wp.ufpel.edu.br\/petfronteiras\/category\/projetos\/\" rel=\"category tag\">Projetos<\/a>\t\t<\/span>\n\t<\/div><!-- .entry-taxonomies -->\n\t<h2 class=\"entry-title\"><a href=\"https:\/\/wp.ufpel.edu.br\/petfronteiras\/2025\/08\/23\/fuxico-na-cidade\/\" rel=\"bookmark\">FUXICO NA CIDADE<\/a><\/h2><\/header><!-- .entry-header -->\n\t<div class=\"entry-summary\">\n\t\t<p>Descri\u00e7\u00e3o\/Justificativa: 30\/12\/2025 A proposta visa realizar uma interven\u00e7\u00e3o art\u00edstica e cultural no cen\u00e1rio urbano, utilizando a confec\u00e7\u00e3o de fuxicos como [&hellip;]<\/p>\n\t<\/div><!-- .entry-summary -->\n\t<footer class=\"entry-footer\">\n\t<\/footer><!-- .entry-footer -->\t\t<\/div>\n\t<\/article>\n<\/li>\n<li class=\"kb-post-list-item\">\n\t<article class=\"entry content-bg loop-entry post-975 post type-post status-publish format-standard hentry category-ensino category-projetos\">\n\t\t\t\t<div class=\"entry-content-wrap\">\n\t\t\t<header class=\"entry-header\">\n\t\t<div class=\"entry-taxonomies\">\n\t\t<span class=\"category-links term-links category-style-normal\">\n\t\t\t<a href=\"https:\/\/wp.ufpel.edu.br\/petfronteiras\/category\/projetos\/ensino\/\" rel=\"category tag\">Ensino<\/a> | <a href=\"https:\/\/wp.ufpel.edu.br\/petfronteiras\/category\/projetos\/\" rel=\"category tag\">Projetos<\/a>\t\t<\/span>\n\t<\/div><!-- .entry-taxonomies -->\n\t<h2 class=\"entry-title\"><a href=\"https:\/\/wp.ufpel.edu.br\/petfronteiras\/2025\/08\/23\/grupo-estudo-pedagogia-fuxico\/\" rel=\"bookmark\">GRUPO ESTUDO PEDAGOGIA FUXICO<\/a><\/h2><\/header><!-- .entry-header -->\n\t<div class=\"entry-summary\">\n\t\t<p>Descri\u00e7\u00e3o\/Justificativa: 30\/12\/2025 Grupo de estudo baseado na tese de Felipe Martins: \u00bfA Pedagogia do Fuxico: saberes e viv\u00eancias de um [&hellip;]<\/p>\n\t<\/div><!-- .entry-summary -->\n\t<footer class=\"entry-footer\">\n\t<\/footer><!-- .entry-footer -->\t\t<\/div>\n\t<\/article>\n<\/li>\n<li class=\"kb-post-list-item\">\n\t<article class=\"entry content-bg loop-entry post-873 post type-post status-publish format-standard hentry category-projetos\">\n\t\t\t\t<div class=\"entry-content-wrap\">\n\t\t\t<header class=\"entry-header\">\n\t\t<div class=\"entry-taxonomies\">\n\t\t<span class=\"category-links term-links category-style-normal\">\n\t\t\t<a href=\"https:\/\/wp.ufpel.edu.br\/petfronteiras\/category\/projetos\/\" rel=\"category tag\">Projetos<\/a>\t\t<\/span>\n\t<\/div><!-- .entry-taxonomies -->\n\t<h2 class=\"entry-title\"><a href=\"https:\/\/wp.ufpel.edu.br\/petfronteiras\/2025\/08\/17\/livro-pedagogia-do-fuxico\/\" rel=\"bookmark\">LIVRO PEDAGOGIA DO FUXICO<\/a><\/h2><\/header><!-- .entry-header -->\n\t<div class=\"entry-summary\">\n\t\t<p>Esta atividade prop\u00f5e a cria\u00e7\u00e3o de um livro que registre e valorize a mem\u00f3ria e o legado da Mestra Gri\u00f4 [&hellip;]<\/p>\n\t<\/div><!-- .entry-summary -->\n\t<footer class=\"entry-footer\">\n\t<\/footer><!-- .entry-footer -->\t\t<\/div>\n\t<\/article>\n<\/li>\n<li class=\"kb-post-list-item\">\n\t<article class=\"entry content-bg loop-entry post-977 post type-post status-publish format-standard hentry category-projetos\">\n\t\t\t\t<div class=\"entry-content-wrap\">\n\t\t\t<header class=\"entry-header\">\n\t\t<div class=\"entry-taxonomies\">\n\t\t<span class=\"category-links term-links category-style-normal\">\n\t\t\t<a href=\"https:\/\/wp.ufpel.edu.br\/petfronteiras\/category\/projetos\/\" rel=\"category tag\">Projetos<\/a>\t\t<\/span>\n\t<\/div><!-- .entry-taxonomies -->\n\t<h2 class=\"entry-title\"><a href=\"https:\/\/wp.ufpel.edu.br\/petfronteiras\/2025\/08\/23\/mobiliza-pet\/\" rel=\"bookmark\">MOBILIZA PET<\/a><\/h2><\/header><!-- .entry-header -->\n\t<div class=\"entry-summary\">\n\t\t<p>Descri\u00e7\u00e3o\/Justificativa: 30\/12\/2025 Atividades de cunho organizativo, de integra\u00e7\u00e3o e de interc\u00e2mbio no \u00e2mbito da experi\u00eancia no Programa PET, local, estadual [&hellip;]<\/p>\n\t<\/div><!-- .entry-summary -->\n\t<footer class=\"entry-footer\">\n\t<\/footer><!-- .entry-footer -->\t\t<\/div>\n\t<\/article>\n<\/li>\n<li class=\"kb-post-list-item\">\n\t<article class=\"entry content-bg loop-entry post-981 post type-post status-publish format-standard hentry category-projetos\">\n\t\t\t\t<div class=\"entry-content-wrap\">\n\t\t\t<header class=\"entry-header\">\n\t\t<div class=\"entry-taxonomies\">\n\t\t<span class=\"category-links term-links category-style-normal\">\n\t\t\t<a href=\"https:\/\/wp.ufpel.edu.br\/petfronteiras\/category\/projetos\/\" rel=\"category tag\">Projetos<\/a>\t\t<\/span>\n\t<\/div><!-- .entry-taxonomies -->\n\t<h2 class=\"entry-title\"><a href=\"https:\/\/wp.ufpel.edu.br\/petfronteiras\/2025\/08\/23\/museu-virtual-mestra-sirley-amaro\/\" rel=\"bookmark\">MUSEU VIRTUAL MESTRA SIRLEY AMARO<\/a><\/h2><\/header><!-- .entry-header -->\n\t<div class=\"entry-summary\">\n\t\t<p>Descri\u00e7\u00e3o\/Justificativa: 30\/12\/2025 O museu virtual da Mestra Sirley Amaro ser\u00e1 uma plataforma online dedicada \u00e0 preserva\u00e7\u00e3o e divulga\u00e7\u00e3o da mem\u00f3ria [&hellip;]<\/p>\n\t<\/div><!-- .entry-summary -->\n\t<footer class=\"entry-footer\">\n\t<\/footer><!-- .entry-footer -->\t\t<\/div>\n\t<\/article>\n<\/li>\n<li class=\"kb-post-list-item\">\n\t<article class=\"entry content-bg loop-entry post-994 post type-post status-publish format-standard hentry category-projetos\">\n\t\t\t\t<div class=\"entry-content-wrap\">\n\t\t\t<header class=\"entry-header\">\n\t\t<div class=\"entry-taxonomies\">\n\t\t<span class=\"category-links term-links category-style-normal\">\n\t\t\t<a href=\"https:\/\/wp.ufpel.edu.br\/petfronteiras\/category\/projetos\/\" rel=\"category tag\">Projetos<\/a>\t\t<\/span>\n\t<\/div><!-- .entry-taxonomies -->\n\t<h2 class=\"entry-title\"><a href=\"https:\/\/wp.ufpel.edu.br\/petfronteiras\/2025\/08\/23\/oficina-costurando-vida\/\" rel=\"bookmark\">OFICINA COSTURANDO VIDA<\/a><\/h2><\/header><!-- .entry-header -->\n\t<div class=\"entry-summary\">\n\t\t<p>Descri\u00e7\u00e3o\/Justificativa: 30\/12\/2025 Visa utilizar o que \u00e9 considerado lixo, como restos de tecidos, fios e aviamentos, para criar bonecas, brinquedos [&hellip;]<\/p>\n\t<\/div><!-- .entry-summary -->\n\t<footer class=\"entry-footer\">\n\t<\/footer><!-- .entry-footer -->\t\t<\/div>\n\t<\/article>\n<\/li>\n<li class=\"kb-post-list-item\">\n\t<article class=\"entry content-bg loop-entry post-989 post type-post status-publish format-standard hentry category-projetos\">\n\t\t\t\t<div class=\"entry-content-wrap\">\n\t\t\t<header class=\"entry-header\">\n\t\t<div class=\"entry-taxonomies\">\n\t\t<span class=\"category-links term-links category-style-normal\">\n\t\t\t<a href=\"https:\/\/wp.ufpel.edu.br\/petfronteiras\/category\/projetos\/\" rel=\"category tag\">Projetos<\/a>\t\t<\/span>\n\t<\/div><!-- .entry-taxonomies -->\n\t<h2 class=\"entry-title\"><a href=\"https:\/\/wp.ufpel.edu.br\/petfronteiras\/2025\/08\/23\/opera-infantil\/\" rel=\"bookmark\">\u00d3PERA INFANTIL<\/a><\/h2><\/header><!-- .entry-header -->\n\t<div class=\"entry-summary\">\n\t\t<p>Descri\u00e7\u00e3o\/Justificativa: 30\/12\/2025 A proposta visa a cria\u00e7\u00e3o de uma \u00f3pera infantil que estabele\u00e7a conex\u00f5es e trocas entre os mestres e [&hellip;]<\/p>\n\t<\/div><!-- .entry-summary -->\n\t<footer class=\"entry-footer\">\n\t<\/footer><!-- .entry-footer -->\t\t<\/div>\n\t<\/article>\n<\/li>\n<li class=\"kb-post-list-item\">\n\t<article class=\"entry content-bg loop-entry post-973 post type-post status-publish format-standard hentry category-projetos\">\n\t\t\t\t<div class=\"entry-content-wrap\">\n\t\t\t<header class=\"entry-header\">\n\t\t<div class=\"entry-taxonomies\">\n\t\t<span class=\"category-links term-links category-style-normal\">\n\t\t\t<a href=\"https:\/\/wp.ufpel.edu.br\/petfronteiras\/category\/projetos\/\" rel=\"category tag\">Projetos<\/a>\t\t<\/span>\n\t<\/div><!-- .entry-taxonomies -->\n\t<h2 class=\"entry-title\"><a href=\"https:\/\/wp.ufpel.edu.br\/petfronteiras\/2025\/08\/23\/paixao-de-contar-as-saias-da-mestra-grio-sirley-amaro\/\" rel=\"bookmark\">PAIX\u00c3O DE CONTAR: AS SAIAS DA MESTRA GRI\u00d4 SIRLEY AMARO<\/a><\/h2><\/header><!-- .entry-header -->\n\t<div class=\"entry-summary\">\n\t\t<p>Descri\u00e7\u00e3o\/Justificativa: 30\/12\/2025 Ao enfocarmos essa pe\u00e7a do vestu\u00e1rio da Mestra Sirley Amaro reafirmamos o sentido das saias como s\u00edmbolo da [&hellip;]<\/p>\n\t<\/div><!-- .entry-summary -->\n\t<footer class=\"entry-footer\">\n\t<\/footer><!-- .entry-footer -->\t\t<\/div>\n\t<\/article>\n<\/li>\n<li class=\"kb-post-list-item\">\n\t<article class=\"entry content-bg loop-entry post-967 post type-post status-publish format-standard hentry category-ensino category-projetos\">\n\t\t\t\t<div class=\"entry-content-wrap\">\n\t\t\t<header class=\"entry-header\">\n\t\t<div class=\"entry-taxonomies\">\n\t\t<span class=\"category-links term-links category-style-normal\">\n\t\t\t<a href=\"https:\/\/wp.ufpel.edu.br\/petfronteiras\/category\/projetos\/ensino\/\" rel=\"category tag\">Ensino<\/a> | <a href=\"https:\/\/wp.ufpel.edu.br\/petfronteiras\/category\/projetos\/\" rel=\"category tag\">Projetos<\/a>\t\t<\/span>\n\t<\/div><!-- .entry-taxonomies -->\n\t<h2 class=\"entry-title\"><a href=\"https:\/\/wp.ufpel.edu.br\/petfronteiras\/2025\/08\/23\/participacao-socializacao-academica-cultural\/\" rel=\"bookmark\">PARTICIPA\u00c7\u00c3O, SOCIALIZA\u00c7\u00c3O, ACAD\u00caMICA  CULTURAL<\/a><\/h2><\/header><!-- .entry-header -->\n\t<div class=\"entry-summary\">\n\t\t<p>Descri\u00e7\u00e3o\/Justificativa: 30\/12\/2025 Participa\u00e7\u00e3o em eventos cient\u00edficos e culturais (local, regional e\/ou nacional). O enfoque das participa\u00e7\u00f5es ser\u00e1 dado para a [&hellip;]<\/p>\n\t<\/div><!-- .entry-summary -->\n\t<footer class=\"entry-footer\">\n\t<\/footer><!-- .entry-footer -->\t\t<\/div>\n\t<\/article>\n<\/li>\n<li class=\"kb-post-list-item\">\n\t<article class=\"entry content-bg loop-entry post-971 post type-post status-publish format-standard hentry category-extensao category-projetos\">\n\t\t\t\t<div class=\"entry-content-wrap\">\n\t\t\t<header class=\"entry-header\">\n\t\t<div class=\"entry-taxonomies\">\n\t\t<span class=\"category-links term-links category-style-normal\">\n\t\t\t<a href=\"https:\/\/wp.ufpel.edu.br\/petfronteiras\/category\/projetos\/extensao\/\" rel=\"category tag\">Extens\u00e3o<\/a> | <a href=\"https:\/\/wp.ufpel.edu.br\/petfronteiras\/category\/projetos\/\" rel=\"category tag\">Projetos<\/a>\t\t<\/span>\n\t<\/div><!-- .entry-taxonomies -->\n\t<h2 class=\"entry-title\"><a href=\"https:\/\/wp.ufpel.edu.br\/petfronteiras\/2025\/08\/23\/podcast-fronteiras-saberes-populares-inclusao-e-sustentabilidade-social\/\" rel=\"bookmark\">PODCAST FRONTEIRAS: SABERES POPULARES, INCLUS\u00c3O E SUSTENTABILIDADE SOCIAL<\/a><\/h2><\/header><!-- .entry-header -->\n\t<div class=\"entry-summary\">\n\t\t<p>O Podcast Fronteiras visa criar um espa\u00e7o de di\u00e1logo entre a academia e a comunidade pelotense, promovendo vozes diversas e saberes populares. Com epis\u00f3dios que abordam temas importantes, busca fortalecer uma forma\u00e7\u00e3o cr\u00edtica e inclusiva, conectando universidade e sociedade de maneira acess\u00edvel e inspiradora. Ou\u00e7a j\u00e1!<\/p>\n\t<\/div><!-- .entry-summary -->\n\t<footer class=\"entry-footer\">\n\t<\/footer><!-- .entry-footer -->\t\t<\/div>\n\t<\/article>\n<\/li>\n<li class=\"kb-post-list-item\">\n\t<article class=\"entry content-bg loop-entry post-969 post type-post status-publish format-standard hentry category-projetos\">\n\t\t\t\t<div class=\"entry-content-wrap\">\n\t\t\t<header class=\"entry-header\">\n\t\t<div class=\"entry-taxonomies\">\n\t\t<span class=\"category-links term-links category-style-normal\">\n\t\t\t<a href=\"https:\/\/wp.ufpel.edu.br\/petfronteiras\/category\/projetos\/\" rel=\"category tag\">Projetos<\/a>\t\t<\/span>\n\t<\/div><!-- .entry-taxonomies -->\n\t<h2 class=\"entry-title\"><a href=\"https:\/\/wp.ufpel.edu.br\/petfronteiras\/2025\/08\/23\/viagem-tecnica-a-cultura-e-aos-saberes-populares-uruguaios\/\" rel=\"bookmark\">VIAGEM T\u00c9CNICA \u00c0 CULTURA E AOS SABERES  POPULARES URUGUAIOS<\/a><\/h2><\/header><!-- .entry-header -->\n\t<div class=\"entry-summary\">\n\t\t<p>Descri\u00e7\u00e3o\/Justificativa: 30\/12\/2025 A proposta de uma Viagem T\u00e9cnica \u00e0 Cultura e aos Saberes Populares Uruguaios surge da necessidade de proporcionar [&hellip;]<\/p>\n\t<\/div><!-- .entry-summary -->\n\t<footer class=\"entry-footer\">\n\t<\/footer><!-- .entry-footer -->\t\t<\/div>\n\t<\/article>\n<\/li>\n<\/ul><\/div><\/div>\n\n<\/div><\/div>","protected":false},"excerpt":{"rendered":"","protected":false},"author":1402,"featured_media":0,"parent":0,"menu_order":0,"comment_status":"closed","ping_status":"closed","template":"","meta":{"footnotes":""},"class_list":["post-113","page","type-page","status-publish","hentry","post"],"jetpack_sharing_enabled":true,"_links":{"self":[{"href":"https:\/\/wp.ufpel.edu.br\/petfronteiras\/wp-json\/wp\/v2\/pages\/113","targetHints":{"allow":["GET"]}}],"collection":[{"href":"https:\/\/wp.ufpel.edu.br\/petfronteiras\/wp-json\/wp\/v2\/pages"}],"about":[{"href":"https:\/\/wp.ufpel.edu.br\/petfronteiras\/wp-json\/wp\/v2\/types\/page"}],"author":[{"embeddable":true,"href":"https:\/\/wp.ufpel.edu.br\/petfronteiras\/wp-json\/wp\/v2\/users\/1402"}],"replies":[{"embeddable":true,"href":"https:\/\/wp.ufpel.edu.br\/petfronteiras\/wp-json\/wp\/v2\/comments?post=113"}],"version-history":[{"count":3,"href":"https:\/\/wp.ufpel.edu.br\/petfronteiras\/wp-json\/wp\/v2\/pages\/113\/revisions"}],"predecessor-version":[{"id":1785,"href":"https:\/\/wp.ufpel.edu.br\/petfronteiras\/wp-json\/wp\/v2\/pages\/113\/revisions\/1785"}],"wp:attachment":[{"href":"https:\/\/wp.ufpel.edu.br\/petfronteiras\/wp-json\/wp\/v2\/media?parent=113"}],"curies":[{"name":"wp","href":"https:\/\/api.w.org\/{rel}","templated":true}]}}