{"id":1113,"date":"2025-10-30T18:26:20","date_gmt":"2025-10-30T21:26:20","guid":{"rendered":"https:\/\/wp.ufpel.edu.br\/petfronteiras\/?page_id=1113"},"modified":"2026-04-03T19:00:38","modified_gmt":"2026-04-03T22:00:38","slug":"artigos-e-publicacoes","status":"publish","type":"page","link":"https:\/\/wp.ufpel.edu.br\/petfronteiras\/artigos-e-publicacoes\/","title":{"rendered":"Artigos e publica\u00e7\u00f5es"},"content":{"rendered":"<style>.kb-row-layout-id1113_202222-4f > .kt-row-column-wrap{align-content:start;}:where(.kb-row-layout-id1113_202222-4f > .kt-row-column-wrap) > .wp-block-kadence-column{justify-content:start;}.kb-row-layout-id1113_202222-4f > .kt-row-column-wrap{column-gap:var(--global-kb-gap-md, 2rem);row-gap:var(--global-kb-gap-md, 2rem);padding-top:var(--global-kb-spacing-sm, 1.5rem);grid-template-columns:minmax(0, 1fr);}.kb-row-layout-id1113_202222-4f > .kt-row-layout-overlay{opacity:0.30;}@media all and (max-width: 1024px){.kb-row-layout-id1113_202222-4f > .kt-row-column-wrap{grid-template-columns:minmax(0, 1fr);}}@media all and (max-width: 767px){.kb-row-layout-id1113_202222-4f > .kt-row-column-wrap{grid-template-columns:minmax(0, 1fr);}}<\/style><div class=\"kb-row-layout-wrap kb-row-layout-id1113_202222-4f alignnone meu-posts wp-block-kadence-rowlayout\"><div class=\"kt-row-column-wrap kt-has-1-columns kt-row-layout-equal kt-tab-layout-inherit kt-mobile-layout-row kt-row-valign-top\">\n<style>.kadence-column1113_4e2a31-ba > .kt-inside-inner-col,.kadence-column1113_4e2a31-ba > .kt-inside-inner-col:before{border-top-left-radius:0px;border-top-right-radius:0px;border-bottom-right-radius:0px;border-bottom-left-radius:0px;}.kadence-column1113_4e2a31-ba > .kt-inside-inner-col{column-gap:var(--global-kb-gap-sm, 1rem);}.kadence-column1113_4e2a31-ba > .kt-inside-inner-col{flex-direction:column;}.kadence-column1113_4e2a31-ba > .kt-inside-inner-col > .aligncenter{width:100%;}.kadence-column1113_4e2a31-ba > .kt-inside-inner-col:before{opacity:0.3;}.kadence-column1113_4e2a31-ba{position:relative;}@media all and (max-width: 1024px){.kadence-column1113_4e2a31-ba > .kt-inside-inner-col{flex-direction:column;justify-content:center;}}@media all and (max-width: 767px){.kadence-column1113_4e2a31-ba > .kt-inside-inner-col{flex-direction:column;justify-content:center;}}<\/style>\n<div class=\"wp-block-kadence-column kadence-column1113_4e2a31-ba\"><div class=\"kt-inside-inner-col\"><style>.kb-posts-id-1113_637eef-4d .entry.loop-entry .entry-header .entry-title{font-size:var(--global-kb-font-size-md, 1.25rem);text-transform:uppercase;}.kb-posts-id-1113_637eef-4d .kb-post-list-item{display:grid;}<\/style><ul class=\"wp-block-kadence-posts kb-posts kadence-posts-list kb-posts-id-1113_637eef-4d content-wrap grid-cols kb-posts-style-boxed grid-sm-col-2 grid-lg-col-3 item-image-style-above\"><li class=\"kb-post-list-item\">\n\t<article class=\"entry content-bg loop-entry post-1331 post type-post status-publish format-standard hentry category-ceg category-publicacoes tag-53\">\n\t\t\t\t<div class=\"entry-content-wrap\">\n\t\t\t<header class=\"entry-header\">\n\t\t<div class=\"entry-taxonomies\">\n\t\t<span class=\"category-links term-links category-style-normal\">\n\t\t\t<a href=\"https:\/\/wp.ufpel.edu.br\/petfronteiras\/category\/publicacoes\/ceg\/\" rel=\"category tag\">CEG<\/a> | <a href=\"https:\/\/wp.ufpel.edu.br\/petfronteiras\/category\/publicacoes\/\" rel=\"category tag\">Publica\u00e7\u00f5es<\/a>\t\t<\/span>\n\t<\/div><!-- .entry-taxonomies -->\n\t<h2 class=\"entry-title\"><a href=\"https:\/\/wp.ufpel.edu.br\/petfronteiras\/2025\/10\/30\/medos-nos-tem-mas-nao-usa-relato-sobre-a-participacao-na-7-marcha-das-margaridas-2023\/\" rel=\"bookmark\">\u201cMEDOS N\u00d3S TEM, MAS N\u00c3O USA\u201d: RELATO SOBRE A PARTICIPA\u00c7\u00c3O NA 7\u00b0  MARCHA DAS MARGARIDAS 2023<\/a><\/h2><\/header><!-- .entry-header -->\n<footer class=\"entry-footer\">\n\t<\/footer><!-- .entry-footer -->\t\t<\/div>\n\t<\/article>\n<\/li>\n<li class=\"kb-post-list-item\">\n\t<article class=\"entry content-bg loop-entry post-1362 post type-post status-publish format-standard hentry category-cec category-publicacoes tag-54\">\n\t\t\t\t<div class=\"entry-content-wrap\">\n\t\t\t<header class=\"entry-header\">\n\t\t<div class=\"entry-taxonomies\">\n\t\t<span class=\"category-links term-links category-style-normal\">\n\t\t\t<a href=\"https:\/\/wp.ufpel.edu.br\/petfronteiras\/category\/publicacoes\/cec\/\" rel=\"category tag\">CEC<\/a> | <a href=\"https:\/\/wp.ufpel.edu.br\/petfronteiras\/category\/publicacoes\/\" rel=\"category tag\">Publica\u00e7\u00f5es<\/a>\t\t<\/span>\n\t<\/div><!-- .entry-taxonomies -->\n\t<h2 class=\"entry-title\"><a href=\"https:\/\/wp.ufpel.edu.br\/petfronteiras\/2025\/11\/03\/a-paixao-de-contar-as-saias-da-mestra-grio-sirley-amaro\/\" rel=\"bookmark\">A PAIX\u00c3O DE CONTAR: AS SAIAS DA MESTRA GRI\u00d4 SIRLEY AMARO<\/a><\/h2><\/header><!-- .entry-header -->\n<footer class=\"entry-footer\">\n\t<\/footer><!-- .entry-footer -->\t\t<\/div>\n\t<\/article>\n<\/li>\n<li class=\"kb-post-list-item\">\n\t<article class=\"entry content-bg loop-entry post-1226 post type-post status-publish format-standard hentry category-cec category-publicacoes tag-54\">\n\t\t\t\t<div class=\"entry-content-wrap\">\n\t\t\t<header class=\"entry-header\">\n\t\t<div class=\"entry-taxonomies\">\n\t\t<span class=\"category-links term-links category-style-normal\">\n\t\t\t<a href=\"https:\/\/wp.ufpel.edu.br\/petfronteiras\/category\/publicacoes\/cec\/\" rel=\"category tag\">CEC<\/a> | <a href=\"https:\/\/wp.ufpel.edu.br\/petfronteiras\/category\/publicacoes\/\" rel=\"category tag\">Publica\u00e7\u00f5es<\/a>\t\t<\/span>\n\t<\/div><!-- .entry-taxonomies -->\n\t<h2 class=\"entry-title\"><a href=\"https:\/\/wp.ufpel.edu.br\/petfronteiras\/2025\/10\/29\/batucantada-pedagogia-cultura-popular-e-protagonismo-feminino-na-percussao\/\" rel=\"bookmark\">BATUCANTADA: PEDAGOGIA, CULTURA POPULAR E PROTAGONISMO  FEMININO NA PERCUSS\u00c3O.<\/a><\/h2><\/header><!-- .entry-header -->\n<footer class=\"entry-footer\">\n\t<\/footer><!-- .entry-footer -->\t\t<\/div>\n\t<\/article>\n<\/li>\n<li class=\"kb-post-list-item\">\n\t<article class=\"entry content-bg loop-entry post-1189 post type-post status-publish format-standard hentry category-publicacoes tag-cec tag-xii-siiepe\">\n\t\t\t\t<div class=\"entry-content-wrap\">\n\t\t\t<header class=\"entry-header\">\n\t\t<div class=\"entry-taxonomies\">\n\t\t<span class=\"category-links term-links category-style-normal\">\n\t\t\t<a href=\"https:\/\/wp.ufpel.edu.br\/petfronteiras\/category\/publicacoes\/\" rel=\"category tag\">Publica\u00e7\u00f5es<\/a>\t\t<\/span>\n\t<\/div><!-- .entry-taxonomies -->\n\t<h2 class=\"entry-title\"><a href=\"https:\/\/wp.ufpel.edu.br\/petfronteiras\/2025\/10\/28\/cafe-com-o-pet-quando-as-historias-ecoam-a-memoria-permanece-viva\/\" rel=\"bookmark\">CAF\u00c9 COM O PET: QUANDO AS HIST\u00d3RIAS ECOAM, A MEM\u00d3RIA  PERMANECE VIVA<\/a><\/h2><\/header><!-- .entry-header -->\n<footer class=\"entry-footer\">\n\t<\/footer><!-- .entry-footer -->\t\t<\/div>\n\t<\/article>\n<\/li>\n<li class=\"kb-post-list-item\">\n\t<article class=\"entry content-bg loop-entry post-1217 post type-post status-publish format-standard hentry category-cec category-publicacoes tag-55\">\n\t\t\t\t<div class=\"entry-content-wrap\">\n\t\t\t<header class=\"entry-header\">\n\t\t<div class=\"entry-taxonomies\">\n\t\t<span class=\"category-links term-links category-style-normal\">\n\t\t\t<a href=\"https:\/\/wp.ufpel.edu.br\/petfronteiras\/category\/publicacoes\/cec\/\" rel=\"category tag\">CEC<\/a> | <a href=\"https:\/\/wp.ufpel.edu.br\/petfronteiras\/category\/publicacoes\/\" rel=\"category tag\">Publica\u00e7\u00f5es<\/a>\t\t<\/span>\n\t<\/div><!-- .entry-taxonomies -->\n\t<h2 class=\"entry-title\"><a href=\"https:\/\/wp.ufpel.edu.br\/petfronteiras\/2025\/10\/29\/comunicar-para-subverter-o-design-como-dispositivo-de-enfrentamento-e-dialogo-popular\/\" rel=\"bookmark\">COMUNICAR PARA SUBVERTER- O DESIGN COMO DISPOSITIVO DE ENFRENTAMENTO E DI\u00c1LOGO POPULAR<\/a><\/h2><\/header><!-- .entry-header -->\n<footer class=\"entry-footer\">\n\t<\/footer><!-- .entry-footer -->\t\t<\/div>\n\t<\/article>\n<\/li>\n<li class=\"kb-post-list-item\">\n\t<article class=\"entry content-bg loop-entry post-1233 post type-post status-publish format-standard hentry category-cec category-publicacoes tag-55\">\n\t\t\t\t<div class=\"entry-content-wrap\">\n\t\t\t<header class=\"entry-header\">\n\t\t<div class=\"entry-taxonomies\">\n\t\t<span class=\"category-links term-links category-style-normal\">\n\t\t\t<a href=\"https:\/\/wp.ufpel.edu.br\/petfronteiras\/category\/publicacoes\/cec\/\" rel=\"category tag\">CEC<\/a> | <a href=\"https:\/\/wp.ufpel.edu.br\/petfronteiras\/category\/publicacoes\/\" rel=\"category tag\">Publica\u00e7\u00f5es<\/a>\t\t<\/span>\n\t<\/div><!-- .entry-taxonomies -->\n\t<h2 class=\"entry-title\"><a href=\"https:\/\/wp.ufpel.edu.br\/petfronteiras\/2025\/10\/29\/encontro-com-o-grio-saberes-do-mestre-dilermando-freitas\/\" rel=\"bookmark\">ENCONTRO COM O GRI\u00d4: SABERES DO MESTRE DILERMANDO FREITAS<\/a><\/h2><\/header><!-- .entry-header -->\n<footer class=\"entry-footer\">\n\t<\/footer><!-- .entry-footer -->\t\t<\/div>\n\t<\/article>\n<\/li>\n<li class=\"kb-post-list-item\">\n\t<article class=\"entry content-bg loop-entry post-1221 post type-post status-publish format-standard hentry category-cic category-publicacoes tag-55\">\n\t\t\t\t<div class=\"entry-content-wrap\">\n\t\t\t<header class=\"entry-header\">\n\t\t<div class=\"entry-taxonomies\">\n\t\t<span class=\"category-links term-links category-style-normal\">\n\t\t\t<a href=\"https:\/\/wp.ufpel.edu.br\/petfronteiras\/category\/publicacoes\/cic\/\" rel=\"category tag\">CIC<\/a> | <a href=\"https:\/\/wp.ufpel.edu.br\/petfronteiras\/category\/publicacoes\/\" rel=\"category tag\">Publica\u00e7\u00f5es<\/a>\t\t<\/span>\n\t<\/div><!-- .entry-taxonomies -->\n\t<h2 class=\"entry-title\"><a href=\"https:\/\/wp.ufpel.edu.br\/petfronteiras\/2025\/10\/29\/entre-a-dor-e-a-ausencia-o-corpo-negro-como-ficcao-de-memoria-e-reexistencia\/\" rel=\"bookmark\">ENTRE A DOR E A AUS\u00caNCIA &#8211; O CORPO NEGRO COMO FIC\u00c7\u00c3O DE MEM\u00d3RIA E (RE)EXIST\u00caNCIA<\/a><\/h2><\/header><!-- .entry-header -->\n<footer class=\"entry-footer\">\n\t<\/footer><!-- .entry-footer -->\t\t<\/div>\n\t<\/article>\n<\/li>\n<li class=\"kb-post-list-item\">\n\t<article class=\"entry content-bg loop-entry post-1366 post type-post status-publish format-standard hentry category-cic category-publicacoes tag-54\">\n\t\t\t\t<div class=\"entry-content-wrap\">\n\t\t\t<header class=\"entry-header\">\n\t\t<div class=\"entry-taxonomies\">\n\t\t<span class=\"category-links term-links category-style-normal\">\n\t\t\t<a href=\"https:\/\/wp.ufpel.edu.br\/petfronteiras\/category\/publicacoes\/cic\/\" rel=\"category tag\">CIC<\/a> | <a href=\"https:\/\/wp.ufpel.edu.br\/petfronteiras\/category\/publicacoes\/\" rel=\"category tag\">Publica\u00e7\u00f5es<\/a>\t\t<\/span>\n\t<\/div><!-- .entry-taxonomies -->\n\t<h2 class=\"entry-title\"><a href=\"https:\/\/wp.ufpel.edu.br\/petfronteiras\/2025\/11\/03\/historias-memorias-e-narrativas-populares-pelotenses-um-estudo\/\" rel=\"bookmark\">HIST\u00d3RIAS, MEM\u00d3RIAS E NARRATIVAS POPULARES PELOTENSES: UM ESTUDO<\/a><\/h2><\/header><!-- .entry-header -->\n<footer class=\"entry-footer\">\n\t<\/footer><!-- .entry-footer -->\t\t<\/div>\n\t<\/article>\n<\/li>\n<li class=\"kb-post-list-item\">\n\t<article class=\"entry content-bg loop-entry post-1355 post type-post status-publish format-standard hentry category-cec category-publicacoes tag-54\">\n\t\t\t\t<div class=\"entry-content-wrap\">\n\t\t\t<header class=\"entry-header\">\n\t\t<div class=\"entry-taxonomies\">\n\t\t<span class=\"category-links term-links category-style-normal\">\n\t\t\t<a href=\"https:\/\/wp.ufpel.edu.br\/petfronteiras\/category\/publicacoes\/cec\/\" rel=\"category tag\">CEC<\/a> | <a href=\"https:\/\/wp.ufpel.edu.br\/petfronteiras\/category\/publicacoes\/\" rel=\"category tag\">Publica\u00e7\u00f5es<\/a>\t\t<\/span>\n\t<\/div><!-- .entry-taxonomies -->\n\t<h2 class=\"entry-title\"><a href=\"https:\/\/wp.ufpel.edu.br\/petfronteiras\/2025\/10\/31\/o-grupo-de-estudos-de-cultura-e-literatura-indigena-afro\/\" rel=\"bookmark\">O GRUPO DE ESTUDOS DE CULTURA E LITERATURA IND\u00cdGENA-AFRO<\/a><\/h2><\/header><!-- .entry-header -->\n<footer class=\"entry-footer\">\n\t<\/footer><!-- .entry-footer -->\t\t<\/div>\n\t<\/article>\n<\/li>\n<li class=\"kb-post-list-item\">\n\t<article class=\"entry content-bg loop-entry post-1350 post type-post status-publish format-standard hentry category-cec category-publicacoes tag-54\">\n\t\t\t\t<div class=\"entry-content-wrap\">\n\t\t\t<header class=\"entry-header\">\n\t\t<div class=\"entry-taxonomies\">\n\t\t<span class=\"category-links term-links category-style-normal\">\n\t\t\t<a href=\"https:\/\/wp.ufpel.edu.br\/petfronteiras\/category\/publicacoes\/cec\/\" rel=\"category tag\">CEC<\/a> | <a href=\"https:\/\/wp.ufpel.edu.br\/petfronteiras\/category\/publicacoes\/\" rel=\"category tag\">Publica\u00e7\u00f5es<\/a>\t\t<\/span>\n\t<\/div><!-- .entry-taxonomies -->\n\t<h2 class=\"entry-title\"><a href=\"https:\/\/wp.ufpel.edu.br\/petfronteiras\/2025\/10\/31\/1350\/\" rel=\"bookmark\">PODCAST FRONTEIRAS: SABERES POPULARES, INCLUS\u00c3O E SUSTENTABILIDADE SOCIAL<\/a><\/h2><\/header><!-- .entry-header -->\n<footer class=\"entry-footer\">\n\t<\/footer><!-- .entry-footer -->\t\t<\/div>\n\t<\/article>\n<\/li>\n<li class=\"kb-post-list-item\">\n\t<article class=\"entry content-bg loop-entry post-1230 post type-post status-publish format-standard hentry category-ceg category-publicacoes tag-55\">\n\t\t\t\t<div class=\"entry-content-wrap\">\n\t\t\t<header class=\"entry-header\">\n\t\t<div class=\"entry-taxonomies\">\n\t\t<span class=\"category-links term-links category-style-normal\">\n\t\t\t<a href=\"https:\/\/wp.ufpel.edu.br\/petfronteiras\/category\/publicacoes\/ceg\/\" rel=\"category tag\">CEG<\/a> | <a href=\"https:\/\/wp.ufpel.edu.br\/petfronteiras\/category\/publicacoes\/\" rel=\"category tag\">Publica\u00e7\u00f5es<\/a>\t\t<\/span>\n\t<\/div><!-- .entry-taxonomies -->\n\t<h2 class=\"entry-title\"><a href=\"https:\/\/wp.ufpel.edu.br\/petfronteiras\/2025\/10\/29\/praticas-populares-de-cuidado-na-era-digital-desafios-para-a-psicologia-e-a-saude-coletiva\/\" rel=\"bookmark\">PR\u00c1TICAS POPULARES DE CUIDADO NA ERA DIGITAL: DESAFIOS PARA A  PSICOLOGIA E A SA\u00daDE COLETIVA<\/a><\/h2><\/header><!-- .entry-header -->\n<footer class=\"entry-footer\">\n\t<\/footer><!-- .entry-footer -->\t\t<\/div>\n\t<\/article>\n<\/li>\n<li class=\"kb-post-list-item\">\n\t<article class=\"entry content-bg loop-entry post-1326 post type-post status-publish format-standard hentry category-cec category-publicacoes tag-54\">\n\t\t\t\t<div class=\"entry-content-wrap\">\n\t\t\t<header class=\"entry-header\">\n\t\t<div class=\"entry-taxonomies\">\n\t\t<span class=\"category-links term-links category-style-normal\">\n\t\t\t<a href=\"https:\/\/wp.ufpel.edu.br\/petfronteiras\/category\/publicacoes\/cec\/\" rel=\"category tag\">CEC<\/a> | <a href=\"https:\/\/wp.ufpel.edu.br\/petfronteiras\/category\/publicacoes\/\" rel=\"category tag\">Publica\u00e7\u00f5es<\/a>\t\t<\/span>\n\t<\/div><!-- .entry-taxonomies -->\n\t<h2 class=\"entry-title\"><a href=\"https:\/\/wp.ufpel.edu.br\/petfronteiras\/2025\/10\/30\/professores-que-fazem-diferenca-gabriel-almeida\/\" rel=\"bookmark\">PROFESSORES QUE FAZEM DIFEREN\u00c7A &#8211; GABRIEL ALMEIDA<\/a><\/h2><\/header><!-- .entry-header -->\n<footer class=\"entry-footer\">\n\t<\/footer><!-- .entry-footer -->\t\t<\/div>\n\t<\/article>\n<\/li>\n<li class=\"kb-post-list-item\">\n\t<article class=\"entry content-bg loop-entry post-1249 post type-post status-publish format-standard hentry category-cec category-publicacoes tag-54\">\n\t\t\t\t<div class=\"entry-content-wrap\">\n\t\t\t<header class=\"entry-header\">\n\t\t<div class=\"entry-taxonomies\">\n\t\t<span class=\"category-links term-links category-style-normal\">\n\t\t\t<a href=\"https:\/\/wp.ufpel.edu.br\/petfronteiras\/category\/publicacoes\/cec\/\" rel=\"category tag\">CEC<\/a> | <a href=\"https:\/\/wp.ufpel.edu.br\/petfronteiras\/category\/publicacoes\/\" rel=\"category tag\">Publica\u00e7\u00f5es<\/a>\t\t<\/span>\n\t<\/div><!-- .entry-taxonomies -->\n\t<h2 class=\"entry-title\"><a href=\"https:\/\/wp.ufpel.edu.br\/petfronteiras\/2025\/10\/30\/sopapos-e-saberes-a-concepcao-coletiva-com-o-mestre-grio-dilermando-freitas-e-o-grupo-batucantada\/\" rel=\"bookmark\">SOPAPOS E SABERES: A CONCEP\u00c7\u00c3O COLETIVA COM O MESTRE GRI\u00d4  DILERMANDO FREITAS E O GRUPO BATUCANTADA<\/a><\/h2><\/header><!-- .entry-header -->\n<footer class=\"entry-footer\">\n\t<\/footer><!-- .entry-footer -->\t\t<\/div>\n\t<\/article>\n<\/li>\n<li class=\"kb-post-list-item\">\n\t<article class=\"entry content-bg loop-entry post-1243 post type-post status-publish format-standard hentry category-cec category-publicacoes tag-55\">\n\t\t\t\t<div class=\"entry-content-wrap\">\n\t\t\t<header class=\"entry-header\">\n\t\t<div class=\"entry-taxonomies\">\n\t\t<span class=\"category-links term-links category-style-normal\">\n\t\t\t<a href=\"https:\/\/wp.ufpel.edu.br\/petfronteiras\/category\/publicacoes\/cec\/\" rel=\"category tag\">CEC<\/a> | <a href=\"https:\/\/wp.ufpel.edu.br\/petfronteiras\/category\/publicacoes\/\" rel=\"category tag\">Publica\u00e7\u00f5es<\/a>\t\t<\/span>\n\t<\/div><!-- .entry-taxonomies -->\n\t<h2 class=\"entry-title\"><a href=\"https:\/\/wp.ufpel.edu.br\/petfronteiras\/2025\/10\/30\/territorios-da-memoria-negra-em-pelotas-quilombo-do-algodao-lastros-do-tempo\/\" rel=\"bookmark\">TERRIT\u00d3RIOS DA MEM\u00d3RIA NEGRA EM PELOTAS: QUILOMBO DO ALGOD\u00c3O \u2013 LASTROS DO TEMPO<\/a><\/h2><\/header><!-- .entry-header -->\n<footer class=\"entry-footer\">\n\t<\/footer><!-- .entry-footer -->\t\t<\/div>\n\t<\/article>\n<\/li>\n<li class=\"kb-post-list-item\">\n\t<article class=\"entry content-bg loop-entry post-1255 post type-post status-publish format-standard hentry category-cec category-publicacoes tag-54\">\n\t\t\t\t<div class=\"entry-content-wrap\">\n\t\t\t<header class=\"entry-header\">\n\t\t<div class=\"entry-taxonomies\">\n\t\t<span class=\"category-links term-links category-style-normal\">\n\t\t\t<a href=\"https:\/\/wp.ufpel.edu.br\/petfronteiras\/category\/publicacoes\/cec\/\" rel=\"category tag\">CEC<\/a> | <a href=\"https:\/\/wp.ufpel.edu.br\/petfronteiras\/category\/publicacoes\/\" rel=\"category tag\">Publica\u00e7\u00f5es<\/a>\t\t<\/span>\n\t<\/div><!-- .entry-taxonomies -->\n\t<h2 class=\"entry-title\"><a href=\"https:\/\/wp.ufpel.edu.br\/petfronteiras\/2025\/10\/30\/todo-dia-20-e-dia-de-zumbitransformando-narrativas-negras-atraves-da-colagem-e-audiovisual-como-ferramentas-de-resistencia\/\" rel=\"bookmark\">TODO DIA 20 \u00c9 DIA DE ZUMBI:TRANSFORMANDO NARRATIVAS NEGRAS ATRAV\u00c9S DA COLAGEM E AUDIOVISUAL COMO FERRAMENTAS DE  RESIST\u00caNCIA<\/a><\/h2><\/header><!-- .entry-header -->\n<footer class=\"entry-footer\">\n\t<\/footer><!-- .entry-footer -->\t\t<\/div>\n\t<\/article>\n<\/li>\n<\/ul><\/div><\/div>\n\n<\/div><\/div>\n\n\n<hr class=\"wp-block-separator has-alpha-channel-opacity\"\/>\n\n\n\n<p><strong>e-Book<\/strong><\/p>\n\n\n<style>.kb-posts-id-1113_c7e917-7a .kb-post-list-item{display:grid;}<\/style><ul class=\"wp-block-kadence-posts kb-posts kadence-posts-list kb-posts-id-1113_c7e917-7a content-wrap grid-cols kb-posts-style-boxed grid-sm-col-2 grid-lg-col-3 item-image-style-above\"><li class=\"kb-post-list-item\">\n\t<article class=\"entry content-bg loop-entry post-1523 post type-post status-publish format-standard hentry category-ebook\">\n\t\t\t\t<div class=\"entry-content-wrap\">\n\t\t\t<header class=\"entry-header\">\n\t\t<div class=\"entry-taxonomies\">\n\t\t<span class=\"category-links term-links category-style-normal\">\n\t\t\t<a href=\"https:\/\/wp.ufpel.edu.br\/petfronteiras\/category\/ebook\/\" rel=\"category tag\">Ebook<\/a>\t\t<\/span>\n\t<\/div><!-- .entry-taxonomies -->\n\t<h2 class=\"entry-title\"><a href=\"https:\/\/wp.ufpel.edu.br\/petfronteiras\/2026\/02\/20\/as-ruas-tambem-arquivam\/\" rel=\"bookmark\">AS RUAS TAMB\u00c9M ARQUIVAM<\/a><\/h2>\t<div class=\"entry-meta entry-meta-divider-dot\">\n\t<span class=\"posted-by\"><span class=\"meta-label\">By<\/span><span class=\"author vcard\"><span class=\"fn n\">petfronteiras<\/span><\/span><\/span>\t\t\t<span class=\"posted-on\">\n\t\t\t\t<time class=\"entry-date published\" datetime=\"2026-02-20T17:37:22-03:00\">20 fev 2026<\/time><time class=\"updated\" datetime=\"2026-02-22T13:02:21-03:00\">22 fev 2026<\/time>\t\t\t<\/span>\n\t\t\t\t<\/div><!-- .entry-meta -->\n\t<\/header><!-- .entry-header -->\n\t<div class=\"entry-summary\">\n\t\t<p>As Ruas Tamb\u00e9m Arquivam Ler mais publica\u00e7\u00f5es no Calam\u00e9o Nas palavras de Janu\u00e1rio Garcia, Este e-book \u00e9 um desdobramento da instala\u00e7\u00e3o urbana composta por 20 lambe-lambes distribu\u00eddos no espa\u00e7o p\u00fablico da cidade de Pelotas\/RS, fixados no tapume da obra p\u00fablica do antigo Grande Hotel. A interven\u00e7\u00e3o se configura como uma a\u00e7\u00e3o gr\u00e1fica de car\u00e1ter pol\u00edtico [&hellip;]<\/p>\n\t<\/div><!-- .entry-summary -->\n\t<footer class=\"entry-footer\">\n\t\t\t<div class=\"entry-actions\">\n\t\t\t<p class=\"more-link-wrap\">\n\t\t\t\t<a href=\"https:\/\/wp.ufpel.edu.br\/petfronteiras\/2026\/02\/20\/as-ruas-tambem-arquivam\/\" class=\"post-more-link\">\n\t\t\t\t\tRead More<span class=\"screen-reader-text\"> AS RUAS TAMB\u00c9M ARQUIVAM<\/span><span class=\"kadence-svg-iconset svg-baseline\"><svg aria-hidden=\"true\" class=\"kadence-svg-icon kadence-arrow-right-alt-svg\" fill=\"currentColor\" version=\"1.1\" xmlns=\"http:\/\/www.w3.org\/2000\/svg\" width=\"27\" height=\"28\" viewBox=\"0 0 27 28\"><title>Continue<\/title><path d=\"M27 13.953c0 0.141-0.063 0.281-0.156 0.375l-6 5.531c-0.156 0.141-0.359 0.172-0.547 0.094-0.172-0.078-0.297-0.25-0.297-0.453v-3.5h-19.5c-0.281 0-0.5-0.219-0.5-0.5v-3c0-0.281 0.219-0.5 0.5-0.5h19.5v-3.5c0-0.203 0.109-0.375 0.297-0.453s0.391-0.047 0.547 0.078l6 5.469c0.094 0.094 0.156 0.219 0.156 0.359v0z\"><\/path>\n\t\t\t<\/svg><\/span>\t\t\t\t<\/a>\n\t\t\t<\/p>\n\t\t<\/div><!-- .entry-actions -->\n\t\t<\/footer><!-- .entry-footer -->\t\t<\/div>\n\t<\/article>\n<\/li>\n<\/ul>","protected":false},"excerpt":{"rendered":"<p>e-Book<\/p>\n","protected":false},"author":1402,"featured_media":0,"parent":0,"menu_order":0,"comment_status":"closed","ping_status":"closed","template":"","meta":{"footnotes":""},"class_list":["post-1113","page","type-page","status-publish","hentry","post"],"jetpack_sharing_enabled":true,"_links":{"self":[{"href":"https:\/\/wp.ufpel.edu.br\/petfronteiras\/wp-json\/wp\/v2\/pages\/1113","targetHints":{"allow":["GET"]}}],"collection":[{"href":"https:\/\/wp.ufpel.edu.br\/petfronteiras\/wp-json\/wp\/v2\/pages"}],"about":[{"href":"https:\/\/wp.ufpel.edu.br\/petfronteiras\/wp-json\/wp\/v2\/types\/page"}],"author":[{"embeddable":true,"href":"https:\/\/wp.ufpel.edu.br\/petfronteiras\/wp-json\/wp\/v2\/users\/1402"}],"replies":[{"embeddable":true,"href":"https:\/\/wp.ufpel.edu.br\/petfronteiras\/wp-json\/wp\/v2\/comments?post=1113"}],"version-history":[{"count":2,"href":"https:\/\/wp.ufpel.edu.br\/petfronteiras\/wp-json\/wp\/v2\/pages\/1113\/revisions"}],"predecessor-version":[{"id":1783,"href":"https:\/\/wp.ufpel.edu.br\/petfronteiras\/wp-json\/wp\/v2\/pages\/1113\/revisions\/1783"}],"wp:attachment":[{"href":"https:\/\/wp.ufpel.edu.br\/petfronteiras\/wp-json\/wp\/v2\/media?parent=1113"}],"curies":[{"name":"wp","href":"https:\/\/api.w.org\/{rel}","templated":true}]}}