{"id":155,"date":"2017-03-09T14:14:19","date_gmt":"2017-03-09T17:14:19","guid":{"rendered":"https:\/\/wp.ufpel.edu.br\/petdiversidade\/?page_id=155"},"modified":"2026-08-22T15:33:51","modified_gmt":"2026-08-22T18:33:51","slug":"petianos","status":"publish","type":"page","link":"https:\/\/wp.ufpel.edu.br\/petdiversidade\/petianos\/","title":{"rendered":"Petianos"},"content":{"rendered":"<p><span style=\"font-family: impact, sans-serif; font-size: 18pt;\"><a href=\"https:\/\/wp.ufpel.edu.br\/petdiversidade\/files\/2026\/08\/CAROLINE-FAGUNDES-MENDES-189x252-1.png\"><img loading=\"lazy\" decoding=\"async\" class=\"alignleft size-full wp-image-1668\" src=\"https:\/\/wp.ufpel.edu.br\/petdiversidade\/files\/2026\/08\/CAROLINE-FAGUNDES-MENDES-189x252-1.png\" alt=\"\" width=\"189\" height=\"252\" srcset=\"https:\/\/wp.ufpel.edu.br\/petdiversidade\/files\/2026\/08\/CAROLINE-FAGUNDES-MENDES-189x252-1.png 189w, https:\/\/wp.ufpel.edu.br\/petdiversidade\/files\/2026\/08\/CAROLINE-FAGUNDES-MENDES-189x252-1-119x159.png 119w\" sizes=\"auto, (max-width: 189px) 100vw, 189px\" \/><\/a>CAROLINE FAGUNDES MENDES<\/span><\/p>\n<p>Acad\u00eamica do curso de Terapia Ocupacional (UFPel)<\/p>\n<p><a href=\"http:\/\/lattes.cnpq.br\/4545469973249612\">Curr\u00edculo Lattes<\/a><\/p>\n<p>&nbsp;<\/p>\n<p>&nbsp;<\/p>\n<p>&nbsp;<\/p>\n<p><span style=\"font-family: impact, sans-serif; font-size: 18pt;\"><a href=\"https:\/\/wp.ufpel.edu.br\/petdiversidade\/files\/2026\/08\/HELOISE-DUARTE-GONCALVES-189X252.png\"><img loading=\"lazy\" decoding=\"async\" class=\"alignleft size-full wp-image-1674\" src=\"https:\/\/wp.ufpel.edu.br\/petdiversidade\/files\/2026\/08\/HELOISE-DUARTE-GONCALVES-189X252.png\" alt=\"\" width=\"189\" height=\"252\" srcset=\"https:\/\/wp.ufpel.edu.br\/petdiversidade\/files\/2026\/08\/HELOISE-DUARTE-GONCALVES-189X252.png 189w, https:\/\/wp.ufpel.edu.br\/petdiversidade\/files\/2026\/08\/HELOISE-DUARTE-GONCALVES-189X252-119x159.png 119w\" sizes=\"auto, (max-width: 189px) 100vw, 189px\" \/><\/a>HELOISE DUARTE GONCALVES<\/span><\/p>\n<p>Acad\u00eamica do curso de Psicologia (UFPel)<\/p>\n<p>Curr\u00edculo Lattes<\/p>\n<p>&nbsp;<\/p>\n<p>&nbsp;<\/p>\n<p>&nbsp;<\/p>\n<p><span style=\"font-family: impact, sans-serif; font-size: 18pt;\"><a href=\"https:\/\/wp.ufpel.edu.br\/petdiversidade\/files\/2026\/08\/ISABELA-NUNES-BRIM-189x252-1.png\"><img loading=\"lazy\" decoding=\"async\" class=\"alignleft size-full wp-image-1686\" src=\"https:\/\/wp.ufpel.edu.br\/petdiversidade\/files\/2026\/08\/ISABELA-NUNES-BRIM-189x252-1.png\" alt=\"\" width=\"189\" height=\"252\" srcset=\"https:\/\/wp.ufpel.edu.br\/petdiversidade\/files\/2026\/08\/ISABELA-NUNES-BRIM-189x252-1.png 189w, https:\/\/wp.ufpel.edu.br\/petdiversidade\/files\/2026\/08\/ISABELA-NUNES-BRIM-189x252-1-119x159.png 119w\" sizes=\"auto, (max-width: 189px) 100vw, 189px\" \/><\/a>ISABELA NUNES BRIM<\/span><\/p>\n<p>Acad\u00eamica do curso de Rela\u00e7\u00f5es Internacionais (UFPel)<\/p>\n<p><a href=\"http:\/\/lattes.cnpq.br\/4068311396484049\">Curr\u00edculo Lattes<\/a><\/p>\n<p>&nbsp;<\/p>\n<p>&nbsp;<\/p>\n<p>&nbsp;<\/p>\n<p><span style=\"font-family: impact, sans-serif; font-size: 18pt;\"><a href=\"https:\/\/wp.ufpel.edu.br\/petdiversidade\/files\/2026\/08\/KAUANE-FERREIRA-MARQUES-189x252-1.png\"><img loading=\"lazy\" decoding=\"async\" class=\"alignleft size-full wp-image-1898\" src=\"https:\/\/wp.ufpel.edu.br\/petdiversidade\/files\/2026\/08\/KAUANE-FERREIRA-MARQUES-189x252-1.png\" alt=\"\" width=\"189\" height=\"252\" srcset=\"https:\/\/wp.ufpel.edu.br\/petdiversidade\/files\/2026\/08\/KAUANE-FERREIRA-MARQUES-189x252-1.png 189w, https:\/\/wp.ufpel.edu.br\/petdiversidade\/files\/2026\/08\/KAUANE-FERREIRA-MARQUES-189x252-1-119x159.png 119w\" sizes=\"auto, (max-width: 189px) 100vw, 189px\" \/><\/a>KAUANE FERREIRA MARQUES<\/span><\/p>\n<p>Acad\u00eamica do curso de Medicina (UFPel)<\/p>\n<p><a href=\"http:\/\/lattes.cnpq.br\/2019432914789177\">Curr\u00edculo Lattes<\/a><\/p>\n<p>&nbsp;<\/p>\n<p>&nbsp;<\/p>\n<p>&nbsp;<\/p>\n<p><span style=\"font-family: impact, sans-serif; font-size: 18pt;\"><a href=\"https:\/\/wp.ufpel.edu.br\/petdiversidade\/files\/2026\/08\/LENIZE-NIBELLI-FERREIRA-BORGES-189x252-1.png\"><img loading=\"lazy\" decoding=\"async\" class=\"alignleft size-full wp-image-1894\" src=\"https:\/\/wp.ufpel.edu.br\/petdiversidade\/files\/2026\/08\/LENIZE-NIBELLI-FERREIRA-BORGES-189x252-1.png\" alt=\"\" width=\"189\" height=\"252\" srcset=\"https:\/\/wp.ufpel.edu.br\/petdiversidade\/files\/2026\/08\/LENIZE-NIBELLI-FERREIRA-BORGES-189x252-1.png 189w, https:\/\/wp.ufpel.edu.br\/petdiversidade\/files\/2026\/08\/LENIZE-NIBELLI-FERREIRA-BORGES-189x252-1-119x159.png 119w\" sizes=\"auto, (max-width: 189px) 100vw, 189px\" \/><\/a>LENIZE NIBELLI FERREIRA BORGES<\/span><\/p>\n<p>Acad\u00eamica do curso de Educa\u00e7\u00e3o F\u00edsica Licenciatura (UFPel)<\/p>\n<p><a href=\"http:\/\/lattes.cnpq.br\/9302331939012368\">Curr\u00edculo Lattes<\/a><\/p>\n<p>&nbsp;<\/p>\n<p>&nbsp;<\/p>\n<p>&nbsp;<\/p>\n<p><span style=\"font-family: georgia, palatino, serif;\"><span style=\"font-size: 18pt; font-family: impact, sans-serif;\"><a href=\"https:\/\/wp.ufpel.edu.br\/petdiversidade\/files\/2026\/08\/LUCIMARA-LIBARINO-SILVA-189x252-1.png\"><img loading=\"lazy\" decoding=\"async\" class=\"alignleft size-full wp-image-1658\" src=\"https:\/\/wp.ufpel.edu.br\/petdiversidade\/files\/2026\/08\/LUCIMARA-LIBARINO-SILVA-189x252-1.png\" alt=\"\" width=\"189\" height=\"252\" srcset=\"https:\/\/wp.ufpel.edu.br\/petdiversidade\/files\/2026\/08\/LUCIMARA-LIBARINO-SILVA-189x252-1.png 189w, https:\/\/wp.ufpel.edu.br\/petdiversidade\/files\/2026\/08\/LUCIMARA-LIBARINO-SILVA-189x252-1-119x159.png 119w\" sizes=\"auto, (max-width: 189px) 100vw, 189px\" \/><\/a>LUCIMARA LIBARINO SILVA<\/span><\/span><\/p>\n<p>Acad\u00eamica do curso de Direito (UFPel)<\/p>\n<p><a href=\"https:\/\/lattes.cnpq.br\/9831943351633327\"><span dir=\"auto\" style=\"vertical-align: inherit;\">Curr\u00edculo Lattes<\/span><\/a><\/p>\n<p>&nbsp;<\/p>\n<p>&nbsp;<\/p>\n<p>&nbsp;<\/p>\n<p><span style=\"font-family: impact, sans-serif; font-size: 18pt;\"><a href=\"https:\/\/wp.ufpel.edu.br\/petdiversidade\/files\/2026\/08\/LUIZA-DUARTE-KLEIN-BARBOSA-189x252-1.png\"><img loading=\"lazy\" decoding=\"async\" class=\"alignleft size-full wp-image-1660\" src=\"https:\/\/wp.ufpel.edu.br\/petdiversidade\/files\/2026\/08\/LUIZA-DUARTE-KLEIN-BARBOSA-189x252-1.png\" alt=\"\" width=\"189\" height=\"252\" srcset=\"https:\/\/wp.ufpel.edu.br\/petdiversidade\/files\/2026\/08\/LUIZA-DUARTE-KLEIN-BARBOSA-189x252-1.png 189w, https:\/\/wp.ufpel.edu.br\/petdiversidade\/files\/2026\/08\/LUIZA-DUARTE-KLEIN-BARBOSA-189x252-1-119x159.png 119w\" sizes=\"auto, (max-width: 189px) 100vw, 189px\" \/><\/a>LUIZA DE OLIVEIRA TAROUCO<\/span><\/p>\n<p>Acad\u00eamica do curso de Arquitetura e Urbanismo (UFPel)<\/p>\n<p><a href=\"https:\/\/wwws.cnpq.br\/cvlattesweb\/PKG_MENU.menu?f_cod=77290682B7E446895F79F5E79CCEF55C#\">Curr\u00edculo Lattes<\/a><\/p>\n<p>&nbsp;<\/p>\n<p>&nbsp;<\/p>\n<p>&nbsp;<\/p>\n<p><span style=\"font-family: impact, sans-serif; font-size: 18pt;\"><a href=\"https:\/\/wp.ufpel.edu.br\/petdiversidade\/files\/2026\/08\/LUIZA-DUARTE-KLEIN-BARBOSA-189x252-2.png\"><img loading=\"lazy\" decoding=\"async\" class=\"alignleft size-full wp-image-1886\" src=\"https:\/\/wp.ufpel.edu.br\/petdiversidade\/files\/2026\/08\/LUIZA-DUARTE-KLEIN-BARBOSA-189x252-2.png\" alt=\"\" width=\"189\" height=\"252\" srcset=\"https:\/\/wp.ufpel.edu.br\/petdiversidade\/files\/2026\/08\/LUIZA-DUARTE-KLEIN-BARBOSA-189x252-2.png 189w, https:\/\/wp.ufpel.edu.br\/petdiversidade\/files\/2026\/08\/LUIZA-DUARTE-KLEIN-BARBOSA-189x252-2-119x159.png 119w\" sizes=\"auto, (max-width: 189px) 100vw, 189px\" \/><\/a>LUIZA DUARTE KLEIN BARBOSA<\/span><\/p>\n<p>Acad\u00eamica do curso de Psicologia (UFPel)<\/p>\n<p><a href=\"http:\/\/lattes.cnpq.br\/7479635696913287\">Curr\u00edculo Lattes<\/a><\/p>\n<p>&nbsp;<\/p>\n<p>&nbsp;<\/p>\n<p>&nbsp;<\/p>\n<p><span style=\"font-size: 18pt; font-family: impact, sans-serif;\"><a href=\"https:\/\/wp.ufpel.edu.br\/petdiversidade\/files\/2026\/08\/MARIA-FERNANDA-FERNANDES-DOS-SANTOS-189x252-1.png\"><img loading=\"lazy\" decoding=\"async\" class=\"alignleft size-full wp-image-1889\" src=\"https:\/\/wp.ufpel.edu.br\/petdiversidade\/files\/2026\/08\/MARIA-FERNANDA-FERNANDES-DOS-SANTOS-189x252-1.png\" alt=\"\" width=\"189\" height=\"252\" srcset=\"https:\/\/wp.ufpel.edu.br\/petdiversidade\/files\/2026\/08\/MARIA-FERNANDA-FERNANDES-DOS-SANTOS-189x252-1.png 189w, https:\/\/wp.ufpel.edu.br\/petdiversidade\/files\/2026\/08\/MARIA-FERNANDA-FERNANDES-DOS-SANTOS-189x252-1-119x159.png 119w\" sizes=\"auto, (max-width: 189px) 100vw, 189px\" \/><\/a>MARIA FERNANDA FERNANDES DOS SANTOS<\/span><\/p>\n<p><span dir=\"auto\" style=\"vertical-align: inherit;\">Acad\u00eamica do Curso de Psicologia (UFPel)<\/span><\/p>\n<p><a href=\"http:\/\/lattes.cnpq.br\/1732752932159736\"><span dir=\"auto\" style=\"vertical-align: inherit;\">Curr\u00edculo Lattes<\/span><\/a><\/p>\n<p>&nbsp;<\/p>\n<p>&nbsp;<\/p>\n<p>&nbsp;<\/p>\n<p><span style=\"font-family: impact, sans-serif; font-size: 18pt;\"><a href=\"https:\/\/wp.ufpel.edu.br\/petdiversidade\/files\/2026\/08\/MARIA-FERNANDA-GHISI-189x252-1.png\"><img loading=\"lazy\" decoding=\"async\" class=\"alignleft size-full wp-image-1789\" src=\"https:\/\/wp.ufpel.edu.br\/petdiversidade\/files\/2026\/08\/MARIA-FERNANDA-GHISI-189x252-1.png\" alt=\"\" width=\"189\" height=\"252\" srcset=\"https:\/\/wp.ufpel.edu.br\/petdiversidade\/files\/2026\/08\/MARIA-FERNANDA-GHISI-189x252-1.png 189w, https:\/\/wp.ufpel.edu.br\/petdiversidade\/files\/2026\/08\/MARIA-FERNANDA-GHISI-189x252-1-119x159.png 119w\" sizes=\"auto, (max-width: 189px) 100vw, 189px\" \/><\/a>MARIA FERNANDA GHISI<\/span><\/p>\n<p>Acad\u00eamica do curso de Geografia (UFPel)<\/p>\n<p><a href=\"http:\/\/lattes.cnpq.br\/9175557244460962\">Curr\u00edculo Lattes<\/a><\/p>\n<p>&nbsp;<\/p>\n<p>&nbsp;<\/p>\n<p>&nbsp;<\/p>\n<p><span style=\"font-size: 18pt; font-family: impact, sans-serif;\"><a href=\"https:\/\/wp.ufpel.edu.br\/petdiversidade\/files\/2026\/08\/MATEUS-RIBEIRO-DA-SILVA-DE-MELO-189x252-1.png\"><img loading=\"lazy\" decoding=\"async\" class=\"alignleft size-full wp-image-1688\" src=\"https:\/\/wp.ufpel.edu.br\/petdiversidade\/files\/2026\/08\/MATEUS-RIBEIRO-DA-SILVA-DE-MELO-189x252-1.png\" alt=\"\" width=\"189\" height=\"252\" srcset=\"https:\/\/wp.ufpel.edu.br\/petdiversidade\/files\/2026\/08\/MATEUS-RIBEIRO-DA-SILVA-DE-MELO-189x252-1.png 189w, https:\/\/wp.ufpel.edu.br\/petdiversidade\/files\/2026\/08\/MATEUS-RIBEIRO-DA-SILVA-DE-MELO-189x252-1-119x159.png 119w\" sizes=\"auto, (max-width: 189px) 100vw, 189px\" \/><\/a>MATEUS RIBEIRO DA SILVA DE MELO<\/span><\/p>\n<p><span dir=\"auto\" style=\"vertical-align: inherit;\">Acad\u00eamico do curso de Medicina (UFPel)<\/span><\/p>\n<p><a href=\"http:\/\/lattes.cnpq.br\/1269460695306876\" target=\"_blank\" rel=\"noopener\"><span dir=\"auto\" style=\"vertical-align: inherit;\">Curr\u00edculo Lattes<\/span><\/a><\/p>\n<p>&nbsp;<\/p>\n<p>&nbsp;<\/p>\n<p>&nbsp;<\/p>\n<p><span style=\"font-family: impact, sans-serif; font-size: 18pt;\"><a href=\"https:\/\/wp.ufpel.edu.br\/petdiversidade\/files\/2026\/08\/VINICIUS-DIOGO-PAZ-AMORIM-189x252-1.png\"><img loading=\"lazy\" decoding=\"async\" class=\"alignleft size-full wp-image-1892\" src=\"https:\/\/wp.ufpel.edu.br\/petdiversidade\/files\/2026\/08\/VINICIUS-DIOGO-PAZ-AMORIM-189x252-1.png\" alt=\"\" width=\"189\" height=\"252\" srcset=\"https:\/\/wp.ufpel.edu.br\/petdiversidade\/files\/2026\/08\/VINICIUS-DIOGO-PAZ-AMORIM-189x252-1.png 189w, https:\/\/wp.ufpel.edu.br\/petdiversidade\/files\/2026\/08\/VINICIUS-DIOGO-PAZ-AMORIM-189x252-1-119x159.png 119w\" sizes=\"auto, (max-width: 189px) 100vw, 189px\" \/><\/a>VINICIUS DIOGO PAZ AMORIM<\/span><\/p>\n<p>Acad\u00eamico do Curso de Rela\u00e7\u00f5es Internacionais (UFPel)<\/p>\n<p><a href=\"http:\/\/lattes.cnpq.br\/0461082453534704\"><span dir=\"auto\" style=\"vertical-align: inherit;\">Curr\u00edculo Lattes<\/span><\/a><\/p>\n<p>&nbsp;<\/p>\n<p>&nbsp;<\/p>\n<p>&nbsp;<\/p>\n","protected":false},"excerpt":{"rendered":"<p>CAROLINE FAGUNDES MENDES Acad\u00eamica do curso de Terapia Ocupacional (UFPel) Curr\u00edculo Lattes &nbsp; &nbsp; &nbsp; HELOISE DUARTE GONCALVES Acad\u00eamica do curso de Psicologia (UFPel) Curr\u00edculo Lattes &nbsp; &nbsp; &nbsp; ISABELA NUNES BRIM Acad\u00eamica do curso de Rela\u00e7\u00f5es Internacionais (UFPel) Curr\u00edculo Lattes &nbsp; &nbsp; &nbsp; KAUANE FERREIRA MARQUES Acad\u00eamica do curso de Medicina (UFPel) Curr\u00edculo Lattes [&hellip;]<\/p>\n","protected":false},"author":365,"featured_media":0,"parent":0,"menu_order":0,"comment_status":"closed","ping_status":"closed","template":"","meta":{"footnotes":""},"class_list":["post-155","page","type-page","status-publish","hentry"],"jetpack_sharing_enabled":true,"_links":{"self":[{"href":"https:\/\/wp.ufpel.edu.br\/petdiversidade\/wp-json\/wp\/v2\/pages\/155","targetHints":{"allow":["GET"]}}],"collection":[{"href":"https:\/\/wp.ufpel.edu.br\/petdiversidade\/wp-json\/wp\/v2\/pages"}],"about":[{"href":"https:\/\/wp.ufpel.edu.br\/petdiversidade\/wp-json\/wp\/v2\/types\/page"}],"author":[{"embeddable":true,"href":"https:\/\/wp.ufpel.edu.br\/petdiversidade\/wp-json\/wp\/v2\/users\/365"}],"replies":[{"embeddable":true,"href":"https:\/\/wp.ufpel.edu.br\/petdiversidade\/wp-json\/wp\/v2\/comments?post=155"}],"version-history":[{"count":4,"href":"https:\/\/wp.ufpel.edu.br\/petdiversidade\/wp-json\/wp\/v2\/pages\/155\/revisions"}],"predecessor-version":[{"id":1899,"href":"https:\/\/wp.ufpel.edu.br\/petdiversidade\/wp-json\/wp\/v2\/pages\/155\/revisions\/1899"}],"wp:attachment":[{"href":"https:\/\/wp.ufpel.edu.br\/petdiversidade\/wp-json\/wp\/v2\/media?parent=155"}],"curies":[{"name":"wp","href":"https:\/\/api.w.org\/{rel}","templated":true}]}}