{"id":291,"date":"2018-05-21T16:04:45","date_gmt":"2018-05-21T19:04:45","guid":{"rendered":"https:\/\/wp.ufpel.edu.br\/petartesvisuais\/?page_id=291"},"modified":"2025-04-10T20:25:49","modified_gmt":"2025-04-10T23:25:49","slug":"comum-idade","status":"publish","type":"page","link":"https:\/\/wp.ufpel.edu.br\/petartesvisuais\/comum-idade\/","title":{"rendered":"Extens\u00e3o, Exposi\u00e7\u00f5es, Produ\u00e7\u00e3o e Mostras de v\u00eddeo."},"content":{"rendered":"<p><strong>2025<\/strong><\/p>\n<p>1-) Extens\u00e3o<\/p>\n<ul>\n<li><\/li>\n<\/ul>\n<p>2-) Exposi\u00e7\u00f5es<\/p>\n<ul>\n<li><\/li>\n<\/ul>\n<p>3-) Produ\u00e7\u00e3o e mostras de v\u00eddeo<\/p>\n<ul>\n<li><\/li>\n<\/ul>\n<p><strong>2024<\/strong><\/p>\n<p>1-) Extens\u00e3o<\/p>\n<ul>\n<li><a href=\"https:\/\/wp.ufpel.edu.br\/mostradecursos\/\"><span style=\"font-weight: 400;\">MOSTRA DE CURSOS UFPEL<\/span><\/a><\/li>\n<li><a href=\"https:\/\/wp.ufpel.edu.br\/petartesvisuais\/2025\/04\/10\/pet-cultura-entrevista-com-amarelinho-_-carnaval-2024-parceria-com-bloco-burlesco-bruxa-da-varzea\/\">Carnaval 2024<\/a><\/li>\n<\/ul>\n<p>2-) Exposi\u00e7\u00f5es<\/p>\n<ul>\n<li><a href=\"https:\/\/wp.ufpel.edu.br\/petartesvisuais\/2024\/09\/26\/exposicao-afeto-trajetografia\/\">Exposi\u00e7\u00e3o &#8220;Afeto-trajetografia&#8221; &#8211; LEME\u00a0 (IFISP)<\/a><\/li>\n<li><a href=\"https:\/\/wp.ufpel.edu.br\/ifisp\/?p=3089\">Exposi\u00e7\u00e3o &#8220;Carta ao pai&#8221; &#8211; LEME\u00a0 (IFISP)<\/a><\/li>\n<li><a href=\"https:\/\/wp.ufpel.edu.br\/ifisp\/?p=2562\">Exposi\u00e7\u00e3o &#8220;Vazante&#8221; &#8211; LEME (IFISP)<\/a><\/li>\n<li><a href=\"https:\/\/wp.ufpel.edu.br\/ifisp\/?p=2324\">Exposi\u00e7\u00e3o &#8220;Zona de Imers\u00e3o&#8221; &#8211; LEME (IFISP)<\/a><\/li>\n<\/ul>\n<p>&nbsp;<\/p>\n<p><strong>2023<\/strong><\/p>\n<p>1-) Extens\u00e3o<\/p>\n<ul>\n<li><a href=\"https:\/\/www.instagram.com\/reel\/CiL4mRzDR2x\/?utm_source=ig_web_copy_link&amp;igsh=MzRlODBiNWFlZA==\">Chamada aberta da PETELECO tema &#8220;curta-metragens&#8221;<\/a><\/li>\n<li><a href=\"https:\/\/www.facebook.com\/pepercusufpel\/?locale=pt_BR\"><span style=\"font-weight: 400;\">PROGRAMA DE EXTENS\u00c3O EM PERCUSS\u00c3O DA UFPEL &#8211; PEPEU<\/span><\/a><\/li>\n<li><a href=\"https:\/\/ifrs.edu.br\/campus-rio-grande-do-ifrs-sedia-mostra-de-cinema-latino-americano-de-rio-grande\/#:~:text=A%205%C2%AA%20edi%C3%A7%C3%A3o%20da%20Mostra,no%20Rio%20Grande%20do%20Sul.\"><span style=\"font-weight: 400;\">5\u00aa Mostra de Cinema Latino-Americano de Rio Grande<\/span><\/a><\/li>\n<li><a href=\"https:\/\/www.instagram.com\/cineclubeofcine\/\"><span style=\"font-weight: 400;\">Cineclube OfCine<\/span><\/a><\/li>\n<li><a href=\"https:\/\/www.instagram.com\/cine.cassiopeia.ufpel\/\"><span style=\"font-weight: 400;\">CINECLUBE CASSIOPEIA<\/span><\/a><\/li>\n<li><a href=\"https:\/\/wp.ufpel.edu.br\/petartesvisuais\/2024\/03\/11\/pet-e-hospital-escola\/\">Hospital Escola &#8211; Mural para maternidade<\/a><\/li>\n<li><a href=\"https:\/\/wp.ufpel.edu.br\/ca\/centro-de-artes-da-universidade-federal-de-pelotas-abriu-suas-portas-em-evento-mundo-ufpel-apresentando-uma-variedade-de-atividades-a-comunidade\/\"><span style=\"font-weight: 400;\">MUNDO UFPEL<\/span><\/a><\/li>\n<li><a href=\"https:\/\/wp.ufpel.edu.br\/mostradecursos\/2023\/11\/07\/mostra-de-cursos-tem-nova-data-06-12\/\"><span style=\"font-weight: 400;\">MOSTRA DE CURSOS UFPEL<\/span><\/a><\/li>\n<\/ul>\n<p>&nbsp;<\/p>\n<p>2-) Exposi\u00e7\u00f5es<\/p>\n<ul>\n<li><a href=\"https:\/\/wp.ufpel.edu.br\/petartesvisuais\/2024\/03\/11\/pet-peformar-2023\/\">Participa\u00e7\u00e3o no Festival Internacional de Performance &#8211; FUNDO, apresentando a performance \u2018Estudo sobre Adora\u00e7\u00e3o\u2019 e <span style=\"font-weight: 400;\">&#8216;Palavrofagia&#8217;<\/span><\/a><\/li>\n<li><a href=\"https:\/\/wp.ufpel.edu.br\/petartesvisuais\/2024\/03\/11\/pet-peformar-2023\/\">Participa\u00e7\u00e3o no FESTIM &#8211; Comest\u00edveis para um Deleite, apresentando a performance \u2018Devor\u00ea Escarlate\u2019 e <span style=\"font-weight: 400;\">&#8216;Palavrofagia&#8217;<\/span><\/a><\/li>\n<li style=\"font-weight: 400;\" aria-level=\"1\"><span style=\"font-weight: 400;\">\u00a0<a href=\"https:\/\/wp.ufpel.edu.br\/petartesvisuais\/2024\/03\/11\/20-anos-da-galeria-a-2023\/\">Montagem dos 30 anos da Galeria A ;<\/a><\/span><\/li>\n<li><a href=\"https:\/\/ccs2.ufpel.edu.br\/wp\/2023\/04\/24\/galeria-a-sala-recebe-exposicao-ha-algo-entre-nos\/\"><span style=\"font-weight: 400;\">Exposi\u00e7\u00e3o <\/span><i><span style=\"font-weight: 400;\">H\u00e1 algo entre n\u00f3s <\/span><\/i><span style=\"font-weight: 400;\">&#8211; Galeria A Sala <\/span><\/a><\/li>\n<li><a href=\"https:\/\/www.ecarta.org.br\/projetos\/galeria-ecarta\/eu-ja-sei-brilhar-%E2%98%86\/\"><span style=\"font-weight: 400;\">Exposi\u00e7\u00e3o <\/span><i><span style=\"font-weight: 400;\">Eu j\u00e1 sei brilhar <\/span><\/i><span style=\"font-weight: 400;\">&#8211; Funda\u00e7\u00e3o Ecarta<\/span><\/a><\/li>\n<li><a href=\"https:\/\/www.ribeiraopreto.sp.gov.br\/portal\/noticia\/48-salao-de-arte-de-ribeirao-preto-bate-recorde-de-inscricoes\"><i><span style=\"font-weight: 400;\">48o Sal\u00e3o de Arte de Ribeir\u00e3o Preto <\/span><\/i><span style=\"font-weight: 400;\">&#8211; Museu de Arte de Ribeir\u00e3o Preto, SP\u00a0<\/span><\/a><\/li>\n<li><a href=\"https:\/\/www.gov.br\/funarte\/pt-br\/assuntos\/noticias\/todas-noticias\/exposicao-coletiva-2018pedacinhos-island2019-reune-18-artistas-na-funarte-sp\"><span style=\"font-weight: 400;\">Exposi\u00e7\u00e3o <\/span><i><span style=\"font-weight: 400;\">Pedacinho&#8217;s Island<\/span><\/i><span style=\"font-weight: 400;\"> &#8211; Complexo Cultural Funarte SP<\/span><\/a><\/li>\n<li><a href=\"https:\/\/uenp.edu.br\/noticias\/item\/4096-uenp-realiza-abertura-do-38-salao-de-artes-plasticas-de-jacarezinho\"><i><span style=\"font-weight: 400;\">38o Sal\u00e3o de Artes Pl\u00e1sticas de Jacarezinho &#8211; <\/span><\/i><span style=\"font-weight: 400;\">Jacarezinho, PR<\/span><\/a><\/li>\n<li><span style=\"font-weight: 400;\">Exposi\u00e7\u00e3o documental e instala\u00e7\u00e3o coletiva <\/span><i><span style=\"font-weight: 400;\">Sintomas da Arte Contempor\u00e2nea Brasileira: Press\u00e1gios Provis\u00f3rios.<\/span><\/i><span style=\"font-weight: 400;\"> Universidade Federal de Pelotas<\/span><\/li>\n<li><span style=\"font-weight: 400;\">MOSTRA DE TRABALHO ANIMADO- exposi\u00e7\u00e3o de flipbooks no bloco 2 do Centro de Artes.<\/span><\/li>\n<li><span style=\"font-weight: 400;\">Exposi\u00e7\u00e3o <\/span><i><span style=\"font-weight: 400;\">Projeto de Cartaz<\/span><\/i><span style=\"font-weight: 400;\"> na Suldesign Galeria.<\/span><\/li>\n<li style=\"font-weight: 400;\" aria-level=\"1\"><span style=\"font-weight: 400;\">Exposi\u00e7\u00e3o Floresta idealizada pelo LabGRAF &#8211; UFSM, com o trabalho exposto: \u201cRizoma\u201d (2023), cartaz\u00a0que integra a publica\u00e7\u00e3o art\u00edstica Quebrar a Dorm\u00eancia realizada pelo projeto de pesquisa Lugares Livro.<\/span><\/li>\n<\/ul>\n<p>&nbsp;<\/p>\n<p>3-) Produ\u00e7\u00e3o e mostras de v\u00eddeo<\/p>\n<ul>\n<li><span style=\"font-weight: 400;\">Desenho de som do filme: Carciniza\u00e7\u00e3o, projeto de TCC pratico do aluno Denis Gabriel de Sousa. 2022\/2023.<\/span><\/li>\n<li><span style=\"font-weight: 400;\">Dire\u00e7\u00e3o\/desenho de Som e Assistencia de Fotografia no filme: Quando Foi Que Acordei? (2024), projeto de TCC pr\u00e1tico dos alunos Mariana Correia, Luiz Fernando Rodolfo e Pedro Bournokian.<\/span><\/li>\n<li><span style=\"font-weight: 400;\">Dire\u00e7\u00e3o e Produ\u00e7\u00e3o do filme: PUNKTAL (2024), projeto de TCC pr\u00e1tico dos alunos Francisco Franco Bombazar e Adler Correia.<\/span><\/li>\n<li><span style=\"font-weight: 400;\">Grava\u00e7\u00e3o do projeto piloto \u2013 Olhares Percussivos. Video \u2013 aula de tamborim com Gabriel Pinheiro.\u00a0<\/span><\/li>\n<li><span style=\"font-weight: 400;\">Capta\u00e7\u00e3o de \u00e1udio para bateria de percuss\u00e3o Dona da Noite.<\/span><\/li>\n<li><span style=\"font-weight: 400;\">Assist\u00eancia de Fotografia no filme: Linhas do tempo (2024) dire\u00e7\u00e3o de Giovanna Guedes.<\/span><\/li>\n<li><span style=\"font-weight: 400;\">Capta\u00e7\u00e3o de entrevistas para monografia de Paola Eckert do curso de turismo bacharelado &#8211; UFPel.<\/span><\/li>\n<li><span style=\"font-weight: 400;\">Capta\u00e7\u00e3o Recital de conclus\u00e3o de curso aluno Rafael Alexsander do curso de Composi\u00e7\u00e3o bacharelado.<\/span><\/li>\n<li style=\"font-weight: 400;\" aria-level=\"1\"><span style=\"font-weight: 400;\">Produ\u00e7\u00e3o executiva no curta-metragem \u201cQuando foi que acordei?\u201d;<\/span><\/li>\n<li style=\"font-weight: 400;\" aria-level=\"1\"><span style=\"font-weight: 400;\">Assist\u00eancia de fotografia no curta-metragem \u201cPunktal\u201d;<\/span><\/li>\n<li style=\"font-weight: 400;\" aria-level=\"1\"><span style=\"font-weight: 400;\">Grava\u00e7\u00e3o em VHS da Mostra de Cria\u00e7\u00e3o Musical dos alunos do Curso de Composi\u00e7\u00e3o UFPEL. Disciplina do Prof. Felipe Merker.<\/span><\/li>\n<li aria-level=\"1\"><span style=\"font-weight: 400;\">Grava\u00e7\u00e3o de registros audiovisuais e produ\u00e7\u00e3o de v\u00eddeo para redes sociais da montagem da exposi\u00e7\u00e3o de 20 anos da Galeria A Sala.<\/span><\/li>\n<li aria-level=\"1\">Capta\u00e7\u00e3o de imagens do evento: FESTIM &#8211; Comest\u00edveis para um Deleite<\/li>\n<li style=\"font-weight: 400;\" aria-level=\"1\"><span style=\"font-weight: 400;\">Produ\u00e7\u00e3o da videoarte \u201c<\/span><i><span style=\"font-weight: 400;\">De Est\u00f4mago Vazio Hoje, Morro de Fome Amanh\u00e3<\/span><\/i><span style=\"font-weight: 400;\">\u201d<\/span> <span style=\"font-weight: 400;\">para a 3\u00b0 edi\u00e7\u00e3o da Mostra de Videoarte Stop Motion [MVSM]<\/span><\/li>\n<li style=\"font-weight: 400;\" aria-level=\"1\"><b>Em Carne Viva.<\/b><span style=\"font-weight: 400;\"> Projeto de Anima\u00e7\u00e3o em Stop Motion realizado como Trabalho De Conclus\u00e3o de Curso\/ Pr\u00e1tico em Cinema de Anima\u00e7\u00e3o. Produtora, Diretora de Arte, Animadora, Roteirista de Som.<\/span><\/li>\n<li style=\"font-weight: 400;\" aria-level=\"1\"><b>Punkta<\/b><span style=\"font-weight: 400;\">l &#8211; Assist\u00eancia de Arte no curta metragem dirigido por Francisco Franco Bombazar.<\/span><\/li>\n<li style=\"font-weight: 400;\" aria-level=\"1\"><span style=\"font-weight: 400;\"><strong>\u201cMostra Intoler\u00e2ncia e Juventude: o ressurgimento de projetos pol\u00edticos totalit\u00e1rios\u201c<\/strong>, realizada pelo Cineclube OfCine;<\/span><\/li>\n<li style=\"font-weight: 400;\" aria-level=\"1\"><span style=\"font-weight: 400;\"><strong>\u201cMostra Especial de Dia das Bruxas\u201c<\/strong>, realizada pelo Cineclube OfCine;<\/span><\/li>\n<li style=\"font-weight: 400;\" aria-level=\"1\"><span style=\"font-weight: 400;\">Exibi\u00e7\u00e3o dos curta-metragens \u201cNingu\u00e9m saiu ferido\u201d, \u201cn\u00ba 3\u201d, \u201cQuando foi que acordei?\u201d e \u201cPunktal\u201d na <strong>Mostra dos cursos de Cinema da UFPel;<\/strong><\/span><\/li>\n<li style=\"font-weight: 400;\" aria-level=\"1\"><span style=\"font-weight: 400;\">Exibi\u00e7\u00e3o do curta-metragem \u201cQuando foi que acordei?\u201d em sess\u00e3o do <strong>cineclube Transviada;<\/strong><\/span><\/li>\n<li style=\"font-weight: 400;\" aria-level=\"1\"><b>51\u00ba Festival de Cinema de Gramado &#8211; <\/b><span style=\"font-weight: 400;\">Carciniza\u00e7\u00e3o<\/span> <span style=\"font-weight: 400;\">(Pr\u00eamio de Melhor Desenho de Som) \/ Exibi\u00e7\u00e3o: <i>Combust\u00e3o Espont\u00e2nea (2023).<\/i><\/span><\/li>\n<li style=\"font-weight: 400;\" aria-level=\"1\"><span style=\"font-weight: 400;\">\u00a0<\/span><b>3\u00b0 Mostra de Videoarte Stop Motion [MVSM] <\/b><span style=\"font-weight: 400;\">&#8211; De Est\u00f4mago Vazio Hoje, Morro de Fome Amanh\u00e3 (Pr\u00eamio Videoarte Destaque MVSM 2023)<\/span><\/li>\n<li style=\"font-weight: 400;\" aria-level=\"1\"><b>25\u00b0 FestCurtasBH Festival Internacional de Curtas de Belo Horizonte &#8211; <\/b><span style=\"font-weight: 400;\">Carciniza\u00e7\u00e3o<\/span><\/li>\n<li style=\"font-weight: 400;\" aria-level=\"1\"><b>13\u00ba Festival Internacional de Anima\u00e7\u00e3o de Pernambuco ANIMAGE &#8211;<\/b><span style=\"font-weight: 400;\"> Carciniza\u00e7\u00e3o. (Pr\u00eamio de Melhor Curta Brasileiro e<\/span><span style=\"font-weight: 400;\"> Pr\u00eamio ABCA &#8211; Jeorge Pereira)\u00a0<\/span><\/li>\n<li style=\"font-weight: 400;\" aria-level=\"1\"><b>6\u00ba Festival Santa Cruz de Cinema &#8211;<\/b><span style=\"font-weight: 400;\"> Carciniza\u00e7\u00e3o<\/span><\/li>\n<li style=\"font-weight: 400;\" aria-level=\"1\"><b>Anim!Arte Festival &#8211;<\/b><span style=\"font-weight: 400;\"> Carciniza\u00e7\u00e3o<\/span><\/li>\n<li style=\"font-weight: 400;\" aria-level=\"1\"><b>Circuito Penedo de Cinema-<\/b><span style=\"font-weight: 400;\"> Carciniza\u00e7\u00e3o\u00a0<\/span><\/li>\n<li style=\"font-weight: 400;\" aria-level=\"1\"><b>Dia Internacional da Anima\u00e7\u00e3o 2023 <\/b><span style=\"font-weight: 400;\">&#8211; Carciniza\u00e7\u00e3o<\/span><\/li>\n<li style=\"font-weight: 400;\" aria-level=\"1\"><b>Primeiro Plano Festival de Cinema de Juiz de Fora e Mercocidades<\/b><span style=\"font-weight: 400;\"> &#8211; <\/span><span style=\"font-weight: 400;\">Carciniza\u00e7\u00e3o<\/span><\/li>\n<li style=\"font-weight: 400;\" aria-level=\"1\"><b>2\u00b0 CURTA VELHO OESTE<\/b><span style=\"font-weight: 400;\"> &#8211;<\/span><span style=\"font-weight: 400;\">Carciniza\u00e7\u00e3o<\/span><\/li>\n<li style=\"font-weight: 400;\" aria-level=\"1\"><b>14\u00ba Festival Internacional de Cinema da Fronteira &#8211; <\/b><span style=\"font-weight: 400;\">Carciniza\u00e7\u00e3o<\/span><\/li>\n<li style=\"font-weight: 400;\" aria-level=\"1\"><b>Festival Internacional de Cinema Escolar de Alvorada\u00a0 FECEA<\/b><span style=\"font-weight: 400;\"> &#8211; <\/span><span style=\"font-weight: 400;\">Carciniza\u00e7\u00e3o <\/span><span style=\"font-weight: 400;\">\u00a0<\/span><\/li>\n<li style=\"font-weight: 400;\" aria-level=\"1\"><b>FUCINE<\/b><span style=\"font-weight: 400;\"> &#8211; <\/span><span style=\"font-weight: 400;\">Carciniza\u00e7\u00e3o<\/span><span style=\"font-weight: 400;\"> \/ <i>Manchas de Sol .<\/i><\/span><\/li>\n<li style=\"font-weight: 400;\" aria-level=\"1\"><b>25\u00ba Festival Kinoarte de Cinema &#8211; <\/b><span style=\"font-weight: 400;\">Carciniza\u00e7\u00e3o<\/span><\/li>\n<li aria-level=\"1\"><b>Festival de Cinema Universit\u00e1rio de Mato Grosso do Sul &#8211; <\/b><span style=\"font-weight: 400;\">Carciniza\u00e7\u00e3o\u00a0\u00a0<\/span><\/li>\n<li style=\"font-weight: 400;\" aria-level=\"1\"><strong>5\u00ba Brazil New Visions Film Festival. <i><span style=\"font-weight: 400;\">Acaso Voc\u00ea Me Toque (2023)<\/span><\/i><\/strong><\/li>\n<li style=\"font-weight: 400;\" aria-level=\"1\"><strong>11\u00ba Buenos Aires International Film Festival. <i><span style=\"font-weight: 400;\">Acaso Voc\u00ea Me Toque (2023)<\/span><\/i><\/strong><\/li>\n<li style=\"font-weight: 400;\" aria-level=\"1\"><span style=\"font-weight: 400;\"><strong>6\u00ba Assimetria<\/strong> \u2013 <strong>Festival Universit\u00e1rio de Cinema e Audiovisual.<\/strong> <i>Acaso Voc\u00ea Me Toque (2023) \/ Manchas de Sol (2023)<\/i><\/span><\/li>\n<li style=\"font-weight: 400;\" aria-level=\"1\"><strong>OFF \u2013 Festival Contempor\u00e2neo de Cinema Estudantil e Universit\u00e1rio. <i><span style=\"font-weight: 400;\">Acaso Voc\u00ea Me Toque (2023) \/ Combust\u00e3o Espont\u00e2nea (2023).<\/span><\/i><\/strong><\/li>\n<li style=\"font-weight: 400;\" aria-level=\"1\"><strong>4\u00aa Mostra Manaus Filme Fant\u00e1stico. <i><span style=\"font-weight: 400;\">Acaso Voc\u00ea Me Toque (2023)<\/span><\/i><\/strong><\/li>\n<li style=\"font-weight: 400;\" aria-level=\"1\"><b><\/b><span style=\"font-weight: 400;\"><strong>5\u00ba Curta na Serra<\/strong> \u2013 Festival de Cinema ao Ar Livre. <i>Combust\u00e3o Espont\u00e2nea (2023).<\/i><\/span><\/li>\n<li style=\"font-weight: 400;\" aria-level=\"1\"><strong>XIV Festival Internacional de Cinema da Fronteira. <i><span style=\"font-weight: 400;\">Combust\u00e3o Espont\u00e2nea (2023).<\/span><\/i><\/strong><\/li>\n<li style=\"font-weight: 400;\" aria-level=\"1\"><span style=\"font-weight: 400;\"><strong>Rio LGBTQIA+.<\/strong> <i>Manchas de Sol (2023).<\/i><\/span><\/li>\n<li style=\"font-weight: 400;\" aria-level=\"1\"><span style=\"font-weight: 400;\"><strong>Cine Queer 7 \u2013 Mostra de Filmes e Cultura Queer de Natal<\/strong>. <i>Manchas de Sol (2023).<\/i><\/span><\/li>\n<li style=\"font-weight: 400;\" aria-level=\"1\"><span style=\"font-weight: 400;\"><strong>Pupila Film Festival<\/strong>. <i>Manchas de Sol (2023).<\/i><\/span><\/li>\n<li style=\"font-weight: 400;\" aria-level=\"1\"><span style=\"font-weight: 400;\"><strong>34\u00ba Festival Internacional de Curtas de S\u00e3o Paulo<\/strong> \u2013 Curta Kinoforum. <i>Manchas de Sol (2023).<\/i><\/span><\/li>\n<li style=\"font-weight: 400;\" aria-level=\"1\"><strong>30\u00ba Festival de Cinema de Vit\u00f3ria. <i><span style=\"font-weight: 400;\">Manchas de Sol (2023).<\/span><\/i><\/strong><\/li>\n<li style=\"font-weight: 400;\" aria-level=\"1\"><span style=\"font-weight: 400;\">7<strong>\u00aa Mostra Internacional do Curtametragem do Alto Tiet\u00ea. <\/strong><i>Manchas de Sol (2023).<\/i><\/span><\/li>\n<li style=\"font-weight: 400;\" aria-level=\"1\"><span style=\"font-weight: 400;\"><strong>Lumiar<\/strong> \u2013 Festival Interamericano de Cinema Universit\u00e1rio. <i>Manchas de Sol (2023).<\/i><\/span><\/li>\n<li style=\"font-weight: 400;\" aria-level=\"1\"><strong>31\u00ba Festival MixBrasil. <i><span style=\"font-weight: 400;\">Manchas de Sol (2023).<\/span><\/i><\/strong><\/li>\n<\/ul>\n<p>&nbsp;<\/p>\n<p>&nbsp;<\/p>\n<p><strong>2022<\/strong><\/p>\n<p>1-) Extens\u00e3o<\/p>\n<ul>\n<li><a href=\"https:\/\/wp.ufpel.edu.br\/petartesvisuais\/2022\/04\/17\/chamada-aberta-colagem-revista-peteleco-no-8\/\">Chamada aberta da PETELECO tema \u201ccolagem\u201d<\/a><\/li>\n<li><a href=\"https:\/\/wp.ufpel.edu.br\/petartesvisuais\/2023\/08\/02\/ohun-mostra-de-cinema-negro-de-pelotas\/\">OHUN- Mostra de Cinema Negro de Pelotas<\/a><\/li>\n<li><a href=\"https:\/\/www.facebook.com\/photo?fbid=471654648339398&amp;set=a.465691368935726&amp;locale=pt_BR\">Excurs\u00e3o \u00e0 Bienal do Mercosul em Porto Alegre\/RS<\/a><\/li>\n<li><a href=\"https:\/\/wp.ufpel.edu.br\/petartesvisuais\/2023\/08\/31\/pet-em-3-2-1-acao\/\">CINECLUBE CASSIOPEIA<\/a><\/li>\n<li><a href=\"https:\/\/www.instagram.com\/zero4cineclube\/\">Zero4 Cineclube<\/a><\/li>\n<li><a href=\"https:\/\/www.instagram.com\/cineufpel\/\">Cine UFPel<\/a><\/li>\n<li><a href=\"https:\/\/wp.ufpel.edu.br\/petartesvisuais\/2023\/08\/31\/pet-em-ensino-pesquisa-e-extensao\/\">Organiza\u00e7\u00e3o do VII Simp\u00f3sio Internacional de G\u00eanero, Arte e Mem\u00f3ria (SIGAM)<\/a><\/li>\n<li><a href=\"https:\/\/wp.ufpel.edu.br\/petartesvisuais\/2023\/08\/31\/petianos-em-cena\/\">Organiza\u00e7\u00e3o da Festa Junina das Artes\u00a0<\/a><\/li>\n<li><a href=\"https:\/\/www.instagram.com\/p\/Cn7saVvpdw7\/?img_index=1\">Organiza\u00e7\u00e3o da Festa de Halloween dos Cursos de Cinema<\/a><\/li>\n<li style=\"margin-bottom: 0.5em; line-height: 28.9px;\">Organiza\u00e7\u00e3o do evento da mostra do Dia Internacional da Anima\u00e7\u00e3o<\/li>\n<li><a href=\"https:\/\/wp.ufpel.edu.br\/petartesvisuais\/2023\/07\/04\/oficina-tecendo-poeticas-feministas-do-caixa-de-pandora-com-apoio-do-pet-artes-visuais\/\">Oficina de Croch\u00ea e bordado junto ao grupo de pesquisa Caixa de Pandora<\/a><\/li>\n<li><a href=\"https:\/\/wp.ufpel.edu.br\/petartesvisuais\/2023\/08\/31\/petianos-em-cena\/\">Oficinas na Semana Acad\u00eamica de 15 Anos dos Cursos de Cinema<\/a><\/li>\n<li><a href=\"https:\/\/wp.ufpel.edu.br\/petartesvisuais\/2023\/08\/02\/pet-a-todo-vapor-2022\/\">Mini curso no XXVII ENAPET &#8211; Uma Conversa Sobre o Editorial Da Revista Peteleco<\/a><\/li>\n<li><a href=\"https:\/\/wp.ufpel.edu.br\/petartesvisuais\/2023\/07\/04\/cafe-no-jardim-do-malg-uma-reflexao-sobre-ausencias-100-anos-depois-da-semana-de-22\/\">A\u00e7\u00e3o no jardim do MALG &#8211; 100 anos de semana da arte de 22<\/a><\/li>\n<\/ul>\n<p>&nbsp;<\/p>\n<p>2-) Exposi\u00e7\u00f5es<\/p>\n<ul>\n<li><a href=\"https:\/\/wp.ufpel.edu.br\/petartesvisuais\/2023\/08\/31\/pet-em-ensino-pesquisa-e-extensao\/\">montagem da exposi\u00e7\u00e3o coletiva \u00a0\u201cesperan\u00e7ar\u201d no Corredor 14, VII SIGAM (UFPEL), Pelotas\/RS.<\/a><\/li>\n<li><a href=\"https:\/\/wp.ufpel.edu.br\/petartesvisuais\/2023\/08\/02\/atividades-na-galeria-a-sala-em-2022\/\">Montagem da exposi\u00e7\u00e3o \u201cEu Sou no Fundo\u201d de Martha Gofre, galeria: A SALA, Centro de Artes-UFPEL, Pelotas\/RS<\/a>.<\/li>\n<li><a href=\"https:\/\/wp.ufpel.edu.br\/petartesvisuais\/2023\/08\/02\/atividades-na-galeria-a-sala-em-2022\/\">Montagem da exposi\u00e7\u00e3o \u201cAg\u00f4\u201d de Felipe Caldas, galeria: A SALA, Centro de Artes-UFPEL, Pelotas\/RS.<\/a><\/li>\n<li><a href=\"https:\/\/wp.ufpel.edu.br\/petartesvisuais\/2023\/08\/02\/atividades-na-galeria-a-sala-em-2022\/\">Montagem da exposi\u00e7\u00e3o \u201cUma Parte do Todo\u201d SPMAV do PPGAVI- UFPEL, Pelotas\/RS;<\/a><\/li>\n<li><a href=\"https:\/\/wp.ufpel.edu.br\/petartesvisuais\/2023\/08\/02\/atividades-na-galeria-a-sala-em-2022\/\">Montagem da exposi\u00e7\u00e3o \u201cJardim\u201d de Neiva Bohns, galeria: A SALA, Centro de Artes-UFPEL, Pelotas\/RS.<\/a><\/li>\n<li style=\"line-height: 28.9px;\"><a href=\"https:\/\/wp.ufpel.edu.br\/petartesvisuais\/wp-admin\/post.php?post=2810&amp;action=edit\">Exposi\u00e7\u00e3o na \u201cMostra Art\u00edstica Revista Cultural\u201d (SIIEPE 2022) com o livro de artista \u201cretratos pand\u00eamico &#8211; m\u00e1scara como extens\u00e3o da pele humana\u201d, Cap\u00e3o do Le\u00e3o-RS<\/a><\/li>\n<li style=\"line-height: 28.9px;\"><a href=\"https:\/\/wp.ufpel.edu.br\/petartesvisuais\/wp-admin\/post.php?post=2810&amp;action=edit\">Participa\u00e7\u00e3o no \u201cMutir\u00e3o Revitaliza CA\u201d com o mural intitulado \u201cTerramundi\u201d, na parede do ateli\u00ea de cer\u00e2mica para o jardim do Centro de Artes-UFPEL, Pelotas\/RS.<\/a><\/li>\n<li style=\"line-height: 28.9px;\">Exposi\u00e7\u00e3o coletiva \u201cDuplo Diverso\u201d no <a href=\"https:\/\/ccs2.ufpel.edu.br\/wp\/2020\/09\/17\/oca-sera-transformada-em-centro-de-vivencias-culturais-rendez-vous\/\">Rendez-Vous<\/a>, Pelotas\/RS.<\/li>\n<li style=\"line-height: 28.9px;\">Exposi\u00e7\u00e3o coletiva \u201c<a href=\"https:\/\/memorial.camarapoa.rs.gov.br\/23o-salao-de-artes-plasticas\/\">23o Sal\u00e3o de Artes Pl\u00e1sticas de Porto Alegre<\/a>\u201d na C\u00e2mara Municipal de Porto Alegre\/RS.<\/li>\n<li>Exposi\u00e7\u00e3o e participa\u00e7\u00e3o no <a href=\"https:\/\/www.instagram.com\/ladobfeiralivre\/\">\u201cLADO B &#8211; Feira Livre\u201d<\/a><\/li>\n<li>Participa\u00e7\u00e3o e exposi\u00e7\u00e3o no evento <a href=\"https:\/\/www.instagram.com\/p\/CkvSy5qg91O\/\">\u201cDobra o Ru\u00eddo\u201d<\/a><\/li>\n<\/ul>\n<p>&nbsp;<\/p>\n<p>3-) Produ\u00e7\u00e3o e mostras de v\u00eddeo<\/p>\n<ul>\n<li>Curadoria e media\u00e7\u00e3o do debate da sess\u00e3o \u201cCurtas de Lincoln P\u00e9ricles\u201d, organizada pelo Zero4 Cineclube como parte da Mostra Cineclubes, UFRGS.<\/li>\n<li>Divulga\u00e7\u00e3o e participa\u00e7\u00e3o da organiza\u00e7\u00e3o durante a 4\u00aa Mostra de Cinema Latino-Americano de Rio Grande, Instituto Federal do Rio Grande dos Sul &#8211; Campus Rio Grande.<\/li>\n<li>Participa\u00e7\u00e3o realizando anima\u00e7\u00e3o e pintura de Carciniza\u00e7\u00e3o (2023), curta-metragem de anima\u00e7\u00e3o 2D digital.<\/li>\n<li>Produ\u00e7\u00e3o art\u00edstica em anima\u00e7\u00e3o, v\u00eddeo, desenho, escrita e pintura de Manchas de Sol (2023), curta-metragem live-action.<\/li>\n<li>Produ\u00e7\u00e3o dos filmes: Cora\u00e7\u00e3o Sozinho (2022); Londres, pelotas (2022);\u00a0 Moskazul (2022) para a cadeira de Dire\u00e7\u00e3o II.<\/li>\n<li>Integra\u00e7\u00e3o na equipe de \u00e1udio do curta: Agua turva deixada quieta, de Daniel Almeida, contemplado no edital Sedac n\u00b0 05\/2019 &#8211; FAC do Audiovisual II.<\/li>\n<li>Exibi\u00e7\u00f5es e premia\u00e7\u00f5es do curta-metragem T\u00e1 Foda (2020).<\/li>\n<li>Exibi\u00e7\u00f5es do curta-metragem A Mulher do Tempo (2021).<\/li>\n<li>Sess\u00e3o Especial &#8211; ABRACCINE: O Anjo Negro. Cine UFPel.<\/li>\n<li>Dia internacional da anima\u00e7\u00e3o \u2013 Exibi\u00e7\u00f5es do Cine Cassiopeia em parceria com o Cine UFPel.<\/li>\n<li>Sess\u00e3o especial 100 anos de Alain Resnais \u2013 exibi\u00e7\u00e3o do filme: O Ano Passado em Marienbad (1961) no Cine UFPel.<\/li>\n<li>Mostra de Cursos &#8211; Exibidas as produ\u00e7\u00f5es mais recentes dos cursos de cinema para a comunidade em geral. Realizada no Cine UFPel.<\/li>\n<li>Sess\u00e3o Especial: 100 anos de Nosferatu (1922) exibido no Cine UFPel.<\/li>\n<\/ul>\n<p>&nbsp;<\/p>\n<p><strong>2021<\/strong><\/p>\n<p>1-) Extens\u00e3o<\/p>\n<ul>\n<li><span style=\"font-weight: 400;\">\u00a0<a href=\"https:\/\/wp.ufpel.edu.br\/petartesvisuais\/2021\/05\/04\/materiais-de-arte-para-serem-distribuidos-pelo-pet\/\">A\u00e7\u00e3o &#8220;<\/a><\/span><a href=\"https:\/\/wp.ufpel.edu.br\/petartesvisuais\/2021\/05\/04\/materiais-de-arte-para-serem-distribuidos-pelo-pet\/\"><span style=\"font-weight: 400;\">Materiais de arte para doa\u00e7\u00e3o&#8221;<\/span><\/a><\/li>\n<li><a href=\"https:\/\/wp.ufpel.edu.br\/petartesvisuais\/2021\/09\/26\/chamada-aberta-intervencao-urbana\/\"><span style=\"font-weight: 400;\">Chamada aberta da PETELECO tema &#8220;interven\u00e7\u00e3o urbana&#8221;<\/span><\/a><\/li>\n<li><span style=\"font-weight: 400;\">Semin\u00e1rio &#8220;Leituras do Presente &#8211; Arte e suas narrativas, alteridades, cr\u00f4nicas e visualidades&#8221;<\/span><\/li>\n<li><a href=\"https:\/\/wp.ufpel.edu.br\/petartesvisuais\/2021\/06\/18\/acompanhe-a-ohun-mostra-de-cinema-negro-de-pelotas\/\"><span style=\"font-weight: 400;\">OHUN- Mostra de Cinema Negro de Pelotas<\/span><\/a><\/li>\n<li><a href=\"https:\/\/wp.ufpel.edu.br\/petartesvisuais\/2022\/04\/13\/oficina-de-animacao-livre-2021\/\"><span style=\"font-weight: 400;\">Oficina de Anima\u00e7\u00e3o livre junto a Semana Cultural de S\u00e3o Chico\u00a0<\/span><\/a><\/li>\n<li><a href=\"https:\/\/wp.ufpel.edu.br\/petartesvisuais\/2022\/04\/12\/oficinade-grafite-na-escola-estadual-santa-rita\/\"><span style=\"font-weight: 400;\">Oficinas de grafite para alunos da Escola de Estadual de Ensino M\u00e9dio Santa Rita<\/span><\/a><\/li>\n<li><a href=\"https:\/\/www.instagram.com\/p\/CXhQTTmpQRs\/\"><span style=\"font-weight: 400;\">Organiza\u00e7\u00e3o do evento &#8220;Goodbye Pelotas&#8221; feira gr\u00e1fica e brech\u00f3<\/span><\/a><\/li>\n<li><span style=\"font-weight: 400;\">Oficina online de cria\u00e7\u00e3o de personagens e narrativas junto ao projeto REDE LAB<\/span><\/li>\n<li><span style=\"font-weight: 400;\">Evento Noite do Centro Hist\u00f3rico 2021<\/span><\/li>\n<\/ul>\n<p>&nbsp;<\/p>\n<p>2-) Exposi\u00e7\u00f5es<\/p>\n<ul>\n<li><a href=\"https:\/\/wp.ufpel.edu.br\/petartesvisuais\/2021\/12\/10\/mostra-de-videos-no-museu-de-arte-leopoldo-gotuzzo\/\"><span style=\"font-weight: 400;\">\u00a0Organiza\u00e7\u00e3o e curadoria da &#8220;II Mostra Virtual Internacional &#8211; APESAR DE VOC\u00ca&#8221;<\/span><\/a><\/li>\n<li><span style=\"font-weight: 400;\">\u00a0<a href=\"https:\/\/www.instagram.com\/p\/CVbPJ5vJKAT\/\">Exposi\u00e7\u00e3o coletiva &#8220;TUBAR\u00d5ES SABEM DA EXIST\u00caNCIA DE CAMELOS&#8221;<\/a><\/span><\/li>\n<li><span style=\"font-weight: 400;\">\u00a0<a href=\"https:\/\/www.instagram.com\/p\/CMiXV1mgd5c\/\">Montagem da exposi\u00e7\u00e3o &#8220;TRAMOIA&#8221; de Julia Pema<\/a><\/span><\/li>\n<li><a href=\"https:\/\/www.instagram.com\/p\/CN3L875AjZt\/\">Montagem da exposi\u00e7\u00e3o <span style=\"font-weight: 400;\">\u00a0&#8220;UM PALMO DO MUNDO&#8221; de Pedro Parente<\/span><\/a><\/li>\n<li><span style=\"font-weight: 400;\">Organiza\u00e7\u00e3o e Curadoria exposi\u00e7\u00e3o virtual &#8220;INTERACIDADES&#8221;<\/span><\/li>\n<li><span style=\"font-weight: 400;\">Participa\u00e7\u00e3o na exposi\u00e7\u00e3o coletiva &#8220;NINHOS CONCHAS &amp; OUTRAS REDONDICES&#8221;<\/span><\/li>\n<\/ul>\n<p>&nbsp;<\/p>\n<p>3-) Produ\u00e7\u00e3o e mostras de v\u00eddeo<\/p>\n<ul>\n<li><a href=\"https:\/\/wp.ufpel.edu.br\/petartesvisuais\/2022\/04\/13\/o-filme-a-mulher-do-tempo-curta-metragem-de-animacao-realizado-em-2021\/\"><span style=\"font-weight: 400;\">Produ\u00e7\u00e3o do curta metragem &#8220;A Mulher do Tempo&#8221;<\/span><\/a><\/li>\n<li><a href=\"https:\/\/wp.ufpel.edu.br\/petartesvisuais\/2022\/04\/12\/producao-de-videos-performances-e-filmes-dos-petianos-em-2021\/\"><span style=\"font-weight: 400;\">Produ\u00e7\u00e3o da V\u00eddeo Performance &#8220;SENTIR SEM FRONTEIRAS&#8221;<\/span><\/a><\/li>\n<li><a href=\"https:\/\/wp.ufpel.edu.br\/petartesvisuais\/2022\/04\/12\/producao-de-videos-performances-e-filmes-dos-petianos-em-2021\/\"><span style=\"font-weight: 400;\">Produ\u00e7\u00e3o do Curta-metragem &#8220;FANTASMA MACI\u00c7O&#8221;<\/span><\/a><\/li>\n<li><a href=\"https:\/\/wp.ufpel.edu.br\/petartesvisuais\/2022\/04\/12\/producao-de-videos-performances-e-filmes-dos-petianos-em-2021\/?preview_id=2423&amp;preview_nonce=dae34c968b&amp;post_format=standard&amp;_thumbnail_id=-1&amp;preview=true\"><span style=\"font-weight: 400;\">&#8220;A NOITE ESCURA E MAIS EU&#8221;, curta-metragem\u00a0<\/span><\/a><\/li>\n<li><span style=\"font-weight: 400;\"><span style=\"font-weight: 400;\"><a href=\"https:\/\/wp.ufpel.edu.br\/petartesvisuais\/2022\/04\/12\/producao-de-videos-performances-e-filmes-dos-petianos-em-2021\/\">&#8220;SAUDADE&#8221;, curta-metragem<\/a><\/span><\/span><\/li>\n<li><a href=\"https:\/\/wp.ufpel.edu.br\/petartesvisuais\/2022\/04\/12\/producao-de-videos-performances-e-filmes-dos-petianos-em-2021\/\"><span style=\"font-weight: 400;\">&#8220;T\u00c1 FODA&#8221;, curta metragem\u00a0<\/span><\/a><\/li>\n<li><a href=\"https:\/\/wp.ufpel.edu.br\/petartesvisuais\/2022\/04\/12\/producao-de-videos-performances-e-filmes-dos-petianos-em-2021\/\"><span style=\"font-weight: 400;\">&#8220;FOI QUANDO ESCUTEI&#8221; produ\u00e7\u00e3o em quadrinhos para a Revista P\u00e9-de-cabra<\/span><\/a><\/li>\n<li><a href=\"https:\/\/wp.ufpel.edu.br\/petartesvisuais\/2022\/04\/12\/producao-de-videos-performances-e-filmes-dos-petianos-em-2021\/\"><span style=\"font-weight: 400;\">&#8220;VELOCIDADE&#8221;, v\u00eddeo de Rafaela Ribeiro<\/span><\/a><\/li>\n<li><a href=\"https:\/\/wp.ufpel.edu.br\/petartesvisuais\/2022\/04\/13\/stayblack-realiza-projeto-cultural-tem-preto-no-sul\/\"><span style=\"font-weight: 400;\">&#8220;TEM PRETO NO SUL&#8221;, document\u00e1rio realizado por Jackeline Nunes<\/span><\/a><\/li>\n<li><a href=\"https:\/\/wp.ufpel.edu.br\/petartesvisuais\/2022\/04\/12\/producao-de-videos-performances-e-filmes-dos-petianos-em-2021\/\"><span style=\"font-weight: 400;\">Arte e participa\u00e7\u00e3o no clipe<\/span><span style=\"font-weight: 400;\"> &#8220;N\u00c3O ME ATRASA&#8221; da cantora Colibrisa<\/span><\/a><\/li>\n<li><a href=\"https:\/\/wp.ufpel.edu.br\/petartesvisuais\/2022\/04\/12\/producao-de-videos-performances-e-filmes-dos-petianos-em-2021\/\"><span style=\"font-weight: 400;\">Finaliza\u00e7\u00e3o Audiovisual para o filme &#8220;AL\u00c9M DA FRONTEIRA&#8221;<\/span><\/a><\/li>\n<li><a href=\"https:\/\/wp.ufpel.edu.br\/petartesvisuais\/2022\/04\/12\/producao-de-videos-performances-e-filmes-dos-petianos-em-2021\/\"><span style=\"font-weight: 400;\">&#8220;FILME DE MERDA&#8221;, lan\u00e7ado em 2021<\/span><\/a><\/li>\n<li><a href=\"https:\/\/wp.ufpel.edu.br\/petartesvisuais\/2022\/04\/12\/producao-de-videos-performances-e-filmes-dos-petianos-em-2021\/\"><span style=\"font-weight: 400;\">\u00a0Produ\u00e7\u00e3o do filme &#8220;<\/span><span style=\"font-weight: 400;\">LONDRES, PELOTAS&#8221; (2021)<\/span><\/a><\/li>\n<\/ul>\n<p><strong>2020<\/strong><\/p>\n<p><strong>1-) Extens\u00e3o<\/strong><\/p>\n<ul>\n<li><a class=\"row-title\" href=\"https:\/\/wp.ufpel.edu.br\/petartesvisuais\/2020\/11\/29\/natal-pet-em-acao\/\" aria-label=\"\u201cNatal PET em a\u00e7\u00e3o\u201d (Editar)\">Natal PET em a\u00e7\u00e3o<\/a><\/li>\n<li><a class=\"row-title\" href=\"https:\/\/wp.ufpel.edu.br\/petartesvisuais\/2020\/12\/14\/quiz-que-obra-de-arte-e-essa\/\" aria-label=\"\u201cQuiz \u2018QUE OBRA DE ARTE \u00c9 ESSA?\u2019\u201d (Editar)\">Quiz \u2018QUE OBRA DE ARTE \u00c9 ESSA?\u2019<\/a><\/li>\n<li><a href=\"https:\/\/wp.ufpel.edu.br\/petartesvisuais\/2020\/12\/20\/podcast-forninho-projeto-forma\/\">Podcast Forninho &#8211; projeto forma<\/a><\/li>\n<li><a class=\"row-title\" href=\"https:\/\/wp.ufpel.edu.br\/petartesvisuais\/2020\/10\/30\/video-mostra-de-cursos\/\" aria-label=\"\u201cV\u00eddeo \u2013 Mostra de Cursos UFPel\u201d (Editar)\">V\u00eddeo \u2013 Mostra de Cursos UFPel<\/a><\/li>\n<li><a class=\"row-title\" href=\"https:\/\/wp.ufpel.edu.br\/petartesvisuais\/2020\/12\/13\/curadoria-2a-mostra-de-cinema-latino-americano-de-rio-grande\/\" aria-label=\"\u201cCuradoria \u2013 2\u00aa Mostra de Cinema Latino-Americano de Rio Grande\u201d (Editar)\">Curadoria \u2013 2\u00aa Mostra de Cinema Latino-Americano de Rio Grande<\/a><\/li>\n<li><a class=\"row-title\" href=\"https:\/\/wp.ufpel.edu.br\/petartesvisuais\/2020\/12\/05\/4a-mostra-de-cinema-negro-de-pelotas\/\" aria-label=\"\u201c4\u00aa Mostra de Cinema Negro de Pelotas\u201d (Editar)\">4\u00aa Mostra de Cinema Negro de Pelotas<\/a><\/li>\n<li><a class=\"row-title\" href=\"https:\/\/wp.ufpel.edu.br\/petartesvisuais\/2020\/10\/17\/producao-de-videoclipe-empurra-cassi3\/\" aria-label=\"\u201cProdu\u00e7\u00e3o de videoclipe \u2013 EMPURRA \/ CASSI3\u201d (Editar)\">Produ\u00e7\u00e3o de videoclipe \u2013 EMPURRA \/ CASSI3<\/a><\/li>\n<li><a class=\"row-title\" href=\"https:\/\/wp.ufpel.edu.br\/petartesvisuais\/2020\/11\/05\/chamada-aberta-playlist\/\" aria-label=\"\u201cChamada Aberta \u2013 Playlist\u201d (Editar)\">Chamada Aberta \u2013 Playlist<\/a><\/li>\n<li><a class=\"row-title\" href=\"https:\/\/wp.ufpel.edu.br\/petartesvisuais\/2020\/09\/20\/chamada-aberta-tirinhas\/\" aria-label=\"\u201cChamada aberta \u2013 TIRINHAS\u201d (Editar)\">Chamada aberta \u2013 TIRINHAS<\/a><\/li>\n<li><a class=\"row-title\" href=\"https:\/\/wp.ufpel.edu.br\/petartesvisuais\/2020\/08\/21\/chamada-aberta-palavra\/\" aria-label=\"\u201cChamada aberta PALAVRA\u201d (Editar)\">Chamada aberta PALAVRA<\/a><\/li>\n<li><a class=\"row-title\" href=\"https:\/\/wp.ufpel.edu.br\/petartesvisuais\/2020\/05\/11\/chamada-aberta-fotografias-dentro-de-casa\/\" aria-label=\"\u201cChamada Aberta \u2013 Fotografias dentro de casa\u201d (Editar)\">Chamada Aberta \u2013 Fotografias dentro de casa<\/a><\/li>\n<li><a class=\"row-title\" href=\"https:\/\/wp.ufpel.edu.br\/petartesvisuais\/2020\/07\/10\/chamada-aberta-de-video-arte-para-a-peteleco-no-3\/\" aria-label=\"\u201cChamada aberta de video-arte para a PETELECO no.3\u201d (Editar)\">Chamada aberta &#8211; v\u00eddeo-arte<\/a><\/li>\n<li><a class=\"row-title\" href=\"https:\/\/wp.ufpel.edu.br\/petartesvisuais\/2020\/06\/11\/chamada-aberta-desenhos-na-quarentena\/\" aria-label=\"\u201cChamada Aberta \u2013 Desenhos na quarentena\u201d (Editar)\">Chamada Aberta \u2013 Desenhos na quarentena<\/a><\/li>\n<li><a href=\"https:\/\/wp.ufpel.edu.br\/petartesvisuais\/2021\/01\/03\/atividades-do-projeto-caixa-de-pandora\/\">Oficina no evento &#8211; dia de encontro com as mulheres<\/a><\/li>\n<\/ul>\n<p><strong>2-) Exposi\u00e7\u00f5es\u00a0<\/strong><\/p>\n<ul>\n<li><a class=\"row-title\" href=\"https:\/\/wp.ufpel.edu.br\/petartesvisuais\/2020\/08\/02\/exposicao-armadilhas-para-capturar-sombras\/\" aria-label=\"\u201cExposi\u00e7\u00e3o Armadilhas para capturar sombras\u201d (Editar)\">Exposi\u00e7\u00e3o Armadilhas para capturar sombras<\/a><\/li>\n<li><a class=\"row-title\" href=\"https:\/\/wp.ufpel.edu.br\/petartesvisuais\/2020\/03\/10\/exposicao-ver-simoes-lopes-neto-hoje\/\" aria-label=\"\u201cExposi\u00e7\u00e3o \u2018Ver Sim\u00f5es Lopes Neto hoje\u2019\u201d (Editar)\">Exposi\u00e7\u00e3o \u2018Ver Sim\u00f5es Lopes Neto hoje\u2019<\/a><\/li>\n<li><a class=\"row-title\" href=\"https:\/\/wp.ufpel.edu.br\/petartesvisuais\/2020\/01\/30\/exposicao-o-eu-entre-o-autorretrato-e-a-selfie\/\" aria-label=\"\u201cExposi\u00e7\u00e3o \u2018O eu: entre o autorretrato e a selfie\u2019\u201d (Editar)\">Exposi\u00e7\u00e3o \u2018O eu: entre o autorretrato e a selfie\u2019<\/a><\/li>\n<li><a class=\"row-title\" href=\"https:\/\/wp.ufpel.edu.br\/petartesvisuais\/2020\/03\/12\/7-salao-fundarte-de-arte-10x10-100-anos-de-xico-stockinger\/\" aria-label=\"\u201c7\u00b0 Sal\u00e3o Fundarte de arte 10\u00d710 \u2013 100 Anos de Xico Stockinger\u201d (Editar)\">7\u00b0 Sal\u00e3o Fundarte de arte 10\u00d710 \u2013 100 Anos de Xico Stockinger<\/a><\/li>\n<li><a href=\"https:\/\/wp.ufpel.edu.br\/petartesvisuais\/2020\/03\/15\/expo-desfile-alfinetaco\/\">Expo-desfile Alfinetasso<\/a><\/li>\n<li><a href=\"https:\/\/wp.ufpel.edu.br\/asala\/2020\/11\/10\/mostra-555\/\">Mostra 555<\/a><\/li>\n<li><a href=\"https:\/\/wp.ufpel.edu.br\/petartesvisuais\/2021\/01\/17\/exposicao-virtual-ensaio-para-amanha\/\">Exposi\u00e7\u00e3o Virtual &#8211; Ensaio para Amanh\u00e3<\/a><\/li>\n<li><a href=\"https:\/\/wp.ufpel.edu.br\/petartesvisuais\/2020\/11\/21\/registro-do-ato-haicais-fotograficos\/\">\u2018Registro do Ato &#8211; Haicais Fotogr\u00e1ficos\u2019<\/a><\/li>\n<\/ul>\n<p style=\"text-align: center;\">____________________________________________________________________________________<\/p>\n<p><strong>Exposi\u00e7\u00f5es &#8211; 2019<\/strong><\/p>\n<ul>\n<li style=\"font-weight: 400;\"><a href=\"https:\/\/wp.ufpel.edu.br\/petartesvisuais\/2019\/12\/25\/exposicoes-curadorias-e-montagens-de-2019-com-atuacao-do-pet\/\"><span style=\"font-weight: 400;\">Exposi\u00e7\u00f5es, curadorias e montagens de 2019 com atua\u00e7\u00e3o do PET<\/span><\/a><\/li>\n<li style=\"font-weight: 400;\"><a href=\"https:\/\/wp.ufpel.edu.br\/petartesvisuais\/2019\/06\/09\/exposicao-o-inicio-do-gesto-abrira-no-dia-10-de-junho-primeiro-dia-da-semana-academica\/\"><span style=\"font-weight: 400;\">Exposi\u00e7\u00e3o O In\u00edcio do Gesto\u00a0<\/span><\/a><\/li>\n<li style=\"font-weight: 400;\"><a href=\"https:\/\/wp.ufpel.edu.br\/petartesvisuais\/2019\/04\/29\/edital-aberto-para-a-exposicao-o-inicio-do-gesto-da-semana-academica-das-artes-visuais-2019\/\"><span style=\"font-weight: 400;\">Edital aberto para a exposi\u00e7\u00e3o O In\u00edcio do Gesto\u00a0<\/span><\/a><\/li>\n<li><a href=\"https:\/\/wp.ufpel.edu.br\/petartesvisuais\/exposicao-artvismo\/\">Exposi\u00e7\u00e3o (ART)VISMO<\/a><\/li>\n<li><a href=\"https:\/\/wp.ufpel.edu.br\/petartesvisuais\/exposicao-pet-25-anos\/\">Exposi\u00e7\u00e3o 25 anos PET Artes Visuais<\/a><\/li>\n<\/ul>\n<p><strong>2019<\/strong><\/p>\n<ul>\n<li style=\"font-weight: 400;\"><a href=\"https:\/\/wp.ufpel.edu.br\/petartesvisuais\/2019\/12\/28\/petiana-promove-evento-e-desenvolve-atividades-educativas-no-projeto-rumo-exposicao-itinerante-de-fotografia-analogica\/\">Projeto RUMO \u2013 Exposi\u00e7\u00e3o Itinerante de Fotografia Anal\u00f3gica e Oficinas nas Escolas: Almirante Raphael Brusque, Dom Francisco de Campos Barreto, Louis Braille e EEE Santa Rita<\/a><\/li>\n<li style=\"font-weight: 400;\"><a href=\"https:\/\/wp.ufpel.edu.br\/petartesvisuais\/2019\/05\/12\/no-ultimo-domingo-o-pet-participou-da-ii-feirinha-das-artes-e-do-evento-ufpel-cultural-na-praca-pedro-osorio\/\"><span style=\"font-weight: 400;\">II Feirinha das Artes\u00a0<\/span><\/a><\/li>\n<li style=\"font-weight: 400;\"><a href=\"https:\/\/wp.ufpel.edu.br\/petartesvisuais\/2019\/10\/10\/pet-desenvolve-oficinas-de-grafite-mini-publicacoes-stencil-e-fanzine-na-escola-sylvia-mello-no-segundo-semestre-de-2019\/\"><span style=\"font-weight: 400;\">PET promove Oficinas nas escolas Sylvia Mello, EEE Santa Rita e M\u00e1rio Quintana<\/span><\/a><\/li>\n<li style=\"font-weight: 400;\"><a href=\"https:\/\/wp.ufpel.edu.br\/petartesvisuais\/?p=1208&amp;preview=true\"><span style=\"font-weight: 400;\">Oficina fotografia na Escola Louis Braille<\/span><\/a><\/li>\n<li><a href=\"https:\/\/wp.ufpel.edu.br\/petartesvisuais\/?page_id=1292&amp;preview=true\">III F\u00f3rum Social da UFPel<\/a><\/li>\n<li><a href=\"https:\/\/wp.ufpel.edu.br\/petartesvisuais\/?page_id=1301&amp;preview=true\">Participa\u00e7\u00e3o na 17\u00aa Semana Nacional dos Museus com monitoria e apresenta\u00e7\u00e3o de trabalhos acad\u00eamicos<\/a><\/li>\n<li><a href=\"https:\/\/wp.ufpel.edu.br\/petartesvisuais\/acao-performatica-na-13a-primavera-dos-museus\/\">A\u00e7\u00e3o Perform\u00e1tica na 13\u00aa Primavera dos Museus<\/a><\/li>\n<li><a href=\"https:\/\/wp.ufpel.edu.br\/petartesvisuais\/ufpel-na-rua-2\/\">UFPel na rua<\/a><\/li>\n<\/ul>\n<p><strong>Exposi\u00e7\u00f5es &#8211; 2018<\/strong><\/p>\n<ul>\n<li><a href=\"https:\/\/wp.ufpel.edu.br\/petartesvisuais\/mural-pet-artes-visuais-2018\/\">Mural PET Artes Visuais 2018<\/a><\/li>\n<li><a href=\"https:\/\/wp.ufpel.edu.br\/petartesvisuais\/incomodo\/\">\u00a0[IN]Comodo<\/a><\/li>\n<li><a href=\"https:\/\/wp.ufpel.edu.br\/petartesvisuais\/do-sagrado-e-o-profano-mostra-didatica\/\">Do Sagrado e o Profano: mostra did\u00e1tica<\/a><\/li>\n<li><a href=\"https:\/\/wp.ufpel.edu.br\/petartesvisuais\/2019\/02\/25\/te-dou-minha-palavra-mostra-academica\/\">Te dou minha palavra: mostra acad\u00eamica<\/a><\/li>\n<li><a href=\"https:\/\/wp.ufpel.edu.br\/petartesvisuais\/chama-mostra-de-audiovisual\/\">CHAMA: mostra de audiovisual<\/a><\/li>\n<li><a href=\"https:\/\/wp.ufpel.edu.br\/petartesvisuais\/2019\/02\/25\/distensoes-e-distincoes-da-gravura\/\">Distens\u00f5es e Distin\u00e7\u00f5es da Gravura<\/a><\/li>\n<li><a href=\"https:\/\/wp.ufpel.edu.br\/petartesvisuais\/7-em-sala\/\">7 em Sala<\/a><\/li>\n<li><a href=\"https:\/\/wp.ufpel.edu.br\/petartesvisuais\/o-corpo-que-te-cabe\/\">O Corpo que te cabe<\/a><\/li>\n<li><a href=\"https:\/\/wp.ufpel.edu.br\/petartesvisuais\/2019\/02\/24\/latencia-l4t3nc14-ltnc4314\/\">Lat\u00eancia<\/a><\/li>\n<li><a href=\"https:\/\/wp.ufpel.edu.br\/petartesvisuais\/mostra-de-cinema-excentrico-noz-audiovisual\/\">Mostra de Cinema Exc\u00eantrico &#8211; NOZ Audiovisual<\/a><\/li>\n<li><a href=\"https:\/\/wp.ufpel.edu.br\/petartesvisuais\/imagerie\/\">Imagerie &#8211; Coletiva Fotogr\u00e1fica<\/a><\/li>\n<li><a href=\"https:\/\/wp.ufpel.edu.br\/petartesvisuais\/2019\/02\/24\/3a-fresta-mostra-de-audiovisual-da-furg\/\">3\u00aa Fresta: mostra de audiovisual da FURG<\/a><\/li>\n<li><a href=\"https:\/\/wp.ufpel.edu.br\/petartesvisuais\/2019\/02\/25\/artista-desconhecido\/\">Artista Desconhecido<\/a><\/li>\n<li><a href=\"https:\/\/wp.ufpel.edu.br\/petartesvisuais\/co-fluir-o-tempo-da-imagem\/\">Co-Fluir: O Tempo da Imagem<\/a><\/li>\n<li>\u00a026\u00b0 Sal\u00e3o Limeirense de Arte Contempor\u00e2nea<\/li>\n<li><a href=\"https:\/\/wp.ufpel.edu.br\/petartesvisuais\/2019\/02\/25\/544\/\">L.C. Vinholes: Constela\u00e7\u00f5es e Fronteiras Dissipadas<\/a><\/li>\n<li>Reabertura da Galeria Marina Pires MALG<\/li>\n<li><a href=\"https:\/\/wp.ufpel.edu.br\/petartesvisuais\/2019\/02\/24\/problemas-de-pintura\/\">\u00a0Problemas de Pintura<\/a><\/li>\n<li>\u00a0<a href=\"https:\/\/wp.ufpel.edu.br\/petartesvisuais\/2019\/02\/24\/exposicao-um-em-dois-patrick-tedesco-andre-barbachan\/\">Um em Dois<\/a><\/li>\n<li><a href=\"https:\/\/wp.ufpel.edu.br\/petartesvisuais\/2019\/02\/24\/exposicao-ambiente-se-janice-appel\/\">Ambiente-se<\/a><\/li>\n<li><a href=\"https:\/\/wp.ufpel.edu.br\/petartesvisuais\/2019\/02\/24\/playlist-a-sala\/\">Playlist A SALA<\/a><\/li>\n<li><a href=\"https:\/\/wp.ufpel.edu.br\/petartesvisuais\/2019\/02\/24\/natureza-para-a-aurora-de-um-novo-tempo\/\">Natureza para a Aurora de um Novo Tempo<\/a><\/li>\n<li><a href=\"https:\/\/wp.ufpel.edu.br\/petartesvisuais\/2019\/02\/24\/des-articulacoes-extemporaneas\/\">DES\/ARTicula\u00e7\u00f5es extempor\u00e2neas<\/a><\/li>\n<li><a href=\"https:\/\/wp.ufpel.edu.br\/petartesvisuais\/deslocc-as-paisagens-cotidianas\/\">II Deslocc &#8211; As Paisagens Cotidianas: &#8220;Descansar e Resistir&#8221;<\/a><\/li>\n<\/ul>\n<p><strong>2018<\/strong><\/p>\n<p style=\"text-align: justify;\">O grupo participou de diferentes projetos de extens\u00e3o promovidos pelo Centro de Artes e em parceria com a PREC\/UFPel. Oferecemos oficinas de arte e artesanato,\u00a0 exposi\u00e7\u00f5es de arte e audiovisual, organizamos feiras e festivais que reuniram a comunidade em geral, com destaque para as atividades voltada aos<br \/>\nprofessores e alunos da rede p\u00fablica de Pelotas, coletivos de artistas, espa\u00e7os de cultura e asilo de idosos.<\/p>\n<ul>\n<li><a href=\"https:\/\/wp.ufpel.edu.br\/petartesvisuais\/acao-no-asilo\/\">A\u00e7\u00e3o no Asilo Pedro Os\u00f3rio<\/a><\/li>\n<li><a href=\"https:\/\/wp.ufpel.edu.br\/petartesvisuais\/oficina-de-gravura-no-museu-gruppelli\/\">Gravura no Museu Gruppelli<\/a><\/li>\n<li><a href=\"https:\/\/wp.ufpel.edu.br\/petartesvisuais\/design-de-personagens\/\">Design de Personagens e HQs<\/a><\/li>\n<li><a href=\"https:\/\/wp.ufpel.edu.br\/petartesvisuais\/scratch-day-2018\/\">Scratch Day<\/a><\/li>\n<li><a href=\"https:\/\/wp.ufpel.edu.br\/petartesvisuais\/feira-do-livro-de-pelotas\/\">Feira do Livro de Pelotas\u00a0<\/a><\/li>\n<li><a href=\"https:\/\/wp.ufpel.edu.br\/petartesvisuais\/oficina-de-criacao-de-projeto-e-marcernaria-basica\/\">Cria\u00e7\u00e3o de Projeto e Marcenaria B\u00e1sica<\/a><\/li>\n<li><a href=\"https:\/\/wp.ufpel.edu.br\/petartesvisuais\/exposicao-centro\u2026ra-morro-redondo\/\">Exposi\u00e7\u00e3o Centro Cultural Morro Redondo<\/a><\/li>\n<li><a href=\"https:\/\/wp.ufpel.edu.br\/petartesvisuais\/1a-feirinha-grafica-m-qd\/\">1\u00aa Feirinha Gr\u00e1fica M-qd<\/a><\/li>\n<li><a href=\"https:\/\/wp.ufpel.edu.br\/petartesvisuais\/2o-festival-lua-sangrenta\/\">2\u00ba Festival Lua Sangrenta<\/a><\/li>\n<\/ul>\n","protected":false},"excerpt":{"rendered":"<p>2025 1-) Extens\u00e3o 2-) Exposi\u00e7\u00f5es 3-) Produ\u00e7\u00e3o e mostras de v\u00eddeo 2024 1-) Extens\u00e3o MOSTRA DE CURSOS UFPEL Carnaval 2024 2-) Exposi\u00e7\u00f5es Exposi\u00e7\u00e3o &#8220;Afeto-trajetografia&#8221; &#8211; LEME\u00a0 (IFISP) Exposi\u00e7\u00e3o &#8220;Carta ao pai&#8221; &#8211; LEME\u00a0 (IFISP) Exposi\u00e7\u00e3o &#8220;Vazante&#8221; &#8211; LEME (IFISP) Exposi\u00e7\u00e3o &#8220;Zona de Imers\u00e3o&#8221; &#8211; LEME (IFISP) &nbsp; 2023 1-) Extens\u00e3o Chamada aberta da PETELECO tema [&hellip;]<\/p>\n","protected":false},"author":557,"featured_media":0,"parent":0,"menu_order":0,"comment_status":"closed","ping_status":"closed","template":"","meta":{"jetpack_post_was_ever_published":false,"footnotes":""},"class_list":["post-291","page","type-page","status-publish","hentry"],"jetpack_sharing_enabled":true,"_links":{"self":[{"href":"https:\/\/wp.ufpel.edu.br\/petartesvisuais\/wp-json\/wp\/v2\/pages\/291","targetHints":{"allow":["GET"]}}],"collection":[{"href":"https:\/\/wp.ufpel.edu.br\/petartesvisuais\/wp-json\/wp\/v2\/pages"}],"about":[{"href":"https:\/\/wp.ufpel.edu.br\/petartesvisuais\/wp-json\/wp\/v2\/types\/page"}],"author":[{"embeddable":true,"href":"https:\/\/wp.ufpel.edu.br\/petartesvisuais\/wp-json\/wp\/v2\/users\/557"}],"replies":[{"embeddable":true,"href":"https:\/\/wp.ufpel.edu.br\/petartesvisuais\/wp-json\/wp\/v2\/comments?post=291"}],"version-history":[{"count":85,"href":"https:\/\/wp.ufpel.edu.br\/petartesvisuais\/wp-json\/wp\/v2\/pages\/291\/revisions"}],"predecessor-version":[{"id":3206,"href":"https:\/\/wp.ufpel.edu.br\/petartesvisuais\/wp-json\/wp\/v2\/pages\/291\/revisions\/3206"}],"wp:attachment":[{"href":"https:\/\/wp.ufpel.edu.br\/petartesvisuais\/wp-json\/wp\/v2\/media?parent=291"}],"curies":[{"name":"wp","href":"https:\/\/api.w.org\/{rel}","templated":true}]}}