{"id":282,"date":"2018-05-21T16:02:19","date_gmt":"2018-05-21T19:02:19","guid":{"rendered":"https:\/\/wp.ufpel.edu.br\/petartesvisuais\/?page_id=282"},"modified":"2025-04-10T20:21:22","modified_gmt":"2025-04-10T23:21:22","slug":"estudos-e-pesquisa","status":"publish","type":"page","link":"https:\/\/wp.ufpel.edu.br\/petartesvisuais\/estudos-e-pesquisa\/","title":{"rendered":"Estudos e Pesquisa"},"content":{"rendered":"<p><strong>2025<\/strong><\/p>\n<ul>\n<li><span style=\"font-weight: 400;\">Publica\u00e7\u00e3o de trabalhos e participa\u00e7\u00e3o em eventos acad\u00eamicos<\/span><\/li>\n<li style=\"margin-bottom: 0px; line-height: 28.9px;\">Grupos de pesquisas dos petianos<\/li>\n<li><a href=\"https:\/\/wp.ufpel.edu.br\/petartesvisuais\/pet-artes-visuais\/\">Reuni\u00f5es semanais do grupo PET Artes.<\/a><\/li>\n<\/ul>\n<p><strong>2024<\/strong><\/p>\n<ul>\n<li><a href=\"https:\/\/wp.ufpel.edu.br\/ifisp\/?p=2831\">Exposi\u00e7\u00f5es no LEME<\/a><\/li>\n<li><span style=\"font-weight: 400;\">Publica\u00e7\u00e3o de trabalhos e participa\u00e7\u00e3o em eventos acad\u00eamicos<\/span><\/li>\n<li style=\"margin-bottom: 0px; line-height: 28.9px;\">Grupos de pesquisas dos petianos<\/li>\n<li><a href=\"https:\/\/wp.ufpel.edu.br\/petartesvisuais\/pet-artes-visuais\/\">Reuni\u00f5es semanais do grupo PET Artes.<\/a><\/li>\n<\/ul>\n<p><strong>2023<\/strong><\/p>\n<ul>\n<li><a href=\"https:\/\/wp.ufpel.edu.br\/petartesvisuais\/2024\/03\/11\/pet-academico-2023\/\"><span style=\"font-weight: 400;\">Publica\u00e7\u00e3o de trabalhos e participa\u00e7\u00e3o em eventos acad\u00eamicos<\/span><\/a><\/li>\n<li><a href=\"https:\/\/wp.ufpel.edu.br\/petartesvisuais\/2024\/03\/11\/20-anos-da-galeria-a-2023\/\">Atividades na Galeria A Sala<\/a><\/li>\n<li><a href=\"https:\/\/institucional.ufpel.edu.br\/projetos\/id\/u7330\">Projeto Portinari<\/a><\/li>\n<li><a href=\"https:\/\/wp.ufpel.edu.br\/petartesvisuais\/2024\/03\/11\/sopa-2023-fotos-do-evento\/\">Cursos e oficinas<\/a><\/li>\n<li style=\"margin-bottom: 0.5em; line-height: 28.9px;\"><a href=\"https:\/\/wp.ufpel.edu.br\/petartesvisuais\/pet-artes-visuais\/\">Reuni\u00f5es semanais do grupo PET Artes.<\/a><\/li>\n<\/ul>\n<p><strong>2022<\/strong><\/p>\n<ul>\n<li><a href=\"https:\/\/wp.ufpel.edu.br\/petartesvisuais\/2023\/08\/02\/atividades-na-galeria-a-sala-em-2022\/\">Atividades na Galeria A Sala<\/a><\/li>\n<li><a href=\"https:\/\/wp.ufpel.edu.br\/petartesvisuais\/2023\/08\/02\/conversa-entre-o-pibid-e-o-pet-artes-visuais\/\">Atividades com o projeto Arte na Escola<\/a><\/li>\n<li><a href=\"https:\/\/ccs2.ufpel.edu.br\/wp\/2022\/09\/05\/ufpel-e-prefeitura-pactuam-acoes-do-programa-andorinha\/\"><span style=\"font-weight: 400;\">Projeto Andorinha.<\/span><\/a><\/li>\n<li><a href=\"https:\/\/wp.ufpel.edu.br\/petartesvisuais\/2023\/08\/31\/pet-em-ensino-pesquisa-e-extensao\/\"><span style=\"font-weight: 400;\">Publica\u00e7\u00e3o de trabalhos e participa\u00e7\u00e3o em eventos acad\u00eamicos<\/span><\/a><\/li>\n<li><a href=\"https:\/\/wp.ufpel.edu.br\/petartesvisuais\/2023\/07\/04\/cafe-no-jardim-do-malg-uma-reflexao-sobre-ausencias-100-anos-depois-da-semana-de-22\/\">A\u00e7\u00e3o no MALG<\/a><\/li>\n<li><a href=\"https:\/\/wp.ufpel.edu.br\/petartesvisuais\/2023\/07\/04\/oficina-tecendo-poeticas-feministas-do-caixa-de-pandora-com-apoio-do-pet-artes-visuais\/\"><span style=\"font-weight: 400;\">Atividades junto ao Projeto Caixa de Pandora<\/span><\/a><\/li>\n<li><span style=\"font-weight: 400;\"><a href=\"https:\/\/wp.ufpel.edu.br\/petartesvisuais\/2023\/08\/31\/petianos-em-cena\/\">Cursos e oficinas<\/a><\/span><\/li>\n<li><a href=\"https:\/\/wp.ufpel.edu.br\/petartesvisuais\/2023\/08\/02\/pet-a-todo-vapor-2022\/\"><span style=\"font-weight: 400;\">Reuni\u00f5es semanais do grupo PET Artes.<\/span><\/a><\/li>\n<\/ul>\n<p><strong>2021<\/strong><\/p>\n<ul>\n<li><a href=\"https:\/\/wp.ufpel.edu.br\/petartesvisuais\/2020\/12\/02\/projeto-forma\/\">Projeto forma: espa\u00e7o de forma\u00e7\u00e3o\u00a0<\/a><\/li>\n<li><span style=\"font-weight: 400;\"><a href=\"https:\/\/wp.ufpel.edu.br\/petartesvisuais\/2021\/01\/03\/atividades-do-grupo-patafisica\/\">Atividades do grupo Pataf\u00edsica, media\u00e7\u00e3o-arte-educa\u00e7\u00e3o<\/a><\/span><\/li>\n<li><span style=\"font-weight: 400;\"><a href=\"https:\/\/wp.ufpel.edu.br\/petartesvisuais\/2021\/01\/03\/atividades-do-projeto-caixa-de-pandora\/\">Projeto Caixa de Pandora<\/a><\/span><\/li>\n<li><span style=\"font-weight: 400;\">\u00a0<a href=\"http:\/\/mulheranima.pro\/\">Atividades do grupo Mulher Anima<\/a><\/span><\/li>\n<li><span style=\"font-weight: 400;\"><a href=\"https:\/\/wp.ufpel.edu.br\/petartesvisuais\/2020\/12\/13\/laboratorio-de-curadoria-lacmalg\/\">Atividades do Laborat\u00f3rio de Curadoria, LACMALG<\/a><\/span><\/li>\n<li><span style=\"font-weight: 400;\"><a href=\"https:\/\/wp.ufpel.edu.br\/petartesvisuais\/2021\/01\/10\/grupo-de-pesquisa-arte-sonora-experimentalismo-e-pesquisa-artistica\/\">Grupo de Pesquisa Arte sonora: experimentalismo e pesquisa art\u00edstica<\/a><\/span><\/li>\n<li><a href=\"https:\/\/wp.ufpel.edu.br\/petartesvisuais\/2022\/04\/27\/participacoes-em-cursos-e-oficinas\/\"><span style=\"font-weight: 400;\">Cursos e oficinas.<\/span><\/a><\/li>\n<li><a href=\"https:\/\/wp.ufpel.edu.br\/petartesvisuais\/2022\/04\/27\/reunioes-semanais-do-grupo-2\/\"><span style=\"font-weight: 400;\">Reuni\u00f5es semanais do grupo PET Artes.<\/span><\/a><\/li>\n<\/ul>\n<p>&nbsp;<\/p>\n<p><strong>2020<\/strong><\/p>\n<ul>\n<li><a class=\"row-title\" href=\"https:\/\/wp.ufpel.edu.br\/petartesvisuais\/2020\/12\/07\/atividades-da-galeria-a-sala\/\" aria-label=\"\u201cAtividades da Galeria A Sala\u201d (Editar)\">Atividades da Galeria A Sala<\/a><\/li>\n<li><a class=\"row-title\" href=\"https:\/\/wp.ufpel.edu.br\/petartesvisuais\/2020\/12\/02\/projeto-forma\/\" aria-label=\"\u201cProjeto forma e produ\u00e7\u00e3o do Podcast Forninho\u201d (Editar)\">Projeto forma: espa\u00e7o de forma\u00e7\u00e3o ampliada<\/a><\/li>\n<li><a href=\"https:\/\/wp.ufpel.edu.br\/petartesvisuais\/2021\/01\/03\/atividades-do-grupo-patafisica\/\">Atividades do grupo Pataf\u00edsica, media\u00e7\u00e3o-arte-educa\u00e7\u00e3o<\/a><\/li>\n<li><a href=\"https:\/\/wp.ufpel.edu.br\/petartesvisuais\/2021\/01\/03\/atividades-do-projeto-caixa-de-pandora\/\">Projeto Caixa de Pandora<\/a><\/li>\n<li><a href=\"https:\/\/wp.ufpel.edu.br\/petartesvisuais\/2020\/12\/13\/laboratorio-de-curadoria-lacmalg\/\">Laborat\u00f3rio de Curadoria (LACMALG)<\/a><\/li>\n<li><a href=\"https:\/\/wp.ufpel.edu.br\/petartesvisuais\/2021\/01\/17\/grupo-de-pesquisa-avendano-junior\/\">Grupo de Pesquisa Avendano J\u00fanior<\/a><\/li>\n<li><a href=\"https:\/\/wp.ufpel.edu.br\/petartesvisuais\/2020\/11\/10\/grupo-de-pesquisa-formacao-docente-e-educacao-musical\/\">Grupo de pesquisa &#8211; Forma\u00e7\u00e3o docente e educa\u00e7\u00e3o musical<\/a><\/li>\n<li><a href=\"https:\/\/wp.ufpel.edu.br\/petartesvisuais\/2021\/01\/30\/para-desenharmos-juntas-os-2-0\/\">Para desenharmos juntas\/os 2.0<\/a><\/li>\n<li><a href=\"https:\/\/wp.ufpel.edu.br\/petartesvisuais\/2021\/01\/10\/grupo-de-pesquisa-arte-sonora-experimentalismo-e-pesquisa-artistica\/\">Grupo de Pesquisa Arte sonora: experimentalismo e pesquisa art\u00edstica<\/a><\/li>\n<\/ul>\n<ul>\n<li><a href=\"https:\/\/wp.ufpel.edu.br\/petartesvisuais\/2021\/02\/10\/cursos-e-oficinas\/\">Cursos e oficinas<\/a><\/li>\n<li><a href=\"https:\/\/wp.ufpel.edu.br\/petartesvisuais\/2020\/12\/20\/reunioes-semanais-do-grupo\/\">Reuni\u00f5es semanais do grupo PET Artes<\/a><\/li>\n<\/ul>\n<p>&nbsp;<\/p>\n<p><strong>2019<\/strong><\/p>\n<ul>\n<li><a href=\"https:\/\/wp.ufpel.edu.br\/petartesvisuais\/2019\/12\/20\/laboratorio-de-curadoria-no-malg\/\"><span style=\"font-weight: 400;\">Participa\u00e7\u00e3o de petianos no Laborat\u00f3rio de Curadoria no MALG<\/span><\/a><\/li>\n<li><a href=\"https:\/\/wp.ufpel.edu.br\/petartesvisuais\/2019\/11\/26\/peteleco-edicao-comemorativa-do-jornal-do-pet-original-de-1995\/\"><span style=\"font-weight: 400;\">PETELECO! Edi\u00e7\u00e3o comemorativa do Jornal do PET, original de 1995<\/span><\/a><\/li>\n<li><a href=\"https:\/\/wp.ufpel.edu.br\/petartesvisuais\/2019\/11\/03\/publicacao-dos-resumos-expandidos-de-trabalhos-cientificos-dos-petianos-no-siiepe-2019\/\"><span style=\"font-weight: 400;\">Publica\u00e7\u00e3o dos resumos expandidos de trabalhos cient\u00edficos dos petianos no SIIEPE 2019<\/span><\/a><\/li>\n<li><a href=\"https:\/\/wp.ufpel.edu.br\/petartesvisuais\/projeto-arte-na-escola\/\">Projeto Arte na Escola<\/a><\/li>\n<li><a href=\"https:\/\/wp.ufpel.edu.br\/petartesvisuais\/grupo-de-pesquisa-caixa-de-pandora-estudos-de-genero-e-memoria\/\">Grupo de Pesquisa Caixa de Pandora &#8211; Estudos em Arte, G\u00eanero e mem\u00f3ria<\/a><\/li>\n<li><a href=\"https:\/\/wp.ufpel.edu.br\/petartesvisuais\/grupo-de-estudos-sobre-a-profundidade\/\">Grupo de Estudos sobre Profundidade<\/a><\/li>\n<li><a href=\"https:\/\/wp.ufpel.edu.br\/petartesvisuais\/grupo-de-pesquisa-arte-sonora\/\">Grupo de Pesquisa Arte sonora: experimentalismo e pesquisa art\u00edstica\u00a0<\/a><\/li>\n<li><a href=\"https:\/\/wp.ufpel.edu.br\/petartesvisuais\/filosofia-no-ensino-fundamental\/\">Filosofia no Ensino Fundamental<\/a><\/li>\n<li><a href=\"https:\/\/wp.ufpel.edu.br\/petartesvisuais\/grupo-de-pesquisa-sobras-do-cotidiano\/\">Grupo de Pesquisa Sobras do Cotidiano<\/a><\/li>\n<li><a href=\"https:\/\/wp.ufpel.edu.br\/petartesvisuais\/grupo-de-pesquisa-lugares-livro-dimensoes-poeticas-e-materiais\/\">Grupo de Pesquisa Lugares Livro: Dimens\u00f5es Po\u00e9ticas e Materiais<\/a><\/li>\n<li><a href=\"https:\/\/wp.ufpel.edu.br\/petartesvisuais\/?page_id=1354&amp;preview=true\">Grupo Pataf\u00edsica<\/a><\/li>\n<\/ul>\n<p><strong>2018<\/strong><\/p>\n<p><a href=\"https:\/\/wp.ufpel.edu.br\/petartesvisuais\/projeto-arte-na-escola\/\">Projeto Arte na Escola<\/a><br \/>\n<a href=\"https:\/\/wp.ufpel.edu.br\/petartesvisuais\/grupo-de-pesquisa-caixa-de-pandora-estudos-de-genero-e-memoria\/\">Grupo de Pesquisa Caixa de Pandora &#8211; Estudos em Arte, G\u00eanero e mem\u00f3ria<\/a><br \/>\n<a href=\"https:\/\/wp.ufpel.edu.br\/petartesvisuais\/grupo-de-pesquisa-e-extensao-lugares-livro-dimensoes-materiais-e-poeticas\/\">Grupo de Pesquisa e Extens\u00e3o Lugares &#8211; Livro &#8211; Dimens\u00f5es Materiais e Po\u00e9ticas<\/a><br \/>\n<a href=\"https:\/\/wp.ufpel.edu.br\/petartesvisuais\/grupo-de-estudos-sobre-a-profundidade\/\">Grupo de Estudos sobre Profundidade<\/a><br \/>\n<a href=\"https:\/\/wp.ufpel.edu.br\/petartesvisuais\/grupo-de-pesquisa-arte-e-engenharia\/\">Grupo de Pesquisa Arte e Engenharia Sonora<\/a><br \/>\n<a href=\"https:\/\/wp.ufpel.edu.br\/petartesvisuais\/grupo-de-pesquisa-corpo-imagem-som\/\">Grupo de Pesquisa Corpo-imagem-som<\/a><br \/>\n<a href=\"https:\/\/wp.ufpel.edu.br\/petartesvisuais\/nucleo-de-genero-e-diversidade\/\">N\u00facleo de G\u00eanero e Diversidade<\/a><br \/>\n<a href=\"https:\/\/wp.ufpel.edu.br\/petartesvisuais\/nucleo-de-desenho-e-quadrinhos\/\">N\u00facleo de Desenhos e Quadrinhos<\/a><br \/>\n<a href=\"https:\/\/wp.ufpel.edu.br\/petartesvisuais\/nufolk-nucleo-de-folclore-da-ufpel\/\">Nufolk &#8211; N\u00facleo de Folclore da UFPel<\/a><br \/>\n<a href=\"https:\/\/wp.ufpel.edu.br\/petartesvisuais\/filosofia-no-ensino-fundamental\/\">Filosofia no Ensino Fundamental<\/a><\/p>\n","protected":false},"excerpt":{"rendered":"<p>2025 Publica\u00e7\u00e3o de trabalhos e participa\u00e7\u00e3o em eventos acad\u00eamicos Grupos de pesquisas dos petianos Reuni\u00f5es semanais do grupo PET Artes. 2024 Exposi\u00e7\u00f5es no LEME Publica\u00e7\u00e3o de trabalhos e participa\u00e7\u00e3o em eventos acad\u00eamicos Grupos de pesquisas dos petianos Reuni\u00f5es semanais do grupo PET Artes. 2023 Publica\u00e7\u00e3o de trabalhos e participa\u00e7\u00e3o em eventos acad\u00eamicos Atividades na Galeria [&hellip;]<\/p>\n","protected":false},"author":557,"featured_media":0,"parent":0,"menu_order":0,"comment_status":"closed","ping_status":"closed","template":"","meta":{"jetpack_post_was_ever_published":false,"footnotes":""},"class_list":["post-282","page","type-page","status-publish","hentry"],"jetpack_sharing_enabled":true,"_links":{"self":[{"href":"https:\/\/wp.ufpel.edu.br\/petartesvisuais\/wp-json\/wp\/v2\/pages\/282","targetHints":{"allow":["GET"]}}],"collection":[{"href":"https:\/\/wp.ufpel.edu.br\/petartesvisuais\/wp-json\/wp\/v2\/pages"}],"about":[{"href":"https:\/\/wp.ufpel.edu.br\/petartesvisuais\/wp-json\/wp\/v2\/types\/page"}],"author":[{"embeddable":true,"href":"https:\/\/wp.ufpel.edu.br\/petartesvisuais\/wp-json\/wp\/v2\/users\/557"}],"replies":[{"embeddable":true,"href":"https:\/\/wp.ufpel.edu.br\/petartesvisuais\/wp-json\/wp\/v2\/comments?post=282"}],"version-history":[{"count":49,"href":"https:\/\/wp.ufpel.edu.br\/petartesvisuais\/wp-json\/wp\/v2\/pages\/282\/revisions"}],"predecessor-version":[{"id":3203,"href":"https:\/\/wp.ufpel.edu.br\/petartesvisuais\/wp-json\/wp\/v2\/pages\/282\/revisions\/3203"}],"wp:attachment":[{"href":"https:\/\/wp.ufpel.edu.br\/petartesvisuais\/wp-json\/wp\/v2\/media?parent=282"}],"curies":[{"name":"wp","href":"https:\/\/api.w.org\/{rel}","templated":true}]}}