{"id":1381,"date":"2021-04-09T09:59:54","date_gmt":"2021-04-09T12:59:54","guid":{"rendered":"https:\/\/wp.ufpel.edu.br\/perguntas\/?page_id=1381"},"modified":"2021-04-09T09:59:54","modified_gmt":"2021-04-09T12:59:54","slug":"e-aula-docentes","status":"publish","type":"page","link":"https:\/\/wp.ufpel.edu.br\/perguntas\/e-aula\/e-aula-docentes\/","title":{"rendered":"e-AULA &#8211; Docentes"},"content":{"rendered":"<ul class=\"lcp_catlist\" id=\"lcp_instance_0\"><li><a href=\"https:\/\/wp.ufpel.edu.br\/perguntas\/a-minha-disciplina-nao-aparece-para-mim-no-novo-moodle-o-que-pode-ter-acontecido\/\">A minha disciplina n\u00e3o aparece para mim no novo Moodle, o que pode ter acontecido?<\/a><\/li><li><a href=\"https:\/\/wp.ufpel.edu.br\/perguntas\/como-acesso-as-atividades-enviadas-poderiam-dar-alguma-orientacao\/\">Como acesso as atividades enviadas, poderiam dar alguma orienta\u00e7\u00e3o?<\/a><\/li><li><a href=\"https:\/\/wp.ufpel.edu.br\/perguntas\/como-aplicar-uma-avaliacao-virtual-prova-sendo-que-estamos-ministrando-disciplinas-em-ead\/\">Como aplicar uma avalia\u00e7\u00e3o virtual (prova) sendo que estamos ministrando disciplinas em EAD?<\/a><\/li><li><a href=\"https:\/\/wp.ufpel.edu.br\/perguntas\/como-contabilizar-a-carga-horaria-da-disciplina-e-a-frequencia-dos-meus-alunos\/\">Como contabilizar a carga hor\u00e1ria da disciplina e a frequ\u00eancia dos meus alunos?<\/a><\/li><li><a href=\"https:\/\/wp.ufpel.edu.br\/perguntas\/como-contemplar-as-atividades-do-calendario-alternativo-no-plano-de-ensino-antes-pensado-para-o-ensino-presencial\/\">Como contemplar as atividades do calend\u00e1rio alternativo no plano de ensino, antes pensado para o ensino presencial?<\/a><\/li><li><a href=\"https:\/\/wp.ufpel.edu.br\/perguntas\/como-dar-acesso-a-professores-convidados-no-webconf-do-e-aula\/\">Como dar acesso a professores convidados no webconf do e-AULA?<\/a><\/li><li><a href=\"https:\/\/wp.ufpel.edu.br\/perguntas\/como-faco-a-integracao-de-monitores-no-e-aula-basico-monitor-avancado-e-interprete-de-libras\/\">Como fa\u00e7o a integra\u00e7\u00e3o de monitores no e-AULA (b\u00e1sico, monitor, avan\u00e7ado e int\u00e9rprete de libras?<\/a><\/li><li><a href=\"https:\/\/wp.ufpel.edu.br\/perguntas\/como-faco-para-atualizar-informacoes-do-cobalto-para-o-e-aula\/\">Como fa\u00e7o para atualizar informa\u00e7\u00f5es do cobalto para o E-aula?<\/a><\/li><li><a href=\"https:\/\/wp.ufpel.edu.br\/perguntas\/como-faco-para-editar-as-gravacoes-realizadas-no-webconf\/\">Como fa\u00e7o para editar as grava\u00e7\u00f5es realizadas no webconf ?<\/a><\/li><li><a href=\"https:\/\/wp.ufpel.edu.br\/perguntas\/como-fazer-backup-no-e-aula\/\">Como fazer backup no e-aula?<\/a><\/li><li><a href=\"https:\/\/wp.ufpel.edu.br\/perguntas\/como-fazer-para-incluir-alunos-ouvintes-pos-graduacao-ou-orientandos-de-pos-graduacao-na-minha-disciplina\/\">Como fazer para incluir alunos ouvintes, p\u00f3s-gradua\u00e7\u00e3o ou orientandos de p\u00f3s-gradua\u00e7\u00e3o na minha disciplina?<\/a><\/li><li><a href=\"https:\/\/wp.ufpel.edu.br\/perguntas\/como-fazer-para-que-as-mensagens-postadas-nos-foruns-sejam-notificadas-em-meu-email-e-no-email-de-meus-alunos\/\">Como fazer para que as mensagens postadas nos f\u00f3runs sejam notificadas em meu email e no email de meus alunos?<\/a><\/li><li><a href=\"https:\/\/wp.ufpel.edu.br\/perguntas\/como-incluir-professores-de-outras-instituicoes-considerando-que-as-aulas-ja-comecaram-e-nao-houve-tempo-para-os-tramites-burocraticos\/\">Como incluir professores de outras institui\u00e7\u00f5es, considerando que as aulas j\u00e1 come\u00e7aram e n\u00e3o houve tempo para os tr\u00e2mites burocr\u00e1ticos?<\/a><\/li><li><a href=\"https:\/\/wp.ufpel.edu.br\/perguntas\/como-incluir-professores-ouvintes-no-e-aula\/\">Como incluir professores ouvintes no e-AULA?<\/a><\/li><li><a href=\"https:\/\/wp.ufpel.edu.br\/perguntas\/como-posso-incluir-convidados-externos-para-participar-de-aulas-utilizando-o-webconf-integrado-ao-e-aula\/\">Como posso incluir convidados externos para participar de aulas utilizando o Webconf integrado ao e-AULA?<\/a><\/li><li><a href=\"https:\/\/wp.ufpel.edu.br\/perguntas\/como-posso-me-comunicar-com-um-grupo-no-e-aula\/\">Como posso me comunicar com um grupo no e-AULA?<\/a><\/li><li><a href=\"https:\/\/wp.ufpel.edu.br\/perguntas\/como-posso-utilizar-videos-em-encontros-sincronos-sem-sobrecarregar-o-uso-de-dados\/\">Como posso utilizar v\u00eddeos em encontros s\u00edncronos sem sobrecarregar o uso de dados?<\/a><\/li><li><a href=\"https:\/\/wp.ufpel.edu.br\/perguntas\/e-possivel-criar-uma-outra-sala-dentro-do-proprio-webconf\/\">\u00c9 poss\u00edvel criar uma outra sala dentro do pr\u00f3prio Webconf ?<\/a><\/li><li><a href=\"https:\/\/wp.ufpel.edu.br\/perguntas\/e-possivel-fazer-o-download-do-video-da-gravacao-da-web-conferencia\/\">\u00c9 poss\u00edvel fazer o download do v\u00eddeo da grava\u00e7\u00e3o da web confer\u00eancia?<\/a><\/li><li><a href=\"https:\/\/wp.ufpel.edu.br\/perguntas\/e-possivel-oferecer-acesso-ao-palestrante-e-a-outros-participantes-ouvintes-externos-a-ufpel-de-que-forma\/\">\u00c9 poss\u00edvel oferecer acesso ao palestrante e a outros participantes-ouvintes externos \u00e0 UFPel? De que forma?<\/a><\/li><li><a href=\"https:\/\/wp.ufpel.edu.br\/perguntas\/e-possivel-para-o-administrador-da-conferencia-silenciar-os-participantes-no-sistema-webconf\/\">\u00c9 poss\u00edvel para o administrador da confer\u00eancia silenciar os participantes no sistema Webconf?<\/a><\/li><li><a href=\"https:\/\/wp.ufpel.edu.br\/perguntas\/e-possivel-participantes-externos-terem-acesso-a-uma-defesa-de-tcc-pelo-webconf-do-e-aula\/\">\u00c9 poss\u00edvel participantes externos terem acesso a uma defesa de TCC pelo webconf do E-aula?<\/a><\/li><li><a href=\"https:\/\/wp.ufpel.edu.br\/perguntas\/em-que-diferem-encontros-sincronos-de-encontros-assincronos-2\/\">Em que diferem encontros s\u00edncronos de encontros ass\u00edncronos?<\/a><\/li><li><a href=\"https:\/\/wp.ufpel.edu.br\/perguntas\/exclui-um-modulo-da-disciplina-por-acidente-como-e-possivel-recupera-lo\/\">Exclu\u00ed um m\u00f3dulo da disciplina por acidente. Como \u00e9 poss\u00edvel recuper\u00e1-lo?<\/a><\/li><li><a href=\"https:\/\/wp.ufpel.edu.br\/perguntas\/exclusao-de-video-da-plataforma\/\">Exclus\u00e3o de v\u00eddeo da plataforma<\/a><\/li><li><a href=\"https:\/\/wp.ufpel.edu.br\/perguntas\/ha-um-manual-do-professor-onde-esta-disponivel\/\">H\u00e1 um manual do professor? Onde est\u00e1 dispon\u00edvel?<\/a><\/li><li><a href=\"https:\/\/wp.ufpel.edu.br\/perguntas\/problemas-gerais-de-acesso-e-uso-do-webconf\/\">Problemas gerais de acesso e uso do webconf<\/a><\/li><li><a href=\"https:\/\/wp.ufpel.edu.br\/perguntas\/quais-as-orientacoes-caso-seja-necessario-exame\/\">Quais as orienta\u00e7\u00f5es caso seja necess\u00e1rio exame?<\/a><\/li><li><a href=\"https:\/\/wp.ufpel.edu.br\/perguntas\/qual-e-o-limite-de-pessoas-que-o-webconf-suporta\/\">Qual \u00e9 o limite de pessoas que o webconf suporta?<\/a><\/li><li><a href=\"https:\/\/wp.ufpel.edu.br\/perguntas\/qual-ferramenta-devo-utilizar-para-encontros-sincronos\/\">Qual ferramenta devo utilizar para encontros s\u00edncronos?<\/a><\/li><li><a href=\"https:\/\/wp.ufpel.edu.br\/perguntas\/qual-plataforma-eu-utilizo-e-aula-http-e-aula-ufpel-edu-br-ou-ava-institucional-http-ava-ufpel-edu-br\/\">Qual plataforma eu utilizo? e-AULA (http:\/\/e-aula.ufpel.edu.br) ou AVA Institucional (http:\/\/ava.ufpel.edu.br)<\/a><\/li><li><a href=\"https:\/\/wp.ufpel.edu.br\/perguntas\/qual-sera-o-procedimento-para-solicitar-disciplinas-no-moodle-que-envolvam-os-projetos-de-ensino-pesquisa-e-extensao\/\">Qual ser\u00e1 o procedimento para solicitar disciplinas no Moodle que envolvam os projetos de ensino, pesquisa e extens\u00e3o?<\/a><\/li><li><a href=\"https:\/\/wp.ufpel.edu.br\/perguntas\/quando-iniciamos-a-videoconferencia-no-e-aula-a-gravacao-e-acionada-automaticamente-seria-possivel-desabilita-la-e-deixar-a-cargo-do-professor-o-inicio-da-gravacao\/\">Quando iniciamos a videoconfer\u00eancia no e-AULA a grava\u00e7\u00e3o \u00e9 acionada automaticamente, seria poss\u00edvel desabilit\u00e1-la e deixar a cargo do professor o in\u00edcio da grava\u00e7\u00e3o?<\/a><\/li><\/ul>\n\n\n\n<div class=\"wp-block-group solicitar-atendimento\"><div class=\"wp-block-group__inner-container is-layout-flow wp-block-group-is-layout-flow\">\n<h2 class=\"wp-block-heading\">N\u00e3o encontrou a resposta?<\/h2>\n\n\n\n<p>Solicite atendimento clicando no bot\u00e3o abaixo:<\/p>\n\n\n\n<div class=\"wp-block-buttons has-custom-font-size has-medium-font-size is-content-justification-center is-layout-flex wp-container-core-buttons-is-layout-16018d1d wp-block-buttons-is-layout-flex\">\n<div class=\"wp-block-button\"><a class=\"wp-block-button__link wp-element-button\" href=\"https:\/\/wp.ufpel.edu.br\/perguntas\/solicitar-atendimento\/\">SOLICITAR ATENDIMENTO<\/a><\/div>\n<\/div>\n<\/div><\/div>\n\n\n\n<p><\/p>\n","protected":false},"excerpt":{"rendered":"","protected":false},"author":20,"featured_media":0,"parent":1372,"menu_order":0,"comment_status":"closed","ping_status":"closed","template":"","meta":{"footnotes":""},"class_list":["post-1381","page","type-page","status-publish","hentry"],"jetpack_sharing_enabled":true,"_links":{"self":[{"href":"https:\/\/wp.ufpel.edu.br\/perguntas\/wp-json\/wp\/v2\/pages\/1381","targetHints":{"allow":["GET"]}}],"collection":[{"href":"https:\/\/wp.ufpel.edu.br\/perguntas\/wp-json\/wp\/v2\/pages"}],"about":[{"href":"https:\/\/wp.ufpel.edu.br\/perguntas\/wp-json\/wp\/v2\/types\/page"}],"author":[{"embeddable":true,"href":"https:\/\/wp.ufpel.edu.br\/perguntas\/wp-json\/wp\/v2\/users\/20"}],"replies":[{"embeddable":true,"href":"https:\/\/wp.ufpel.edu.br\/perguntas\/wp-json\/wp\/v2\/comments?post=1381"}],"version-history":[{"count":1,"href":"https:\/\/wp.ufpel.edu.br\/perguntas\/wp-json\/wp\/v2\/pages\/1381\/revisions"}],"predecessor-version":[{"id":1383,"href":"https:\/\/wp.ufpel.edu.br\/perguntas\/wp-json\/wp\/v2\/pages\/1381\/revisions\/1383"}],"up":[{"embeddable":true,"href":"https:\/\/wp.ufpel.edu.br\/perguntas\/wp-json\/wp\/v2\/pages\/1372"}],"wp:attachment":[{"href":"https:\/\/wp.ufpel.edu.br\/perguntas\/wp-json\/wp\/v2\/media?parent=1381"}],"curies":[{"name":"wp","href":"https:\/\/api.w.org\/{rel}","templated":true}]}}