{"id":987,"date":"2020-05-17T04:34:29","date_gmt":"2020-05-17T07:34:29","guid":{"rendered":"https:\/\/wp.ufpel.edu.br\/pelotasmun\/?page_id=987"},"modified":"2026-04-23T20:36:24","modified_gmt":"2026-04-23T23:36:24","slug":"academica","status":"publish","type":"page","link":"https:\/\/wp.ufpel.edu.br\/pelotasmun\/academica\/","title":{"rendered":"Acad\u00eamico"},"content":{"rendered":"<p style=\"text-align: justify;\"><span style=\"font-size: 18pt; color: #333333;\"><strong>Acad\u00eamico Portugu\u00eas<\/strong><\/span><\/p>\n<p style=\"text-align: justify;\">\n<table style=\"border-collapse: collapse; width: 100.534%; height: 1449px;\" border=\"1\">\n<tbody>\n<tr style=\"border-style: hidden;\">\n<td style=\"width: 1.33333%; height: 39px; border-style: hidden;\"><\/td>\n<td style=\"width: 98.6667%; height: 39px; border-style: hidden;\">\n<p style=\"text-align: justify;\"><span style=\"font-size: 14pt;\"><span style=\"font-weight: 400;\"><strong>Laura Beatriz Goulart,\u00a0<\/strong> <\/span><i><span style=\"font-weight: 400;\">Diretora do Acad\u00eamico em Portugu\u00eas.<\/span><\/i><\/span><\/p>\n<p style=\"text-align: justify;\"><span style=\"font-weight: 400;\">Meu nome \u00e9 Laura Beatriz, tenho 20 anos, sou de Pelotas\/RS e estou cursando o 7\u00ba semestre de Rela\u00e7\u00f5es Internacionais na UFPel. Gosto muito de m\u00fasica, hist\u00f3ria, s\u00e9ries, literatura, aprender sobre cultura, novas idiomas e de estar com meus amigos. Estar no MUN pra mim \u00e9 uma oportunidade de desenvolver habilidades, conhecer pessoas novas e aprender sobre o funcionamento da ONU e diplomacia entre os pa\u00edses!<\/span><\/p>\n<p style=\"text-align: justify;\">\n<\/td>\n<\/tr>\n<tr style=\"border-style: hidden;\">\n<td style=\"width: 1.33333%; height: 10px; border-style: hidden;\"><\/td>\n<td style=\"width: 98.6667%; height: 10px; border-style: hidden;\"><\/td>\n<\/tr>\n<tr style=\"border-style: hidden;\">\n<td style=\"width: 1.33333%; height: 10px; border-style: hidden;\"><\/td>\n<td style=\"width: 98.6667%; height: 10px; border-style: hidden;\"><\/td>\n<\/tr>\n<tr style=\"border-style: hidden;\">\n<td style=\"width: 1.33333%; height: 10px; border-style: hidden;\"><\/td>\n<td style=\"width: 98.6667%; height: 10px; border-style: hidden;\"><\/td>\n<\/tr>\n<tr style=\"border-style: hidden;\">\n<td style=\"width: 1.33333%; height: 39px; border-style: hidden;\"><\/td>\n<td style=\"width: 98.6667%; height: 39px; border-style: hidden;\">\n<p style=\"text-align: justify;\"><span style=\"font-size: 14pt;\"><strong>Julia Bohn Nogueira,\u00a0 <\/strong><em>Assistente do Acad\u00eamico em Portugu\u00eas.<\/em><\/span><\/p>\n<p style=\"text-align: justify;\"><span style=\"font-weight: 400;\">Sou Julia Bohn Nogueira, tenho 19 anos e sou de Rond\u00f4nia. Estou no primeiro semestre de Rela\u00e7\u00f5es Internacionais na UFPel. Tenho interesse por s\u00e9ries, filmes, livros e sou apaixonada por v\u00f4lei \u2014 tanto para assistir quanto para jogar. Participo de simula\u00e7\u00f5es da ONU h\u00e1 dois anos e atualmente atuo como assistente acad\u00eamica no PelotasMUN. Estou muito feliz em fazer parte dessa equipe e espero contribuir para o crescimento do projeto, al\u00e9m de desenvolver meus conhecimentos e experi\u00eancias acad\u00eamicas.<\/span><\/p>\n<\/td>\n<\/tr>\n<tr style=\"border-style: hidden;\">\n<td style=\"width: 1.33333%; height: 39px; border-style: hidden;\"><\/td>\n<td style=\"width: 98.6667%; height: 39px; border-style: hidden; text-align: justify;\"><\/td>\n<\/tr>\n<tr style=\"border-style: hidden;\">\n<td style=\"width: 1.33333%; height: 39px; border-style: hidden;\"><\/td>\n<td style=\"width: 98.6667%; height: 39px; border-style: hidden; text-align: justify;\">\n<p><span style=\"font-size: 14pt;\"><strong>Maria Eduarda Guedes Santos, <\/strong><em>Assistente do Acad\u00eamico em Portugu\u00eas.<\/em><\/span><\/p>\n<p><span style=\"font-weight: 400;\">Tenho <\/span><span style=\"font-weight: 400;\">22 anos, <\/span><span style=\"font-weight: 400;\">Rela\u00e7\u00f5es Internacionais 7\u00ba semestre, <\/span><span style=\"font-weight: 400;\">hobbie: dan\u00e7a do ventre. Minha <\/span><span style=\"font-weight: 400;\">expectativa este ano: contribuir para que esse ano o mun consiga superar ainda mais as expectativas<\/span><\/p>\n<p>&nbsp;<\/td>\n<\/tr>\n<tr style=\"border-style: hidden;\">\n<td style=\"width: 1.33333%; height: 39px; border-style: hidden;\"><\/td>\n<td style=\"width: 98.6667%; height: 39px; border-style: hidden;\"><\/td>\n<\/tr>\n<tr style=\"border-style: hidden;\">\n<td style=\"width: 1.33333%; height: 39px; border-style: hidden;\"><\/td>\n<td style=\"width: 98.6667%; height: 39px; border-style: hidden;\"><\/td>\n<\/tr>\n<tr style=\"border-style: hidden;\">\n<td style=\"width: 1.33333%; height: 39px; border-style: hidden;\"><\/td>\n<td style=\"width: 98.6667%; height: 39px; border-style: hidden;\"><\/td>\n<\/tr>\n<tr style=\"border-style: hidden;\">\n<td style=\"width: 1.33333%; height: 270px; border-style: hidden;\"><\/td>\n<td style=\"width: 98.6667%; height: 270px; border-style: hidden;\"><\/td>\n<\/tr>\n<tr style=\"border-style: hidden;\">\n<td style=\"width: 1.33333%; height: 39px; border-style: hidden;\"><\/td>\n<td style=\"width: 98.6667%; height: 39px; border-style: hidden;\"><\/td>\n<\/tr>\n<tr style=\"border-style: hidden;\">\n<td style=\"width: 1.33333%; height: 249px; border-style: hidden;\"><\/td>\n<td style=\"width: 98.6667%; height: 249px; border-style: hidden;\"><\/td>\n<\/tr>\n<tr style=\"border-style: hidden;\">\n<td style=\"width: 1.33333%; height: 39px; border-style: hidden;\"><\/td>\n<td style=\"width: 98.6667%; height: 39px; border-style: hidden;\"><\/td>\n<\/tr>\n<tr style=\"border-style: hidden;\">\n<td style=\"width: 1.33333%; height: 10px; border-style: hidden;\"><\/td>\n<td style=\"width: 98.6667%; height: 10px; border-style: hidden;\"><\/td>\n<\/tr>\n<\/tbody>\n<\/table>\n<p style=\"text-align: justify;\"><span style=\"color: #333333; font-size: 18pt;\"><strong>Acad\u00eamico Espanhol<\/strong><\/span><\/p>\n<p style=\"text-align: justify;\">\n<table style=\"border-collapse: collapse; width: 100%;\" border=\"1\">\n<tbody>\n<tr style=\"border-style: none;\">\n<td style=\"width: 28.8%; border-style: none; height: 248px;\">\n<p><img decoding=\"async\" src=\"https:\/\/wp.ufpel.edu.br\/pelotasmun\/files\/2025\/06\/29-scaled.png\" \/><\/p>\n<p>&nbsp;<\/p>\n<p><img loading=\"lazy\" decoding=\"async\" class=\"aligncenter size-large wp-image-5830\" src=\"https:\/\/wp.ufpel.edu.br\/pelotasmun\/files\/2025\/03\/11-1024x1024.png\" alt=\"\" width=\"1024\" height=\"1024\" srcset=\"https:\/\/wp.ufpel.edu.br\/pelotasmun\/files\/2025\/03\/11-1024x1024.png 1024w, https:\/\/wp.ufpel.edu.br\/pelotasmun\/files\/2025\/03\/11-400x400.png 400w, https:\/\/wp.ufpel.edu.br\/pelotasmun\/files\/2025\/03\/11-200x200.png 200w, https:\/\/wp.ufpel.edu.br\/pelotasmun\/files\/2025\/03\/11-768x768.png 768w, https:\/\/wp.ufpel.edu.br\/pelotasmun\/files\/2025\/03\/11.png 1080w\" sizes=\"auto, (max-width: 1024px) 100vw, 1024px\" \/><\/td>\n<td style=\"width: 71.2%; border-style: none; height: 248px;\">\n<p><span style=\"font-size: 14pt;\"><strong>Laura Beatriz, <\/strong><em>\u00a0Assistente do Acad\u00eamico em Espanhol.<\/em><\/span><\/p>\n<p><span style=\"font-weight: 400;\">Meu nome \u00e9 Laura Beatriz, tenho 20 anos, sou de Pelotas\/RS e estou cursando o 5\u00ba semestre de rela\u00e7\u00f5es internacionais. Gosto muito de m\u00fasica, s\u00e9ries, livros e de estar com meus amigos. Estar no MUN pra mim \u00e9 uma oportunidade de desenvolver habilidades, conhecer pessoas novas e aprender sobre o funcionamento da ONU e diplomacia entre os pa\u00edses!<\/span><\/p>\n<p>&nbsp;<\/p>\n<p>&nbsp;<\/p>\n<p><span style=\"font-size: 14pt;\"><strong>L\u00edvia Silveira, <\/strong><em>\u00a0Assistente do Acad\u00eamico em Espanhol.<\/em><\/span><\/p>\n<p><span style=\"font-weight: 400;\">Oie! Me chamo L\u00edvia, uma estudante de jornalismo apaixonada por maquiagem e conte\u00fado digital, que gosta muito de compartilhar sua rotina nas redes sociais. Estar no MUN \u00e9 uma oportunidade de conhecer novas culturas, treinar linguagens e conhecer muitas pessoas.<\/span><\/p>\n<p>&nbsp;<\/td>\n<\/tr>\n<tr style=\"border-style: none;\">\n<td style=\"width: 28.8%; border-style: none; height: 38px;\"><\/td>\n<td style=\"width: 71.2%; border-style: none; height: 38px;\"><\/td>\n<\/tr>\n<tr style=\"border-style: none;\">\n<td style=\"width: 28.8%; border-style: none; height: 248px;\"><img loading=\"lazy\" decoding=\"async\" class=\"aligncenter size-large wp-image-5831\" src=\"https:\/\/wp.ufpel.edu.br\/pelotasmun\/files\/2025\/03\/10-1024x1024.png\" alt=\"\" width=\"1024\" height=\"1024\" srcset=\"https:\/\/wp.ufpel.edu.br\/pelotasmun\/files\/2025\/03\/10-1024x1024.png 1024w, https:\/\/wp.ufpel.edu.br\/pelotasmun\/files\/2025\/03\/10-400x400.png 400w, https:\/\/wp.ufpel.edu.br\/pelotasmun\/files\/2025\/03\/10-200x200.png 200w, https:\/\/wp.ufpel.edu.br\/pelotasmun\/files\/2025\/03\/10-768x768.png 768w, https:\/\/wp.ufpel.edu.br\/pelotasmun\/files\/2025\/03\/10.png 1080w\" sizes=\"auto, (max-width: 1024px) 100vw, 1024px\" \/><\/td>\n<td style=\"width: 71.2%; border-style: none; height: 248px;\">\n<p><span style=\"font-size: 14pt;\"><strong>Miguel Ludwig,\u00a0 <\/strong><em>Assistente do Acad\u00eamico em Espanhol.<\/em><\/span><\/p>\n<p><span style=\"font-weight: 400;\">Tenho 20 anos, vivia em Jaguar\u00e3o\/RS e estou no segundo semestre de Rela\u00e7\u00f5es Internacionais e Jornalismo. Gosto de hist\u00f3ria, cinema e literatura, e ultimamente tenho acompanhado bastante as produ\u00e7\u00f5es art\u00edsticas dos hermanos. Entrei para o PelotasMUN para explorar temas que me interessam e conhecer novas perspectivas.<\/span><\/p>\n<p>&nbsp;<\/td>\n<\/tr>\n<\/tbody>\n<\/table>\n<div style=\"text-align: justify;\"><\/div>\n<div style=\"text-align: justify;\"><\/div>\n<div style=\"text-align: justify;\"><\/div>\n<div style=\"text-align: justify;\"><\/div>\n<div style=\"text-align: justify;\"><\/div>\n<p style=\"text-align: justify;\">\n<p style=\"text-align: justify;\"><span style=\"color: #333333; font-size: 18pt;\"><strong>Acad\u00eamico Ingl\u00eas<\/strong><\/span><\/p>\n<p style=\"text-align: justify;\">\n<table style=\"border-collapse: collapse; width: 137.11%; height: 829px;\" border=\"1\">\n<tbody>\n<tr style=\"border-style: none;\">\n<td style=\"width: 28.8%; border-style: none; height: 248px;\"><img loading=\"lazy\" decoding=\"async\" class=\"aligncenter size-large wp-image-5827\" src=\"https:\/\/wp.ufpel.edu.br\/pelotasmun\/files\/2025\/03\/12-1-1024x1024.png\" alt=\"\" width=\"1024\" height=\"1024\" srcset=\"https:\/\/wp.ufpel.edu.br\/pelotasmun\/files\/2025\/03\/12-1-1024x1024.png 1024w, https:\/\/wp.ufpel.edu.br\/pelotasmun\/files\/2025\/03\/12-1-400x400.png 400w, https:\/\/wp.ufpel.edu.br\/pelotasmun\/files\/2025\/03\/12-1-200x200.png 200w, https:\/\/wp.ufpel.edu.br\/pelotasmun\/files\/2025\/03\/12-1-768x768.png 768w, https:\/\/wp.ufpel.edu.br\/pelotasmun\/files\/2025\/03\/12-1.png 1080w\" sizes=\"auto, (max-width: 1024px) 100vw, 1024px\" \/><\/td>\n<td style=\"width: 72.9333%; border-style: none; height: 248px;\">\n<p><span style=\"font-size: 14pt;\"><strong>Tiago Kuhn,\u00a0 <\/strong><em>Diretor do Acad\u00eamico em Ingl\u00eas.<\/em><\/span><\/p>\n<p><span style=\"font-weight: 400;\">Tenho 23 anos, sou de Porto Alegre e curso Rela\u00e7\u00f5es internacionais. Gosto de escrever e estou sempre disposto a conhecer novas culturas e suas hist\u00f3rias.<\/span><\/td>\n<\/tr>\n<tr style=\"border-style: none;\">\n<td style=\"width: 28.8%; border-style: none; height: 10px;\"><\/td>\n<td style=\"width: 72.9333%; border-style: none; height: 10px;\"><\/td>\n<\/tr>\n<tr style=\"border-style: none;\">\n<td style=\"width: 28.8%; border-style: none; height: 237px;\"><img loading=\"lazy\" decoding=\"async\" class=\"aligncenter size-large wp-image-5828\" src=\"https:\/\/wp.ufpel.edu.br\/pelotasmun\/files\/2025\/03\/13-1024x1024.png\" alt=\"\" width=\"1024\" height=\"1024\" srcset=\"https:\/\/wp.ufpel.edu.br\/pelotasmun\/files\/2025\/03\/13-1024x1024.png 1024w, https:\/\/wp.ufpel.edu.br\/pelotasmun\/files\/2025\/03\/13-400x400.png 400w, https:\/\/wp.ufpel.edu.br\/pelotasmun\/files\/2025\/03\/13-200x200.png 200w, https:\/\/wp.ufpel.edu.br\/pelotasmun\/files\/2025\/03\/13-768x768.png 768w, https:\/\/wp.ufpel.edu.br\/pelotasmun\/files\/2025\/03\/13.png 1080w\" sizes=\"auto, (max-width: 1024px) 100vw, 1024px\" \/><\/td>\n<td style=\"width: 72.9333%; border-style: none; height: 237px;\">\n<p><span style=\"font-size: 14pt;\"><strong>Geovana Queiroz,<\/strong><\/span><span style=\"font-size: 14pt;\"><strong>\u00a0\u00a0<\/strong><em>Assistente do Acad\u00eamico em Ingl\u00eas.<\/em><\/span><\/p>\n<p><span style=\"font-weight: 400;\">Tenho 20 anos, sou de Bras\u00edlia\/DF e atualmente estou no sexto semestre de Rela\u00e7\u00f5es Internacionais. Sou apaixonada por viagens, leitura, artesanato, Estudos de G\u00eanero, Direito Humanit\u00e1rio, organiza\u00e7\u00e3o e comunica\u00e7\u00e3o. Vejo no MUN a oportunidade de desenvolver as minhas habilidades de escrita acad\u00eamica e pesquisa, descobrir coisas novas e conhecer pessoas incr\u00edveis.<\/span><\/p>\n<p>&nbsp;<\/p>\n<p><span style=\"font-size: 14pt;\"><strong>Julia Bohn,<\/strong><\/span><span style=\"font-size: 14pt;\"><strong> \u00a0<\/strong><em>Assistente do Acad\u00eamico em Ingl\u00eas.<\/em><\/span><\/td>\n<\/tr>\n<tr style=\"border-style: none;\">\n<td style=\"width: 28.8%; border-style: none; height: 10px;\"><img decoding=\"async\" src=\"https:\/\/wp.ufpel.edu.br\/pelotasmun\/files\/2025\/06\/27-scaled.png\" \/><\/td>\n<td style=\"width: 72.9333%; border-style: none; height: 10px;\"><span style=\"font-weight: 400;\">Sou Julia Bohn Nogueira, tenho 19 anos e sou de Rond\u00f4nia. Estou no primeiro semestre de Rela\u00e7\u00f5es Internacionais na UFPel. Tenho interesse por s\u00e9ries, filmes, livros e sou apaixonada por v\u00f4lei \u2014 tanto para assistir quanto para jogar. Participo de simula\u00e7\u00f5es da ONU h\u00e1 dois anos e atualmente atuo como assistente acad\u00eamica no PelotasMUN. Estou muito feliz em fazer parte dessa equipe e espero contribuir para o crescimento do projeto, al\u00e9m de desenvolver meus conhecimentos e experi\u00eancias acad\u00eamicas.<\/span><\/td>\n<\/tr>\n<tr style=\"border-style: none;\">\n<td style=\"width: 28.8%; border-style: none; height: 10px;\"><\/td>\n<td style=\"width: 72.9333%; border-style: none; height: 10px;\"><\/td>\n<\/tr>\n<\/tbody>\n<\/table>\n<p style=\"text-align: justify;\">\n","protected":false},"excerpt":{"rendered":"<p>Acad\u00eamico Portugu\u00eas Laura Beatriz Goulart,\u00a0 Diretora do Acad\u00eamico em Portugu\u00eas. Meu nome \u00e9 Laura Beatriz, tenho 20 anos, sou de Pelotas\/RS e estou cursando o 7\u00ba semestre de Rela\u00e7\u00f5es Internacionais na UFPel. Gosto muito de m\u00fasica, hist\u00f3ria, s\u00e9ries, literatura, aprender sobre cultura, novas idiomas e de estar com meus amigos. Estar no MUN pra mim &hellip; <\/p>\n<p><a class=\"more-link btn\" href=\"https:\/\/wp.ufpel.edu.br\/pelotasmun\/academica\/\">Continue lendo<\/a><\/p>\n","protected":false},"author":764,"featured_media":0,"parent":0,"menu_order":0,"comment_status":"closed","ping_status":"closed","template":"","meta":{"footnotes":""},"class_list":["post-987","page","type-page","status-publish","hentry","nodate","item-wrap"],"jetpack_sharing_enabled":true,"jetpack_shortlink":"https:\/\/wp.me\/P8QcCB-fV","jetpack-related-posts":[],"_links":{"self":[{"href":"https:\/\/wp.ufpel.edu.br\/pelotasmun\/wp-json\/wp\/v2\/pages\/987","targetHints":{"allow":["GET"]}}],"collection":[{"href":"https:\/\/wp.ufpel.edu.br\/pelotasmun\/wp-json\/wp\/v2\/pages"}],"about":[{"href":"https:\/\/wp.ufpel.edu.br\/pelotasmun\/wp-json\/wp\/v2\/types\/page"}],"author":[{"embeddable":true,"href":"https:\/\/wp.ufpel.edu.br\/pelotasmun\/wp-json\/wp\/v2\/users\/764"}],"replies":[{"embeddable":true,"href":"https:\/\/wp.ufpel.edu.br\/pelotasmun\/wp-json\/wp\/v2\/comments?post=987"}],"version-history":[{"count":3,"href":"https:\/\/wp.ufpel.edu.br\/pelotasmun\/wp-json\/wp\/v2\/pages\/987\/revisions"}],"predecessor-version":[{"id":6458,"href":"https:\/\/wp.ufpel.edu.br\/pelotasmun\/wp-json\/wp\/v2\/pages\/987\/revisions\/6458"}],"wp:attachment":[{"href":"https:\/\/wp.ufpel.edu.br\/pelotasmun\/wp-json\/wp\/v2\/media?parent=987"}],"curies":[{"name":"wp","href":"https:\/\/api.w.org\/{rel}","templated":true}]}}