{"id":715,"date":"2022-07-14T11:01:37","date_gmt":"2022-07-14T14:01:37","guid":{"rendered":"https:\/\/wp.ufpel.edu.br\/patrimonioindustrial\/?page_id=715"},"modified":"2022-07-14T11:02:02","modified_gmt":"2022-07-14T14:02:02","slug":"narrativas-de-professores","status":"publish","type":"page","link":"https:\/\/wp.ufpel.edu.br\/patrimonioindustrial\/postagens\/narrativas-de-professores\/","title":{"rendered":"Narrativas de professores"},"content":{"rendered":"<p>13\/07\/2022<\/p>\n<blockquote class=\"wp-embedded-content\" data-secret=\"8ZmOeWeft4\"><p><a href=\"https:\/\/wp.ufpel.edu.br\/patrimonioindustrial\/2022\/07\/14\/narrativas-de-professores-sebastiao-peres\/\">Narrativas de professores &#8211; Sebasti\u00e3o Peres<\/a><\/p><\/blockquote>\n<p><iframe loading=\"lazy\" class=\"wp-embedded-content\" sandbox=\"allow-scripts\" security=\"restricted\" style=\"position: absolute; clip: rect(1px, 1px, 1px, 1px);\" title=\"&#8220;Narrativas de professores &#8211; Sebasti\u00e3o Peres&#8221; &#8212; Hist\u00f3ria, mem\u00f3ria e patrim\u00f4nio industrial de Pelotas\" src=\"https:\/\/wp.ufpel.edu.br\/patrimonioindustrial\/2022\/07\/14\/narrativas-de-professores-sebastiao-peres\/embed\/#?secret=4c3aztVxrW#?secret=8ZmOeWeft4\" data-secret=\"8ZmOeWeft4\" width=\"600\" height=\"338\" frameborder=\"0\" marginwidth=\"0\" marginheight=\"0\" scrolling=\"no\"><\/iframe><\/p>\n<p>08\/07\/2022<\/p>\n<blockquote class=\"wp-embedded-content\" data-secret=\"hY24FyOypN\"><p><a href=\"https:\/\/wp.ufpel.edu.br\/patrimonioindustrial\/2022\/07\/14\/narrativas-de-professores-lorena-gill\/\">Narrativas de professores &#8211; Lorena Gill<\/a><\/p><\/blockquote>\n<p><iframe loading=\"lazy\" class=\"wp-embedded-content\" sandbox=\"allow-scripts\" security=\"restricted\" style=\"position: absolute; clip: rect(1px, 1px, 1px, 1px);\" title=\"&#8220;Narrativas de professores &#8211; Lorena Gill&#8221; &#8212; Hist\u00f3ria, mem\u00f3ria e patrim\u00f4nio industrial de Pelotas\" src=\"https:\/\/wp.ufpel.edu.br\/patrimonioindustrial\/2022\/07\/14\/narrativas-de-professores-lorena-gill\/embed\/#?secret=NRHWsDSS74#?secret=hY24FyOypN\" data-secret=\"hY24FyOypN\" width=\"600\" height=\"338\" frameborder=\"0\" marginwidth=\"0\" marginheight=\"0\" scrolling=\"no\"><\/iframe><\/p>\n","protected":false},"excerpt":{"rendered":"<p>13\/07\/2022 Narrativas de professores &#8211; Sebasti\u00e3o Peres 08\/07\/2022 Narrativas de professores &#8211; Lorena Gill<\/p>\n","protected":false},"author":1067,"featured_media":0,"parent":511,"menu_order":4,"comment_status":"closed","ping_status":"closed","template":"","meta":{"footnotes":""},"class_list":["post-715","page","type-page","status-publish","hentry"],"_links":{"self":[{"href":"https:\/\/wp.ufpel.edu.br\/patrimonioindustrial\/wp-json\/wp\/v2\/pages\/715","targetHints":{"allow":["GET"]}}],"collection":[{"href":"https:\/\/wp.ufpel.edu.br\/patrimonioindustrial\/wp-json\/wp\/v2\/pages"}],"about":[{"href":"https:\/\/wp.ufpel.edu.br\/patrimonioindustrial\/wp-json\/wp\/v2\/types\/page"}],"author":[{"embeddable":true,"href":"https:\/\/wp.ufpel.edu.br\/patrimonioindustrial\/wp-json\/wp\/v2\/users\/1067"}],"replies":[{"embeddable":true,"href":"https:\/\/wp.ufpel.edu.br\/patrimonioindustrial\/wp-json\/wp\/v2\/comments?post=715"}],"version-history":[{"count":1,"href":"https:\/\/wp.ufpel.edu.br\/patrimonioindustrial\/wp-json\/wp\/v2\/pages\/715\/revisions"}],"predecessor-version":[{"id":717,"href":"https:\/\/wp.ufpel.edu.br\/patrimonioindustrial\/wp-json\/wp\/v2\/pages\/715\/revisions\/717"}],"up":[{"embeddable":true,"href":"https:\/\/wp.ufpel.edu.br\/patrimonioindustrial\/wp-json\/wp\/v2\/pages\/511"}],"wp:attachment":[{"href":"https:\/\/wp.ufpel.edu.br\/patrimonioindustrial\/wp-json\/wp\/v2\/media?parent=715"}],"curies":[{"name":"wp","href":"https:\/\/api.w.org\/{rel}","templated":true}]}}