{"id":41,"date":"2020-08-28T15:37:22","date_gmt":"2020-08-28T18:37:22","guid":{"rendered":"https:\/\/wp.ufpel.edu.br\/patrimonioindustrial\/?page_id=41"},"modified":"2020-09-25T16:27:51","modified_gmt":"2020-09-25T19:27:51","slug":"patrimonio-industrial","status":"publish","type":"page","link":"https:\/\/wp.ufpel.edu.br\/patrimonioindustrial\/o-projeto\/patrimonio-industrial\/","title":{"rendered":"Patrim\u00f4nio industrial"},"content":{"rendered":"<p style=\"text-align: justify\"><span style=\"font-weight: 400\"><strong>Defini\u00e7\u00e3o<\/strong>: De acordo \u00e0 <a href=\"https:\/\/ticcihbrasil.com.br\/cartas\/carta-de-nizhny-tagil-sobre-o-patrimonio-industrial\/\" target=\"_blank\" rel=\"noopener noreferrer\"><span style=\"font-weight: 400\">Carta de Nizhny Tagil (2003)<\/span><\/a> adotada pelo The International Committee for the Conservation of the Industrial Heritage &#8211; TICCIH (Comiss\u00e3o Internacional para a Conserva\u00e7\u00e3o do Patrim\u00f4nio Industrial), patrim\u00f4nio industrial s\u00e3o os vest\u00edgios da cultura industrial com valor hist\u00f3rico, tecnol\u00f3gico, social, arquitet\u00f4nico ou cient\u00edfico. Esses vest\u00edgios podem ser as edifica\u00e7\u00f5es, maquin\u00e1rios, oficinas, f\u00e1bricas, minas, locais de processamento e de refinamento, armaz\u00e9ns, centros de produ\u00e7\u00e3o, transmiss\u00e3o e utiliza\u00e7\u00e3o de energia, meios de transporte e todas as infraestruturas e locais onde se desenvolvem atividades sociais relacionadas com a ind\u00fastria (tanto habitacional quanto de culto ou educativas).<\/span><\/p>\n<p style=\"text-align: justify\"><span style=\"font-weight: 400\">Esse documento foi complementado em 2018 pela <a href=\"https:\/\/www.centrodeestudiosandaluces.es\/index.php?mod=actividades&amp;cat=22&amp;id=3417\" target=\"_blank\" rel=\"noopener noreferrer\"><span style=\"font-weight: 400\">Carta de Sevilha<\/span><\/a>, na qual destacam-se entre outros aspectos: \u201cEl valor cultural de los testimonios materiales e inmateriales vinculados a las actividades productivas, [\u2026] la creciente conciencia ciudadana por el mantenimiento y conservaci\u00f3n del Patrimonio Industrial como parte esencial de la memoria colectiva. [\u2026] La demanda expresada por colectivos ciudadanos para disponer de espacios donde poder expresar sus relaciones de memoria y sociabilidad\u201d.<\/span><\/p>\n<p style=\"text-align: justify\"><span style=\"font-weight: 400\"><strong>Hist\u00f3rico<\/strong>: A constru\u00e7\u00e3o do conceito deu-se atrav\u00e9s da ressignifica\u00e7\u00e3o e reapropria\u00e7\u00e3o dos vest\u00edgios da produ\u00e7\u00e3o industrial a partir da segunda metade do s\u00e9culo XX, deixando de ser vistos como \u201crestos\u201d pouco importantes da atividade econ\u00f4mica para ter valor patrimonial. Surgiu na Inglaterra junto aos estudos da arqueologia industrial e em resposta \u00e0 destrui\u00e7\u00e3o de muitas f\u00e1bricas durante a Segunda Guerra Mundial. A essas reivindica\u00e7\u00f5es sociais, para evitar a demoli\u00e7\u00e3o de importantes testemunhos industriais ingleses, uniram-se os movimentos da \u201cArqueologia Industrial\u201d (instaurada como metodologia adequada para o estudo destes restos f\u00edsicos e suas conseq\u00fcentes rela\u00e7\u00f5es econ\u00f4mico-sociais), que expandiu-se rapidamente a outros pa\u00edses europeus e do mundo (sobretudo a partir da d\u00e9cada de 1970). De esse modo o conceito foi se construindo gradativamente a partir do reconhecimento dos valores (tang\u00edveis e intang\u00edveis) que eram a eles atribu\u00eddos.\u00a0<\/span><\/p>\n<p style=\"text-align: justify\"><span style=\"font-weight: 400\">Um agrupamento dos patrim\u00f4nios industriais \u00e9 o que o Juli\u00e1n Sobrino (2011) estabeleceu:<\/span><\/p>\n<ul>\n<li style=\"font-weight: 400;text-align: justify\"><span style=\"font-weight: 400\">Arquiteturas (edif\u00edcios, constru\u00e7\u00f5es, estilos, materiais de constru\u00e7\u00e3o, etc)<\/span><\/li>\n<li style=\"font-weight: 400;text-align: justify\"><span style=\"font-weight: 400\">Objetos industriais (M\u00e1quinas, ferramentas, infraestrutura)<\/span><\/li>\n<li style=\"font-weight: 400;text-align: justify\"><span style=\"font-weight: 400\">Arquivos de Trabalho (documentos de gest\u00e3o, balan\u00e7os, comprovantes)<\/span><\/li>\n<li style=\"font-weight: 400;text-align: justify\"><span style=\"font-weight: 400\">Cultura Industrial (fun\u00e7\u00f5es, conhecimentos, festividades, conviv\u00eancia, lazer, etc)<\/span><\/li>\n<li style=\"font-weight: 400;text-align: justify\"><span style=\"font-weight: 400\">Relatos de Vida (Mem\u00f3rias e entrevistas com trabalhadores e ex-trabalhadores).<\/span><\/li>\n<\/ul>\n","protected":false},"excerpt":{"rendered":"<p>Defini\u00e7\u00e3o: De acordo \u00e0 Carta de Nizhny Tagil (2003) adotada pelo The International Committee for the Conservation of the Industrial Heritage &#8211; TICCIH (Comiss\u00e3o Internacional para a Conserva\u00e7\u00e3o do Patrim\u00f4nio Industrial), patrim\u00f4nio industrial s\u00e3o os vest\u00edgios da cultura industrial com valor hist\u00f3rico, tecnol\u00f3gico, social, arquitet\u00f4nico ou cient\u00edfico. Esses vest\u00edgios podem ser as edifica\u00e7\u00f5es, maquin\u00e1rios, oficinas,&#8230; <\/p>\n<div class=\"link-more\"><a href=\"https:\/\/wp.ufpel.edu.br\/patrimonioindustrial\/o-projeto\/patrimonio-industrial\/\">Leia mais<\/a><\/div>\n","protected":false},"author":1067,"featured_media":0,"parent":12,"menu_order":1,"comment_status":"closed","ping_status":"closed","template":"","meta":{"footnotes":""},"class_list":["post-41","page","type-page","status-publish","hentry"],"_links":{"self":[{"href":"https:\/\/wp.ufpel.edu.br\/patrimonioindustrial\/wp-json\/wp\/v2\/pages\/41","targetHints":{"allow":["GET"]}}],"collection":[{"href":"https:\/\/wp.ufpel.edu.br\/patrimonioindustrial\/wp-json\/wp\/v2\/pages"}],"about":[{"href":"https:\/\/wp.ufpel.edu.br\/patrimonioindustrial\/wp-json\/wp\/v2\/types\/page"}],"author":[{"embeddable":true,"href":"https:\/\/wp.ufpel.edu.br\/patrimonioindustrial\/wp-json\/wp\/v2\/users\/1067"}],"replies":[{"embeddable":true,"href":"https:\/\/wp.ufpel.edu.br\/patrimonioindustrial\/wp-json\/wp\/v2\/comments?post=41"}],"version-history":[{"count":12,"href":"https:\/\/wp.ufpel.edu.br\/patrimonioindustrial\/wp-json\/wp\/v2\/pages\/41\/revisions"}],"predecessor-version":[{"id":319,"href":"https:\/\/wp.ufpel.edu.br\/patrimonioindustrial\/wp-json\/wp\/v2\/pages\/41\/revisions\/319"}],"up":[{"embeddable":true,"href":"https:\/\/wp.ufpel.edu.br\/patrimonioindustrial\/wp-json\/wp\/v2\/pages\/12"}],"wp:attachment":[{"href":"https:\/\/wp.ufpel.edu.br\/patrimonioindustrial\/wp-json\/wp\/v2\/media?parent=41"}],"curies":[{"name":"wp","href":"https:\/\/api.w.org\/{rel}","templated":true}]}}