{"id":375,"date":"2022-12-27T12:20:13","date_gmt":"2022-12-27T15:20:13","guid":{"rendered":"https:\/\/wp.ufpel.edu.br\/pandemiadecovid19contadapormulheres\/?page_id=375"},"modified":"2026-04-19T11:34:48","modified_gmt":"2026-04-19T14:34:48","slug":"producoes","status":"publish","type":"page","link":"https:\/\/wp.ufpel.edu.br\/pandemiadecovid19contadapormulheres\/producoes\/","title":{"rendered":"Produ\u00e7\u00f5es"},"content":{"rendered":"<p style=\"text-align: center;\"><span style=\"color: #d47e30;\"><strong><span style=\"font-family: 'book antiqua', palatino, serif; font-size: 24pt;\">PRODU\u00c7\u00d5ES<\/span><\/strong><\/span><\/p>\n<hr \/>\n<p><span style=\"color: #800000; font-size: 14pt;\"><strong><span style=\"font-family: 'book antiqua', palatino, serif;\">DAR CONTA DE TUDO: PAND\u00caMIA, TRABALHO REPRODUTIVO E CUIDADO AFETIVO-EMOCIONAL<\/span><\/strong><\/span><\/p>\n<p><span style=\"font-family: 'book antiqua', palatino, serif; color: #000000;\"><strong>Autoras:<\/strong> Luiza Caetano Affonso, Camila Peixoto Farias, Giovana Fagundes Luczinski<\/span><\/p>\n<p><span style=\"font-family: 'book antiqua', palatino, serif; color: #000000;\"><strong>Ano:<\/strong> 2025<\/span><\/p>\n<p style=\"text-align: justify;\"><span style=\"font-family: 'book antiqua', palatino, serif;\"><span style=\"font-size: 10pt;\"><strong><a href=\"https:\/\/wp.ufpel.edu.br\/pandemiadecovid19contadapormulheres\/files\/2026\/04\/dar-conta-de-tudo-pandemia-trabalho-reprodutivo-e-cuidado_page-0001-scaled.jpg\"><img class=\"wp-image-606 alignleft\" src=\"https:\/\/wp.ufpel.edu.br\/pandemiadecovid19contadapormulheres\/files\/2026\/04\/dar-conta-de-tudo-pandemia-trabalho-reprodutivo-e-cuidado_page-0001-scaled.jpg\" alt=\"\" width=\"241\" height=\"317\" srcset=\"https:\/\/wp.ufpel.edu.br\/pandemiadecovid19contadapormulheres\/files\/2026\/04\/dar-conta-de-tudo-pandemia-trabalho-reprodutivo-e-cuidado_page-0001-scaled.jpg 1944w, https:\/\/wp.ufpel.edu.br\/pandemiadecovid19contadapormulheres\/files\/2026\/04\/dar-conta-de-tudo-pandemia-trabalho-reprodutivo-e-cuidado_page-0001-304x400.jpg 304w, https:\/\/wp.ufpel.edu.br\/pandemiadecovid19contadapormulheres\/files\/2026\/04\/dar-conta-de-tudo-pandemia-trabalho-reprodutivo-e-cuidado_page-0001-778x1024.jpg 778w, https:\/\/wp.ufpel.edu.br\/pandemiadecovid19contadapormulheres\/files\/2026\/04\/dar-conta-de-tudo-pandemia-trabalho-reprodutivo-e-cuidado_page-0001-768x1011.jpg 768w, https:\/\/wp.ufpel.edu.br\/pandemiadecovid19contadapormulheres\/files\/2026\/04\/dar-conta-de-tudo-pandemia-trabalho-reprodutivo-e-cuidado_page-0001-1166x1536.jpg 1166w, https:\/\/wp.ufpel.edu.br\/pandemiadecovid19contadapormulheres\/files\/2026\/04\/dar-conta-de-tudo-pandemia-trabalho-reprodutivo-e-cuidado_page-0001-1555x2048.jpg 1555w\" sizes=\"(max-width: 241px) 100vw, 241px\" \/><\/a><span style=\"color: #000000;\">Resumo: <\/span><\/strong><span style=\"color: #000000;\">Este artigo aborda os desafios narrados por mulheres trabalhadoras durante o <\/span><span style=\"color: #000000;\">contexto inicial da pandemia de covid-19, com rela\u00e7\u00e3o \u00e0 intensifica\u00e7\u00e3o do trabalho dom\u00e9stico <\/span><span style=\"color: #000000;\">e de cuidado, expondo uma dimens\u00e3o ainda mais invisibilizada dessa longa lista de tarefas: <\/span><span style=\"color: #000000;\">o cuidado afetivo-emocional. O trabalho reprodutivo, historicamente designado \u00e0s mulheres na <\/span><span style=\"color: #000000;\">divis\u00e3o sexual do trabalho, \u00e9 a base do sistema capitalista e consiste em responsabilidades tanto <\/span><span style=\"color: #000000;\">materiais quanto imateriais. Sua n\u00e3o remunera\u00e7\u00e3o e naturaliza\u00e7\u00e3o como algo feminino esconde <\/span><span style=\"color: #000000;\">a sobrecarga extenuante desse complexo trabalho e agrava as desigualdades de g\u00eanero e ra\u00e7a. <\/span><span style=\"color: #000000;\">A discuss\u00e3o aqui apresentada se deu a partir de um recorte da pesquisa \u201cAgora \u00e9 que s\u00e3o elas: <\/span><span style=\"color: #000000;\">a pandemia de covid-19 contada por mulheres\u201d, articulando dados quantitativos e qualitativos, <\/span><span style=\"color: #000000;\">numa triangula\u00e7\u00e3o metodol\u00f3gica entre abordagens da psicologia e as teorias feministas <\/span><span style=\"color: #000000;\">alicer\u00e7adas no materialismo hist\u00f3rico. Foram analisadas as respostas de 584 mulheres quanto <\/span><span style=\"color: #000000;\">aos maiores desafios vividos naquele per\u00edodo, por meio de um question\u00e1rio divulgado de <\/span><span style=\"color: #000000;\">forma virtual. As an\u00e1lises cruzaram dados relativos a renda, maternidade, ra\u00e7a e sexualidade, <\/span><span style=\"color: #000000;\">articulando-os ao conte\u00fado das respostas dissertativas. As narrativas evidenciaram diferentes dimens\u00f5es do cuidado voltado a filhos, familiares, parentes e pessoas pr\u00f3ximas como os maiores desafios enfrentados pelas respondentes, expondo a necessidade de desgenerificar o trabalho dom\u00e9stico em dire\u00e7\u00e3o \u00e0 responsabiliza\u00e7\u00e3o coletiva.<\/span><\/span><\/span><\/p>\n<p><span style=\"font-family: 'book antiqua', palatino, serif; font-size: 10pt; color: #000000;\"><b>Palavras-chave: <\/b>Trabalho Reprodutivo, Cuidado, Pandemia, G\u00eanero, Psicologia.<\/span><\/p>\n<p><span style=\"font-family: 'book antiqua', palatino, serif; color: #000000;\">Link para acesso: <a style=\"color: #000000;\" href=\"https:\/\/www.scielo.br\/j\/pcp\/a\/TDnX7zmnsCCQdCtSHtMq6dj\/abstract\/?lang=pt\">https:\/\/www.scielo.br\/j\/pcp\/a\/TDnX7zmnsCCQdCtSHtMq6dj\/abstract\/?lang=pt<\/a><\/span><\/p>\n<hr \/>\n<p><span style=\"color: #800000; font-size: 14pt;\"><strong><span style=\"font-family: 'book antiqua', palatino, serif;\">O TRABALHO REPRODUTIVO NA PANDEMIA: ENTRE SOBREVIV\u00caNCIA E SOBRECARGA<\/span><\/strong><\/span><\/p>\n<p><span style=\"font-family: 'book antiqua', palatino, serif; color: #000000;\"><strong>Autoras:<\/strong> Luiza Caetano Affonso, Camila Peixoto Farias, Giovana Fagundes Luczinski<\/span><\/p>\n<p><span style=\"font-family: 'book antiqua', palatino, serif; color: #000000;\"><strong>Ano:<\/strong> 2023<\/span><\/p>\n<p><span style=\"font-family: 'book antiqua', palatino, serif; color: #000000;\"><a style=\"color: #000000;\" href=\"https:\/\/wp.ufpel.edu.br\/pandemiadecovid19contadapormulheres\/files\/2025\/05\/Captura-de-Tela-227-e1747182418437.png\"><img class=\"wp-image-576 alignleft\" src=\"https:\/\/wp.ufpel.edu.br\/pandemiadecovid19contadapormulheres\/files\/2025\/05\/Captura-de-Tela-227-e1747182418437.png\" alt=\"\" width=\"241\" height=\"317\" srcset=\"https:\/\/wp.ufpel.edu.br\/pandemiadecovid19contadapormulheres\/files\/2025\/05\/Captura-de-Tela-227-e1747182418437.png 568w, https:\/\/wp.ufpel.edu.br\/pandemiadecovid19contadapormulheres\/files\/2025\/05\/Captura-de-Tela-227-e1747182418437-303x400.png 303w\" sizes=\"(max-width: 241px) 100vw, 241px\" \/><\/a><span style=\"font-size: 10pt;\"><strong>Resumo: <\/strong><\/span><\/span><span style=\"font-family: 'book antiqua', palatino, serif; font-size: 10pt;\"><span style=\"color: #000000;\">O presente artigo aborda o trabalho reprodutivo, historicamente relegado \u00e0s mulheres, e seus desdobramentos no contexto inicial da pandemia do Coronav\u00edrus. Para tal, foi analisado um recorte da pesquisa \u201cAgora \u00e9 que s\u00e3o elas: a pandemia de COVID-19 contada por mulheres\u201d articulando dados quantitativos e qualitativos, numa triangula\u00e7\u00e3o metodol\u00f3gica entre abordagens da psicologia e as teorias feministas alicer\u00e7adas no materialismo hist\u00f3rico. Foram analisadas 584 respostas ao question\u00e1rio divulgado, especificamente aquelas referentes ao maior desafio vivido nos meses iniciais da pandemia, elencando as mulheres m\u00e3es heterossexuais que estiveram trabalhando nesse per\u00edodo. Os relatos evidenciam quest\u00f5es de sobreviv\u00eancia e sobrecarga como os maiores desafios enfrentados pelas respondentes, expondo a necessidade de desgenerificar o trabalho dom\u00e9stico em dire\u00e7\u00e3o \u00e0 responsabiliza\u00e7\u00e3o coletiva. As an\u00e1lises interseccionais desvelam especificidades nas viv\u00eancias de mulheres brancas e negras, fundamentadas na articula\u00e7\u00e3o entre as dimens\u00f5es de g\u00eanero, ra\u00e7a e classe, convocando as psicologias a explicitar o lugar em que se situam, localizando teorias, pesquisas e interven\u00e7\u00f5es.<\/span><\/span><\/p>\n<p><span style=\"font-family: 'book antiqua', palatino, serif; font-size: 10pt; color: #000000;\"><b>Palavras-chave:\u00a0<\/b>trabalho reprodutivo; pandemia; g\u00eanero; feminismo; psicologia<\/span><\/p>\n<p><span style=\"font-family: 'book antiqua', palatino, serif; color: #000000;\">Link para acesso:\u00a0<a style=\"color: #000000;\" href=\"https:\/\/pepsic.bvsalud.org\/scielo.php?script=sci_arttext&amp;pid=S1413-294X2023000200172\">https:\/\/pepsic.bvsalud.org\/scielo.php?script=sci_arttext&amp;pid=S1413-294X2023000200172<\/a><\/span><\/p>\n<hr \/>\n<p style=\"text-align: justify;\"><span style=\"color: #800000; font-family: 'book antiqua', palatino, serif; font-size: 14pt;\"><b>A PANDEMIA DE COVID-19 NARRADA POR MULHERES: O QUE DIZEM AS PROFISSIONAIS DE SA\u00daDE?<\/b><\/span><\/p>\n<p><span style=\"font-family: 'book antiqua', palatino, serif; color: #333333;\"><strong>Autoras:<\/strong> Fernanda Canav\u00eaz, Camila Peixoto Farias, Giovana Fagundes Luczinski<\/span><\/p>\n<p><span style=\"font-family: 'book antiqua', palatino, serif; color: #333333;\"><strong>Ano:<\/strong> 2021<\/span><\/p>\n<p><img class=\" wp-image-390 alignleft\" src=\"https:\/\/wp.ufpel.edu.br\/pandemiadecovid19contadapormulheres\/files\/2022\/12\/revista-305x400.png\" alt=\"\" width=\"249\" height=\"327\" srcset=\"https:\/\/wp.ufpel.edu.br\/pandemiadecovid19contadapormulheres\/files\/2022\/12\/revista-305x400.png 305w, https:\/\/wp.ufpel.edu.br\/pandemiadecovid19contadapormulheres\/files\/2022\/12\/revista.png 570w\" sizes=\"(max-width: 249px) 100vw, 249px\" \/><\/p>\n<p style=\"text-align: justify;\"><span style=\"color: #000000;\"><span style=\"font-size: 10pt; font-family: 'book antiqua', palatino, serif;\"><strong>Resumo:<\/strong> Este artigo objetivou investigar narrativas de mulheres brasileiras que trabalham como profissionais de sa\u00fade no contexto da pandemia de Covid-19. Parte de uma pesquisa que discute as repercuss\u00f5es <\/span><span style=\"font-size: 10pt; font-family: 'book antiqua', palatino, serif;\">subjetivas desse contexto, a partir da perspectiva de g\u00eanero, para a qual foi constru\u00eddo um question\u00e1rio <\/span><span style=\"font-size: 10pt; font-family: 'book antiqua', palatino, serif;\">on-line, que convida as mulheres a narrar suas viv\u00eancias. A investiga\u00e7\u00e3o foi desenvolvida no \u00e2mbito da <\/span><span style=\"font-size: 10pt; font-family: 'book antiqua', palatino, serif;\">psicologia, articulando os m\u00e9todos psicanal\u00edtico e fenomenol\u00f3gico, aliados \u00e0s teorias feministas, em <\/span><span style=\"font-size: 10pt; font-family: 'book antiqua', palatino, serif;\">prol de uma an\u00e1lise cr\u00edtica e situada de fen\u00f4menos contempor\u00e2neos. A an\u00e1lise qualitativa dos relatos de <\/span><span style=\"font-size: 10pt; font-family: 'book antiqua', palatino, serif;\">602 mulheres levou a diferentes aspectos, dentre os quais se destaca a intensifica\u00e7\u00e3o das exig\u00eancias de <\/span><span style=\"font-size: 10pt; font-family: 'book antiqua', palatino, serif;\">cuidado, seja no \u00e2mbito familiar, seja no \u00e2mbito profissional, o que as leva a desconsiderar o autocuidado. <\/span><span style=\"font-size: 10pt; font-family: 'book antiqua', palatino, serif;\">Ao mesmo tempo, a exposi\u00e7\u00e3o ao risco e o medo constante parecem levar \u00e0 ocorr\u00eancia de um cont\u00e1gio <\/span><span style=\"font-size: 10pt; font-family: 'book antiqua', palatino, serif;\">ps\u00edquico a partir do contato com os pacientes acometidos pela Covid-19, o que produz sofrimento intenso. <\/span><span style=\"font-size: 10pt; font-family: 'book antiqua', palatino, serif;\">Os resultados evidenciam como as quest\u00f5es de g\u00eanero repercutem nas mulheres que trabalham na \u00e1rea <\/span><span style=\"font-size: 10pt; font-family: 'book antiqua', palatino, serif;\">da sa\u00fade, reafirmando a necessidade de considerar as especificidades desse p\u00fablico na elabora\u00e7\u00e3o de <\/span><span style=\"font-size: 10pt; font-family: 'book antiqua', palatino, serif;\">pol\u00edticas p\u00fablicas e dispositivos de aten\u00e7\u00e3o em sa\u00fade mental.<\/span><\/span><\/p>\n<p style=\"text-align: justify;\"><span style=\"font-family: 'book antiqua', palatino, serif; color: #000000;\"><strong>Link para acesso: <a href=\"https:\/\/wp.ufpel.edu.br\/pandemiadecovid19contadapormulheres\/files\/2025\/01\/download.pdf\">A pandemia de Covid-19 narrada por mulheres: o que dizem as profissionais de sa\u00fade?<\/a><\/strong><\/span><\/p>\n<hr \/>\n<p style=\"text-align: justify;\"><span style=\"font-family: 'book antiqua', palatino, serif; color: #800000; font-size: 14pt;\"><b>NARRATIVAS DE MULHERES E CI\u00caNCIA: UM PROTAGRONISMO PLURAL EM CONSTRU\u00c7\u00c3O<\/b><\/span><\/p>\n<p><span style=\"font-family: 'book antiqua', palatino, serif; color: #333333; font-size: 12pt;\"><strong>Autoras:<\/strong>\u00a0Giovana Fagundes Luczinski e Camila Peixoto Farias<\/span><\/p>\n<p><span style=\"font-family: 'book antiqua', palatino, serif; color: #333333; font-size: 12pt;\"><strong>Ano:<\/strong> 2022<\/span><\/p>\n<p style=\"text-align: justify;\"><img class=\" wp-image-377 alignleft\" src=\"https:\/\/wp.ufpel.edu.br\/pandemiadecovid19contadapormulheres\/files\/2022\/12\/1_ID_Visual_REVISTA_51-1-283x400.png\" alt=\"\" width=\"255\" height=\"360\" srcset=\"https:\/\/wp.ufpel.edu.br\/pandemiadecovid19contadapormulheres\/files\/2022\/12\/1_ID_Visual_REVISTA_51-1-283x400.png 283w, https:\/\/wp.ufpel.edu.br\/pandemiadecovid19contadapormulheres\/files\/2022\/12\/1_ID_Visual_REVISTA_51-1.png 451w\" sizes=\"(max-width: 255px) 100vw, 255px\" \/><span style=\"font-size: 10pt; font-family: 'book antiqua', palatino, serif;\"><span style=\"color: #000000;\"><strong>Resumo<\/strong>: <\/span><span style=\"color: #808080;\"><span style=\"color: #000000;\">A pandemia de covid-19 evidencia muitos desafios, entre eles o de sustentar e fortalecer, no \u00e2mbito cient\u00edfico, a possibilidade de constru\u00e7\u00e3o de saberes a partir de uma perspectiva situada e comprometida socialmente. O contexto pand\u00eamico n\u00e3o pode ser narrado a partir de uma perspectiva generalista, sob o risco de silenciar a pluralidade de vozes que o constituem. Tendo este par\u00e2metro para nosso fazer na universidade, o presente texto visa discutir a pr\u00e1tica de pesquisa feita por e com mulheres, problematizando os lugares destinados a elas\/n\u00f3s segundo a l\u00f3gica dos regimes de poder como o cisheteropatriarcado e o racismo. Para isso, partimos de um breve recorte hist\u00f3rico a fim de marcar um lugar epistemol\u00f3gico no \u00e2mbito cient\u00edfico e explicitar, a partir da\u00ed um modo de pesquisar situado e comprometido com a transforma\u00e7\u00e3o da sociedade em que vivemos. Nesse sentido, apresentamos as a\u00e7\u00f5es do projeto de pesquisa \u201cAgora \u00e9 que s\u00e3o elas: a pandemia de Covid-19 contada por mulheres\u201d, sob nossa coordena\u00e7\u00e3o. O projeto est\u00e1 alicer\u00e7ado no di\u00e1logo entre duas perspectivas te\u00f3ricas distintas, a Psican\u00e1lise e a Psicologia Fenomenol\u00f3gico-existencial em leituras cr\u00edticas e contempor\u00e2neas que se desafiam e se complementam ao interrogar um<\/span> <span style=\"color: #000000;\">fen\u00f4meno de interesse em comum. Um terceiro \u00e2mbito de saberes vem compor essa triangula\u00e7\u00e3o te\u00f3rico-metodol\u00f3gica: as Teorias Feministas. A investiga\u00e7\u00e3o empreendida busca que as narrativas das mulheres sejam inclu\u00eddas nas discuss\u00f5es sobre a pandemia a partir de uma perspectiva interseccional e que as produ\u00e7\u00f5es cient\u00edficas sobre esse fen\u00f4meno possam ser corporificadas, plurais e situadas, como procuraremos mostrar a partir de alguns recortes de dados j\u00e1 analisados. Por fim, destacamos a import\u00e2ncia de que as mulheres protagonizem a produ\u00e7\u00e3o de conhecimento sobre si mesmas e que as an\u00e1lises cientificas sejam efetivamente interseccionais.<\/span><\/span><\/span><\/p>\n<p><span style=\"font-family: 'book antiqua', palatino, serif; font-size: 12pt; color: #000000;\"><strong>Link para acesso:<\/strong>\u00a0<a style=\"color: #000000;\" href=\"https:\/\/periodicos.ufpel.edu.br\/index.php\/dgenerus\/article\/view\/23110\">https:\/\/revistas.ufpel.edu.br\/index.php\/dgenerus\/article\/view\/2016\/1567<\/a><\/span><\/p>\n<hr \/>\n<p style=\"text-align: justify;\"><span style=\"color: #800000; font-family: 'book antiqua', palatino, serif; font-size: 14pt;\"><b>TECENDO CARTAS: (SOBRE)VIV\u00caNCIAS DE MULHERES NA UNIVERSIDADE<\/b><\/span><\/p>\n<p><span style=\"font-family: 'book antiqua', palatino, serif; color: #333333;\"><strong>Organizadoras:<\/strong> Camila Peixoto Farias e Giovana Fagundes Luczinski<\/span><\/p>\n<p><span style=\"font-family: 'book antiqua', palatino, serif; color: #333333;\"><strong>Ano:<\/strong> 2022<\/span><\/p>\n<p style=\"text-align: justify;\"><span style=\"font-family: 'book antiqua', palatino, serif;\"><img class=\" wp-image-381 alignleft\" src=\"https:\/\/wp.ufpel.edu.br\/pandemiadecovid19contadapormulheres\/files\/2022\/12\/IMG-20220912-WA0009-400x391.jpg\" alt=\"\" width=\"351\" height=\"343\" srcset=\"https:\/\/wp.ufpel.edu.br\/pandemiadecovid19contadapormulheres\/files\/2022\/12\/IMG-20220912-WA0009-400x391.jpg 400w, https:\/\/wp.ufpel.edu.br\/pandemiadecovid19contadapormulheres\/files\/2022\/12\/IMG-20220912-WA0009.jpg 750w\" sizes=\"(max-width: 351px) 100vw, 351px\" \/><\/span><\/p>\n<p style=\"text-align: justify;\"><span style=\"font-family: 'book antiqua', palatino, serif;\"><span style=\"font-size: 10pt; color: #808080;\"><strong><span style=\"color: #333333;\">Resumo:<\/span><\/strong> <span style=\"color: #000000;\">O ambiente universit\u00e1rio ainda \u00e9 uma realidade que, proporcionalmente, poucas mulheres conseguem vivenciar em nosso pa\u00eds \u2013 tanto no que se refere a cursar uma gradua\u00e7\u00e3o, ou p\u00f3s-gradua\u00e7\u00e3o, quanto a se tornar professora, pesquisadora ou ocupar cargos diretivos nessas institui\u00e7\u00f5es. Al\u00e9m do g\u00eanero, somos marcadas por classe, ra\u00e7a, orienta\u00e7\u00e3o sexual, idade, defici\u00eancias e outras interse\u00e7\u00f5es, fazendo com que possibilidades sejam violentamente limitadas, ou mesmo interditadas. Quando conseguimos ingressar no ambiente universit\u00e1rio, n\u00f3s mulheres nos deparamos com in\u00fameros desafios que adv\u00e9m de um contexto constru\u00eddo e pensado a partir da l\u00f3gica cisheteropatriarcal, racista, classista e capacitista, alicer\u00e7ada na concep\u00e7\u00e3o universalizante da ci\u00eancia moderna. Estar nesse local, seja como estudante ou docente, torna-se um constante exerc\u00edcio de cria\u00e7\u00e3o e resist\u00eancia, no qual a escrita \u2013 em sua diversidade de formas, estilos e conte\u00fados \u2013 tem um papel fundamental. Esse livro s\u00f3 existe porque 31 mulheres ousaram revisitar seu percurso na universidade, ousaram acessar mem\u00f3rias e costur\u00e1-las por meio de palavras tecidas com afeto, dor, coragem e celebra\u00e7\u00e3o.<\/span><\/span><\/span><\/p>\n<p style=\"text-align: left;\"><span style=\"font-family: 'book antiqua', palatino, serif; color: #000000;\"><strong>Link para acesso:<\/strong>\u00a0<a style=\"color: #000000;\" href=\"https:\/\/storage.googleapis.com\/production-hostgator-brasil-v1-0-9\/149\/1170149\/ldYsHGEb\/72b08128384e471b92167a88e9e5434d?fileName=Camila%20Farias%20Miolo%20Digital.pdf\">Tecendo cartas: (sobre)viv\u00eancias de mulheres na universidade<\/a><\/span><\/p>\n<hr \/>\n<p><span style=\"font-size: 14pt; color: #800000;\"><strong><span style=\"font-family: 'book antiqua', palatino, serif;\">MULHERES NA PANDEMIA: UMA (RE)LEITURA PSICANAL\u00cdTICA DO CUIDADO<\/span><\/strong><\/span><\/p>\n<p><span style=\"font-family: 'book antiqua', palatino, serif;\"><strong>Autoras:<\/strong> Camila Peixoto Farias, Fernanda Canav\u00eaz e J\u00f4 Gondar.<\/span><\/p>\n<p><strong><span style=\"font-family: 'book antiqua', palatino, serif;\">Ano: <\/span><\/strong><span style=\"font-family: 'book antiqua', palatino, serif;\">2023<\/span><\/p>\n<p><img class=\" wp-image-425 alignleft\" src=\"https:\/\/wp.ufpel.edu.br\/pandemiadecovid19contadapormulheres\/files\/2023\/10\/cover_issue_21_pt_BR-267x400.jpg\" alt=\"\" width=\"223\" height=\"334\" srcset=\"https:\/\/wp.ufpel.edu.br\/pandemiadecovid19contadapormulheres\/files\/2023\/10\/cover_issue_21_pt_BR-267x400.jpg 267w, https:\/\/wp.ufpel.edu.br\/pandemiadecovid19contadapormulheres\/files\/2023\/10\/cover_issue_21_pt_BR-685x1024.jpg 685w, https:\/\/wp.ufpel.edu.br\/pandemiadecovid19contadapormulheres\/files\/2023\/10\/cover_issue_21_pt_BR-768x1149.jpg 768w, https:\/\/wp.ufpel.edu.br\/pandemiadecovid19contadapormulheres\/files\/2023\/10\/cover_issue_21_pt_BR-1027x1536.jpg 1027w, https:\/\/wp.ufpel.edu.br\/pandemiadecovid19contadapormulheres\/files\/2023\/10\/cover_issue_21_pt_BR.jpg 1363w\" sizes=\"(max-width: 223px) 100vw, 223px\" \/><\/p>\n<p><span style=\"font-family: 'book antiqua', palatino, serif; font-size: 10pt;\"><strong>Resumo:<\/strong><span style=\"color: #000000;\"> No cen\u00e1rio de uma pandemia, em que o cuidado \u00e9 solicitado de forma mais intensa e cont\u00ednua nos diferentes \u00e2mbitos da nossa sociedade, a sobrecarga \u00e9 sentida em especial por n\u00f3s, mulheres. Isso ocorre porque o cuidado \u00e9 uma fun\u00e7\u00e3o preponderantemente tida como intr\u00ednseca ao g\u00eanero feminino, o que se agrava quando pensamos em intersec\u00e7\u00f5es de ra\u00e7a e classe. Tomando como disparador narrativas de mulheres sobre suas viv\u00eancias durante a pandemia, especialmente no que se refere ao cuidado de si mesmas, propomos uma discuss\u00e3o acerca do cuidado a partir de uma perspectiva psicanal\u00edtica. O objetivo \u00e9 problematizar a visada universalista com a qual o cuidado \u00e9 majoritariamente pensado na psican\u00e1lise em favor de um debate que contemple o recorte de g\u00eanero.<\/span><\/span><\/p>\n<p><span style=\"font-family: 'book antiqua', palatino, serif; font-size: 10pt;\"><strong>Palavras-chave:<\/strong><span style=\"color: #000000;\"> pandemia Covid 19, mulheres, cuidado, psican\u00e1lise<\/span><\/span><\/p>\n<p>&nbsp;<\/p>\n<p>&nbsp;<\/p>\n<p>&nbsp;<\/p>\n<p style=\"text-align: justify;\"><span style=\"font-family: 'book antiqua', palatino, serif;\"><strong>Link para acesso: <\/strong><\/span><span style=\"font-family: 'book antiqua', palatino, serif;\"><a href=\"https:\/\/tempopsicanalitico.com.br\/tempopsicanalitico\/article\/view\/650\">https:\/\/tempopsicanalitico.com.br\/tempopsicanalitico\/article\/view\/650\u00a0\u00a0<\/a><\/span><\/p>\n<hr \/>\n<p><strong><span style=\"font-family: 'book antiqua', palatino, serif; color: #800000; font-size: 14pt;\">EPIS\u00d3DIO DO PODCAST VIRA\u00c7\u00c3O 163 &#8211; A PANDEMIA CONTADA POR MULHERES E SUAS VIV\u00caNCIAS NA UNIVERSIDADE<\/span><\/strong><\/p>\n<p><span style=\"font-family: 'book antiqua', palatino, serif; color: #333333; font-size: 12pt;\"><strong>Autoras:<\/strong> Camila Peixoto Farias e Giovana Fagundes Luczinski\u00a0 <\/span><\/p>\n<p><span style=\"font-family: 'book antiqua', palatino, serif;\"><strong>Ano:<\/strong> 2023<\/span><\/p>\n<p><span style=\"font-family: 'book antiqua', palatino, serif; font-size: 10pt;\">Epis\u00f3dio do programa Vira\u00e7\u00e3o, podcast produzido pela Assessoria de Imprensa da ADUFpel. Nesse programa, as docentes Camila Farias e Giovana Luczinksi, do curso de Psicologia da UFPEL (Universidade Federal de Pelotas), falam sobre os projetos desenvolvidos que tratam de viv\u00eancias de mulheres durante a pandemia de Covid-19.\u00a0<\/span><\/p>\n<p><iframe style=\"border-radius: 12px;\" src=\"https:\/\/open.spotify.com\/embed\/episode\/1shFbKDuiJWn2wlWhl0V4X?utm_source=generator&amp;theme=0&amp;t=0\" width=\"100%\" height=\"352\" frameborder=\"0\" allowfullscreen=\"allowfullscreen\"><\/iframe><\/p>\n<hr \/>\n<p><span style=\"font-family: 'book antiqua', palatino, serif; color: #800000; font-size: 14pt;\"><b>#4 EM PAUTA &#8211;\u00a0 ENTREVISTA SOBRE O LIVRO TECENDO CARTAS<\/b><\/span><\/p>\n<p><span style=\"font-family: 'book antiqua', palatino, serif; color: #333333; font-size: 12pt;\"><strong>Autoras:<\/strong> Camila Peixoto Farias e Giovana Fagundes Luczinski\u00a0 <\/span><\/p>\n<p><span style=\"font-family: 'book antiqua', palatino, serif;\"><strong>Ano:<\/strong> 2022<\/span><\/p>\n<div style=\"width: 852px;\" class=\"wp-video\"><video class=\"wp-video-shortcode\" id=\"video-375-1\" width=\"852\" height=\"480\" preload=\"metadata\" controls=\"controls\"><source type=\"video\/mp4\" src=\"https:\/\/wp.ufpel.edu.br\/pandemiadecovid19contadapormulheres\/files\/2024\/03\/Entrevista-Em-pauta-\u2010-Feito-com-o-Clipchamp-2.mp4?_=1\" \/><a href=\"https:\/\/wp.ufpel.edu.br\/pandemiadecovid19contadapormulheres\/files\/2024\/03\/Entrevista-Em-pauta-\u2010-Feito-com-o-Clipchamp-2.mp4\">https:\/\/wp.ufpel.edu.br\/pandemiadecovid19contadapormulheres\/files\/2024\/03\/Entrevista-Em-pauta-\u2010-Feito-com-o-Clipchamp-2.mp4<\/a><\/video><\/div>\n<hr \/>\n<p style=\"text-align: justify;\"><span style=\"color: #800000;\"><strong><span style=\"font-size: 14pt; font-family: 'book antiqua', palatino, serif;\">ENSAIOS (MARGINAIS) SOBRE CONFIAN\u00c7A<\/span><\/strong><\/span><\/p>\n<p><span style=\"font-size: 12pt; color: #333333; font-family: 'book antiqua', palatino, serif;\"><strong>Organizadora:<\/strong> Fernanda Canav\u00eaz<\/span><\/p>\n<p><span style=\"font-size: 12pt; color: #333333; font-family: 'book antiqua', palatino, serif;\"><strong>Ensaio 3:<\/strong> Confian\u00e7a em dois atos &#8211; autoras: Camila Peixoto Farias e Giovana Fagundes<\/span><\/p>\n<p><span style=\"font-family: 'book antiqua', palatino, serif;\"><strong>Ano:<\/strong> 2022<\/span><\/p>\n<p><img class=\" wp-image-383 alignleft\" src=\"https:\/\/wp.ufpel.edu.br\/pandemiadecovid19contadapormulheres\/files\/2022\/12\/Captura-de-Tela-3285-283x400.png\" alt=\"\" width=\"235\" height=\"332\" srcset=\"https:\/\/wp.ufpel.edu.br\/pandemiadecovid19contadapormulheres\/files\/2022\/12\/Captura-de-Tela-3285-283x400.png 283w, https:\/\/wp.ufpel.edu.br\/pandemiadecovid19contadapormulheres\/files\/2022\/12\/Captura-de-Tela-3285.png 528w\" sizes=\"(max-width: 235px) 100vw, 235px\" \/><\/p>\n<div id=\"comp-l15tf1ej\" class=\"KcpHeO tz5f0K comp-l15tf1ej\" data-scope=\"\" data-repeater-items-indexes=\"\" data-testid=\"richTextElement\">\n<p class=\"font_8\" style=\"text-align: justify;\"><span style=\"font-size: 10pt; color: #000000; font-family: 'book antiqua', palatino, serif;\"><strong>Resumo:<\/strong> A proposta de trocar ideias\/afetos sobre a confian\u00e7a tinha surgido da constata\u00e7\u00e3o de que n\u00f3s, trabalhadoras e trabalhadores da Universidade e do campo psi, temos a pr\u00e1tica de coletivizar diagn\u00f3sticos sobre o mal-estar que nos assola, muito embora sejamos marcadamente individualistas ao procurar destinos menos mort\u00edferos em resposta \u00e0s nossas an\u00e1lises de conjuntura. Em foro \u00edntimo, trocamos figurinhas sobre nossas dificuldades para amar, frustra\u00e7\u00f5es e a sensa\u00e7\u00e3o de desamparo diante de certa nostalgia das institui\u00e7\u00f5es: do casamento ao Estado de bem-estar social que ainda parecem povoar, com for\u00e7a, nosso imagin\u00e1rio. O individualismo que nos especializamos em criticar parecer ser exatamente a t\u00f4nica de que lan\u00e7amos m\u00e3o para nos desembara\u00e7ar dos dilemas colocados pelo neoliberalismo. E assim permanecemos na circularidade da mistura explosiva entre propriedade privada, familialismo, amor rom\u00e2ntico, produtivismo, combina\u00e7\u00e3o a repousar em banho-maria no caldo da desconfian\u00e7a. \u00c9 com pesar que nos sentimos mais pr\u00f3ximos do sujeito empreendedor de si, desconfiado e arredio, do que nossos livros e artigos podem fazer acreditar. Haja ato de f\u00e9, &#8220;na f\u00e9 firm\u00e3o&#8221;.<\/span><\/p>\n<\/div>\n<p><span style=\"color: #000000; font-family: 'book antiqua', palatino, serif;\"><strong>Link para acesso:<\/strong>\u00a0<a style=\"color: #000000;\" href=\"https:\/\/wp.ufpel.edu.br\/pandemiadecovid19contadapormulheres\/files\/2022\/09\/ensaios-marginais-1-3.pdf\">ensaio 3: Confian\u00e7a em dois atos<\/a><\/span><\/p>\n<hr \/>\n<p style=\"text-align: justify;\"><span style=\"font-family: 'book antiqua', palatino, serif; font-size: 14pt; color: #800000;\"><strong>A PANDEMIA NARRADA POR MULHERES: EXPERI\u00caNCIAS PLURAIS E SABERES SITUADOS<\/strong><\/span><\/p>\n<p><span style=\"font-family: 'book antiqua', palatino, serif;\">Ensino Remoto Emergencial: Experi\u00eancia de Docentes na Pandemia<\/span><\/p>\n<p><span style=\"font-family: 'book antiqua', palatino, serif;\"><strong>Autoras:<\/strong> Camila Peixoto Farias, Giovana Fagundes Luczinski<\/span><\/p>\n<p><span style=\"font-family: 'book antiqua', palatino, serif;\"><strong>Ano:<\/strong> 2021<\/span><\/p>\n<p style=\"text-align: justify;\"><img class=\" wp-image-391 alignleft\" src=\"https:\/\/wp.ufpel.edu.br\/pandemiadecovid19contadapormulheres\/files\/2022\/12\/revista1-284x400.png\" alt=\"\" width=\"239\" height=\"337\" srcset=\"https:\/\/wp.ufpel.edu.br\/pandemiadecovid19contadapormulheres\/files\/2022\/12\/revista1-284x400.png 284w, https:\/\/wp.ufpel.edu.br\/pandemiadecovid19contadapormulheres\/files\/2022\/12\/revista1.png 530w\" sizes=\"(max-width: 239px) 100vw, 239px\" \/><span style=\"color: #000000;\"><span style=\"font-size: 10pt; font-family: 'book antiqua', palatino, serif;\"><strong>Resumo:<\/strong> A situa\u00e7\u00e3o da pandemia de Covid-19 nos convoca a buscar ferramentas te\u00f3ricas para compreender a realidade que se apresenta, desenvolvendo formas de interven\u00e7\u00e3o que se adequem aos desafios do momento. O presente artigo relata a experi\u00eancia de cria\u00e7\u00e3o de um projeto que engloba a\u00e7\u00f5es de ensino, pesquisa e extens\u00e3o, voltadas \u00e0 investiga\u00e7\u00e3o e ao enfrentamento da pandemia, em termos de sa\u00fade mental, no \u00e2mbito da psicologia. Trata-se de um projeto colaborativo, calcado na interdisciplinaridade e interseccionalidade, que considera fundamental analisar a pandemia a partir de um recorte de g\u00eanero. Para isso, utiliza como metodologia o di\u00e1logo entre psican\u00e1lise, perspectiva fenomenol\u00f3gica, teorias feministas e narrativas de mulheres brasileiras dos mais diversos contextos, de modo a construir formas de evidenciar as <\/span><span style=\"font-size: 10pt; font-family: 'book antiqua', palatino, serif;\">vulnerabilidades que permeiam tais realidades. Apresentamos o delineamento da pesquisa em andamento e tamb\u00e9m os resultados de a\u00e7\u00f5es de ensino e extens\u00e3o, todas desenvolvidas de modo remoto, alcan\u00e7ando mulheres de diferentes partes do pa\u00eds e brasileiras residentes no exterior, atrav\u00e9s de abordagens diferenciadas. Os resultados demonstram a import\u00e2ncia de ouvirmos e considerarmos as viv\u00eancias de <\/span><span style=\"font-size: 10pt; font-family: 'book antiqua', palatino, serif;\">mulheres no contexto pand\u00eamico que vivemos, de forma a desenvolver a\u00e7\u00f5es adequadas, como pol\u00edticas p\u00fablicas, oferta de servi\u00e7os e dispositivos de cuidado, combatendo a reprodu\u00e7\u00e3o de narrativas e pr\u00e1ticas hegem\u00f4nicas redutivas \u2013 que, com frequ\u00eancia, excluem as pessoas mais vulner\u00e1veis. Conclui-se que a metodologia desenvolvida e o foco dos projetos foram inovadores e promotores de mudan\u00e7as \u2013 principalmente no contexto universit\u00e1rio, contribuindo para uma forma\u00e7\u00e3o calcada na pluralidade de vozes e saberes \u2013, refor\u00e7ando a necessidade de sua continuidade.<\/span><\/span><\/p>\n<p><span style=\"font-family: 'book antiqua', palatino, serif; color: #000000;\"><strong>Link para acesso:<\/strong>\u00a0<a style=\"color: #000000;\" href=\"https:\/\/wp.ufpel.edu.br\/pandemiadecovid19contadapormulheres\/files\/2021\/10\/Ensino-Remoto-Emergencial-Experiencia-de-Docentes-na-Pandemia.pdf\">Ensino Remoto Emergencial \u2013 Experi\u00eancia de Docentes na Pandemia<\/a><\/span><\/p>\n<hr \/>\n<p style=\"text-align: justify;\"><span style=\"font-size: 14pt; color: #800000; font-family: 'book antiqua', palatino, serif;\"><b>TRABALHO DE CONCLUS\u00c3O DE CURSO<\/b><\/span><\/p>\n<p style=\"text-align: justify;\"><span style=\"font-family: 'book antiqua', palatino, serif; color: #000000;\"><strong>T\u00edtulo:<\/strong> N\u00e3o poder parar: uma investiga\u00e7\u00e3o fenomenol\u00f3gica a partir de narrativas de mulheres m\u00e3es que trabalham na pandemia de COVID-19<\/span><\/p>\n<p style=\"text-align: justify;\"><span style=\"font-family: 'book antiqua', palatino, serif; color: #000000;\"><strong>Autora:<\/strong> Luisa Lislie Both Griebler |<strong>\u00a0<\/strong><\/span><\/p>\n<p style=\"text-align: justify;\"><span style=\"font-family: 'book antiqua', palatino, serif; color: #000000;\"><strong>Orientadora:<\/strong> Prof.\u00aa Dr.\u00aa Giovana Fagundes Luczinski\u00a0 \u00a0 \u00a0|\u00a0 \u00a0 <strong>Co-orientadora:<\/strong> Prof.\u00aa Dr.\u00aa Camila Peixoto Farias<\/span><\/p>\n<p style=\"text-align: justify;\"><span style=\"color: #000000;\"><span style=\"font-family: 'book antiqua', palatino, serif;\"><strong>Ano:<\/strong> 2023<\/span><\/span><\/p>\n<p style=\"text-align: justify;\"><strong><span style=\"font-family: 'book antiqua', palatino, serif; font-size: 10pt;\"><a href=\"https:\/\/wp.ufpel.edu.br\/pandemiadecovid19contadapormulheres\/files\/2024\/07\/TCC-LUISA-2023-capa_page-0001.jpg\"><img class=\"wp-image-541 alignleft\" src=\"https:\/\/wp.ufpel.edu.br\/pandemiadecovid19contadapormulheres\/files\/2024\/07\/TCC-LUISA-2023-capa_page-0001.jpg\" alt=\"\" width=\"295\" height=\"416\" srcset=\"https:\/\/wp.ufpel.edu.br\/pandemiadecovid19contadapormulheres\/files\/2024\/07\/TCC-LUISA-2023-capa_page-0001.jpg 1242w, https:\/\/wp.ufpel.edu.br\/pandemiadecovid19contadapormulheres\/files\/2024\/07\/TCC-LUISA-2023-capa_page-0001-283x400.jpg 283w, https:\/\/wp.ufpel.edu.br\/pandemiadecovid19contadapormulheres\/files\/2024\/07\/TCC-LUISA-2023-capa_page-0001-725x1024.jpg 725w, https:\/\/wp.ufpel.edu.br\/pandemiadecovid19contadapormulheres\/files\/2024\/07\/TCC-LUISA-2023-capa_page-0001-768x1085.jpg 768w, https:\/\/wp.ufpel.edu.br\/pandemiadecovid19contadapormulheres\/files\/2024\/07\/TCC-LUISA-2023-capa_page-0001-1087x1536.jpg 1087w\" sizes=\"(max-width: 295px) 100vw, 295px\" \/><\/a><span style=\"color: #000000;\">Resumo<\/span><\/span><\/strong><br \/>\n<span style=\"font-family: 'book antiqua', palatino, serif; font-size: 10pt;\">A pesquisa &#8220;Agora \u00e9 que s\u00e3o elas: A pandemia de COVID-19 contada por <\/span><span style=\"font-family: 'book antiqua', palatino, serif; font-size: 10pt;\">mulheres&#8221; possibilitou que mulheres pudessem compartilhar as suas experi\u00eancias, <\/span><span style=\"font-family: 'book antiqua', palatino, serif; font-size: 10pt;\">at\u00e9 ent\u00e3o invisibilizadas em um momento inicial da pandemia de COVID-19 no <\/span><span style=\"font-family: 'book antiqua', palatino, serif; font-size: 10pt;\">Brasil, permitindo atentar para esse per\u00edodo a partir de uma perspectiva de g\u00eanero. <\/span><span style=\"font-family: 'book antiqua', palatino, serif; font-size: 10pt;\">A partir de um question\u00e1rio on-line, 5.874 mulheres participaram contando sobre as <\/span><span style=\"font-family: 'book antiqua', palatino, serif; font-size: 10pt;\">suas realidades. Nesse artigo, buscamos investigar os fen\u00f4menos que se mostram <\/span><span style=\"font-family: 'book antiqua', palatino, serif; font-size: 10pt;\">a partir do encontro com as narrativas de 162 participantes, as quais s\u00e3o m\u00e3es, <\/span><span style=\"font-family: 'book antiqua', palatino, serif; font-size: 10pt;\">trabalham e est\u00e3o na gradua\u00e7\u00e3o, constituindo o recorte em quest\u00e3o, considerando a <\/span><span style=\"font-family: 'book antiqua', palatino, serif; font-size: 10pt;\">demanda significativa de tempo e disposi\u00e7\u00e3o que essas atividades implicam, como <\/span><span style=\"font-family: 'book antiqua', palatino, serif; font-size: 10pt;\">tamb\u00e9m as suas repercuss\u00f5es ps\u00edquicas e sociais, circunscritas no per\u00edodo inicial <\/span><span style=\"font-family: 'book antiqua', palatino, serif; font-size: 10pt;\">da pandemia. Esse percurso investigativo de car\u00e1ter qualitativo \u00e9 conduzido a partir <\/span><span style=\"font-family: 'book antiqua', palatino, serif; font-size: 10pt;\">da intersec\u00e7\u00e3o entre a perspectiva fenomenol\u00f3gica e as teorias feministas no \u00e2mbito <\/span><span style=\"font-family: 'book antiqua', palatino, serif; font-size: 10pt;\">da psicologia, partindo de uma postura implicada, localizada e corporificada no fazer <\/span><span style=\"font-family: 'book antiqua', palatino, serif; font-size: 10pt;\">cient\u00edfico. O encontro das pesquisadoras com os relatos permitiu emergir quest\u00f5es <\/span><span style=\"font-family: 'book antiqua', palatino, serif; font-size: 10pt;\">relacionadas ao isolamento social associadas ao cuidado afetivo e emocional, aos <\/span><span style=\"font-family: 'book antiqua', palatino, serif; font-size: 10pt;\">desafios em vista das novas realidades financeiras, como tamb\u00e9m \u00e0s dificuldade <\/span><span style=\"font-family: 'book antiqua', palatino, serif; font-size: 10pt;\">de conciliar as m\u00faltiplas jornadas de trabalho somadas \u00e0s demandas espec\u00edficas da <\/span><span style=\"font-family: 'book antiqua', palatino, serif; font-size: 10pt;\">pandemia, revelando aspectos que remetem \u00e0 dimens\u00e3o da temporalidade <\/span><span style=\"font-family: 'book antiqua', palatino, serif; font-size: 10pt;\">contempor\u00e2nea.<\/span><br \/>\n<span style=\"font-family: 'book antiqua', palatino, serif; color: #000000;\"><strong>Link para acesso:<\/strong> <a style=\"color: #000000;\" href=\"https:\/\/wp.ufpel.edu.br\/pandemiadecovid19contadapormulheres\/files\/2024\/07\/TCC-LUISA-2023.pdf\">TCC LUISA 2023<\/a><\/span><\/p>\n<hr \/>\n<p style=\"text-align: justify;\"><span style=\"font-size: 14pt; color: #800000; font-family: 'book antiqua', palatino, serif;\"><b>TRABALHO DE CONCLUS\u00c3O DE CURSO<\/b><\/span><\/p>\n<p style=\"text-align: justify;\"><span style=\"font-family: 'book antiqua', palatino, serif;\"><strong>T\u00edtulo:<\/strong>\u00a0\u201cDar conta de tudo\u201d: O trabalho reprodutivo na pandemia a partir de uma perspectiva de ra\u00e7a, g\u00eanero e classe<\/span><\/p>\n<p style=\"text-align: justify;\"><span style=\"font-family: 'book antiqua', palatino, serif;\"><strong>Autora:<\/strong>\u00a0Luiza Caetano Affonso\u00a0 |<strong>\u00a0Orientadora:<\/strong>\u00a0Prof.\u00aa Dr.\u00aa Camila Peixoto Farias<\/span><\/p>\n<p style=\"text-align: justify;\"><span style=\"font-family: 'book antiqua', palatino, serif;\"><strong>Ano:<\/strong>\u00a02021<\/span><\/p>\n<p style=\"text-align: justify;\"><span style=\"font-family: 'book antiqua', palatino, serif;\"><img class=\" wp-image-394 alignleft\" src=\"https:\/\/wp.ufpel.edu.br\/pandemiadecovid19contadapormulheres\/files\/2022\/12\/tcc1-273x400.png\" sizes=\"(max-width: 242px) 100vw, 242px\" srcset=\"https:\/\/wp.ufpel.edu.br\/pandemiadecovid19contadapormulheres\/files\/2022\/12\/tcc1-273x400.png 273w, https:\/\/wp.ufpel.edu.br\/pandemiadecovid19contadapormulheres\/files\/2022\/12\/tcc1.png 500w\" alt=\"\" width=\"271\" height=\"398\" \/><span style=\"font-size: 10pt; color: #000000;\"><strong>Resumo:<\/strong>\u00a0O presente trabalho procura analisar e refletir sobre o trabalho reprodutivo em nossa sociedade, historicamente relegado \u00e0s mulheres, e seus desdobramentos no atual contexto de pandemia do novo Coronav\u00edrus, a partir de uma perspectiva de ra\u00e7a, g\u00eanero e classe. A investiga\u00e7\u00e3o parte de um recorte de dados coletados por uma pesquisa que discute a pandemia de Covid-19 narrada por mulheres e suas repercuss\u00f5es, atrav\u00e9s das narrativas compartilhadas pelas participantes no per\u00edodo pand\u00eamico. A an\u00e1lise qualitativa de 584 relatos levou a categorias compreensivas que se referem ao trabalho dom\u00e9stico na pandemia e ao cuidado afetivo-emocional como uma dimens\u00e3o do cuidado em sa\u00fade mental, exercido pelas mulheres. Os resultados evidenciam que, ainda que hajam algumas aproxima\u00e7\u00f5es nas experi\u00eancias narradas entre mulheres negras e brancas, a diferen\u00e7a de contexto marcada historicamente na intersec\u00e7\u00e3o de ra\u00e7a, classe e g\u00eanero, repercute na forma como as consequ\u00eancias da pandemia s\u00e3o vivenciadas e nos desafios e viol\u00eancias enfrentados. Assim, reafirmam a necessidade de estrat\u00e9gias em sa\u00fade mental com foco nos marcadores sociais e suas especificidades, que possibilitem o acolhimento e cuidado das mulheres diante da carga desumana de ter que \u201cdar conta de tudo\u201d, posta em seus ombros pelo patriarcado-racismo-capitalismo.<\/span><\/span><\/p>\n<p style=\"text-align: justify;\"><span style=\"font-size: 12pt; font-family: 'book antiqua', palatino, serif; color: #000000;\"><strong>Link para acesso:<\/strong><a style=\"color: #000000;\" href=\"https:\/\/wp.ufpel.edu.br\/pandemiadecovid19contadapormulheres\/files\/2021\/09\/TCC-Luiza-Affonso-com-ficha.pdf\">\u00a0Affonso, Luiza Caetano \u201cDar conta de tudo\u201d: O trabalho reprodutivo na pandemia a partir de uma perspectiva de ra\u00e7a, g\u00eanero e classe<\/a><\/span><\/p>\n<hr \/>\n<p><span style=\"color: #800000;\"><strong><span style=\"font-family: 'book antiqua', palatino, serif; font-size: 14pt;\">SEMANA INTEGRADA DE INOVA\u00c7\u00c3O, ENSINO, PESQUISA E EXTENS\u00c3O (SIIEPE \u2013 UFPEL) &#8211; 2024<\/span><\/strong><\/span><\/p>\n<p><span style=\"color: #000000;\"><strong><span style=\"font-family: 'book antiqua', palatino, serif;\">Congresso de Inicia\u00e7\u00e3o Cient\u00edfica (CIC):<\/span><\/strong><\/span><\/p>\n<p><span style=\"color: #ffcc00;\"><strong><span style=\"font-family: 'book antiqua', palatino, serif; font-size: 10pt;\"><b>A \u00c9TICA AMOROSA DA AMIZADE: UM OLHAR SOBRE AS VIV\u00caNCIAS DAS MULHERES N\u00c3O-HETEROSSEXUAIS NA PANDEMIA DE COVID-19<\/b><\/span><\/strong><\/span><\/p>\n<p style=\"text-align: justify;\"><span style=\"font-family: 'book antiqua', palatino, serif; font-size: 10pt; color: #000000;\"><strong>Autoras:<\/strong> Julia Schwanz Andreazza e Camila Peixoto Farias<\/span><\/p>\n<p style=\"text-align: justify;\"><span style=\"font-family: 'book antiqua', palatino, serif; font-size: 10pt; color: #000000;\"><strong>Arquivo: <a href=\"https:\/\/wp.ufpel.edu.br\/pandemiadecovid19contadapormulheres\/files\/2024\/12\/CIC-2024-.docx.pdf\">A \u00c9TICA AMOROSA DA AMIZADE: UM OLHAR SOBRE AS VIV\u00caNCIAS DAS MULHERES N\u00c3O-HETEROSSEXUAIS NA PANDEMIA DE COVID-19<\/a><\/strong><\/span><\/p>\n<hr \/>\n<p><span style=\"color: #ffcc00;\"><strong><span style=\"font-family: 'book antiqua', palatino, serif; font-size: 10pt;\"><b>INTERDEPEND\u00caNCIA E DESCENTRALIZA\u00c7\u00c3O DOS AFETOS ENQUANTO PR\u00c1TICAS AFETIVAS DE MULHERES N\u00c3O-HETEROSSEXUAIS NA PANDEMIA DE COVID-19<br \/>\n<\/b><\/span><\/strong><\/span><\/p>\n<p style=\"text-align: justify;\"><span style=\"font-family: 'book antiqua', palatino, serif; font-size: 10pt; color: #000000;\"><strong>Autoras:<\/strong> Luiza de Oliveira Maciel, Julia Schwanz Andreazza e Camila Peixoto Farias<\/span><\/p>\n<p style=\"text-align: justify;\"><span style=\"font-family: 'book antiqua', palatino, serif; font-size: 10pt; color: #000000;\"><strong>Arquivo: <a href=\"https:\/\/wp.ufpel.edu.br\/pandemiadecovid19contadapormulheres\/files\/2024\/12\/CIC-2024-Luiza-e-Julia.docx.pdf\">INTERDEPEND\u00caNCIA E DESCENTRALIZA\u00c7\u00c3O DOS AFETOS ENQUANTO PR\u00c1TICAS AFETIVAS DE MULHERES N\u00c3O-HETEROSSEXUAIS NA PANDEMIA DE COVID-19<\/a><\/strong><\/span><\/p>\n<hr \/>\n<p style=\"text-align: justify;\"><span style=\"color: #800000;\"><strong><span style=\"font-family: 'book antiqua', palatino, serif; font-size: 14pt;\">SEMANA INTEGRADA DE INOVA\u00c7\u00c3O, ENSINO, PESQUISA E EXTENS\u00c3O (SIIEPE \u2013 UFPEL) &#8211; 2023<\/span><\/strong><\/span><\/p>\n<p><span style=\"color: #000000;\"><strong><span style=\"font-family: 'book antiqua', palatino, serif;\">Congresso de Inicia\u00e7\u00e3o Cient\u00edfica (CIC):<\/span><\/strong><\/span><\/p>\n<p style=\"text-align: justify;\"><span style=\"color: #ffcc00;\"><strong><span style=\"font-family: 'book antiqua', palatino, serif; font-size: 10pt;\">A PRATELEIRA DO MERCADO DE TRABALHO: UMA REFLEX\u00c3O A PARTIR <\/span><span style=\"font-family: 'book antiqua', palatino, serif; font-size: 10pt;\">DE NARRATIVAS DE MULHERES DEMITIDAS DURANTE A PANDEMIA DE <\/span><span style=\"font-family: 'book antiqua', palatino, serif; font-size: 10pt;\">COVID-19\u00a0<\/span><\/strong><\/span><\/p>\n<p style=\"text-align: justify;\"><span style=\"font-family: 'book antiqua', palatino, serif; font-size: 10pt; color: #000000;\"><strong>Autoras:<\/strong> Mylena Graebner Pereira, Lisia de Almeida Lawson, Rafaela Soares Villar, Camila Peixoto Farias e Giovana Fagundes Luczinski<\/span><\/p>\n<p style=\"text-align: justify;\"><span style=\"font-family: 'book antiqua', palatino, serif; font-size: 10pt; color: #000000;\"><strong>Arquivo: <a href=\"https:\/\/wp.ufpel.edu.br\/pandemiadecovid19contadapormulheres\/files\/2024\/04\/CH_04919.pdf\">A PRATELEIRA DO MERCADO DE TRABALHO: UMA REFLEX\u00c3O A PARTIR DE NARRATIVAS DE MULHERES DEMITIDAS DURANTE A PANDEMIA DE COVID-19<\/a><\/strong><\/span><\/p>\n<hr \/>\n<p><span style=\"font-size: 10pt; font-family: 'book antiqua', palatino, serif; color: #ffcc00;\"><strong>NO QUE IMPLICA FAZER PESQUISA SITUADA? ALGUMAS REFLEX\u00d5ES A PARTIR DA PESQUISA AGORA \u00c9 QUE S\u00c3O ELAS\u00a0<\/strong><\/span><\/p>\n<p><span style=\"font-family: 'book antiqua', palatino, serif; font-size: 10pt; color: #000000;\"><strong>Autoras:<\/strong> Rafaela Soares Villar, Caroline Soares Rodrigues e Camila Peixoto Farias <\/span><\/p>\n<p><strong><span style=\"font-family: 'book antiqua', palatino, serif; font-size: 10pt; color: #000000;\">Arquivo: <a href=\"https:\/\/wp.ufpel.edu.br\/pandemiadecovid19contadapormulheres\/files\/2024\/04\/resumo-metodologia-cic.pdf\">NO QUE IMPLICA FAZER PESQUISA SITUADA? ALGUMAS REFLEX\u00d5ES A PARTIR DA PESQUISA AGORA \u00c9 QUE S\u00c3O ELAS<\/a><\/span><\/strong><\/p>\n<hr \/>\n<p><span style=\"font-size: 10pt; font-family: 'book antiqua', palatino, serif; color: #ffcc00;\"><strong>VIV\u00caNCIAS DAS M\u00c3ES SOLO NA PANDEMIA DE COVID-19\u00a0<\/strong><\/span><\/p>\n<p><span style=\"font-family: 'book antiqua', palatino, serif; font-size: 10pt; color: #000000;\"><strong>Autoras: <\/strong>Juliana Lazzaretti Segat, Karina Rangel Gaut\u00e9rio, Ritiele Machado Prestes, Camila Peixoto Farias e Giovana Fagundes Luczinski<\/span><\/p>\n<p><strong><span style=\"color: #000000; font-family: book antiqua, palatino, serif;\"><span style=\"font-size: 13.3333px;\">Arquivo: <a href=\"https:\/\/wp.ufpel.edu.br\/pandemiadecovid19contadapormulheres\/files\/2024\/04\/resumo-expandido-CIC-2023.pdf\">VIV\u00caNCIAS DAS M\u00c3ES SOLO NA PANDEMIA DE COVID-19<\/a><\/span><\/span><\/strong><\/p>\n<hr \/>\n<p><span style=\"font-size: 10pt; font-family: 'book antiqua', palatino, serif; color: #ffcc00;\"><strong>DIVIS\u00c3O SEXUAL DO TRABALHO NO MEIO RURAL: UMA DUPLA INVISIBILIZA\u00c7\u00c3O\u00a0<\/strong><\/span><\/p>\n<p><span style=\"font-family: 'book antiqua', palatino, serif; font-size: 10pt; color: #000000;\"><strong>Autoras: <\/strong>Gabriela Marques de Lara, Caroline Rodrigues, Gabrieli Damasceno Macedo, Luisa Lislie Both Griebler, Camila Peixoto Farias e Giovana Fagundes Luczinski <\/span><\/p>\n<p><span style=\"font-family: 'book antiqua', palatino, serif; font-size: 10pt; color: #000000;\">Arquivo: <a href=\"https:\/\/wp.ufpel.edu.br\/pandemiadecovid19contadapormulheres\/files\/2024\/04\/DIVISA83O20DO20NO20RURAL20DUPLA20INVI.pdf\">DIVIS\u00c3O SEXUAL DO TRABALHO NO MEIO RURAL: UMA DUPLA INVISIBILIZA\u00c7\u00c3O\u00a0<\/a><\/span><\/p>\n<hr \/>\n<p><span style=\"font-size: 10pt; font-family: 'book antiqua', palatino, serif; color: #ffcc00;\"><strong>MULHERES NEGRAS, PANDEMIA E CUIDADO: VIOL\u00caNCIAS COTIDIANAS\u00a0<\/strong><\/span><\/p>\n<p><span style=\"font-family: 'book antiqua', palatino, serif; font-size: 10pt; color: #000000;\"><strong>Autoras: <\/strong>Ritiele Machado Prestes e Camila Peixoto Farias<\/span><\/p>\n<p><strong><span style=\"color: #000000; font-family: book antiqua, palatino, serif;\"><span style=\"font-size: 13.3333px;\">Arquivo: <a href=\"https:\/\/wp.ufpel.edu.br\/pandemiadecovid19contadapormulheres\/files\/2024\/04\/CIC-Ritiele_240404_210355.pdf\">MULHERES NEGRAS, PANDEMIA E CUIDADO: VIOL\u00caNCIAS COTIDIANAS\u00a0<\/a><\/span><\/span><\/strong><\/p>\n<hr \/>\n<p style=\"text-align: justify;\"><span style=\"color: #800000;\"><strong><span style=\"font-family: 'book antiqua', palatino, serif; font-size: 14pt;\">SEMANA INTEGRADA DE INOVA\u00c7\u00c3O, ENSINO, PESQUISA E EXTENS\u00c3O (SIIEPE \u2013 UFPEL) &#8211; 2022<\/span><\/strong><\/span><\/p>\n<p><span style=\"color: #333333;\"><strong><span style=\"font-family: 'book antiqua', palatino, serif;\">Congresso de Inicia\u00e7\u00e3o Cient\u00edfica (CIC)<\/span><\/strong><\/span><\/p>\n<p style=\"text-align: justify;\"><img class=\"size-medium wp-image-385 alignleft\" src=\"https:\/\/wp.ufpel.edu.br\/pandemiadecovid19contadapormulheres\/files\/2022\/12\/Captura-de-Tela-3286-400x225.png\" alt=\"\" width=\"400\" height=\"225\" srcset=\"https:\/\/wp.ufpel.edu.br\/pandemiadecovid19contadapormulheres\/files\/2022\/12\/Captura-de-Tela-3286-400x225.png 400w, https:\/\/wp.ufpel.edu.br\/pandemiadecovid19contadapormulheres\/files\/2022\/12\/Captura-de-Tela-3286-1024x576.png 1024w, https:\/\/wp.ufpel.edu.br\/pandemiadecovid19contadapormulheres\/files\/2022\/12\/Captura-de-Tela-3286-768x432.png 768w, https:\/\/wp.ufpel.edu.br\/pandemiadecovid19contadapormulheres\/files\/2022\/12\/Captura-de-Tela-3286.png 1366w\" sizes=\"(max-width: 400px) 100vw, 400px\" \/><span style=\"color: #800000;\"><strong><span style=\"font-family: 'book antiqua', palatino, serif; font-size: 10pt;\">MEIO RURAL SOB A PERSPECTIVA DE G\u00caNERO:NARRATIVAS DE MULHERES NO PER\u00cdODO DA PANDEMIA DE COVID-19<\/span><\/strong><\/span><\/p>\n<p style=\"text-align: justify;\"><span style=\"font-family: 'book antiqua', palatino, serif; font-size: 10pt; color: #000000;\"><strong>Autoras:<\/strong> Gabrieli Damasceno Macedo, Luisa Lislie Both Griebler, Camila Peixoto Farias e Giovana Fagundes Luczinski<\/span><\/p>\n<p style=\"text-align: justify;\"><span style=\"font-family: 'book antiqua', palatino, serif; font-size: 10pt; color: #000000;\"><strong>Arquivo:<\/strong>\u00a0<a style=\"color: #000000;\" href=\"https:\/\/wp.ufpel.edu.br\/pandemiadecovid19contadapormulheres\/files\/2022\/09\/Meio-rural-sob-a-perspectiva-de-genero-Narrativas-de-mulheres-no-periodo-da-pandemia-de-COVID-19.pdf\">Meio rural sob a perspectiva de g\u00eanero: narrativas de mulheres no per\u00edodo da pandemia de COVID-19<\/a><\/span><\/p>\n<p style=\"text-align: justify;\"><span style=\"font-family: 'book antiqua', palatino, serif; font-size: 10pt; color: #000000;\"><strong>V\u00eddeo:<\/strong> https:\/\/www.youtube.com\/watch?v=U-04yUzVdaQ<\/span><\/p>\n<p>&nbsp;<\/p>\n<p style=\"text-align: justify;\"><img class=\"size-medium wp-image-386 alignleft\" src=\"https:\/\/wp.ufpel.edu.br\/pandemiadecovid19contadapormulheres\/files\/2022\/12\/Captura-de-Tela-3287-400x225.png\" alt=\"\" width=\"400\" height=\"225\" srcset=\"https:\/\/wp.ufpel.edu.br\/pandemiadecovid19contadapormulheres\/files\/2022\/12\/Captura-de-Tela-3287-400x225.png 400w, https:\/\/wp.ufpel.edu.br\/pandemiadecovid19contadapormulheres\/files\/2022\/12\/Captura-de-Tela-3287-1024x576.png 1024w, https:\/\/wp.ufpel.edu.br\/pandemiadecovid19contadapormulheres\/files\/2022\/12\/Captura-de-Tela-3287-768x432.png 768w, https:\/\/wp.ufpel.edu.br\/pandemiadecovid19contadapormulheres\/files\/2022\/12\/Captura-de-Tela-3287.png 1366w\" sizes=\"(max-width: 400px) 100vw, 400px\" \/><span style=\"color: #800000;\"><strong><span style=\"font-size: 10pt; font-family: 'book antiqua', palatino, serif;\">DESAMPARO E A PANDEMIA DE COVID-19: O QUE AS M\u00c3ES SOLOS TEM A DIZER?<\/span><\/strong><\/span><\/p>\n<p style=\"text-align: justify;\"><span style=\"font-size: 10pt; font-family: 'book antiqua', palatino, serif; color: #000000;\"><strong>Autoras:<\/strong> Karina Rangel Gaut\u00e9rio; Helen Carvalho Gomes Soares; Camila Peixoto Farias e Giovana Fagundes Luczinski<\/span><\/p>\n<p style=\"text-align: justify;\"><span style=\"font-size: 10pt; font-family: 'book antiqua', palatino, serif; color: #000000;\"><strong>Arquivo:<\/strong>\u00a0<a style=\"color: #000000;\" href=\"https:\/\/wp.ufpel.edu.br\/pandemiadecovid19contadapormulheres\/files\/2022\/09\/cic-pesquisa-karina.pdf\">Desamparo e a pandemia de Covid19<\/a><\/span><\/p>\n<p style=\"text-align: justify;\"><span style=\"font-size: 10pt; font-family: 'book antiqua', palatino, serif; color: #000000;\"><strong>V\u00eddeo: <\/strong>https:\/\/www.youtube.com\/watch?v=97XbLRGrflE&amp;feature=youtu.be<\/span><\/p>\n<p>&nbsp;<\/p>\n<p>&nbsp;<\/p>\n<p><img class=\"size-medium wp-image-387 alignleft\" src=\"https:\/\/wp.ufpel.edu.br\/pandemiadecovid19contadapormulheres\/files\/2022\/12\/Captura-de-Tela-3289-400x225.png\" alt=\"\" width=\"400\" height=\"225\" srcset=\"https:\/\/wp.ufpel.edu.br\/pandemiadecovid19contadapormulheres\/files\/2022\/12\/Captura-de-Tela-3289-400x225.png 400w, https:\/\/wp.ufpel.edu.br\/pandemiadecovid19contadapormulheres\/files\/2022\/12\/Captura-de-Tela-3289-1024x576.png 1024w, https:\/\/wp.ufpel.edu.br\/pandemiadecovid19contadapormulheres\/files\/2022\/12\/Captura-de-Tela-3289-768x432.png 768w, https:\/\/wp.ufpel.edu.br\/pandemiadecovid19contadapormulheres\/files\/2022\/12\/Captura-de-Tela-3289.png 1366w\" sizes=\"(max-width: 400px) 100vw, 400px\" \/><\/p>\n<p style=\"text-align: justify;\"><span style=\"color: #800000;\"><strong><span style=\"font-size: 10pt; font-family: 'book antiqua', palatino, serif;\">PERSPECTIVAS DE MULHERES NA PANDEMIA DE COVID-19: O PARADOXO DO CUIDADO<\/span><\/strong><\/span><\/p>\n<p style=\"text-align: justify;\"><span style=\"font-size: 10pt; font-family: 'book antiqua', palatino, serif; color: #000000;\"><strong>Autoras:<\/strong> Mylena Graebner Pereira; Rafaela Soares Villar; Roberta da Luz; Camila Peixoto Farias e Giovana Fagundes Luczinski<\/span><\/p>\n<p style=\"text-align: justify;\"><span style=\"font-size: 10pt; font-family: 'book antiqua', palatino, serif; color: #000000;\"><strong>Arquivo:<\/strong>\u00a0<a style=\"color: #000000;\" href=\"https:\/\/wp.ufpel.edu.br\/pandemiadecovid19contadapormulheres\/files\/2022\/09\/cic-pesquisa.docx.pdf\">Perspectivas de mulheres na pandemia de COVID19: O paradoxo do cuidado<\/a><\/span><\/p>\n<p style=\"text-align: justify;\"><span style=\"font-size: 10pt; font-family: 'book antiqua', palatino, serif; color: #000000;\"><strong>V\u00eddeo:<\/strong> https:\/\/www.youtube.com\/watch?v=olbtqFwWW-c&amp;t=5s<\/span><\/p>\n<p>&nbsp;<\/p>\n<p style=\"text-align: justify;\"><img class=\"size-medium wp-image-388 alignleft\" src=\"https:\/\/wp.ufpel.edu.br\/pandemiadecovid19contadapormulheres\/files\/2022\/12\/Captura-de-Tela-3291-400x225.png\" alt=\"\" width=\"400\" height=\"225\" srcset=\"https:\/\/wp.ufpel.edu.br\/pandemiadecovid19contadapormulheres\/files\/2022\/12\/Captura-de-Tela-3291-400x225.png 400w, https:\/\/wp.ufpel.edu.br\/pandemiadecovid19contadapormulheres\/files\/2022\/12\/Captura-de-Tela-3291-1024x576.png 1024w, https:\/\/wp.ufpel.edu.br\/pandemiadecovid19contadapormulheres\/files\/2022\/12\/Captura-de-Tela-3291-768x432.png 768w, https:\/\/wp.ufpel.edu.br\/pandemiadecovid19contadapormulheres\/files\/2022\/12\/Captura-de-Tela-3291.png 1366w\" sizes=\"(max-width: 400px) 100vw, 400px\" \/><span style=\"color: #800000;\"><strong><span style=\"font-size: 10pt; font-family: 'book antiqua', palatino, serif;\">MULHERES-M\u00c3E E A PANDEMIMA: SOLID\u00c3O, SOBRECARGA E SOFRIMENTO<\/span><\/strong><\/span><\/p>\n<p style=\"text-align: justify;\"><span style=\"font-size: 10pt; color: #000000; font-family: 'book antiqua', palatino, serif;\"><strong>Autoras:<\/strong> Helen Carvalho Gomes Soares e Camila Peixoto Farias<\/span><\/p>\n<p style=\"text-align: justify;\"><span style=\"font-size: 10pt; color: #000000; font-family: 'book antiqua', palatino, serif;\"><strong>Arquivo:<\/strong>\u00a0<a style=\"color: #000000;\" href=\"https:\/\/wp.ufpel.edu.br\/pandemiadecovid19contadapormulheres\/files\/2022\/09\/Mulheres-maes-e-pandemia-Solidao-sobrecarga-e-sofrimento-1.pdf\">Mulheres m\u00e3es e pandemia Solid\u00e3o sobrecarga e sofrimento<\/a><\/span><\/p>\n<p style=\"text-align: justify;\"><span style=\"font-size: 10pt; color: #000000; font-family: 'book antiqua', palatino, serif;\"><strong>V\u00eddeo:<\/strong> https:\/\/www.youtube.com\/watch?v=NA7P1RFSQV8&amp;feature=youtu.be<\/span><\/p>\n<p>&nbsp;<\/p>\n<p>&nbsp;<\/p>\n<hr \/>\n<p style=\"text-align: justify;\"><span style=\"font-size: 14pt; color: #800000; font-family: 'book antiqua', palatino, serif;\"><strong>SEMANA INTEGRADA DE INOVA\u00c7\u00c3O, ENSINO, PESQUISA E EXTENS\u00c3O (SIIEPE \u2013 UFPEL) \u2013 2021<\/strong><\/span><\/p>\n<p style=\"text-align: justify;\"><span style=\"font-family: 'book antiqua', palatino, serif;\"><strong>Congresso de Inicia\u00e7\u00e3o Cient\u00edfica (CIC)<\/strong><\/span><\/p>\n<p style=\"text-align: justify;\"><span style=\"font-size: 10pt; font-family: 'book antiqua', palatino, serif;\"><strong><span style=\"color: #ffcc00;\">1.<\/span>\u00a0<span style=\"color: #ffcc00;\">CORPOREIDADE E PANDEMIA: QUE ESPA\u00c7O TEM O CORPO NA PESQUISA EM PSICOLOGIA?<\/span><\/strong><\/span><\/p>\n<p style=\"text-align: justify;\"><span style=\"color: #000000; font-size: 10pt; font-family: 'book antiqua', palatino, serif;\"><strong>Autoras:<\/strong>\u00a0Karina Gaut\u00e9rio, Luisa Lislie Both Griebler, Roberta Duarte Luz, Camila Peixoto Faria e Giovana Fagundes Luczinski<\/span><\/p>\n<p style=\"text-align: justify;\"><span style=\"color: #000000; font-size: 10pt; font-family: 'book antiqua', palatino, serif;\"><strong>Arquivo:<\/strong><a style=\"color: #000000;\" href=\"https:\/\/wp.ufpel.edu.br\/pandemiadecovid19contadapormulheres\/files\/2021\/09\/Corporeidade-e-pandemia-Que-espaco-tem-o-corpo-na-pesquisa-em-Psicologia.pdf\">\u00a0Corporeidade e pandemia Que espa\u00e7o tem o corpo na pesquisa em Psicologia<\/a><\/span><\/p>\n<p style=\"text-align: justify;\"><span style=\"font-size: 10pt; font-family: 'book antiqua', palatino, serif; color: #ffcc00;\"><strong>2.\u00a0TRABALHO REPRODUTIVO E PANDEMIA DE COVID-19: O CUIDADO AFETIVO-EMOCIONAL<\/strong><\/span><\/p>\n<p style=\"text-align: justify;\"><span style=\"font-size: 10pt; font-family: 'book antiqua', palatino, serif; color: #000000;\"><strong>Autoras:<\/strong>\u00a0Luiza Caetano Affonso e Camila Peixoto Farias<\/span><\/p>\n<p style=\"text-align: justify;\"><span style=\"font-size: 10pt; font-family: 'book antiqua', palatino, serif; color: #000000;\"><strong>Arquivo:<\/strong><a style=\"color: #000000;\" href=\"https:\/\/wp.ufpel.edu.br\/pandemiadecovid19contadapormulheres\/files\/2021\/09\/CIC_2021-Luiza-Affonso-1.pdf\">\u00a0Trabalho reprodutivo e pandemia de Covid-19: O cuidado afetivo-emocional<\/a><\/span><\/p>\n<p style=\"text-align: justify;\"><span style=\"font-size: 10pt; font-family: 'book antiqua', palatino, serif; color: #ffcc00;\"><strong>3.\u00a0METODOLOGIAS DE PESQUISA: UMA REFLEX\u00c3O A PARTIR DA PESQUISA AGORA \u00c9 QUE S\u00c3O ELAS<\/strong><\/span><\/p>\n<p style=\"text-align: justify;\"><span style=\"font-size: 10pt; font-family: 'book antiqua', palatino, serif; color: #000000;\"><strong>Autoras:<\/strong>\u00a0Helen Carvalho Gomes Soares, Rafaela Soares Villar, Karina Rangel Gaut\u00e9rio, Mylena Graebner Pereira, Camila Peixoto Farias e Giovana Fagundes Luczinski.<\/span><\/p>\n<p style=\"text-align: justify;\"><span style=\"font-size: 10pt; font-family: 'book antiqua', palatino, serif; color: #000000;\"><strong>Arquivo:<\/strong>\u00a0<a style=\"color: #000000;\" href=\"https:\/\/wp.ufpel.edu.br\/pandemiadecovid19contadapormulheres\/files\/2021\/09\/Resumo-CIC-2021-Helen-Rafa-Karina-e-Mylena.pdf\">Metodologias de pesquisa: uma reflex\u00e3o a partir da pesquisa Agora \u00e9 que s\u00e3o elas.<\/a><\/span><\/p>\n<hr \/>\n<p style=\"text-align: justify;\"><span style=\"font-size: 14pt; color: #800000; font-family: 'book antiqua', palatino, serif;\"><strong>SEMANA INTEGRADA DE INOVA\u00c7\u00c3O, ENSINO, PESQUISA E EXTENS\u00c3O (SIIEPE \u2013 UFPEL) \u2013 2020<\/strong><\/span><\/p>\n<p style=\"text-align: justify;\"><span style=\"font-family: 'book antiqua', palatino, serif;\"><strong>Congresso de Ensino de Gradua\u00e7\u00e3o (CEG)<\/strong><\/span><\/p>\n<p style=\"text-align: justify;\"><span style=\"color: #ffcc00; font-size: 10pt; font-family: 'book antiqua', palatino, serif;\"><strong>1.<\/strong>\u00a0<strong>AS MULHERES E A PANDEMIA DE COVID-19: DISCUTINDO QUEST\u00d5ES DE G\u00caNERO<\/strong><\/span><\/p>\n<p style=\"text-align: justify;\"><span style=\"color: #000000; font-size: 10pt; font-family: 'book antiqua', palatino, serif;\"><strong>Autoras:<\/strong>\u00a0Luiza Caetano Affonso, Dara Pereira Rodrigues, Camila Peixoto Farias e Giovana Fagundes Luczinski<\/span><\/p>\n<p style=\"text-align: justify;\"><span style=\"color: #000000; font-size: 10pt; font-family: 'book antiqua', palatino, serif;\"><strong>Arquivo:<\/strong><a style=\"color: #000000;\" href=\"https:\/\/wp.ufpel.edu.br\/pandemiadecovid19contadapormulheres\/files\/2021\/09\/TRABALHO-CEG-2020-Luiza-Affonso.pdf\">\u00a0As mulheres e a pandemia de Covid-19: Discutindo quest\u00f5es de g\u00eanero<\/a><\/span><\/p>\n<p style=\"text-align: justify;\"><span style=\"font-size: 10pt; font-family: 'book antiqua', palatino, serif; color: #ffcc00;\"><strong>2.\u00a0MULHERES E A PANDEMIA: VIV\u00caNCIAS L\u00c9SBICAS E BISSEXUAIS NO CONTETO FAMILIAR EM PER\u00cdODO DE ISOLAMENTO SOCIAL<\/strong><\/span><\/p>\n<p style=\"text-align: justify;\"><span style=\"font-size: 10pt; color: #000000; font-family: 'book antiqua', palatino, serif;\"><strong>Autoras:<\/strong>\u00a0Helena dos Santos Braga, Gabrieli Damasceno Macedo, Camila Peixoto Farias e Giovana Fagundes Luczinski<\/span><\/p>\n<p style=\"text-align: justify;\"><span style=\"font-size: 10pt; color: #000000; font-family: 'book antiqua', palatino, serif;\"><strong>Arquivo:<\/strong><a style=\"color: #000000;\" href=\"https:\/\/drive.google.com\/file\/d\/1PtIT4W3ik9OxROPsISJnpDpcjvPak6aq\/view?usp=sharing\">\u00a0Mulheres e a pandemia: viv\u00eancias l\u00e9sbicas e bissexuais no contexto familiar em per\u00edodo de isolamento social<\/a><\/span><\/p>\n<p style=\"text-align: justify;\"><span style=\"font-size: 10pt; font-family: 'book antiqua', palatino, serif; color: #ffcc00;\"><strong>3.\u00a0RELATO DE EXPERI\u00caNCIA \u2013 ELAS POR ELAS: AS MULHERES E A PANDEMIA<\/strong><\/span><\/p>\n<p style=\"text-align: justify;\"><span style=\"font-size: 10pt; color: #000000; font-family: 'book antiqua', palatino, serif;\"><strong>Autoras:<\/strong>\u00a0Roberta Duarte da Luz, Sthefany Lacerda da Silva, Camila Peixoto Farias e Giovana Fagundes Luczinski<\/span><\/p>\n<p style=\"text-align: justify;\"><span style=\"font-size: 10pt; color: #000000; font-family: 'book antiqua', palatino, serif;\"><strong>Arquivo:<\/strong>\u00a0<a style=\"color: #000000;\" href=\"https:\/\/drive.google.com\/file\/d\/1NXWEplFKtJjyNWlxbqxoLzNqO1uOWTcc\/view?usp=sharing\">Relato de Experi\u00eancia \u2013 Elas por elas: as mulheres e a pandemia<\/a><\/span><\/p>\n<p style=\"text-align: justify;\"><span style=\"font-family: 'book antiqua', palatino, serif;\"><strong>Congresso de Inicia\u00e7\u00e3o Cient\u00edfica (CIC)<\/strong><\/span><\/p>\n<p style=\"text-align: justify;\"><span style=\"font-size: 10pt; font-family: 'book antiqua', palatino, serif;\"><span style=\"color: #ffcc00;\"><strong>1.<\/strong>\u00a0<strong>A PANDEMIA DA COVID-19 CONTADA POR MULHERES: UM RECORTE DOS PROFSSIONAIS DE SA\u00daDE<\/strong><\/span><\/span><\/p>\n<p style=\"text-align: justify;\"><span style=\"font-size: 10pt; font-family: 'book antiqua', palatino, serif; color: #000000;\"><strong>Autoras:<\/strong>\u00a0Helen carvalho gomes soares, Rafaela Soares Villar, Dara Pereira Rodrigues, Camila Peixoto Farias, Giovana Fagundes Luczinsk<\/span><\/p>\n<p style=\"text-align: justify;\"><span style=\"font-size: 10pt; font-family: 'book antiqua', palatino, serif; color: #000000;\"><strong>Arquivo:<\/strong>\u00a0https:\/\/cti.ufpel.edu.br\/siepe\/arquivos\/2020\/CH_02868.pdf<\/span><\/p>\n<p>&nbsp;<\/p>\n","protected":false},"excerpt":{"rendered":"<p>PRODU\u00c7\u00d5ES DAR CONTA DE TUDO: PAND\u00caMIA, TRABALHO REPRODUTIVO E CUIDADO AFETIVO-EMOCIONAL Autoras: Luiza Caetano Affonso, Camila Peixoto Farias, Giovana Fagundes Luczinski Ano: 2025 Resumo: Este artigo aborda os desafios narrados por mulheres trabalhadoras durante o contexto inicial da pandemia de covid-19, com rela\u00e7\u00e3o \u00e0 intensifica\u00e7\u00e3o do trabalho dom\u00e9stico e de cuidado, expondo uma dimens\u00e3o ainda [&hellip;]<\/p>\n","protected":false},"author":1183,"featured_media":0,"parent":0,"menu_order":1,"comment_status":"closed","ping_status":"closed","template":"","meta":{"footnotes":""},"class_list":["post-375","page","type-page","status-publish","hentry"],"_links":{"self":[{"href":"https:\/\/wp.ufpel.edu.br\/pandemiadecovid19contadapormulheres\/wp-json\/wp\/v2\/pages\/375","targetHints":{"allow":["GET"]}}],"collection":[{"href":"https:\/\/wp.ufpel.edu.br\/pandemiadecovid19contadapormulheres\/wp-json\/wp\/v2\/pages"}],"about":[{"href":"https:\/\/wp.ufpel.edu.br\/pandemiadecovid19contadapormulheres\/wp-json\/wp\/v2\/types\/page"}],"author":[{"embeddable":true,"href":"https:\/\/wp.ufpel.edu.br\/pandemiadecovid19contadapormulheres\/wp-json\/wp\/v2\/users\/1183"}],"replies":[{"embeddable":true,"href":"https:\/\/wp.ufpel.edu.br\/pandemiadecovid19contadapormulheres\/wp-json\/wp\/v2\/comments?post=375"}],"version-history":[{"count":4,"href":"https:\/\/wp.ufpel.edu.br\/pandemiadecovid19contadapormulheres\/wp-json\/wp\/v2\/pages\/375\/revisions"}],"predecessor-version":[{"id":617,"href":"https:\/\/wp.ufpel.edu.br\/pandemiadecovid19contadapormulheres\/wp-json\/wp\/v2\/pages\/375\/revisions\/617"}],"wp:attachment":[{"href":"https:\/\/wp.ufpel.edu.br\/pandemiadecovid19contadapormulheres\/wp-json\/wp\/v2\/media?parent=375"}],"curies":[{"name":"wp","href":"https:\/\/api.w.org\/{rel}","templated":true}]}}