{"id":39,"date":"2018-04-03T10:54:57","date_gmt":"2018-04-03T13:54:57","guid":{"rendered":"https:\/\/wp.ufpel.edu.br\/otpef\/?page_id=39"},"modified":"2020-03-23T11:12:44","modified_gmt":"2020-03-23T14:12:44","slug":"publicacoes","status":"publish","type":"page","link":"https:\/\/wp.ufpel.edu.br\/otpef\/publicacoes\/","title":{"rendered":"Publica\u00e7\u00f5es"},"content":{"rendered":"<p><span style=\"background-color: #ffcc00\"><strong>TESES E DISSERTA\u00c7\u00d5ES<\/strong><\/span><\/p>\n<p><a href=\"https:\/\/wp.ufpel.edu.br\/otpef\/files\/2018\/04\/TESE-vers\u00e3o-final.pdf\">Giovanni Frizzo. Organiza\u00e7\u00e3o do Trabalho Pedag\u00f3gico da Educa\u00e7\u00e3o F\u00edsica na Escola Capitalista. PPGCMH\/UFRGS, 2012<\/a><\/p>\n<p><a href=\"https:\/\/wp.ufpel.edu.br\/ppgef\/files\/2018\/03\/Isabella-Filippini.pdf\">Isabella Filippini.\u00a0A organiza\u00e7\u00e3o do trabalho pedag\u00f3gico e o trato com o conhecimento na forma\u00e7\u00e3o de professores de Educa\u00e7\u00e3o F\u00edsica. PPGEF\/UFPel, 2013<\/a><\/p>\n<p><a href=\"https:\/\/wp.ufpel.edu.br\/ppgef\/files\/2016\/10\/Disserta\u00e7\u00e3o-Andressa-Bopsin.pdf\">Andressa Pires Bopsin.\u00a0Sa\u00fade docente e a precariza\u00e7\u00e3o do trabalho no curso de educa\u00e7\u00e3o f\u00edsica na rede privada de ensino superior. PPGEF\/UFPel, 2016<\/a><\/p>\n<p><a href=\"https:\/\/wp.ufpel.edu.br\/ppgef\/files\/2016\/10\/Disserta\u00e7\u00e3o-Robinson-Mendon\u00e7a.pdf\">Robinson Barros Mendon\u00e7a.\u00a0Autonomia e democracia na organiza\u00e7\u00e3o do trabalho pedag\u00f3gico da educa\u00e7\u00e3o f\u00edsica na escola p\u00fablica. PPGEF\/UFPel, 2016<\/a><\/p>\n<p><a href=\"https:\/\/wp.ufpel.edu.br\/ppgef\/files\/2018\/03\/Disserta\u00e7\u00e3o-Francisco-de-Assis.pdf\">Francisco de Assis Furtado de Oliveira.\u00a0Tessituras sobre a rela\u00e7\u00e3o trabalho e sa\u00fade na vida do professor de Educa\u00e7\u00e3o F\u00edsica da rede estadual de ensino de Pelotas\/RS. PPGEF\/UFPel, 2017<\/a><\/p>\n<p><a href=\"https:\/\/wp.ufpel.edu.br\/ppgef\/files\/2018\/03\/Disserta\u00e7\u00e3o-Ivan-Bremm.pdf\">Ivan Bremm de Oliveira.\u00a0A organiza\u00e7\u00e3o do trabalho pedag\u00f3gico da Educa\u00e7\u00e3o F\u00edsica e a carreira docente. PPGEF\/UFPel, 2017.<\/a><\/p>\n<p><a href=\"https:\/\/wp.ufpel.edu.br\/ppgef\/files\/2019\/02\/Martina-Gon\u00e7alves-Burch-Costa.pdf\">Martina Gon\u00e7alves Burch Costa.\u00a0Futebol de mulheres al\u00e9m das quatro linhas: um estudo sobre a forma\u00e7\u00e3o \u2015profissional de atletas no Esporte Clube Pelotas\/Phoenix. PPGEF\/UFPel, 2017<\/a><\/p>\n<p><span style=\"background-color: #ffcc00\"><strong>ARTIGOS PUBLICADOS<\/strong><\/span><\/p>\n<p>Giovanni FRIZZO; Maristela Silva SOUZA. <a href=\"https:\/\/seer.ufrgs.br\/Movimento\/article\/view\/76037\/52684\">Educa\u00e7\u00e3o F\u00edsica nas Diretrizes da UNESCO: o paradigma da aptid\u00e3o f\u00edsica e da sa\u00fade na forma\u00e7\u00e3o do capital humano<\/a>. Revista Movimento, v. 25, p. 1-12, 2019.<\/p>\n<p>Ivan Bremm de OLIVEIRA ; Giovanni FRIZZO. <a href=\"https:\/\/www.efyc.fahce.unlp.edu.ar\/article\/view\/EFyCe068\">A organiza\u00e7\u00e3o do trabalho pedag\u00f3gico da Educa\u00e7\u00e3o F\u00edsica e a carreira docente<\/a>. EDUCACI\u00d3N F\u00cdSICA Y CIENCIA, v. 21, p. 1-12, 2019.<\/p>\n<p>Giovanni FRIZZO. <a href=\"https:\/\/periodicos.ufsc.br\/index.php\/motrivivencia\/article\/view\/2175-8042.2019e67108\/41115\">Crise do capitalismo, pol\u00edtica ultraliberal e a extin\u00e7\u00e3o do minist\u00e9rio do esporte.<\/a> Revista Motriviv\u00eancia, v. 31, p. 01-16, 2019.<\/p>\n<p>Ivan Bremm de OLIVEIRA; Giovanni FRIZZO. <a href=\"https:\/\/periodicos.ufsm.br\/kinesis\/article\/view\/30721\/pdf\">Avalia\u00e7\u00e3o na Educa\u00e7\u00e3o F\u00edsica Escolar: um estudo com docentes em diferentes per\u00edodos de experi\u00eancia profissional.<\/a> Revista Kinesis, v26, n 2, mai\/ago 2018.<\/p>\n<p>Andressa BOPSIN; Giovanni FRIZZO. <a href=\"http:\/\/www.seer.ufrgs.br\/index.php\/Movimento\/article\/view\/72916\">Sa\u00fade Docente e a Precariza\u00e7\u00e3o do Trabalho no Curso de Educa\u00e7\u00e3o F\u00edsica da Rede Privada de Ensino Superior<\/a>. Revista Movimento, v 23, n.4, out\/dez 2017.<\/p>\n<p>Leonardo LEMOS; Giovanni FRIZZO. <a href=\"https:\/\/periodicos.ufsm.br\/kinesis\/article\/view\/24435\/pdf\">A Contextualiza\u00e7\u00e3o do Trabalho Docente de Educa\u00e7\u00e3o F\u00edsica na Rede Municipal de Ensino de Pelotas: uma cr\u00edtica ao sistema capitalista de ensino<\/a>. Revista Kinesis, v. 35, n.1, jan-abr 2017.<\/p>\n<p>Ivan Bremm de OLIVEIRA; Giovanni FRIZZO. <a href=\"https:\/\/www.revistas.ufg.br\/fef\/article\/view\/45097\/pdf\">A Produ\u00e7\u00e3o do Conhecimento do PPGEF\/UFPel sobre a Realidade do Trabalho Docente nas Escolas P\u00fablicas de Pelotas-RS<\/a>. Revista Pensar a Pr\u00e1tica, v. 20, n. 2, abr\/jun 2017.<\/p>\n<p>Robinson MENDON\u00c7A; Giovanni FRIZZO. <a href=\"https:\/\/portalseer.ufba.br\/index.php\/revistagerminal\/article\/view\/13859\">Autonomia e Democracia na Organiza\u00e7\u00e3o do Trabalho Pedag\u00f3gico na Escola P\u00fablica<\/a>. Revista Germinal &#8211; Marxismo e Educa\u00e7\u00e3o em Debate, v. 9, n. 1, abr 2017.<\/p>\n<p><span style=\"background-color: #ffcc00\"><strong>RELAT\u00d3RIOS DE PESQUISA<\/strong><\/span><\/p>\n<p><a href=\"https:\/\/wp.ufpel.edu.br\/otpef\/files\/2018\/04\/Relat\u00f3rio-Final-Projeto-EM-no-RS-1.pdf\">OTPEF. Condi\u00e7\u00f5es de Trabalho e Vida do Professorado de Educa\u00e7\u00e3o F\u00edsica na Rede Estadual de Ensino em Pelotas-RS. 2018<\/a><\/p>\n","protected":false},"excerpt":{"rendered":"<p>TESES E DISSERTA\u00c7\u00d5ES Giovanni Frizzo. Organiza\u00e7\u00e3o do Trabalho Pedag\u00f3gico da Educa\u00e7\u00e3o F\u00edsica na Escola Capitalista. PPGCMH\/UFRGS, 2012 Isabella Filippini.\u00a0A organiza\u00e7\u00e3o do trabalho pedag\u00f3gico e o trato com o conhecimento na forma\u00e7\u00e3o de professores de Educa\u00e7\u00e3o F\u00edsica. PPGEF\/UFPel, 2013 Andressa Pires Bopsin.\u00a0Sa\u00fade docente e a precariza\u00e7\u00e3o do trabalho no curso de educa\u00e7\u00e3o f\u00edsica na rede privada &hellip; <\/p>\n<p><a class=\"more-link btn\" href=\"https:\/\/wp.ufpel.edu.br\/otpef\/publicacoes\/\">Continue lendo<\/a><\/p>\n","protected":false},"author":837,"featured_media":0,"parent":0,"menu_order":0,"comment_status":"closed","ping_status":"closed","template":"","meta":{"footnotes":""},"class_list":["post-39","page","type-page","status-publish","hentry","nodate","item-wrap"],"_links":{"self":[{"href":"https:\/\/wp.ufpel.edu.br\/otpef\/wp-json\/wp\/v2\/pages\/39","targetHints":{"allow":["GET"]}}],"collection":[{"href":"https:\/\/wp.ufpel.edu.br\/otpef\/wp-json\/wp\/v2\/pages"}],"about":[{"href":"https:\/\/wp.ufpel.edu.br\/otpef\/wp-json\/wp\/v2\/types\/page"}],"author":[{"embeddable":true,"href":"https:\/\/wp.ufpel.edu.br\/otpef\/wp-json\/wp\/v2\/users\/837"}],"replies":[{"embeddable":true,"href":"https:\/\/wp.ufpel.edu.br\/otpef\/wp-json\/wp\/v2\/comments?post=39"}],"version-history":[{"count":9,"href":"https:\/\/wp.ufpel.edu.br\/otpef\/wp-json\/wp\/v2\/pages\/39\/revisions"}],"predecessor-version":[{"id":116,"href":"https:\/\/wp.ufpel.edu.br\/otpef\/wp-json\/wp\/v2\/pages\/39\/revisions\/116"}],"wp:attachment":[{"href":"https:\/\/wp.ufpel.edu.br\/otpef\/wp-json\/wp\/v2\/media?parent=39"}],"curies":[{"name":"wp","href":"https:\/\/api.w.org\/{rel}","templated":true}]}}