{"id":697,"date":"2017-07-31T11:14:37","date_gmt":"2017-07-31T14:14:37","guid":{"rendered":"https:\/\/wp.ufpel.edu.br\/odontologia\/?page_id=697"},"modified":"2022-05-19T10:45:57","modified_gmt":"2022-05-19T13:45:57","slug":"a-historia-da-faculdade","status":"publish","type":"page","link":"https:\/\/wp.ufpel.edu.br\/odontologia\/a-faculdade-de-odontologia\/a-historia-da-faculdade\/","title":{"rendered":"A hist\u00f3ria da Faculdade"},"content":{"rendered":"<p style=\"text-align: center\"><span style=\"color: #800000;font-size: 18pt\"><strong>A Faculdade de Odontologia de Pelotas<\/strong><\/span><\/p>\n<p><span style=\"font-size: 12pt;font-family: georgia, palatino, serif\"><a href=\"https:\/\/i0.wp.com\/wp.ufpel.edu.br\/odontologia\/files\/2017\/07\/foto-hist%C3%B3ria-da-odonto1.jpg?ssl=1\"><img data-recalc-dims=\"1\" loading=\"lazy\" decoding=\"async\" data-attachment-id=\"701\" data-permalink=\"https:\/\/wp.ufpel.edu.br\/odontologia\/a-faculdade-de-odontologia\/a-historia-da-faculdade\/foto-historia-da-odonto1\/#main\" data-orig-file=\"https:\/\/i0.wp.com\/wp.ufpel.edu.br\/odontologia\/files\/2017\/07\/foto-hist%C3%B3ria-da-odonto1.jpg?fit=2654%2C2451&amp;ssl=1\" data-orig-size=\"2654,2451\" data-comments-opened=\"0\" data-image-meta=\"{&quot;aperture&quot;:&quot;0&quot;,&quot;credit&quot;:&quot;&quot;,&quot;camera&quot;:&quot;&quot;,&quot;caption&quot;:&quot;&quot;,&quot;created_timestamp&quot;:&quot;0&quot;,&quot;copyright&quot;:&quot;&quot;,&quot;focal_length&quot;:&quot;0&quot;,&quot;iso&quot;:&quot;0&quot;,&quot;shutter_speed&quot;:&quot;0&quot;,&quot;title&quot;:&quot;&quot;,&quot;orientation&quot;:&quot;0&quot;}\" data-image-title=\"foto hist\u00f3ria da odonto1\" data-image-description=\"\" data-image-caption=\"\" data-medium-file=\"https:\/\/i0.wp.com\/wp.ufpel.edu.br\/odontologia\/files\/2017\/07\/foto-hist%C3%B3ria-da-odonto1.jpg?fit=400%2C369&amp;ssl=1\" data-large-file=\"https:\/\/i0.wp.com\/wp.ufpel.edu.br\/odontologia\/files\/2017\/07\/foto-hist%C3%B3ria-da-odonto1.jpg?fit=720%2C665&amp;ssl=1\" class=\"size-medium wp-image-701 alignleft\" src=\"https:\/\/i0.wp.com\/wp.ufpel.edu.br\/odontologia\/files\/2017\/07\/foto-hist%C3%B3ria-da-odonto1.jpg?resize=400%2C369&#038;ssl=1\" alt=\"\" width=\"400\" height=\"369\" srcset=\"https:\/\/i0.wp.com\/wp.ufpel.edu.br\/odontologia\/files\/2017\/07\/foto-hist%C3%B3ria-da-odonto1.jpg?resize=400%2C369&amp;ssl=1 400w, https:\/\/i0.wp.com\/wp.ufpel.edu.br\/odontologia\/files\/2017\/07\/foto-hist%C3%B3ria-da-odonto1.jpg?resize=768%2C709&amp;ssl=1 768w, https:\/\/i0.wp.com\/wp.ufpel.edu.br\/odontologia\/files\/2017\/07\/foto-hist%C3%B3ria-da-odonto1.jpg?resize=1024%2C946&amp;ssl=1 1024w, https:\/\/i0.wp.com\/wp.ufpel.edu.br\/odontologia\/files\/2017\/07\/foto-hist%C3%B3ria-da-odonto1.jpg?w=1440&amp;ssl=1 1440w, https:\/\/i0.wp.com\/wp.ufpel.edu.br\/odontologia\/files\/2017\/07\/foto-hist%C3%B3ria-da-odonto1.jpg?w=2160&amp;ssl=1 2160w\" sizes=\"auto, (max-width: 400px) 100vw, 400px\" \/><\/a><\/span><\/p>\n<p style=\"text-align: justify\"><span style=\"font-size: 12pt;font-family: georgia, palatino, serif\">A Faculdade de Odontologia da Universidade Federal de Pelotas foi <strong>fundada em 21 de setembro de 1911<\/strong>, pelos Senhores Manuel Serafim Gomes de Freitas, Francisco Jos\u00e9 Rodrigues de Ara\u00fajo \u2013 seu primeiro diretor-, \u00c1lvaro Eston, Pedro Luis Os\u00f3rio, Pedro Batista Gomes de Freitas, Ant\u00f4nio Guerreiro de Almeida e Silvestre Galv\u00e3o, sob o nome de Faculdade de Pharmacia e Odontologia. Esses pelotenses criaram as bases fundamentais para o in\u00edcio do curso inspirados na \u00fanica escola oficial de odontologia que funcionava no Rio de Janeiro. Possu\u00eda 3 \u201ccadeiras\u201d- Chimica ministrada pelo Prof. Manoel Gomes de Freitas, Pharmacologia pelo Prof. \u00c1lvaro Eston, T\u00e9cnicas Dent\u00e1rias pelo Prof. Pedro Freitas e \u201ctodas as outras disciplinas\u201d pelo Prof. Antonio Guerreiro, com dura\u00e7\u00e3o de 2 anos.<\/span><\/p>\n<p><span style=\"font-size: 12pt;font-family: georgia, palatino, serif\"><a href=\"https:\/\/i0.wp.com\/wp.ufpel.edu.br\/odontologia\/files\/2017\/07\/foto-hist%C3%B3ria-da-odonto2.jpg?ssl=1\"><img data-recalc-dims=\"1\" loading=\"lazy\" decoding=\"async\" data-attachment-id=\"702\" data-permalink=\"https:\/\/wp.ufpel.edu.br\/odontologia\/a-faculdade-de-odontologia\/a-historia-da-faculdade\/foto-historia-da-odonto2\/#main\" data-orig-file=\"https:\/\/i0.wp.com\/wp.ufpel.edu.br\/odontologia\/files\/2017\/07\/foto-hist%C3%B3ria-da-odonto2.jpg?fit=2034%2C2917&amp;ssl=1\" data-orig-size=\"2034,2917\" data-comments-opened=\"0\" data-image-meta=\"{&quot;aperture&quot;:&quot;0&quot;,&quot;credit&quot;:&quot;&quot;,&quot;camera&quot;:&quot;&quot;,&quot;caption&quot;:&quot;&quot;,&quot;created_timestamp&quot;:&quot;0&quot;,&quot;copyright&quot;:&quot;&quot;,&quot;focal_length&quot;:&quot;0&quot;,&quot;iso&quot;:&quot;0&quot;,&quot;shutter_speed&quot;:&quot;0&quot;,&quot;title&quot;:&quot;&quot;,&quot;orientation&quot;:&quot;0&quot;}\" data-image-title=\"foto hist\u00f3ria da odonto2\" data-image-description=\"\" data-image-caption=\"\" data-medium-file=\"https:\/\/i0.wp.com\/wp.ufpel.edu.br\/odontologia\/files\/2017\/07\/foto-hist%C3%B3ria-da-odonto2.jpg?fit=279%2C400&amp;ssl=1\" data-large-file=\"https:\/\/i0.wp.com\/wp.ufpel.edu.br\/odontologia\/files\/2017\/07\/foto-hist%C3%B3ria-da-odonto2.jpg?fit=714%2C1024&amp;ssl=1\" class=\"size-medium wp-image-702 alignright\" src=\"https:\/\/i0.wp.com\/wp.ufpel.edu.br\/odontologia\/files\/2017\/07\/foto-hist%C3%B3ria-da-odonto2.jpg?resize=279%2C400&#038;ssl=1\" alt=\"\" width=\"279\" height=\"400\" srcset=\"https:\/\/i0.wp.com\/wp.ufpel.edu.br\/odontologia\/files\/2017\/07\/foto-hist%C3%B3ria-da-odonto2.jpg?resize=279%2C400&amp;ssl=1 279w, https:\/\/i0.wp.com\/wp.ufpel.edu.br\/odontologia\/files\/2017\/07\/foto-hist%C3%B3ria-da-odonto2.jpg?resize=768%2C1101&amp;ssl=1 768w, https:\/\/i0.wp.com\/wp.ufpel.edu.br\/odontologia\/files\/2017\/07\/foto-hist%C3%B3ria-da-odonto2.jpg?resize=714%2C1024&amp;ssl=1 714w, https:\/\/i0.wp.com\/wp.ufpel.edu.br\/odontologia\/files\/2017\/07\/foto-hist%C3%B3ria-da-odonto2.jpg?w=2034&amp;ssl=1 2034w, https:\/\/i0.wp.com\/wp.ufpel.edu.br\/odontologia\/files\/2017\/07\/foto-hist%C3%B3ria-da-odonto2.jpg?w=1440&amp;ssl=1 1440w\" sizes=\"auto, (max-width: 279px) 100vw, 279px\" \/><\/a><\/span><\/p>\n<p style=\"text-align: justify\"><span style=\"font-size: 12pt;font-family: georgia, palatino, serif\">Foram tempos em que a vontade de criar um curso que abrigasse alunos que n\u00e3o se enquadravam no perfil de estudantes de cursos que existiam na \u00e9poca Veterin\u00e1ria, Agronomia, de Ci\u00eancias Dom\u00e9sticas e da escola de Belas Artes. O curso de Direito seria fundado um ano ap\u00f3s.<\/span><\/p>\n<p style=\"text-align: justify\"><span style=\"font-size: 12pt;font-family: georgia, palatino, serif\">A Faculdade surgiu com caracter\u00edsticas de pioneirismo incluindo n\u00famero de mulheres matriculadas que superava o de homens, o atendimento gratuito \u00e0 comunidade e a primeira Cl\u00ednica Dent\u00e1ria Infantil do Brasil, criada em 1914.<\/span><\/p>\n<p style=\"text-align: justify\"><span style=\"font-size: 12pt;font-family: georgia, palatino, serif\">O novo curso funcionou nas instala\u00e7\u00f5es do pr\u00e9dio do antigo Gymnasio Pelotense e a ele ficou vinculado administrativamente at\u00e9 1915 quando houve uma cis\u00e3o entre seus membros e, por um curto per\u00edodo de tempo, at\u00e9 1919, Pelotas contou com duas faculdades de Odontologia e Pharm\u00e1cia!<\/span><\/p>\n<p>&nbsp;<\/p>\n<p style=\"text-align: justify\"><span style=\"font-size: 12pt;font-family: georgia, palatino, serif\"><a href=\"https:\/\/i0.wp.com\/wp.ufpel.edu.br\/odontologia\/files\/2017\/07\/foto-hist%C3%B3ria-da-odonto3.jpg?ssl=1\"><img data-recalc-dims=\"1\" loading=\"lazy\" decoding=\"async\" data-attachment-id=\"703\" data-permalink=\"https:\/\/wp.ufpel.edu.br\/odontologia\/a-faculdade-de-odontologia\/a-historia-da-faculdade\/foto-historia-da-odonto3\/#main\" data-orig-file=\"https:\/\/i0.wp.com\/wp.ufpel.edu.br\/odontologia\/files\/2017\/07\/foto-hist%C3%B3ria-da-odonto3.jpg?fit=2104%2C1744&amp;ssl=1\" data-orig-size=\"2104,1744\" data-comments-opened=\"0\" data-image-meta=\"{&quot;aperture&quot;:&quot;0&quot;,&quot;credit&quot;:&quot;&quot;,&quot;camera&quot;:&quot;&quot;,&quot;caption&quot;:&quot;&quot;,&quot;created_timestamp&quot;:&quot;0&quot;,&quot;copyright&quot;:&quot;&quot;,&quot;focal_length&quot;:&quot;0&quot;,&quot;iso&quot;:&quot;0&quot;,&quot;shutter_speed&quot;:&quot;0&quot;,&quot;title&quot;:&quot;&quot;,&quot;orientation&quot;:&quot;0&quot;}\" data-image-title=\"foto hist\u00f3ria da odonto3\" data-image-description=\"\" data-image-caption=\"\" data-medium-file=\"https:\/\/i0.wp.com\/wp.ufpel.edu.br\/odontologia\/files\/2017\/07\/foto-hist%C3%B3ria-da-odonto3.jpg?fit=400%2C332&amp;ssl=1\" data-large-file=\"https:\/\/i0.wp.com\/wp.ufpel.edu.br\/odontologia\/files\/2017\/07\/foto-hist%C3%B3ria-da-odonto3.jpg?fit=720%2C597&amp;ssl=1\" class=\"size-medium wp-image-703 alignleft\" src=\"https:\/\/i0.wp.com\/wp.ufpel.edu.br\/odontologia\/files\/2017\/07\/foto-hist%C3%B3ria-da-odonto3.jpg?resize=400%2C332&#038;ssl=1\" alt=\"\" width=\"400\" height=\"332\" srcset=\"https:\/\/i0.wp.com\/wp.ufpel.edu.br\/odontologia\/files\/2017\/07\/foto-hist%C3%B3ria-da-odonto3.jpg?resize=400%2C332&amp;ssl=1 400w, https:\/\/i0.wp.com\/wp.ufpel.edu.br\/odontologia\/files\/2017\/07\/foto-hist%C3%B3ria-da-odonto3.jpg?resize=768%2C637&amp;ssl=1 768w, https:\/\/i0.wp.com\/wp.ufpel.edu.br\/odontologia\/files\/2017\/07\/foto-hist%C3%B3ria-da-odonto3.jpg?resize=1024%2C849&amp;ssl=1 1024w, https:\/\/i0.wp.com\/wp.ufpel.edu.br\/odontologia\/files\/2017\/07\/foto-hist%C3%B3ria-da-odonto3.jpg?w=1440&amp;ssl=1 1440w\" sizes=\"auto, (max-width: 400px) 100vw, 400px\" \/><\/a>Em 1918, com o surto de Gripe Espanhola ap\u00f3s a Primeira Grande Guerra, os cursos de Pharmacia tiveram papel importante na presta\u00e7\u00e3o de servi\u00e7os e a comunidade pelotense mais uma vez comprovou a import\u00e2ncia da faculdade.<\/span><\/p>\n<p style=\"text-align: justify\"><span style=\"font-size: 12pt;font-family: georgia, palatino, serif\">Com apenas uma das faculdades funcionando ap\u00f3s 1919, a Faculdade de Pharmacia e Odontologia foi sustentada pela dedica\u00e7\u00e3o abnegada de alguns professores, que faziam todas as fun\u00e7\u00f5es docentes e, n\u00e3o raro, tamb\u00e9m as de secretaria, e pelas doa\u00e7\u00f5es de \u201cS\u00f3cios Protetores\u201d, que mantinham as finan\u00e7as razoavelmente saneadas. Nesta \u00e9poca, recebe o reconhecimento da comunidade pelotense pelos servi\u00e7os prestados e por ser a \u00fanica cl\u00ednica odontol\u00f3gica gratuita do estado, sendo nomeada \u201cEstabelecimento de Utilidade P\u00fablica\u201d. Isto resultou n\u00e3o s\u00f3 na isen\u00e7\u00e3o de taxas, como no apoio financeiro da Intend\u00eancia Municipal e dos governos Estadual e Federal, \u00e0 partir de 1924.<\/span><\/p>\n<p style=\"text-align: justify\"><span style=\"font-size: 12pt;font-family: georgia, palatino, serif\">Em 1920 os alunos da Odontologia participaram do I Congresso Odontol\u00f3gico realizado em Montevid\u00e9o com o apoio do Prof. Bruno Gon\u00e7alves Chaves, que se tornou o patrono do \u201cgr\u00eamio estudantil\u201d.<\/span><\/p>\n<p style=\"text-align: justify\"><span style=\"font-size: 12pt;font-family: georgia, palatino, serif\">No entanto, a Faculdade ainda n\u00e3o havia sido reconhecida e os diplomas expedidos desde 1913, ano da formatura da 1\u00aa turma, ainda careciam de regulamenta\u00e7\u00e3o e o ano de 1941 foi marcante para a hist\u00f3ria da Faculdade, sendo o ano em que foi obtido seu reconhecimento definitivo pelo Governo Federal, gra\u00e7as ao trabalho do Cirurgi\u00e3o-Dentista e Advogado Prof. Edmundo des Essarts Peres, que tinha a faculdade como \u201csua filha dileta\u201d.<\/span><\/p>\n<p style=\"text-align: justify\"><span style=\"font-size: 12pt;font-family: georgia, palatino, serif\">Neste per\u00edodo a Faculdade funcionava num pr\u00e9dio doado pelo governo estadual, na rua F\u00e9lix da Cunha 656 onde hoje est\u00e1 nosso estacionamento e o \u201ccasar\u00e3o\u201d, pr\u00e9dio para onde est\u00e1 projetado a nova biblioteca da FO e que j\u00e1 serviu a muitos usos na Odonto.<\/span><\/p>\n<p style=\"text-align: justify\"><span style=\"font-size: 12pt;font-family: georgia, palatino, serif\">Este pr\u00e9dio abrigava salas de aula para, no m\u00e1ximo, 10 alunos, laborat\u00f3rios antiquados de farm\u00e1cia, sala de pr\u00f3tese com arm\u00e1rios constru\u00eddos pelos alunos&#8230;mas mesmo frente a este acanhado patrim\u00f4nio f\u00edsico, o Ministro da Educa\u00e7\u00e3o Gustavo Capanema, em visita a faculdade feita em 1943, ressalta\u00a0 que \u201c&#8230;estava em um meio educacional forte e ativo.\u201d Reflexo prov\u00e1vel de uma comunidade odontol\u00f3gica que se caracterizava pela uni\u00e3o e orgulho em vencer todas as dificuldades que se apresentavam&#8221;.<\/span><\/p>\n<div id=\"attachment_704\" style=\"width: 410px\" class=\"wp-caption alignleft\"><a href=\"https:\/\/i0.wp.com\/wp.ufpel.edu.br\/odontologia\/files\/2017\/07\/foto-hist%C3%B3ria-da-odonto4.jpg?ssl=1\"><img data-recalc-dims=\"1\" loading=\"lazy\" decoding=\"async\" aria-describedby=\"caption-attachment-704\" data-attachment-id=\"704\" data-permalink=\"https:\/\/wp.ufpel.edu.br\/odontologia\/a-faculdade-de-odontologia\/a-historia-da-faculdade\/foto-historia-da-odonto4\/#main\" data-orig-file=\"https:\/\/i0.wp.com\/wp.ufpel.edu.br\/odontologia\/files\/2017\/07\/foto-hist%C3%B3ria-da-odonto4.jpg?fit=2816%2C2150&amp;ssl=1\" data-orig-size=\"2816,2150\" data-comments-opened=\"0\" data-image-meta=\"{&quot;aperture&quot;:&quot;0&quot;,&quot;credit&quot;:&quot;&quot;,&quot;camera&quot;:&quot;&quot;,&quot;caption&quot;:&quot;&quot;,&quot;created_timestamp&quot;:&quot;0&quot;,&quot;copyright&quot;:&quot;&quot;,&quot;focal_length&quot;:&quot;0&quot;,&quot;iso&quot;:&quot;0&quot;,&quot;shutter_speed&quot;:&quot;0&quot;,&quot;title&quot;:&quot;&quot;,&quot;orientation&quot;:&quot;0&quot;}\" data-image-title=\"foto hist\u00f3ria da odonto4\" data-image-description=\"\" data-image-caption=\"\" data-medium-file=\"https:\/\/i0.wp.com\/wp.ufpel.edu.br\/odontologia\/files\/2017\/07\/foto-hist%C3%B3ria-da-odonto4.jpg?fit=400%2C305&amp;ssl=1\" data-large-file=\"https:\/\/i0.wp.com\/wp.ufpel.edu.br\/odontologia\/files\/2017\/07\/foto-hist%C3%B3ria-da-odonto4.jpg?fit=720%2C550&amp;ssl=1\" class=\"wp-image-704 size-medium\" src=\"https:\/\/i0.wp.com\/wp.ufpel.edu.br\/odontologia\/files\/2017\/07\/foto-hist%C3%B3ria-da-odonto4.jpg?resize=400%2C305&#038;ssl=1\" alt=\"\" width=\"400\" height=\"305\" srcset=\"https:\/\/i0.wp.com\/wp.ufpel.edu.br\/odontologia\/files\/2017\/07\/foto-hist%C3%B3ria-da-odonto4.jpg?resize=400%2C305&amp;ssl=1 400w, https:\/\/i0.wp.com\/wp.ufpel.edu.br\/odontologia\/files\/2017\/07\/foto-hist%C3%B3ria-da-odonto4.jpg?resize=768%2C586&amp;ssl=1 768w, https:\/\/i0.wp.com\/wp.ufpel.edu.br\/odontologia\/files\/2017\/07\/foto-hist%C3%B3ria-da-odonto4.jpg?resize=1024%2C782&amp;ssl=1 1024w, https:\/\/i0.wp.com\/wp.ufpel.edu.br\/odontologia\/files\/2017\/07\/foto-hist%C3%B3ria-da-odonto4.jpg?w=1440&amp;ssl=1 1440w, https:\/\/i0.wp.com\/wp.ufpel.edu.br\/odontologia\/files\/2017\/07\/foto-hist%C3%B3ria-da-odonto4.jpg?w=2160&amp;ssl=1 2160w\" sizes=\"auto, (max-width: 400px) 100vw, 400px\" \/><\/a><p id=\"caption-attachment-704\" class=\"wp-caption-text\">Projeto arquitet\u00f4nico para a constru\u00e7\u00e3o do Pr\u00e9dio da Faculdade de Odontologia-URGS<\/p><\/div>\n<p style=\"text-align: justify\"><span style=\"font-size: 12pt;font-family: georgia, palatino, serif\">Sob a dire\u00e7\u00e3o do Prof. Paulo Assump\u00e7\u00e3o Os\u00f3rio em 1946, foram realizados os primeiros concursos para docentes; a FOP se integrou \u00e0 ABENO &#8211; Associa\u00e7\u00e3o Brasileira de Ensino Odontol\u00f3gico \u2013 e a primeira revista da FO foi publicada. Foram tamb\u00e9m tempos de crescimento!<\/span><\/p>\n<p style=\"text-align: justify\"><span style=\"font-size: 12pt;font-family: georgia, palatino, serif\">Outro grande passo para o reconhecimento da import\u00e2ncia do trabalho que vinha sendo realizado aconteceu em 1950, com a incorpora\u00e7\u00e3o da Faculdade de Pharmacia e Odontologia pela Universidade do Rio Grande do Sul.<\/span><\/p>\n<p>&nbsp;<\/p>\n<p>&nbsp;<\/p>\n<p style=\"text-align: justify\"><span style=\"font-size: 12pt;font-family: georgia, palatino, serif\">Este fato se deveu muito \u00e0 participa\u00e7\u00e3o dos acad\u00eamicos de Pelotas, que realizaram um grande com\u00edcio em frente \u00e0 Prefeitura Municipal, angariando o apoio dos professores da Faculdade, da C\u00e2mara de Vereadores e do Prefeito, Joaquim Duval. A estes estudantes se juntaram os de Porto Alegre e assim, com um esfor\u00e7o conjunto, nossa faculdade passou a fazer parte da URGS e assim permaneceu at\u00e9 1969, quando, juntamente com as Faculdades de Direito, de Agronomia, de Veterin\u00e1ria, de Ci\u00eancias Dom\u00e9sticas e Instituto de Sociologia e Politica, deu origem a Universidade Federal de Pelotas \u2013 UFPel, mas ainda ostenta com orgulho na fachada de seu pr\u00e9dio a marca da antiga alian\u00e7a -URGS.<\/span><\/p>\n<p style=\"text-align: justify\"><span style=\"font-size: 12pt;font-family: georgia, palatino, serif\"><a href=\"https:\/\/i0.wp.com\/wp.ufpel.edu.br\/odontologia\/files\/2017\/07\/foto-hist%C3%B3ria-da-odonto5.jpg?ssl=1\"><img data-recalc-dims=\"1\" loading=\"lazy\" decoding=\"async\" data-attachment-id=\"705\" data-permalink=\"https:\/\/wp.ufpel.edu.br\/odontologia\/a-faculdade-de-odontologia\/a-historia-da-faculdade\/foto-historia-da-odonto5\/#main\" data-orig-file=\"https:\/\/i0.wp.com\/wp.ufpel.edu.br\/odontologia\/files\/2017\/07\/foto-hist%C3%B3ria-da-odonto5.jpg?fit=2870%2C2165&amp;ssl=1\" data-orig-size=\"2870,2165\" data-comments-opened=\"0\" data-image-meta=\"{&quot;aperture&quot;:&quot;0&quot;,&quot;credit&quot;:&quot;&quot;,&quot;camera&quot;:&quot;&quot;,&quot;caption&quot;:&quot;&quot;,&quot;created_timestamp&quot;:&quot;0&quot;,&quot;copyright&quot;:&quot;&quot;,&quot;focal_length&quot;:&quot;0&quot;,&quot;iso&quot;:&quot;0&quot;,&quot;shutter_speed&quot;:&quot;0&quot;,&quot;title&quot;:&quot;&quot;,&quot;orientation&quot;:&quot;0&quot;}\" data-image-title=\"foto hist\u00f3ria da odonto5\" data-image-description=\"\" data-image-caption=\"\" data-medium-file=\"https:\/\/i0.wp.com\/wp.ufpel.edu.br\/odontologia\/files\/2017\/07\/foto-hist%C3%B3ria-da-odonto5.jpg?fit=400%2C302&amp;ssl=1\" data-large-file=\"https:\/\/i0.wp.com\/wp.ufpel.edu.br\/odontologia\/files\/2017\/07\/foto-hist%C3%B3ria-da-odonto5.jpg?fit=720%2C543&amp;ssl=1\" class=\"size-medium wp-image-705 alignright\" src=\"https:\/\/i0.wp.com\/wp.ufpel.edu.br\/odontologia\/files\/2017\/07\/foto-hist%C3%B3ria-da-odonto5.jpg?resize=400%2C302&#038;ssl=1\" alt=\"\" width=\"400\" height=\"302\" srcset=\"https:\/\/i0.wp.com\/wp.ufpel.edu.br\/odontologia\/files\/2017\/07\/foto-hist%C3%B3ria-da-odonto5.jpg?resize=400%2C302&amp;ssl=1 400w, https:\/\/i0.wp.com\/wp.ufpel.edu.br\/odontologia\/files\/2017\/07\/foto-hist%C3%B3ria-da-odonto5.jpg?resize=768%2C579&amp;ssl=1 768w, https:\/\/i0.wp.com\/wp.ufpel.edu.br\/odontologia\/files\/2017\/07\/foto-hist%C3%B3ria-da-odonto5.jpg?resize=1024%2C772&amp;ssl=1 1024w, https:\/\/i0.wp.com\/wp.ufpel.edu.br\/odontologia\/files\/2017\/07\/foto-hist%C3%B3ria-da-odonto5.jpg?w=1440&amp;ssl=1 1440w, https:\/\/i0.wp.com\/wp.ufpel.edu.br\/odontologia\/files\/2017\/07\/foto-hist%C3%B3ria-da-odonto5.jpg?w=2160&amp;ssl=1 2160w\" sizes=\"auto, (max-width: 400px) 100vw, 400px\" \/><\/a><\/span><\/p>\n<p style=\"margin: 0in;margin-bottom: .0001pt;text-align: justify;line-height: 150%\"><span lang=\"PT-BR\" style=\"font-size: 12pt;line-height: 150%;font-family: georgia, palatino, serif\">\u00a0 \u00a0 \u00a0 \u00a0 <span style=\"font-size: 12pt;font-family: georgia, palatino, serif\">Em 1950 foi dado inicio a constru\u00e7\u00e3o do atual pr\u00e9dio com entrada pela rua Gon\u00e7alves Chaves, pr\u00e9dio<\/span>\u00a0modular que poderia ser replicado com facilidade se necess\u00e1rio e isto foi feito em 1970 quando foram constru\u00eddos mais 2 m\u00f3dulos. A chamada \u201cparte nova\u201d foi feita a partir do elevador dos fundos e abrigava salas de aula e \u00e1rea administrativa.<\/span><\/p>\n<p style=\"margin: 0in;margin-bottom: .0001pt;text-align: justify;text-indent: 35.4pt;line-height: 150%\"><span lang=\"PT-BR\" style=\"font-size: 12pt;line-height: 150%;font-family: georgia, palatino, serif\">Assim continuamos at\u00e9 2007 quando o programa do Governo Federal REUNI- Programa de Reestrutura\u00e7\u00e3o e Expans\u00e3o das Universidades- injetou verba nas IFES e a Odonto inicio ent\u00e3o um momento de renova\u00e7\u00e3o de seu quadro docente e de reforma em sua \u00e1rea f\u00edsica.<\/span><\/p>\n<p style=\"margin: 0in;margin-bottom: .0001pt;text-align: justify;line-height: 150%\"><span lang=\"PT-BR\" style=\"font-size: 12pt;line-height: 150%;font-family: georgia, palatino, serif\">\u00a0<\/span><\/p>\n<p style=\"margin: 0in 0in 0.0001pt;line-height: 150%;text-align: justify\" align=\"right\"><strong><span lang=\"PT-BR\" style=\"font-size: 12pt;line-height: 150%;font-family: georgia, palatino, serif\">Profa. M\u00e1rcia Bueno Pinto<\/span><\/strong><\/p>\n","protected":false},"excerpt":{"rendered":"<p>A Faculdade de Odontologia de Pelotas A Faculdade de Odontologia da Universidade Federal de Pelotas foi fundada em 21 de setembro de 1911, pelos Senhores Manuel Serafim Gomes de Freitas, Francisco Jos\u00e9 Rodrigues de Ara\u00fajo \u2013 seu primeiro diretor-, \u00c1lvaro Eston, Pedro Luis Os\u00f3rio, Pedro Batista Gomes de Freitas, Ant\u00f4nio Guerreiro de Almeida e Silvestre [&hellip;]<\/p>\n","protected":false},"author":511,"featured_media":0,"parent":29,"menu_order":0,"comment_status":"closed","ping_status":"closed","template":"","meta":{"jetpack_post_was_ever_published":false,"footnotes":""},"class_list":["post-697","page","type-page","status-publish","hentry","post"],"jetpack_sharing_enabled":true,"jetpack_shortlink":"https:\/\/wp.me\/PaUn96-bf","jetpack-related-posts":[],"_links":{"self":[{"href":"https:\/\/wp.ufpel.edu.br\/odontologia\/wp-json\/wp\/v2\/pages\/697","targetHints":{"allow":["GET"]}}],"collection":[{"href":"https:\/\/wp.ufpel.edu.br\/odontologia\/wp-json\/wp\/v2\/pages"}],"about":[{"href":"https:\/\/wp.ufpel.edu.br\/odontologia\/wp-json\/wp\/v2\/types\/page"}],"author":[{"embeddable":true,"href":"https:\/\/wp.ufpel.edu.br\/odontologia\/wp-json\/wp\/v2\/users\/511"}],"replies":[{"embeddable":true,"href":"https:\/\/wp.ufpel.edu.br\/odontologia\/wp-json\/wp\/v2\/comments?post=697"}],"version-history":[{"count":6,"href":"https:\/\/wp.ufpel.edu.br\/odontologia\/wp-json\/wp\/v2\/pages\/697\/revisions"}],"predecessor-version":[{"id":810,"href":"https:\/\/wp.ufpel.edu.br\/odontologia\/wp-json\/wp\/v2\/pages\/697\/revisions\/810"}],"up":[{"embeddable":true,"href":"https:\/\/wp.ufpel.edu.br\/odontologia\/wp-json\/wp\/v2\/pages\/29"}],"wp:attachment":[{"href":"https:\/\/wp.ufpel.edu.br\/odontologia\/wp-json\/wp\/v2\/media?parent=697"}],"curies":[{"name":"wp","href":"https:\/\/api.w.org\/{rel}","templated":true}]}}