{"id":27,"date":"2015-04-07T10:31:22","date_gmt":"2015-04-07T13:31:22","guid":{"rendered":"https:\/\/wp.ufpel.edu.br\/odontologia\/?page_id=27"},"modified":"2026-08-28T15:43:40","modified_gmt":"2026-08-28T18:43:40","slug":"centro-academico","status":"publish","type":"page","link":"https:\/\/wp.ufpel.edu.br\/odontologia\/institucional\/centro-academico\/","title":{"rendered":"Centro Acad\u00eamico"},"content":{"rendered":"<div id=\"pl-27\"  class=\"panel-layout\" ><div id=\"pg-27-0\"  class=\"panel-grid panel-no-style\" ><div id=\"pgc-27-0-0\"  class=\"panel-grid-cell\" ><div id=\"panel-27-0-0-0\" class=\"so-panel widget widget_sow-editor panel-first-child\" data-index=\"0\" ><div\n\t\t\t\n\t\t\tclass=\"so-widget-sow-editor so-widget-sow-editor-base\"\n\t\t\t\n\t\t>\n<div class=\"siteorigin-widget-tinymce textwidget\">\n\t<p style=\"text-align: center;\"><span style=\"font-size: 18pt; color: #800000;\"><strong>Centro Acad\u00eamico<\/strong><\/span><\/p>\n<p style=\"text-align: justify;\"><span style=\"font-size: 14pt;\">O Centro Acad\u00eamico de Odontologia (CAO) \u00e9 um \u00f3rg\u00e3o de representa\u00e7\u00e3o acad\u00eamica criado em 1923 na Faculdade de Odontologia de Pelotas. O CAO se situa na sala 400, no quarto andar.<\/span><\/p>\n<p style=\"text-align: justify;\"><span style=\"font-size: 14pt;\">Atrav\u00e9s do CAO os acad\u00eamicos s\u00e3o representados nas reuni\u00f5es de departamentos, de colegiado de curso e do Conselho Departamental, al\u00e9m de reuni\u00f5es de movimento estudantil. Tamb\u00e9m promove a integra\u00e7\u00e3o entre os alunos da Faculdade de Odontologia e atende suas demandas. A sala 400 est\u00e1 aberta a todos os estudantes de segunda a sexta-feira das 8h as 18h.<\/span><\/p>\n<p>&nbsp;<\/p>\n<p><strong><span style=\"font-size: 18pt; color: #800000;\">Atual gest\u00e3o do CAO<\/span><\/strong><\/p>\n<div style=\"text-align: justify;\">O centro acad\u00eamico est\u00e1 em processo eleitoral. Ser\u00e3o anunciados os nomes da nova gest\u00e3o em breve<\/div>\n<\/div>\n<\/div><\/div><div id=\"panel-27-0-0-1\" class=\"so-panel widget widget_sow-editor panel-last-child\" data-index=\"1\" ><div\n\t\t\t\n\t\t\tclass=\"so-widget-sow-editor so-widget-sow-editor-base\"\n\t\t\t\n\t\t>\n<div class=\"siteorigin-widget-tinymce textwidget\">\n\t<div><\/div>\n<div><span style=\"font-size: 18pt; color: #800000;\"><strong>Representa\u00e7\u00e3o nas instancias departamentais:<\/strong><\/span><\/div>\n<div>\n<p dir=\"ltr\"><strong><span style=\"font-size: 14pt;\">Conselho Departamental<\/span><\/strong><\/p>\n<p dir=\"ltr\">O Centro acad\u00eamico encontra-se em processo eleitoral. Em breve ser\u00e3o informados os nomes dos representantes<\/p>\n<hr \/>\n<p dir=\"ltr\"><strong><span style=\"font-size: 14pt;\">Colegiado<\/span><\/strong><\/p>\n<p dir=\"ltr\">O Centro acad\u00eamico encontra-se em processo eleitoral. Em breve ser\u00e3o informados os nomes dos representantes<\/p>\n<hr \/>\n<p dir=\"ltr\"><strong><span style=\"font-size: 14pt;\">Departamento de Odontologia Restauradora (1\u00ba departamento)<\/span><\/strong><\/p>\n<p dir=\"ltr\">O Centro acad\u00eamico encontra-se em processo eleitoral. Em breve ser\u00e3o informados os nomes dos representantes<\/p>\n<hr \/>\n<p dir=\"ltr\"><strong><span style=\"font-size: 14pt;\">Departamento de Semiologia e Cl\u00ednica (2\u00ba departamento)<\/span><\/strong><\/p>\n<p dir=\"ltr\">O Centro acad\u00eamico encontra-se em processo eleitoral. Em breve ser\u00e3o informados os nomes dos representantes<\/p>\n<hr \/>\n<p dir=\"ltr\"><strong><span style=\"font-size: 14pt;\">Departamento de Cirurgia e Traumatologia (3\u00ba departamento)<\/span><\/strong><\/p>\n<p dir=\"ltr\">\n<hr \/>\n<p dir=\"ltr\"><strong><span style=\"font-size: 14pt;\">Departamento de Odontologia Social e Preventiva (4\u00ba departamento)<\/span><\/strong><\/p>\n<p dir=\"ltr\">\n<\/div>\n<\/div>\n<\/div><\/div><\/div><\/div><\/div>","protected":false},"excerpt":{"rendered":"<p>Centro Acad\u00eamico O Centro Acad\u00eamico de Odontologia (CAO) \u00e9 um \u00f3rg\u00e3o de representa\u00e7\u00e3o acad\u00eamica criado em 1923 na Faculdade de Odontologia de Pelotas. O CAO se situa na sala 400, no quarto andar. Atrav\u00e9s do CAO os acad\u00eamicos s\u00e3o representados nas reuni\u00f5es de departamentos, de colegiado de curso e do Conselho Departamental, al\u00e9m de reuni\u00f5es [&hellip;]<\/p>\n","protected":false},"author":511,"featured_media":0,"parent":5,"menu_order":4,"comment_status":"closed","ping_status":"closed","template":"","meta":{"footnotes":""},"class_list":["post-27","page","type-page","status-publish","hentry","post"],"jetpack_sharing_enabled":true,"jetpack_shortlink":"https:\/\/wp.me\/PaUn96-r","jetpack-related-posts":[],"_links":{"self":[{"href":"https:\/\/wp.ufpel.edu.br\/odontologia\/wp-json\/wp\/v2\/pages\/27","targetHints":{"allow":["GET"]}}],"collection":[{"href":"https:\/\/wp.ufpel.edu.br\/odontologia\/wp-json\/wp\/v2\/pages"}],"about":[{"href":"https:\/\/wp.ufpel.edu.br\/odontologia\/wp-json\/wp\/v2\/types\/page"}],"author":[{"embeddable":true,"href":"https:\/\/wp.ufpel.edu.br\/odontologia\/wp-json\/wp\/v2\/users\/511"}],"replies":[{"embeddable":true,"href":"https:\/\/wp.ufpel.edu.br\/odontologia\/wp-json\/wp\/v2\/comments?post=27"}],"version-history":[{"count":3,"href":"https:\/\/wp.ufpel.edu.br\/odontologia\/wp-json\/wp\/v2\/pages\/27\/revisions"}],"predecessor-version":[{"id":3739,"href":"https:\/\/wp.ufpel.edu.br\/odontologia\/wp-json\/wp\/v2\/pages\/27\/revisions\/3739"}],"up":[{"embeddable":true,"href":"https:\/\/wp.ufpel.edu.br\/odontologia\/wp-json\/wp\/v2\/pages\/5"}],"wp:attachment":[{"href":"https:\/\/wp.ufpel.edu.br\/odontologia\/wp-json\/wp\/v2\/media?parent=27"}],"curies":[{"name":"wp","href":"https:\/\/api.w.org\/{rel}","templated":true}]}}