{"id":25,"date":"2015-04-07T10:30:55","date_gmt":"2015-04-07T13:30:55","guid":{"rendered":"https:\/\/wp.ufpel.edu.br\/odontologia\/?page_id=25"},"modified":"2022-05-19T11:38:07","modified_gmt":"2022-05-19T14:38:07","slug":"docentes","status":"publish","type":"page","link":"https:\/\/wp.ufpel.edu.br\/odontologia\/institucional\/docentes\/","title":{"rendered":"Docentes"},"content":{"rendered":"<div id=\"pl-25\"  class=\"panel-layout\" ><div id=\"pg-25-0\"  class=\"panel-grid panel-no-style\" ><div id=\"pgc-25-0-0\"  class=\"panel-grid-cell\" ><div id=\"panel-25-0-0-0\" class=\"so-panel widget widget_sow-editor panel-first-child panel-last-child\" data-index=\"0\" ><div\n\t\t\t\n\t\t\tclass=\"so-widget-sow-editor so-widget-sow-editor-base\"\n\t\t\t\n\t\t>\n<div class=\"siteorigin-widget-tinymce textwidget\">\n\t<p style=\"text-align: center;\"><strong><span style=\"font-size: 18pt; color: #800000;\">DOCENTES DA FACULDADE DE ODONTOLOGIA<\/span><\/strong><\/p>\n<div class=\"dados-cobalto cobalto-lista-servidores\"><ul class=\"foto-pequena\"><li><div class=\"servidor-foto\"><a href=\"https:\/\/institucional.ufpel.edu.br\/servidores\/id\/29605\"><img decoding=\"async\" src=\"https:\/\/institucional.ufpel.edu.br\/cache\/imagens\/55f56d28-7a03-4dc3-afe6-f2d858cb094a\"><\/a><\/div><div class=\"servidor-info\"><a href=\"https:\/\/institucional.ufpel.edu.br\/servidores\/id\/29605\">ADRIANA ETGES<\/a><span class=\"cobalto-label\">Coordenadora de Curso de Gradua\u00e7\u00e3o Substituta<\/span><\/div><\/li><li><div class=\"servidor-foto\"><a href=\"https:\/\/institucional.ufpel.edu.br\/servidores\/id\/29234\"><\/a><\/div><div class=\"servidor-info\"><a href=\"https:\/\/institucional.ufpel.edu.br\/servidores\/id\/29234\">ADRIANA FERNANDES DA SILVA<\/a><\/div><\/li><li><div class=\"servidor-foto\"><a href=\"https:\/\/institucional.ufpel.edu.br\/servidores\/id\/21782\"><img decoding=\"async\" src=\"https:\/\/institucional.ufpel.edu.br\/cache\/imagens\/87bce7d9-6302-4ba5-8bb1-58889e2ef038\"><\/a><\/div><div class=\"servidor-info\"><a href=\"https:\/\/institucional.ufpel.edu.br\/servidores\/id\/21782\">ALEXANDRE EMIDIO RIBEIRO SILVA<\/a><span class=\"cobalto-label\">Coordenador de Curso de Gradua\u00e7\u00e3o<\/span><\/div><\/li><li><div class=\"servidor-foto\"><a href=\"https:\/\/institucional.ufpel.edu.br\/servidores\/id\/139850\"><\/a><\/div><div class=\"servidor-info\"><a href=\"https:\/\/institucional.ufpel.edu.br\/servidores\/id\/139850\">ANA CAROLINA UCHOA VASCONCELOS<\/a><\/div><\/li><li><div class=\"servidor-foto\"><a href=\"https:\/\/institucional.ufpel.edu.br\/servidores\/id\/4467\"><img decoding=\"async\" src=\"https:\/\/institucional.ufpel.edu.br\/cache\/imagens\/1e6d200f-a493-49e9-900d-8a4637aa23ad\"><\/a><\/div><div class=\"servidor-info\"><a href=\"https:\/\/institucional.ufpel.edu.br\/servidores\/id\/4467\">ANALICE DA CUNHA ROCHA<\/a><\/div><\/li><li><div class=\"servidor-foto\"><a href=\"https:\/\/institucional.ufpel.edu.br\/servidores\/id\/29963\"><img decoding=\"async\" src=\"https:\/\/institucional.ufpel.edu.br\/cache\/imagens\/e166037f-347c-43fe-a08f-5acfb5f6e869\"><\/a><\/div><div class=\"servidor-info\"><a href=\"https:\/\/institucional.ufpel.edu.br\/servidores\/id\/29963\">ANA PAULA NEUTZLING GOMES<\/a><\/div><\/li><li><div class=\"servidor-foto\"><a href=\"https:\/\/institucional.ufpel.edu.br\/servidores\/id\/26338\"><\/a><\/div><div class=\"servidor-info\"><a href=\"https:\/\/institucional.ufpel.edu.br\/servidores\/id\/26338\">ANA REGINA ROMANO<\/a><\/div><\/li><li><div class=\"servidor-foto\"><a href=\"https:\/\/institucional.ufpel.edu.br\/servidores\/id\/3743\"><img decoding=\"async\" src=\"https:\/\/institucional.ufpel.edu.br\/cache\/imagens\/2c2050e6-6b66-4050-831a-5f0c7f8132a0\"><\/a><\/div><div class=\"servidor-info\"><a href=\"https:\/\/institucional.ufpel.edu.br\/servidores\/id\/3743\">ANELISE FERNANDES MONTAGNER<\/a><\/div><\/li><li><div class=\"servidor-foto\"><a href=\"https:\/\/institucional.ufpel.edu.br\/servidores\/id\/17414\"><img decoding=\"async\" src=\"https:\/\/institucional.ufpel.edu.br\/cache\/imagens\/393c69f7-c5e7-4a73-9dc2-b20ba6597584\"><\/a><\/div><div class=\"servidor-info\"><a href=\"https:\/\/institucional.ufpel.edu.br\/servidores\/id\/17414\">ANNA PAULA DA ROSA POSSEBON<\/a><\/div><\/li><li><div class=\"servidor-foto\"><a href=\"https:\/\/institucional.ufpel.edu.br\/servidores\/id\/28483\"><\/a><\/div><div class=\"servidor-info\"><a href=\"https:\/\/institucional.ufpel.edu.br\/servidores\/id\/28483\">ANTONIO CESAR MANENTTI FOGACA<\/a><\/div><\/li><li><div class=\"servidor-foto\"><a href=\"https:\/\/institucional.ufpel.edu.br\/servidores\/id\/168379\"><img decoding=\"async\" src=\"https:\/\/institucional.ufpel.edu.br\/cache\/imagens\/21ee9730-7d52-4dbd-a372-cca700e59ecb\"><\/a><\/div><div class=\"servidor-info\"><a href=\"https:\/\/institucional.ufpel.edu.br\/servidores\/id\/168379\">BERNARDO DA FONSECA ORCINA<\/a><\/div><\/li><li><div class=\"servidor-foto\"><a href=\"https:\/\/institucional.ufpel.edu.br\/servidores\/id\/7644\"><img decoding=\"async\" src=\"https:\/\/institucional.ufpel.edu.br\/cache\/imagens\/b38b53b5-d45f-4ca8-bf92-b9764c81baff\"><\/a><\/div><div class=\"servidor-info\"><a href=\"https:\/\/institucional.ufpel.edu.br\/servidores\/id\/7644\">CAMILA LEAL SONEGO<\/a><\/div><\/li><li><div class=\"servidor-foto\"><a href=\"https:\/\/institucional.ufpel.edu.br\/servidores\/id\/10187\"><img decoding=\"async\" src=\"https:\/\/institucional.ufpel.edu.br\/cache\/imagens\/14c62faf-ab36-4084-9f11-e60a9a2cb9ce\"><\/a><\/div><div class=\"servidor-info\"><a href=\"https:\/\/institucional.ufpel.edu.br\/servidores\/id\/10187\">CAROLINA CLASEN VIEIRA<\/a><\/div><\/li><li><div class=\"servidor-foto\"><a href=\"https:\/\/institucional.ufpel.edu.br\/servidores\/id\/36424\"><img decoding=\"async\" src=\"https:\/\/institucional.ufpel.edu.br\/cache\/imagens\/24d0f2b8-d098-4b68-b636-fc72c9638d15\"><\/a><\/div><div class=\"servidor-info\"><a href=\"https:\/\/institucional.ufpel.edu.br\/servidores\/id\/36424\">CAROLINE DE OLIVEIRA LANGLOIS<\/a><\/div><\/li><li><div class=\"servidor-foto\"><a href=\"https:\/\/institucional.ufpel.edu.br\/servidores\/id\/36689\"><\/a><\/div><div class=\"servidor-info\"><a href=\"https:\/\/institucional.ufpel.edu.br\/servidores\/id\/36689\">CATIARA TERRA DA COSTA<\/a><span class=\"cobalto-label\">Chefe de departamento Substituto<\/span><\/div><\/li><li><div class=\"servidor-foto\"><a href=\"https:\/\/institucional.ufpel.edu.br\/servidores\/id\/139853\"><img decoding=\"async\" src=\"https:\/\/institucional.ufpel.edu.br\/cache\/imagens\/99ed7465-b323-4f40-9491-233adb295b10\"><\/a><\/div><div class=\"servidor-info\"><a href=\"https:\/\/institucional.ufpel.edu.br\/servidores\/id\/139853\">CESAR DALMOLIN BERGOLI<\/a><\/div><\/li><li><div class=\"servidor-foto\"><a href=\"https:\/\/institucional.ufpel.edu.br\/servidores\/id\/33705\"><\/a><\/div><div class=\"servidor-info\"><a href=\"https:\/\/institucional.ufpel.edu.br\/servidores\/id\/33705\">CRISTINA BRAGA XAVIER<\/a><span class=\"cobalto-label\">Chefe de Departamento<\/span><\/div><\/li><li><div class=\"servidor-foto\"><a href=\"https:\/\/institucional.ufpel.edu.br\/servidores\/id\/25165\"><\/a><\/div><div class=\"servidor-info\"><a href=\"https:\/\/institucional.ufpel.edu.br\/servidores\/id\/25165\">DOUVER MICHELON<\/a><\/div><\/li><li><div class=\"servidor-foto\"><a href=\"https:\/\/institucional.ufpel.edu.br\/servidores\/id\/31431\"><img decoding=\"async\" src=\"https:\/\/institucional.ufpel.edu.br\/cache\/imagens\/94fc0f3e-1418-4cd3-92ca-bbcc8479d84b\"><\/a><\/div><div class=\"servidor-info\"><a href=\"https:\/\/institucional.ufpel.edu.br\/servidores\/id\/31431\">EDUARDO DICKIE DE CASTILHOS<\/a><span class=\"cobalto-label\">Chefe de Departamento<\/span><\/div><\/li><li><div class=\"servidor-foto\"><a href=\"https:\/\/institucional.ufpel.edu.br\/servidores\/id\/21571\"><img decoding=\"async\" src=\"https:\/\/institucional.ufpel.edu.br\/cache\/imagens\/6603a354-8aa8-4773-8a1e-6a8747ced75e\"><\/a><\/div><div class=\"servidor-info\"><a href=\"https:\/\/institucional.ufpel.edu.br\/servidores\/id\/21571\">EDUARDO LUIZ BARBIN<\/a><\/div><\/li><li><div class=\"servidor-foto\"><a href=\"https:\/\/institucional.ufpel.edu.br\/servidores\/id\/34259\"><\/a><\/div><div class=\"servidor-info\"><a href=\"https:\/\/institucional.ufpel.edu.br\/servidores\/id\/34259\">EVANDRO PIVA<\/a><\/div><\/li><li><div class=\"servidor-foto\"><a href=\"https:\/\/institucional.ufpel.edu.br\/servidores\/id\/21778\"><\/a><\/div><div class=\"servidor-info\"><a href=\"https:\/\/institucional.ufpel.edu.br\/servidores\/id\/21778\">EZILMARA LEONOR ROLIM DE SOUSA<\/a><\/div><\/li><li><div class=\"servidor-foto\"><a href=\"https:\/\/institucional.ufpel.edu.br\/servidores\/id\/34815\"><img decoding=\"async\" src=\"https:\/\/institucional.ufpel.edu.br\/cache\/imagens\/248ab08c-7ef7-4101-b52b-52fb473ee2d6\"><\/a><\/div><div class=\"servidor-info\"><a href=\"https:\/\/institucional.ufpel.edu.br\/servidores\/id\/34815\">FABIO GARCIA LIMA<\/a><span class=\"cobalto-label\">Pr\u00f3-Reitor<\/span><\/div><\/li><li><div class=\"servidor-foto\"><a href=\"https:\/\/institucional.ufpel.edu.br\/servidores\/id\/33584\"><img decoding=\"async\" src=\"https:\/\/institucional.ufpel.edu.br\/cache\/imagens\/d5c001c8-ca30-41ce-9bcc-f483f29ade0b\"><\/a><\/div><div class=\"servidor-info\"><a href=\"https:\/\/institucional.ufpel.edu.br\/servidores\/id\/33584\">FERNANDA FAOT<\/a><\/div><\/li><li><div class=\"servidor-foto\"><a href=\"https:\/\/institucional.ufpel.edu.br\/servidores\/id\/34959\"><\/a><\/div><div class=\"servidor-info\"><a href=\"https:\/\/institucional.ufpel.edu.br\/servidores\/id\/34959\">FERNANDA GERALDO PAPPEN<\/a><span class=\"cobalto-label\">Chefe de Departamento<\/span><\/div><\/li><li><div class=\"servidor-foto\"><a href=\"https:\/\/institucional.ufpel.edu.br\/servidores\/id\/25185\"><img decoding=\"async\" src=\"https:\/\/institucional.ufpel.edu.br\/cache\/imagens\/dd48a61c-e6e9-40da-b2e5-7ae6b32a8a19\"><\/a><\/div><div class=\"servidor-info\"><a href=\"https:\/\/institucional.ufpel.edu.br\/servidores\/id\/25185\">FLAVIO FERNANDO DEMARCO<\/a><span class=\"cobalto-label\">Chefe de Departamento<\/span><\/div><\/li><li><div class=\"servidor-foto\"><a href=\"https:\/\/institucional.ufpel.edu.br\/servidores\/id\/33884\"><img decoding=\"async\" src=\"https:\/\/institucional.ufpel.edu.br\/cache\/imagens\/1e5895dc-6483-4330-b3ec-9d11f0f9895b\"><\/a><\/div><div class=\"servidor-info\"><a href=\"https:\/\/institucional.ufpel.edu.br\/servidores\/id\/33884\">FRANCINE CARDOZO MADRUGA<\/a><\/div><\/li><li><div class=\"servidor-foto\"><a href=\"https:\/\/institucional.ufpel.edu.br\/servidores\/id\/169952\"><img decoding=\"async\" src=\"https:\/\/institucional.ufpel.edu.br\/cache\/imagens\/6fa32ef3-51a1-465c-98ba-cd8327d16b5f\"><\/a><\/div><div class=\"servidor-info\"><a href=\"https:\/\/institucional.ufpel.edu.br\/servidores\/id\/169952\">FRANCISCO WILKER MUSTAFA GOMES MUNIZ<\/a><\/div><\/li><li><div class=\"servidor-foto\"><a href=\"https:\/\/institucional.ufpel.edu.br\/servidores\/id\/34670\"><img decoding=\"async\" src=\"https:\/\/institucional.ufpel.edu.br\/cache\/imagens\/118e9114-abef-4ccc-93c5-31e93d17f326\"><\/a><\/div><div class=\"servidor-info\"><a href=\"https:\/\/institucional.ufpel.edu.br\/servidores\/id\/34670\">FRANCOISE HELENE VAN DE SANDE LEITE<\/a><\/div><\/li><li><div class=\"servidor-foto\"><a href=\"https:\/\/institucional.ufpel.edu.br\/servidores\/id\/34425\"><img decoding=\"async\" src=\"https:\/\/institucional.ufpel.edu.br\/cache\/imagens\/a92d2b85-86eb-40e7-a7db-81054f412b6b\"><\/a><\/div><div class=\"servidor-info\"><a href=\"https:\/\/institucional.ufpel.edu.br\/servidores\/id\/34425\">GIANA DA SILVEIRA LIMA<\/a><\/div><\/li><li><div class=\"servidor-foto\"><a href=\"https:\/\/institucional.ufpel.edu.br\/servidores\/id\/28610\"><img decoding=\"async\" src=\"https:\/\/institucional.ufpel.edu.br\/cache\/imagens\/b2dc1d7a-00bc-42fd-b5e2-265ae574f7b0\"><\/a><\/div><div class=\"servidor-info\"><a href=\"https:\/\/institucional.ufpel.edu.br\/servidores\/id\/28610\">GUILHERME BRIAO CAMACHO<\/a><span class=\"cobalto-label\">Chefe de departamento Substituto<\/span><\/div><\/li><li><div class=\"servidor-foto\"><a href=\"https:\/\/institucional.ufpel.edu.br\/servidores\/id\/193306\"><img decoding=\"async\" src=\"https:\/\/institucional.ufpel.edu.br\/cache\/imagens\/1e42783d-7b9e-4820-9747-5b7279977763\"><\/a><\/div><div class=\"servidor-info\"><a href=\"https:\/\/institucional.ufpel.edu.br\/servidores\/id\/193306\">HELENA PEREIRA RODRIGUES DA SILVA<\/a><\/div><\/li><li><div class=\"servidor-foto\"><a href=\"https:\/\/institucional.ufpel.edu.br\/servidores\/id\/11271\"><img decoding=\"async\" src=\"https:\/\/institucional.ufpel.edu.br\/cache\/imagens\/5fc35afb-df19-40c4-a7c7-8270f8a646cb\"><\/a><\/div><div class=\"servidor-info\"><a href=\"https:\/\/institucional.ufpel.edu.br\/servidores\/id\/11271\">HENRIQUE TIMM VIEIRA<\/a><\/div><\/li><li><div class=\"servidor-foto\"><a href=\"https:\/\/institucional.ufpel.edu.br\/servidores\/id\/20862\"><img decoding=\"async\" src=\"https:\/\/institucional.ufpel.edu.br\/cache\/imagens\/25efcfeb-dc74-4f8b-be6c-9a25a8b288cb\"><\/a><\/div><div class=\"servidor-info\"><a href=\"https:\/\/institucional.ufpel.edu.br\/servidores\/id\/20862\">JOSUE MARTOS<\/a><\/div><\/li><li><div class=\"servidor-foto\"><a href=\"https:\/\/institucional.ufpel.edu.br\/servidores\/id\/21751\"><img decoding=\"async\" src=\"https:\/\/institucional.ufpel.edu.br\/cache\/imagens\/bd3e2428-34e2-45e3-8471-62584bf897ad\"><\/a><\/div><div class=\"servidor-info\"><a href=\"https:\/\/institucional.ufpel.edu.br\/servidores\/id\/21751\">JULIO CESAR EMBOAVA SPANO<\/a><\/div><\/li><li><div class=\"servidor-foto\"><a href=\"https:\/\/institucional.ufpel.edu.br\/servidores\/id\/2138\"><img decoding=\"async\" src=\"https:\/\/institucional.ufpel.edu.br\/cache\/imagens\/747a1be4-e19d-42d8-86df-9d3bf1e79b72\"><\/a><\/div><div class=\"servidor-info\"><a href=\"https:\/\/institucional.ufpel.edu.br\/servidores\/id\/2138\">KATERINE JAHNECKE PILOWNIC<\/a><span class=\"cobalto-label\">Chefe de departamento Substituto<\/span><\/div><\/li><li><div class=\"servidor-foto\"><a href=\"https:\/\/institucional.ufpel.edu.br\/servidores\/id\/12638\"><img decoding=\"async\" src=\"https:\/\/institucional.ufpel.edu.br\/cache\/imagens\/ea0ccc95-4add-4826-be92-02e9903b6aa8\"><\/a><\/div><div class=\"servidor-info\"><a href=\"https:\/\/institucional.ufpel.edu.br\/servidores\/id\/12638\">KAU\u00ca FARIAS COLLARES<\/a><\/div><\/li><li><div class=\"servidor-foto\"><a href=\"https:\/\/institucional.ufpel.edu.br\/servidores\/id\/34140\"><img decoding=\"async\" src=\"https:\/\/institucional.ufpel.edu.br\/cache\/imagens\/118ebb0b-0b5b-4af6-85b1-62777ef3b939\"><\/a><\/div><div class=\"servidor-info\"><a href=\"https:\/\/institucional.ufpel.edu.br\/servidores\/id\/34140\">LETICIA KIRST POST<\/a><span class=\"cobalto-label\">Chefe de departamento Substituto<\/span><\/div><\/li><li><div class=\"servidor-foto\"><a href=\"https:\/\/institucional.ufpel.edu.br\/servidores\/id\/34045\"><img decoding=\"async\" src=\"https:\/\/institucional.ufpel.edu.br\/cache\/imagens\/ec2a68fd-a6b0-4b50-9aa9-a22254a837fc\"><\/a><\/div><div class=\"servidor-info\"><a href=\"https:\/\/institucional.ufpel.edu.br\/servidores\/id\/34045\">LISANDREA ROCHA SCHARDOSIM<\/a><\/div><\/li><li><div class=\"servidor-foto\"><a href=\"https:\/\/institucional.ufpel.edu.br\/servidores\/id\/23619\"><img decoding=\"async\" src=\"https:\/\/institucional.ufpel.edu.br\/cache\/imagens\/ab63e702-9f37-475a-87cf-0adefb1dc4e1\"><\/a><\/div><div class=\"servidor-info\"><a href=\"https:\/\/institucional.ufpel.edu.br\/servidores\/id\/23619\">LUCIANA DE REZENDE PINTO<\/a><\/div><\/li><li><div class=\"servidor-foto\"><a href=\"https:\/\/institucional.ufpel.edu.br\/servidores\/id\/166136\"><\/a><\/div><div class=\"servidor-info\"><a href=\"https:\/\/institucional.ufpel.edu.br\/servidores\/id\/166136\">LUCIANE GEANINI PENA DOS SANTOS<\/a><\/div><\/li><li><div class=\"servidor-foto\"><a href=\"https:\/\/institucional.ufpel.edu.br\/servidores\/id\/27814\"><img decoding=\"async\" src=\"https:\/\/institucional.ufpel.edu.br\/cache\/imagens\/05eefe1d-0e43-459e-9443-67fd93649717\"><\/a><\/div><div class=\"servidor-info\"><a href=\"https:\/\/institucional.ufpel.edu.br\/servidores\/id\/27814\">LUIS EDUARDO RILLING DA NOVA CRUZ<\/a><\/div><\/li><li><div class=\"servidor-foto\"><a href=\"https:\/\/institucional.ufpel.edu.br\/servidores\/id\/30260\"><img decoding=\"async\" src=\"https:\/\/institucional.ufpel.edu.br\/cache\/imagens\/01b8c0da-d0a4-4544-9ad2-2c249eb10e5e\"><\/a><\/div><div class=\"servidor-info\"><a href=\"https:\/\/institucional.ufpel.edu.br\/servidores\/id\/30260\">LUIZ ALEXANDRE CHISINI<\/a><\/div><\/li><li><div class=\"servidor-foto\"><a href=\"https:\/\/institucional.ufpel.edu.br\/servidores\/id\/169971\"><\/a><\/div><div class=\"servidor-info\"><a href=\"https:\/\/institucional.ufpel.edu.br\/servidores\/id\/169971\">MAISA CASARIN<\/a><\/div><\/li><li><div class=\"servidor-foto\"><a href=\"https:\/\/institucional.ufpel.edu.br\/servidores\/id\/27309\"><img decoding=\"async\" src=\"https:\/\/institucional.ufpel.edu.br\/cache\/imagens\/8efa77eb-de13-4c43-9fc1-687eb50c6ea4\"><\/a><\/div><div class=\"servidor-info\"><a href=\"https:\/\/institucional.ufpel.edu.br\/servidores\/id\/27309\">MARCOS ANTONIO PACCE<\/a><\/div><\/li><li><div class=\"servidor-foto\"><a href=\"https:\/\/institucional.ufpel.edu.br\/servidores\/id\/38723\"><img decoding=\"async\" src=\"https:\/\/institucional.ufpel.edu.br\/cache\/imagens\/58fd7ba8-ab18-4760-85fa-572ace4a5c20\"><\/a><\/div><div class=\"servidor-info\"><a href=\"https:\/\/institucional.ufpel.edu.br\/servidores\/id\/38723\">MARCOS BRITTO CORREA<\/a><span class=\"cobalto-label\">Pr\u00f3-Reitor<\/span><\/div><\/li><li><div class=\"servidor-foto\"><a href=\"https:\/\/institucional.ufpel.edu.br\/servidores\/id\/2997\"><img decoding=\"async\" src=\"https:\/\/institucional.ufpel.edu.br\/cache\/imagens\/a56493c9-b4d3-41bc-a6a0-210e03a9da75\"><\/a><\/div><div class=\"servidor-info\"><a href=\"https:\/\/institucional.ufpel.edu.br\/servidores\/id\/2997\">MARIANA GONZALEZ CADEMARTORI<\/a><\/div><\/li><li><div class=\"servidor-foto\"><a href=\"https:\/\/institucional.ufpel.edu.br\/servidores\/id\/2125\"><img decoding=\"async\" src=\"https:\/\/institucional.ufpel.edu.br\/cache\/imagens\/76fe90bc-04e0-46df-83c7-cbf021250e59\"><\/a><\/div><div class=\"servidor-info\"><a href=\"https:\/\/institucional.ufpel.edu.br\/servidores\/id\/2125\">MARILIA LEAO GOETTEMS<\/a><span class=\"cobalto-label\">Coordenadora de Curso de P\u00f3s-Gradua\u00e7\u00e3o<\/span><\/div><\/li><li><div class=\"servidor-foto\"><a href=\"https:\/\/institucional.ufpel.edu.br\/servidores\/id\/136618\"><img decoding=\"async\" src=\"https:\/\/institucional.ufpel.edu.br\/cache\/imagens\/b0e8972e-024a-4fef-853c-5c0e7810eaa3\"><\/a><\/div><div class=\"servidor-info\"><a href=\"https:\/\/institucional.ufpel.edu.br\/servidores\/id\/136618\">MARINA DE BRITO TEIXEIRA<\/a><\/div><\/li><li><div class=\"servidor-foto\"><a href=\"https:\/\/institucional.ufpel.edu.br\/servidores\/id\/2616\"><img decoding=\"async\" src=\"https:\/\/institucional.ufpel.edu.br\/cache\/imagens\/3c5e2731-e60b-46a6-b333-9bf1da537586\"><\/a><\/div><div class=\"servidor-info\"><a href=\"https:\/\/institucional.ufpel.edu.br\/servidores\/id\/2616\">MARINA SOUSA AZEVEDO<\/a><\/div><\/li><li><div class=\"servidor-foto\"><a href=\"https:\/\/institucional.ufpel.edu.br\/servidores\/id\/27037\"><\/a><\/div><div class=\"servidor-info\"><a href=\"https:\/\/institucional.ufpel.edu.br\/servidores\/id\/27037\">MARIO SERGIO MEDEIROS PIRES<\/a><\/div><\/li><li><div class=\"servidor-foto\"><a href=\"https:\/\/institucional.ufpel.edu.br\/servidores\/id\/144318\"><img decoding=\"async\" src=\"https:\/\/institucional.ufpel.edu.br\/cache\/imagens\/791c8f1a-485f-459a-b44d-2b403c7ccd8c\"><\/a><\/div><div class=\"servidor-info\"><a href=\"https:\/\/institucional.ufpel.edu.br\/servidores\/id\/144318\">MATEUS BERTOLINI FERNANDES DOS SANTOS<\/a><\/div><\/li><li><div class=\"servidor-foto\"><a href=\"https:\/\/institucional.ufpel.edu.br\/servidores\/id\/34551\"><img decoding=\"async\" src=\"https:\/\/institucional.ufpel.edu.br\/cache\/imagens\/3a2b7fad-4fcd-4355-9228-cf934c71497f\"><\/a><\/div><div class=\"servidor-info\"><a href=\"https:\/\/institucional.ufpel.edu.br\/servidores\/id\/34551\">MELISSA FERES DAMIAN<\/a><\/div><\/li><li><div class=\"servidor-foto\"><a href=\"https:\/\/institucional.ufpel.edu.br\/servidores\/id\/145960\"><\/a><\/div><div class=\"servidor-info\"><a href=\"https:\/\/institucional.ufpel.edu.br\/servidores\/id\/145960\">NADIA DE SOUZA FERREIRA<\/a><\/div><\/li><li><div class=\"servidor-foto\"><a href=\"https:\/\/institucional.ufpel.edu.br\/servidores\/id\/144320\"><\/a><\/div><div class=\"servidor-info\"><a href=\"https:\/\/institucional.ufpel.edu.br\/servidores\/id\/144320\">NATALIA MARCUMINI POLA<\/a><span class=\"cobalto-label\">Vice-Diretora<\/span><\/div><\/li><li><div class=\"servidor-foto\"><a href=\"https:\/\/institucional.ufpel.edu.br\/servidores\/id\/103234\"><img decoding=\"async\" src=\"https:\/\/institucional.ufpel.edu.br\/cache\/imagens\/c0b9e4a4-fe69-4ff1-988a-831a51f53cc0\"><\/a><\/div><div class=\"servidor-info\"><a href=\"https:\/\/institucional.ufpel.edu.br\/servidores\/id\/103234\">NATHALIA RIBEIRO JORGE DA SILVA GARCIA<\/a><\/div><\/li><li><div class=\"servidor-foto\"><a href=\"https:\/\/institucional.ufpel.edu.br\/servidores\/id\/30255\"><\/a><\/div><div class=\"servidor-info\"><a href=\"https:\/\/institucional.ufpel.edu.br\/servidores\/id\/30255\">NOELI BOSCATO<\/a><span class=\"cobalto-label\">Coordenadora Adjunta<\/span><\/div><\/li><li><div class=\"servidor-foto\"><a href=\"https:\/\/institucional.ufpel.edu.br\/servidores\/id\/26942\"><img decoding=\"async\" src=\"https:\/\/institucional.ufpel.edu.br\/cache\/imagens\/8cc4e10c-16ef-4842-9cad-6f5852dfaade\"><\/a><\/div><div class=\"servidor-info\"><a href=\"https:\/\/institucional.ufpel.edu.br\/servidores\/id\/26942\">OTACILIO LUIZ CHAGAS JUNIOR<\/a><\/div><\/li><li><div class=\"servidor-foto\"><a href=\"https:\/\/institucional.ufpel.edu.br\/servidores\/id\/169930\"><img decoding=\"async\" src=\"https:\/\/institucional.ufpel.edu.br\/cache\/imagens\/f5a5dfda-f522-4e46-807d-e2e7df11291d\"><\/a><\/div><div class=\"servidor-info\"><a href=\"https:\/\/institucional.ufpel.edu.br\/servidores\/id\/169930\">OTAVIO PEREIRA D AVILA<\/a><span class=\"cobalto-label\">Diretor<\/span><\/div><\/li><li><div class=\"servidor-foto\"><a href=\"https:\/\/institucional.ufpel.edu.br\/servidores\/id\/3861\"><img decoding=\"async\" src=\"https:\/\/institucional.ufpel.edu.br\/cache\/imagens\/2ff8e94e-c751-40b8-8c5b-4c551dbba3ac\"><\/a><\/div><div class=\"servidor-info\"><a href=\"https:\/\/institucional.ufpel.edu.br\/servidores\/id\/3861\">PEDRO HENRIQUE DE AZAMBUJA CARVALHO<\/a><\/div><\/li><li><div class=\"servidor-foto\"><a href=\"https:\/\/institucional.ufpel.edu.br\/servidores\/id\/35608\"><img decoding=\"async\" src=\"https:\/\/institucional.ufpel.edu.br\/cache\/imagens\/d8adba79-e6f6-4876-9929-38cd724fc211\"><\/a><\/div><div class=\"servidor-info\"><a href=\"https:\/\/institucional.ufpel.edu.br\/servidores\/id\/35608\">RAFAEL GUERRA LUND<\/a><\/div><\/li><li><div class=\"servidor-foto\"><a href=\"https:\/\/institucional.ufpel.edu.br\/servidores\/id\/644\"><img decoding=\"async\" src=\"https:\/\/institucional.ufpel.edu.br\/cache\/imagens\/b54906a1-9585-4550-89db-1638be768c7a\"><\/a><\/div><div class=\"servidor-info\"><a href=\"https:\/\/institucional.ufpel.edu.br\/servidores\/id\/644\">RAFAEL RATTO DE MORAES<\/a><\/div><\/li><li><div class=\"servidor-foto\"><a href=\"https:\/\/institucional.ufpel.edu.br\/servidores\/id\/22087\"><img decoding=\"async\" src=\"https:\/\/institucional.ufpel.edu.br\/cache\/imagens\/c77e7776-24cc-492a-8ef1-8f654ff2f058\"><\/a><\/div><div class=\"servidor-info\"><a href=\"https:\/\/institucional.ufpel.edu.br\/servidores\/id\/22087\">RENATO FABRICIO DE ANDRADE WALDEMARIN<\/a><\/div><\/li><li><div class=\"servidor-foto\"><a href=\"https:\/\/institucional.ufpel.edu.br\/servidores\/id\/30693\"><img decoding=\"async\" src=\"https:\/\/institucional.ufpel.edu.br\/cache\/imagens\/0fee6ab6-4f19-401b-b985-f1328f21c86e\"><\/a><\/div><div class=\"servidor-info\"><a href=\"https:\/\/institucional.ufpel.edu.br\/servidores\/id\/30693\">SANDRA BEATRIZ CHAVES TARQUINIO<\/a><\/div><\/li><li><div class=\"servidor-foto\"><a href=\"https:\/\/institucional.ufpel.edu.br\/servidores\/id\/136738\"><img decoding=\"async\" src=\"https:\/\/institucional.ufpel.edu.br\/cache\/imagens\/a53adc0c-a976-4be0-b2f6-1b929b0d1752\"><\/a><\/div><div class=\"servidor-info\"><a href=\"https:\/\/institucional.ufpel.edu.br\/servidores\/id\/136738\">TACIANE MENEZES DA SILVEIRA<\/a><\/div><\/li><li><div class=\"servidor-foto\"><a href=\"https:\/\/institucional.ufpel.edu.br\/servidores\/id\/31463\"><\/a><\/div><div class=\"servidor-info\"><a href=\"https:\/\/institucional.ufpel.edu.br\/servidores\/id\/31463\">TAIANE COUTINHO DE OLIVEIRA<\/a><\/div><\/li><li><div class=\"servidor-foto\"><a href=\"https:\/\/institucional.ufpel.edu.br\/servidores\/id\/22587\"><img decoding=\"async\" src=\"https:\/\/institucional.ufpel.edu.br\/cache\/imagens\/0bb4f770-d8cd-406b-adeb-2d733c4b7e11\"><\/a><\/div><div class=\"servidor-info\"><a href=\"https:\/\/institucional.ufpel.edu.br\/servidores\/id\/22587\">THIAGO MARCHI MARTINS<\/a><\/div><\/li><li><div class=\"servidor-foto\"><a href=\"https:\/\/institucional.ufpel.edu.br\/servidores\/id\/37353\"><img decoding=\"async\" src=\"https:\/\/institucional.ufpel.edu.br\/cache\/imagens\/$2b$10$1FI__ePAPguYP8VSfDpp__K__8AoyeYI6mEC1DGF9g2hbXPsN1UfZ_kO\"><\/a><\/div><div class=\"servidor-info\"><a href=\"https:\/\/institucional.ufpel.edu.br\/servidores\/id\/37353\">VANESSA POLINA PEREIRA DA COSTA<\/a><\/div><\/li><li><div class=\"servidor-foto\"><a href=\"https:\/\/institucional.ufpel.edu.br\/servidores\/id\/20549\"><\/a><\/div><div class=\"servidor-info\"><a href=\"https:\/\/institucional.ufpel.edu.br\/servidores\/id\/20549\">WELLINGTON LUIZ DE OLIVEIRA DA ROSA<\/a><\/div><\/li><\/ul><\/div>\n<\/div>\n<\/div><\/div><\/div><\/div><\/div>","protected":false},"excerpt":{"rendered":"<p>DOCENTES DA FACULDADE DE ODONTOLOGIA<\/p>\n","protected":false},"author":511,"featured_media":0,"parent":5,"menu_order":4,"comment_status":"closed","ping_status":"closed","template":"","meta":{"jetpack_post_was_ever_published":false,"footnotes":""},"class_list":["post-25","page","type-page","status-publish","hentry","post"],"jetpack_sharing_enabled":true,"jetpack_shortlink":"https:\/\/wp.me\/PaUn96-p","jetpack-related-posts":[],"_links":{"self":[{"href":"https:\/\/wp.ufpel.edu.br\/odontologia\/wp-json\/wp\/v2\/pages\/25","targetHints":{"allow":["GET"]}}],"collection":[{"href":"https:\/\/wp.ufpel.edu.br\/odontologia\/wp-json\/wp\/v2\/pages"}],"about":[{"href":"https:\/\/wp.ufpel.edu.br\/odontologia\/wp-json\/wp\/v2\/types\/page"}],"author":[{"embeddable":true,"href":"https:\/\/wp.ufpel.edu.br\/odontologia\/wp-json\/wp\/v2\/users\/511"}],"replies":[{"embeddable":true,"href":"https:\/\/wp.ufpel.edu.br\/odontologia\/wp-json\/wp\/v2\/comments?post=25"}],"version-history":[{"count":11,"href":"https:\/\/wp.ufpel.edu.br\/odontologia\/wp-json\/wp\/v2\/pages\/25\/revisions"}],"predecessor-version":[{"id":1997,"href":"https:\/\/wp.ufpel.edu.br\/odontologia\/wp-json\/wp\/v2\/pages\/25\/revisions\/1997"}],"up":[{"embeddable":true,"href":"https:\/\/wp.ufpel.edu.br\/odontologia\/wp-json\/wp\/v2\/pages\/5"}],"wp:attachment":[{"href":"https:\/\/wp.ufpel.edu.br\/odontologia\/wp-json\/wp\/v2\/media?parent=25"}],"curies":[{"name":"wp","href":"https:\/\/api.w.org\/{rel}","templated":true}]}}