{"id":2403,"date":"2022-08-17T10:13:16","date_gmt":"2022-08-17T13:13:16","guid":{"rendered":"https:\/\/wp.ufpel.edu.br\/odontologia\/?page_id=2403"},"modified":"2024-04-22T15:31:37","modified_gmt":"2024-04-22T18:31:37","slug":"transparencia-fo","status":"publish","type":"page","link":"https:\/\/wp.ufpel.edu.br\/odontologia\/a-faculdade-de-odontologia\/transparencia-fo\/","title":{"rendered":"Transpar\u00eancia FO"},"content":{"rendered":"<div id=\"pl-2403\"  class=\"panel-layout\" ><div id=\"pg-2403-0\"  class=\"panel-grid panel-no-style\" ><div id=\"pgc-2403-0-0\"  class=\"panel-grid-cell\" ><div id=\"panel-2403-0-0-0\" class=\"so-panel widget widget_sow-editor panel-first-child\" data-index=\"0\" ><div\n\t\t\t\n\t\t\tclass=\"so-widget-sow-editor so-widget-sow-editor-base\"\n\t\t\t\n\t\t>\n<div class=\"siteorigin-widget-tinymce textwidget\">\n\t<p style=\"text-align: center;\"><span style=\"font-size: 24pt;\"><strong><span style=\"color: #800000;\">Transpar\u00eancia FO<\/span><\/strong><\/span><\/p>\n<p>&nbsp;<\/p>\n<\/div>\n<\/div><\/div><div id=\"panel-2403-0-0-1\" class=\"so-panel widget widget_sow-editor\" data-index=\"1\" ><div\n\t\t\t\n\t\t\tclass=\"so-widget-sow-editor so-widget-sow-editor-base\"\n\t\t\t\n\t\t>\n<div class=\"siteorigin-widget-tinymce textwidget\">\n\t<p style=\"text-align: left;\"><span style=\"font-size: 18pt;\"><strong><span style=\"color: #800000;\">Proje\u00e7\u00e3o de CH docente durante o fim do represamento e transi\u00e7\u00e3o para o novo curr\u00edculo<\/span><\/strong><\/span><\/p>\n<p>&nbsp;<\/p>\n<p><a href=\"https:\/\/i0.wp.com\/wp.ufpel.edu.br\/odontologia\/files\/2023\/03\/Picture_4.jpg?ssl=1\"><img data-attachment-id=\"2698\" data-permalink=\"https:\/\/wp.ufpel.edu.br\/odontologia\/a-faculdade-de-odontologia\/transparencia-fo\/picture_4\/#main\" data-orig-file=\"https:\/\/i0.wp.com\/wp.ufpel.edu.br\/odontologia\/files\/2023\/03\/Picture_4.jpg?fit=1522%2C440&amp;ssl=1\" data-orig-size=\"1522,440\" data-comments-opened=\"0\" data-image-meta=\"{&quot;aperture&quot;:&quot;0&quot;,&quot;credit&quot;:&quot;&quot;,&quot;camera&quot;:&quot;&quot;,&quot;caption&quot;:&quot;&quot;,&quot;created_timestamp&quot;:&quot;0&quot;,&quot;copyright&quot;:&quot;&quot;,&quot;focal_length&quot;:&quot;0&quot;,&quot;iso&quot;:&quot;0&quot;,&quot;shutter_speed&quot;:&quot;0&quot;,&quot;title&quot;:&quot;&quot;,&quot;orientation&quot;:&quot;0&quot;}\" data-image-title=\"Picture_4\" data-image-description=\"\" data-image-caption=\"\" data-medium-file=\"https:\/\/i0.wp.com\/wp.ufpel.edu.br\/odontologia\/files\/2023\/03\/Picture_4.jpg?fit=400%2C116&amp;ssl=1\" data-large-file=\"https:\/\/i0.wp.com\/wp.ufpel.edu.br\/odontologia\/files\/2023\/03\/Picture_4.jpg?fit=720%2C208&amp;ssl=1\" data-recalc-dims=\"1\" loading=\"lazy\" decoding=\"async\" class=\"aligncenter wp-image-2698 size-full\" src=\"https:\/\/i0.wp.com\/wp.ufpel.edu.br\/odontologia\/files\/2023\/03\/Picture_4.jpg?resize=720%2C208&#038;ssl=1\" alt=\"\" width=\"720\" height=\"208\" srcset=\"https:\/\/i0.wp.com\/wp.ufpel.edu.br\/odontologia\/files\/2023\/03\/Picture_4.jpg?w=1522&amp;ssl=1 1522w, https:\/\/i0.wp.com\/wp.ufpel.edu.br\/odontologia\/files\/2023\/03\/Picture_4.jpg?resize=400%2C116&amp;ssl=1 400w, https:\/\/i0.wp.com\/wp.ufpel.edu.br\/odontologia\/files\/2023\/03\/Picture_4.jpg?resize=1024%2C296&amp;ssl=1 1024w, https:\/\/i0.wp.com\/wp.ufpel.edu.br\/odontologia\/files\/2023\/03\/Picture_4.jpg?resize=768%2C222&amp;ssl=1 768w, https:\/\/i0.wp.com\/wp.ufpel.edu.br\/odontologia\/files\/2023\/03\/Picture_4.jpg?w=1440&amp;ssl=1 1440w\" sizes=\"auto, (max-width: 720px) 100vw, 720px\" \/><\/a><\/p>\n<p><strong><span style=\"font-size: 14pt; font-family: georgia, palatino, serif;\"><span style=\"color: #000000;\">Estudos c<span style=\"font-size: 14pt;\">ompletos dispon\u00edve\u00eds aqui:<\/span><\/span><\/span><\/strong><\/p>\n<p><span style=\"font-size: 14pt; font-family: georgia, palatino, serif;\"><a href=\"https:\/\/wp.ufpel.edu.br\/odontologia\/files\/2022\/08\/PLANILHA-alocacao-de-vagas-docentes-29-08-2022.xlsx\">PPC antigo<\/a><\/span><\/p>\n<p><span style=\"font-size: 14pt;\"><a href=\"https:\/\/wp.ufpel.edu.br\/odontologia\/files\/2023\/03\/CH_Transicao_2026-2.xlsx\">Sem. 2026-2<\/a><\/span><\/p>\n<p><span style=\"font-size: 14pt;\"><a href=\"https:\/\/wp.ufpel.edu.br\/odontologia\/files\/2023\/03\/CH_Transicao_2027-1.xlsx\">Sem. 2027-1<\/a><\/span><\/p>\n<p><span style=\"font-size: 14pt;\"> <a href=\"https:\/\/wp.ufpel.edu.br\/odontologia\/files\/2023\/03\/CH_Transicao_2027-2.xlsx\"><span style=\"font-size: 14pt;\">Sem. 2027-2<\/span><\/a><\/span><\/p>\n<p><span style=\"font-size: 14pt;\"><a href=\"https:\/\/wp.ufpel.edu.br\/odontologia\/files\/2023\/03\/CH_Transicao_2028-1.xlsx\">Sem. 2028-1<\/a><\/span><\/p>\n<p><span style=\"font-size: 14pt;\"> <a href=\"https:\/\/wp.ufpel.edu.br\/odontologia\/files\/2023\/03\/MATRIZ-DE-VAGAS-PPC_NOVO.xlsx\">PPC novo<\/a><\/span><\/p>\n<p>&nbsp;<\/p>\n<p>&nbsp;<\/p>\n<p>&nbsp;<\/p>\n<hr \/>\n<p>&nbsp;<\/p>\n<\/div>\n<\/div><\/div><div id=\"panel-2403-0-0-2\" class=\"so-panel widget widget_sow-editor panel-last-child\" data-index=\"2\" ><div\n\t\t\t\n\t\t\tclass=\"so-widget-sow-editor so-widget-sow-editor-base\"\n\t\t\t\n\t\t>\n<div class=\"siteorigin-widget-tinymce textwidget\">\n\t<p><span style=\"font-size: 18pt; color: #800000;\"><strong>Re<span style=\"font-family: georgia, palatino, serif;\">lat\u00f3rios financeiros<\/span><\/strong><\/span><\/p>\n<p><span style=\"font-family: georgia, palatino, serif;\"><span style=\"font-size: 14pt; color: #800000;\"><strong>2022 - <\/strong><\/span><a href=\"https:\/\/wp.ufpel.edu.br\/odontologia\/files\/2022\/08\/Relatorio-orcamentario.pdf\"><span style=\"font-size: 14pt;\">Relat\u00f3rio or\u00e7ament\u00e1rio 2022 - 1o Semestre<\/span><\/a><\/span><\/p>\n<p><span style=\"font-size: 14pt; color: #800000; font-family: georgia, palatino, serif;\"><strong>2022 -<\/strong> <a href=\"https:\/\/wp.ufpel.edu.br\/odontologia\/files\/2024\/03\/Relatorio-orcamentario-2022-2o-Semestre.docx\">Relat\u00f3rio or\u00e7ament\u00e1rio 2022 - 2o Semestre<\/a><\/span><\/p>\n<p><span style=\"font-family: georgia, palatino, serif;\"><span style=\"color: #800000;\"><strong><span style=\"font-size: 14pt;\">2023 - <\/span><\/strong><\/span><a href=\"https:\/\/wp.ufpel.edu.br\/odontologia\/files\/2024\/04\/Relatorio-financeiro_FO2023-1.pdf\"><span style=\"font-size: 14pt;\">Relat\u00f3rio or\u00e7ament\u00e1rio 2023<\/span><\/a><\/span><\/p>\n<p>&nbsp;<\/p>\n<\/div>\n<\/div><\/div><\/div><\/div><\/div>","protected":false},"excerpt":{"rendered":"<p>Transpar\u00eancia FO &nbsp; Proje\u00e7\u00e3o de CH docente durante o fim do represamento e transi\u00e7\u00e3o para o novo curr\u00edculo &nbsp; Estudos completos dispon\u00edve\u00eds aqui: PPC antigo Sem. 2026-2 Sem. 2027-1 Sem. 2027-2 Sem. 2028-1 PPC novo &nbsp; &nbsp; &nbsp; &nbsp; Relat\u00f3rios financeiros 2022 &#8211; Relat\u00f3rio or\u00e7ament\u00e1rio 2022 &#8211; 1o Semestre 2022 &#8211; Relat\u00f3rio or\u00e7ament\u00e1rio 2022 &#8211; [&hellip;]<\/p>\n","protected":false},"author":511,"featured_media":0,"parent":29,"menu_order":0,"comment_status":"closed","ping_status":"closed","template":"","meta":{"jetpack_post_was_ever_published":false,"footnotes":""},"class_list":["post-2403","page","type-page","status-publish","hentry","post"],"jetpack_sharing_enabled":true,"jetpack_shortlink":"https:\/\/wp.me\/PaUn96-CL","jetpack-related-posts":[],"_links":{"self":[{"href":"https:\/\/wp.ufpel.edu.br\/odontologia\/wp-json\/wp\/v2\/pages\/2403","targetHints":{"allow":["GET"]}}],"collection":[{"href":"https:\/\/wp.ufpel.edu.br\/odontologia\/wp-json\/wp\/v2\/pages"}],"about":[{"href":"https:\/\/wp.ufpel.edu.br\/odontologia\/wp-json\/wp\/v2\/types\/page"}],"author":[{"embeddable":true,"href":"https:\/\/wp.ufpel.edu.br\/odontologia\/wp-json\/wp\/v2\/users\/511"}],"replies":[{"embeddable":true,"href":"https:\/\/wp.ufpel.edu.br\/odontologia\/wp-json\/wp\/v2\/comments?post=2403"}],"version-history":[{"count":26,"href":"https:\/\/wp.ufpel.edu.br\/odontologia\/wp-json\/wp\/v2\/pages\/2403\/revisions"}],"predecessor-version":[{"id":3077,"href":"https:\/\/wp.ufpel.edu.br\/odontologia\/wp-json\/wp\/v2\/pages\/2403\/revisions\/3077"}],"up":[{"embeddable":true,"href":"https:\/\/wp.ufpel.edu.br\/odontologia\/wp-json\/wp\/v2\/pages\/29"}],"wp:attachment":[{"href":"https:\/\/wp.ufpel.edu.br\/odontologia\/wp-json\/wp\/v2\/media?parent=2403"}],"curies":[{"name":"wp","href":"https:\/\/api.w.org\/{rel}","templated":true}]}}