{"id":23,"date":"2015-04-07T10:30:03","date_gmt":"2015-04-07T13:30:03","guid":{"rendered":"https:\/\/wp.ufpel.edu.br\/odontologia\/?page_id=23"},"modified":"2025-04-11T08:24:08","modified_gmt":"2025-04-11T11:24:08","slug":"colegiado-de-curso","status":"publish","type":"page","link":"https:\/\/wp.ufpel.edu.br\/odontologia\/a-faculdade-de-odontologia\/colegiado-de-curso\/","title":{"rendered":"Colegiado de Curso"},"content":{"rendered":"<div id=\"pl-23\"  class=\"panel-layout\" ><div id=\"pg-23-0\"  class=\"panel-grid panel-no-style\" ><div id=\"pgc-23-0-0\"  class=\"panel-grid-cell\" ><div id=\"panel-23-0-0-0\" class=\"so-panel widget widget_sow-editor panel-first-child\" data-index=\"0\" ><div\n\t\t\t\n\t\t\tclass=\"so-widget-sow-editor so-widget-sow-editor-base\"\n\t\t\t\n\t\t>\n<div class=\"siteorigin-widget-tinymce textwidget\">\n\t<p>&nbsp;<\/p>\n<p style=\"text-align: center;\"><strong><span style=\"color: #800000; font-family: georgia, palatino, serif; font-size: 18pt;\">COLEGIADO DE CURSO<\/span><\/strong><\/p>\n<p><span style=\"color: #000000; font-size: 14pt;\">O Colegiado de Curso, em conson\u00e2ncia com os objetivos da UFPel tem no campo de sua compet\u00eancia, as seguintes finalidades:<\/span><\/p>\n<ol>\n<li><span style=\"color: #000000; font-size: 14pt;\">Decidir sobre as atividades did\u00e1tico-pedag\u00f3gicas do Curso de Odontologia;<\/span><\/li>\n<li><span style=\"color: #000000; font-size: 14pt;\">Ministrar, desenvolver e aperfei\u00e7oar o ensino nas \u00e1reas odontol\u00f3gicas e correlatas;<\/span><\/li>\n<li><span style=\"color: #000000; font-size: 14pt;\">Modificar planos de ensino, desde que respeitando as diretrizes curriculares pr\u00e9-estabelecidas pelo MEC;<\/span><\/li>\n<li><span style=\"color: #000000; font-size: 14pt;\">Planejar, organizar, coordenar, superintender e fiscalizar o seu desenvolvimento, atuando em a\u00e7\u00e3o integrada com os Departamentos;<\/span><\/li>\n<li><span style=\"color: #000000; font-size: 14pt;\">Promover e estimular pesquisas;<\/span><\/li>\n<li><span style=\"color: #000000; font-size: 14pt;\">Promover e estimular a divulga\u00e7\u00e3o do conhecimento t\u00e9cnico e cient\u00edfico;<\/span><\/li>\n<li><span style=\"color: #000000; font-size: 14pt;\">Promover outras atividades acad\u00eamicas e culturais em harmonia com os fins da Universidade;<\/span><\/li>\n<li><span style=\"color: #000000; font-size: 14pt;\">Fiscalizar a atividade discente e docente, nos termos do C\u00f3digo de Conduta da UFPel, elaborando e encaminhando eventuais processos ao Conselho Departamental para advert\u00eancia verbal, por escrito ou suspens\u00e3o do indiv\u00edduo, conforme o caso;<\/span><\/li>\n<li><span style=\"color: #000000; font-size: 14pt;\">Em casos omissos acerca de reprova\u00e7\u00f5es ou desenvolvimento psico-moto de discentes, qualquer que seja o semestre, o Colegiado ser\u00e1 respons\u00e1vel pela decis\u00e3o final de reprova\u00e7\u00e3o ou aprova\u00e7\u00e3o, podendo ou n\u00e3o ser necess\u00e1ria a indica\u00e7\u00e3o de banca para auxiliar neste processo.<\/span><\/li>\n<\/ol>\n<\/div>\n<\/div><\/div><div id=\"panel-23-0-0-1\" class=\"so-panel widget widget_sow-editor\" data-index=\"1\" ><div\n\t\t\t\n\t\t\tclass=\"so-widget-sow-editor so-widget-sow-editor-base\"\n\t\t\t\n\t\t>\n<div class=\"siteorigin-widget-tinymce textwidget\">\n\t<p>&nbsp;<\/p>\n<p style=\"text-align: center;\"><span style=\"color: #800000; font-family: georgia, palatino, serif; font-size: 18pt;\"><strong>COORDENA\u00c7\u00c3O DO COLEGIADO DE CURSO<\/strong><\/span><\/p>\n<ul class=\"dados-cobalto cobalto-chefias-unidade\"><li><span class=\"cobalto-label\">Coordenador de Curso de Gradua\u00e7\u00e3o<\/span><a href=\"https:\/\/institucional.ufpel.edu.br\/servidores\/id\/21782\">ALEXANDRE EMIDIO RIBEIRO SILVA<\/a><\/li><li><span class=\"cobalto-label\">Coordenadora de Curso de Gradua\u00e7\u00e3o Substituta<\/span><a href=\"https:\/\/institucional.ufpel.edu.br\/servidores\/id\/29605\">ADRIANA ETGES<\/a><\/li><\/ul><p class=\"dados-cobalto cobalto-endereco-unidade\"><span class=\"cobalto-label\">Endere\u00e7o<\/span>Rua Gon\u00e7alves Chaves, 457<br>Centro<br>96015-560 - Pelotas, RS<\/p>\n<p>&nbsp;<\/p>\n<hr \/>\n<p><span style=\"color: #000000;\"><strong>Hor\u00e1rio de funcionamento: 08 \u00e0s 12h\u00a0 presencialmente, de segunda a sexta<\/strong><\/span><\/p>\n<p><strong><span style=\"background-color: #ffffff; color: #000000;\">e a tarde apenas remoto atrav\u00e9s do <\/span><\/strong><span style=\"color: #000000;\"><strong>e-mail:<\/strong>\u00a0<span style=\"color: #0000ff;\"><a style=\"color: #0000ff;\" href=\"mailto:colegiado.fop@gmail.com\">colegiado.fop@gmail.com<\/a><\/span><\/span><\/p>\n<p><span style=\"color: #000000;\"><strong>Secret\u00e1rio: <\/strong>Daniel Jesus Loth Cardoso Pereira<\/span><\/p>\n<p>&nbsp;<\/p>\n<\/div>\n<\/div><\/div><div id=\"panel-23-0-0-2\" class=\"so-panel widget widget_sow-editor\" data-index=\"2\" ><div\n\t\t\t\n\t\t\tclass=\"so-widget-sow-editor so-widget-sow-editor-base\"\n\t\t\t\n\t\t>\n<div class=\"siteorigin-widget-tinymce textwidget\">\n\t<p>&nbsp;<\/p>\n<p style=\"text-align: center;\"><a href=\"https:\/\/wp.ufpel.edu.br\/odontologia\/a-faculdade-de-odontologia\/direcao\/\"><span style=\"color: #800000; font-family: georgia, palatino, serif; font-size: 18pt;\"><strong>COMPOSI\u00c7\u00c3ODO COLEGIADO DE CURSO<\/strong><\/span><\/a><\/p>\n<p>&nbsp;<\/p>\n<\/div>\n<\/div><\/div><div id=\"panel-23-0-0-3\" class=\"so-panel widget widget_sow-editor panel-last-child\" data-index=\"3\" ><div\n\t\t\t\n\t\t\tclass=\"so-widget-sow-editor so-widget-sow-editor-base\"\n\t\t\t\n\t\t>\n<div class=\"siteorigin-widget-tinymce textwidget\">\n\t<p>&nbsp;<\/p>\n<p style=\"text-align: center;\"><span style=\"color: #800000; font-family: georgia, palatino, serif; font-size: 18pt;\"><strong>REGIMENTO<\/strong><\/span><\/p>\n<p><span style=\"font-size: 14pt;\"><a href=\"https:\/\/wp.ufpel.edu.br\/odontologia\/files\/2022\/02\/Resolucao-29-2022-Regimento-Colegiado-FO.pdf\">Regimento do Colegiado<\/a><\/span><\/p>\n<\/div>\n<\/div><\/div><\/div><\/div><\/div>","protected":false},"excerpt":{"rendered":"<p>&nbsp; COLEGIADO DE CURSO O Colegiado de Curso, em conson\u00e2ncia com os objetivos da UFPel tem no campo de sua compet\u00eancia, as seguintes finalidades: Decidir sobre as atividades did\u00e1tico-pedag\u00f3gicas do Curso de Odontologia; Ministrar, desenvolver e aperfei\u00e7oar o ensino nas \u00e1reas odontol\u00f3gicas e correlatas; Modificar planos de ensino, desde que respeitando as diretrizes curriculares pr\u00e9-estabelecidas [&hellip;]<\/p>\n","protected":false},"author":511,"featured_media":0,"parent":29,"menu_order":3,"comment_status":"closed","ping_status":"closed","template":"","meta":{"jetpack_post_was_ever_published":false,"footnotes":""},"class_list":["post-23","page","type-page","status-publish","hentry","post"],"jetpack_sharing_enabled":true,"jetpack_shortlink":"https:\/\/wp.me\/PaUn96-n","jetpack-related-posts":[],"_links":{"self":[{"href":"https:\/\/wp.ufpel.edu.br\/odontologia\/wp-json\/wp\/v2\/pages\/23","targetHints":{"allow":["GET"]}}],"collection":[{"href":"https:\/\/wp.ufpel.edu.br\/odontologia\/wp-json\/wp\/v2\/pages"}],"about":[{"href":"https:\/\/wp.ufpel.edu.br\/odontologia\/wp-json\/wp\/v2\/types\/page"}],"author":[{"embeddable":true,"href":"https:\/\/wp.ufpel.edu.br\/odontologia\/wp-json\/wp\/v2\/users\/511"}],"replies":[{"embeddable":true,"href":"https:\/\/wp.ufpel.edu.br\/odontologia\/wp-json\/wp\/v2\/comments?post=23"}],"version-history":[{"count":30,"href":"https:\/\/wp.ufpel.edu.br\/odontologia\/wp-json\/wp\/v2\/pages\/23\/revisions"}],"predecessor-version":[{"id":3349,"href":"https:\/\/wp.ufpel.edu.br\/odontologia\/wp-json\/wp\/v2\/pages\/23\/revisions\/3349"}],"up":[{"embeddable":true,"href":"https:\/\/wp.ufpel.edu.br\/odontologia\/wp-json\/wp\/v2\/pages\/29"}],"wp:attachment":[{"href":"https:\/\/wp.ufpel.edu.br\/odontologia\/wp-json\/wp\/v2\/media?parent=23"}],"curies":[{"name":"wp","href":"https:\/\/api.w.org\/{rel}","templated":true}]}}