{"id":1378,"date":"2021-04-23T13:27:33","date_gmt":"2021-04-23T16:27:33","guid":{"rendered":"https:\/\/wp.ufpel.edu.br\/odontologia\/?page_id=1378"},"modified":"2022-09-28T15:50:35","modified_gmt":"2022-09-28T18:50:35","slug":"atividades-complementares","status":"publish","type":"page","link":"https:\/\/wp.ufpel.edu.br\/odontologia\/ensino\/graduacao\/atividades-complementares\/","title":{"rendered":"Atividades Complementares"},"content":{"rendered":"<div id=\"pl-1378\"  class=\"panel-layout\" ><div id=\"pg-1378-0\"  class=\"panel-grid panel-no-style\" ><div id=\"pgc-1378-0-0\"  class=\"panel-grid-cell\" ><div id=\"panel-1378-0-0-0\" class=\"so-panel widget widget_sow-editor panel-first-child panel-last-child\" data-index=\"0\" ><div\n\t\t\t\n\t\t\tclass=\"so-widget-sow-editor so-widget-sow-editor-base\"\n\t\t\t\n\t\t>\n<div class=\"siteorigin-widget-tinymce textwidget\">\n\t<p style=\"text-align: center;\"><span style=\"font-size: 24pt;\"><strong><span style=\"color: #800000;\">Atividades Complementares<\/span><\/strong><\/span><\/p>\n<p style=\"text-align: justify;\"><span style=\"font-size: 14pt;\">A f<span id=\"page67R_mcid5\" class=\"markedContent\"><span dir=\"ltr\" role=\"presentation\">orma\u00e7\u00e3o complementar<\/span> permite <span dir=\"ltr\" role=\"presentation\">a flexibiliza\u00e7\u00e3o do curr\u00edculo e<\/span> <span class=\"\" dir=\"ltr\" role=\"presentation\">abrange atividades que podem ser escolhidas pelos pr\u00f3prios alunos dentro das suas prefer\u00eancias e individualidades.<\/span><\/span><\/span><\/p>\n<p>&nbsp;<\/p>\n<p style=\"text-align: justify;\"><span style=\"color: #800000; font-size: 18pt;\"><strong>Atividades complementares s\u00e3o obrigat\u00f3rias?<\/strong><\/span><\/p>\n<p style=\"text-align: justify;\"><span id=\"page67R_mcid5\" class=\"markedContent\" style=\"font-size: 14pt;\"><span dir=\"ltr\" role=\"presentation\">Sim, no<\/span> <span dir=\"ltr\" role=\"presentation\">curso<\/span> <span dir=\"ltr\" role=\"presentation\">de<\/span> <span dir=\"ltr\" role=\"presentation\">Odontologia<\/span> <span dir=\"ltr\" role=\"presentation\">10<\/span> <span dir=\"ltr\" role=\"presentation\">cr\u00e9ditos<\/span> <span dir=\"ltr\" role=\"presentation\">das<\/span> <span class=\"\" dir=\"ltr\" role=\"presentation\">atividades<\/span> <span dir=\"ltr\" role=\"presentation\">de<\/span> <span dir=\"ltr\" role=\"presentation\">forma\u00e7\u00e3o<\/span> <span dir=\"ltr\" role=\"presentation\">complementar<\/span> <span dir=\"ltr\" role=\"presentation\">s\u00e3o<\/span> <span dir=\"ltr\" role=\"presentation\">obrigat\u00f3rias<\/span> (<span dir=\"ltr\" role=\"presentation\">aprovado<\/span> <span dir=\"ltr\" role=\"presentation\">pelo COCEPE em 17 de abril de<\/span> <span dir=\"ltr\" role=\"presentation\">2014 (processo n\u00famero 23110.007256\/2008<\/span><span dir=\"ltr\" role=\"presentation\">-<\/span><span dir=\"ltr\" role=\"presentation\">61)<\/span><\/span><\/p>\n<p>&nbsp;<\/p>\n<p style=\"text-align: justify;\"><span style=\"font-size: 18pt;\"><strong><span style=\"color: #800000;\">Qual a carga hor\u00e1ria necess\u00e1ria?<\/span><\/strong><\/span><\/p>\n<p style=\"text-align: justify;\"><span style=\"font-size: 14pt;\"><span id=\"page67R_mcid8\" class=\"markedContent\"><span dir=\"ltr\" role=\"presentation\">Pa<\/span><span dir=\"ltr\" role=\"presentation\">ra a integraliza\u00e7\u00e3o<\/span> <span dir=\"ltr\" role=\"presentation\">do curso de<\/span><span dir=\"ltr\" role=\"presentation\">ve<\/span><span dir=\"ltr\" role=\"presentation\">r\u00e1 ser cumprida uma<\/span> <span dir=\"ltr\" role=\"presentation\">carga hor\u00e1ria de 150 horas (ou 15 cr\u00e9ditos) de <\/span><span class=\"\" dir=\"ltr\" role=\"presentation\">ativi<\/span><span class=\"\" dir=\"ltr\" role=\"presentation\">dades complementares, que podem ser distribu\u00eddas em <\/span><\/span><span id=\"page67R_mcid8\" class=\"markedContent\"><span dir=\"ltr\" role=\"presentation\">quatro<\/span> <span dir=\"ltr\" role=\"presentation\">\u00e1reas: ensino, pesquisa, extens\u00e3o e gest\u00e3o.<\/span><\/span><\/span><\/p>\n<p style=\"text-align: justify;\"><span style=\"font-size: 14pt;\"><span id=\"page67R_mcid8\" class=\"markedContent\"><span dir=\"ltr\" role=\"presentation\">A d<\/span><span dir=\"ltr\" role=\"presentation\">istribui\u00e7\u00e3o da carga hor\u00e1ria m\u00ednima por<\/span> <span dir=\"ltr\" role=\"presentation\">\u00e1rea<\/span> <span dir=\"ltr\" role=\"presentation\">\u00e9 a seguinte:<\/span><\/span><span id=\"page67R_mcid9\" class=\"markedContent\"><\/span><\/span><\/p>\n<p style=\"padding-left: 120px; text-align: justify;\"><span style=\"font-size: 14pt;\"><span id=\"page67R_mcid9\" class=\"markedContent\"><span dir=\"ltr\" role=\"presentation\"><span style=\"color: #800000;\"><strong>Ensino<\/strong><\/span> =<\/span> <span dir=\"ltr\" role=\"presentation\">40 horas (27%)<\/span><\/span><span id=\"page67R_mcid10\" class=\"markedContent\"><br role=\"presentation\" \/><span dir=\"ltr\" style=\"color: #800000;\" role=\"presentation\"><strong>Pesquisa<\/strong><\/span><\/span><span id=\"page67R_mcid12\" class=\"markedContent\"><span dir=\"ltr\" role=\"presentation\"> =<\/span> <span dir=\"ltr\" role=\"presentation\">40 horas (27%)<\/span><\/span><span id=\"page67R_mcid10\" class=\"markedContent\"> <\/span><\/span><br role=\"presentation\" \/><span style=\"font-size: 14pt;\"><span id=\"page67R_mcid11\" class=\"markedContent\" style=\"color: #800000;\"><\/span><span id=\"page67R_mcid10\" class=\"markedContent\"><span dir=\"ltr\" role=\"presentation\"><span style=\"color: #800000;\"><strong>Extens\u00e3o<\/strong><\/span> =<\/span> <span dir=\"ltr\" role=\"presentation\">50 horas (33%)<\/span><\/span><span id=\"page67R_mcid11\" class=\"markedContent\"><br role=\"presentation\" \/><\/span><span id=\"page67R_mcid11\" class=\"markedContent\"><span dir=\"ltr\" style=\"color: #800000;\" role=\"presentation\"><strong>Gest\u00e3o<\/strong> = <\/span><span dir=\"ltr\" role=\"presentation\">20 horas (13%)<\/span><\/span><span id=\"page67R_mcid12\" class=\"markedContent\"><br role=\"presentation\" \/><\/span><\/span><\/p>\n<p>&nbsp;<\/p>\n<p><span id=\"page68R_mcid1\" class=\"markedContent\"><span style=\"color: #800000; font-size: 18pt;\"><strong>Quem acompanha <span dir=\"ltr\" role=\"presentation\">e valida a<\/span> <span dir=\"ltr\" role=\"presentation\">ca<\/span><span dir=\"ltr\" role=\"presentation\">rga hor\u00e1ria cumprida<\/span><\/strong>?<\/span><br role=\"presentation\" \/><span style=\"font-size: 14pt;\"><span dir=\"ltr\" role=\"presentation\">O colegiado do curso \u00e9 o respons\u00e1vel por acompanhar, conferir e validar a<\/span> <span dir=\"ltr\" role=\"presentation\">ca<\/span><span dir=\"ltr\" role=\"presentation\">rga hor\u00e1ria cumprida pelos acad\u00eamicos.<br \/>\n<\/span><\/span><\/span><\/p>\n<p>&nbsp;<\/p>\n<p>&nbsp;<\/p>\n<p><span id=\"page68R_mcid1\" class=\"markedContent\" style=\"font-size: 14pt;\"><span style=\"font-size: 18pt; color: #800000;\"><strong>Com preencher e entregar as horas complementares<\/strong>?<\/span><br role=\"presentation\" \/><\/span><\/p>\n<p><span style=\"font-size: 14pt;\"><span id=\"page68R_mcid1\" class=\"markedContent\"><span dir=\"ltr\" role=\"presentation\"> Os alunos devem baixar a <a href=\"https:\/\/wp.ufpel.edu.br\/odontologia\/files\/2022\/08\/Planilha-horas-complementares_2022.xlsx\">planilha de horas complementares<\/a><\/span><\/span><\/span><span style=\"font-size: 14pt;\"><span id=\"page68R_mcid1\" class=\"markedContent\"><span dir=\"ltr\" role=\"presentation\">, preench\u00ea-la e <a href=\"https:\/\/wp.me\/PaUn96-Eu\">encaminhar ao Colegiado preenchendo este formul\u00e1rio<\/a>. Ap\u00f3s isso o Colegiado ir\u00e1 realizar a contabiliza\u00e7\u00e3o e verifica\u00e7\u00e3o de horas e confirmar\u00e1 o recebimento.<\/span><\/span><span id=\"page68R_mcid2\" class=\"markedContent\"><\/span><\/span><\/p>\n<p><span style=\"font-size: 14pt;\"><strong><span style=\"color: #ff0000;\">IMPORTANTE:<\/span><\/strong> A turma s\u00f3 tem a formatura autorizada ap\u00f3s a entrega e encaminhamento do comprovante de horas complementares de todos os alunos.<\/span><\/p>\n<p>&nbsp;<\/p>\n<p><span style=\"color: #800000; font-size: 18pt;\"><strong><strong class=\"collapseomatic \" id=\"id69ef5312a36de\" rel=\"-highlander\" tabindex=\"0\" title=\"Quais s\u00e3o as normas para o cumprimento das atividades?\"    >Quais s\u00e3o as normas para o cumprimento das atividades?<\/strong><div id=\"target-id69ef5312a36de\" class=\"collapseomatic_content \"><\/strong><\/span><\/p>\n<p><span style=\"font-size: 14pt;\"><span id=\"page68R_mcid3\" class=\"markedContent\"><span dir=\"ltr\" role=\"presentation\">-\u00a0 O acad\u00eamico dever\u00e1<\/span><span dir=\"ltr\" role=\"presentation\">,<\/span> <span dir=\"ltr\" role=\"presentation\">obrigatoriamente<\/span><span dir=\"ltr\" role=\"presentation\">,<\/span> <span dir=\"ltr\" role=\"presentation\">participar em todas as \u00e1reas: ensino,<\/span> <span dir=\"ltr\" role=\"presentation\">extens\u00e3o, gest\u00e3o<\/span> <span dir=\"ltr\" role=\"presentation\">e pesquisa;<\/span><\/span><\/span><\/p>\n<p><span style=\"font-size: 14pt;\"><span id=\"page68R_mcid4\" class=\"markedContent\"><span dir=\"ltr\" role=\"presentation\">- Em cada uma das \u00e1reas propostas, o(a) acad\u00eamico(a) dever\u00e1 cumprir<\/span><span dir=\"ltr\" role=\"presentation\">,<\/span> <span dir=\"ltr\" role=\"presentation\">obrigatoriamente<\/span><span dir=\"ltr\" role=\"presentation\">,<\/span> <span dir=\"ltr\" role=\"presentation\">pelo menos duas atividades<\/span> <span dir=\"ltr\" role=\"presentation\">(<\/span><span dir=\"ltr\" role=\"presentation\">descritas<\/span> <span dir=\"ltr\" role=\"presentation\">no<\/span> <span dir=\"ltr\" role=\"presentation\">quadro<\/span> <span dir=\"ltr\" role=\"presentation\">3.8.1<\/span><span dir=\"ltr\" role=\"presentation\">);<\/span><\/span><\/span><\/p>\n<p style=\"text-align: justify;\"><span style=\"font-size: 14pt;\"><span id=\"page68R_mcid5\" class=\"markedContent\"><span dir=\"ltr\" role=\"presentation\">- Cargas hor\u00e1rias de atividades desenvolvidas pelos acad\u00eamicos de forma<\/span> <span dir=\"ltr\" role=\"presentation\">volunt\u00e1ria (monitorias, projetos de pesquisa e extens\u00e3o) ser\u00e3o aceitas como atividades<\/span> <span dir=\"ltr\" role=\"presentation\">de forma\u00e7\u00e3o complementar se o professor coordenador da atividade comunicar a chefia<\/span> <span dir=\"ltr\" role=\"presentation\">do Depart<\/span><span dir=\"ltr\" role=\"presentation\">amento e o Colegiado do Curso por escrito antes do in\u00edcio das mesmas;<\/span><\/span><\/span><\/p>\n<p style=\"text-align: justify;\"><span style=\"font-size: 14pt;\"><span id=\"page68R_mcid6\" class=\"markedContent\">- <span dir=\"ltr\" role=\"presentation\">O discente que desenvolva<\/span><span dir=\"ltr\" role=\"presentation\">,<\/span> <span dir=\"ltr\" role=\"presentation\">pararelo ao curso<\/span><span dir=\"ltr\" role=\"presentation\">,<\/span> <span dir=\"ltr\" role=\"presentation\">atividades profissionais<\/span> <span dir=\"ltr\" role=\"presentation\">n\u00e3o<\/span> <span dir=\"ltr\" role=\"presentation\">ligadas \u00e0 Odontologia<\/span><span dir=\"ltr\" role=\"presentation\">,<\/span> <span dir=\"ltr\" role=\"presentation\">poder\u00e1 utilizar essa carga de trabalho como atividade<\/span> <span dir=\"ltr\" role=\"presentation\">complementar,<\/span> <span dir=\"ltr\" role=\"presentation\">at\u00e9 30%<\/span> <span dir=\"ltr\" role=\"presentation\">do total (45 horas)<\/span><span dir=\"ltr\" role=\"presentation\">, exceto em ensino;<\/span><\/span><\/span><\/p>\n<p style=\"text-align: justify;\"><span style=\"font-size: 14pt;\"><span id=\"page68R_mcid7\" class=\"markedContent\">- O discent<span style=\"font-size: 14pt;\">e <span dir=\"ltr\" role=\"presentation\">que participar de<\/span> <span dir=\"ltr\" role=\"presentation\">programa<\/span><span dir=\"ltr\" role=\"presentation\">s<\/span> <span dir=\"ltr\" role=\"presentation\">de mobilidade acad\u00eamica<\/span> <span dir=\"ltr\" role=\"presentation\">ou<\/span> <span dir=\"ltr\" role=\"presentation\">programa equivalente, que n\u00e3o aproveitar a carga hor\u00e1ria como hora curricular, poder\u00e1<\/span> <span dir=\"ltr\" role=\"presentation\">utilizar essa carga como atividade complementar at\u00e9 30% do total da \u00e1rea<\/span><span dir=\"ltr\" role=\"presentation\">,<\/span> <span dir=\"ltr\" role=\"presentation\">de acordo<\/span> <span dir=\"ltr\" role=\"presentation\">com o colegiado do curso;<\/span><\/span><\/span><\/span><\/p>\n<p style=\"text-align: justify;\"><span style=\"font-size: 14pt;\"><span id=\"page68R_mcid7\" class=\"markedContent\"><span dir=\"ltr\" role=\"presentation\">- <\/span><\/span><span id=\"page68R_mcid8\" class=\"markedContent\"> <span dir=\"ltr\" role=\"presentation\">Os casos n\u00e3o previstos na presente resolu\u00e7\u00e3o ser\u00e3o res<\/span><span dir=\"ltr\" role=\"presentation\">olvidos pelo<\/span> <span dir=\"ltr\" role=\"presentation\">C<\/span><span dir=\"ltr\" role=\"presentation\">olegiado<\/span> <span dir=\"ltr\" role=\"presentation\">do<\/span> <span dir=\"ltr\" role=\"presentation\">C<\/span><span dir=\"ltr\" role=\"presentation\">urso de Odontologia.<\/span><\/span><span id=\"page68R_mcid9\" class=\"markedContent\"><\/span><span id=\"page68R_mcid10\" class=\"markedContent\"><br role=\"presentation\" \/><\/span><\/span><\/p>\n<p><span style=\"font-size: 14pt;\"><span style=\"color: #ff0000;\">IMPORTANTE:<\/span> Recomenda-se que ao\u00a0 f<span id=\"page68R_mcid2\" class=\"markedContent\"><span dir=\"ltr\" role=\"presentation\">inal do 5\u00ba semestre do curso o(a) acad\u00eamico(a) deve<\/span><span dir=\"ltr\" role=\"presentation\">r\u00e1<\/span> <span dir=\"ltr\" role=\"presentation\">ter integralizado<\/span><span dir=\"ltr\" role=\"presentation\">,<\/span> <span dir=\"ltr\" role=\"presentation\">aproximadamente<\/span><span dir=\"ltr\" role=\"presentation\">,<\/span> <span dir=\"ltr\" role=\"presentation\">40% a 50% das suas atividades de forma\u00e7\u00e3o complementar.<\/span><\/span><\/span><\/p>\n<p><a href=\"https:\/\/i0.wp.com\/wp.ufpel.edu.br\/odontologia\/files\/2022\/05\/tabela_horas-complementares.jpg?ssl=1\"><img data-attachment-id=\"2076\" data-permalink=\"https:\/\/wp.ufpel.edu.br\/odontologia\/ensino\/graduacao\/atividades-complementares\/tabela_horas-complementares\/#main\" data-orig-file=\"https:\/\/i0.wp.com\/wp.ufpel.edu.br\/odontologia\/files\/2022\/05\/tabela_horas-complementares.jpg?fit=1299%2C756&amp;ssl=1\" data-orig-size=\"1299,756\" data-comments-opened=\"0\" data-image-meta=\"{&quot;aperture&quot;:&quot;0&quot;,&quot;credit&quot;:&quot;&quot;,&quot;camera&quot;:&quot;&quot;,&quot;caption&quot;:&quot;&quot;,&quot;created_timestamp&quot;:&quot;0&quot;,&quot;copyright&quot;:&quot;&quot;,&quot;focal_length&quot;:&quot;0&quot;,&quot;iso&quot;:&quot;0&quot;,&quot;shutter_speed&quot;:&quot;0&quot;,&quot;title&quot;:&quot;&quot;,&quot;orientation&quot;:&quot;1&quot;}\" data-image-title=\"tabela_horas complementares\" data-image-description=\"\" data-image-caption=\"\" data-medium-file=\"https:\/\/i0.wp.com\/wp.ufpel.edu.br\/odontologia\/files\/2022\/05\/tabela_horas-complementares.jpg?fit=400%2C233&amp;ssl=1\" data-large-file=\"https:\/\/i0.wp.com\/wp.ufpel.edu.br\/odontologia\/files\/2022\/05\/tabela_horas-complementares.jpg?fit=720%2C419&amp;ssl=1\" data-recalc-dims=\"1\" loading=\"lazy\" decoding=\"async\" class=\"aligncenter wp-image-2076 size-full\" src=\"https:\/\/i0.wp.com\/wp.ufpel.edu.br\/odontologia\/files\/2022\/05\/tabela_horas-complementares.jpg?resize=720%2C419&#038;ssl=1\" alt=\"\" width=\"720\" height=\"419\" srcset=\"https:\/\/i0.wp.com\/wp.ufpel.edu.br\/odontologia\/files\/2022\/05\/tabela_horas-complementares.jpg?w=1299&amp;ssl=1 1299w, https:\/\/i0.wp.com\/wp.ufpel.edu.br\/odontologia\/files\/2022\/05\/tabela_horas-complementares.jpg?resize=400%2C233&amp;ssl=1 400w, https:\/\/i0.wp.com\/wp.ufpel.edu.br\/odontologia\/files\/2022\/05\/tabela_horas-complementares.jpg?resize=1024%2C596&amp;ssl=1 1024w, https:\/\/i0.wp.com\/wp.ufpel.edu.br\/odontologia\/files\/2022\/05\/tabela_horas-complementares.jpg?resize=768%2C447&amp;ssl=1 768w\" sizes=\"auto, (max-width: 720px) 100vw, 720px\" \/><\/a><\/div><\/p>\n<p>&nbsp;<\/p>\n<p>&nbsp;<\/p>\n<hr \/>\n<p>&nbsp;<\/p>\n<p><span style=\"color: #800000; font-size: 18pt;\"><strong><strong class=\"collapseomatic \" id=\"id69ef5312a37a8\" rel=\"-highlander\" tabindex=\"0\" title=\"O que \u00e9 uma atividade de Ensino?\"    >O que \u00e9 uma atividade de Ensino?<\/strong><div id=\"target-id69ef5312a37a8\" class=\"collapseomatic_content \"><\/strong><\/span><\/p>\n<p style=\"text-align: justify;\"><span style=\"font-size: 14pt;\"><span id=\"page68R_mcid10\" class=\"markedContent\"><span dir=\"ltr\" role=\"presentation\">S\u00e3o consideradas atividades complementares de ensino:<\/span><\/span><\/span><\/p>\n<p style=\"text-align: justify;\"><span style=\"font-size: 14pt;\"><span id=\"page68R_mcid11\" class=\"markedContent\"><span dir=\"ltr\" role=\"presentation\">-<\/span> <span dir=\"ltr\" role=\"presentation\">Participa\u00e7\u00e3o em Projeto de Ensino<\/span><\/span><span id=\"page68R_mcid12\" class=\"markedContent\">;<\/span><\/span><\/p>\n<p style=\"text-align: justify;\"><span style=\"font-size: 14pt;\"><span id=\"page68R_mcid12\" class=\"markedContent\">- <span dir=\"ltr\" role=\"presentation\">Participa\u00e7\u00e3o em congressos \/ semin\u00e1rios \/ jornadas<\/span><\/span><span id=\"page68R_mcid13\" class=\"markedContent\">;<\/span><\/span><\/p>\n<p style=\"text-align: justify;\"><span style=\"font-size: 14pt;\"><span id=\"page68R_mcid13\" class=\"markedContent\">- <span dir=\"ltr\" role=\"presentation\">Cursos de l\u00ednguas e<\/span> <span dir=\"ltr\" role=\"presentation\">inform\u00e1tica<\/span><\/span><span id=\"page68R_mcid14\" class=\"markedContent\">;<\/span><\/span><\/p>\n<p style=\"text-align: justify;\"><span style=\"font-size: 14pt;\"><span id=\"page68R_mcid14\" class=\"markedContent\"><span dir=\"ltr\" role=\"presentation\">-<\/span> <span dir=\"ltr\" role=\"presentation\">Participa\u00e7\u00e3o<\/span> <span dir=\"ltr\" role=\"presentation\">como ouvinte<\/span> <span dir=\"ltr\" role=\"presentation\">em<\/span> <span dir=\"ltr\" role=\"presentation\">defesas de<\/span> <span dir=\"ltr\" role=\"presentation\">T<\/span><span dir=\"ltr\" role=\"presentation\">CC<\/span><\/span><span id=\"page68R_mcid15\" class=\"markedContent\">;<\/span><\/span><\/p>\n<p style=\"text-align: justify;\"><span style=\"font-size: 14pt;\"><span id=\"page68R_mcid15\" class=\"markedContent\"><span dir=\"ltr\" role=\"presentation\">-<\/span> <span dir=\"ltr\" role=\"presentation\">Outras Disciplinas de outros Cursos ou outras Institui\u00e7\u00f5es relacionadas ao Curso <\/span><span dir=\"ltr\" role=\"presentation\">de Odontologia<\/span><\/span><\/span><\/p>\n<p><\/div><\/p>\n<p>&nbsp;<\/p>\n<p><span style=\"color: #800000; font-size: 18pt;\"><strong><strong class=\"collapseomatic \" id=\"id69ef5312a37e6\" rel=\"-highlander\" tabindex=\"0\" title=\"O que \u00e9 uma atividade de Pesquisa?\"    >O que \u00e9 uma atividade de Pesquisa?<\/strong><div id=\"target-id69ef5312a37e6\" class=\"collapseomatic_content \"><\/strong><\/span><\/p>\n<p style=\"text-align: justify;\"><span style=\"font-size: 14pt;\">S\u00e3o consideradas atividades complementares de pesquisa:<\/span><\/p>\n<p style=\"text-align: justify;\"><span style=\"font-size: 14pt;\"><span id=\"page69R_mcid21\" class=\"markedContent\"><span dir=\"ltr\" role=\"presentation\">-<\/span> <span dir=\"ltr\" role=\"presentation\">Participa\u00e7\u00e3o em projetos de inicia\u00e7\u00e3o cient\u00edfica;<\/span><\/span><\/span><\/p>\n<p style=\"text-align: justify;\"><span style=\"font-size: 14pt;\"><span id=\"page69R_mcid22\" class=\"markedContent\"><span dir=\"ltr\" role=\"presentation\">-<\/span> <span dir=\"ltr\" role=\"presentation\">Participa\u00e7\u00e3o em grupos de estudos e\/ou pesquisa sob supervis\u00e3o<\/span> <span dir=\"ltr\" role=\"presentation\">de<\/span> <span dir=\"ltr\" role=\"presentation\">professor;<\/span><\/span><\/span><\/p>\n<p style=\"text-align: justify;\"><span style=\"font-size: 14pt;\"><span id=\"page69R_mcid22\" class=\"markedContent\"><span dir=\"ltr\" role=\"presentation\">- <\/span><\/span><span id=\"page69R_mcid23\" class=\"markedContent\"> <span dir=\"ltr\" role=\"presentation\">Publica\u00e7\u00f5es de artigos<\/span><\/span><span id=\"page69R_mcid24\" class=\"markedContent\">;<\/span><\/span><\/p>\n<p style=\"text-align: justify;\"><span style=\"font-size: 14pt;\"><span id=\"page69R_mcid24\" class=\"markedContent\">- <span dir=\"ltr\" role=\"presentation\">Publica\u00e7\u00f5es de resumos em Anais de Congressos;<\/span><\/span><\/span><\/p>\n<p style=\"text-align: justify;\"><span style=\"font-size: 14pt;\"><span id=\"page69R_mcid25\" class=\"markedContent\"><span dir=\"ltr\" role=\"presentation\">-<\/span> <span dir=\"ltr\" role=\"presentation\">Apresenta\u00e7\u00e3o de trabalhos em eventos cient\u00edficos<\/span><\/span><\/span><\/p>\n<p><\/div><\/p>\n<p>&nbsp;<\/p>\n<p><span style=\"color: #800000; font-size: 18pt;\"><strong><strong class=\"collapseomatic \" id=\"id69ef5312a3826\" rel=\"-highlander\" tabindex=\"0\" title=\"O que \u00e9 uma atividade de Extens\u00e3o?\"    >O que \u00e9 uma atividade de Extens\u00e3o?<\/strong><div id=\"target-id69ef5312a3826\" class=\"collapseomatic_content \"><\/strong><\/span><\/p>\n<p style=\"text-align: justify;\"><span style=\"font-size: 14pt;\"><span id=\"page69R_mcid2\" class=\"markedContent\"><span dir=\"ltr\" role=\"presentation\">S\u00e3o consideradas atividades complementares de extens\u00e3o:<\/span><\/span><\/span><\/p>\n<p style=\"text-align: justify;\"><span style=\"font-size: 14pt;\"><span id=\"page69R_mcid3\" class=\"markedContent\"><span dir=\"ltr\" role=\"presentation\">-<\/span> <span dir=\"ltr\" role=\"presentation\">Projetos<\/span> <span dir=\"ltr\" role=\"presentation\">de<\/span> <span dir=\"ltr\" role=\"presentation\">extens\u00e3o<\/span> <span dir=\"ltr\" role=\"presentation\">da Universidade Federal de Pelotas;<\/span><\/span><\/span><\/p>\n<p style=\"text-align: justify;\"><span style=\"font-size: 14pt;\"><span id=\"page69R_mcid4\" class=\"markedContent\"><span dir=\"ltr\" role=\"presentation\">-<\/span> <span dir=\"ltr\" role=\"presentation\">Projetos de<\/span> <span dir=\"ltr\" role=\"presentation\">e<\/span><span dir=\"ltr\" role=\"presentation\">xtens\u00e3o<\/span> <span dir=\"ltr\" role=\"presentation\">externos<\/span> <span dir=\"ltr\" role=\"presentation\">\u00e0 Universidade.<\/span><\/span><span id=\"page69R_mcid5\" class=\"markedContent\">;<\/span><\/span><\/p>\n<p style=\"text-align: justify;\"><span style=\"font-size: 14pt;\"><span id=\"page69R_mcid5\" class=\"markedContent\"><span dir=\"ltr\" role=\"presentation\">-<\/span> <span dir=\"ltr\" role=\"presentation\">Programa de Educa\u00e7\u00e3o Tutorial ou de Educa\u00e7\u00e3o pelo Trabalho para<\/span> <span dir=\"ltr\" role=\"presentation\">a Sa\u00fade<\/span><span dir=\"ltr\" role=\"presentation\">\u2013<\/span><span dir=\"ltr\" role=\"presentation\">PET\u2019S<\/span><\/span><span id=\"page69R_mcid6\" class=\"markedContent\">;<\/span><\/span><\/p>\n<p style=\"text-align: justify;\"><span style=\"font-size: 14pt;\"><span id=\"page69R_mcid6\" class=\"markedContent\"><span dir=\"ltr\" role=\"presentation\">-<\/span> <span dir=\"ltr\" role=\"presentation\">Encontros, semin\u00e1rios, congressos de Extens\u00e3o;<\/span><\/span><\/span><\/p>\n<p style=\"text-align: justify;\"><span style=\"font-size: 14pt;\"><span id=\"page69R_mcid7\" class=\"markedContent\"><span dir=\"ltr\" role=\"presentation\">-<\/span> <span dir=\"ltr\" role=\"presentation\">Cursos de Atualiza\u00e7\u00e3o, aperfei\u00e7oamento e capacita\u00e7\u00e3o;<\/span><\/span><\/span><\/p>\n<p style=\"text-align: justify;\"><span style=\"font-size: 14pt;\"><span id=\"page69R_mcid8\" class=\"markedContent\"><span dir=\"ltr\" role=\"presentation\">-<\/span> <span dir=\"ltr\" role=\"presentation\">Participa\u00e7\u00f5es esportivas e culturais<\/span><\/span><\/span><\/p>\n<p><\/div><\/p>\n<p>&nbsp;<\/p>\n<p><span style=\"font-size: 18pt; color: #800000;\"><strong><strong class=\"collapseomatic \" id=\"id69ef5312a3858\" rel=\"-highlander\" tabindex=\"0\" title=\"O que \u00e9 uma atividade de Gest\u00e3o\"    >O que \u00e9 uma atividade de Gest\u00e3o<\/strong><div id=\"target-id69ef5312a3858\" class=\"collapseomatic_content \"><\/strong><\/span><\/p>\n<p><span id=\"page69R_mcid2\" class=\"markedContent\" style=\"font-size: 14pt;\"><span dir=\"ltr\" role=\"presentation\">S\u00e3o consideradas atividades complementares de gest\u00e3o:<\/span><\/span><\/p>\n<p style=\"text-align: justify;\"><span style=\"font-size: 14pt;\"><span id=\"page69R_mcid13\" class=\"markedContent\"><span dir=\"ltr\" role=\"presentation\">-<\/span> <span dir=\"ltr\" role=\"presentation\">Participa\u00e7\u00e3o na organiza\u00e7\u00e3o de eventos cient\u00edficos;<\/span><\/span><\/span><\/p>\n<p style=\"text-align: justify;\"><span style=\"font-size: 14pt;\"><span id=\"page69R_mcid14\" class=\"markedContent\"><span dir=\"ltr\" role=\"presentation\">-<\/span> <span dir=\"ltr\" role=\"presentation\">Participa\u00e7\u00e3o em comiss\u00f5es institu\u00eddas por portarias;<\/span><\/span><\/span><\/p>\n<p style=\"text-align: justify;\"><span style=\"font-size: 14pt;\"><span id=\"page69R_mcid15\" class=\"markedContent\"><span dir=\"ltr\" role=\"presentation\">-<\/span> <span dir=\"ltr\" role=\"presentation\">Representa\u00e7\u00f5es acad\u00eamicas juntos aos \u00f3rg\u00e3os institucionais;<\/span><\/span><\/span><\/p>\n<p style=\"text-align: justify;\"><span style=\"font-size: 14pt;\"><span id=\"page69R_mcid16\" class=\"markedContent\"><span dir=\"ltr\" style=\"font-size: 14pt;\" role=\"presentation\">- <\/span><span dir=\"ltr\" role=\"presentation\"><span style=\"font-size: 14pt;\">Participa\u00e7\u00e3o como membro eleito dos Dir<\/span>et\u00f3rios Acad\u00eamicos da F<\/span><span dir=\"ltr\" role=\"presentation\">O-UFPel;<\/span><\/span><\/span><\/p>\n<p><span style=\"font-size: 14pt;\"><span id=\"page69R_mcid16\" class=\"markedContent\"><span dir=\"ltr\" role=\"presentation\">-<\/span><\/span><span id=\"page69R_mcid17\" class=\"markedContent\"> <span dir=\"ltr\" role=\"presentation\">P<\/span><span dir=\"ltr\" role=\"presentation\">articipa\u00e7\u00f5es em \u00f3rg\u00e3os municipais.<\/span><\/span><\/span><\/p>\n<p><\/div><\/p>\n<p>&nbsp;<\/p>\n<p>&nbsp;<\/p>\n<\/div>\n<\/div><\/div><\/div><\/div><\/div>","protected":false},"excerpt":{"rendered":"<p>Atividades Complementares A forma\u00e7\u00e3o complementar permite a flexibiliza\u00e7\u00e3o do curr\u00edculo e abrange atividades que podem ser escolhidas pelos pr\u00f3prios alunos dentro das suas prefer\u00eancias e individualidades. &nbsp; Atividades complementares s\u00e3o obrigat\u00f3rias? Sim, no curso de Odontologia 10 cr\u00e9ditos das atividades de forma\u00e7\u00e3o complementar s\u00e3o obrigat\u00f3rias (aprovado pelo COCEPE em 17 de abril de 2014 (processo [&hellip;]<\/p>\n","protected":false},"author":511,"featured_media":0,"parent":44,"menu_order":0,"comment_status":"closed","ping_status":"closed","template":"","meta":{"jetpack_post_was_ever_published":false,"footnotes":""},"class_list":["post-1378","page","type-page","status-publish","hentry","post"],"jetpack_sharing_enabled":true,"jetpack_shortlink":"https:\/\/wp.me\/PaUn96-me","jetpack-related-posts":[],"_links":{"self":[{"href":"https:\/\/wp.ufpel.edu.br\/odontologia\/wp-json\/wp\/v2\/pages\/1378","targetHints":{"allow":["GET"]}}],"collection":[{"href":"https:\/\/wp.ufpel.edu.br\/odontologia\/wp-json\/wp\/v2\/pages"}],"about":[{"href":"https:\/\/wp.ufpel.edu.br\/odontologia\/wp-json\/wp\/v2\/types\/page"}],"author":[{"embeddable":true,"href":"https:\/\/wp.ufpel.edu.br\/odontologia\/wp-json\/wp\/v2\/users\/511"}],"replies":[{"embeddable":true,"href":"https:\/\/wp.ufpel.edu.br\/odontologia\/wp-json\/wp\/v2\/comments?post=1378"}],"version-history":[{"count":26,"href":"https:\/\/wp.ufpel.edu.br\/odontologia\/wp-json\/wp\/v2\/pages\/1378\/revisions"}],"predecessor-version":[{"id":2512,"href":"https:\/\/wp.ufpel.edu.br\/odontologia\/wp-json\/wp\/v2\/pages\/1378\/revisions\/2512"}],"up":[{"embeddable":true,"href":"https:\/\/wp.ufpel.edu.br\/odontologia\/wp-json\/wp\/v2\/pages\/44"}],"wp:attachment":[{"href":"https:\/\/wp.ufpel.edu.br\/odontologia\/wp-json\/wp\/v2\/media?parent=1378"}],"curies":[{"name":"wp","href":"https:\/\/api.w.org\/{rel}","templated":true}]}}